{"id":13459,"date":"2023-08-10T08:14:47","date_gmt":"2023-08-10T06:14:47","guid":{"rendered":"https:\/\/new2023.centrumjudaicum-berlin.de\/?page_id=13459"},"modified":"2024-12-10T09:48:46","modified_gmt":"2024-12-10T08:48:46","slug":"wofur-wir-stehen","status":"publish","type":"page","link":"https:\/\/centrumjudaicum.de\/en\/wofur-wir-stehen\/","title":{"rendered":"Our vision"},"content":{"rendered":"<div data-elementor-type=\"wp-page\" data-elementor-id=\"13459\" class=\"elementor elementor-13459\" data-elementor-post-type=\"page\">\n\t\t\t\t\t\t<section class=\"elementor-section elementor-top-section elementor-element elementor-element-66adc6e elementor-section-full_width elementor-section-height-default elementor-section-height-default\" data-id=\"66adc6e\" data-element_type=\"section\" data-e-type=\"section\">\n\t\t\t\t\t\t<div class=\"elementor-container elementor-column-gap-no\">\n\t\t\t\t\t<div class=\"elementor-column elementor-col-100 elementor-top-column elementor-element elementor-element-d221cf3\" data-id=\"d221cf3\" data-element_type=\"column\" data-e-type=\"column\">\n\t\t\t<div class=\"elementor-widget-wrap elementor-element-populated\">\n\t\t\t\t\t\t<div class=\"elementor-element elementor-element-ad69c03 elementor--h-position-left elementor--v-position-bottom elementor-arrows-position-inside elementor-widget elementor-widget-slides\" data-id=\"ad69c03\" data-element_type=\"widget\" data-e-type=\"widget\" data-settings=\"{&quot;navigation&quot;:&quot;arrows&quot;,&quot;infinite&quot;:&quot;yes&quot;,&quot;transition&quot;:&quot;slide&quot;,&quot;transition_speed&quot;:500}\" data-widget_type=\"slides.default\">\n\t\t\t\t<div class=\"elementor-widget-container\">\n\t\t\t\t\t\t\t\t\t<div class=\"elementor-swiper\">\n\t\t\t\t\t<div class=\"elementor-slides-wrapper elementor-main-swiper swiper\" role=\"region\" aria-roledescription=\"carousel\" aria-label=\"Slider\" dir=\"ltr\" data-animation=\"\">\n\t\t\t\t<div class=\"swiper-wrapper elementor-slides\">\n\t\t\t\t\t\t\t\t\t\t<div class=\"elementor-repeater-item-72c01b5 swiper-slide\" role=\"group\" aria-roledescription=\"slide\"><div class=\"swiper-slide-bg\" role=\"img\" aria-label=\"banner_team\"><\/div><div class=\"elementor-background-overlay\"><\/div><div class=\"swiper-slide-inner\" ><div class=\"swiper-slide-contents\"><h1 class=\"elementor-slide-heading\">Wof\u00fcr wir stehen  \u2013 <br>  New Synagogue Berlin<\/h1><\/div><\/div><\/div>\t\t\t\t<\/div>\n\t\t\t\t\t\t\t<\/div>\n\t\t\t\t<\/div>\n\t\t\t\t\t\t\t\t<\/div>\n\t\t\t\t<\/div>\n\t\t\t\t\t<\/div>\n\t\t<\/div>\n\t\t\t\t\t<\/div>\n\t\t<\/section>\n\t\t\t\t<section class=\"elementor-section elementor-top-section elementor-element elementor-element-628a54c elementor-section-boxed elementor-section-height-default elementor-section-height-default\" data-id=\"628a54c\" data-element_type=\"section\" data-e-type=\"section\">\n\t\t\t\t\t\t<div class=\"elementor-container elementor-column-gap-default\">\n\t\t\t\t\t<div class=\"elementor-column elementor-col-100 elementor-top-column elementor-element elementor-element-1b14115\" data-id=\"1b14115\" data-element_type=\"column\" data-e-type=\"column\">\n\t\t\t<div class=\"elementor-widget-wrap elementor-element-populated\">\n\t\t\t\t\t\t<section class=\"elementor-section elementor-inner-section elementor-element elementor-element-10aefe1 elementor-section-boxed elementor-section-height-default elementor-section-height-default\" data-id=\"10aefe1\" data-element_type=\"section\" data-e-type=\"section\" data-settings=\"{&quot;background_background&quot;:&quot;classic&quot;}\">\n\t\t\t\t\t\t<div class=\"elementor-container elementor-column-gap-default\">\n\t\t\t\t\t<div class=\"elementor-column elementor-col-100 elementor-inner-column elementor-element elementor-element-b5ce2db\" data-id=\"b5ce2db\" data-element_type=\"column\" data-e-type=\"column\">\n\t\t\t<div class=\"elementor-widget-wrap elementor-element-populated\">\n\t\t\t\t\t\t<div class=\"elementor-element elementor-element-fec452b elementor-widget elementor-widget-heading\" data-id=\"fec452b\" data-element_type=\"widget\" data-e-type=\"widget\" data-widget_type=\"heading.default\">\n\t\t\t\t<div class=\"elementor-widget-container\">\n\t\t\t\t\t<h2 class=\"elementor-heading-title elementor-size-default\">J\u00fcdische Geschichte\nund Gegenwart. . .  ist Berlin<\/h2>\t\t\t\t<\/div>\n\t\t\t\t<\/div>\n\t\t\t\t\t<\/div>\n\t\t<\/div>\n\t\t\t\t\t<\/div>\n\t\t<\/section>\n\t\t\t\t<div class=\"elementor-element elementor-element-31a0cd8 elementor-widget elementor-widget-heading\" data-id=\"31a0cd8\" data-element_type=\"widget\" data-e-type=\"widget\" data-widget_type=\"heading.default\">\n\t\t\t\t<div class=\"elementor-widget-container\">\n\t\t\t\t\t<h3 class=\"elementor-heading-title elementor-size-default\">\u201eTuet auf die Pforten,<br>\ndass einziehe das gerechte Volk, das bewahrt die Treue \u2026\u201c<\/h3>\t\t\t\t<\/div>\n\t\t\t\t<\/div>\n\t\t\t\t<div class=\"elementor-element elementor-element-55beb90 elementor-widget elementor-widget-heading\" data-id=\"55beb90\" data-element_type=\"widget\" data-e-type=\"widget\" data-widget_type=\"heading.default\">\n\t\t\t\t<div class=\"elementor-widget-container\">\n\t\t\t\t\t<div class=\"elementor-heading-title elementor-size-default\">Dieses biblische Zitat \u00fcber ihren Portalen verband die Neue Synagoge mit der Stadt.\n<\/div>\t\t\t\t<\/div>\n\t\t\t\t<\/div>\n\t\t\t\t\t<\/div>\n\t\t<\/div>\n\t\t\t\t\t<\/div>\n\t\t<\/section>\n\t\t\t\t<section class=\"elementor-section elementor-top-section elementor-element elementor-element-320e284 elementor-section-content-middle elementor-reverse-mobile elementor-section-boxed elementor-section-height-default elementor-section-height-default\" data-id=\"320e284\" data-element_type=\"section\" data-e-type=\"section\">\n\t\t\t\t\t\t<div class=\"elementor-container elementor-column-gap-default\">\n\t\t\t\t\t<div class=\"elementor-column elementor-col-50 elementor-top-column elementor-element elementor-element-46dd371\" data-id=\"46dd371\" data-element_type=\"column\" data-e-type=\"column\">\n\t\t\t<div class=\"elementor-widget-wrap elementor-element-populated\">\n\t\t\t\t\t\t<div class=\"elementor-element elementor-element-8f1bd04 elementor-widget elementor-widget-text-editor\" data-id=\"8f1bd04\" data-element_type=\"widget\" data-e-type=\"widget\" data-widget_type=\"text-editor.default\">\n\t\t\t\t<div class=\"elementor-widget-container\">\n\t\t\t\t\t\t\t\t\t<p>\u201eTuet auf\u201c steht f\u00fcr eine \u00d6ffnung, die die meisten Juden in Deutschland seit der Emanzipation anstrebten \u2013 hin zur Stadt und Gesellschaft der Umgebung. Dabei betont die Fortsetzung des Zitats bei allem Teilhabewillen das feste Stehen im\u00a0<strong>Judentum<\/strong>. Mit anderen Worten, in unserer Interpretation: Die Inschrift weist auf eine Gleichzeitigkeit von \u00d6ffnung und Tradition hin, so wie die\u00a0<strong>Neue Synagoge<\/strong>\u00a0insgesamt ein architektonisches Symbol f\u00fcr das Selbstverst\u00e4ndnis war, deutsch, berlinerisch und j\u00fcdisch gleicherma\u00dfen zu sein. Das Ringen um die Anerkennung einer eigenen\u00a0<strong>Identit\u00e4ts-Melange<\/strong>\u00a0wie die entsprechenden innerj\u00fcdischen Auseinandersetzungen darum begleiteten die deutschen Juden ohne Unterlass. Von der gewaltsamen Zerst\u00f6rung j\u00fcdischer Leben und Lebenswelten legt das Fragment des Geb\u00e4udes Zeugnis ab. Seit dem 5. September 1991 leuchtet nun die Inschrift wieder in die Stadt hinein.<\/p><p>Wir begreifen die Botschaft des\u00a0<strong>\u201eTuet auf\u201c<\/strong>\u00a0als zeitlos und als Grundlage auch f\u00fcr unsere Agenda: Wir thematisieren die Herausforderungen kultureller\u00a0<strong>Vielfalt und Differenz<\/strong>\u00a0sowie die verschiedensten Auspr\u00e4gungen des J\u00fcdisch-Seins \u2013 und all dies in Geschichte und Gegenwart. J\u00fcdische Geschichte in\u00a0<strong>Berlin<\/strong>\u00a0sehen wir auch als ein Beispiel daf\u00fcr, Geschichte \u00fcberhaupt aus verschiedenen Perspektiven zu sehen \u2013 und durch das Prisma Berlin ein St\u00fcck Welt zu denken.<\/p>\t\t\t\t\t\t\t\t<\/div>\n\t\t\t\t<\/div>\n\t\t\t\t\t<\/div>\n\t\t<\/div>\n\t\t\t\t<div class=\"elementor-column elementor-col-50 elementor-top-column elementor-element elementor-element-7180cb9\" data-id=\"7180cb9\" data-element_type=\"column\" data-e-type=\"column\">\n\t\t\t<div class=\"elementor-widget-wrap elementor-element-populated\">\n\t\t\t\t\t\t<div class=\"elementor-element elementor-element-313d403 elementor-widget elementor-widget-image\" data-id=\"313d403\" data-element_type=\"widget\" data-e-type=\"widget\" data-widget_type=\"image.default\">\n\t\t\t\t<div class=\"elementor-widget-container\">\n\t\t\t\t\t\t\t\t\t\t\t\t\t\t\t<img fetchpriority=\"high\" decoding=\"async\" width=\"583\" height=\"817\" src=\"https:\/\/centrumjudaicum.de\/wp-content\/uploads\/2023\/08\/Ausenansicht-Synagoge-Oranienburger-Strasekl2_c-CJ-WA.jpg\" class=\"elementor-animation-grow attachment-full size-full wp-image-13474\" alt=\"\" srcset=\"https:\/\/centrumjudaicum.de\/wp-content\/uploads\/2023\/08\/Ausenansicht-Synagoge-Oranienburger-Strasekl2_c-CJ-WA.jpg 583w, https:\/\/centrumjudaicum.de\/wp-content\/uploads\/2023\/08\/Ausenansicht-Synagoge-Oranienburger-Strasekl2_c-CJ-WA-214x300.jpg 214w\" sizes=\"(max-width: 583px) 100vw, 583px\" \/>\t\t\t\t\t\t\t\t\t\t\t\t\t\t\t<\/div>\n\t\t\t\t<\/div>\n\t\t\t\t\t<\/div>\n\t\t<\/div>\n\t\t\t\t\t<\/div>\n\t\t<\/section>\n\t\t\t\t<section class=\"elementor-section elementor-top-section elementor-element elementor-element-edd8f65 elementor-section-content-middle elementor-section-boxed elementor-section-height-default elementor-section-height-default\" data-id=\"edd8f65\" data-element_type=\"section\" data-e-type=\"section\">\n\t\t\t\t\t\t<div class=\"elementor-container elementor-column-gap-default\">\n\t\t\t\t\t<div class=\"elementor-column elementor-col-66 elementor-top-column elementor-element elementor-element-b2061ce\" data-id=\"b2061ce\" data-element_type=\"column\" data-e-type=\"column\">\n\t\t\t<div class=\"elementor-widget-wrap elementor-element-populated\">\n\t\t\t\t\t\t<div class=\"elementor-element elementor-element-4ac6d06 elementor-widget elementor-widget-image\" data-id=\"4ac6d06\" data-element_type=\"widget\" data-e-type=\"widget\" data-widget_type=\"image.default\">\n\t\t\t\t<div class=\"elementor-widget-container\">\n\t\t\t\t\t\t\t\t\t\t\t\t\t\t\t<img decoding=\"async\" width=\"600\" height=\"400\" src=\"https:\/\/centrumjudaicum.de\/wp-content\/uploads\/2023\/08\/Rot.jpg\" class=\"elementor-animation-grow attachment-large size-large wp-image-13478\" alt=\"\" srcset=\"https:\/\/centrumjudaicum.de\/wp-content\/uploads\/2023\/08\/Rot.jpg 600w, https:\/\/centrumjudaicum.de\/wp-content\/uploads\/2023\/08\/Rot-300x200.jpg 300w\" sizes=\"(max-width: 600px) 100vw, 600px\" \/>\t\t\t\t\t\t\t\t\t\t\t\t\t\t\t<\/div>\n\t\t\t\t<\/div>\n\t\t\t\t\t<\/div>\n\t\t<\/div>\n\t\t\t\t<div class=\"elementor-column elementor-col-33 elementor-top-column elementor-element elementor-element-cdfc680\" data-id=\"cdfc680\" data-element_type=\"column\" data-e-type=\"column\">\n\t\t\t<div class=\"elementor-widget-wrap elementor-element-populated\">\n\t\t\t\t\t\t<section class=\"elementor-section elementor-inner-section elementor-element elementor-element-df6cbf2 elementor-section-boxed elementor-section-height-default elementor-section-height-default\" data-id=\"df6cbf2\" data-element_type=\"section\" data-e-type=\"section\" data-settings=\"{&quot;background_background&quot;:&quot;classic&quot;}\">\n\t\t\t\t\t\t<div class=\"elementor-container elementor-column-gap-default\">\n\t\t\t\t\t<div class=\"elementor-column elementor-col-100 elementor-inner-column elementor-element elementor-element-5331d10\" data-id=\"5331d10\" data-element_type=\"column\" data-e-type=\"column\">\n\t\t\t<div class=\"elementor-widget-wrap elementor-element-populated\">\n\t\t\t\t\t\t<div class=\"elementor-element elementor-element-efd31d2 elementor-widget elementor-widget-heading\" data-id=\"efd31d2\" data-element_type=\"widget\" data-e-type=\"widget\" data-widget_type=\"heading.default\">\n\t\t\t\t<div class=\"elementor-widget-container\">\n\t\t\t\t\t<h2 class=\"elementor-heading-title elementor-size-default\">Was wir tun\n<\/h2>\t\t\t\t<\/div>\n\t\t\t\t<\/div>\n\t\t\t\t<div class=\"elementor-element elementor-element-1ff2893 elementor-widget elementor-widget-text-editor\" data-id=\"1ff2893\" data-element_type=\"widget\" data-e-type=\"widget\" data-widget_type=\"text-editor.default\">\n\t\t\t\t<div class=\"elementor-widget-container\">\n\t\t\t\t\t\t\t\t\t<div class=\"fusion-column content-box-column content-box-column content-box-column-1 col-lg-12 col-md-12 col-sm-12 fusion-content-box-hover content-box-column-last content-box-column-last-in-row\"><div class=\"col content-box-wrapper content-wrapper-background link-area-link-icon icon-hover-animation-none\" data-animationoffset=\"100%\"><div class=\"content-container\"><p>Mit unserer\u00a0<a href=\"https:\/\/centrumjudaicum.de\/en\/museum-dauerausstellung\/\" target=\"_blank\" rel=\"noopener noreferrer\"><strong>Permanent exhibition<\/strong>\u00a0<\/a>zur Biografie der Neuen Synagoge und ihrer Menschen erz\u00e4hlen wir Berliner und deutsch-j\u00fcdische Geschichte; in\u00a0<a href=\"https:\/\/centrumjudaicum.de\/en\/aktuelle-ausstellungen\/\" target=\"_blank\" rel=\"noopener noreferrer\"><strong>tempor\u00e4ren Ausstellungen<\/strong><\/a>\u00a0greifen wir Themen auf, die einen Bezug zu Berlin haben und gleichzeitig dar\u00fcber hinausblicken.<\/p><\/div><\/div><\/div>\t\t\t\t\t\t\t\t<\/div>\n\t\t\t\t<\/div>\n\t\t\t\t\t<\/div>\n\t\t<\/div>\n\t\t\t\t\t<\/div>\n\t\t<\/section>\n\t\t\t\t\t<\/div>\n\t\t<\/div>\n\t\t\t\t\t<\/div>\n\t\t<\/section>\n\t\t\t\t<section class=\"elementor-section elementor-top-section elementor-element elementor-element-1cff853 elementor-section-content-middle elementor-reverse-mobile elementor-section-boxed elementor-section-height-default elementor-section-height-default\" data-id=\"1cff853\" data-element_type=\"section\" data-e-type=\"section\">\n\t\t\t\t\t\t<div class=\"elementor-container elementor-column-gap-default\">\n\t\t\t\t\t<div class=\"elementor-column elementor-col-33 elementor-top-column elementor-element elementor-element-b768fc3\" data-id=\"b768fc3\" data-element_type=\"column\" data-e-type=\"column\">\n\t\t\t<div class=\"elementor-widget-wrap elementor-element-populated\">\n\t\t\t\t\t\t<section class=\"elementor-section elementor-inner-section elementor-element elementor-element-7157e35 elementor-section-boxed elementor-section-height-default elementor-section-height-default\" data-id=\"7157e35\" data-element_type=\"section\" data-e-type=\"section\" data-settings=\"{&quot;background_background&quot;:&quot;classic&quot;}\">\n\t\t\t\t\t\t<div class=\"elementor-container elementor-column-gap-default\">\n\t\t\t\t\t<div class=\"elementor-column elementor-col-100 elementor-inner-column elementor-element elementor-element-715aff6\" data-id=\"715aff6\" data-element_type=\"column\" data-e-type=\"column\">\n\t\t\t<div class=\"elementor-widget-wrap elementor-element-populated\">\n\t\t\t\t\t\t<div class=\"elementor-element elementor-element-a2ed254 elementor-widget elementor-widget-heading\" data-id=\"a2ed254\" data-element_type=\"widget\" data-e-type=\"widget\" data-widget_type=\"heading.default\">\n\t\t\t\t<div class=\"elementor-widget-container\">\n\t\t\t\t\t<h2 class=\"elementor-heading-title elementor-size-default\">Was wir tun\n<\/h2>\t\t\t\t<\/div>\n\t\t\t\t<\/div>\n\t\t\t\t<div class=\"elementor-element elementor-element-56c6db0 elementor-widget elementor-widget-text-editor\" data-id=\"56c6db0\" data-element_type=\"widget\" data-e-type=\"widget\" data-widget_type=\"text-editor.default\">\n\t\t\t\t<div class=\"elementor-widget-container\">\n\t\t\t\t\t\t\t\t\t<div class=\"fusion-column content-box-column content-box-column content-box-column-1 col-lg-12 col-md-12 col-sm-12 fusion-content-box-hover content-box-column-last content-box-column-last-in-row\"><div class=\"col content-box-wrapper content-wrapper-background link-area-link-icon icon-hover-animation-none\" data-animationoffset=\"100%\"><div class=\"content-container\"><p>Mit unseren\u00a0<a href=\"https:\/\/centrumjudaicum.de\/en\/veranstaltungens-uebersicht\/\"><strong>Events<\/strong><\/a>\u00a0mischen wir uns in gesellschaftliche Debatten ein, geben Kultur und Forschung eine B\u00fchne und bringen Menschen aller Generationen zum Diskutieren zusammen. Unser\u00a0<a href=\"https:\/\/centrumjudaicum.de\/en\/bildung-vermittlung\/\" target=\"_blank\" rel=\"noopener noreferrer\"><strong>Vermittlungsprogramm<\/strong><\/a>\u00a0beinhaltet F\u00fchrungen in unseren Ausstellungen und der Umgebung sowie zielgruppenspezifische Seminare.<\/p><\/div><\/div><\/div>\t\t\t\t\t\t\t\t<\/div>\n\t\t\t\t<\/div>\n\t\t\t\t\t<\/div>\n\t\t<\/div>\n\t\t\t\t\t<\/div>\n\t\t<\/section>\n\t\t\t\t\t<\/div>\n\t\t<\/div>\n\t\t\t\t<div class=\"elementor-column elementor-col-66 elementor-top-column elementor-element elementor-element-c335bfe\" data-id=\"c335bfe\" data-element_type=\"column\" data-e-type=\"column\">\n\t\t\t<div class=\"elementor-widget-wrap elementor-element-populated\">\n\t\t\t\t\t\t<div class=\"elementor-element elementor-element-6a071f6 elementor-widget elementor-widget-image\" data-id=\"6a071f6\" data-element_type=\"widget\" data-e-type=\"widget\" data-widget_type=\"image.default\">\n\t\t\t\t<div class=\"elementor-widget-container\">\n\t\t\t\t\t\t\t\t\t\t\t\t\t\t\t<img decoding=\"async\" width=\"600\" height=\"400\" src=\"https:\/\/centrumjudaicum.de\/wp-content\/uploads\/2023\/08\/2351.jpg\" class=\"elementor-animation-grow attachment-large size-large wp-image-13493\" alt=\"\" srcset=\"https:\/\/centrumjudaicum.de\/wp-content\/uploads\/2023\/08\/2351.jpg 600w, https:\/\/centrumjudaicum.de\/wp-content\/uploads\/2023\/08\/2351-300x200.jpg 300w\" sizes=\"(max-width: 600px) 100vw, 600px\" \/>\t\t\t\t\t\t\t\t\t\t\t\t\t\t\t<\/div>\n\t\t\t\t<\/div>\n\t\t\t\t\t<\/div>\n\t\t<\/div>\n\t\t\t\t\t<\/div>\n\t\t<\/section>\n\t\t\t\t<section class=\"elementor-section elementor-top-section elementor-element elementor-element-06218ee elementor-section-content-middle elementor-section-boxed elementor-section-height-default elementor-section-height-default\" data-id=\"06218ee\" data-element_type=\"section\" data-e-type=\"section\">\n\t\t\t\t\t\t<div class=\"elementor-container elementor-column-gap-default\">\n\t\t\t\t\t<div class=\"elementor-column elementor-col-66 elementor-top-column elementor-element elementor-element-799e36d\" data-id=\"799e36d\" data-element_type=\"column\" data-e-type=\"column\">\n\t\t\t<div class=\"elementor-widget-wrap elementor-element-populated\">\n\t\t\t\t\t\t<div class=\"elementor-element elementor-element-78d90c0 elementor-widget elementor-widget-image\" data-id=\"78d90c0\" data-element_type=\"widget\" data-e-type=\"widget\" data-widget_type=\"image.default\">\n\t\t\t\t<div class=\"elementor-widget-container\">\n\t\t\t\t\t\t\t\t\t\t\t\t\t\t\t<img loading=\"lazy\" decoding=\"async\" width=\"667\" height=\"450\" src=\"https:\/\/centrumjudaicum.de\/wp-content\/uploads\/2023\/08\/Ansicht-Akte_innen_c-CJ_Foto-Anna-Fischer-1-2.jpg\" class=\"elementor-animation-grow attachment-large size-large wp-image-13492\" alt=\"\" srcset=\"https:\/\/centrumjudaicum.de\/wp-content\/uploads\/2023\/08\/Ansicht-Akte_innen_c-CJ_Foto-Anna-Fischer-1-2.jpg 667w, https:\/\/centrumjudaicum.de\/wp-content\/uploads\/2023\/08\/Ansicht-Akte_innen_c-CJ_Foto-Anna-Fischer-1-2-300x202.jpg 300w\" sizes=\"(max-width: 667px) 100vw, 667px\" \/>\t\t\t\t\t\t\t\t\t\t\t\t\t\t\t<\/div>\n\t\t\t\t<\/div>\n\t\t\t\t\t<\/div>\n\t\t<\/div>\n\t\t\t\t<div class=\"elementor-column elementor-col-33 elementor-top-column elementor-element elementor-element-1dd0a63\" data-id=\"1dd0a63\" data-element_type=\"column\" data-e-type=\"column\">\n\t\t\t<div class=\"elementor-widget-wrap elementor-element-populated\">\n\t\t\t\t\t\t<section class=\"elementor-section elementor-inner-section elementor-element elementor-element-2a05a29 elementor-section-boxed elementor-section-height-default elementor-section-height-default\" data-id=\"2a05a29\" data-element_type=\"section\" data-e-type=\"section\" data-settings=\"{&quot;background_background&quot;:&quot;classic&quot;}\">\n\t\t\t\t\t\t<div class=\"elementor-container elementor-column-gap-default\">\n\t\t\t\t\t<div class=\"elementor-column elementor-col-100 elementor-inner-column elementor-element elementor-element-43928e1\" data-id=\"43928e1\" data-element_type=\"column\" data-e-type=\"column\">\n\t\t\t<div class=\"elementor-widget-wrap elementor-element-populated\">\n\t\t\t\t\t\t<div class=\"elementor-element elementor-element-cdd3b74 elementor-widget elementor-widget-heading\" data-id=\"cdd3b74\" data-element_type=\"widget\" data-e-type=\"widget\" data-widget_type=\"heading.default\">\n\t\t\t\t<div class=\"elementor-widget-container\">\n\t\t\t\t\t<h2 class=\"elementor-heading-title elementor-size-default\">Was wir tun\n<\/h2>\t\t\t\t<\/div>\n\t\t\t\t<\/div>\n\t\t\t\t<div class=\"elementor-element elementor-element-3464177 elementor-widget elementor-widget-text-editor\" data-id=\"3464177\" data-element_type=\"widget\" data-e-type=\"widget\" data-widget_type=\"text-editor.default\">\n\t\t\t\t<div class=\"elementor-widget-container\">\n\t\t\t\t\t\t\t\t\t<div class=\"fusion-column content-box-column content-box-column content-box-column-1 col-lg-12 col-md-12 col-sm-12 fusion-content-box-hover content-box-column-last content-box-column-last-in-row\"><div class=\"col content-box-wrapper content-wrapper-background link-area-link-icon icon-hover-animation-none\" data-animationoffset=\"100%\"><div class=\"content-container\"><div class=\"fusion-column content-box-column content-box-column content-box-column-1 col-lg-12 col-md-12 col-sm-12 fusion-content-box-hover content-box-column-last content-box-column-last-in-row\"><div class=\"col content-box-wrapper content-wrapper-background link-area-link-icon icon-hover-animation-none\" data-animationoffset=\"100%\"><div class=\"content-container\"><p>Wir beherbergen eines der weltweit wichtigsten <a href=\"https:\/\/centrumjudaicum.de\/en\/historisches-archiv-2\/\" target=\"_blank\" rel=\"noopener noreferrer\"><strong>Historischen Archive<\/strong><\/a>\u00a0zur Erforschung der Geschichte der Juden in Deutschland. Kern unseres Bestands ist ein gro\u00dfer Teil des fr\u00fcheren in Berlin ans\u00e4ssigen Gesamtarchivs der deutschen Juden, das Akten von j\u00fcdischen Gemeinden und Institutionen sammelte.\u00a0Auf all diesen Feldern kooperieren wir national und international mit anderen Institutionen, erm\u00f6glichen Forschung und initiieren eigene\u00a0<a href=\"https:\/\/centrumjudaicum.de\/en\/pubkikation-forschung\/\" target=\"_blank\" rel=\"noopener noreferrer\"><strong>Forschungsprojekte<\/strong><\/a>.<\/p><\/div><\/div><\/div><\/div><\/div><\/div>\t\t\t\t\t\t\t\t<\/div>\n\t\t\t\t<\/div>\n\t\t\t\t\t<\/div>\n\t\t<\/div>\n\t\t\t\t\t<\/div>\n\t\t<\/section>\n\t\t\t\t\t<\/div>\n\t\t<\/div>\n\t\t\t\t\t<\/div>\n\t\t<\/section>\n\t\t\t\t<section class=\"elementor-section elementor-top-section elementor-element elementor-element-75a9040 elementor-section-boxed elementor-section-height-default elementor-section-height-default\" data-id=\"75a9040\" data-element_type=\"section\" data-e-type=\"section\">\n\t\t\t\t\t\t<div class=\"elementor-container elementor-column-gap-default\">\n\t\t\t\t\t<div class=\"elementor-column elementor-col-100 elementor-top-column elementor-element elementor-element-1e72775\" data-id=\"1e72775\" data-element_type=\"column\" data-e-type=\"column\">\n\t\t\t<div class=\"elementor-widget-wrap elementor-element-populated\">\n\t\t\t\t\t\t<div class=\"elementor-element elementor-element-53effea elementor-widget elementor-widget-heading\" data-id=\"53effea\" data-element_type=\"widget\" data-e-type=\"widget\" data-widget_type=\"heading.default\">\n\t\t\t\t<div class=\"elementor-widget-container\">\n\t\t\t\t\t<h2 class=\"elementor-heading-title elementor-size-default\">Einblicke<\/h2>\t\t\t\t<\/div>\n\t\t\t\t<\/div>\n\t\t\t\t<div class=\"elementor-element elementor-element-0e0564a elementor-arrows-position-inside elementor-widget elementor-widget-image-carousel\" data-id=\"0e0564a\" data-element_type=\"widget\" data-e-type=\"widget\" data-settings=\"{&quot;slides_to_show&quot;:&quot;4&quot;,&quot;slides_to_scroll&quot;:&quot;1&quot;,&quot;navigation&quot;:&quot;arrows&quot;,&quot;image_spacing_custom&quot;:{&quot;unit&quot;:&quot;px&quot;,&quot;size&quot;:10,&quot;sizes&quot;:[]},&quot;slides_to_show_mobile&quot;:&quot;1&quot;,&quot;autoplay&quot;:&quot;yes&quot;,&quot;pause_on_hover&quot;:&quot;yes&quot;,&quot;pause_on_interaction&quot;:&quot;yes&quot;,&quot;autoplay_speed&quot;:5000,&quot;infinite&quot;:&quot;yes&quot;,&quot;speed&quot;:500,&quot;image_spacing_custom_tablet&quot;:{&quot;unit&quot;:&quot;px&quot;,&quot;size&quot;:&quot;&quot;,&quot;sizes&quot;:[]}}\" data-widget_type=\"image-carousel.default\">\n\t\t\t\t<div class=\"elementor-widget-container\">\n\t\t\t\t\t\t\t<div class=\"elementor-image-carousel-wrapper swiper\" role=\"region\" aria-roledescription=\"carousel\" aria-label=\"Bild Karussell\" dir=\"ltr\">\n\t\t\t<div class=\"elementor-image-carousel swiper-wrapper\" aria-live=\"off\">\n\t\t\t\t\t\t\t\t<div class=\"swiper-slide\" role=\"group\" aria-roledescription=\"slide\" aria-label=\"1 von 5\"><figure class=\"swiper-slide-inner\"><img decoding=\"async\" class=\"swiper-slide-image\" src=\"https:\/\/centrumjudaicum.de\/wp-content\/uploads\/2023\/08\/exhibition_carousel_img2.jpg\" alt=\"exhibition_carousel_img2\" \/><\/figure><\/div><div class=\"swiper-slide\" role=\"group\" aria-roledescription=\"slide\" aria-label=\"2 von 5\"><figure class=\"swiper-slide-inner\"><img decoding=\"async\" class=\"swiper-slide-image\" src=\"https:\/\/centrumjudaicum.de\/wp-content\/uploads\/2023\/08\/Fundstuck_Teil-Bima_1990_Foto-Gunter-Krawutschke-scaled-400x272-1.jpg\" alt=\"Fundst\u00fcck_Teil-Bima_1990_Foto-G\u00fcnter-Krawutschke-scaled-400x272\" \/><\/figure><\/div><div class=\"swiper-slide\" role=\"group\" aria-roledescription=\"slide\" aria-label=\"3 von 5\"><figure class=\"swiper-slide-inner\"><img decoding=\"async\" class=\"swiper-slide-image\" src=\"https:\/\/centrumjudaicum.de\/wp-content\/uploads\/2023\/08\/Historie-Neue-Synagoge-Blick-auf-Empore-unleserlich-Berlin-Oranienburger-Strase_c-CJ-WA-scaled-400x294-1.jpg\" alt=\"Historie-Neue-Synagoge-Blick-auf-Empore-unleserlich-Berlin-Oranienburger-Stra\u00dfe_c-CJ-WA-scaled-400x294\" \/><\/figure><\/div><div class=\"swiper-slide\" role=\"group\" aria-roledescription=\"slide\" aria-label=\"4 von 5\"><figure class=\"swiper-slide-inner\"><img decoding=\"async\" class=\"swiper-slide-image\" src=\"https:\/\/centrumjudaicum.de\/wp-content\/uploads\/2023\/08\/Ansicht-Akte_innen_c-CJ_Foto-Anna-Fischer-1-scaled-400x270-1.jpg\" alt=\"Ansicht-Akte_innen_c-CJ_Foto-Anna-Fischer-1-scaled-400x270\" \/><\/figure><\/div><div class=\"swiper-slide\" role=\"group\" aria-roledescription=\"slide\" aria-label=\"5 von 5\"><figure class=\"swiper-slide-inner\"><img decoding=\"async\" class=\"swiper-slide-image\" src=\"https:\/\/centrumjudaicum.de\/wp-content\/uploads\/2023\/08\/Fundstuck_Neue-Synagoge_c-CJ_Foto-Anna-Fischer-4-scaled-400x267-1.jpg\" alt=\"Fundst\u00fcck_Neue-Synagoge_c-CJ_Foto-Anna-Fischer-4-scaled-400x267\" \/><\/figure><\/div>\t\t\t<\/div>\n\t\t\t\t\t\t\t\t\t\t\t\t<div class=\"elementor-swiper-button elementor-swiper-button-prev\" role=\"button\" tabindex=\"0\">\n\t\t\t\t\t\t<i aria-hidden=\"true\" class=\"eicon-chevron-left\"><\/i>\t\t\t\t\t<\/div>\n\t\t\t\t\t<div class=\"elementor-swiper-button elementor-swiper-button-next\" role=\"button\" tabindex=\"0\">\n\t\t\t\t\t\t<i aria-hidden=\"true\" class=\"eicon-chevron-right\"><\/i>\t\t\t\t\t<\/div>\n\t\t\t\t\n\t\t\t\t\t\t\t\t\t<\/div>\n\t\t\t\t\t\t<\/div>\n\t\t\t\t<\/div>\n\t\t\t\t\t<\/div>\n\t\t<\/div>\n\t\t\t\t\t<\/div>\n\t\t<\/section>\n\t\t\t\t<section class=\"elementor-section elementor-top-section elementor-element elementor-element-3751584 elementor-section-boxed elementor-section-height-default elementor-section-height-default\" data-id=\"3751584\" data-element_type=\"section\" data-e-type=\"section\">\n\t\t\t\t\t\t<div class=\"elementor-container elementor-column-gap-default\">\n\t\t\t\t\t<div class=\"elementor-column elementor-col-100 elementor-top-column elementor-element elementor-element-efababb\" data-id=\"efababb\" data-element_type=\"column\" data-e-type=\"column\">\n\t\t\t<div class=\"elementor-widget-wrap elementor-element-populated\">\n\t\t\t\t\t\t<section class=\"elementor-section elementor-inner-section elementor-element elementor-element-7d36c27 elementor-reverse-mobile elementor-section-boxed elementor-section-height-default elementor-section-height-default\" data-id=\"7d36c27\" data-element_type=\"section\" data-e-type=\"section\" data-settings=\"{&quot;background_background&quot;:&quot;classic&quot;}\">\n\t\t\t\t\t\t<div class=\"elementor-container elementor-column-gap-default\">\n\t\t\t\t\t<div class=\"elementor-column elementor-col-50 elementor-inner-column elementor-element elementor-element-57eb5e2\" data-id=\"57eb5e2\" data-element_type=\"column\" data-e-type=\"column\">\n\t\t\t<div class=\"elementor-widget-wrap elementor-element-populated\">\n\t\t\t\t\t\t<div class=\"elementor-element elementor-element-9f4a1e5 elementor-widget elementor-widget-heading\" data-id=\"9f4a1e5\" data-element_type=\"widget\" data-e-type=\"widget\" data-widget_type=\"heading.default\">\n\t\t\t\t<div class=\"elementor-widget-container\">\n\t\t\t\t\t<h3 class=\"elementor-heading-title elementor-size-default\">J\u00fcdisch, \n\n<\/h3>\t\t\t\t<\/div>\n\t\t\t\t<\/div>\n\t\t\t\t<div class=\"elementor-element elementor-element-325f0cb elementor-widget elementor-widget-heading\" data-id=\"325f0cb\" data-element_type=\"widget\" data-e-type=\"widget\" data-widget_type=\"heading.default\">\n\t\t\t\t<div class=\"elementor-widget-container\">\n\t\t\t\t\t<h3 class=\"elementor-heading-title elementor-size-default\">Berlinerisch,\n\n<\/h3>\t\t\t\t<\/div>\n\t\t\t\t<\/div>\n\t\t\t\t<div class=\"elementor-element elementor-element-20f4d01 elementor-widget elementor-widget-heading\" data-id=\"20f4d01\" data-element_type=\"widget\" data-e-type=\"widget\" data-widget_type=\"heading.default\">\n\t\t\t\t<div class=\"elementor-widget-container\">\n\t\t\t\t\t<h3 class=\"elementor-heading-title elementor-size-default\">Mittendrin <\/h3>\t\t\t\t<\/div>\n\t\t\t\t<\/div>\n\t\t\t\t<div class=\"elementor-element elementor-element-6786b17 elementor-widget elementor-widget-heading\" data-id=\"6786b17\" data-element_type=\"widget\" data-e-type=\"widget\" data-widget_type=\"heading.default\">\n\t\t\t\t<div class=\"elementor-widget-container\">\n\t\t\t\t\t<h2 class=\"elementor-heading-title elementor-size-default\">Wir sind und wollen sein \u2026<\/h2>\t\t\t\t<\/div>\n\t\t\t\t<\/div>\n\t\t\t\t<div class=\"elementor-element elementor-element-8bf3aa4 elementor-widget elementor-widget-text-editor\" data-id=\"8bf3aa4\" data-element_type=\"widget\" data-e-type=\"widget\" data-widget_type=\"text-editor.default\">\n\t\t\t\t<div class=\"elementor-widget-container\">\n\t\t\t\t\t\t\t\t\t<p>ein Museum und eine Anlaufstelle f\u00fcr alle, die das<br \/>j\u00fcdische Berlin, seine Geschichte und Gegenwart<br \/>am authentischen Ort entdecken wollen;<\/p><p>eine Br\u00fccke zwischen j\u00fcdischen und nichtj\u00fcdischen Stadt-Communities;<\/p><p>ein Lernort, der Teilhabe an kulturellem Wissen erm\u00f6glicht,<br \/>Erinnern und Reflexion mit der Relevanz f\u00fcrs Heute verbindet;<\/p><p>ein historisches Archiv, das kulturelles Erbe bewahrt und bereith\u00e4lt.<\/p>\t\t\t\t\t\t\t\t<\/div>\n\t\t\t\t<\/div>\n\t\t\t\t\t<\/div>\n\t\t<\/div>\n\t\t\t\t<div class=\"elementor-column elementor-col-50 elementor-inner-column elementor-element elementor-element-5814fb7\" data-id=\"5814fb7\" data-element_type=\"column\" data-e-type=\"column\" data-settings=\"{&quot;background_background&quot;:&quot;classic&quot;}\">\n\t\t\t<div class=\"elementor-widget-wrap elementor-element-populated\">\n\t\t\t\t\t\t<div class=\"elementor-element elementor-element-6224101 elementor-widget elementor-widget-spacer\" data-id=\"6224101\" data-element_type=\"widget\" data-e-type=\"widget\" data-widget_type=\"spacer.default\">\n\t\t\t\t<div class=\"elementor-widget-container\">\n\t\t\t\t\t\t\t<div class=\"elementor-spacer\">\n\t\t\t<div class=\"elementor-spacer-inner\"><\/div>\n\t\t<\/div>\n\t\t\t\t\t\t<\/div>\n\t\t\t\t<\/div>\n\t\t\t\t\t<\/div>\n\t\t<\/div>\n\t\t\t\t\t<\/div>\n\t\t<\/section>\n\t\t\t\t\t<\/div>\n\t\t<\/div>\n\t\t\t\t\t<\/div>\n\t\t<\/section>\n\t\t\t\t<section class=\"elementor-section elementor-top-section elementor-element elementor-element-d094a0d elementor-section-boxed elementor-section-height-default elementor-section-height-default\" data-id=\"d094a0d\" data-element_type=\"section\" data-e-type=\"section\">\n\t\t\t\t\t\t<div class=\"elementor-container elementor-column-gap-default\">\n\t\t\t\t\t<div class=\"elementor-column elementor-col-100 elementor-top-column elementor-element elementor-element-8f12903\" data-id=\"8f12903\" data-element_type=\"column\" data-e-type=\"column\">\n\t\t\t<div class=\"elementor-widget-wrap elementor-element-populated\">\n\t\t\t\t\t\t<div class=\"elementor-element elementor-element-91f3c87 elementor-widget elementor-widget-template\" data-id=\"91f3c87\" data-element_type=\"widget\" data-e-type=\"widget\" data-widget_type=\"template.default\">\n\t\t\t\t<div class=\"elementor-widget-container\">\n\t\t\t\t\t\t\t<div class=\"elementor-template\">\n\t\t\t\t\t<div data-elementor-type=\"section\" data-elementor-id=\"13628\" class=\"elementor elementor-13628\" data-elementor-post-type=\"elementor_library\">\n\t\t\t\t\t<section class=\"elementor-section elementor-top-section elementor-element elementor-element-65e940bf elementor-section-boxed elementor-section-height-default elementor-section-height-default\" data-id=\"65e940bf\" data-element_type=\"section\" data-e-type=\"section\" data-settings=\"{&quot;background_background&quot;:&quot;classic&quot;}\">\n\t\t\t\t\t\t<div class=\"elementor-container elementor-column-gap-default\">\n\t\t\t\t\t<div class=\"elementor-column elementor-col-100 elementor-top-column elementor-element elementor-element-2fe91ede\" data-id=\"2fe91ede\" data-element_type=\"column\" data-e-type=\"column\">\n\t\t\t<div class=\"elementor-widget-wrap elementor-element-populated\">\n\t\t\t\t\t\t<div class=\"elementor-element elementor-element-6550848a elementor-widget elementor-widget-heading\" data-id=\"6550848a\" data-element_type=\"widget\" data-e-type=\"widget\" data-widget_type=\"heading.default\">\n\t\t\t\t<div class=\"elementor-widget-container\">\n\t\t\t\t\t<h2 class=\"elementor-heading-title elementor-size-default\">Visitor information\n\n<\/h2>\t\t\t\t<\/div>\n\t\t\t\t<\/div>\n\t\t\t\t<section class=\"elementor-section elementor-inner-section elementor-element elementor-element-c9eb268 elementor-section-boxed elementor-section-height-default elementor-section-height-default\" data-id=\"c9eb268\" data-element_type=\"section\" data-e-type=\"section\">\n\t\t\t\t\t\t<div class=\"elementor-container elementor-column-gap-default\">\n\t\t\t\t\t<div class=\"elementor-column elementor-col-33 elementor-inner-column elementor-element elementor-element-d20c61d\" data-id=\"d20c61d\" data-element_type=\"column\" data-e-type=\"column\" data-settings=\"{&quot;background_background&quot;:&quot;classic&quot;}\">\n\t\t\t<div class=\"elementor-widget-wrap elementor-element-populated\">\n\t\t\t\t\t\t<div class=\"elementor-element elementor-element-7eb80356 elementor-widget elementor-widget-text-editor\" data-id=\"7eb80356\" data-element_type=\"widget\" data-e-type=\"widget\" data-widget_type=\"text-editor.default\">\n\t\t\t\t<div class=\"elementor-widget-container\">\n\t\t\t\t\t\t\t\t\t<p class=\"fusion-responsive-typography-calculated\" style=\"text-align: center;\" data-fontsize=\"14\" data-lineheight=\"21px\"><strong>Address and directions<\/strong><\/p><div class=\"textwidget\"><div class=\"table-wrapper\"><table border=\"0\" cellspacing=\"0\" cellpadding=\"0\"><tbody><tr><td colspan=\"2\">Oranienburger Stra\u00dfe 28\u201330, 10117 Berlin<\/td><\/tr><tr><td>S-Bahn 1,2,25<\/td><td>Oranienburger Str.<\/td><\/tr><tr><td>S-Bahn 5, 7, 9, 75<\/td><td>Hackescher Markt<\/td><\/tr><tr><td colspan=\"2\">\u00a0<\/td><\/tr><tr><td>U-Bahn 6<\/td><td>Oranienburger Tor<\/td><\/tr><tr><td>U-Bahn 8<\/td><td>Weinmeisterstr.<\/td><\/tr><tr><td colspan=\"2\">\u00a0<\/td><\/tr><tr><td>Trams M1, M5<\/td><td>Oranienburger Str.<\/td><\/tr><\/tbody><\/table><\/div><\/div>\t\t\t\t\t\t\t\t<\/div>\n\t\t\t\t<\/div>\n\t\t\t\t\t<\/div>\n\t\t<\/div>\n\t\t\t\t<div class=\"elementor-column elementor-col-33 elementor-inner-column elementor-element elementor-element-7a6301b7\" data-id=\"7a6301b7\" data-element_type=\"column\" data-e-type=\"column\" data-settings=\"{&quot;background_background&quot;:&quot;classic&quot;}\">\n\t\t\t<div class=\"elementor-widget-wrap elementor-element-populated\">\n\t\t\t\t\t\t<div class=\"elementor-element elementor-element-591bb080 elementor-widget elementor-widget-heading\" data-id=\"591bb080\" data-element_type=\"widget\" data-e-type=\"widget\" data-widget_type=\"heading.default\">\n\t\t\t\t<div class=\"elementor-widget-container\">\n\t\t\t\t\t<div class=\"elementor-heading-title elementor-size-default\">Visitor inquiries \/ guided tours\n<\/div>\t\t\t\t<\/div>\n\t\t\t\t<\/div>\n\t\t\t\t<div class=\"elementor-element elementor-element-b25dfa elementor-widget elementor-widget-heading\" data-id=\"b25dfa\" data-element_type=\"widget\" data-e-type=\"widget\" data-widget_type=\"heading.default\">\n\t\t\t\t<div class=\"elementor-widget-container\">\n\t\t\t\t\t<div class=\"elementor-heading-title elementor-size-default\">030\/88028316 \/ info@centrumjudaicum.de\n<\/div>\t\t\t\t<\/div>\n\t\t\t\t<\/div>\n\t\t\t\t<div class=\"elementor-element elementor-element-68ae18cc elementor-widget elementor-widget-heading\" data-id=\"68ae18cc\" data-element_type=\"widget\" data-e-type=\"widget\" data-widget_type=\"heading.default\">\n\t\t\t\t<div class=\"elementor-widget-container\">\n\t\t\t\t\t<div class=\"elementor-heading-title elementor-size-default\">Museum opening hours\n<\/div>\t\t\t\t<\/div>\n\t\t\t\t<\/div>\n\t\t\t\t<div class=\"elementor-element elementor-element-58317758 elementor-widget elementor-widget-text-editor\" data-id=\"58317758\" data-element_type=\"widget\" data-e-type=\"widget\" data-widget_type=\"text-editor.default\">\n\t\t\t\t<div class=\"elementor-widget-container\">\n\t\t\t\t\t\t\t\t\t<table border=\"0\" cellspacing=\"0\" cellpadding=\"0\"><tbody><tr><td colspan=\"2\"><strong>Summer<\/strong><\/td><\/tr><tr><td>Monday-Friday<\/td><td>10 a.m.\u20136 p.m.<\/td><\/tr><tr><td>Sundays<\/td><td>from 10-19 o'clock<\/td><\/tr><tr><td>Saturdays<\/td><td>closed<\/td><\/tr><tr><td colspan=\"2\"><strong><br \/>Winter:<\/strong><\/td><\/tr><tr><td>Sonntags-Donnerstags<\/td><td>10 a.m.\u20136 p.m.<\/td><\/tr><tr><td>Fridays<\/td><td>von 10-15 Uhr<\/td><\/tr><tr><td>Saturdays<\/td><td>closed<\/td><\/tr><tr><td colspan=\"2\"><br \/><em>Last entry: 30 minutes before closing<\/em><br \/><em>The dome is currently closed.<\/em><\/td><\/tr><\/tbody><\/table>\t\t\t\t\t\t\t\t<\/div>\n\t\t\t\t<\/div>\n\t\t\t\t\t<\/div>\n\t\t<\/div>\n\t\t\t\t<div class=\"elementor-column elementor-col-33 elementor-inner-column elementor-element elementor-element-1390c3e1\" data-id=\"1390c3e1\" data-element_type=\"column\" data-e-type=\"column\" data-settings=\"{&quot;background_background&quot;:&quot;classic&quot;}\">\n\t\t\t<div class=\"elementor-widget-wrap elementor-element-populated\">\n\t\t\t\t\t\t<div class=\"elementor-element elementor-element-544ec063 elementor-widget elementor-widget-text-editor\" data-id=\"544ec063\" data-element_type=\"widget\" data-e-type=\"widget\" data-widget_type=\"text-editor.default\">\n\t\t\t\t<div class=\"elementor-widget-container\">\n\t\t\t\t\t\t\t\t\t<p class=\"fusion-responsive-typography-calculated\" style=\"text-align: center;\" data-fontsize=\"14\" data-lineheight=\"21px\"><strong>Ticket Prices<\/strong><\/p><div class=\"textwidget\"><div class=\"table-wrapper\"><table border=\"0\" cellspacing=\"0\" cellpadding=\"0\"><tbody><tr><td>Regular<\/td><td>7,00\u20ac<\/td><\/tr><tr><td>Discount*<\/td><td>4,50\u20ac<\/td><\/tr><tr><td>Family ticket**<\/td><td>20,00\u20ac<\/td><\/tr><tr><td colspan=\"2\"><p>*Discounts apply to school classes and groups in training, severely disabled people (including accompanying persons if applicable), the unemployed, recipients of basic social security benefits, those performing military or alternative service, and Berlinpass holders.<\/p><p>** 2 adults + max 3 children (up to 16 years)<\/p><\/td><\/tr><\/tbody><\/table><\/div><\/div>\t\t\t\t\t\t\t\t<\/div>\n\t\t\t\t<\/div>\n\t\t\t\t\t<\/div>\n\t\t<\/div>\n\t\t\t\t\t<\/div>\n\t\t<\/section>\n\t\t\t\t\t<\/div>\n\t\t<\/div>\n\t\t\t\t\t<\/div>\n\t\t<\/section>\n\t\t\t\t<\/div>\n\t\t\t\t<\/div>\n\t\t\t\t\t\t<\/div>\n\t\t\t\t<\/div>\n\t\t\t\t\t<\/div>\n\t\t<\/div>\n\t\t\t\t\t<\/div>\n\t\t<\/section>\n\t\t\t\t<\/div>","protected":false},"excerpt":{"rendered":"<p>Wof\u00fcr wir stehen \u2013 Neue Synagoge Berlin J\u00fcdische Geschichte und Gegenwart. . . ist Berlin \u201eTuet auf die Pforten, dass einziehe das gerechte Volk, das bewahrt die Treue \u2026\u201c Dieses [&hellip;]<\/p>\n","protected":false},"author":1,"featured_media":0,"parent":0,"menu_order":0,"comment_status":"closed","ping_status":"closed","template":"elementor_header_footer","meta":{"_tec_requires_first_save":true,"_price":"","_stock":"","_tribe_ticket_header":"","_tribe_default_ticket_provider":"","_tribe_ticket_capacity":"0","_ticket_start_date":"","_ticket_end_date":"","_tribe_ticket_show_description":"","_tribe_ticket_show_not_going":false,"_tribe_ticket_use_global_stock":"","_tribe_ticket_global_stock_level":"","_global_stock_mode":"","_global_stock_cap":"","_tribe_rsvp_for_event":"","_tribe_ticket_going_count":"","_tribe_ticket_not_going_count":"","_tribe_tickets_list":"[]","_tribe_ticket_has_attendee_info_fields":false,"_EventAllDay":false,"_EventTimezone":"","_EventStartDate":"","_EventEndDate":"","_EventStartDateUTC":"","_EventEndDateUTC":"","_EventShowMap":false,"_EventShowMapLink":false,"_EventURL":"","_EventCost":"","_EventCostDescription":"","_EventCurrencySymbol":"","_EventCurrencyCode":"","_EventCurrencyPosition":"","_EventDateTimeSeparator":"","_EventTimeRangeSeparator":"","_EventOrganizerID":[],"_EventVenueID":[],"_OrganizerEmail":"","_OrganizerPhone":"","_OrganizerWebsite":"","_VenueAddress":"","_VenueCity":"","_VenueCountry":"","_VenueProvince":"","_VenueState":"","_VenueZip":"","_VenuePhone":"","_VenueURL":"","_VenueStateProvince":"","_VenueLat":"","_VenueLng":"","_VenueShowMap":false,"_VenueShowMapLink":false,"_tribe_blocks_recurrence_rules":"","_tribe_blocks_recurrence_description":"","_tribe_blocks_recurrence_exclusions":"","footnotes":"","_tec_slr_enabled":"","_tec_slr_layout":""},"class_list":["post-13459","page","type-page","status-publish","hentry"],"yoast_head":"<!-- This site is optimized with the Yoast SEO Premium plugin v26.1 (Yoast SEO v27.5) - https:\/\/yoast.com\/product\/yoast-seo-premium-wordpress\/ -->\n<title>Wof\u00fcr wir stehen - Neue Synagoge Berlin - Centrum Judaicum<\/title>\n<meta name=\"description\" content=\"ein Museum und eine Anlaufstelle f\u00fcr alle, die das j\u00fcdische Berlin, seine Geschichte und Gegenwart am authentischen Ort entdecken wollen;eine Br\u00fccke zwischen j\u00fcdischen und nichtj\u00fcdischen Stadt-Communities; ein Lernort, der Teilhabe an kulturellem Wissen erm\u00f6glicht, Erinnern und Reflexion mit der Relevanz f\u00fcrs Heute verbindet;ein historisches Archiv, das kulturelles Erbe bewahrt und bereith\u00e4lt.\" \/>\n<meta name=\"robots\" content=\"index, follow, max-snippet:-1, max-image-preview:large, max-video-preview:-1\" \/>\n<link rel=\"canonical\" href=\"https:\/\/centrumjudaicum.de\/en\/wofur-wir-stehen\/\" \/>\n<meta property=\"og:locale\" content=\"en_US\" \/>\n<meta property=\"og:type\" content=\"article\" \/>\n<meta property=\"og:title\" content=\"Unsere Vision\" \/>\n<meta property=\"og:description\" content=\"ein Museum und eine Anlaufstelle f\u00fcr alle, die das j\u00fcdische Berlin, seine Geschichte und Gegenwart am authentischen Ort entdecken wollen;eine Br\u00fccke zwischen j\u00fcdischen und nichtj\u00fcdischen Stadt-Communities; ein Lernort, der Teilhabe an kulturellem Wissen erm\u00f6glicht, Erinnern und Reflexion mit der Relevanz f\u00fcrs Heute verbindet;ein historisches Archiv, das kulturelles Erbe bewahrt und bereith\u00e4lt.\" \/>\n<meta property=\"og:url\" content=\"https:\/\/centrumjudaicum.de\/en\/wofur-wir-stehen\/\" \/>\n<meta property=\"og:site_name\" content=\"Centrum Judaicum\" \/>\n<meta property=\"article:modified_time\" content=\"2024-12-10T08:48:46+00:00\" \/>\n<meta property=\"og:image\" content=\"https:\/\/centrumjudaicum.de\/wp-content\/uploads\/2023\/08\/Ausenansicht-Synagoge-Oranienburger-Strasekl2_c-CJ-WA.jpg\" \/>\n\t<meta property=\"og:image:width\" content=\"583\" \/>\n\t<meta property=\"og:image:height\" content=\"817\" \/>\n\t<meta property=\"og:image:type\" content=\"image\/jpeg\" \/>\n<meta name=\"twitter:card\" content=\"summary_large_image\" \/>\n<meta name=\"twitter:label1\" content=\"Est. reading time\" \/>\n\t<meta name=\"twitter:data1\" content=\"7 minutes\" \/>\n<script type=\"application\/ld+json\" class=\"yoast-schema-graph\">{\"@context\":\"https:\\\/\\\/schema.org\",\"@graph\":[{\"@type\":\"WebPage\",\"@id\":\"https:\\\/\\\/centrumjudaicum.de\\\/wofur-wir-stehen\\\/\",\"url\":\"https:\\\/\\\/centrumjudaicum.de\\\/wofur-wir-stehen\\\/\",\"name\":\"Wof\u00fcr wir stehen - Neue Synagoge Berlin - Centrum Judaicum\",\"isPartOf\":{\"@id\":\"https:\\\/\\\/centrumjudaicum.de\\\/#website\"},\"primaryImageOfPage\":{\"@id\":\"https:\\\/\\\/centrumjudaicum.de\\\/wofur-wir-stehen\\\/#primaryimage\"},\"image\":{\"@id\":\"https:\\\/\\\/centrumjudaicum.de\\\/wofur-wir-stehen\\\/#primaryimage\"},\"thumbnailUrl\":\"https:\\\/\\\/centrumjudaicum.de\\\/wp-content\\\/uploads\\\/2023\\\/08\\\/Ausenansicht-Synagoge-Oranienburger-Strasekl2_c-CJ-WA.jpg\",\"datePublished\":\"2023-08-10T06:14:47+00:00\",\"dateModified\":\"2024-12-10T08:48:46+00:00\",\"description\":\"ein Museum und eine Anlaufstelle f\u00fcr alle, die das j\u00fcdische Berlin, seine Geschichte und Gegenwart am authentischen Ort entdecken wollen;eine Br\u00fccke zwischen j\u00fcdischen und nichtj\u00fcdischen Stadt-Communities; ein Lernort, der Teilhabe an kulturellem Wissen erm\u00f6glicht, Erinnern und Reflexion mit der Relevanz f\u00fcrs Heute verbindet;ein historisches Archiv, das kulturelles Erbe bewahrt und bereith\u00e4lt.\",\"breadcrumb\":{\"@id\":\"https:\\\/\\\/centrumjudaicum.de\\\/wofur-wir-stehen\\\/#breadcrumb\"},\"inLanguage\":\"en-US\",\"potentialAction\":[{\"@type\":\"ReadAction\",\"target\":[\"https:\\\/\\\/centrumjudaicum.de\\\/wofur-wir-stehen\\\/\"]}]},{\"@type\":\"ImageObject\",\"inLanguage\":\"en-US\",\"@id\":\"https:\\\/\\\/centrumjudaicum.de\\\/wofur-wir-stehen\\\/#primaryimage\",\"url\":\"https:\\\/\\\/centrumjudaicum.de\\\/wp-content\\\/uploads\\\/2023\\\/08\\\/Ausenansicht-Synagoge-Oranienburger-Strasekl2_c-CJ-WA.jpg\",\"contentUrl\":\"https:\\\/\\\/centrumjudaicum.de\\\/wp-content\\\/uploads\\\/2023\\\/08\\\/Ausenansicht-Synagoge-Oranienburger-Strasekl2_c-CJ-WA.jpg\"},{\"@type\":\"BreadcrumbList\",\"@id\":\"https:\\\/\\\/centrumjudaicum.de\\\/wofur-wir-stehen\\\/#breadcrumb\",\"itemListElement\":[{\"@type\":\"ListItem\",\"position\":1,\"name\":\"Home\",\"item\":\"https:\\\/\\\/centrumjudaicum.de\\\/\"},{\"@type\":\"ListItem\",\"position\":2,\"name\":\"Unsere Vision\"}]},{\"@type\":\"WebSite\",\"@id\":\"https:\\\/\\\/centrumjudaicum.de\\\/#website\",\"url\":\"https:\\\/\\\/centrumjudaicum.de\\\/\",\"name\":\"Centrum Judaicum\",\"description\":\"\",\"publisher\":{\"@id\":\"https:\\\/\\\/centrumjudaicum.de\\\/#organization\"},\"potentialAction\":[{\"@type\":\"SearchAction\",\"target\":{\"@type\":\"EntryPoint\",\"urlTemplate\":\"https:\\\/\\\/centrumjudaicum.de\\\/?s={search_term_string}\"},\"query-input\":{\"@type\":\"PropertyValueSpecification\",\"valueRequired\":true,\"valueName\":\"search_term_string\"}}],\"inLanguage\":\"en-US\"},{\"@type\":\"Organization\",\"@id\":\"https:\\\/\\\/centrumjudaicum.de\\\/#organization\",\"name\":\"Centrum Judaicum\",\"url\":\"https:\\\/\\\/centrumjudaicum.de\\\/\",\"logo\":{\"@type\":\"ImageObject\",\"inLanguage\":\"en-US\",\"@id\":\"https:\\\/\\\/centrumjudaicum.de\\\/#\\\/schema\\\/logo\\\/image\\\/\",\"url\":\"https:\\\/\\\/centrumjudaicum.de\\\/wp-content\\\/uploads\\\/2022\\\/10\\\/Logo_Stiftung_Neue_Synagoge_Berlin_Gold_.png\",\"contentUrl\":\"https:\\\/\\\/centrumjudaicum.de\\\/wp-content\\\/uploads\\\/2022\\\/10\\\/Logo_Stiftung_Neue_Synagoge_Berlin_Gold_.png\",\"width\":1188,\"height\":409,\"caption\":\"Centrum Judaicum\"},\"image\":{\"@id\":\"https:\\\/\\\/centrumjudaicum.de\\\/#\\\/schema\\\/logo\\\/image\\\/\"}}]}<\/script>\n<!-- \/ Yoast SEO Premium plugin. -->","yoast_head_json":{"title":"Wof\u00fcr wir stehen - Neue Synagoge Berlin - Centrum Judaicum","description":"ein Museum und eine Anlaufstelle f\u00fcr alle, die das j\u00fcdische Berlin, seine Geschichte und Gegenwart am authentischen Ort entdecken wollen;eine Br\u00fccke zwischen j\u00fcdischen und nichtj\u00fcdischen Stadt-Communities; ein Lernort, der Teilhabe an kulturellem Wissen erm\u00f6glicht, Erinnern und Reflexion mit der Relevanz f\u00fcrs Heute verbindet;ein historisches Archiv, das kulturelles Erbe bewahrt und bereith\u00e4lt.","robots":{"index":"index","follow":"follow","max-snippet":"max-snippet:-1","max-image-preview":"max-image-preview:large","max-video-preview":"max-video-preview:-1"},"canonical":"https:\/\/centrumjudaicum.de\/en\/wofur-wir-stehen\/","og_locale":"en_US","og_type":"article","og_title":"Unsere Vision","og_description":"ein Museum und eine Anlaufstelle f\u00fcr alle, die das j\u00fcdische Berlin, seine Geschichte und Gegenwart am authentischen Ort entdecken wollen;eine Br\u00fccke zwischen j\u00fcdischen und nichtj\u00fcdischen Stadt-Communities; ein Lernort, der Teilhabe an kulturellem Wissen erm\u00f6glicht, Erinnern und Reflexion mit der Relevanz f\u00fcrs Heute verbindet;ein historisches Archiv, das kulturelles Erbe bewahrt und bereith\u00e4lt.","og_url":"https:\/\/centrumjudaicum.de\/en\/wofur-wir-stehen\/","og_site_name":"Centrum Judaicum","article_modified_time":"2024-12-10T08:48:46+00:00","og_image":[{"width":583,"height":817,"url":"https:\/\/centrumjudaicum.de\/wp-content\/uploads\/2023\/08\/Ausenansicht-Synagoge-Oranienburger-Strasekl2_c-CJ-WA.jpg","type":"image\/jpeg"}],"twitter_card":"summary_large_image","twitter_misc":{"Est. reading time":"7 minutes"},"schema":{"@context":"https:\/\/schema.org","@graph":[{"@type":"WebPage","@id":"https:\/\/centrumjudaicum.de\/wofur-wir-stehen\/","url":"https:\/\/centrumjudaicum.de\/wofur-wir-stehen\/","name":"Wof\u00fcr wir stehen - Neue Synagoge Berlin - Centrum Judaicum","isPartOf":{"@id":"https:\/\/centrumjudaicum.de\/#website"},"primaryImageOfPage":{"@id":"https:\/\/centrumjudaicum.de\/wofur-wir-stehen\/#primaryimage"},"image":{"@id":"https:\/\/centrumjudaicum.de\/wofur-wir-stehen\/#primaryimage"},"thumbnailUrl":"https:\/\/centrumjudaicum.de\/wp-content\/uploads\/2023\/08\/Ausenansicht-Synagoge-Oranienburger-Strasekl2_c-CJ-WA.jpg","datePublished":"2023-08-10T06:14:47+00:00","dateModified":"2024-12-10T08:48:46+00:00","description":"ein Museum und eine Anlaufstelle f\u00fcr alle, die das j\u00fcdische Berlin, seine Geschichte und Gegenwart am authentischen Ort entdecken wollen;eine Br\u00fccke zwischen j\u00fcdischen und nichtj\u00fcdischen Stadt-Communities; ein Lernort, der Teilhabe an kulturellem Wissen erm\u00f6glicht, Erinnern und Reflexion mit der Relevanz f\u00fcrs Heute verbindet;ein historisches Archiv, das kulturelles Erbe bewahrt und bereith\u00e4lt.","breadcrumb":{"@id":"https:\/\/centrumjudaicum.de\/wofur-wir-stehen\/#breadcrumb"},"inLanguage":"en-US","potentialAction":[{"@type":"ReadAction","target":["https:\/\/centrumjudaicum.de\/wofur-wir-stehen\/"]}]},{"@type":"ImageObject","inLanguage":"en-US","@id":"https:\/\/centrumjudaicum.de\/wofur-wir-stehen\/#primaryimage","url":"https:\/\/centrumjudaicum.de\/wp-content\/uploads\/2023\/08\/Ausenansicht-Synagoge-Oranienburger-Strasekl2_c-CJ-WA.jpg","contentUrl":"https:\/\/centrumjudaicum.de\/wp-content\/uploads\/2023\/08\/Ausenansicht-Synagoge-Oranienburger-Strasekl2_c-CJ-WA.jpg"},{"@type":"BreadcrumbList","@id":"https:\/\/centrumjudaicum.de\/wofur-wir-stehen\/#breadcrumb","itemListElement":[{"@type":"ListItem","position":1,"name":"Home","item":"https:\/\/centrumjudaicum.de\/"},{"@type":"ListItem","position":2,"name":"Unsere Vision"}]},{"@type":"WebSite","@id":"https:\/\/centrumjudaicum.de\/#website","url":"https:\/\/centrumjudaicum.de\/","name":"Centrum Judaicum","description":"","publisher":{"@id":"https:\/\/centrumjudaicum.de\/#organization"},"potentialAction":[{"@type":"SearchAction","target":{"@type":"EntryPoint","urlTemplate":"https:\/\/centrumjudaicum.de\/?s={search_term_string}"},"query-input":{"@type":"PropertyValueSpecification","valueRequired":true,"valueName":"search_term_string"}}],"inLanguage":"en-US"},{"@type":"Organization","@id":"https:\/\/centrumjudaicum.de\/#organization","name":"Centrum Judaicum","url":"https:\/\/centrumjudaicum.de\/","logo":{"@type":"ImageObject","inLanguage":"en-US","@id":"https:\/\/centrumjudaicum.de\/#\/schema\/logo\/image\/","url":"https:\/\/centrumjudaicum.de\/wp-content\/uploads\/2022\/10\/Logo_Stiftung_Neue_Synagoge_Berlin_Gold_.png","contentUrl":"https:\/\/centrumjudaicum.de\/wp-content\/uploads\/2022\/10\/Logo_Stiftung_Neue_Synagoge_Berlin_Gold_.png","width":1188,"height":409,"caption":"Centrum Judaicum"},"image":{"@id":"https:\/\/centrumjudaicum.de\/#\/schema\/logo\/image\/"}}]}},"ticketed":false,"_links":{"self":[{"href":"https:\/\/centrumjudaicum.de\/en\/wp-json\/wp\/v2\/pages\/13459","targetHints":{"allow":["GET"]}}],"collection":[{"href":"https:\/\/centrumjudaicum.de\/en\/wp-json\/wp\/v2\/pages"}],"about":[{"href":"https:\/\/centrumjudaicum.de\/en\/wp-json\/wp\/v2\/types\/page"}],"author":[{"embeddable":true,"href":"https:\/\/centrumjudaicum.de\/en\/wp-json\/wp\/v2\/users\/1"}],"replies":[{"embeddable":true,"href":"https:\/\/centrumjudaicum.de\/en\/wp-json\/wp\/v2\/comments?post=13459"}],"version-history":[{"count":10,"href":"https:\/\/centrumjudaicum.de\/en\/wp-json\/wp\/v2\/pages\/13459\/revisions"}],"predecessor-version":[{"id":23875,"href":"https:\/\/centrumjudaicum.de\/en\/wp-json\/wp\/v2\/pages\/13459\/revisions\/23875"}],"wp:attachment":[{"href":"https:\/\/centrumjudaicum.de\/en\/wp-json\/wp\/v2\/media?parent=13459"}],"curies":[{"name":"wp","href":"https:\/\/api.w.org\/{rel}","templated":true}]}}