{"id":17248,"date":"2023-08-28T15:14:00","date_gmt":"2023-08-28T13:14:00","guid":{"rendered":"https:\/\/new2023.centrumjudaicum-berlin.de\/?post_type=portfolio&#038;p=17248"},"modified":"2023-08-28T15:15:22","modified_gmt":"2023-08-28T13:15:22","slug":"glueckel-von-hameln-kauffrau-mutter-und-erste-juedisch-deutsche-autorin-band-11","status":"publish","type":"portfolio","link":"https:\/\/centrumjudaicum.de\/en\/portfolio\/glueckel-von-hameln-kauffrau-mutter-und-erste-juedisch-deutsche-autorin-band-11\/","title":{"rendered":"Gl\u00fcckel von Hameln Kauffrau, Mutter und erste j\u00fcdisch-deutsche Autorin Band 11"},"content":{"rendered":"<div data-elementor-type=\"wp-post\" data-elementor-id=\"17248\" class=\"elementor elementor-17248\" data-elementor-post-type=\"portfolio\">\n\t\t\t\t\t\t<section class=\"elementor-section elementor-top-section elementor-element elementor-element-048cb3d elementor-section-full_width elementor-section-height-default elementor-section-height-default\" data-id=\"048cb3d\" data-element_type=\"section\" data-e-type=\"section\">\n\t\t\t\t\t\t<div class=\"elementor-container elementor-column-gap-no\">\n\t\t\t\t\t<div class=\"elementor-column elementor-col-100 elementor-top-column elementor-element elementor-element-4de243f\" data-id=\"4de243f\" data-element_type=\"column\" data-e-type=\"column\">\n\t\t\t<div class=\"elementor-widget-wrap elementor-element-populated\">\n\t\t\t\t\t\t<div class=\"elementor-element elementor-element-a3953dd elementor-widget elementor-widget-template\" data-id=\"a3953dd\" data-element_type=\"widget\" data-e-type=\"widget\" data-widget_type=\"template.default\">\n\t\t\t\t<div class=\"elementor-widget-container\">\n\t\t\t\t\t\t\t<div class=\"elementor-template\">\n\t\t\t\t\t<\/div>\n\t\t\t\t\t\t<\/div>\n\t\t\t\t<\/div>\n\t\t\t\t\t<\/div>\n\t\t<\/div>\n\t\t\t\t\t<\/div>\n\t\t<\/section>\n\t\t\t\t<section class=\"elementor-section elementor-top-section elementor-element elementor-element-97f95f8 elementor-section-full_width elementor-section-height-default elementor-section-height-default\" data-id=\"97f95f8\" data-element_type=\"section\" data-e-type=\"section\">\n\t\t\t\t\t\t<div class=\"elementor-container elementor-column-gap-no\">\n\t\t\t\t\t<div class=\"elementor-column elementor-col-100 elementor-top-column elementor-element elementor-element-22fdf68\" data-id=\"22fdf68\" data-element_type=\"column\" data-e-type=\"column\">\n\t\t\t<div class=\"elementor-widget-wrap elementor-element-populated\">\n\t\t\t\t\t\t<div class=\"elementor-element elementor-element-a0a47e2 elementor-widget elementor-widget-template\" data-id=\"a0a47e2\" data-element_type=\"widget\" data-e-type=\"widget\" data-widget_type=\"template.default\">\n\t\t\t\t<div class=\"elementor-widget-container\">\n\t\t\t\t\t\t\t<div class=\"elementor-template\">\n\t\t\t\t\t<div data-elementor-type=\"section\" data-elementor-id=\"17159\" class=\"elementor elementor-17159\" data-elementor-post-type=\"elementor_library\">\n\t\t\t\t\t<section class=\"elementor-section elementor-top-section elementor-element elementor-element-2bc723c3 elementor-section-boxed elementor-section-height-default elementor-section-height-default\" data-id=\"2bc723c3\" data-element_type=\"section\" data-e-type=\"section\">\n\t\t\t\t\t\t<div class=\"elementor-container elementor-column-gap-default\">\n\t\t\t\t\t<div class=\"elementor-column elementor-col-100 elementor-top-column elementor-element elementor-element-53efe3c9\" data-id=\"53efe3c9\" data-element_type=\"column\" data-e-type=\"column\">\n\t\t\t<div class=\"elementor-widget-wrap elementor-element-populated\">\n\t\t\t\t\t\t<div class=\"elementor-element elementor-element-3cd7720a elementor-widget elementor-widget-post-navigation\" data-id=\"3cd7720a\" data-element_type=\"widget\" data-e-type=\"widget\" data-widget_type=\"post-navigation.default\">\n\t\t\t\t<div class=\"elementor-widget-container\">\n\t\t\t\t\t\t\t<div class=\"elementor-post-navigation\" role=\"navigation\" aria-label=\"Post Navigation\">\n\t\t\t<div class=\"elementor-post-navigation__prev elementor-post-navigation__link\">\n\t\t\t\t<a href=\"https:\/\/centrumjudaicum.de\/en\/portfolio\/jurek-beckergeborener-judeselbsternannter-atheistdeutscher-schriftstellerband-12\/\" rel=\"prev\"><span class=\"post-navigation__arrow-wrapper post-navigation__arrow-prev\"><i aria-hidden=\"true\" class=\"fas fa-angle-left\"><\/i><span class=\"elementor-screen-only\">Prev<\/span><\/span><span class=\"elementor-post-navigation__link__prev\"><span class=\"post-navigation__prev--label\">Zur\u00fcck <\/span><\/span><\/a>\t\t\t<\/div>\n\t\t\t\t\t\t<div class=\"elementor-post-navigation__next elementor-post-navigation__link\">\n\t\t\t\t<a href=\"https:\/\/centrumjudaicum.de\/en\/portfolio\/theodor-wolff-journalist-weltbuerger-demokrat-band-10\/\" rel=\"next\"><span class=\"elementor-post-navigation__link__next\"><span class=\"post-navigation__next--label\">Weiter<\/span><\/span><span class=\"post-navigation__arrow-wrapper post-navigation__arrow-next\"><i aria-hidden=\"true\" class=\"fas fa-angle-right\"><\/i><span class=\"elementor-screen-only\">Next<\/span><\/span><\/a>\t\t\t<\/div>\n\t\t<\/div>\n\t\t\t\t\t\t<\/div>\n\t\t\t\t<\/div>\n\t\t\t\t\t<\/div>\n\t\t<\/div>\n\t\t\t\t\t<\/div>\n\t\t<\/section>\n\t\t\t\t<\/div>\n\t\t\t\t<\/div>\n\t\t\t\t\t\t<\/div>\n\t\t\t\t<\/div>\n\t\t\t\t\t<\/div>\n\t\t<\/div>\n\t\t\t\t\t<\/div>\n\t\t<\/section>\n\t\t\t\t<section class=\"elementor-section elementor-top-section elementor-element elementor-element-4f07d29 elementor-section-boxed elementor-section-height-default elementor-section-height-default\" data-id=\"4f07d29\" data-element_type=\"section\" data-e-type=\"section\">\n\t\t\t\t\t\t<div class=\"elementor-container elementor-column-gap-default\">\n\t\t\t\t\t<div class=\"elementor-column elementor-col-33 elementor-top-column elementor-element elementor-element-973f96f\" data-id=\"973f96f\" data-element_type=\"column\" data-e-type=\"column\">\n\t\t\t<div class=\"elementor-widget-wrap elementor-element-populated\">\n\t\t\t\t\t\t<div class=\"elementor-element elementor-element-d9da100 elementor-widget elementor-widget-theme-post-featured-image elementor-widget-image\" data-id=\"d9da100\" data-element_type=\"widget\" data-e-type=\"widget\" data-widget_type=\"theme-post-featured-image.default\">\n\t\t\t\t<div class=\"elementor-widget-container\">\n\t\t\t\t\t\t\t\t\t\t\t\t\t\t\t<img fetchpriority=\"high\" decoding=\"async\" width=\"230\" height=\"300\" src=\"https:\/\/centrumjudaicum.de\/wp-content\/uploads\/2023\/08\/Band-11.png\" class=\"attachment-2048x2048 size-2048x2048 wp-image-17249\" alt=\"\" \/>\t\t\t\t\t\t\t\t\t\t\t\t\t\t\t<\/div>\n\t\t\t\t<\/div>\n\t\t\t\t<div class=\"elementor-element elementor-element-80466b9 elementor-widget-divider--view-line elementor-widget elementor-widget-divider\" data-id=\"80466b9\" data-element_type=\"widget\" data-e-type=\"widget\" data-widget_type=\"divider.default\">\n\t\t\t\t<div class=\"elementor-widget-container\">\n\t\t\t\t\t\t\t<div class=\"elementor-divider\">\n\t\t\t<span class=\"elementor-divider-separator\">\n\t\t\t\t\t\t<\/span>\n\t\t<\/div>\n\t\t\t\t\t\t<\/div>\n\t\t\t\t<\/div>\n\t\t\t\t<div class=\"elementor-element elementor-element-7011745 elementor-widget elementor-widget-text-editor\" data-id=\"7011745\" data-element_type=\"widget\" data-e-type=\"widget\" data-widget_type=\"text-editor.default\">\n\t\t\t\t<div class=\"elementor-widget-container\">\n\t\t\t\t\t\t\t\t\tISBN \u2013 78-3-933471-61-1\t\t\t\t\t\t\t\t<\/div>\n\t\t\t\t<\/div>\n\t\t\t\t<div class=\"elementor-element elementor-element-f0a55e0 elementor-widget-divider--view-line elementor-widget elementor-widget-divider\" data-id=\"f0a55e0\" data-element_type=\"widget\" data-e-type=\"widget\" data-widget_type=\"divider.default\">\n\t\t\t\t<div class=\"elementor-widget-container\">\n\t\t\t\t\t\t\t<div class=\"elementor-divider\">\n\t\t\t<span class=\"elementor-divider-separator\">\n\t\t\t\t\t\t<\/span>\n\t\t<\/div>\n\t\t\t\t\t\t<\/div>\n\t\t\t\t<\/div>\n\t\t\t\t<div class=\"elementor-element elementor-element-8b42d61 elementor-widget elementor-widget-text-editor\" data-id=\"8b42d61\" data-element_type=\"widget\" data-e-type=\"widget\" data-widget_type=\"text-editor.default\">\n\t\t\t\t<div class=\"elementor-widget-container\">\n\t\t\t\t\t\t\t\t\tJ\u00fcdische Miniaturen \u2013 Band 11\t\t\t\t\t\t\t\t<\/div>\n\t\t\t\t<\/div>\n\t\t\t\t<div class=\"elementor-element elementor-element-f4f3db1 elementor-widget-divider--view-line elementor-widget elementor-widget-divider\" data-id=\"f4f3db1\" data-element_type=\"widget\" data-e-type=\"widget\" data-widget_type=\"divider.default\">\n\t\t\t\t<div class=\"elementor-widget-container\">\n\t\t\t\t\t\t\t<div class=\"elementor-divider\">\n\t\t\t<span class=\"elementor-divider-separator\">\n\t\t\t\t\t\t<\/span>\n\t\t<\/div>\n\t\t\t\t\t\t<\/div>\n\t\t\t\t<\/div>\n\t\t\t\t<div class=\"elementor-element elementor-element-a19426c elementor-widget elementor-widget-text-editor\" data-id=\"a19426c\" data-element_type=\"widget\" data-e-type=\"widget\" data-widget_type=\"text-editor.default\">\n\t\t\t\t<div class=\"elementor-widget-container\">\n\t\t\t\t\t\t\t\t\t<p><a href=\"https:\/\/www.hentrichhentrich.de\/\" target=\"_blank\" rel=\"noopener noreferrer\"><b>Hentrich &amp; Hentrich<\/b><\/a><\/p>\t\t\t\t\t\t\t\t<\/div>\n\t\t\t\t<\/div>\n\t\t\t\t<div class=\"elementor-element elementor-element-be5d0ae elementor-widget-divider--view-line elementor-widget elementor-widget-divider\" data-id=\"be5d0ae\" data-element_type=\"widget\" data-e-type=\"widget\" data-widget_type=\"divider.default\">\n\t\t\t\t<div class=\"elementor-widget-container\">\n\t\t\t\t\t\t\t<div class=\"elementor-divider\">\n\t\t\t<span class=\"elementor-divider-separator\">\n\t\t\t\t\t\t<\/span>\n\t\t<\/div>\n\t\t\t\t\t\t<\/div>\n\t\t\t\t<\/div>\n\t\t\t\t<div class=\"elementor-element elementor-element-4975606 elementor-widget elementor-widget-text-editor\" data-id=\"4975606\" data-element_type=\"widget\" data-e-type=\"widget\" data-widget_type=\"text-editor.default\">\n\t\t\t\t<div class=\"elementor-widget-container\">\n\t\t\t\t\t\t\t\t\t<p><b>Autoren<br \/><\/b>Elvira Gr\u00f6zinger<\/p>\t\t\t\t\t\t\t\t<\/div>\n\t\t\t\t<\/div>\n\t\t\t\t\t<\/div>\n\t\t<\/div>\n\t\t\t\t<div class=\"elementor-column elementor-col-66 elementor-top-column elementor-element elementor-element-17861d5\" data-id=\"17861d5\" data-element_type=\"column\" data-e-type=\"column\">\n\t\t\t<div class=\"elementor-widget-wrap elementor-element-populated\">\n\t\t\t\t\t\t<div class=\"elementor-element elementor-element-2adeeae elementor-widget elementor-widget-text-editor\" data-id=\"2adeeae\" data-element_type=\"widget\" data-e-type=\"widget\" data-widget_type=\"text-editor.default\">\n\t\t\t\t<div class=\"elementor-widget-container\">\n\t\t\t\t\t\t\t\t\t<p><strong>Gl\u00fcckel von Hameln<\/strong><br \/><em>Kauffrau, Mutter und erste j\u00fcdisch-deutsche Autorin<\/em><\/p><p>Gl\u00fcckel von Hameln (1645-1724) war eine fromme j\u00fcdische Kauffrau aus Hamburg, Mutter von 12 Kindern und Verfasserin einer zumal f\u00fcr die damalige Zeit ungew\u00f6hnlichen und bis heute bedeutenden Autobiographie in 7 B\u00e4nden. Sie schilderte die vielfach gef\u00e4hrdeten Lebensumst\u00e4nde der Juden in den Folgejahren des Drei\u00dfigj\u00e4hrigen Krieges, erz\u00e4hlt von M\u00e4rchen, Sagen und Legenden, die unter den Juden ihrer Zeit lebendig waren und zitiert aus religi\u00f6sen B\u00fcchern und literarischen Quellen.<\/p>\t\t\t\t\t\t\t\t<\/div>\n\t\t\t\t<\/div>\n\t\t\t\t\t<\/div>\n\t\t<\/div>\n\t\t\t\t\t<\/div>\n\t\t<\/section>\n\t\t\t\t<section class=\"elementor-section elementor-top-section elementor-element elementor-element-16a9f4b elementor-section-full_width elementor-section-height-default elementor-section-height-default\" data-id=\"16a9f4b\" data-element_type=\"section\" data-e-type=\"section\">\n\t\t\t\t\t\t<div class=\"elementor-container elementor-column-gap-no\">\n\t\t\t\t\t<div class=\"elementor-column elementor-col-100 elementor-top-column elementor-element elementor-element-3b64c09\" data-id=\"3b64c09\" data-element_type=\"column\" data-e-type=\"column\">\n\t\t\t<div class=\"elementor-widget-wrap elementor-element-populated\">\n\t\t\t\t\t\t<div class=\"elementor-element elementor-element-0cb5bc4 elementor-widget elementor-widget-template\" data-id=\"0cb5bc4\" data-element_type=\"widget\" data-e-type=\"widget\" data-widget_type=\"template.default\">\n\t\t\t\t<div class=\"elementor-widget-container\">\n\t\t\t\t\t\t\t<div class=\"elementor-template\">\n\t\t\t\t\t<div data-elementor-type=\"section\" data-elementor-id=\"17136\" class=\"elementor elementor-17136\" data-elementor-post-type=\"elementor_library\">\n\t\t\t\t\t<section class=\"elementor-section elementor-top-section elementor-element elementor-element-6a6dc3d2 elementor-section-content-middle elementor-section-boxed elementor-section-height-default elementor-section-height-default\" data-id=\"6a6dc3d2\" data-element_type=\"section\" data-e-type=\"section\">\n\t\t\t\t\t\t<div class=\"elementor-container elementor-column-gap-default\">\n\t\t\t\t\t<div class=\"elementor-column elementor-col-50 elementor-top-column elementor-element elementor-element-6d766151\" data-id=\"6d766151\" data-element_type=\"column\" data-e-type=\"column\">\n\t\t\t<div class=\"elementor-widget-wrap elementor-element-populated\">\n\t\t\t\t\t\t<div class=\"elementor-element elementor-element-4ecae4f8 elementor-widget elementor-widget-heading\" data-id=\"4ecae4f8\" data-element_type=\"widget\" data-e-type=\"widget\" data-widget_type=\"heading.default\">\n\t\t\t\t<div class=\"elementor-widget-container\">\n\t\t\t\t\t<h2 class=\"elementor-heading-title elementor-size-default\">Empfehlen Sie uns!\t\n<\/h2>\t\t\t\t<\/div>\n\t\t\t\t<\/div>\n\t\t\t\t\t<\/div>\n\t\t<\/div>\n\t\t\t\t<div class=\"elementor-column elementor-col-50 elementor-top-column elementor-element elementor-element-1dc9a11c\" data-id=\"1dc9a11c\" data-element_type=\"column\" data-e-type=\"column\">\n\t\t\t<div class=\"elementor-widget-wrap elementor-element-populated\">\n\t\t\t\t\t\t<div class=\"elementor-element elementor-element-b0f05e7 elementor-share-buttons--view-icon elementor-share-buttons--skin-flat elementor-share-buttons--color-custom elementor-share-buttons--shape-square elementor-grid-0 elementor-widget elementor-widget-share-buttons\" data-id=\"b0f05e7\" data-element_type=\"widget\" data-e-type=\"widget\" data-widget_type=\"share-buttons.default\">\n\t\t\t\t<div class=\"elementor-widget-container\">\n\t\t\t\t\t\t\t<div class=\"elementor-grid\" role=\"list\">\n\t\t\t\t\t\t\t\t<div class=\"elementor-grid-item\" role=\"listitem\">\n\t\t\t\t\t\t<div class=\"elementor-share-btn elementor-share-btn_facebook\" role=\"button\" tabindex=\"0\" aria-label=\"Teilen auf facebook\">\n\t\t\t\t\t\t\t\t\t\t\t\t\t\t\t<span class=\"elementor-share-btn__icon\">\n\t\t\t\t\t\t\t\t<i class=\"fab fa-facebook\" aria-hidden=\"true\"><\/i>\t\t\t\t\t\t\t<\/span>\n\t\t\t\t\t\t\t\t\t\t\t\t\t\t\t\t\t\t\t\t<\/div>\n\t\t\t\t\t<\/div>\n\t\t\t\t\t\t\t\t\t<div class=\"elementor-grid-item\" role=\"listitem\">\n\t\t\t\t\t\t<div class=\"elementor-share-btn elementor-share-btn_twitter\" role=\"button\" tabindex=\"0\" aria-label=\"Teilen auf twitter\">\n\t\t\t\t\t\t\t\t\t\t\t\t\t\t\t<span class=\"elementor-share-btn__icon\">\n\t\t\t\t\t\t\t\t<i class=\"fab fa-twitter\" aria-hidden=\"true\"><\/i>\t\t\t\t\t\t\t<\/span>\n\t\t\t\t\t\t\t\t\t\t\t\t\t\t\t\t\t\t\t\t<\/div>\n\t\t\t\t\t<\/div>\n\t\t\t\t\t\t\t\t\t<div class=\"elementor-grid-item\" role=\"listitem\">\n\t\t\t\t\t\t<div class=\"elementor-share-btn elementor-share-btn_linkedin\" role=\"button\" tabindex=\"0\" aria-label=\"Teilen auf linkedin\">\n\t\t\t\t\t\t\t\t\t\t\t\t\t\t\t<span class=\"elementor-share-btn__icon\">\n\t\t\t\t\t\t\t\t<i class=\"fab fa-linkedin\" aria-hidden=\"true\"><\/i>\t\t\t\t\t\t\t<\/span>\n\t\t\t\t\t\t\t\t\t\t\t\t\t\t\t\t\t\t\t\t<\/div>\n\t\t\t\t\t<\/div>\n\t\t\t\t\t\t\t\t\t<div class=\"elementor-grid-item\" role=\"listitem\">\n\t\t\t\t\t\t<div class=\"elementor-share-btn elementor-share-btn_reddit\" role=\"button\" tabindex=\"0\" aria-label=\"Teilen auf reddit\">\n\t\t\t\t\t\t\t\t\t\t\t\t\t\t\t<span class=\"elementor-share-btn__icon\">\n\t\t\t\t\t\t\t\t<i class=\"fab fa-reddit\" aria-hidden=\"true\"><\/i>\t\t\t\t\t\t\t<\/span>\n\t\t\t\t\t\t\t\t\t\t\t\t\t\t\t\t\t\t\t\t<\/div>\n\t\t\t\t\t<\/div>\n\t\t\t\t\t\t\t\t\t<div class=\"elementor-grid-item\" role=\"listitem\">\n\t\t\t\t\t\t<div class=\"elementor-share-btn elementor-share-btn_whatsapp\" role=\"button\" tabindex=\"0\" aria-label=\"Teilen auf whatsapp\">\n\t\t\t\t\t\t\t\t\t\t\t\t\t\t\t<span class=\"elementor-share-btn__icon\">\n\t\t\t\t\t\t\t\t<i class=\"fab fa-whatsapp\" aria-hidden=\"true\"><\/i>\t\t\t\t\t\t\t<\/span>\n\t\t\t\t\t\t\t\t\t\t\t\t\t\t\t\t\t\t\t\t<\/div>\n\t\t\t\t\t<\/div>\n\t\t\t\t\t\t\t\t\t<div class=\"elementor-grid-item\" role=\"listitem\">\n\t\t\t\t\t\t<div class=\"elementor-share-btn elementor-share-btn_pinterest\" role=\"button\" tabindex=\"0\" aria-label=\"Teilen auf pinterest\">\n\t\t\t\t\t\t\t\t\t\t\t\t\t\t\t<span class=\"elementor-share-btn__icon\">\n\t\t\t\t\t\t\t\t<i class=\"fab fa-pinterest\" aria-hidden=\"true\"><\/i>\t\t\t\t\t\t\t<\/span>\n\t\t\t\t\t\t\t\t\t\t\t\t\t\t\t\t\t\t\t\t<\/div>\n\t\t\t\t\t<\/div>\n\t\t\t\t\t\t\t\t\t<div class=\"elementor-grid-item\" role=\"listitem\">\n\t\t\t\t\t\t<div class=\"elementor-share-btn elementor-share-btn_vk\" role=\"button\" tabindex=\"0\" aria-label=\"Teilen auf vk\">\n\t\t\t\t\t\t\t\t\t\t\t\t\t\t\t<span class=\"elementor-share-btn__icon\">\n\t\t\t\t\t\t\t\t<i class=\"fab fa-vk\" aria-hidden=\"true\"><\/i>\t\t\t\t\t\t\t<\/span>\n\t\t\t\t\t\t\t\t\t\t\t\t\t\t\t\t\t\t\t\t<\/div>\n\t\t\t\t\t<\/div>\n\t\t\t\t\t\t\t\t\t<div class=\"elementor-grid-item\" role=\"listitem\">\n\t\t\t\t\t\t<div class=\"elementor-share-btn elementor-share-btn_email\" role=\"button\" tabindex=\"0\" aria-label=\"Teilen auf email\">\n\t\t\t\t\t\t\t\t\t\t\t\t\t\t\t<span class=\"elementor-share-btn__icon\">\n\t\t\t\t\t\t\t\t<i class=\"fas fa-envelope\" aria-hidden=\"true\"><\/i>\t\t\t\t\t\t\t<\/span>\n\t\t\t\t\t\t\t\t\t\t\t\t\t\t\t\t\t\t\t\t<\/div>\n\t\t\t\t\t<\/div>\n\t\t\t\t\t\t<\/div>\n\t\t\t\t\t\t<\/div>\n\t\t\t\t<\/div>\n\t\t\t\t\t<\/div>\n\t\t<\/div>\n\t\t\t\t\t<\/div>\n\t\t<\/section>\n\t\t\t\t<\/div>\n\t\t\t\t<\/div>\n\t\t\t\t\t\t<\/div>\n\t\t\t\t<\/div>\n\t\t\t\t<div class=\"elementor-element elementor-element-949cbf4 elementor-widget elementor-widget-template\" data-id=\"949cbf4\" data-element_type=\"widget\" data-e-type=\"widget\" data-widget_type=\"template.default\">\n\t\t\t\t<div class=\"elementor-widget-container\">\n\t\t\t\t\t\t\t<div class=\"elementor-template\">\n\t\t\t\t\t<div data-elementor-type=\"section\" data-elementor-id=\"17152\" class=\"elementor elementor-17152\" data-elementor-post-type=\"elementor_library\">\n\t\t\t\t\t<section class=\"elementor-section elementor-top-section elementor-element elementor-element-57a3af6a elementor-section-boxed elementor-section-height-default elementor-section-height-default\" data-id=\"57a3af6a\" data-element_type=\"section\" data-e-type=\"section\">\n\t\t\t\t\t\t<div class=\"elementor-container elementor-column-gap-default\">\n\t\t\t\t\t<div class=\"elementor-column elementor-col-100 elementor-top-column elementor-element elementor-element-617857b4\" data-id=\"617857b4\" data-element_type=\"column\" data-e-type=\"column\">\n\t\t\t<div class=\"elementor-widget-wrap elementor-element-populated\">\n\t\t\t\t\t\t<div class=\"elementor-element elementor-element-1c5ffe62 elementor-widget elementor-widget-heading\" data-id=\"1c5ffe62\" data-element_type=\"widget\" data-e-type=\"widget\" data-widget_type=\"heading.default\">\n\t\t\t\t<div class=\"elementor-widget-container\">\n\t\t\t\t\t<h2 class=\"elementor-heading-title elementor-size-default\">\u00c4hnliche Projekte\n<\/h2>\t\t\t\t<\/div>\n\t\t\t\t<\/div>\n\t\t\t\t<div class=\"elementor-element elementor-element-c035d66 elementor-grid-5 elementor-posts--thumbnail-top elementor-grid-tablet-2 elementor-grid-mobile-1 elementor-widget elementor-widget-posts\" data-id=\"c035d66\" data-element_type=\"widget\" data-e-type=\"widget\" data-settings=\"{&quot;custom_columns&quot;:&quot;5&quot;,&quot;custom_row_gap&quot;:{&quot;unit&quot;:&quot;px&quot;,&quot;size&quot;:21,&quot;sizes&quot;:[]},&quot;custom_columns_tablet&quot;:&quot;2&quot;,&quot;custom_columns_mobile&quot;:&quot;1&quot;,&quot;custom_row_gap_tablet&quot;:{&quot;unit&quot;:&quot;px&quot;,&quot;size&quot;:&quot;&quot;,&quot;sizes&quot;:[]},&quot;custom_row_gap_mobile&quot;:{&quot;unit&quot;:&quot;px&quot;,&quot;size&quot;:&quot;&quot;,&quot;sizes&quot;:[]}}\" data-widget_type=\"posts.custom\">\n\t\t\t\t<div class=\"elementor-widget-container\">\n\t\t\t\t\t      <div class=\"ecs-posts elementor-posts-container elementor-posts   elementor-grid elementor-posts--skin-custom\" data-settings=\"{&quot;current_page&quot;:1,&quot;max_num_pages&quot;:&quot;5&quot;,&quot;load_method&quot;:&quot;&quot;,&quot;widget_id&quot;:&quot;c035d66&quot;,&quot;post_id&quot;:17248,&quot;theme_id&quot;:17152,&quot;change_url&quot;:false,&quot;reinit_js&quot;:false}\">\n      \t\t<article id=\"post-24283\" class=\"elementor-post elementor-grid-item ecs-post-loop post-24283 portfolio type-portfolio status-publish has-post-thumbnail hentry portfolio-categories-aktuelle-ausstellungen\">\n\t\t\t\t<div data-elementor-type=\"loop\" data-elementor-id=\"14581\" class=\"elementor elementor-14581 post-24283 portfolio type-portfolio status-publish has-post-thumbnail hentry portfolio-categories-aktuelle-ausstellungen\" data-elementor-post-type=\"elementor_library\">\n\t\t\t\t\t<div class=\"elementor-section elementor-top-section elementor-element elementor-element-f8122ed elementor-section-full_width elementor-section-height-default elementor-section-height-default\" data-id=\"f8122ed\" data-element_type=\"section\" data-e-type=\"section\">\n\t\t\t\t\t\t<div class=\"elementor-container elementor-column-gap-no\">\n\t\t\t\t\t<div class=\"elementor-column elementor-col-100 elementor-top-column elementor-element elementor-element-042f135\" data-id=\"042f135\" data-element_type=\"column\" data-e-type=\"column\">\n\t\t\t<div class=\"elementor-widget-wrap elementor-element-populated\">\n\t\t\t\t<style>#post-24283 .elementor-14581 .elementor-element.elementor-element-7948950 .elementor-flip-box__front{background-image: url(\"https:\/\/centrumjudaicum.de\/wp-content\/uploads\/2025\/04\/Gefueldinge-NEU-202648-scaled.png\");}<\/style>\t\t<div class=\"elementor-element elementor-element-7948950 elementor-flip-box--effect-slide elementor-flip-box--direction-right elementor-widget elementor-widget-flip-box\" data-id=\"7948950\" data-element_type=\"widget\" data-e-type=\"widget\" data-widget_type=\"flip-box.default\">\n\t\t\t\t<div class=\"elementor-widget-container\">\n\t\t\t\t\t\t\t<div class=\"elementor-flip-box\" tabindex=\"0\">\n\t\t\t<div class=\"elementor-flip-box__layer elementor-flip-box__front\">\n\t\t\t\t<div class=\"elementor-flip-box__layer__overlay\">\n\t\t\t\t\t<div class=\"elementor-flip-box__layer__inner\">\n\t\t\t\t\t\t\n\t\t\t\t\t\t\n\t\t\t\t\t\t\t\t\t\t\t<\/div>\n\t\t\t\t<\/div>\n\t\t\t<\/div>\n\t\t\t<a class=\"elementor-flip-box__layer elementor-flip-box__back\" href=\"https:\/\/centrumjudaicum.de\/en\/portfolio\/gefuehlsdinge\/\">\n\t\t\t<div class=\"elementor-flip-box__layer__overlay\">\n\t\t\t\t<div class=\"elementor-flip-box__layer__inner\">\n\t\t\t\t\t\t\t\t\t\t\t<h3 class=\"elementor-flip-box__layer__title\">\n\t\t\t\t\t\t\t<div class=\"icnn_link\"><i aria-hidden=\"true\" class=\"fas fa-link\"><\/i><\/div>Gef\u00fchlsdinge\t\t\t\t\t\t<\/h3>\n\t\t\t\t\t\n\t\t\t\t\t\n\t\t\t\t\t\t\t\t<\/div>\n\t\t<\/div>\n\t\t<\/a>\n\t\t<\/div>\n\t\t\t\t\t\t<\/div>\n\t\t\t\t<\/div>\n\t\t\t\t\t<\/div>\n\t\t<\/div>\n\t\t\t\t\t<\/div>\n\t\t<\/div>\n\t\t\t\t<\/div>\n\t\t\t\t<\/article>\n\t\t\t\t<article id=\"post-19469\" class=\"elementor-post elementor-grid-item ecs-post-loop post-19469 portfolio type-portfolio status-publish has-post-thumbnail hentry portfolio-categories-aktuelle-ausstellungen\">\n\t\t\t\t<div data-elementor-type=\"loop\" data-elementor-id=\"14581\" class=\"elementor elementor-14581 post-19469 portfolio type-portfolio status-publish has-post-thumbnail hentry portfolio-categories-aktuelle-ausstellungen\" data-elementor-post-type=\"elementor_library\">\n\t\t\t\t\t<div class=\"elementor-section elementor-top-section elementor-element elementor-element-f8122ed elementor-section-full_width elementor-section-height-default elementor-section-height-default\" data-id=\"f8122ed\" data-element_type=\"section\" data-e-type=\"section\">\n\t\t\t\t\t\t<div class=\"elementor-container elementor-column-gap-no\">\n\t\t\t\t\t<div class=\"elementor-column elementor-col-100 elementor-top-column elementor-element elementor-element-042f135\" data-id=\"042f135\" data-element_type=\"column\" data-e-type=\"column\">\n\t\t\t<div class=\"elementor-widget-wrap elementor-element-populated\">\n\t\t\t\t<style>#post-19469 .elementor-14581 .elementor-element.elementor-element-7948950 .elementor-flip-box__front{background-image: url(\"https:\/\/centrumjudaicum.de\/wp-content\/uploads\/2023\/09\/ZdU-1.jpg\");}<\/style>\t\t<div class=\"elementor-element elementor-element-7948950 elementor-flip-box--effect-slide elementor-flip-box--direction-right elementor-widget elementor-widget-flip-box\" data-id=\"7948950\" data-element_type=\"widget\" data-e-type=\"widget\" data-widget_type=\"flip-box.default\">\n\t\t\t\t<div class=\"elementor-widget-container\">\n\t\t\t\t\t\t\t<div class=\"elementor-flip-box\" tabindex=\"0\">\n\t\t\t<div class=\"elementor-flip-box__layer elementor-flip-box__front\">\n\t\t\t\t<div class=\"elementor-flip-box__layer__overlay\">\n\t\t\t\t\t<div class=\"elementor-flip-box__layer__inner\">\n\t\t\t\t\t\t\n\t\t\t\t\t\t\n\t\t\t\t\t\t\t\t\t\t\t<\/div>\n\t\t\t\t<\/div>\n\t\t\t<\/div>\n\t\t\t<a class=\"elementor-flip-box__layer elementor-flip-box__back\" href=\"https:\/\/centrumjudaicum.de\/en\/portfolio\/zeiten-des-umbruchs\/\">\n\t\t\t<div class=\"elementor-flip-box__layer__overlay\">\n\t\t\t\t<div class=\"elementor-flip-box__layer__inner\">\n\t\t\t\t\t\t\t\t\t\t\t<h3 class=\"elementor-flip-box__layer__title\">\n\t\t\t\t\t\t\t<div class=\"icnn_link\"><i aria-hidden=\"true\" class=\"fas fa-link\"><\/i><\/div>\u201eZeiten des Umbruchs &#8211; Fotografien der Neuen Synagoge Berlin von G\u00fcnter Krawutschke\t\t\t\t\t\t<\/h3>\n\t\t\t\t\t\n\t\t\t\t\t\n\t\t\t\t\t\t\t\t<\/div>\n\t\t<\/div>\n\t\t<\/a>\n\t\t<\/div>\n\t\t\t\t\t\t<\/div>\n\t\t\t\t<\/div>\n\t\t\t\t\t<\/div>\n\t\t<\/div>\n\t\t\t\t\t<\/div>\n\t\t<\/div>\n\t\t\t\t<\/div>\n\t\t\t\t<\/article>\n\t\t\t\t<article id=\"post-18825\" class=\"elementor-post elementor-grid-item ecs-post-loop post-18825 portfolio type-portfolio status-publish has-post-thumbnail hentry portfolio-categories-begleitband\">\n\t\t\t\t<div data-elementor-type=\"loop\" data-elementor-id=\"14581\" class=\"elementor elementor-14581 post-18825 portfolio type-portfolio status-publish has-post-thumbnail hentry portfolio-categories-begleitband\" data-elementor-post-type=\"elementor_library\">\n\t\t\t\t\t<div class=\"elementor-section elementor-top-section elementor-element elementor-element-f8122ed elementor-section-full_width elementor-section-height-default elementor-section-height-default\" data-id=\"f8122ed\" data-element_type=\"section\" data-e-type=\"section\">\n\t\t\t\t\t\t<div class=\"elementor-container elementor-column-gap-no\">\n\t\t\t\t\t<div class=\"elementor-column elementor-col-100 elementor-top-column elementor-element elementor-element-042f135\" data-id=\"042f135\" data-element_type=\"column\" data-e-type=\"column\">\n\t\t\t<div class=\"elementor-widget-wrap elementor-element-populated\">\n\t\t\t\t<style>#post-18825 .elementor-14581 .elementor-element.elementor-element-7948950 .elementor-flip-box__front{background-image: url(\"https:\/\/centrumjudaicum.de\/wp-content\/uploads\/2023\/08\/Cover-Geraubt-und-Genutzt.jpg\");}<\/style>\t\t<div class=\"elementor-element elementor-element-7948950 elementor-flip-box--effect-slide elementor-flip-box--direction-right elementor-widget elementor-widget-flip-box\" data-id=\"7948950\" data-element_type=\"widget\" data-e-type=\"widget\" data-widget_type=\"flip-box.default\">\n\t\t\t\t<div class=\"elementor-widget-container\">\n\t\t\t\t\t\t\t<div class=\"elementor-flip-box\" tabindex=\"0\">\n\t\t\t<div class=\"elementor-flip-box__layer elementor-flip-box__front\">\n\t\t\t\t<div class=\"elementor-flip-box__layer__overlay\">\n\t\t\t\t\t<div class=\"elementor-flip-box__layer__inner\">\n\t\t\t\t\t\t\n\t\t\t\t\t\t\n\t\t\t\t\t\t\t\t\t\t\t<\/div>\n\t\t\t\t<\/div>\n\t\t\t<\/div>\n\t\t\t<a class=\"elementor-flip-box__layer elementor-flip-box__back\" href=\"https:\/\/centrumjudaicum.de\/en\/portfolio\/geraubt-und-genutzt-buecher-von-verfolgten-und-ermordeten-juden-in-berliner-bibliotheken\/\">\n\t\t\t<div class=\"elementor-flip-box__layer__overlay\">\n\t\t\t\t<div class=\"elementor-flip-box__layer__inner\">\n\t\t\t\t\t\t\t\t\t\t\t<h3 class=\"elementor-flip-box__layer__title\">\n\t\t\t\t\t\t\t<div class=\"icnn_link\"><i aria-hidden=\"true\" class=\"fas fa-link\"><\/i><\/div>geraubt und genutzt. B\u00fccher von verfolgten und ermordeten Juden in Berliner Bibliotheken\t\t\t\t\t\t<\/h3>\n\t\t\t\t\t\n\t\t\t\t\t\n\t\t\t\t\t\t\t\t<\/div>\n\t\t<\/div>\n\t\t<\/a>\n\t\t<\/div>\n\t\t\t\t\t\t<\/div>\n\t\t\t\t<\/div>\n\t\t\t\t\t<\/div>\n\t\t<\/div>\n\t\t\t\t\t<\/div>\n\t\t<\/div>\n\t\t\t\t<\/div>\n\t\t\t\t<\/article>\n\t\t\t\t<article id=\"post-18820\" class=\"elementor-post elementor-grid-item ecs-post-loop post-18820 portfolio type-portfolio status-publish hentry portfolio-categories-ausstellungseroeffnungen\">\n\t\t\t\t<div data-elementor-type=\"loop\" data-elementor-id=\"14581\" class=\"elementor elementor-14581 post-18820 portfolio type-portfolio status-publish hentry portfolio-categories-ausstellungseroeffnungen\" data-elementor-post-type=\"elementor_library\">\n\t\t\t\t\t<div class=\"elementor-section elementor-top-section elementor-element elementor-element-f8122ed elementor-section-full_width elementor-section-height-default elementor-section-height-default\" data-id=\"f8122ed\" data-element_type=\"section\" data-e-type=\"section\">\n\t\t\t\t\t\t<div class=\"elementor-container elementor-column-gap-no\">\n\t\t\t\t\t<div class=\"elementor-column elementor-col-100 elementor-top-column elementor-element elementor-element-042f135\" data-id=\"042f135\" data-element_type=\"column\" data-e-type=\"column\">\n\t\t\t<div class=\"elementor-widget-wrap elementor-element-populated\">\n\t\t\t\t<style>#post-18820 .elementor-14581 .elementor-element.elementor-element-7948950 .elementor-flip-box__front{background-image: url(\"\");}<\/style>\t\t<div class=\"elementor-element elementor-element-7948950 elementor-flip-box--effect-slide elementor-flip-box--direction-right elementor-widget elementor-widget-flip-box\" data-id=\"7948950\" data-element_type=\"widget\" data-e-type=\"widget\" data-widget_type=\"flip-box.default\">\n\t\t\t\t<div class=\"elementor-widget-container\">\n\t\t\t\t\t\t\t<div class=\"elementor-flip-box\" tabindex=\"0\">\n\t\t\t<div class=\"elementor-flip-box__layer elementor-flip-box__front\">\n\t\t\t\t<div class=\"elementor-flip-box__layer__overlay\">\n\t\t\t\t\t<div class=\"elementor-flip-box__layer__inner\">\n\t\t\t\t\t\t\n\t\t\t\t\t\t\n\t\t\t\t\t\t\t\t\t\t\t<\/div>\n\t\t\t\t<\/div>\n\t\t\t<\/div>\n\t\t\t<a class=\"elementor-flip-box__layer elementor-flip-box__back\" href=\"https:\/\/centrumjudaicum.de\/en\/portfolio\/von-innen-nach-aussen-diplomatenberichte-ueber-die-novemberpogrome-1938\/\">\n\t\t\t<div class=\"elementor-flip-box__layer__overlay\">\n\t\t\t\t<div class=\"elementor-flip-box__layer__inner\">\n\t\t\t\t\t\t\t\t\t\t\t<h3 class=\"elementor-flip-box__layer__title\">\n\t\t\t\t\t\t\t<div class=\"icnn_link\"><i aria-hidden=\"true\" class=\"fas fa-link\"><\/i><\/div>\u201eVon Innen nach Au\u00dfen \u2013 Diplomatenberichte \u00fcber die Novemberpogrome 1938\u201c\t\t\t\t\t\t<\/h3>\n\t\t\t\t\t\n\t\t\t\t\t\n\t\t\t\t\t\t\t\t<\/div>\n\t\t<\/div>\n\t\t<\/a>\n\t\t<\/div>\n\t\t\t\t\t\t<\/div>\n\t\t\t\t<\/div>\n\t\t\t\t\t<\/div>\n\t\t<\/div>\n\t\t\t\t\t<\/div>\n\t\t<\/div>\n\t\t\t\t<\/div>\n\t\t\t\t<\/article>\n\t\t\t\t<article id=\"post-18815\" class=\"elementor-post elementor-grid-item ecs-post-loop post-18815 portfolio type-portfolio status-publish hentry portfolio-categories-diverses portfolio-categories-veranstaltungen\">\n\t\t\t\t<div data-elementor-type=\"loop\" data-elementor-id=\"14581\" class=\"elementor elementor-14581 post-18815 portfolio type-portfolio status-publish hentry portfolio-categories-diverses portfolio-categories-veranstaltungen\" data-elementor-post-type=\"elementor_library\">\n\t\t\t\t\t<div class=\"elementor-section elementor-top-section elementor-element elementor-element-f8122ed elementor-section-full_width elementor-section-height-default elementor-section-height-default\" data-id=\"f8122ed\" data-element_type=\"section\" data-e-type=\"section\">\n\t\t\t\t\t\t<div class=\"elementor-container elementor-column-gap-no\">\n\t\t\t\t\t<div class=\"elementor-column elementor-col-100 elementor-top-column elementor-element elementor-element-042f135\" data-id=\"042f135\" data-element_type=\"column\" data-e-type=\"column\">\n\t\t\t<div class=\"elementor-widget-wrap elementor-element-populated\">\n\t\t\t\t<style>#post-18815 .elementor-14581 .elementor-element.elementor-element-7948950 .elementor-flip-box__front{background-image: url(\"\");}<\/style>\t\t<div class=\"elementor-element elementor-element-7948950 elementor-flip-box--effect-slide elementor-flip-box--direction-right elementor-widget elementor-widget-flip-box\" data-id=\"7948950\" data-element_type=\"widget\" data-e-type=\"widget\" data-widget_type=\"flip-box.default\">\n\t\t\t\t<div class=\"elementor-widget-container\">\n\t\t\t\t\t\t\t<div class=\"elementor-flip-box\" tabindex=\"0\">\n\t\t\t<div class=\"elementor-flip-box__layer elementor-flip-box__front\">\n\t\t\t\t<div class=\"elementor-flip-box__layer__overlay\">\n\t\t\t\t\t<div class=\"elementor-flip-box__layer__inner\">\n\t\t\t\t\t\t\n\t\t\t\t\t\t\n\t\t\t\t\t\t\t\t\t\t\t<\/div>\n\t\t\t\t<\/div>\n\t\t\t<\/div>\n\t\t\t<a class=\"elementor-flip-box__layer elementor-flip-box__back\" href=\"https:\/\/centrumjudaicum.de\/en\/portfolio\/zerstoerte-vielfalt-abschlussfilm\/\">\n\t\t\t<div class=\"elementor-flip-box__layer__overlay\">\n\t\t\t\t<div class=\"elementor-flip-box__layer__inner\">\n\t\t\t\t\t\t\t\t\t\t\t<h3 class=\"elementor-flip-box__layer__title\">\n\t\t\t\t\t\t\t<div class=\"icnn_link\"><i aria-hidden=\"true\" class=\"fas fa-link\"><\/i><\/div>&#8222;Zerst\u00f6rte Vielfalt&#8220; Abschlussfilm\t\t\t\t\t\t<\/h3>\n\t\t\t\t\t\n\t\t\t\t\t\n\t\t\t\t\t\t\t\t<\/div>\n\t\t<\/div>\n\t\t<\/a>\n\t\t<\/div>\n\t\t\t\t\t\t<\/div>\n\t\t\t\t<\/div>\n\t\t\t\t\t<\/div>\n\t\t<\/div>\n\t\t\t\t\t<\/div>\n\t\t<\/div>\n\t\t\t\t<\/div>\n\t\t\t\t<\/article>\n\t\t\t\t<\/div>\n\t\t\t\t\t\t<\/div>\n\t\t\t\t<\/div>\n\t\t\t\t\t<\/div>\n\t\t<\/div>\n\t\t\t\t\t<\/div>\n\t\t<\/section>\n\t\t\t\t<\/div>\n\t\t\t\t<\/div>\n\t\t\t\t\t\t<\/div>\n\t\t\t\t<\/div>\n\t\t\t\t\t<\/div>\n\t\t<\/div>\n\t\t\t\t\t<\/div>\n\t\t<\/section>\n\t\t\t\t<\/div>","protected":false},"excerpt":{"rendered":"<p>ISBN \u2013 78-3-933471-61-1 J\u00fcdische Miniaturen \u2013 Band 11 Hentrich &amp; Hentrich AutorenElvira Gr\u00f6zinger Gl\u00fcckel von HamelnKauffrau, Mutter und erste j\u00fcdisch-deutsche Autorin Gl\u00fcckel von Hameln (1645-1724) war eine fromme j\u00fcdische Kauffrau [&hellip;]<\/p>\n","protected":false},"featured_media":17249,"template":"","portfolio-categories":[55],"class_list":["post-17248","portfolio","type-portfolio","status-publish","has-post-thumbnail","hentry","portfolio-categories-judische-miniaturen"],"yoast_head":"<!-- This site is optimized with the Yoast SEO Premium plugin v26.1 (Yoast SEO v27.5) - https:\/\/yoast.com\/product\/yoast-seo-premium-wordpress\/ -->\n<title>Gl\u00fcckel von Hameln Kauffrau, Mutter und erste j\u00fcdisch-deutsche Autorin Band 11 - Centrum Judaicum<\/title>\n<meta name=\"robots\" content=\"index, follow, max-snippet:-1, max-image-preview:large, max-video-preview:-1\" \/>\n<link rel=\"canonical\" href=\"https:\/\/centrumjudaicum.de\/en\/portfolio\/glueckel-von-hameln-kauffrau-mutter-und-erste-juedisch-deutsche-autorin-band-11\/\" \/>\n<meta property=\"og:locale\" content=\"en_US\" \/>\n<meta property=\"og:type\" content=\"article\" \/>\n<meta property=\"og:title\" content=\"Gl\u00fcckel von Hameln Kauffrau, Mutter und erste j\u00fcdisch-deutsche Autorin Band 11\" \/>\n<meta property=\"og:description\" content=\"ISBN \u2013 78-3-933471-61-1 J\u00fcdische Miniaturen \u2013 Band 11 Hentrich &amp; Hentrich AutorenElvira Gr\u00f6zinger Gl\u00fcckel von HamelnKauffrau, Mutter und erste j\u00fcdisch-deutsche Autorin Gl\u00fcckel von Hameln (1645-1724) war eine fromme j\u00fcdische Kauffrau [&hellip;]\" \/>\n<meta property=\"og:url\" content=\"https:\/\/centrumjudaicum.de\/en\/portfolio\/glueckel-von-hameln-kauffrau-mutter-und-erste-juedisch-deutsche-autorin-band-11\/\" \/>\n<meta property=\"og:site_name\" content=\"Centrum Judaicum\" \/>\n<meta property=\"article:modified_time\" content=\"2023-08-28T13:15:22+00:00\" \/>\n<meta property=\"og:image\" content=\"https:\/\/centrumjudaicum.de\/wp-content\/uploads\/2023\/08\/Band-11.png\" \/>\n\t<meta property=\"og:image:width\" content=\"230\" \/>\n\t<meta property=\"og:image:height\" content=\"300\" \/>\n\t<meta property=\"og:image:type\" content=\"image\/png\" \/>\n<meta name=\"twitter:card\" content=\"summary_large_image\" \/>\n<meta name=\"twitter:label1\" content=\"Est. reading time\" \/>\n\t<meta name=\"twitter:data1\" content=\"1 minute\" \/>\n<script type=\"application\/ld+json\" class=\"yoast-schema-graph\">{\"@context\":\"https:\\\/\\\/schema.org\",\"@graph\":[{\"@type\":\"WebPage\",\"@id\":\"https:\\\/\\\/centrumjudaicum.de\\\/portfolio\\\/glueckel-von-hameln-kauffrau-mutter-und-erste-juedisch-deutsche-autorin-band-11\\\/\",\"url\":\"https:\\\/\\\/centrumjudaicum.de\\\/portfolio\\\/glueckel-von-hameln-kauffrau-mutter-und-erste-juedisch-deutsche-autorin-band-11\\\/\",\"name\":\"Gl\u00fcckel von Hameln Kauffrau, Mutter und erste j\u00fcdisch-deutsche Autorin Band 11 - Centrum Judaicum\",\"isPartOf\":{\"@id\":\"https:\\\/\\\/centrumjudaicum.de\\\/#website\"},\"primaryImageOfPage\":{\"@id\":\"https:\\\/\\\/centrumjudaicum.de\\\/portfolio\\\/glueckel-von-hameln-kauffrau-mutter-und-erste-juedisch-deutsche-autorin-band-11\\\/#primaryimage\"},\"image\":{\"@id\":\"https:\\\/\\\/centrumjudaicum.de\\\/portfolio\\\/glueckel-von-hameln-kauffrau-mutter-und-erste-juedisch-deutsche-autorin-band-11\\\/#primaryimage\"},\"thumbnailUrl\":\"https:\\\/\\\/centrumjudaicum.de\\\/wp-content\\\/uploads\\\/2023\\\/08\\\/Band-11.png\",\"datePublished\":\"2023-08-28T13:14:00+00:00\",\"dateModified\":\"2023-08-28T13:15:22+00:00\",\"breadcrumb\":{\"@id\":\"https:\\\/\\\/centrumjudaicum.de\\\/portfolio\\\/glueckel-von-hameln-kauffrau-mutter-und-erste-juedisch-deutsche-autorin-band-11\\\/#breadcrumb\"},\"inLanguage\":\"en-US\",\"potentialAction\":[{\"@type\":\"ReadAction\",\"target\":[\"https:\\\/\\\/centrumjudaicum.de\\\/portfolio\\\/glueckel-von-hameln-kauffrau-mutter-und-erste-juedisch-deutsche-autorin-band-11\\\/\"]}]},{\"@type\":\"ImageObject\",\"inLanguage\":\"en-US\",\"@id\":\"https:\\\/\\\/centrumjudaicum.de\\\/portfolio\\\/glueckel-von-hameln-kauffrau-mutter-und-erste-juedisch-deutsche-autorin-band-11\\\/#primaryimage\",\"url\":\"https:\\\/\\\/centrumjudaicum.de\\\/wp-content\\\/uploads\\\/2023\\\/08\\\/Band-11.png\",\"contentUrl\":\"https:\\\/\\\/centrumjudaicum.de\\\/wp-content\\\/uploads\\\/2023\\\/08\\\/Band-11.png\",\"width\":230,\"height\":300},{\"@type\":\"BreadcrumbList\",\"@id\":\"https:\\\/\\\/centrumjudaicum.de\\\/portfolio\\\/glueckel-von-hameln-kauffrau-mutter-und-erste-juedisch-deutsche-autorin-band-11\\\/#breadcrumb\",\"itemListElement\":[{\"@type\":\"ListItem\",\"position\":1,\"name\":\"Home\",\"item\":\"https:\\\/\\\/centrumjudaicum.de\\\/\"},{\"@type\":\"ListItem\",\"position\":2,\"name\":\"Portfolio\",\"item\":\"https:\\\/\\\/centrumjudaicum.de\\\/portfolio\\\/\"},{\"@type\":\"ListItem\",\"position\":3,\"name\":\"Gl\u00fcckel von Hameln Kauffrau, Mutter und erste j\u00fcdisch-deutsche Autorin Band 11\"}]},{\"@type\":\"WebSite\",\"@id\":\"https:\\\/\\\/centrumjudaicum.de\\\/#website\",\"url\":\"https:\\\/\\\/centrumjudaicum.de\\\/\",\"name\":\"Centrum Judaicum\",\"description\":\"\",\"publisher\":{\"@id\":\"https:\\\/\\\/centrumjudaicum.de\\\/#organization\"},\"potentialAction\":[{\"@type\":\"SearchAction\",\"target\":{\"@type\":\"EntryPoint\",\"urlTemplate\":\"https:\\\/\\\/centrumjudaicum.de\\\/?s={search_term_string}\"},\"query-input\":{\"@type\":\"PropertyValueSpecification\",\"valueRequired\":true,\"valueName\":\"search_term_string\"}}],\"inLanguage\":\"en-US\"},{\"@type\":\"Organization\",\"@id\":\"https:\\\/\\\/centrumjudaicum.de\\\/#organization\",\"name\":\"Centrum Judaicum\",\"url\":\"https:\\\/\\\/centrumjudaicum.de\\\/\",\"logo\":{\"@type\":\"ImageObject\",\"inLanguage\":\"en-US\",\"@id\":\"https:\\\/\\\/centrumjudaicum.de\\\/#\\\/schema\\\/logo\\\/image\\\/\",\"url\":\"https:\\\/\\\/centrumjudaicum.de\\\/wp-content\\\/uploads\\\/2022\\\/10\\\/Logo_Stiftung_Neue_Synagoge_Berlin_Gold_.png\",\"contentUrl\":\"https:\\\/\\\/centrumjudaicum.de\\\/wp-content\\\/uploads\\\/2022\\\/10\\\/Logo_Stiftung_Neue_Synagoge_Berlin_Gold_.png\",\"width\":1188,\"height\":409,\"caption\":\"Centrum Judaicum\"},\"image\":{\"@id\":\"https:\\\/\\\/centrumjudaicum.de\\\/#\\\/schema\\\/logo\\\/image\\\/\"}}]}<\/script>\n<!-- \/ Yoast SEO Premium plugin. -->","yoast_head_json":{"title":"Gl\u00fcckel von Hameln Kauffrau, Mutter und erste j\u00fcdisch-deutsche Autorin Band 11 - Centrum Judaicum","robots":{"index":"index","follow":"follow","max-snippet":"max-snippet:-1","max-image-preview":"max-image-preview:large","max-video-preview":"max-video-preview:-1"},"canonical":"https:\/\/centrumjudaicum.de\/en\/portfolio\/glueckel-von-hameln-kauffrau-mutter-und-erste-juedisch-deutsche-autorin-band-11\/","og_locale":"en_US","og_type":"article","og_title":"Gl\u00fcckel von Hameln Kauffrau, Mutter und erste j\u00fcdisch-deutsche Autorin Band 11","og_description":"ISBN \u2013 78-3-933471-61-1 J\u00fcdische Miniaturen \u2013 Band 11 Hentrich &amp; Hentrich AutorenElvira Gr\u00f6zinger Gl\u00fcckel von HamelnKauffrau, Mutter und erste j\u00fcdisch-deutsche Autorin Gl\u00fcckel von Hameln (1645-1724) war eine fromme j\u00fcdische Kauffrau [&hellip;]","og_url":"https:\/\/centrumjudaicum.de\/en\/portfolio\/glueckel-von-hameln-kauffrau-mutter-und-erste-juedisch-deutsche-autorin-band-11\/","og_site_name":"Centrum Judaicum","article_modified_time":"2023-08-28T13:15:22+00:00","og_image":[{"width":230,"height":300,"url":"https:\/\/centrumjudaicum.de\/wp-content\/uploads\/2023\/08\/Band-11.png","type":"image\/png"}],"twitter_card":"summary_large_image","twitter_misc":{"Est. reading time":"1 minute"},"schema":{"@context":"https:\/\/schema.org","@graph":[{"@type":"WebPage","@id":"https:\/\/centrumjudaicum.de\/portfolio\/glueckel-von-hameln-kauffrau-mutter-und-erste-juedisch-deutsche-autorin-band-11\/","url":"https:\/\/centrumjudaicum.de\/portfolio\/glueckel-von-hameln-kauffrau-mutter-und-erste-juedisch-deutsche-autorin-band-11\/","name":"Gl\u00fcckel von Hameln Kauffrau, Mutter und erste j\u00fcdisch-deutsche Autorin Band 11 - Centrum Judaicum","isPartOf":{"@id":"https:\/\/centrumjudaicum.de\/#website"},"primaryImageOfPage":{"@id":"https:\/\/centrumjudaicum.de\/portfolio\/glueckel-von-hameln-kauffrau-mutter-und-erste-juedisch-deutsche-autorin-band-11\/#primaryimage"},"image":{"@id":"https:\/\/centrumjudaicum.de\/portfolio\/glueckel-von-hameln-kauffrau-mutter-und-erste-juedisch-deutsche-autorin-band-11\/#primaryimage"},"thumbnailUrl":"https:\/\/centrumjudaicum.de\/wp-content\/uploads\/2023\/08\/Band-11.png","datePublished":"2023-08-28T13:14:00+00:00","dateModified":"2023-08-28T13:15:22+00:00","breadcrumb":{"@id":"https:\/\/centrumjudaicum.de\/portfolio\/glueckel-von-hameln-kauffrau-mutter-und-erste-juedisch-deutsche-autorin-band-11\/#breadcrumb"},"inLanguage":"en-US","potentialAction":[{"@type":"ReadAction","target":["https:\/\/centrumjudaicum.de\/portfolio\/glueckel-von-hameln-kauffrau-mutter-und-erste-juedisch-deutsche-autorin-band-11\/"]}]},{"@type":"ImageObject","inLanguage":"en-US","@id":"https:\/\/centrumjudaicum.de\/portfolio\/glueckel-von-hameln-kauffrau-mutter-und-erste-juedisch-deutsche-autorin-band-11\/#primaryimage","url":"https:\/\/centrumjudaicum.de\/wp-content\/uploads\/2023\/08\/Band-11.png","contentUrl":"https:\/\/centrumjudaicum.de\/wp-content\/uploads\/2023\/08\/Band-11.png","width":230,"height":300},{"@type":"BreadcrumbList","@id":"https:\/\/centrumjudaicum.de\/portfolio\/glueckel-von-hameln-kauffrau-mutter-und-erste-juedisch-deutsche-autorin-band-11\/#breadcrumb","itemListElement":[{"@type":"ListItem","position":1,"name":"Home","item":"https:\/\/centrumjudaicum.de\/"},{"@type":"ListItem","position":2,"name":"Portfolio","item":"https:\/\/centrumjudaicum.de\/portfolio\/"},{"@type":"ListItem","position":3,"name":"Gl\u00fcckel von Hameln Kauffrau, Mutter und erste j\u00fcdisch-deutsche Autorin Band 11"}]},{"@type":"WebSite","@id":"https:\/\/centrumjudaicum.de\/#website","url":"https:\/\/centrumjudaicum.de\/","name":"Centrum Judaicum","description":"","publisher":{"@id":"https:\/\/centrumjudaicum.de\/#organization"},"potentialAction":[{"@type":"SearchAction","target":{"@type":"EntryPoint","urlTemplate":"https:\/\/centrumjudaicum.de\/?s={search_term_string}"},"query-input":{"@type":"PropertyValueSpecification","valueRequired":true,"valueName":"search_term_string"}}],"inLanguage":"en-US"},{"@type":"Organization","@id":"https:\/\/centrumjudaicum.de\/#organization","name":"Centrum Judaicum","url":"https:\/\/centrumjudaicum.de\/","logo":{"@type":"ImageObject","inLanguage":"en-US","@id":"https:\/\/centrumjudaicum.de\/#\/schema\/logo\/image\/","url":"https:\/\/centrumjudaicum.de\/wp-content\/uploads\/2022\/10\/Logo_Stiftung_Neue_Synagoge_Berlin_Gold_.png","contentUrl":"https:\/\/centrumjudaicum.de\/wp-content\/uploads\/2022\/10\/Logo_Stiftung_Neue_Synagoge_Berlin_Gold_.png","width":1188,"height":409,"caption":"Centrum Judaicum"},"image":{"@id":"https:\/\/centrumjudaicum.de\/#\/schema\/logo\/image\/"}}]}},"ticketed":false,"_links":{"self":[{"href":"https:\/\/centrumjudaicum.de\/en\/wp-json\/wp\/v2\/portfolio\/17248","targetHints":{"allow":["GET"]}}],"collection":[{"href":"https:\/\/centrumjudaicum.de\/en\/wp-json\/wp\/v2\/portfolio"}],"about":[{"href":"https:\/\/centrumjudaicum.de\/en\/wp-json\/wp\/v2\/types\/portfolio"}],"version-history":[{"count":4,"href":"https:\/\/centrumjudaicum.de\/en\/wp-json\/wp\/v2\/portfolio\/17248\/revisions"}],"predecessor-version":[{"id":17255,"href":"https:\/\/centrumjudaicum.de\/en\/wp-json\/wp\/v2\/portfolio\/17248\/revisions\/17255"}],"wp:featuredmedia":[{"embeddable":true,"href":"https:\/\/centrumjudaicum.de\/en\/wp-json\/wp\/v2\/media\/17249"}],"wp:attachment":[{"href":"https:\/\/centrumjudaicum.de\/en\/wp-json\/wp\/v2\/media?parent=17248"}],"wp:term":[{"taxonomy":"portfolio-categories","embeddable":true,"href":"https:\/\/centrumjudaicum.de\/en\/wp-json\/wp\/v2\/portfolio-categories?post=17248"}],"curies":[{"name":"wp","href":"https:\/\/api.w.org\/{rel}","templated":true}]}}