{"id":17789,"date":"2023-08-29T11:43:18","date_gmt":"2023-08-29T09:43:18","guid":{"rendered":"https:\/\/new2023.centrumjudaicum-berlin.de\/?post_type=portfolio&#038;p=17789"},"modified":"2023-08-31T14:33:33","modified_gmt":"2023-08-31T12:33:33","slug":"fraeulein-rabbiner-jonas","status":"publish","type":"portfolio","link":"https:\/\/centrumjudaicum.de\/en\/portfolio\/fraeulein-rabbiner-jonas\/","title":{"rendered":"Fr\u00e4ulein Rabbiner Jonas"},"content":{"rendered":"<div data-elementor-type=\"wp-post\" data-elementor-id=\"17789\" class=\"elementor elementor-17789\" data-elementor-post-type=\"portfolio\">\n\t\t\t\t\t\t<section class=\"elementor-section elementor-top-section elementor-element elementor-element-2422856 elementor-section-full_width elementor-section-height-default elementor-section-height-default\" data-id=\"2422856\" data-element_type=\"section\" data-e-type=\"section\">\n\t\t\t\t\t\t<div class=\"elementor-container elementor-column-gap-no\">\n\t\t\t\t\t<div class=\"elementor-column elementor-col-100 elementor-top-column elementor-element elementor-element-8383073\" data-id=\"8383073\" data-element_type=\"column\" data-e-type=\"column\">\n\t\t\t<div class=\"elementor-widget-wrap elementor-element-populated\">\n\t\t\t\t\t\t<div class=\"elementor-element elementor-element-c07092a elementor-widget elementor-widget-template\" data-id=\"c07092a\" data-element_type=\"widget\" data-e-type=\"widget\" data-widget_type=\"template.default\">\n\t\t\t\t<div class=\"elementor-widget-container\">\n\t\t\t\t\t\t\t<div class=\"elementor-template\">\n\t\t\t\t\t<\/div>\n\t\t\t\t\t\t<\/div>\n\t\t\t\t<\/div>\n\t\t\t\t\t<\/div>\n\t\t<\/div>\n\t\t\t\t\t<\/div>\n\t\t<\/section>\n\t\t\t\t<section class=\"elementor-section elementor-top-section elementor-element elementor-element-c85236c elementor-section-full_width elementor-section-height-default elementor-section-height-default\" data-id=\"c85236c\" data-element_type=\"section\" data-e-type=\"section\">\n\t\t\t\t\t\t<div class=\"elementor-container elementor-column-gap-no\">\n\t\t\t\t\t<div class=\"elementor-column elementor-col-100 elementor-top-column elementor-element elementor-element-405e81c\" data-id=\"405e81c\" data-element_type=\"column\" data-e-type=\"column\">\n\t\t\t<div class=\"elementor-widget-wrap elementor-element-populated\">\n\t\t\t\t\t\t<div class=\"elementor-element elementor-element-732071f elementor-widget elementor-widget-template\" data-id=\"732071f\" data-element_type=\"widget\" data-e-type=\"widget\" data-widget_type=\"template.default\">\n\t\t\t\t<div class=\"elementor-widget-container\">\n\t\t\t\t\t\t\t<div class=\"elementor-template\">\n\t\t\t\t\t<div data-elementor-type=\"section\" data-elementor-id=\"17159\" class=\"elementor elementor-17159\" data-elementor-post-type=\"elementor_library\">\n\t\t\t\t\t<section class=\"elementor-section elementor-top-section elementor-element elementor-element-2bc723c3 elementor-section-boxed elementor-section-height-default elementor-section-height-default\" data-id=\"2bc723c3\" data-element_type=\"section\" data-e-type=\"section\">\n\t\t\t\t\t\t<div class=\"elementor-container elementor-column-gap-default\">\n\t\t\t\t\t<div class=\"elementor-column elementor-col-100 elementor-top-column elementor-element elementor-element-53efe3c9\" data-id=\"53efe3c9\" data-element_type=\"column\" data-e-type=\"column\">\n\t\t\t<div class=\"elementor-widget-wrap elementor-element-populated\">\n\t\t\t\t\t\t<div class=\"elementor-element elementor-element-3cd7720a elementor-widget elementor-widget-post-navigation\" data-id=\"3cd7720a\" data-element_type=\"widget\" data-e-type=\"widget\" data-widget_type=\"post-navigation.default\">\n\t\t\t\t<div class=\"elementor-widget-container\">\n\t\t\t\t\t\t\t<div class=\"elementor-post-navigation\" role=\"navigation\" aria-label=\"Post Navigation\">\n\t\t\t<div class=\"elementor-post-navigation__prev elementor-post-navigation__link\">\n\t\t\t\t<a href=\"https:\/\/centrumjudaicum.de\/en\/portfolio\/24-dias-zur-geschichte-und-gegenwart-der-neuen-synagoge-berlin\/\" rel=\"prev\"><span class=\"post-navigation__arrow-wrapper post-navigation__arrow-prev\"><i aria-hidden=\"true\" class=\"fas fa-angle-left\"><\/i><span class=\"elementor-screen-only\">Prev<\/span><\/span><span class=\"elementor-post-navigation__link__prev\"><span class=\"post-navigation__prev--label\">Zur\u00fcck <\/span><\/span><\/a>\t\t\t<\/div>\n\t\t\t\t\t\t<div class=\"elementor-post-navigation__next elementor-post-navigation__link\">\n\t\t\t\t<a href=\"https:\/\/centrumjudaicum.de\/en\/portfolio\/das-berliner-juedische-museum-in-der-oranienburger-strasse\/\" rel=\"next\"><span class=\"elementor-post-navigation__link__next\"><span class=\"post-navigation__next--label\">Weiter<\/span><\/span><span class=\"post-navigation__arrow-wrapper post-navigation__arrow-next\"><i aria-hidden=\"true\" class=\"fas fa-angle-right\"><\/i><span class=\"elementor-screen-only\">Next<\/span><\/span><\/a>\t\t\t<\/div>\n\t\t<\/div>\n\t\t\t\t\t\t<\/div>\n\t\t\t\t<\/div>\n\t\t\t\t\t<\/div>\n\t\t<\/div>\n\t\t\t\t\t<\/div>\n\t\t<\/section>\n\t\t\t\t<\/div>\n\t\t\t\t<\/div>\n\t\t\t\t\t\t<\/div>\n\t\t\t\t<\/div>\n\t\t\t\t\t<\/div>\n\t\t<\/div>\n\t\t\t\t\t<\/div>\n\t\t<\/section>\n\t\t\t\t<section class=\"elementor-section elementor-top-section elementor-element elementor-element-385ef5b elementor-section-boxed elementor-section-height-default elementor-section-height-default\" data-id=\"385ef5b\" data-element_type=\"section\" data-e-type=\"section\">\n\t\t\t\t\t\t<div class=\"elementor-container elementor-column-gap-default\">\n\t\t\t\t\t<div class=\"elementor-column elementor-col-33 elementor-top-column elementor-element elementor-element-fc17dca\" data-id=\"fc17dca\" data-element_type=\"column\" data-e-type=\"column\">\n\t\t\t<div class=\"elementor-widget-wrap elementor-element-populated\">\n\t\t\t\t\t\t<div class=\"elementor-element elementor-element-571af92 elementor-widget elementor-widget-theme-post-featured-image elementor-widget-image\" data-id=\"571af92\" data-element_type=\"widget\" data-e-type=\"widget\" data-widget_type=\"theme-post-featured-image.default\">\n\t\t\t\t<div class=\"elementor-widget-container\">\n\t\t\t\t\t\t\t\t\t\t\t\t\t\t\t<img fetchpriority=\"high\" decoding=\"async\" width=\"250\" height=\"300\" src=\"https:\/\/centrumjudaicum.de\/wp-content\/uploads\/2023\/08\/Cover-Fraeulein-Rabinner-Jonas.jpg\" class=\"attachment-2048x2048 size-2048x2048 wp-image-17790\" alt=\"\" \/>\t\t\t\t\t\t\t\t\t\t\t\t\t\t\t<\/div>\n\t\t\t\t<\/div>\n\t\t\t\t<div class=\"elementor-element elementor-element-b3f94e3 elementor-widget-divider--view-line elementor-widget elementor-widget-divider\" data-id=\"b3f94e3\" data-element_type=\"widget\" data-e-type=\"widget\" data-widget_type=\"divider.default\">\n\t\t\t\t<div class=\"elementor-widget-container\">\n\t\t\t\t\t\t\t<div class=\"elementor-divider\">\n\t\t\t<span class=\"elementor-divider-separator\">\n\t\t\t\t\t\t<\/span>\n\t\t<\/div>\n\t\t\t\t\t\t<\/div>\n\t\t\t\t<\/div>\n\t\t\t\t<div class=\"elementor-element elementor-element-e85b321 elementor-widget elementor-widget-text-editor\" data-id=\"e85b321\" data-element_type=\"widget\" data-e-type=\"widget\" data-widget_type=\"text-editor.default\">\n\t\t\t\t<div class=\"elementor-widget-container\">\n\t\t\t\t\t\t\t\t\t<div class=\"fusion-text\"><div class=\"fusion-text\"><div class=\"fusion-text\"><div class=\"fusion-text\"><p>ISBN \u2013 978-3-933471-17-8<\/p><\/div><\/div><\/div><\/div>\t\t\t\t\t\t\t\t<\/div>\n\t\t\t\t<\/div>\n\t\t\t\t<div class=\"elementor-element elementor-element-57c60e1 elementor-widget-divider--view-line elementor-widget elementor-widget-divider\" data-id=\"57c60e1\" data-element_type=\"widget\" data-e-type=\"widget\" data-widget_type=\"divider.default\">\n\t\t\t\t<div class=\"elementor-widget-container\">\n\t\t\t\t\t\t\t<div class=\"elementor-divider\">\n\t\t\t<span class=\"elementor-divider-separator\">\n\t\t\t\t\t\t<\/span>\n\t\t<\/div>\n\t\t\t\t\t\t<\/div>\n\t\t\t\t<\/div>\n\t\t\t\t<div class=\"elementor-element elementor-element-a86c3c2 elementor-widget elementor-widget-text-editor\" data-id=\"a86c3c2\" data-element_type=\"widget\" data-e-type=\"widget\" data-widget_type=\"text-editor.default\">\n\t\t\t\t<div class=\"elementor-widget-container\">\n\t\t\t\t\t\t\t\t\t<div class=\"fusion-text\"><div class=\"fusion-text\"><p><strong>Gebundene Ausgabe: 20,00 \u20ac<\/strong><\/p><\/div><\/div>\t\t\t\t\t\t\t\t<\/div>\n\t\t\t\t<\/div>\n\t\t\t\t<div class=\"elementor-element elementor-element-cc98b86 elementor-widget-divider--view-line elementor-widget elementor-widget-divider\" data-id=\"cc98b86\" data-element_type=\"widget\" data-e-type=\"widget\" data-widget_type=\"divider.default\">\n\t\t\t\t<div class=\"elementor-widget-container\">\n\t\t\t\t\t\t\t<div class=\"elementor-divider\">\n\t\t\t<span class=\"elementor-divider-separator\">\n\t\t\t\t\t\t<\/span>\n\t\t<\/div>\n\t\t\t\t\t\t<\/div>\n\t\t\t\t<\/div>\n\t\t\t\t<div class=\"elementor-element elementor-element-6e821ad elementor-widget elementor-widget-text-editor\" data-id=\"6e821ad\" data-element_type=\"widget\" data-e-type=\"widget\" data-widget_type=\"text-editor.default\">\n\t\t\t\t<div class=\"elementor-widget-container\">\n\t\t\t\t\t\t\t\t\t<div class=\"fusion-text\"><div class=\"fusion-text\"><p><a href=\"https:\/\/www.hentrichhentrich.de\/\" target=\"_blank\" rel=\"noopener\"><strong>Verlag: Hentrich &amp; Hentrich<\/strong><\/a><\/p><\/div><\/div>\t\t\t\t\t\t\t\t<\/div>\n\t\t\t\t<\/div>\n\t\t\t\t<div class=\"elementor-element elementor-element-18c3063 elementor-widget-divider--view-line elementor-widget elementor-widget-divider\" data-id=\"18c3063\" data-element_type=\"widget\" data-e-type=\"widget\" data-widget_type=\"divider.default\">\n\t\t\t\t<div class=\"elementor-widget-container\">\n\t\t\t\t\t\t\t<div class=\"elementor-divider\">\n\t\t\t<span class=\"elementor-divider-separator\">\n\t\t\t\t\t\t<\/span>\n\t\t<\/div>\n\t\t\t\t\t\t<\/div>\n\t\t\t\t<\/div>\n\t\t\t\t<div class=\"elementor-element elementor-element-012c311 elementor-widget elementor-widget-text-editor\" data-id=\"012c311\" data-element_type=\"widget\" data-e-type=\"widget\" data-widget_type=\"text-editor.default\">\n\t\t\t\t<div class=\"elementor-widget-container\">\n\t\t\t\t\t\t\t\t\t<div class=\"fusion-text\"><div class=\"fusion-text\"><p><b>Herausgeber<br \/><\/b>Stiftung Neue Synagoge Berlin \u2013 Centrum Judaicum<\/p><\/div><\/div>\t\t\t\t\t\t\t\t<\/div>\n\t\t\t\t<\/div>\n\t\t\t\t<div class=\"elementor-element elementor-element-ba76427 elementor-widget-divider--view-line elementor-widget elementor-widget-divider\" data-id=\"ba76427\" data-element_type=\"widget\" data-e-type=\"widget\" data-widget_type=\"divider.default\">\n\t\t\t\t<div class=\"elementor-widget-container\">\n\t\t\t\t\t\t\t<div class=\"elementor-divider\">\n\t\t\t<span class=\"elementor-divider-separator\">\n\t\t\t\t\t\t<\/span>\n\t\t<\/div>\n\t\t\t\t\t\t<\/div>\n\t\t\t\t<\/div>\n\t\t\t\t<div class=\"elementor-element elementor-element-9b1542a elementor-widget elementor-widget-text-editor\" data-id=\"9b1542a\" data-element_type=\"widget\" data-e-type=\"widget\" data-widget_type=\"text-editor.default\">\n\t\t\t\t<div class=\"elementor-widget-container\">\n\t\t\t\t\t\t\t\t\t<div class=\"fusion-text\"><div class=\"fusion-text\"><p><b>Autoren<br \/><\/b>Elisa Klapheck<\/p><\/div><\/div>\t\t\t\t\t\t\t\t<\/div>\n\t\t\t\t<\/div>\n\t\t\t\t<div class=\"elementor-element elementor-element-0614c75 elementor-widget-divider--view-line elementor-widget elementor-widget-divider\" data-id=\"0614c75\" data-element_type=\"widget\" data-e-type=\"widget\" data-widget_type=\"divider.default\">\n\t\t\t\t<div class=\"elementor-widget-container\">\n\t\t\t\t\t\t\t<div class=\"elementor-divider\">\n\t\t\t<span class=\"elementor-divider-separator\">\n\t\t\t\t\t\t<\/span>\n\t\t<\/div>\n\t\t\t\t\t\t<\/div>\n\t\t\t\t<\/div>\n\t\t\t\t<div class=\"elementor-element elementor-element-d0144b6 elementor-widget__width-auto elementor-icon-list--layout-traditional elementor-list-item-link-full_width elementor-widget elementor-widget-icon-list\" data-id=\"d0144b6\" data-element_type=\"widget\" data-e-type=\"widget\" data-widget_type=\"icon-list.default\">\n\t\t\t\t<div class=\"elementor-widget-container\">\n\t\t\t\t\t\t\t<ul class=\"elementor-icon-list-items\">\n\t\t\t\t\t\t\t<li class=\"elementor-icon-list-item\">\n\t\t\t\t\t\t\t\t\t\t<span class=\"elementor-icon-list-text\">Lieferbar<\/span>\n\t\t\t\t\t\t\t\t\t<\/li>\n\t\t\t\t\t\t<\/ul>\n\t\t\t\t\t\t<\/div>\n\t\t\t\t<\/div>\n\t\t\t\t\t<\/div>\n\t\t<\/div>\n\t\t\t\t<div class=\"elementor-column elementor-col-66 elementor-top-column elementor-element elementor-element-ccac63a\" data-id=\"ccac63a\" data-element_type=\"column\" data-e-type=\"column\">\n\t\t\t<div class=\"elementor-widget-wrap elementor-element-populated\">\n\t\t\t\t\t\t<div class=\"elementor-element elementor-element-78a360c elementor-widget elementor-widget-text-editor\" data-id=\"78a360c\" data-element_type=\"widget\" data-e-type=\"widget\" data-widget_type=\"text-editor.default\">\n\t\t\t\t<div class=\"elementor-widget-container\">\n\t\t\t\t\t\t\t\t\t<div class=\"fusion-layout-column fusion_builder_column fusion_builder_column_2_3 fusion-builder-column-1 fusion-two-third fusion-column-last 2_3\"><div class=\"fusion-column-wrapper\" data-bg-url=\"\"><div class=\"fusion-text\"><p><strong>Fr\u00e4ulein Rabbiner Jonas<\/strong><br \/><em>Kann die Frau das rabbinische Amt bekleiden?\u00a0<\/em><\/p><p>Regina Jonas war die erste Rabbinerin der Welt. Sie studierte an der Berliner Hochschule f\u00fcr die Wissenschaft des Judentums und wurde im Dezember 1935 ordiniert. In ihrer hier erstmals ver\u00f6ffentlichten und ausf\u00fchrlich kommentierten Streitschrift weist sie auf neue M\u00f6glichkeiten f\u00fcr die Gleichberechtigung der j\u00fcdischen Frau hin.<br \/>Ihr blieben nur wenige Jahre, in denen die passionierte Predigerin und einf\u00fchlsame Seelsorgerin versuchte, den von Verfolgung und Deportation bedrohten Berliner Juden beizustehen. 1942 wurde sie nach Theresienstadt deportiert und zwei Jahre sp\u00e4ter in Auschwitz ermordet.<\/p><p>Editiert, kommentiert und eingeleitet von Elisa Klapheck.<\/p><\/div><\/div><\/div>\t\t\t\t\t\t\t\t<\/div>\n\t\t\t\t<\/div>\n\t\t\t\t\t<\/div>\n\t\t<\/div>\n\t\t\t\t\t<\/div>\n\t\t<\/section>\n\t\t\t\t<section class=\"elementor-section elementor-top-section elementor-element elementor-element-be0f7f4 elementor-section-full_width elementor-section-height-default elementor-section-height-default\" data-id=\"be0f7f4\" data-element_type=\"section\" data-e-type=\"section\">\n\t\t\t\t\t\t<div class=\"elementor-container elementor-column-gap-no\">\n\t\t\t\t\t<div class=\"elementor-column elementor-col-100 elementor-top-column elementor-element elementor-element-4060c73\" data-id=\"4060c73\" data-element_type=\"column\" data-e-type=\"column\">\n\t\t\t<div class=\"elementor-widget-wrap elementor-element-populated\">\n\t\t\t\t\t\t<div class=\"elementor-element elementor-element-a4338eb elementor-widget elementor-widget-template\" data-id=\"a4338eb\" data-element_type=\"widget\" data-e-type=\"widget\" data-widget_type=\"template.default\">\n\t\t\t\t<div class=\"elementor-widget-container\">\n\t\t\t\t\t\t\t<div class=\"elementor-template\">\n\t\t\t\t\t<div data-elementor-type=\"section\" data-elementor-id=\"17136\" class=\"elementor elementor-17136\" data-elementor-post-type=\"elementor_library\">\n\t\t\t\t\t<section class=\"elementor-section elementor-top-section elementor-element elementor-element-6a6dc3d2 elementor-section-content-middle elementor-section-boxed elementor-section-height-default elementor-section-height-default\" data-id=\"6a6dc3d2\" data-element_type=\"section\" data-e-type=\"section\">\n\t\t\t\t\t\t<div class=\"elementor-container elementor-column-gap-default\">\n\t\t\t\t\t<div class=\"elementor-column elementor-col-50 elementor-top-column elementor-element elementor-element-6d766151\" data-id=\"6d766151\" data-element_type=\"column\" data-e-type=\"column\">\n\t\t\t<div class=\"elementor-widget-wrap elementor-element-populated\">\n\t\t\t\t\t\t<div class=\"elementor-element elementor-element-4ecae4f8 elementor-widget elementor-widget-heading\" data-id=\"4ecae4f8\" data-element_type=\"widget\" data-e-type=\"widget\" data-widget_type=\"heading.default\">\n\t\t\t\t<div class=\"elementor-widget-container\">\n\t\t\t\t\t<h2 class=\"elementor-heading-title elementor-size-default\">Empfehlen Sie uns!\t\n<\/h2>\t\t\t\t<\/div>\n\t\t\t\t<\/div>\n\t\t\t\t\t<\/div>\n\t\t<\/div>\n\t\t\t\t<div class=\"elementor-column elementor-col-50 elementor-top-column elementor-element elementor-element-1dc9a11c\" data-id=\"1dc9a11c\" data-element_type=\"column\" data-e-type=\"column\">\n\t\t\t<div class=\"elementor-widget-wrap elementor-element-populated\">\n\t\t\t\t\t\t<div class=\"elementor-element elementor-element-b0f05e7 elementor-share-buttons--view-icon elementor-share-buttons--skin-flat elementor-share-buttons--color-custom elementor-share-buttons--shape-square elementor-grid-0 elementor-widget elementor-widget-share-buttons\" data-id=\"b0f05e7\" data-element_type=\"widget\" data-e-type=\"widget\" data-widget_type=\"share-buttons.default\">\n\t\t\t\t<div class=\"elementor-widget-container\">\n\t\t\t\t\t\t\t<div class=\"elementor-grid\" role=\"list\">\n\t\t\t\t\t\t\t\t<div class=\"elementor-grid-item\" role=\"listitem\">\n\t\t\t\t\t\t<div class=\"elementor-share-btn elementor-share-btn_facebook\" role=\"button\" tabindex=\"0\" aria-label=\"Teilen auf facebook\">\n\t\t\t\t\t\t\t\t\t\t\t\t\t\t\t<span class=\"elementor-share-btn__icon\">\n\t\t\t\t\t\t\t\t<i class=\"fab fa-facebook\" aria-hidden=\"true\"><\/i>\t\t\t\t\t\t\t<\/span>\n\t\t\t\t\t\t\t\t\t\t\t\t\t\t\t\t\t\t\t\t<\/div>\n\t\t\t\t\t<\/div>\n\t\t\t\t\t\t\t\t\t<div class=\"elementor-grid-item\" role=\"listitem\">\n\t\t\t\t\t\t<div class=\"elementor-share-btn elementor-share-btn_twitter\" role=\"button\" tabindex=\"0\" aria-label=\"Teilen auf twitter\">\n\t\t\t\t\t\t\t\t\t\t\t\t\t\t\t<span class=\"elementor-share-btn__icon\">\n\t\t\t\t\t\t\t\t<i class=\"fab fa-twitter\" aria-hidden=\"true\"><\/i>\t\t\t\t\t\t\t<\/span>\n\t\t\t\t\t\t\t\t\t\t\t\t\t\t\t\t\t\t\t\t<\/div>\n\t\t\t\t\t<\/div>\n\t\t\t\t\t\t\t\t\t<div class=\"elementor-grid-item\" role=\"listitem\">\n\t\t\t\t\t\t<div class=\"elementor-share-btn elementor-share-btn_linkedin\" role=\"button\" tabindex=\"0\" aria-label=\"Teilen auf linkedin\">\n\t\t\t\t\t\t\t\t\t\t\t\t\t\t\t<span class=\"elementor-share-btn__icon\">\n\t\t\t\t\t\t\t\t<i class=\"fab fa-linkedin\" aria-hidden=\"true\"><\/i>\t\t\t\t\t\t\t<\/span>\n\t\t\t\t\t\t\t\t\t\t\t\t\t\t\t\t\t\t\t\t<\/div>\n\t\t\t\t\t<\/div>\n\t\t\t\t\t\t\t\t\t<div class=\"elementor-grid-item\" role=\"listitem\">\n\t\t\t\t\t\t<div class=\"elementor-share-btn elementor-share-btn_reddit\" role=\"button\" tabindex=\"0\" aria-label=\"Teilen auf reddit\">\n\t\t\t\t\t\t\t\t\t\t\t\t\t\t\t<span class=\"elementor-share-btn__icon\">\n\t\t\t\t\t\t\t\t<i class=\"fab fa-reddit\" aria-hidden=\"true\"><\/i>\t\t\t\t\t\t\t<\/span>\n\t\t\t\t\t\t\t\t\t\t\t\t\t\t\t\t\t\t\t\t<\/div>\n\t\t\t\t\t<\/div>\n\t\t\t\t\t\t\t\t\t<div class=\"elementor-grid-item\" role=\"listitem\">\n\t\t\t\t\t\t<div class=\"elementor-share-btn elementor-share-btn_whatsapp\" role=\"button\" tabindex=\"0\" aria-label=\"Teilen auf whatsapp\">\n\t\t\t\t\t\t\t\t\t\t\t\t\t\t\t<span class=\"elementor-share-btn__icon\">\n\t\t\t\t\t\t\t\t<i class=\"fab fa-whatsapp\" aria-hidden=\"true\"><\/i>\t\t\t\t\t\t\t<\/span>\n\t\t\t\t\t\t\t\t\t\t\t\t\t\t\t\t\t\t\t\t<\/div>\n\t\t\t\t\t<\/div>\n\t\t\t\t\t\t\t\t\t<div class=\"elementor-grid-item\" role=\"listitem\">\n\t\t\t\t\t\t<div class=\"elementor-share-btn elementor-share-btn_pinterest\" role=\"button\" tabindex=\"0\" aria-label=\"Teilen auf pinterest\">\n\t\t\t\t\t\t\t\t\t\t\t\t\t\t\t<span class=\"elementor-share-btn__icon\">\n\t\t\t\t\t\t\t\t<i class=\"fab fa-pinterest\" aria-hidden=\"true\"><\/i>\t\t\t\t\t\t\t<\/span>\n\t\t\t\t\t\t\t\t\t\t\t\t\t\t\t\t\t\t\t\t<\/div>\n\t\t\t\t\t<\/div>\n\t\t\t\t\t\t\t\t\t<div class=\"elementor-grid-item\" role=\"listitem\">\n\t\t\t\t\t\t<div class=\"elementor-share-btn elementor-share-btn_vk\" role=\"button\" tabindex=\"0\" aria-label=\"Teilen auf vk\">\n\t\t\t\t\t\t\t\t\t\t\t\t\t\t\t<span class=\"elementor-share-btn__icon\">\n\t\t\t\t\t\t\t\t<i class=\"fab fa-vk\" aria-hidden=\"true\"><\/i>\t\t\t\t\t\t\t<\/span>\n\t\t\t\t\t\t\t\t\t\t\t\t\t\t\t\t\t\t\t\t<\/div>\n\t\t\t\t\t<\/div>\n\t\t\t\t\t\t\t\t\t<div class=\"elementor-grid-item\" role=\"listitem\">\n\t\t\t\t\t\t<div class=\"elementor-share-btn elementor-share-btn_email\" role=\"button\" tabindex=\"0\" aria-label=\"Teilen auf email\">\n\t\t\t\t\t\t\t\t\t\t\t\t\t\t\t<span class=\"elementor-share-btn__icon\">\n\t\t\t\t\t\t\t\t<i class=\"fas fa-envelope\" aria-hidden=\"true\"><\/i>\t\t\t\t\t\t\t<\/span>\n\t\t\t\t\t\t\t\t\t\t\t\t\t\t\t\t\t\t\t\t<\/div>\n\t\t\t\t\t<\/div>\n\t\t\t\t\t\t<\/div>\n\t\t\t\t\t\t<\/div>\n\t\t\t\t<\/div>\n\t\t\t\t\t<\/div>\n\t\t<\/div>\n\t\t\t\t\t<\/div>\n\t\t<\/section>\n\t\t\t\t<\/div>\n\t\t\t\t<\/div>\n\t\t\t\t\t\t<\/div>\n\t\t\t\t<\/div>\n\t\t\t\t<div class=\"elementor-element elementor-element-5c0b077 elementor-widget elementor-widget-template\" data-id=\"5c0b077\" data-element_type=\"widget\" data-e-type=\"widget\" data-widget_type=\"template.default\">\n\t\t\t\t<div class=\"elementor-widget-container\">\n\t\t\t\t\t\t\t<div class=\"elementor-template\">\n\t\t\t\t\t<div data-elementor-type=\"section\" data-elementor-id=\"17152\" class=\"elementor elementor-17152\" data-elementor-post-type=\"elementor_library\">\n\t\t\t\t\t<section class=\"elementor-section elementor-top-section elementor-element elementor-element-57a3af6a elementor-section-boxed elementor-section-height-default elementor-section-height-default\" data-id=\"57a3af6a\" data-element_type=\"section\" data-e-type=\"section\">\n\t\t\t\t\t\t<div class=\"elementor-container elementor-column-gap-default\">\n\t\t\t\t\t<div class=\"elementor-column elementor-col-100 elementor-top-column elementor-element elementor-element-617857b4\" data-id=\"617857b4\" data-element_type=\"column\" data-e-type=\"column\">\n\t\t\t<div class=\"elementor-widget-wrap elementor-element-populated\">\n\t\t\t\t\t\t<div class=\"elementor-element elementor-element-1c5ffe62 elementor-widget elementor-widget-heading\" data-id=\"1c5ffe62\" data-element_type=\"widget\" data-e-type=\"widget\" data-widget_type=\"heading.default\">\n\t\t\t\t<div class=\"elementor-widget-container\">\n\t\t\t\t\t<h2 class=\"elementor-heading-title elementor-size-default\">\u00c4hnliche Projekte\n<\/h2>\t\t\t\t<\/div>\n\t\t\t\t<\/div>\n\t\t\t\t<div class=\"elementor-element elementor-element-c035d66 elementor-grid-5 elementor-posts--thumbnail-top elementor-grid-tablet-2 elementor-grid-mobile-1 elementor-widget elementor-widget-posts\" data-id=\"c035d66\" data-element_type=\"widget\" data-e-type=\"widget\" data-settings=\"{&quot;custom_columns&quot;:&quot;5&quot;,&quot;custom_row_gap&quot;:{&quot;unit&quot;:&quot;px&quot;,&quot;size&quot;:21,&quot;sizes&quot;:[]},&quot;custom_columns_tablet&quot;:&quot;2&quot;,&quot;custom_columns_mobile&quot;:&quot;1&quot;,&quot;custom_row_gap_tablet&quot;:{&quot;unit&quot;:&quot;px&quot;,&quot;size&quot;:&quot;&quot;,&quot;sizes&quot;:[]},&quot;custom_row_gap_mobile&quot;:{&quot;unit&quot;:&quot;px&quot;,&quot;size&quot;:&quot;&quot;,&quot;sizes&quot;:[]}}\" data-widget_type=\"posts.custom\">\n\t\t\t\t<div class=\"elementor-widget-container\">\n\t\t\t\t\t      <div class=\"ecs-posts elementor-posts-container elementor-posts   elementor-grid elementor-posts--skin-custom\" data-settings=\"{&quot;current_page&quot;:1,&quot;max_num_pages&quot;:&quot;5&quot;,&quot;load_method&quot;:&quot;&quot;,&quot;widget_id&quot;:&quot;c035d66&quot;,&quot;post_id&quot;:17789,&quot;theme_id&quot;:17152,&quot;change_url&quot;:false,&quot;reinit_js&quot;:false}\">\n      \t\t<article id=\"post-24283\" class=\"elementor-post elementor-grid-item ecs-post-loop post-24283 portfolio type-portfolio status-publish has-post-thumbnail hentry portfolio-categories-aktuelle-ausstellungen\">\n\t\t\t\t<div data-elementor-type=\"loop\" data-elementor-id=\"14581\" class=\"elementor elementor-14581 post-24283 portfolio type-portfolio status-publish has-post-thumbnail hentry portfolio-categories-aktuelle-ausstellungen\" data-elementor-post-type=\"elementor_library\">\n\t\t\t\t\t<div class=\"elementor-section elementor-top-section elementor-element elementor-element-f8122ed elementor-section-full_width elementor-section-height-default elementor-section-height-default\" data-id=\"f8122ed\" data-element_type=\"section\" data-e-type=\"section\">\n\t\t\t\t\t\t<div class=\"elementor-container elementor-column-gap-no\">\n\t\t\t\t\t<div class=\"elementor-column elementor-col-100 elementor-top-column elementor-element elementor-element-042f135\" data-id=\"042f135\" data-element_type=\"column\" data-e-type=\"column\">\n\t\t\t<div class=\"elementor-widget-wrap elementor-element-populated\">\n\t\t\t\t<style>#post-24283 .elementor-14581 .elementor-element.elementor-element-7948950 .elementor-flip-box__front{background-image: url(\"https:\/\/centrumjudaicum.de\/wp-content\/uploads\/2025\/04\/Gefueldinge-NEU-202648-scaled.png\");}<\/style>\t\t<div class=\"elementor-element elementor-element-7948950 elementor-flip-box--effect-slide elementor-flip-box--direction-right elementor-widget elementor-widget-flip-box\" data-id=\"7948950\" data-element_type=\"widget\" data-e-type=\"widget\" data-widget_type=\"flip-box.default\">\n\t\t\t\t<div class=\"elementor-widget-container\">\n\t\t\t\t\t\t\t<div class=\"elementor-flip-box\" tabindex=\"0\">\n\t\t\t<div class=\"elementor-flip-box__layer elementor-flip-box__front\">\n\t\t\t\t<div class=\"elementor-flip-box__layer__overlay\">\n\t\t\t\t\t<div class=\"elementor-flip-box__layer__inner\">\n\t\t\t\t\t\t\n\t\t\t\t\t\t\n\t\t\t\t\t\t\t\t\t\t\t<\/div>\n\t\t\t\t<\/div>\n\t\t\t<\/div>\n\t\t\t<a class=\"elementor-flip-box__layer elementor-flip-box__back\" href=\"https:\/\/centrumjudaicum.de\/en\/portfolio\/gefuehlsdinge\/\">\n\t\t\t<div class=\"elementor-flip-box__layer__overlay\">\n\t\t\t\t<div class=\"elementor-flip-box__layer__inner\">\n\t\t\t\t\t\t\t\t\t\t\t<h3 class=\"elementor-flip-box__layer__title\">\n\t\t\t\t\t\t\t<div class=\"icnn_link\"><i aria-hidden=\"true\" class=\"fas fa-link\"><\/i><\/div>Gef\u00fchlsdinge\t\t\t\t\t\t<\/h3>\n\t\t\t\t\t\n\t\t\t\t\t\n\t\t\t\t\t\t\t\t<\/div>\n\t\t<\/div>\n\t\t<\/a>\n\t\t<\/div>\n\t\t\t\t\t\t<\/div>\n\t\t\t\t<\/div>\n\t\t\t\t\t<\/div>\n\t\t<\/div>\n\t\t\t\t\t<\/div>\n\t\t<\/div>\n\t\t\t\t<\/div>\n\t\t\t\t<\/article>\n\t\t\t\t<article id=\"post-19469\" class=\"elementor-post elementor-grid-item ecs-post-loop post-19469 portfolio type-portfolio status-publish has-post-thumbnail hentry portfolio-categories-aktuelle-ausstellungen\">\n\t\t\t\t<div data-elementor-type=\"loop\" data-elementor-id=\"14581\" class=\"elementor elementor-14581 post-19469 portfolio type-portfolio status-publish has-post-thumbnail hentry portfolio-categories-aktuelle-ausstellungen\" data-elementor-post-type=\"elementor_library\">\n\t\t\t\t\t<div class=\"elementor-section elementor-top-section elementor-element elementor-element-f8122ed elementor-section-full_width elementor-section-height-default elementor-section-height-default\" data-id=\"f8122ed\" data-element_type=\"section\" data-e-type=\"section\">\n\t\t\t\t\t\t<div class=\"elementor-container elementor-column-gap-no\">\n\t\t\t\t\t<div class=\"elementor-column elementor-col-100 elementor-top-column elementor-element elementor-element-042f135\" data-id=\"042f135\" data-element_type=\"column\" data-e-type=\"column\">\n\t\t\t<div class=\"elementor-widget-wrap elementor-element-populated\">\n\t\t\t\t<style>#post-19469 .elementor-14581 .elementor-element.elementor-element-7948950 .elementor-flip-box__front{background-image: url(\"https:\/\/centrumjudaicum.de\/wp-content\/uploads\/2023\/09\/ZdU-1.jpg\");}<\/style>\t\t<div class=\"elementor-element elementor-element-7948950 elementor-flip-box--effect-slide elementor-flip-box--direction-right elementor-widget elementor-widget-flip-box\" data-id=\"7948950\" data-element_type=\"widget\" data-e-type=\"widget\" data-widget_type=\"flip-box.default\">\n\t\t\t\t<div class=\"elementor-widget-container\">\n\t\t\t\t\t\t\t<div class=\"elementor-flip-box\" tabindex=\"0\">\n\t\t\t<div class=\"elementor-flip-box__layer elementor-flip-box__front\">\n\t\t\t\t<div class=\"elementor-flip-box__layer__overlay\">\n\t\t\t\t\t<div class=\"elementor-flip-box__layer__inner\">\n\t\t\t\t\t\t\n\t\t\t\t\t\t\n\t\t\t\t\t\t\t\t\t\t\t<\/div>\n\t\t\t\t<\/div>\n\t\t\t<\/div>\n\t\t\t<a class=\"elementor-flip-box__layer elementor-flip-box__back\" href=\"https:\/\/centrumjudaicum.de\/en\/portfolio\/zeiten-des-umbruchs\/\">\n\t\t\t<div class=\"elementor-flip-box__layer__overlay\">\n\t\t\t\t<div class=\"elementor-flip-box__layer__inner\">\n\t\t\t\t\t\t\t\t\t\t\t<h3 class=\"elementor-flip-box__layer__title\">\n\t\t\t\t\t\t\t<div class=\"icnn_link\"><i aria-hidden=\"true\" class=\"fas fa-link\"><\/i><\/div>\u201eZeiten des Umbruchs &#8211; Fotografien der Neuen Synagoge Berlin von G\u00fcnter Krawutschke\t\t\t\t\t\t<\/h3>\n\t\t\t\t\t\n\t\t\t\t\t\n\t\t\t\t\t\t\t\t<\/div>\n\t\t<\/div>\n\t\t<\/a>\n\t\t<\/div>\n\t\t\t\t\t\t<\/div>\n\t\t\t\t<\/div>\n\t\t\t\t\t<\/div>\n\t\t<\/div>\n\t\t\t\t\t<\/div>\n\t\t<\/div>\n\t\t\t\t<\/div>\n\t\t\t\t<\/article>\n\t\t\t\t<article id=\"post-18825\" class=\"elementor-post elementor-grid-item ecs-post-loop post-18825 portfolio type-portfolio status-publish has-post-thumbnail hentry portfolio-categories-begleitband\">\n\t\t\t\t<div data-elementor-type=\"loop\" data-elementor-id=\"14581\" class=\"elementor elementor-14581 post-18825 portfolio type-portfolio status-publish has-post-thumbnail hentry portfolio-categories-begleitband\" data-elementor-post-type=\"elementor_library\">\n\t\t\t\t\t<div class=\"elementor-section elementor-top-section elementor-element elementor-element-f8122ed elementor-section-full_width elementor-section-height-default elementor-section-height-default\" data-id=\"f8122ed\" data-element_type=\"section\" data-e-type=\"section\">\n\t\t\t\t\t\t<div class=\"elementor-container elementor-column-gap-no\">\n\t\t\t\t\t<div class=\"elementor-column elementor-col-100 elementor-top-column elementor-element elementor-element-042f135\" data-id=\"042f135\" data-element_type=\"column\" data-e-type=\"column\">\n\t\t\t<div class=\"elementor-widget-wrap elementor-element-populated\">\n\t\t\t\t<style>#post-18825 .elementor-14581 .elementor-element.elementor-element-7948950 .elementor-flip-box__front{background-image: url(\"https:\/\/centrumjudaicum.de\/wp-content\/uploads\/2023\/08\/Cover-Geraubt-und-Genutzt.jpg\");}<\/style>\t\t<div class=\"elementor-element elementor-element-7948950 elementor-flip-box--effect-slide elementor-flip-box--direction-right elementor-widget elementor-widget-flip-box\" data-id=\"7948950\" data-element_type=\"widget\" data-e-type=\"widget\" data-widget_type=\"flip-box.default\">\n\t\t\t\t<div class=\"elementor-widget-container\">\n\t\t\t\t\t\t\t<div class=\"elementor-flip-box\" tabindex=\"0\">\n\t\t\t<div class=\"elementor-flip-box__layer elementor-flip-box__front\">\n\t\t\t\t<div class=\"elementor-flip-box__layer__overlay\">\n\t\t\t\t\t<div class=\"elementor-flip-box__layer__inner\">\n\t\t\t\t\t\t\n\t\t\t\t\t\t\n\t\t\t\t\t\t\t\t\t\t\t<\/div>\n\t\t\t\t<\/div>\n\t\t\t<\/div>\n\t\t\t<a class=\"elementor-flip-box__layer elementor-flip-box__back\" href=\"https:\/\/centrumjudaicum.de\/en\/portfolio\/geraubt-und-genutzt-buecher-von-verfolgten-und-ermordeten-juden-in-berliner-bibliotheken\/\">\n\t\t\t<div class=\"elementor-flip-box__layer__overlay\">\n\t\t\t\t<div class=\"elementor-flip-box__layer__inner\">\n\t\t\t\t\t\t\t\t\t\t\t<h3 class=\"elementor-flip-box__layer__title\">\n\t\t\t\t\t\t\t<div class=\"icnn_link\"><i aria-hidden=\"true\" class=\"fas fa-link\"><\/i><\/div>geraubt und genutzt. B\u00fccher von verfolgten und ermordeten Juden in Berliner Bibliotheken\t\t\t\t\t\t<\/h3>\n\t\t\t\t\t\n\t\t\t\t\t\n\t\t\t\t\t\t\t\t<\/div>\n\t\t<\/div>\n\t\t<\/a>\n\t\t<\/div>\n\t\t\t\t\t\t<\/div>\n\t\t\t\t<\/div>\n\t\t\t\t\t<\/div>\n\t\t<\/div>\n\t\t\t\t\t<\/div>\n\t\t<\/div>\n\t\t\t\t<\/div>\n\t\t\t\t<\/article>\n\t\t\t\t<article id=\"post-18820\" class=\"elementor-post elementor-grid-item ecs-post-loop post-18820 portfolio type-portfolio status-publish hentry portfolio-categories-ausstellungseroeffnungen\">\n\t\t\t\t<div data-elementor-type=\"loop\" data-elementor-id=\"14581\" class=\"elementor elementor-14581 post-18820 portfolio type-portfolio status-publish hentry portfolio-categories-ausstellungseroeffnungen\" data-elementor-post-type=\"elementor_library\">\n\t\t\t\t\t<div class=\"elementor-section elementor-top-section elementor-element elementor-element-f8122ed elementor-section-full_width elementor-section-height-default elementor-section-height-default\" data-id=\"f8122ed\" data-element_type=\"section\" data-e-type=\"section\">\n\t\t\t\t\t\t<div class=\"elementor-container elementor-column-gap-no\">\n\t\t\t\t\t<div class=\"elementor-column elementor-col-100 elementor-top-column elementor-element elementor-element-042f135\" data-id=\"042f135\" data-element_type=\"column\" data-e-type=\"column\">\n\t\t\t<div class=\"elementor-widget-wrap elementor-element-populated\">\n\t\t\t\t<style>#post-18820 .elementor-14581 .elementor-element.elementor-element-7948950 .elementor-flip-box__front{background-image: url(\"\");}<\/style>\t\t<div class=\"elementor-element elementor-element-7948950 elementor-flip-box--effect-slide elementor-flip-box--direction-right elementor-widget elementor-widget-flip-box\" data-id=\"7948950\" data-element_type=\"widget\" data-e-type=\"widget\" data-widget_type=\"flip-box.default\">\n\t\t\t\t<div class=\"elementor-widget-container\">\n\t\t\t\t\t\t\t<div class=\"elementor-flip-box\" tabindex=\"0\">\n\t\t\t<div class=\"elementor-flip-box__layer elementor-flip-box__front\">\n\t\t\t\t<div class=\"elementor-flip-box__layer__overlay\">\n\t\t\t\t\t<div class=\"elementor-flip-box__layer__inner\">\n\t\t\t\t\t\t\n\t\t\t\t\t\t\n\t\t\t\t\t\t\t\t\t\t\t<\/div>\n\t\t\t\t<\/div>\n\t\t\t<\/div>\n\t\t\t<a class=\"elementor-flip-box__layer elementor-flip-box__back\" href=\"https:\/\/centrumjudaicum.de\/en\/portfolio\/von-innen-nach-aussen-diplomatenberichte-ueber-die-novemberpogrome-1938\/\">\n\t\t\t<div class=\"elementor-flip-box__layer__overlay\">\n\t\t\t\t<div class=\"elementor-flip-box__layer__inner\">\n\t\t\t\t\t\t\t\t\t\t\t<h3 class=\"elementor-flip-box__layer__title\">\n\t\t\t\t\t\t\t<div class=\"icnn_link\"><i aria-hidden=\"true\" class=\"fas fa-link\"><\/i><\/div>\u201eVon Innen nach Au\u00dfen \u2013 Diplomatenberichte \u00fcber die Novemberpogrome 1938\u201c\t\t\t\t\t\t<\/h3>\n\t\t\t\t\t\n\t\t\t\t\t\n\t\t\t\t\t\t\t\t<\/div>\n\t\t<\/div>\n\t\t<\/a>\n\t\t<\/div>\n\t\t\t\t\t\t<\/div>\n\t\t\t\t<\/div>\n\t\t\t\t\t<\/div>\n\t\t<\/div>\n\t\t\t\t\t<\/div>\n\t\t<\/div>\n\t\t\t\t<\/div>\n\t\t\t\t<\/article>\n\t\t\t\t<article id=\"post-18815\" class=\"elementor-post elementor-grid-item ecs-post-loop post-18815 portfolio type-portfolio status-publish hentry portfolio-categories-diverses portfolio-categories-veranstaltungen\">\n\t\t\t\t<div data-elementor-type=\"loop\" data-elementor-id=\"14581\" class=\"elementor elementor-14581 post-18815 portfolio type-portfolio status-publish hentry portfolio-categories-diverses portfolio-categories-veranstaltungen\" data-elementor-post-type=\"elementor_library\">\n\t\t\t\t\t<div class=\"elementor-section elementor-top-section elementor-element elementor-element-f8122ed elementor-section-full_width elementor-section-height-default elementor-section-height-default\" data-id=\"f8122ed\" data-element_type=\"section\" data-e-type=\"section\">\n\t\t\t\t\t\t<div class=\"elementor-container elementor-column-gap-no\">\n\t\t\t\t\t<div class=\"elementor-column elementor-col-100 elementor-top-column elementor-element elementor-element-042f135\" data-id=\"042f135\" data-element_type=\"column\" data-e-type=\"column\">\n\t\t\t<div class=\"elementor-widget-wrap elementor-element-populated\">\n\t\t\t\t<style>#post-18815 .elementor-14581 .elementor-element.elementor-element-7948950 .elementor-flip-box__front{background-image: url(\"\");}<\/style>\t\t<div class=\"elementor-element elementor-element-7948950 elementor-flip-box--effect-slide elementor-flip-box--direction-right elementor-widget elementor-widget-flip-box\" data-id=\"7948950\" data-element_type=\"widget\" data-e-type=\"widget\" data-widget_type=\"flip-box.default\">\n\t\t\t\t<div class=\"elementor-widget-container\">\n\t\t\t\t\t\t\t<div class=\"elementor-flip-box\" tabindex=\"0\">\n\t\t\t<div class=\"elementor-flip-box__layer elementor-flip-box__front\">\n\t\t\t\t<div class=\"elementor-flip-box__layer__overlay\">\n\t\t\t\t\t<div class=\"elementor-flip-box__layer__inner\">\n\t\t\t\t\t\t\n\t\t\t\t\t\t\n\t\t\t\t\t\t\t\t\t\t\t<\/div>\n\t\t\t\t<\/div>\n\t\t\t<\/div>\n\t\t\t<a class=\"elementor-flip-box__layer elementor-flip-box__back\" href=\"https:\/\/centrumjudaicum.de\/en\/portfolio\/zerstoerte-vielfalt-abschlussfilm\/\">\n\t\t\t<div class=\"elementor-flip-box__layer__overlay\">\n\t\t\t\t<div class=\"elementor-flip-box__layer__inner\">\n\t\t\t\t\t\t\t\t\t\t\t<h3 class=\"elementor-flip-box__layer__title\">\n\t\t\t\t\t\t\t<div class=\"icnn_link\"><i aria-hidden=\"true\" class=\"fas fa-link\"><\/i><\/div>&#8222;Zerst\u00f6rte Vielfalt&#8220; Abschlussfilm\t\t\t\t\t\t<\/h3>\n\t\t\t\t\t\n\t\t\t\t\t\n\t\t\t\t\t\t\t\t<\/div>\n\t\t<\/div>\n\t\t<\/a>\n\t\t<\/div>\n\t\t\t\t\t\t<\/div>\n\t\t\t\t<\/div>\n\t\t\t\t\t<\/div>\n\t\t<\/div>\n\t\t\t\t\t<\/div>\n\t\t<\/div>\n\t\t\t\t<\/div>\n\t\t\t\t<\/article>\n\t\t\t\t<\/div>\n\t\t\t\t\t\t<\/div>\n\t\t\t\t<\/div>\n\t\t\t\t\t<\/div>\n\t\t<\/div>\n\t\t\t\t\t<\/div>\n\t\t<\/section>\n\t\t\t\t<\/div>\n\t\t\t\t<\/div>\n\t\t\t\t\t\t<\/div>\n\t\t\t\t<\/div>\n\t\t\t\t\t<\/div>\n\t\t<\/div>\n\t\t\t\t\t<\/div>\n\t\t<\/section>\n\t\t\t\t<\/div>","protected":false},"excerpt":{"rendered":"<p>ISBN \u2013 978-3-933471-17-8 Gebundene Ausgabe: 20,00 \u20ac Verlag: Hentrich &amp; Hentrich HerausgeberStiftung Neue Synagoge Berlin \u2013 Centrum Judaicum AutorenElisa Klapheck Lieferbar Fr\u00e4ulein Rabbiner JonasKann die Frau das rabbinische Amt bekleiden?\u00a0 [&hellip;]<\/p>\n","protected":false},"featured_media":17790,"template":"","portfolio-categories":[56],"class_list":["post-17789","portfolio","type-portfolio","status-publish","has-post-thumbnail","hentry","portfolio-categories-sonstiges"],"yoast_head":"<!-- This site is optimized with the Yoast SEO Premium plugin v26.1 (Yoast SEO v27.4) - https:\/\/yoast.com\/product\/yoast-seo-premium-wordpress\/ -->\n<title>Fr\u00e4ulein Rabbiner Jonas - Centrum Judaicum<\/title>\n<meta name=\"robots\" content=\"index, follow, max-snippet:-1, max-image-preview:large, max-video-preview:-1\" \/>\n<link rel=\"canonical\" href=\"https:\/\/centrumjudaicum.de\/en\/portfolio\/fraeulein-rabbiner-jonas\/\" \/>\n<meta property=\"og:locale\" content=\"en_US\" \/>\n<meta property=\"og:type\" content=\"article\" \/>\n<meta property=\"og:title\" content=\"Fr\u00e4ulein Rabbiner Jonas\" \/>\n<meta property=\"og:description\" content=\"ISBN \u2013 978-3-933471-17-8 Gebundene Ausgabe: 20,00 \u20ac Verlag: Hentrich &amp; Hentrich HerausgeberStiftung Neue Synagoge Berlin \u2013 Centrum Judaicum AutorenElisa Klapheck Lieferbar Fr\u00e4ulein Rabbiner JonasKann die Frau das rabbinische Amt bekleiden?\u00a0 [&hellip;]\" \/>\n<meta property=\"og:url\" content=\"https:\/\/centrumjudaicum.de\/en\/portfolio\/fraeulein-rabbiner-jonas\/\" \/>\n<meta property=\"og:site_name\" content=\"Centrum Judaicum\" \/>\n<meta property=\"article:modified_time\" content=\"2023-08-31T12:33:33+00:00\" \/>\n<meta property=\"og:image\" content=\"https:\/\/centrumjudaicum.de\/wp-content\/uploads\/2023\/08\/Cover-Fraeulein-Rabinner-Jonas.jpg\" \/>\n\t<meta property=\"og:image:width\" content=\"250\" \/>\n\t<meta property=\"og:image:height\" content=\"300\" \/>\n\t<meta property=\"og:image:type\" content=\"image\/jpeg\" \/>\n<meta name=\"twitter:card\" content=\"summary_large_image\" \/>\n<meta name=\"twitter:label1\" content=\"Est. reading time\" \/>\n\t<meta name=\"twitter:data1\" content=\"2 minutes\" \/>\n<script type=\"application\/ld+json\" class=\"yoast-schema-graph\">{\"@context\":\"https:\\\/\\\/schema.org\",\"@graph\":[{\"@type\":\"WebPage\",\"@id\":\"https:\\\/\\\/centrumjudaicum.de\\\/portfolio\\\/fraeulein-rabbiner-jonas\\\/\",\"url\":\"https:\\\/\\\/centrumjudaicum.de\\\/portfolio\\\/fraeulein-rabbiner-jonas\\\/\",\"name\":\"Fr\u00e4ulein Rabbiner Jonas - Centrum Judaicum\",\"isPartOf\":{\"@id\":\"https:\\\/\\\/centrumjudaicum.de\\\/#website\"},\"primaryImageOfPage\":{\"@id\":\"https:\\\/\\\/centrumjudaicum.de\\\/portfolio\\\/fraeulein-rabbiner-jonas\\\/#primaryimage\"},\"image\":{\"@id\":\"https:\\\/\\\/centrumjudaicum.de\\\/portfolio\\\/fraeulein-rabbiner-jonas\\\/#primaryimage\"},\"thumbnailUrl\":\"https:\\\/\\\/centrumjudaicum.de\\\/wp-content\\\/uploads\\\/2023\\\/08\\\/Cover-Fraeulein-Rabinner-Jonas.jpg\",\"datePublished\":\"2023-08-29T09:43:18+00:00\",\"dateModified\":\"2023-08-31T12:33:33+00:00\",\"breadcrumb\":{\"@id\":\"https:\\\/\\\/centrumjudaicum.de\\\/portfolio\\\/fraeulein-rabbiner-jonas\\\/#breadcrumb\"},\"inLanguage\":\"en-US\",\"potentialAction\":[{\"@type\":\"ReadAction\",\"target\":[\"https:\\\/\\\/centrumjudaicum.de\\\/portfolio\\\/fraeulein-rabbiner-jonas\\\/\"]}]},{\"@type\":\"ImageObject\",\"inLanguage\":\"en-US\",\"@id\":\"https:\\\/\\\/centrumjudaicum.de\\\/portfolio\\\/fraeulein-rabbiner-jonas\\\/#primaryimage\",\"url\":\"https:\\\/\\\/centrumjudaicum.de\\\/wp-content\\\/uploads\\\/2023\\\/08\\\/Cover-Fraeulein-Rabinner-Jonas.jpg\",\"contentUrl\":\"https:\\\/\\\/centrumjudaicum.de\\\/wp-content\\\/uploads\\\/2023\\\/08\\\/Cover-Fraeulein-Rabinner-Jonas.jpg\",\"width\":250,\"height\":300},{\"@type\":\"BreadcrumbList\",\"@id\":\"https:\\\/\\\/centrumjudaicum.de\\\/portfolio\\\/fraeulein-rabbiner-jonas\\\/#breadcrumb\",\"itemListElement\":[{\"@type\":\"ListItem\",\"position\":1,\"name\":\"Home\",\"item\":\"https:\\\/\\\/centrumjudaicum.de\\\/\"},{\"@type\":\"ListItem\",\"position\":2,\"name\":\"Portfolio\",\"item\":\"https:\\\/\\\/centrumjudaicum.de\\\/portfolio\\\/\"},{\"@type\":\"ListItem\",\"position\":3,\"name\":\"Fr\u00e4ulein Rabbiner Jonas\"}]},{\"@type\":\"WebSite\",\"@id\":\"https:\\\/\\\/centrumjudaicum.de\\\/#website\",\"url\":\"https:\\\/\\\/centrumjudaicum.de\\\/\",\"name\":\"Centrum Judaicum\",\"description\":\"\",\"publisher\":{\"@id\":\"https:\\\/\\\/centrumjudaicum.de\\\/#organization\"},\"potentialAction\":[{\"@type\":\"SearchAction\",\"target\":{\"@type\":\"EntryPoint\",\"urlTemplate\":\"https:\\\/\\\/centrumjudaicum.de\\\/?s={search_term_string}\"},\"query-input\":{\"@type\":\"PropertyValueSpecification\",\"valueRequired\":true,\"valueName\":\"search_term_string\"}}],\"inLanguage\":\"en-US\"},{\"@type\":\"Organization\",\"@id\":\"https:\\\/\\\/centrumjudaicum.de\\\/#organization\",\"name\":\"Centrum Judaicum\",\"url\":\"https:\\\/\\\/centrumjudaicum.de\\\/\",\"logo\":{\"@type\":\"ImageObject\",\"inLanguage\":\"en-US\",\"@id\":\"https:\\\/\\\/centrumjudaicum.de\\\/#\\\/schema\\\/logo\\\/image\\\/\",\"url\":\"https:\\\/\\\/centrumjudaicum.de\\\/wp-content\\\/uploads\\\/2022\\\/10\\\/Logo_Stiftung_Neue_Synagoge_Berlin_Gold_.png\",\"contentUrl\":\"https:\\\/\\\/centrumjudaicum.de\\\/wp-content\\\/uploads\\\/2022\\\/10\\\/Logo_Stiftung_Neue_Synagoge_Berlin_Gold_.png\",\"width\":1188,\"height\":409,\"caption\":\"Centrum Judaicum\"},\"image\":{\"@id\":\"https:\\\/\\\/centrumjudaicum.de\\\/#\\\/schema\\\/logo\\\/image\\\/\"}}]}<\/script>\n<!-- \/ Yoast SEO Premium plugin. -->","yoast_head_json":{"title":"Fr\u00e4ulein Rabbiner Jonas - Centrum Judaicum","robots":{"index":"index","follow":"follow","max-snippet":"max-snippet:-1","max-image-preview":"max-image-preview:large","max-video-preview":"max-video-preview:-1"},"canonical":"https:\/\/centrumjudaicum.de\/en\/portfolio\/fraeulein-rabbiner-jonas\/","og_locale":"en_US","og_type":"article","og_title":"Fr\u00e4ulein Rabbiner Jonas","og_description":"ISBN \u2013 978-3-933471-17-8 Gebundene Ausgabe: 20,00 \u20ac Verlag: Hentrich &amp; Hentrich HerausgeberStiftung Neue Synagoge Berlin \u2013 Centrum Judaicum AutorenElisa Klapheck Lieferbar Fr\u00e4ulein Rabbiner JonasKann die Frau das rabbinische Amt bekleiden?\u00a0 [&hellip;]","og_url":"https:\/\/centrumjudaicum.de\/en\/portfolio\/fraeulein-rabbiner-jonas\/","og_site_name":"Centrum Judaicum","article_modified_time":"2023-08-31T12:33:33+00:00","og_image":[{"width":250,"height":300,"url":"https:\/\/centrumjudaicum.de\/wp-content\/uploads\/2023\/08\/Cover-Fraeulein-Rabinner-Jonas.jpg","type":"image\/jpeg"}],"twitter_card":"summary_large_image","twitter_misc":{"Est. reading time":"2 minutes"},"schema":{"@context":"https:\/\/schema.org","@graph":[{"@type":"WebPage","@id":"https:\/\/centrumjudaicum.de\/portfolio\/fraeulein-rabbiner-jonas\/","url":"https:\/\/centrumjudaicum.de\/portfolio\/fraeulein-rabbiner-jonas\/","name":"Fr\u00e4ulein Rabbiner Jonas - Centrum Judaicum","isPartOf":{"@id":"https:\/\/centrumjudaicum.de\/#website"},"primaryImageOfPage":{"@id":"https:\/\/centrumjudaicum.de\/portfolio\/fraeulein-rabbiner-jonas\/#primaryimage"},"image":{"@id":"https:\/\/centrumjudaicum.de\/portfolio\/fraeulein-rabbiner-jonas\/#primaryimage"},"thumbnailUrl":"https:\/\/centrumjudaicum.de\/wp-content\/uploads\/2023\/08\/Cover-Fraeulein-Rabinner-Jonas.jpg","datePublished":"2023-08-29T09:43:18+00:00","dateModified":"2023-08-31T12:33:33+00:00","breadcrumb":{"@id":"https:\/\/centrumjudaicum.de\/portfolio\/fraeulein-rabbiner-jonas\/#breadcrumb"},"inLanguage":"en-US","potentialAction":[{"@type":"ReadAction","target":["https:\/\/centrumjudaicum.de\/portfolio\/fraeulein-rabbiner-jonas\/"]}]},{"@type":"ImageObject","inLanguage":"en-US","@id":"https:\/\/centrumjudaicum.de\/portfolio\/fraeulein-rabbiner-jonas\/#primaryimage","url":"https:\/\/centrumjudaicum.de\/wp-content\/uploads\/2023\/08\/Cover-Fraeulein-Rabinner-Jonas.jpg","contentUrl":"https:\/\/centrumjudaicum.de\/wp-content\/uploads\/2023\/08\/Cover-Fraeulein-Rabinner-Jonas.jpg","width":250,"height":300},{"@type":"BreadcrumbList","@id":"https:\/\/centrumjudaicum.de\/portfolio\/fraeulein-rabbiner-jonas\/#breadcrumb","itemListElement":[{"@type":"ListItem","position":1,"name":"Home","item":"https:\/\/centrumjudaicum.de\/"},{"@type":"ListItem","position":2,"name":"Portfolio","item":"https:\/\/centrumjudaicum.de\/portfolio\/"},{"@type":"ListItem","position":3,"name":"Fr\u00e4ulein Rabbiner Jonas"}]},{"@type":"WebSite","@id":"https:\/\/centrumjudaicum.de\/#website","url":"https:\/\/centrumjudaicum.de\/","name":"Centrum Judaicum","description":"","publisher":{"@id":"https:\/\/centrumjudaicum.de\/#organization"},"potentialAction":[{"@type":"SearchAction","target":{"@type":"EntryPoint","urlTemplate":"https:\/\/centrumjudaicum.de\/?s={search_term_string}"},"query-input":{"@type":"PropertyValueSpecification","valueRequired":true,"valueName":"search_term_string"}}],"inLanguage":"en-US"},{"@type":"Organization","@id":"https:\/\/centrumjudaicum.de\/#organization","name":"Centrum Judaicum","url":"https:\/\/centrumjudaicum.de\/","logo":{"@type":"ImageObject","inLanguage":"en-US","@id":"https:\/\/centrumjudaicum.de\/#\/schema\/logo\/image\/","url":"https:\/\/centrumjudaicum.de\/wp-content\/uploads\/2022\/10\/Logo_Stiftung_Neue_Synagoge_Berlin_Gold_.png","contentUrl":"https:\/\/centrumjudaicum.de\/wp-content\/uploads\/2022\/10\/Logo_Stiftung_Neue_Synagoge_Berlin_Gold_.png","width":1188,"height":409,"caption":"Centrum Judaicum"},"image":{"@id":"https:\/\/centrumjudaicum.de\/#\/schema\/logo\/image\/"}}]}},"ticketed":false,"_links":{"self":[{"href":"https:\/\/centrumjudaicum.de\/en\/wp-json\/wp\/v2\/portfolio\/17789","targetHints":{"allow":["GET"]}}],"collection":[{"href":"https:\/\/centrumjudaicum.de\/en\/wp-json\/wp\/v2\/portfolio"}],"about":[{"href":"https:\/\/centrumjudaicum.de\/en\/wp-json\/wp\/v2\/types\/portfolio"}],"version-history":[{"count":7,"href":"https:\/\/centrumjudaicum.de\/en\/wp-json\/wp\/v2\/portfolio\/17789\/revisions"}],"predecessor-version":[{"id":18929,"href":"https:\/\/centrumjudaicum.de\/en\/wp-json\/wp\/v2\/portfolio\/17789\/revisions\/18929"}],"wp:featuredmedia":[{"embeddable":true,"href":"https:\/\/centrumjudaicum.de\/en\/wp-json\/wp\/v2\/media\/17790"}],"wp:attachment":[{"href":"https:\/\/centrumjudaicum.de\/en\/wp-json\/wp\/v2\/media?parent=17789"}],"wp:term":[{"taxonomy":"portfolio-categories","embeddable":true,"href":"https:\/\/centrumjudaicum.de\/en\/wp-json\/wp\/v2\/portfolio-categories?post=17789"}],"curies":[{"name":"wp","href":"https:\/\/api.w.org\/{rel}","templated":true}]}}