{"id":17800,"date":"2000-05-08T11:58:00","date_gmt":"2000-05-08T09:58:00","guid":{"rendered":"https:\/\/new2023.centrumjudaicum-berlin.de\/?post_type=portfolio&#038;p=17800"},"modified":"2023-12-13T12:28:14","modified_gmt":"2023-12-13T11:28:14","slug":"juden-in-berlin-1938-bis-1945","status":"publish","type":"portfolio","link":"https:\/\/centrumjudaicum.de\/en\/portfolio\/juden-in-berlin-1938-bis-1945\/","title":{"rendered":"Juden in Berlin. 1938 bis 1945"},"content":{"rendered":"\t\t<div data-elementor-type=\"wp-post\" data-elementor-id=\"17800\" class=\"elementor elementor-17800\" data-elementor-post-type=\"portfolio\">\n\t\t\t\t\t\t<section class=\"elementor-section elementor-top-section elementor-element elementor-element-799f7e7 elementor-section-height-min-height elementor-section-full_width elementor-section-height-default elementor-section-items-middle\" data-id=\"799f7e7\" data-element_type=\"section\" data-e-type=\"section\" data-settings=\"{&quot;background_background&quot;:&quot;classic&quot;}\">\n\t\t\t\t\t\t<div class=\"elementor-container elementor-column-gap-no\">\n\t\t\t\t\t<div class=\"elementor-column elementor-col-100 elementor-top-column elementor-element elementor-element-c22add1\" data-id=\"c22add1\" data-element_type=\"column\" data-e-type=\"column\">\n\t\t\t<div class=\"elementor-widget-wrap\">\n\t\t\t\t\t\t\t<\/div>\n\t\t<\/div>\n\t\t\t\t\t<\/div>\n\t\t<\/section>\n\t\t\t\t<section class=\"elementor-section elementor-top-section elementor-element elementor-element-c3f4905 elementor-section-height-full elementor-section-items-stretch elementor-section-boxed elementor-section-height-default\" data-id=\"c3f4905\" data-element_type=\"section\" data-e-type=\"section\" data-settings=\"{&quot;background_background&quot;:&quot;classic&quot;}\">\n\t\t\t\t\t\t<div class=\"elementor-container elementor-column-gap-default\">\n\t\t\t\t\t<div class=\"elementor-column elementor-col-50 elementor-top-column elementor-element elementor-element-41bf9a0\" data-id=\"41bf9a0\" data-element_type=\"column\" data-e-type=\"column\">\n\t\t\t<div class=\"elementor-widget-wrap elementor-element-populated\">\n\t\t\t\t\t\t<div class=\"elementor-element elementor-element-b89f9a7 elementor-widget elementor-widget-heading\" data-id=\"b89f9a7\" data-element_type=\"widget\" data-e-type=\"widget\" data-widget_type=\"heading.default\">\n\t\t\t\t<div class=\"elementor-widget-container\">\n\t\t\t\t\t<h2 class=\"elementor-heading-title elementor-size-default\">JudeninBerlin<\/h2>\t\t\t\t<\/div>\n\t\t\t\t<\/div>\n\t\t\t\t<div class=\"elementor-element elementor-element-b9a6518 elementor-widget elementor-widget-heading\" data-id=\"b9a6518\" data-element_type=\"widget\" data-e-type=\"widget\" data-widget_type=\"heading.default\">\n\t\t\t\t<div class=\"elementor-widget-container\">\n\t\t\t\t\t<h2 class=\"elementor-heading-title elementor-size-default\">1938-1945<\/h2>\t\t\t\t<\/div>\n\t\t\t\t<\/div>\n\t\t\t\t<div class=\"elementor-element elementor-element-d4a6a85 elementor-widget elementor-widget-text-editor\" data-id=\"d4a6a85\" data-element_type=\"widget\" data-e-type=\"widget\" data-widget_type=\"text-editor.default\">\n\t\t\t\t<div class=\"elementor-widget-container\">\n\t\t\t\t\t\t\t\t\t<div class=\"fusion-text fusion-animated\" data-animationtype=\"fadeInLeft\" data-animationduration=\"0.8\" data-animationoffset=\"50%\"><div class=\"fusion-text fusion-animated\" data-animationtype=\"fadeInLeft\" data-animationduration=\"0.8\" data-animationoffset=\"50%\"><p><strong>08.05.2000 \u2013 29.10.2010<\/strong><\/p><\/div><\/div>\t\t\t\t\t\t\t\t<\/div>\n\t\t\t\t<\/div>\n\t\t\t\t\t<\/div>\n\t\t<\/div>\n\t\t\t\t<div class=\"elementor-column elementor-col-50 elementor-top-column elementor-element elementor-element-cfb6554\" data-id=\"cfb6554\" data-element_type=\"column\" data-e-type=\"column\">\n\t\t\t<div class=\"elementor-widget-wrap elementor-element-populated\">\n\t\t\t\t\t\t<div class=\"elementor-element elementor-element-073c163 elementor-widget elementor-widget-text-editor\" data-id=\"073c163\" data-element_type=\"widget\" data-e-type=\"widget\" data-widget_type=\"text-editor.default\">\n\t\t\t\t<div class=\"elementor-widget-container\">\n\t\t\t\t\t\t\t\t\t<p>Projektleitung Beate Meyer und Hermann Simon<\/p>\t\t\t\t\t\t\t\t<\/div>\n\t\t\t\t<\/div>\n\t\t\t\t\t<\/div>\n\t\t<\/div>\n\t\t\t\t\t<\/div>\n\t\t<\/section>\n\t\t\t\t<section class=\"elementor-section elementor-top-section elementor-element elementor-element-73c2ebb elementor-section-height-min-height elementor-section-boxed elementor-section-height-default elementor-section-items-middle\" data-id=\"73c2ebb\" data-element_type=\"section\" data-e-type=\"section\">\n\t\t\t\t\t\t<div class=\"elementor-container elementor-column-gap-default\">\n\t\t\t\t\t<div class=\"elementor-column elementor-col-100 elementor-top-column elementor-element elementor-element-b77120d\" data-id=\"b77120d\" data-element_type=\"column\" data-e-type=\"column\">\n\t\t\t<div class=\"elementor-widget-wrap elementor-element-populated\">\n\t\t\t\t\t\t<div class=\"elementor-element elementor-element-873a848 elementor-widget elementor-widget-heading\" data-id=\"873a848\" data-element_type=\"widget\" data-e-type=\"widget\" data-widget_type=\"heading.default\">\n\t\t\t\t<div class=\"elementor-widget-container\">\n\t\t\t\t\t<h2 class=\"elementor-heading-title elementor-size-default\">Juden in Berlin 1938 bis 1945<br>\nEinf\u00fchrung zur Ausstellung und zum Begleitband<\/h2>\t\t\t\t<\/div>\n\t\t\t\t<\/div>\n\t\t\t\t<div class=\"elementor-element elementor-element-fe65ed9 elementor-widget elementor-widget-text-editor\" data-id=\"fe65ed9\" data-element_type=\"widget\" data-e-type=\"widget\" data-widget_type=\"text-editor.default\">\n\t\t\t\t<div class=\"elementor-widget-container\">\n\t\t\t\t\t\t\t\t\t<div class=\"fusion-text\"><p>Beate Meyer, Hermann Simon<\/p><\/div><div class=\"fusion-text\"><p>\u201eDas Leben unserer Menschen [\u2026] w\u00e4re trostlos, wenn nicht drei Dinge w\u00e4ren, die es aufrechterhalten: der unersch\u00fctterliche Mut, mit dem die Leiter der j\u00fcdischen Beh\u00f6rden die j\u00fcdische Arbeit weiterf\u00fchren; das warme Interesse, das das amerikanische Judentum an dem Schicksal seiner Br\u00fcder in Deutschland nimmt, \u2013 und die unzerst\u00f6rbare Hoffnung auf eine bessere Zukunft\u201c<a href=\"https:\/\/centrumjudaicum.de\/portfolio-items\/juden-in-berlin-1938-bis-1945\/#_ftn1\" name=\"_ftnref1\">[1]<\/a>, schrieb der ehemalige Berliner Rabbiner Max Nussbaum nach seiner Emigration in die USA im Sp\u00e4tsommer 1940. Nussbaum hatte die Verhaftungen w\u00e4hrend des Pogroms beobachtet, die Bespitzelungen durch die Gestapo, und die erzwungene Auswanderung samt finanzieller Auspl\u00fcnderung am eigenen Leibe erfahren. Die Reverenzerweisung an das amerikanische Judentum mag von seinem eigenen Standpunkt aus verst\u00e4ndlich sein, wurde aber von seinen Schicksalsgenossen keineswegs geteilt. F\u00fcr die unmittelbare Zukunft stellte Nussbaum eine leider falsche Prognose: Das Leben der Berliner Juden wurde in den Folgejahren immer trostloser, die Arbeit der j\u00fcdischen Leiter von Gemeinde und Reichsvereinigung immer schwieriger und gef\u00e4hrlicher, das Interesse der ausl\u00e4ndischen Glaubensbr\u00fcder geringer und die Hoffnung auf eine bessere Zukunft verwandelte sich bereits ein gutes Jahr sp\u00e4ter in Todesangst.<br \/>Die Stiftung \u201eNeue Synagoge Berlin \u2013 Centrum Judaicum\u201c widmete dieser bedr\u00fcckendsten Phase der Verfolgung eine besondere Ausstellung: Aus der Perspektive der Betroffenen und ihrer Organisationen werden verschiedene Erfahrungsbereiche der Jahre zwischen 1938 und 1945 betrachtet. Aus Nachkriegsberichten von \u00dcberlebenden, Archivmaterial \u00fcber die Toten, aus Proze\u00dfakten und den wenigen erhalten gebliebenen Unterlagen der J\u00fcdischen Gemeinde, in Interviews mit Zeitzeugen und Dokumenten aus deren privaten Sammlungen entstand ein vielschichtiges Bild der Lebensumst\u00e4nde verfolgter Juden zwischen dem \u201eSchicksalsjahr\u201c 1938 und der Befreiung durch die Roten Armee im Mai 1945.<\/p><\/div><div class=\"fusion-sep-clear\">\u00a0<\/div><div class=\"fusion-separator fusion-full-width-sep sep-none\">\u00a0Yad Vashem, 01\/232, Bericht Max Nussbaum, S. 15.<\/div>\t\t\t\t\t\t\t\t<\/div>\n\t\t\t\t<\/div>\n\t\t\t\t\t<\/div>\n\t\t<\/div>\n\t\t\t\t\t<\/div>\n\t\t<\/section>\n\t\t\t\t<section class=\"elementor-section elementor-top-section elementor-element elementor-element-efbf346 elementor-section-height-min-height elementor-section-boxed elementor-section-height-default elementor-section-items-middle\" data-id=\"efbf346\" data-element_type=\"section\" data-e-type=\"section\" data-settings=\"{&quot;background_background&quot;:&quot;classic&quot;}\">\n\t\t\t\t\t\t<div class=\"elementor-container elementor-column-gap-default\">\n\t\t\t\t\t<div class=\"elementor-column elementor-col-100 elementor-top-column elementor-element elementor-element-a6ca2cd\" data-id=\"a6ca2cd\" data-element_type=\"column\" data-e-type=\"column\">\n\t\t\t<div class=\"elementor-widget-wrap\">\n\t\t\t\t\t\t\t<\/div>\n\t\t<\/div>\n\t\t\t\t\t<\/div>\n\t\t<\/section>\n\t\t\t\t<section class=\"elementor-section elementor-top-section elementor-element elementor-element-c13700d elementor-section-height-min-height elementor-section-boxed elementor-section-height-default elementor-section-items-middle\" data-id=\"c13700d\" data-element_type=\"section\" data-e-type=\"section\">\n\t\t\t\t\t\t<div class=\"elementor-container elementor-column-gap-default\">\n\t\t\t\t\t<div class=\"elementor-column elementor-col-100 elementor-top-column elementor-element elementor-element-e4a26fe\" data-id=\"e4a26fe\" data-element_type=\"column\" data-e-type=\"column\">\n\t\t\t<div class=\"elementor-widget-wrap elementor-element-populated\">\n\t\t\t\t\t\t<div class=\"elementor-element elementor-element-143c226 elementor-widget elementor-widget-heading\" data-id=\"143c226\" data-element_type=\"widget\" data-e-type=\"widget\" data-widget_type=\"heading.default\">\n\t\t\t\t<div class=\"elementor-widget-container\">\n\t\t\t\t\t<h2 class=\"elementor-heading-title elementor-size-default\">Wer sich mit diesen Jahren der Verfolgungsgeschichte\n<\/h2>\t\t\t\t<\/div>\n\t\t\t\t<\/div>\n\t\t\t\t<div class=\"elementor-element elementor-element-40305b6 elementor-widget elementor-widget-text-editor\" data-id=\"40305b6\" data-element_type=\"widget\" data-e-type=\"widget\" data-widget_type=\"text-editor.default\">\n\t\t\t\t<div class=\"elementor-widget-container\">\n\t\t\t\t\t\t\t\t\t<div class=\"fusion-text\"><div class=\"fusion-text\"><p>befa\u00dft, st\u00f6\u00dft sehr schnell auf das Problem, da\u00df es eine F\u00fclle stadtteilbezogener, biographischer und sonstiger Literatur gibt, die im weitesten Sinne zum Thema geh\u00f6rt, eine systematische historische Aufarbeitung der Judenverfolgung in Berlin bisher jedoch fehlt. Zwar sind hier \u2013 vor allem von Wolf Gruner \u2013 wichtige Grundlagenforschungen vorgenommen worden, aber eine Arbeit, die allgemeine staatliche Verfolgungspolitik, gesellschaftliche Reaktionen und Aktionen sowie die Perspektive der Verfolgten integrativ zusammenf\u00fchrt, steht immer noch aus. In einer solchen Arbeit m\u00fc\u00dften auch die \u201eBerliner Besonderheiten\u201c ber\u00fccksichtigt werden, wie etwa schikan\u00f6se Anweisungen des Berliner Polizeipr\u00e4sidenten Wolf Graf von Helldorf, Gauleiter Joseph Goebbels\u2019 Ehrgeiz, ein \u201ejudenfreies\u201c Berlin zu pr\u00e4sentieren, oder Albert Speers Germania-Planungen. Die f\u00fcr die Ausstellung inhaltlich Verantwortlichen haben sich bem\u00fcht, Forschungsl\u00fccken auszuf\u00fcllen, jedoch konnte dies in der K\u00fcrze der Zeit nur partiell gelingen. Etliche Ausstellungen haben die Berliner in den letzten Jahren mit einzelnen Themenfeldern intensiv bekannt gemacht. Die Themen reichen vom j\u00fcdischen Widerstand \u00fcber die Geschichte des J\u00fcdischen Kulturbundes bis hin zur Liebesgeschichte von Aim\u00e9e und Jaguar das Exil in Shanghai oder die Geschichte des Ghettos Lodz.<\/p><\/div><div class=\"fusion-text\"><p>[1]\u00a0Vgl. Erica Fischer, Aim\u00e9e und Jaguar. Eine Liebesgeschichte \u2013 Berlin 1943, Berlin 1994<\/p><\/div><\/div>\t\t\t\t\t\t\t\t<\/div>\n\t\t\t\t<\/div>\n\t\t\t\t\t<\/div>\n\t\t<\/div>\n\t\t\t\t\t<\/div>\n\t\t<\/section>\n\t\t\t\t<section class=\"elementor-section elementor-top-section elementor-element elementor-element-a24fc81 elementor-section-height-min-height elementor-section-boxed elementor-section-height-default elementor-section-items-middle\" data-id=\"a24fc81\" data-element_type=\"section\" data-e-type=\"section\" data-settings=\"{&quot;background_background&quot;:&quot;classic&quot;}\">\n\t\t\t\t\t\t<div class=\"elementor-container elementor-column-gap-default\">\n\t\t\t\t\t<div class=\"elementor-column elementor-col-100 elementor-top-column elementor-element elementor-element-8e9fcd0\" data-id=\"8e9fcd0\" data-element_type=\"column\" data-e-type=\"column\">\n\t\t\t<div class=\"elementor-widget-wrap\">\n\t\t\t\t\t\t\t<\/div>\n\t\t<\/div>\n\t\t\t\t\t<\/div>\n\t\t<\/section>\n\t\t\t\t<section class=\"elementor-section elementor-top-section elementor-element elementor-element-fa73fd9 elementor-section-height-min-height elementor-section-boxed elementor-section-height-default elementor-section-items-middle\" data-id=\"fa73fd9\" data-element_type=\"section\" data-e-type=\"section\">\n\t\t\t\t\t\t<div class=\"elementor-container elementor-column-gap-default\">\n\t\t\t\t\t<div class=\"elementor-column elementor-col-100 elementor-top-column elementor-element elementor-element-2b060b5\" data-id=\"2b060b5\" data-element_type=\"column\" data-e-type=\"column\">\n\t\t\t<div class=\"elementor-widget-wrap elementor-element-populated\">\n\t\t\t\t\t\t<div class=\"elementor-element elementor-element-6740d8e elementor-widget elementor-widget-heading\" data-id=\"6740d8e\" data-element_type=\"widget\" data-e-type=\"widget\" data-widget_type=\"heading.default\">\n\t\t\t\t<div class=\"elementor-widget-container\">\n\t\t\t\t\t<h2 class=\"elementor-heading-title elementor-size-default\">Unsere Ausstellung \u201eJuden in Berlin 1938 -1945\u201c\n<\/h2>\t\t\t\t<\/div>\n\t\t\t\t<\/div>\n\t\t\t\t<div class=\"elementor-element elementor-element-b0e9f5a elementor-widget elementor-widget-heading\" data-id=\"b0e9f5a\" data-element_type=\"widget\" data-e-type=\"widget\" data-widget_type=\"heading.default\">\n\t\t\t\t<div class=\"elementor-widget-container\">\n\t\t\t\t\t<h2 class=\"elementor-heading-title elementor-size-default\">baut auf diesen Leistungen auf und bietet gleichzeitig Neues, ohne nat\u00fcrlich Anspruch auf Vollst\u00e4ndigkeit zu erheben. Sie unterscheidet sich vor allem in drei Punkten von den bisherigen Expositionen:<\/h2>\t\t\t\t<\/div>\n\t\t\t\t<\/div>\n\t\t\t\t<div class=\"elementor-element elementor-element-d203533 elementor-widget elementor-widget-text-editor\" data-id=\"d203533\" data-element_type=\"widget\" data-e-type=\"widget\" data-widget_type=\"text-editor.default\">\n\t\t\t\t<div class=\"elementor-widget-container\">\n\t\t\t\t\t\t\t\t\t<div class=\"fusion-text\"><div class=\"fusion-text\"><div class=\"fusion-text\"><ul><li>Wir konzentrieren uns auf den Zeitraum von 1938 bis 1945, in der die staatliche Politik der \u201eforcierten Auswanderung\u201c in die des Judenmords \u00fcberf\u00fchrt wurde. Im Zentrum unserer Ausstellung stehen die Personen und Institutionen, die nach den Vertreibungs- und Deportationswellen jeweils in Berlin verblieben waren. Exponate, Dokumente und Texte geben Einblicke in die Arbeits- und Lebensbedingungen der Juden und ihr \u2013 oft erfolgloses \u2013 Bem\u00fchen um Selbstbehauptung, um Menschenw\u00fcrde und um \u00dcberleben.<\/li><li>Die Exponate erz\u00e4hlen im wahrsten Sinne des Wortes Geschichten: Geschichten von exemplarischen und au\u00dfergew\u00f6hnlichen Ereignissen, von wiederkehrenden und einmaligen Erlebnissen. Die Texte werden nicht auf Schautafeln zu lesen sein, sondern mittels Audio- und Videotapes per Kopfh\u00f6rer bzw. Bildschirm akustisch oder optisch pr\u00e4sentiert. Deshalb beziehen wir m\u00f6glichst viele historische Ton- bzw. Filmaufnahmen ein, so beispielsweise die Zeugenaussage Hildegard Henschels im Proze\u00df gegen Adolf Eichmann, der von April bis Dezember 1961 vor dem Obersten Gericht des Staates Israel in Jerusalem gef\u00fchrt wurde. Hildegard Henschel war Mitarbeiterin der Reichsvereinigung der Juden in Deutschland (RV) und als Theresienstadt-\u00dcberlebende Chronistin dieser Jahre. Sie hatte durch ihre Ehe mit Moritz Henschel, dem letzten Vorsitzenden der RV, einen tiefen Einblick in das Verfolgungsgeschehen. In anderen Ausschnitten aus H\u00f6r- oder Fernsehdokumentationen der letzten f\u00fcnfzig Jahre begegnen uns inzwischen verstorbene Zeitzeugen, wie der Quizmaster Hans Rosenthal oder der fr\u00fchere Berliner Gemeindevorsitzende Heinz Galinski, aber auch unbekannte, weniger Prominente kommen zu Wort. So haben wir f\u00fcr die Ausstellung Videointerviews mit Zeitzeugen gedreht, die heute in Israel, den USA, Gro\u00dfbritannien, Schweden, in Berlin oder anderen St\u00e4dten der Bundesrepublik leben.<\/li><li>Besondere Intensit\u00e4t gewinnt die Ausstellung dadurch, da\u00df sie am historischen Ort des Geschehens, n\u00e4mlich in der Neuen Synagoge und den angrenzenden Geb\u00e4uden, gezeigt wird: Hier befand sich der Sitz der J\u00fcdischen Gemeinde bis zu deren zwangsweiser Aufl\u00f6sung am 29. Januar 1943. In diesen R\u00e4umen bem\u00fchten sich die Mitarbeiterinnen und Mitarbeiter darum, das Schul- und Hortwesen aufrechtzuerhalten, Gottesdienste zu organisieren, Unterk\u00fcnfte zu vermitteln, als Juden aufgrund der Gesetze und Anordnungen exmittiert wurden, oder sie mit Kleidung und Essen zu versorgen. Von hier aus schickte die Gemeinde ihre Bediensteten gezwungenerma\u00dfen als Ordner zu denjenigen, die auf der Deportationsliste standen, um sie abzuholen. Hier hielt die Gestapo die Gemeindeangestellten als Geiseln fest, als am 20. Oktober 1942 Mitarbeiter \u201eabgebaut\u201c, d.h. deportiert werden sollten und sich einige dem durch Flucht entzogen.<\/li><\/ul><p>Im oberen Stock des Geb\u00e4udes befand sich das 1905 gegr\u00fcndete Gesamtarchiv der Juden in Deutschland, f\u00fcr die Nationalsozialisten eine willkommene Sammlung von Abstammungsunterlagen, die sp\u00e4ter vom Reichssippenamt beschlagnahmt wurde. Die Gestapo baute diese Kartei systematisch zu Verfolgungszwecken aus.<\/p><\/div><div class=\"fusion-text\"><p>[1]\u00a0Vgl. Erica Fischer, Aim\u00e9e und Jaguar. Eine Liebesgeschichte \u2013 Berlin 1943, Berlin 1994<\/p><\/div><\/div><\/div>\t\t\t\t\t\t\t\t<\/div>\n\t\t\t\t<\/div>\n\t\t\t\t\t<\/div>\n\t\t<\/div>\n\t\t\t\t\t<\/div>\n\t\t<\/section>\n\t\t\t\t<section class=\"elementor-section elementor-top-section elementor-element elementor-element-850a8e6 elementor-section-height-min-height elementor-section-boxed elementor-section-height-default elementor-section-items-middle\" data-id=\"850a8e6\" data-element_type=\"section\" data-e-type=\"section\" data-settings=\"{&quot;background_background&quot;:&quot;classic&quot;}\">\n\t\t\t\t\t\t<div class=\"elementor-container elementor-column-gap-default\">\n\t\t\t\t\t<div class=\"elementor-column elementor-col-100 elementor-top-column elementor-element elementor-element-a8b6566\" data-id=\"a8b6566\" data-element_type=\"column\" data-e-type=\"column\">\n\t\t\t<div class=\"elementor-widget-wrap\">\n\t\t\t\t\t\t\t<\/div>\n\t\t<\/div>\n\t\t\t\t\t<\/div>\n\t\t<\/section>\n\t\t\t\t<section class=\"elementor-section elementor-top-section elementor-element elementor-element-d0cdf50 elementor-section-height-min-height elementor-section-boxed elementor-section-height-default elementor-section-items-middle\" data-id=\"d0cdf50\" data-element_type=\"section\" data-e-type=\"section\" data-settings=\"{&quot;background_background&quot;:&quot;classic&quot;}\">\n\t\t\t\t\t\t<div class=\"elementor-container elementor-column-gap-default\">\n\t\t\t\t\t<div class=\"elementor-column elementor-col-100 elementor-top-column elementor-element elementor-element-14d9107\" data-id=\"14d9107\" data-element_type=\"column\" data-e-type=\"column\">\n\t\t\t<div class=\"elementor-widget-wrap elementor-element-populated\">\n\t\t\t\t\t\t<div class=\"elementor-element elementor-element-dddb103 elementor-widget elementor-widget-heading\" data-id=\"dddb103\" data-element_type=\"widget\" data-e-type=\"widget\" data-widget_type=\"heading.default\">\n\t\t\t\t<div class=\"elementor-widget-container\">\n\t\t\t\t\t<h2 class=\"elementor-heading-title elementor-size-default\">Die Ausstellungsbesucher wurden in<br>\ninsgesamt f\u00fcnfzehn Stationen<\/h2>\t\t\t\t<\/div>\n\t\t\t\t<\/div>\n\t\t\t\t<div class=\"elementor-element elementor-element-071ad52 elementor-widget elementor-widget-text-editor\" data-id=\"071ad52\" data-element_type=\"widget\" data-e-type=\"widget\" data-widget_type=\"text-editor.default\">\n\t\t\t\t<div class=\"elementor-widget-container\">\n\t\t\t\t\t\t\t\t\t<p>mit einzelnen Aspekten der Judenverfolgung in Berlin bekannt gemacht. Die Station 1 beleuchtet die Ereignisse des Jahres 1938 mit ihren weitreichenden Folgen: Die \u201eJuni-Aktion\u201c, in der (meist wegen Verst\u00f6\u00dfe gegen die zahlreichen Verordnungen) vorbestrafte Juden zusammen mit \u201eArbeitsscheuen\u201c und \u201eAsozialen\u201c verhaftet und j\u00fcdische Gesch\u00e4fte beschmiert wurden; die sogenannte Polen-Aktion, in der Juden polnischer Staatsangeh\u00f6rigkeit \u00fcber die Grenze abgeschoben wurden; schlie\u00dflich den November-Pogrom, bei dem 12.000 Berliner Juden verhaftet und in die Konzentrationslager Sachsenhausen und Buchenwald gebracht, Synagogen in Brand gesteckt und L\u00e4den gepl\u00fcndert wurden. Im H\u00f6rtext berichten Zeitzeugen von der Zerst\u00f6rung von Gottesh\u00e4usern, insbesondere der Synagoge Fasanenstra\u00dfe, von Mi\u00dfhandlungen und der KZ-Haft. In einer Vitrine zeugen Schellackplatten mit Synagogalmusik, die der Arzt Kurt Marcuse aus den Tr\u00fcmmern der ausgebrannten Synagoge Prinzregentenstra\u00dfe gerettet und dadurch f\u00fcr die Nachwelt erhalten hat. Auch an zwei j\u00fcdische Jungen wird erinnert, die Torarollen aus dem \u201eFriedenstempel\u201c, der Synagoge Markgraf-Albrecht-Stra\u00dfe, bargen und in Sicherheit brachten. Der Kultusdezernent der Gemeinde, Elieser Ehrenberg, bem\u00fchte sich, beiden Jungen zur Auswanderung zu verhelfen. Nur in einem Fall gelang dies; der andere Junge wurde deportiert und ermordet.<\/p>\t\t\t\t\t\t\t\t<\/div>\n\t\t\t\t<\/div>\n\t\t\t\t\t<\/div>\n\t\t<\/div>\n\t\t\t\t\t<\/div>\n\t\t<\/section>\n\t\t\t\t<section class=\"elementor-section elementor-top-section elementor-element elementor-element-b216d6f elementor-section-full_width elementor-reverse-mobile elementor-section-height-default elementor-section-height-default\" data-id=\"b216d6f\" data-element_type=\"section\" data-e-type=\"section\">\n\t\t\t\t\t\t<div class=\"elementor-container elementor-column-gap-no\">\n\t\t\t\t\t<div class=\"elementor-column elementor-col-50 elementor-top-column elementor-element elementor-element-7f2db6f\" data-id=\"7f2db6f\" data-element_type=\"column\" data-e-type=\"column\">\n\t\t\t<div class=\"elementor-widget-wrap elementor-element-populated\">\n\t\t\t\t\t\t<div class=\"elementor-element elementor-element-cb945a0 elementor-widget-divider--view-line elementor-widget elementor-widget-divider\" data-id=\"cb945a0\" data-element_type=\"widget\" data-e-type=\"widget\" data-widget_type=\"divider.default\">\n\t\t\t\t<div class=\"elementor-widget-container\">\n\t\t\t\t\t\t\t<div class=\"elementor-divider\">\n\t\t\t<span class=\"elementor-divider-separator\">\n\t\t\t\t\t\t<\/span>\n\t\t<\/div>\n\t\t\t\t\t\t<\/div>\n\t\t\t\t<\/div>\n\t\t\t\t<div class=\"elementor-element elementor-element-8c64847 elementor-widget elementor-widget-heading\" data-id=\"8c64847\" data-element_type=\"widget\" data-e-type=\"widget\" data-widget_type=\"heading.default\">\n\t\t\t\t<div class=\"elementor-widget-container\">\n\t\t\t\t\t<h2 class=\"elementor-heading-title elementor-size-default\">Die Ereignisse der Pogromnacht\n<\/h2>\t\t\t\t<\/div>\n\t\t\t\t<\/div>\n\t\t\t\t<div class=\"elementor-element elementor-element-14a9aaa elementor-widget elementor-widget-text-editor\" data-id=\"14a9aaa\" data-element_type=\"widget\" data-e-type=\"widget\" data-widget_type=\"text-editor.default\">\n\t\t\t\t<div class=\"elementor-widget-container\">\n\t\t\t\t\t\t\t\t\t<p>forcierten die Zwangsverk\u00e4ufe j\u00fcdischer Gesch\u00e4fte, die in der Ausstellung am Beispiel der Zigarettenfabrik Garb\u00e1ty zu h\u00f6ren und zu sehen sind (<strong>Station 3<\/strong>), und die Emigrationsbem\u00fchungen (nicht nur) der Inhaftierten (<strong>Station 2<\/strong>). Der heute in den USA lebende Walter Philipp, der Berlin zusammen mit seinen Eltern gerade noch verlassen konnte, als schon die ersten Deportationsz\u00fcge gen Osten rollten, lieh uns die Reisep\u00e4sse seiner Eltern, sein Gebetbuch, das er ein Jahr zuvor zur Bar Mizwa in der Neuen Synagoge (Oranienburger Stra\u00dfe) geschenkt bekommen hatte, und seine Menora, die er trotz Gep\u00e4ckbeschr\u00e4nkung mitnahm und sorgsam \u00fcber sechzig Jahre geh\u00fctet hat. Es ist ihm nicht leicht gefallen, diese Gegenst\u00e4nde fast sechzig Jahre sp\u00e4ter aus der Hand zu geben und dann auch noch gerade nach Berlin auszuleihen. Um so mehr danken wir ihm stellvertretend f\u00fcr alle, die sich dazu entschlossen, uns ihre Erinnerungsgegenst\u00e4nde zeitweise zu \u00fcberlassen, damit wir sie in der Ausstellung zeigen k\u00f6nnen.<\/p><p>Walter Philipp konnte zusammen mit seinen Eltern ausreisen, Ruth Wing hingegen, die Tochter des bekannten Schauspielers Ben Spanier, sah ihre Eltern nie wieder. W\u00e4hrend sie mit einem Kindertransport in Sicherheit gebracht worden war, wurden die Eltern aus Berlin deportiert und ermordet.<\/p>\t\t\t\t\t\t\t\t<\/div>\n\t\t\t\t<\/div>\n\t\t\t\t\t<\/div>\n\t\t<\/div>\n\t\t\t\t<div class=\"elementor-column elementor-col-50 elementor-top-column elementor-element elementor-element-0ae7df2\" data-id=\"0ae7df2\" data-element_type=\"column\" data-e-type=\"column\" data-settings=\"{&quot;background_background&quot;:&quot;classic&quot;}\">\n\t\t\t<div class=\"elementor-widget-wrap elementor-element-populated\">\n\t\t\t\t\t\t<div class=\"elementor-element elementor-element-1b2f020 elementor-widget elementor-widget-spacer\" data-id=\"1b2f020\" data-element_type=\"widget\" data-e-type=\"widget\" data-widget_type=\"spacer.default\">\n\t\t\t\t<div class=\"elementor-widget-container\">\n\t\t\t\t\t\t\t<div class=\"elementor-spacer\">\n\t\t\t<div class=\"elementor-spacer-inner\"><\/div>\n\t\t<\/div>\n\t\t\t\t\t\t<\/div>\n\t\t\t\t<\/div>\n\t\t\t\t\t<\/div>\n\t\t<\/div>\n\t\t\t\t\t<\/div>\n\t\t<\/section>\n\t\t\t\t<section class=\"elementor-section elementor-top-section elementor-element elementor-element-5bed3f9 elementor-section-full_width elementor-reverse-mobile elementor-section-height-default elementor-section-height-default\" data-id=\"5bed3f9\" data-element_type=\"section\" data-e-type=\"section\">\n\t\t\t\t\t\t<div class=\"elementor-container elementor-column-gap-no\">\n\t\t\t\t\t<div class=\"elementor-column elementor-col-50 elementor-top-column elementor-element elementor-element-56a4598\" data-id=\"56a4598\" data-element_type=\"column\" data-e-type=\"column\" data-settings=\"{&quot;background_background&quot;:&quot;classic&quot;}\">\n\t\t\t<div class=\"elementor-widget-wrap elementor-element-populated\">\n\t\t\t\t\t\t<div class=\"elementor-element elementor-element-e77cae3 elementor-widget elementor-widget-spacer\" data-id=\"e77cae3\" data-element_type=\"widget\" data-e-type=\"widget\" data-widget_type=\"spacer.default\">\n\t\t\t\t<div class=\"elementor-widget-container\">\n\t\t\t\t\t\t\t<div class=\"elementor-spacer\">\n\t\t\t<div class=\"elementor-spacer-inner\"><\/div>\n\t\t<\/div>\n\t\t\t\t\t\t<\/div>\n\t\t\t\t<\/div>\n\t\t\t\t\t<\/div>\n\t\t<\/div>\n\t\t\t\t<div class=\"elementor-column elementor-col-50 elementor-top-column elementor-element elementor-element-541ac2c\" data-id=\"541ac2c\" data-element_type=\"column\" data-e-type=\"column\">\n\t\t\t<div class=\"elementor-widget-wrap elementor-element-populated\">\n\t\t\t\t\t\t<div class=\"elementor-element elementor-element-ced6c18 elementor-widget-divider--view-line elementor-widget elementor-widget-divider\" data-id=\"ced6c18\" data-element_type=\"widget\" data-e-type=\"widget\" data-widget_type=\"divider.default\">\n\t\t\t\t<div class=\"elementor-widget-container\">\n\t\t\t\t\t\t\t<div class=\"elementor-divider\">\n\t\t\t<span class=\"elementor-divider-separator\">\n\t\t\t\t\t\t<\/span>\n\t\t<\/div>\n\t\t\t\t\t\t<\/div>\n\t\t\t\t<\/div>\n\t\t\t\t<div class=\"elementor-element elementor-element-381d934 elementor-widget elementor-widget-heading\" data-id=\"381d934\" data-element_type=\"widget\" data-e-type=\"widget\" data-widget_type=\"heading.default\">\n\t\t\t\t<div class=\"elementor-widget-container\">\n\t\t\t\t\t<h2 class=\"elementor-heading-title elementor-size-default\">Geht es in der Station 2\n<\/h2>\t\t\t\t<\/div>\n\t\t\t\t<\/div>\n\t\t\t\t<div class=\"elementor-element elementor-element-a91f16b elementor-widget elementor-widget-text-editor\" data-id=\"a91f16b\" data-element_type=\"widget\" data-e-type=\"widget\" data-widget_type=\"text-editor.default\">\n\t\t\t\t<div class=\"elementor-widget-container\">\n\t\t\t\t\t\t\t\t\t<p>eigentlich um die Emigration, so spielt auch hier, wie in jeder anderen Station der Ausstellung, das Thema Deportation, das ausf\u00fchrlich in\u00a0<strong>Station 8<\/strong>\u00a0behandelt wird, bereits eine Rolle, und zwar behandelt Station 2 die Deportation derjenigen, die nicht rechtzeitig emigrieren konnten, weil sie zu alt, zu arm waren oder sich zu sp\u00e4t zur Auswanderung entschlossen hatten bzw. ihnen die Einwanderung nicht erm\u00f6glicht worden war. Hatte jemand gegen eine der zahlreichen Verordnungen versto\u00dfen, die in der\u00a0<strong>Station 4\u00a0<\/strong>gezeigt werden, insbesondere den \u201eJudenstern\u201c nicht getragen\u00a0<strong>(Station 5<\/strong>), konnte dies zu \u201eSchutzhaft\u201c und damit zur Deportation f\u00fchren. Junge Zionisten wurden aus den zu Zwangsarbeiterlagern umgewandelten Ausbildungsst\u00e4tten (<strong>Station 6<\/strong>) deportiert; j\u00fcdische Zwangsarbeiter (<strong>Station 7<\/strong>) im Rahmen der \u201eFabrik-Aktion\u201c (<strong>Station 9<\/strong>). Die Deportation steht als drohendes Verh\u00e4ngnis im Hintergrund, wenn Menschen berichten, die im Versteck \u00fcberlebt haben (<strong>Station 11<\/strong>) und als Motivation f\u00fcr die j\u00fcdischen \u201eGreifer\u201c, die noch den letzten Untergetauchten auffinden mu\u00dften (<strong>Station 10<\/strong>). Auch dort, wo die T\u00e4tigkeit der Reichsvereinigung der Juden in Deutschland und der J\u00fcdischen Gemeinde thematisiert wird (<strong>Station 12<\/strong>), geht es um die Mitarbeit der J\u00fcdischen Gemeinde an der \u201eAbwanderung\u201c, das Schicksal einzelner Repr\u00e4sentanten (<strong>Station 13<\/strong>), um die Deportation von Gemeindeangestellten im Oktober 1942 (<strong>Station 14<\/strong>) und die Fortexistenz der Reichsvereinigung als Rest-Reichsvereinigung, die der Gestapo bei der Zusammenstellung der Transporte behilflich sein mu\u00dfte (<strong>Station 15<\/strong>).<\/p>\t\t\t\t\t\t\t\t<\/div>\n\t\t\t\t<\/div>\n\t\t\t\t\t<\/div>\n\t\t<\/div>\n\t\t\t\t\t<\/div>\n\t\t<\/section>\n\t\t\t\t<section class=\"elementor-section elementor-top-section elementor-element elementor-element-bd1ebbe elementor-section-height-min-height elementor-section-boxed elementor-section-height-default elementor-section-items-middle\" data-id=\"bd1ebbe\" data-element_type=\"section\" data-e-type=\"section\" data-settings=\"{&quot;background_background&quot;:&quot;classic&quot;}\">\n\t\t\t\t\t\t<div class=\"elementor-container elementor-column-gap-default\">\n\t\t\t\t\t<div class=\"elementor-column elementor-col-100 elementor-top-column elementor-element elementor-element-ecb4c88\" data-id=\"ecb4c88\" data-element_type=\"column\" data-e-type=\"column\">\n\t\t\t<div class=\"elementor-widget-wrap elementor-element-populated\">\n\t\t\t\t\t\t<div class=\"elementor-element elementor-element-06a42ea elementor-widget elementor-widget-heading\" data-id=\"06a42ea\" data-element_type=\"widget\" data-e-type=\"widget\" data-widget_type=\"heading.default\">\n\t\t\t\t<div class=\"elementor-widget-container\">\n\t\t\t\t\t<h2 class=\"elementor-heading-title elementor-size-default\">Deportationen<\/h2>\t\t\t\t<\/div>\n\t\t\t\t<\/div>\n\t\t\t\t<div class=\"elementor-element elementor-element-00eb5fd elementor-widget elementor-widget-text-editor\" data-id=\"00eb5fd\" data-element_type=\"widget\" data-e-type=\"widget\" data-widget_type=\"text-editor.default\">\n\t\t\t\t<div class=\"elementor-widget-container\">\n\t\t\t\t\t\t\t\t\t<p>Nach Sch\u00e4tzungen haben ungef\u00e4hr 7.000 Berliner J\u00fcdinnen und Juden angesichts der ausweglosen Situation Selbstmord begangen. Eine Vitrine zeigt das damals gebr\u00e4uchlichste Mittel, Veronal, sowie das Aufnahmebuch des J\u00fcdischen Krankenhauses, das die Einlieferungen wegen Schlafmittelvergiftung akribisch verzeichnete. Gl\u00fcckte ein Selbstmordversuch nicht, mu\u00dften die \u00c4rzte alles daransetzen, dem Patienten zur Genesung zu verhelfen, damit er auf die n\u00e4chste Transportliste gesetzt werden konnte. Bevor die Berliner Juden \u201eabwanderten\u201c \u2013 wie es in der NS-Terminologie hie\u00df \u2013 mu\u00dften sie mehrere Tage in einem Sammellager verbringen.<\/p><p>\u201ePapa! Sind abgeholt. Komme sofort nach zur Gr. Hamburger. Klaus und Mama\u201c, schrieb der sechzehnj\u00e4hrige Klaus Scheurenberg auf die R\u00fcckseite eines Rezeptes. Der Vater, der selbst als j\u00fcdischer Ordner arbeiten mu\u00dfte, konnte seine Familie diesmal noch aus dem Sammellager freibekommen, sp\u00e4ter jedoch wurden auch die Scheurenbergs deportiert. Sie \u00fcberlebten durch gl\u00fcckliche Umst\u00e4nde. In einem Videofilm zu dieser Station berichten andere Zeitzeugen, die als H\u00e4ftlinge ins Sammellager gekommen oder als Helfer dort t\u00e4tig waren, von den Abl\u00e4ufen und den Trag\u00f6dien, die sich in diesen Lagern abspielten. Dort bekamen die zu Deportierenden ihre Transportnummer, die auf alle Gep\u00e4ckst\u00fccke aufgen\u00e4ht werden mu\u00dfte. Eine dieser Nummern ist in der Ausstellung zu sehen. Bevor die Juden den Weg ins Sammellager antraten, hatten sie daf\u00fcr zu sorgen, die Wohnung in ordentlichem Zustand zu hinterlassen, Strom- und Gasrechnungen zu bezahlen und den Wohnungsschl\u00fcssel an der n\u00e4chsten Polizeiwache zu hinterlegen. Die Polizei versiegelte dann die Wohnung vorl\u00e4ufig, bis das Mobiliar ausger\u00e4umt und die Wohnung an einen neuen, nichtj\u00fcdischen Mieter \u00fcbergeben wurde. Auch ein solches Papiersiegel ist erhalten geblieben und wird in der Ausstellung gezeigt.<\/p><p>Vor der Deportation mussten 16seitige Verm\u00f6genserkl\u00e4rungen abgegeben werden, die zu Zehntausenden in den Oberfinanzdirektionen bis heute erhalten geblieben sind. Seit einiger Zeit stehen sie der Forschung zur Verf\u00fcgung. So k\u00f6nnen wir beispielhaft einen Einblick in die Akte der Operns\u00e4ngerin Therese Rothauser geben, die kaum noch nennenswertes Verm\u00f6gen besessen hatte, als sie als fast 80j\u00e4hrige den Weg nach Theresienstadt antreten mu\u00dfte. Den Deportationstransporten wurden auch \u201eSchutzh\u00e4ftlinge\u201c angeschlossen. So sind in der Station 8 Briefe zu sehen, die Walter Oppenheimer und seine Lebensgef\u00e4hrtin Rose Scharnberg als Kassiber in das Polizeigef\u00e4ngnis Lehrter Stra\u00dfe hinein- oder hinausschmuggelten. Oppenheimer, der j\u00fcdischer Herkunft war, geh\u00f6rte zu einer Gruppe der Bekennenden Kirche, die versteckten Juden geholfen hatte. W\u00e4hrend des halben Jahres seiner Haft bestach seine Lebensgef\u00e4hrtin Gestapobeamte, um ihn vor der Deportation nach Auschwitz zugunsten des \u201eVorzugslagers\u201c Theresienstadt zu bewahren \u2013 vergebens.<\/p>\t\t\t\t\t\t\t\t<\/div>\n\t\t\t\t<\/div>\n\t\t\t\t\t<\/div>\n\t\t<\/div>\n\t\t\t\t\t<\/div>\n\t\t<\/section>\n\t\t\t\t<section class=\"elementor-section elementor-top-section elementor-element elementor-element-1b0ad5f elementor-section-full_width elementor-reverse-mobile elementor-section-height-default elementor-section-height-default\" data-id=\"1b0ad5f\" data-element_type=\"section\" data-e-type=\"section\">\n\t\t\t\t\t\t<div class=\"elementor-container elementor-column-gap-no\">\n\t\t\t\t\t<div class=\"elementor-column elementor-col-50 elementor-top-column elementor-element elementor-element-5fc4db4\" data-id=\"5fc4db4\" data-element_type=\"column\" data-e-type=\"column\">\n\t\t\t<div class=\"elementor-widget-wrap elementor-element-populated\">\n\t\t\t\t\t\t<div class=\"elementor-element elementor-element-08b6bc9 elementor-widget-divider--view-line elementor-widget elementor-widget-divider\" data-id=\"08b6bc9\" data-element_type=\"widget\" data-e-type=\"widget\" data-widget_type=\"divider.default\">\n\t\t\t\t<div class=\"elementor-widget-container\">\n\t\t\t\t\t\t\t<div class=\"elementor-divider\">\n\t\t\t<span class=\"elementor-divider-separator\">\n\t\t\t\t\t\t<\/span>\n\t\t<\/div>\n\t\t\t\t\t\t<\/div>\n\t\t\t\t<\/div>\n\t\t\t\t<div class=\"elementor-element elementor-element-a40e49e elementor-widget elementor-widget-heading\" data-id=\"a40e49e\" data-element_type=\"widget\" data-e-type=\"widget\" data-widget_type=\"heading.default\">\n\t\t\t\t<div class=\"elementor-widget-container\">\n\t\t\t\t\t<h2 class=\"elementor-heading-title elementor-size-default\">Doch ebenso\n<\/h2>\t\t\t\t<\/div>\n\t\t\t\t<\/div>\n\t\t\t\t<div class=\"elementor-element elementor-element-31cf7d3 elementor-widget elementor-widget-text-editor\" data-id=\"31cf7d3\" data-element_type=\"widget\" data-e-type=\"widget\" data-widget_type=\"text-editor.default\">\n\t\t\t\t<div class=\"elementor-widget-container\">\n\t\t\t\t\t\t\t\t\t<div class=\"fusion-layout-column fusion_builder_column fusion_builder_column_1_2 fusion-builder-column-14 fusion-one-half fusion-column-first 1_2\"><div class=\"fusion-column-wrapper\" data-bg-url=\"\"><div class=\"fusion-column-content-centered\"><div class=\"fusion-column-content\"><div class=\"fusion-text\"><p>wie in jeder Station die Bedrohung deutlich wird,werden auch die Bem\u00fchungen um Selbstbehauptung, um die Erhaltung der W\u00fcrde und um Solidarit\u00e4t gezeigt: Wie Jugendliche die Torarollen retteten, wie sie versuchten, das Tragen des gelben Sterns zu umgehen, wie Selbsthilfe und Selbstbehauptung organisiert und beispielsweise auch sp\u00e4ter illegal bei zionistischen Gruppen aufrechterhalten werden konnten, wie j\u00fcdisches Personal den zur Deportation Aufgerufenen beistand, davon zeugen Fotos, Interviewausschnitte und Videoaufzeichnungen. Gef\u00e4lschte Personalpapiere \u2013 von der Kennkarte bis hin zur Volkssturmeinberufung, vom Betriebsausweis bis zur Fliegerschadensbescheinigung \u2013 belegen in einer anderen Ausstellungsstation den \u00dcberlebenswillen, den Mut und die Pfiffigkeit derjenigen, die als \u201eU-Boote\u201c im Berliner Untergrund verdeckt oder versteckt \u00fcberlebt haben. In Kellern, auf Dachb\u00f6den, in teilweise zerst\u00f6rten Wohnungen oder in Laubenkolonien mu\u00dften sie auf Schritt und Tritt Kontrollen, Denunziationen und Entdeckung bef\u00fcrchten. Oft genug fielen sie gewissenlosen Gesch\u00e4ftemachern oder privaten Ausbeutern in die H\u00e4nde, erhielten aber auch uneigenn\u00fctzige Hilfe von Freunden, ehemaligen Angestellten oder nichtj\u00fcdischen Familienmitgliedern, von gl\u00e4ubigen Christen oder Atheisten, von Puffm\u00fcttern und Prostituierten.<\/p><\/div><\/div><\/div><div class=\"fusion-clearfix\">\u00a0<\/div><\/div><\/div><div class=\"fusion-layout-column fusion_builder_column fusion_builder_column_1_2 fusion-builder-column-15 fusion-one-half fusion-column-last fusion-column-inner-bg-wrapper fusion-animated 1_2\" data-animationtype=\"fadeInLeft\" data-animationduration=\"0.5\" data-animationoffset=\"100%\">\u00a0<\/div>\t\t\t\t\t\t\t\t<\/div>\n\t\t\t\t<\/div>\n\t\t\t\t\t<\/div>\n\t\t<\/div>\n\t\t\t\t<div class=\"elementor-column elementor-col-50 elementor-top-column elementor-element elementor-element-9c59861\" data-id=\"9c59861\" data-element_type=\"column\" data-e-type=\"column\" data-settings=\"{&quot;background_background&quot;:&quot;classic&quot;}\">\n\t\t\t<div class=\"elementor-widget-wrap elementor-element-populated\">\n\t\t\t\t\t\t<div class=\"elementor-element elementor-element-949c0a7 elementor-widget elementor-widget-spacer\" data-id=\"949c0a7\" data-element_type=\"widget\" data-e-type=\"widget\" data-widget_type=\"spacer.default\">\n\t\t\t\t<div class=\"elementor-widget-container\">\n\t\t\t\t\t\t\t<div class=\"elementor-spacer\">\n\t\t\t<div class=\"elementor-spacer-inner\"><\/div>\n\t\t<\/div>\n\t\t\t\t\t\t<\/div>\n\t\t\t\t<\/div>\n\t\t\t\t\t<\/div>\n\t\t<\/div>\n\t\t\t\t\t<\/div>\n\t\t<\/section>\n\t\t\t\t<section class=\"elementor-section elementor-top-section elementor-element elementor-element-349e2ca elementor-section-full_width elementor-reverse-mobile elementor-section-height-default elementor-section-height-default\" data-id=\"349e2ca\" data-element_type=\"section\" data-e-type=\"section\">\n\t\t\t\t\t\t<div class=\"elementor-container elementor-column-gap-no\">\n\t\t\t\t\t<div class=\"elementor-column elementor-col-50 elementor-top-column elementor-element elementor-element-6304f76\" data-id=\"6304f76\" data-element_type=\"column\" data-e-type=\"column\" data-settings=\"{&quot;background_background&quot;:&quot;classic&quot;}\">\n\t\t\t<div class=\"elementor-widget-wrap elementor-element-populated\">\n\t\t\t\t\t\t<div class=\"elementor-element elementor-element-5e9bc46 elementor-widget elementor-widget-spacer\" data-id=\"5e9bc46\" data-element_type=\"widget\" data-e-type=\"widget\" data-widget_type=\"spacer.default\">\n\t\t\t\t<div class=\"elementor-widget-container\">\n\t\t\t\t\t\t\t<div class=\"elementor-spacer\">\n\t\t\t<div class=\"elementor-spacer-inner\"><\/div>\n\t\t<\/div>\n\t\t\t\t\t\t<\/div>\n\t\t\t\t<\/div>\n\t\t\t\t\t<\/div>\n\t\t<\/div>\n\t\t\t\t<div class=\"elementor-column elementor-col-50 elementor-top-column elementor-element elementor-element-867c046\" data-id=\"867c046\" data-element_type=\"column\" data-e-type=\"column\">\n\t\t\t<div class=\"elementor-widget-wrap elementor-element-populated\">\n\t\t\t\t\t\t<div class=\"elementor-element elementor-element-e58402a elementor-widget-divider--view-line elementor-widget elementor-widget-divider\" data-id=\"e58402a\" data-element_type=\"widget\" data-e-type=\"widget\" data-widget_type=\"divider.default\">\n\t\t\t\t<div class=\"elementor-widget-container\">\n\t\t\t\t\t\t\t<div class=\"elementor-divider\">\n\t\t\t<span class=\"elementor-divider-separator\">\n\t\t\t\t\t\t<\/span>\n\t\t<\/div>\n\t\t\t\t\t\t<\/div>\n\t\t\t\t<\/div>\n\t\t\t\t<div class=\"elementor-element elementor-element-da241f7 elementor-widget elementor-widget-heading\" data-id=\"da241f7\" data-element_type=\"widget\" data-e-type=\"widget\" data-widget_type=\"heading.default\">\n\t\t\t\t<div class=\"elementor-widget-container\">\n\t\t\t\t\t<h2 class=\"elementor-heading-title elementor-size-default\">Im historischen Repr\u00e4sentantensaal\n<\/h2>\t\t\t\t<\/div>\n\t\t\t\t<\/div>\n\t\t\t\t<div class=\"elementor-element elementor-element-0b56146 elementor-widget elementor-widget-text-editor\" data-id=\"0b56146\" data-element_type=\"widget\" data-e-type=\"widget\" data-widget_type=\"text-editor.default\">\n\t\t\t\t<div class=\"elementor-widget-container\">\n\t\t\t\t\t\t\t\t\t<div class=\"fusion-layout-column fusion_builder_column fusion_builder_column_1_2 fusion-builder-column-14 fusion-one-half fusion-column-first 1_2\"><div class=\"fusion-column-wrapper\" data-bg-url=\"\"><div class=\"fusion-column-content-centered\"><div class=\"fusion-column-content\"><div class=\"fusion-text\"><p>der Neuen Synagoge zeigt eine Gro\u00dfprojektion die Portr\u00e4ts und Kurzlebensl\u00e4ufe der M\u00e4nner und Frauen, die im Vorstand oder als leitende Mitarbeiter die vielf\u00e4ltigen Aktivit\u00e4ten der J\u00fcdischen Gemeinde, der Reichsvereinigung der Juden und der j\u00fcdischen Institutionen nach 1938 wesentlich getragen haben (<strong>Station 12<\/strong>). Viele bezahlten dieses Engagement mit dem Leben, einige \u00fcberlebten die Konzentrationslagerhaft. In diesem historischen Saal fand schlie\u00dflich der ber\u00fcchtigte Appell am 20. Oktober 1942 statt (<strong>Station 13<\/strong>), bei dem \u00fcber 500 Gemeindeangestellte zur Deportation bestimmt wurden.<\/p><p>Als die Reichsvereinigung im Juni 1943 offiziell aufgel\u00f6st wurde, wurden nun auch die Mitarbeiter und Repr\u00e4sentanten nach Theresienstadt deportiert. Von den vielen j\u00fcdischen Institutionen in Berlin existierten nur noch der Friedhof in Wei\u00dfensee und das J\u00fcdische Krankenhaus im Bezirk Wedding. Der ber\u00fcchtigte Direktor des Krankenhauses, Dr. Dr. Walter Lustig, leitete dort die sogenannte Rest-Reichsvereinigung. Hier wurden nicht nur Kranke behandelt, sondern alle Personen inhaftiert, deren Abstammung aus Sicht der Nationalsozialisten\u00a0 der Kl\u00e4rung bedurfte (<strong>Station 15<\/strong>).<\/p><\/div><\/div><\/div><\/div><\/div>\t\t\t\t\t\t\t\t<\/div>\n\t\t\t\t<\/div>\n\t\t\t\t\t<\/div>\n\t\t<\/div>\n\t\t\t\t\t<\/div>\n\t\t<\/section>\n\t\t\t\t<section class=\"elementor-section elementor-top-section elementor-element elementor-element-7bf3e0a elementor-section-boxed elementor-section-height-default elementor-section-height-default\" data-id=\"7bf3e0a\" data-element_type=\"section\" data-e-type=\"section\">\n\t\t\t\t\t\t<div class=\"elementor-container elementor-column-gap-default\">\n\t\t\t\t\t<div class=\"elementor-column elementor-col-100 elementor-top-column elementor-element elementor-element-ce7bea6\" data-id=\"ce7bea6\" data-element_type=\"column\" data-e-type=\"column\">\n\t\t\t<div class=\"elementor-widget-wrap elementor-element-populated\">\n\t\t\t\t\t\t<div class=\"elementor-element elementor-element-805f766 elementor-widget elementor-widget-heading\" data-id=\"805f766\" data-element_type=\"widget\" data-e-type=\"widget\" data-widget_type=\"heading.default\">\n\t\t\t\t<div class=\"elementor-widget-container\">\n\t\t\t\t\t<h2 class=\"elementor-heading-title elementor-size-default\">Repr\u00e4sentanten und MitarbeiterInnen der J\u00fcdischen Gemeinde\nund der Reichsvereinigung der Juden in Deutschland<\/h2>\t\t\t\t<\/div>\n\t\t\t\t<\/div>\n\t\t\t\t<section class=\"elementor-section elementor-inner-section elementor-element elementor-element-cd4d9a3 elementor-section-boxed elementor-section-height-default elementor-section-height-default\" data-id=\"cd4d9a3\" data-element_type=\"section\" data-e-type=\"section\">\n\t\t\t\t\t\t<div class=\"elementor-container elementor-column-gap-default\">\n\t\t\t\t\t<div class=\"elementor-column elementor-col-33 elementor-inner-column elementor-element elementor-element-64e3d25\" data-id=\"64e3d25\" data-element_type=\"column\" data-e-type=\"column\">\n\t\t\t<div class=\"elementor-widget-wrap elementor-element-populated\">\n\t\t\t\t\t\t<div class=\"elementor-element elementor-element-5751554 cstm_accor elementor-widget elementor-widget-accordion\" data-id=\"5751554\" data-element_type=\"widget\" data-e-type=\"widget\" data-widget_type=\"accordion.default\">\n\t\t\t\t<div class=\"elementor-widget-container\">\n\t\t\t\t\t\t\t<div class=\"elementor-accordion\">\n\t\t\t\t\t\t\t<div class=\"elementor-accordion-item\">\n\t\t\t\t\t<div id=\"elementor-tab-title-9151\" class=\"elementor-tab-title\" data-tab=\"1\" role=\"button\" aria-controls=\"elementor-tab-content-9151\" aria-expanded=\"false\">\n\t\t\t\t\t\t\t\t\t\t\t\t\t<span class=\"elementor-accordion-icon elementor-accordion-icon-left\" aria-hidden=\"true\">\n\t\t\t\t\t\t\t\t\t\t\t\t\t\t\t<span class=\"elementor-accordion-icon-closed\"><i class=\"fas fa-plus\"><\/i><\/span>\n\t\t\t\t\t\t\t\t<span class=\"elementor-accordion-icon-opened\"><i class=\"fas fa-minus\"><\/i><\/span>\n\t\t\t\t\t\t\t\t\t\t\t\t\t\t<\/span>\n\t\t\t\t\t\t\t\t\t\t\t\t<a class=\"elementor-accordion-title\" tabindex=\"0\"> Dr. Leo Baeck<\/a>\n\t\t\t\t\t<\/div>\n\t\t\t\t\t<div id=\"elementor-tab-content-9151\" class=\"elementor-tab-content elementor-clearfix\" data-tab=\"1\" role=\"region\" aria-labelledby=\"elementor-tab-title-9151\"><p>geb. 23.5.1873, Rabbiner der J\u00fcdischen Gemeinde, Vorstand der Gemeinde und der Reichsvereinigung, Lehrer an der Hochschule f\u00fcr die Wissenschaft des Judentums. Er wurde am 26.1.1943 nach Theresienstadt deportiert, arbeitete dort im \u00c4ltestenrat. Nach der Befreiung emigrierte er nach Gro\u00dfbritannien, lehrte sp\u00e4ter ab 1948 am Hebrew College in Cincinnati. Baeck starb am 2.11.1956 in London.<\/p><\/div>\n\t\t\t\t<\/div>\n\t\t\t\t\t\t\t<div class=\"elementor-accordion-item\">\n\t\t\t\t\t<div id=\"elementor-tab-title-9152\" class=\"elementor-tab-title\" data-tab=\"2\" role=\"button\" aria-controls=\"elementor-tab-content-9152\" aria-expanded=\"false\">\n\t\t\t\t\t\t\t\t\t\t\t\t\t<span class=\"elementor-accordion-icon elementor-accordion-icon-left\" aria-hidden=\"true\">\n\t\t\t\t\t\t\t\t\t\t\t\t\t\t\t<span class=\"elementor-accordion-icon-closed\"><i class=\"fas fa-plus\"><\/i><\/span>\n\t\t\t\t\t\t\t\t<span class=\"elementor-accordion-icon-opened\"><i class=\"fas fa-minus\"><\/i><\/span>\n\t\t\t\t\t\t\t\t\t\t\t\t\t\t<\/span>\n\t\t\t\t\t\t\t\t\t\t\t\t<a class=\"elementor-accordion-title\" tabindex=\"0\"> Dr. Cora Berliner<\/a>\n\t\t\t\t\t<\/div>\n\t\t\t\t\t<div id=\"elementor-tab-content-9152\" class=\"elementor-tab-content elementor-clearfix\" data-tab=\"2\" role=\"region\" aria-labelledby=\"elementor-tab-title-9152\"><p>geb. 23.1.1890, Professorin f\u00fcr Volkswirtschaftslehre, arbeitete in der Reichsvereinigung in der Abteilung Auswanderung und k\u00fcmmerte sich besonders um die Auswanderung von M\u00e4dchen und Frauen. Am 26.6.1942 wurde sie bei einem Kontrollbesuch der Gestapo zur Deportation bestimmt, eine Woche sp\u00e4ter in den Osten deportiert und im Alter von 52 Jahren ermordet.<\/p><\/div>\n\t\t\t\t<\/div>\n\t\t\t\t\t\t\t<div class=\"elementor-accordion-item\">\n\t\t\t\t\t<div id=\"elementor-tab-title-9153\" class=\"elementor-tab-title\" data-tab=\"3\" role=\"button\" aria-controls=\"elementor-tab-content-9153\" aria-expanded=\"false\">\n\t\t\t\t\t\t\t\t\t\t\t\t\t<span class=\"elementor-accordion-icon elementor-accordion-icon-left\" aria-hidden=\"true\">\n\t\t\t\t\t\t\t\t\t\t\t\t\t\t\t<span class=\"elementor-accordion-icon-closed\"><i class=\"fas fa-plus\"><\/i><\/span>\n\t\t\t\t\t\t\t\t<span class=\"elementor-accordion-icon-opened\"><i class=\"fas fa-minus\"><\/i><\/span>\n\t\t\t\t\t\t\t\t\t\t\t\t\t\t<\/span>\n\t\t\t\t\t\t\t\t\t\t\t\t<a class=\"elementor-accordion-title\" tabindex=\"0\"> Anneliese, genannt Ora, Borinski<\/a>\n\t\t\t\t\t<\/div>\n\t\t\t\t\t<div id=\"elementor-tab-content-9153\" class=\"elementor-tab-content elementor-clearfix\" data-tab=\"3\" role=\"region\" aria-labelledby=\"elementor-tab-title-9153\"><p>geb. 5.9.1914, Volksschullehrerin, arbeitete in den Hachscharahlagern Gut Arensdorf und Landwerk Neuendorf. Sie wurde am 19.4.43 nach Theresienstadt, dann nach Auschwitz deportiert. Es gelang ihr, im April 1945 vom Todesmarsch zu fl\u00fcchten. 1945 wanderte sie in die Schweiz, 1947 nach Pal\u00e4stina aus. Sie arbeitete dort als Heilp\u00e4dagogin. Ora Borinski starb 1997.<\/p><\/div>\n\t\t\t\t<\/div>\n\t\t\t\t\t\t\t<div class=\"elementor-accordion-item\">\n\t\t\t\t\t<div id=\"elementor-tab-title-9154\" class=\"elementor-tab-title\" data-tab=\"4\" role=\"button\" aria-controls=\"elementor-tab-content-9154\" aria-expanded=\"false\">\n\t\t\t\t\t\t\t\t\t\t\t\t\t<span class=\"elementor-accordion-icon elementor-accordion-icon-left\" aria-hidden=\"true\">\n\t\t\t\t\t\t\t\t\t\t\t\t\t\t\t<span class=\"elementor-accordion-icon-closed\"><i class=\"fas fa-plus\"><\/i><\/span>\n\t\t\t\t\t\t\t\t<span class=\"elementor-accordion-icon-opened\"><i class=\"fas fa-minus\"><\/i><\/span>\n\t\t\t\t\t\t\t\t\t\t\t\t\t\t<\/span>\n\t\t\t\t\t\t\t\t\t\t\t\t<a class=\"elementor-accordion-title\" tabindex=\"0\"> Dr. Konrad Cohn<\/a>\n\t\t\t\t\t<\/div>\n\t\t\t\t\t<div id=\"elementor-tab-content-9154\" class=\"elementor-tab-content elementor-clearfix\" data-tab=\"4\" role=\"region\" aria-labelledby=\"elementor-tab-title-9154\"><p>geb. 25.11.1901, Mitglied des Vorstandes der J\u00fcdischen Gemeinde Berlin, leitete die Abt. F\u00fcrsorge. Er wurde im Fr\u00fchjahr 1942 inhaftiert, weil in einem Kinderheim Vorkriegsseife nicht ordnungsgem\u00e4\u00df abgeliefert und verbucht worden war. Am 15.8.1942 verstarb er im KZ Sachsenhausen im Alter von 41 Jahren.<\/p><\/div>\n\t\t\t\t<\/div>\n\t\t\t\t\t\t\t<div class=\"elementor-accordion-item\">\n\t\t\t\t\t<div id=\"elementor-tab-title-9155\" class=\"elementor-tab-title\" data-tab=\"5\" role=\"button\" aria-controls=\"elementor-tab-content-9155\" aria-expanded=\"false\">\n\t\t\t\t\t\t\t\t\t\t\t\t\t<span class=\"elementor-accordion-icon elementor-accordion-icon-left\" aria-hidden=\"true\">\n\t\t\t\t\t\t\t\t\t\t\t\t\t\t\t<span class=\"elementor-accordion-icon-closed\"><i class=\"fas fa-plus\"><\/i><\/span>\n\t\t\t\t\t\t\t\t<span class=\"elementor-accordion-icon-opened\"><i class=\"fas fa-minus\"><\/i><\/span>\n\t\t\t\t\t\t\t\t\t\t\t\t\t\t<\/span>\n\t\t\t\t\t\t\t\t\t\t\t\t<a class=\"elementor-accordion-title\" tabindex=\"0\"> Elieser Ehrenreich<\/a>\n\t\t\t\t\t<\/div>\n\t\t\t\t\t<div id=\"elementor-tab-content-9155\" class=\"elementor-tab-content elementor-clearfix\" data-tab=\"5\" role=\"region\" aria-labelledby=\"elementor-tab-title-9155\"><p>geb. 5.11.1883, Kultusreferent der J\u00fcdischen Gemeinde. Er wurde am 21.1.1941 verhaftet, vermutlich weil er sich f\u00fcr einen Fastentag anl\u00e4\u00dflich der Deportation der Badischen Juden engagiert hatte. Zun\u00e4chst ins \u201eArbeitserziehungslager\u201c Wuhlheide eingewiesen, wurde er dann nach Sachsenhausen verlegt und starb schlie\u00dflich in KZ Ravensbr\u00fcck am 21.11.1941 im Alter von 58 Jahren.<\/p><\/div>\n\t\t\t\t<\/div>\n\t\t\t\t\t\t\t<div class=\"elementor-accordion-item\">\n\t\t\t\t\t<div id=\"elementor-tab-title-9156\" class=\"elementor-tab-title\" data-tab=\"6\" role=\"button\" aria-controls=\"elementor-tab-content-9156\" aria-expanded=\"false\">\n\t\t\t\t\t\t\t\t\t\t\t\t\t<span class=\"elementor-accordion-icon elementor-accordion-icon-left\" aria-hidden=\"true\">\n\t\t\t\t\t\t\t\t\t\t\t\t\t\t\t<span class=\"elementor-accordion-icon-closed\"><i class=\"fas fa-plus\"><\/i><\/span>\n\t\t\t\t\t\t\t\t<span class=\"elementor-accordion-icon-opened\"><i class=\"fas fa-minus\"><\/i><\/span>\n\t\t\t\t\t\t\t\t\t\t\t\t\t\t<\/span>\n\t\t\t\t\t\t\t\t\t\t\t\t<a class=\"elementor-accordion-title\" tabindex=\"0\"> Dr. Paul Eppstein<\/a>\n\t\t\t\t\t<\/div>\n\t\t\t\t\t<div id=\"elementor-tab-content-9156\" class=\"elementor-tab-content elementor-clearfix\" data-tab=\"6\" role=\"region\" aria-labelledby=\"elementor-tab-title-9156\"><p>geb. 4.3.1902, Privatdozent f\u00fcr National\u00f6konomie, wie Baeck Vorstand der J\u00fcdischen Gemeinde und der Reichsvereinigung. Er war einer der wichtigsten Verhandlungsleiter mit den Beh\u00f6rden, vor allem der \u201eAufsichtsbeh\u00f6rde\u201c, der Gestapo. Er wurde mehrfach verhaftet und wieder freigelassen, zusammen mit seiner Frau Hedwig am 26.1.1943 nach Theresienstadt deportiert, wo er als Juden\u00e4ltester eingesetzt wurde. Vermutlich am 27.9.1944 wurde er \u2013 nach Arrest \u2013 dort erschossen. Er war bei seinem Tod 42 Jahre alt. Dr. Hedwig Eppstein, Sozialarbeiterin, arbeitete als \u201eEhefrau\u201c unentgeltlich bei der Jugendf\u00fcrsorge der Gemeinde, sie wurde in Theresienstadt oder in Auschwitz im Alter von 40 Jahren ermordet.<\/p><\/div>\n\t\t\t\t<\/div>\n\t\t\t\t\t\t\t<div class=\"elementor-accordion-item\">\n\t\t\t\t\t<div id=\"elementor-tab-title-9157\" class=\"elementor-tab-title\" data-tab=\"7\" role=\"button\" aria-controls=\"elementor-tab-content-9157\" aria-expanded=\"false\">\n\t\t\t\t\t\t\t\t\t\t\t\t\t<span class=\"elementor-accordion-icon elementor-accordion-icon-left\" aria-hidden=\"true\">\n\t\t\t\t\t\t\t\t\t\t\t\t\t\t\t<span class=\"elementor-accordion-icon-closed\"><i class=\"fas fa-plus\"><\/i><\/span>\n\t\t\t\t\t\t\t\t<span class=\"elementor-accordion-icon-opened\"><i class=\"fas fa-minus\"><\/i><\/span>\n\t\t\t\t\t\t\t\t\t\t\t\t\t\t<\/span>\n\t\t\t\t\t\t\t\t\t\t\t\t<a class=\"elementor-accordion-title\" tabindex=\"0\"> Dr. Erich Fabian<\/a>\n\t\t\t\t\t<\/div>\n\t\t\t\t\t<div id=\"elementor-tab-content-9157\" class=\"elementor-tab-content elementor-clearfix\" data-tab=\"7\" role=\"region\" aria-labelledby=\"elementor-tab-title-9157\"><p>geb. 22.9.1902, leitete die Organisationsabteilung in der Reichsvereinigung. Er wurde im Juni 1943 nach Theresienstadt deportiert, jedoch nach kurzer Zeit nach Berlin zur\u00fcckgebracht, weil die Gestapo ihn f\u00fcr komplizierte Abwicklung des Reichsvereinigungsverm\u00f6gens ben\u00f6tigte. Fabian \u00fcberlebte bis Kriegsende im Sammllager Schulstra\u00dfe. Nach dem Krieg emigrierte er 1949 in die USA, wo er im Alter von 72 Jahren 1974 starb.<\/p><\/div>\n\t\t\t\t<\/div>\n\t\t\t\t\t\t\t<div class=\"elementor-accordion-item\">\n\t\t\t\t\t<div id=\"elementor-tab-title-9158\" class=\"elementor-tab-title\" data-tab=\"8\" role=\"button\" aria-controls=\"elementor-tab-content-9158\" aria-expanded=\"false\">\n\t\t\t\t\t\t\t\t\t\t\t\t\t<span class=\"elementor-accordion-icon elementor-accordion-icon-left\" aria-hidden=\"true\">\n\t\t\t\t\t\t\t\t\t\t\t\t\t\t\t<span class=\"elementor-accordion-icon-closed\"><i class=\"fas fa-plus\"><\/i><\/span>\n\t\t\t\t\t\t\t\t<span class=\"elementor-accordion-icon-opened\"><i class=\"fas fa-minus\"><\/i><\/span>\n\t\t\t\t\t\t\t\t\t\t\t\t\t\t<\/span>\n\t\t\t\t\t\t\t\t\t\t\t\t<a class=\"elementor-accordion-title\" tabindex=\"0\"> Recha Freier<\/a>\n\t\t\t\t\t<\/div>\n\t\t\t\t\t<div id=\"elementor-tab-content-9158\" class=\"elementor-tab-content elementor-clearfix\" data-tab=\"8\" role=\"region\" aria-labelledby=\"elementor-tab-title-9158\"><p>geb. 29.11.1892, gr\u00fcndete die Jugend-Alijah. Sie unternahm illegale Aktionen zur Rettung polnischer Juden und wurde deshalb 1940 aus dem Pal\u00e4stinaamt entlassen. Sie floh 1941 \u00fcber Jugoslawien nach Pal\u00e4stina, wo sie ein Ausbildungscentrum f\u00fcr unterprivilegierte Kinder in einem Kibbuz gr\u00fcndete. 1984 starb sie in Jerusalem.<\/p><\/div>\n\t\t\t\t<\/div>\n\t\t\t\t\t\t\t<div class=\"elementor-accordion-item\">\n\t\t\t\t\t<div id=\"elementor-tab-title-9159\" class=\"elementor-tab-title\" data-tab=\"9\" role=\"button\" aria-controls=\"elementor-tab-content-9159\" aria-expanded=\"false\">\n\t\t\t\t\t\t\t\t\t\t\t\t\t<span class=\"elementor-accordion-icon elementor-accordion-icon-left\" aria-hidden=\"true\">\n\t\t\t\t\t\t\t\t\t\t\t\t\t\t\t<span class=\"elementor-accordion-icon-closed\"><i class=\"fas fa-plus\"><\/i><\/span>\n\t\t\t\t\t\t\t\t<span class=\"elementor-accordion-icon-opened\"><i class=\"fas fa-minus\"><\/i><\/span>\n\t\t\t\t\t\t\t\t\t\t\t\t\t\t<\/span>\n\t\t\t\t\t\t\t\t\t\t\t\t<a class=\"elementor-accordion-title\" tabindex=\"0\"> Paula F\u00fcrst<\/a>\n\t\t\t\t\t<\/div>\n\t\t\t\t\t<div id=\"elementor-tab-content-9159\" class=\"elementor-tab-content elementor-clearfix\" data-tab=\"9\" role=\"region\" aria-labelledby=\"elementor-tab-title-9159\"><p>geb. 6.8.1894,Schulleiterin, Leiterin der Abt. Schule der Reichsvereinigung. Sie begleitete 1939 einen Kindertransport nach England und kehrte trotz dieser Fluchtm\u00f6glichkeit zur\u00fcck. Sie wurde am 26.6.42 in den Osten deportiert und im Alter von 48 Jahren ermordet. , geb. 6.8.1894,Schulleiterin, Leiterin der Abt. Schule der Reichsvereinigung. Sie begleitete 1939 einen Kindertransport nach England und kehrte trotz dieser Fluchtm\u00f6glichkeit zur\u00fcck. Sie wurde am 26.6.42 in den Osten deportiert und im Alter von 48 Jahren ermordet.<\/p><\/div>\n\t\t\t\t<\/div>\n\t\t\t\t\t\t\t\t<\/div>\n\t\t\t\t\t\t<\/div>\n\t\t\t\t<\/div>\n\t\t\t\t\t<\/div>\n\t\t<\/div>\n\t\t\t\t<div class=\"elementor-column elementor-col-33 elementor-inner-column elementor-element elementor-element-0dc49cd\" data-id=\"0dc49cd\" data-element_type=\"column\" data-e-type=\"column\">\n\t\t\t<div class=\"elementor-widget-wrap elementor-element-populated\">\n\t\t\t\t\t\t<div class=\"elementor-element elementor-element-add0020 cstm_accor elementor-widget elementor-widget-accordion\" data-id=\"add0020\" data-element_type=\"widget\" data-e-type=\"widget\" data-widget_type=\"accordion.default\">\n\t\t\t\t<div class=\"elementor-widget-container\">\n\t\t\t\t\t\t\t<div class=\"elementor-accordion\">\n\t\t\t\t\t\t\t<div class=\"elementor-accordion-item\">\n\t\t\t\t\t<div id=\"elementor-tab-title-1821\" class=\"elementor-tab-title\" data-tab=\"1\" role=\"button\" aria-controls=\"elementor-tab-content-1821\" aria-expanded=\"false\">\n\t\t\t\t\t\t\t\t\t\t\t\t\t<span class=\"elementor-accordion-icon elementor-accordion-icon-left\" aria-hidden=\"true\">\n\t\t\t\t\t\t\t\t\t\t\t\t\t\t\t<span class=\"elementor-accordion-icon-closed\"><i class=\"fas fa-plus\"><\/i><\/span>\n\t\t\t\t\t\t\t\t<span class=\"elementor-accordion-icon-opened\"><i class=\"fas fa-minus\"><\/i><\/span>\n\t\t\t\t\t\t\t\t\t\t\t\t\t\t<\/span>\n\t\t\t\t\t\t\t\t\t\t\t\t<a class=\"elementor-accordion-title\" tabindex=\"0\">Hildegard Henschel<\/a>\n\t\t\t\t\t<\/div>\n\t\t\t\t\t<div id=\"elementor-tab-content-1821\" class=\"elementor-tab-content elementor-clearfix\" data-tab=\"1\" role=\"region\" aria-labelledby=\"elementor-tab-title-1821\"><p>geb. 29.4.1897, Mitarbeiterin der Gesundheitsverwaltung der J\u00fcdischen Gemeinde. Sie wurde am 16.6.1943 mit ihrem Ehemann Moritz zusammen nach Theresienstadt deportiert. Sie \u00fcberlebte das KZ und emigrierte nach dem Krieg nach Pal\u00e4stina, wo sie als Putzfrau arbeiten mu\u00dfte. Im Eichmann-Proze\u00df trat sie als Zeugin auf. Sie starb 1983 in Israel im Alter von 86 Jahren.<\/p><\/div>\n\t\t\t\t<\/div>\n\t\t\t\t\t\t\t<div class=\"elementor-accordion-item\">\n\t\t\t\t\t<div id=\"elementor-tab-title-1822\" class=\"elementor-tab-title\" data-tab=\"2\" role=\"button\" aria-controls=\"elementor-tab-content-1822\" aria-expanded=\"false\">\n\t\t\t\t\t\t\t\t\t\t\t\t\t<span class=\"elementor-accordion-icon elementor-accordion-icon-left\" aria-hidden=\"true\">\n\t\t\t\t\t\t\t\t\t\t\t\t\t\t\t<span class=\"elementor-accordion-icon-closed\"><i class=\"fas fa-plus\"><\/i><\/span>\n\t\t\t\t\t\t\t\t<span class=\"elementor-accordion-icon-opened\"><i class=\"fas fa-minus\"><\/i><\/span>\n\t\t\t\t\t\t\t\t\t\t\t\t\t\t<\/span>\n\t\t\t\t\t\t\t\t\t\t\t\t<a class=\"elementor-accordion-title\" tabindex=\"0\">Dr. Moritz Henschel<\/a>\n\t\t\t\t\t<\/div>\n\t\t\t\t\t<div id=\"elementor-tab-content-1822\" class=\"elementor-tab-content elementor-clearfix\" data-tab=\"2\" role=\"region\" aria-labelledby=\"elementor-tab-title-1822\"><p>geb. 17.2.1879, Rechtsanwalt. Als Nachfolger Heinrich Stahls war er von 1940 \u2013 1943 Vorsitzender der J\u00fcdischen Gemeinde. Zusammen mit seiner Ehefrau wurde er im Juni 1943 nach Theresienstadt deportiert, leitete dort den Bereich Freizeitgestaltung und sp\u00e4ter die Poststelle. Er emigrierte mit seiner Frau 1946 nach Pal\u00e4stina, starb dort 1947 an den Folgen der KZ-Haft im Alter von 68 Jahren.<\/p><\/div>\n\t\t\t\t<\/div>\n\t\t\t\t\t\t\t<div class=\"elementor-accordion-item\">\n\t\t\t\t\t<div id=\"elementor-tab-title-1823\" class=\"elementor-tab-title\" data-tab=\"3\" role=\"button\" aria-controls=\"elementor-tab-content-1823\" aria-expanded=\"false\">\n\t\t\t\t\t\t\t\t\t\t\t\t\t<span class=\"elementor-accordion-icon elementor-accordion-icon-left\" aria-hidden=\"true\">\n\t\t\t\t\t\t\t\t\t\t\t\t\t\t\t<span class=\"elementor-accordion-icon-closed\"><i class=\"fas fa-plus\"><\/i><\/span>\n\t\t\t\t\t\t\t\t<span class=\"elementor-accordion-icon-opened\"><i class=\"fas fa-minus\"><\/i><\/span>\n\t\t\t\t\t\t\t\t\t\t\t\t\t\t<\/span>\n\t\t\t\t\t\t\t\t\t\t\t\t<a class=\"elementor-accordion-title\" tabindex=\"0\">Dr. Otto Hirsch<\/a>\n\t\t\t\t\t<\/div>\n\t\t\t\t\t<div id=\"elementor-tab-content-1823\" class=\"elementor-tab-content elementor-clearfix\" data-tab=\"3\" role=\"region\" aria-labelledby=\"elementor-tab-title-1823\"><p>1885-1941, w\u00fcrtembergischer Ministerialrat, ging 1933 nach Berlin, um als Gesch\u00e4ftsf\u00fchrer der Reichsvertretung, sp\u00e4ter im Vorstand der Reichsvereinigung zu arbeiten. Er wurde mehrfach verhaftet und schlie\u00dflich im Februar 1941 ins Polizeigef\u00e4ngnis am Alexanderplatz gebracht, von dort nach Mauthausen deportiert und \u2013 wahrscheinlich 1941 \u2013 im Alter von 56 Jahren ermordet.<\/p><\/div>\n\t\t\t\t<\/div>\n\t\t\t\t\t\t\t<div class=\"elementor-accordion-item\">\n\t\t\t\t\t<div id=\"elementor-tab-title-1824\" class=\"elementor-tab-title\" data-tab=\"4\" role=\"button\" aria-controls=\"elementor-tab-content-1824\" aria-expanded=\"false\">\n\t\t\t\t\t\t\t\t\t\t\t\t\t<span class=\"elementor-accordion-icon elementor-accordion-icon-left\" aria-hidden=\"true\">\n\t\t\t\t\t\t\t\t\t\t\t\t\t\t\t<span class=\"elementor-accordion-icon-closed\"><i class=\"fas fa-plus\"><\/i><\/span>\n\t\t\t\t\t\t\t\t<span class=\"elementor-accordion-icon-opened\"><i class=\"fas fa-minus\"><\/i><\/span>\n\t\t\t\t\t\t\t\t\t\t\t\t\t\t<\/span>\n\t\t\t\t\t\t\t\t\t\t\t\t<a class=\"elementor-accordion-title\" tabindex=\"0\">Jacob Jacobson<\/a>\n\t\t\t\t\t<\/div>\n\t\t\t\t\t<div id=\"elementor-tab-content-1824\" class=\"elementor-tab-content elementor-clearfix\" data-tab=\"4\" role=\"region\" aria-labelledby=\"elementor-tab-title-1824\"><p>geb. 1888, studierte Geschichte, leitete von 1920 bis 1938 das \u201eGesamtarchiv der deutschen Juden\u201c und ver\u00f6ffentlichte mehrere Werke zur Geschichte der Juden in Preu\u00dfen. Die Gestapo verbot seine Auswanderung, weil sie ihn als Spezialisten f\u00fcr j\u00fcdische Familiengeschichte brauchte; im Mai 1943 wurde er nach Theresienstadt deportiert, \u00fcberlebte das KZ und emigrierte 1945 nach England. Er starb 1968 bei einem Besuch in Bad Neuenahr.<\/p><\/div>\n\t\t\t\t<\/div>\n\t\t\t\t\t\t\t<div class=\"elementor-accordion-item\">\n\t\t\t\t\t<div id=\"elementor-tab-title-1825\" class=\"elementor-tab-title\" data-tab=\"5\" role=\"button\" aria-controls=\"elementor-tab-content-1825\" aria-expanded=\"false\">\n\t\t\t\t\t\t\t\t\t\t\t\t\t<span class=\"elementor-accordion-icon elementor-accordion-icon-left\" aria-hidden=\"true\">\n\t\t\t\t\t\t\t\t\t\t\t\t\t\t\t<span class=\"elementor-accordion-icon-closed\"><i class=\"fas fa-plus\"><\/i><\/span>\n\t\t\t\t\t\t\t\t<span class=\"elementor-accordion-icon-opened\"><i class=\"fas fa-minus\"><\/i><\/span>\n\t\t\t\t\t\t\t\t\t\t\t\t\t\t<\/span>\n\t\t\t\t\t\t\t\t\t\t\t\t<a class=\"elementor-accordion-title\" tabindex=\"0\">Hanna Karminski<\/a>\n\t\t\t\t\t<\/div>\n\t\t\t\t\t<div id=\"elementor-tab-content-1825\" class=\"elementor-tab-content elementor-clearfix\" data-tab=\"5\" role=\"region\" aria-labelledby=\"elementor-tab-title-1825\"><p>geb. 24.7.1897, Kinderg\u00e4rtnerin u. Sozialarbeiterin, arbeitete sehr aktiv im J\u00fcdischen Frauenbund, leitete in der Reichsvereinigung den Bereich Wohlfahrtspflege. Sie wurde am 9.12.1942 nach Auschwitz deportiert und dort im Alter von 45 Jahren ermordet.<\/p><\/div>\n\t\t\t\t<\/div>\n\t\t\t\t\t\t\t<div class=\"elementor-accordion-item\">\n\t\t\t\t\t<div id=\"elementor-tab-title-1826\" class=\"elementor-tab-title\" data-tab=\"6\" role=\"button\" aria-controls=\"elementor-tab-content-1826\" aria-expanded=\"false\">\n\t\t\t\t\t\t\t\t\t\t\t\t\t<span class=\"elementor-accordion-icon elementor-accordion-icon-left\" aria-hidden=\"true\">\n\t\t\t\t\t\t\t\t\t\t\t\t\t\t\t<span class=\"elementor-accordion-icon-closed\"><i class=\"fas fa-plus\"><\/i><\/span>\n\t\t\t\t\t\t\t\t<span class=\"elementor-accordion-icon-opened\"><i class=\"fas fa-minus\"><\/i><\/span>\n\t\t\t\t\t\t\t\t\t\t\t\t\t\t<\/span>\n\t\t\t\t\t\t\t\t\t\t\t\t<a class=\"elementor-accordion-title\" tabindex=\"0\">Philipp Kozower<\/a>\n\t\t\t\t\t<\/div>\n\t\t\t\t\t<div id=\"elementor-tab-content-1826\" class=\"elementor-tab-content elementor-clearfix\" data-tab=\"6\" role=\"region\" aria-labelledby=\"elementor-tab-title-1826\"><p>geb. 29.1.1894, Rechtsanwalt und Notar, geh\u00f6rte zum Vorstand der Reichsvereinigung und war dort verantwortlich f\u00fcr das Wohnungs- u. Versorgungswesen. Im Januar 1943 wurde er zusammen mit Baeck, Eppstein, seiner Frau und seinen Kindern nach Theresienstadt, von dort \u2013 wahrscheinlich 1944 \u2013 nach Auschwitz deportiert und im Alter von 50 Jahren ermordet.<\/p><\/div>\n\t\t\t\t<\/div>\n\t\t\t\t\t\t\t<div class=\"elementor-accordion-item\">\n\t\t\t\t\t<div id=\"elementor-tab-title-1827\" class=\"elementor-tab-title\" data-tab=\"7\" role=\"button\" aria-controls=\"elementor-tab-content-1827\" aria-expanded=\"false\">\n\t\t\t\t\t\t\t\t\t\t\t\t\t<span class=\"elementor-accordion-icon elementor-accordion-icon-left\" aria-hidden=\"true\">\n\t\t\t\t\t\t\t\t\t\t\t\t\t\t\t<span class=\"elementor-accordion-icon-closed\"><i class=\"fas fa-plus\"><\/i><\/span>\n\t\t\t\t\t\t\t\t<span class=\"elementor-accordion-icon-opened\"><i class=\"fas fa-minus\"><\/i><\/span>\n\t\t\t\t\t\t\t\t\t\t\t\t\t\t<\/span>\n\t\t\t\t\t\t\t\t\t\t\t\t<a class=\"elementor-accordion-title\" tabindex=\"0\">Leo Kreindler<\/a>\n\t\t\t\t\t<\/div>\n\t\t\t\t\t<div id=\"elementor-tab-content-1827\" class=\"elementor-tab-content elementor-clearfix\" data-tab=\"7\" role=\"region\" aria-labelledby=\"elementor-tab-title-1827\"><p>geb. 23.9.1886, dienst\u00e4ltester Angestellter der J\u00fcdischen Gemeinde, leitete die Wohlfahrtsabteilung und war verantwortlicher Redakteur des J\u00fcdischen Nachrichtenblattes. Er erlitt im November 1942 einen Herzinfarkt, als die Gestapo seine Abteilung zum Appell antreten lie\u00df. Bei seinem Tod war er 56 Jahre alt.<\/p><\/div>\n\t\t\t\t<\/div>\n\t\t\t\t\t\t\t<div class=\"elementor-accordion-item\">\n\t\t\t\t\t<div id=\"elementor-tab-title-1828\" class=\"elementor-tab-title\" data-tab=\"8\" role=\"button\" aria-controls=\"elementor-tab-content-1828\" aria-expanded=\"false\">\n\t\t\t\t\t\t\t\t\t\t\t\t\t<span class=\"elementor-accordion-icon elementor-accordion-icon-left\" aria-hidden=\"true\">\n\t\t\t\t\t\t\t\t\t\t\t\t\t\t\t<span class=\"elementor-accordion-icon-closed\"><i class=\"fas fa-plus\"><\/i><\/span>\n\t\t\t\t\t\t\t\t<span class=\"elementor-accordion-icon-opened\"><i class=\"fas fa-minus\"><\/i><\/span>\n\t\t\t\t\t\t\t\t\t\t\t\t\t\t<\/span>\n\t\t\t\t\t\t\t\t\t\t\t\t<a class=\"elementor-accordion-title\" tabindex=\"0\">Fritz Lamm<\/a>\n\t\t\t\t\t<\/div>\n\t\t\t\t\t<div id=\"elementor-tab-content-1828\" class=\"elementor-tab-content elementor-clearfix\" data-tab=\"8\" role=\"region\" aria-labelledby=\"elementor-tab-title-1828\"><p>geb. 21.12.1876, Leiter der Wohlfahrts- u. Jugendpflegestelle, Vormund zahlreicher j\u00fcdischer Kinder. Er wurde nach der Gemeinde-Aktion als Geisel f\u00fcr untergetauchte zur Deportation bestimmte andere Mitarbeiter genommen und am 1.12.1942 erschossen. Er wurde 66 Jahre alt.<\/p><\/div>\n\t\t\t\t<\/div>\n\t\t\t\t\t\t\t<div class=\"elementor-accordion-item\">\n\t\t\t\t\t<div id=\"elementor-tab-title-1829\" class=\"elementor-tab-title\" data-tab=\"9\" role=\"button\" aria-controls=\"elementor-tab-content-1829\" aria-expanded=\"false\">\n\t\t\t\t\t\t\t\t\t\t\t\t\t<span class=\"elementor-accordion-icon elementor-accordion-icon-left\" aria-hidden=\"true\">\n\t\t\t\t\t\t\t\t\t\t\t\t\t\t\t<span class=\"elementor-accordion-icon-closed\"><i class=\"fas fa-plus\"><\/i><\/span>\n\t\t\t\t\t\t\t\t<span class=\"elementor-accordion-icon-opened\"><i class=\"fas fa-minus\"><\/i><\/span>\n\t\t\t\t\t\t\t\t\t\t\t\t\t\t<\/span>\n\t\t\t\t\t\t\t\t\t\t\t\t<a class=\"elementor-accordion-title\" tabindex=\"0\">Arthur Lilienthal<\/a>\n\t\t\t\t\t<\/div>\n\t\t\t\t\t<div id=\"elementor-tab-content-1829\" class=\"elementor-tab-content elementor-clearfix\" data-tab=\"9\" role=\"region\" aria-labelledby=\"elementor-tab-title-1829\"><p>geb. 13.3.1899, im Vorstand der Reichsvereinigung. Er wurde im Juni 1942 bei einem Kontrollbesuch der Gestapo zur Deportation bestimmt und ist \u201everschollen im Osten\u201c. Er war 43 Jahre alt.<\/p><\/div>\n\t\t\t\t<\/div>\n\t\t\t\t\t\t\t\t<\/div>\n\t\t\t\t\t\t<\/div>\n\t\t\t\t<\/div>\n\t\t\t\t\t<\/div>\n\t\t<\/div>\n\t\t\t\t<div class=\"elementor-column elementor-col-33 elementor-inner-column elementor-element elementor-element-4d9510b\" data-id=\"4d9510b\" data-element_type=\"column\" data-e-type=\"column\">\n\t\t\t<div class=\"elementor-widget-wrap elementor-element-populated\">\n\t\t\t\t\t\t<div class=\"elementor-element elementor-element-9a47772 cstm_accor elementor-widget elementor-widget-accordion\" data-id=\"9a47772\" data-element_type=\"widget\" data-e-type=\"widget\" data-widget_type=\"accordion.default\">\n\t\t\t\t<div class=\"elementor-widget-container\">\n\t\t\t\t\t\t\t<div class=\"elementor-accordion\">\n\t\t\t\t\t\t\t<div class=\"elementor-accordion-item\">\n\t\t\t\t\t<div id=\"elementor-tab-title-1611\" class=\"elementor-tab-title\" data-tab=\"1\" role=\"button\" aria-controls=\"elementor-tab-content-1611\" aria-expanded=\"false\">\n\t\t\t\t\t\t\t\t\t\t\t\t\t<span class=\"elementor-accordion-icon elementor-accordion-icon-left\" aria-hidden=\"true\">\n\t\t\t\t\t\t\t\t\t\t\t\t\t\t\t<span class=\"elementor-accordion-icon-closed\"><i class=\"fas fa-plus\"><\/i><\/span>\n\t\t\t\t\t\t\t\t<span class=\"elementor-accordion-icon-opened\"><i class=\"fas fa-minus\"><\/i><\/span>\n\t\t\t\t\t\t\t\t\t\t\t\t\t\t<\/span>\n\t\t\t\t\t\t\t\t\t\t\t\t<a class=\"elementor-accordion-title\" tabindex=\"0\">Dr. Martha Mosse<\/a>\n\t\t\t\t\t<\/div>\n\t\t\t\t\t<div id=\"elementor-tab-content-1611\" class=\"elementor-tab-content elementor-clearfix\" data-tab=\"1\" role=\"region\" aria-labelledby=\"elementor-tab-title-1611\"><p>geb. 29.5.1884, studierte Musik und Jura arbeitete als Verwaltungsjuristin im Berliner Polizeipr\u00e4sidium bis zu ihrer Entlassung 1933. Bei der Reichsvereinigung leitete sie die Wohnungsberatungsstelle. Am 16. Juni 1943 wurde sie nach Theresienstadt deportiert, \u00fcberlebte das KZ und trat nach dem Krieg wieder in den Berliner Justizdienst ein. Sp\u00e4ter arbeitete sie im Polizeipr\u00e4sidium. Sie starb 1977 im Alter von 93 Jahren.<\/p><\/div>\n\t\t\t\t<\/div>\n\t\t\t\t\t\t\t<div class=\"elementor-accordion-item\">\n\t\t\t\t\t<div id=\"elementor-tab-title-1612\" class=\"elementor-tab-title\" data-tab=\"2\" role=\"button\" aria-controls=\"elementor-tab-content-1612\" aria-expanded=\"false\">\n\t\t\t\t\t\t\t\t\t\t\t\t\t<span class=\"elementor-accordion-icon elementor-accordion-icon-left\" aria-hidden=\"true\">\n\t\t\t\t\t\t\t\t\t\t\t\t\t\t\t<span class=\"elementor-accordion-icon-closed\"><i class=\"fas fa-plus\"><\/i><\/span>\n\t\t\t\t\t\t\t\t<span class=\"elementor-accordion-icon-opened\"><i class=\"fas fa-minus\"><\/i><\/span>\n\t\t\t\t\t\t\t\t\t\t\t\t\t\t<\/span>\n\t\t\t\t\t\t\t\t\t\t\t\t<a class=\"elementor-accordion-title\" tabindex=\"0\">Sonja Okun<\/a>\n\t\t\t\t\t<\/div>\n\t\t\t\t\t<div id=\"elementor-tab-content-1612\" class=\"elementor-tab-content elementor-clearfix\" data-tab=\"2\" role=\"region\" aria-labelledby=\"elementor-tab-title-1612\"><p>Mitarbeiterin der Jugend-alijah, wurde am 26.1.1943 nach Theresienstadt deportiert und von dort nach Auschwitz, wo sie am 30.10.1944 ermordet wurde. Sie wurde 45 Jahre alt.<\/p><\/div>\n\t\t\t\t<\/div>\n\t\t\t\t\t\t\t<div class=\"elementor-accordion-item\">\n\t\t\t\t\t<div id=\"elementor-tab-title-1613\" class=\"elementor-tab-title\" data-tab=\"3\" role=\"button\" aria-controls=\"elementor-tab-content-1613\" aria-expanded=\"false\">\n\t\t\t\t\t\t\t\t\t\t\t\t\t<span class=\"elementor-accordion-icon elementor-accordion-icon-left\" aria-hidden=\"true\">\n\t\t\t\t\t\t\t\t\t\t\t\t\t\t\t<span class=\"elementor-accordion-icon-closed\"><i class=\"fas fa-plus\"><\/i><\/span>\n\t\t\t\t\t\t\t\t<span class=\"elementor-accordion-icon-opened\"><i class=\"fas fa-minus\"><\/i><\/span>\n\t\t\t\t\t\t\t\t\t\t\t\t\t\t<\/span>\n\t\t\t\t\t\t\t\t\t\t\t\t<a class=\"elementor-accordion-title\" tabindex=\"0\">Martin Riesenburger<\/a>\n\t\t\t\t\t<\/div>\n\t\t\t\t\t<div id=\"elementor-tab-content-1613\" class=\"elementor-tab-content elementor-clearfix\" data-tab=\"3\" role=\"region\" aria-labelledby=\"elementor-tab-title-1613\"><p>geb. 1896, ab 1933 Prediger und Seelsorger im Altenheim der J\u00fcdischen Gemeinde zu Berlin, von Juni 1943 bis Mai 1945 Leiter der Abteilung Bestattungswesen der Reichsvereinigung, 1945 bis 1953 Prediger der Jd\u00fcischen Gemeinde zu Berlin, ab dort 1953 Rabbiner, 1961 wurde er zum Landesrabbiner der J\u00fcdischen Gemeinden in der DDR ernannt. Riesenburger starb 1965.<\/p><\/div>\n\t\t\t\t<\/div>\n\t\t\t\t\t\t\t<div class=\"elementor-accordion-item\">\n\t\t\t\t\t<div id=\"elementor-tab-title-1614\" class=\"elementor-tab-title\" data-tab=\"4\" role=\"button\" aria-controls=\"elementor-tab-content-1614\" aria-expanded=\"false\">\n\t\t\t\t\t\t\t\t\t\t\t\t\t<span class=\"elementor-accordion-icon elementor-accordion-icon-left\" aria-hidden=\"true\">\n\t\t\t\t\t\t\t\t\t\t\t\t\t\t\t<span class=\"elementor-accordion-icon-closed\"><i class=\"fas fa-plus\"><\/i><\/span>\n\t\t\t\t\t\t\t\t<span class=\"elementor-accordion-icon-opened\"><i class=\"fas fa-minus\"><\/i><\/span>\n\t\t\t\t\t\t\t\t\t\t\t\t\t\t<\/span>\n\t\t\t\t\t\t\t\t\t\t\t\t<a class=\"elementor-accordion-title\" tabindex=\"0\">Alfred Selbiger<\/a>\n\t\t\t\t\t<\/div>\n\t\t\t\t\t<div id=\"elementor-tab-content-1614\" class=\"elementor-tab-content elementor-clearfix\" data-tab=\"4\" role=\"region\" aria-labelledby=\"elementor-tab-title-1614\"><p>16.5.1911, leitete die zionistische Jugendbewegung und war bis 1941 im Pal\u00e4stina-Amt, danach in der Finanzabteilung der Reichsvereinigung t\u00e4tig. Er arbeitete verdeckt f\u00fcr den Hechaluz. Nach der Gemeinde-Aktion wurde er als Geisel f\u00fcr untergetauchte andere Mitarbeiter genommen und am 1.12.1942 \u2013 vermutlich in Sachsenhausen \u2013 im Alter von 31 Jahren erschossen.<\/p><\/div>\n\t\t\t\t<\/div>\n\t\t\t\t\t\t\t<div class=\"elementor-accordion-item\">\n\t\t\t\t\t<div id=\"elementor-tab-title-1615\" class=\"elementor-tab-title\" data-tab=\"5\" role=\"button\" aria-controls=\"elementor-tab-content-1615\" aria-expanded=\"false\">\n\t\t\t\t\t\t\t\t\t\t\t\t\t<span class=\"elementor-accordion-icon elementor-accordion-icon-left\" aria-hidden=\"true\">\n\t\t\t\t\t\t\t\t\t\t\t\t\t\t\t<span class=\"elementor-accordion-icon-closed\"><i class=\"fas fa-plus\"><\/i><\/span>\n\t\t\t\t\t\t\t\t<span class=\"elementor-accordion-icon-opened\"><i class=\"fas fa-minus\"><\/i><\/span>\n\t\t\t\t\t\t\t\t\t\t\t\t\t\t<\/span>\n\t\t\t\t\t\t\t\t\t\t\t\t<a class=\"elementor-accordion-title\" tabindex=\"0\">Julius Seligsohn<\/a>\n\t\t\t\t\t<\/div>\n\t\t\t\t\t<div id=\"elementor-tab-content-1615\" class=\"elementor-tab-content elementor-clearfix\" data-tab=\"5\" role=\"region\" aria-labelledby=\"elementor-tab-title-1615\"><p>7.5.1890, Rechtsanwalt, arbeitete im Vorstand der Reichsvereinigung, insbesondere im Bereich Auswanderung. Er wurde im November 1940 verhaftet, weil die Reichsvereinigung einen Fastentag wegen der Deportation der badischen Juden ausgerufen hatte und er als Urheber dieser Idee galt. Er wurde im KZ Sachsenhausen zu Tode gequ\u00e4lt, er starb im Februar 1942 im Alter von 51 Jahren.<\/p><\/div>\n\t\t\t\t<\/div>\n\t\t\t\t\t\t\t<div class=\"elementor-accordion-item\">\n\t\t\t\t\t<div id=\"elementor-tab-title-1616\" class=\"elementor-tab-title\" data-tab=\"6\" role=\"button\" aria-controls=\"elementor-tab-content-1616\" aria-expanded=\"false\">\n\t\t\t\t\t\t\t\t\t\t\t\t\t<span class=\"elementor-accordion-icon elementor-accordion-icon-left\" aria-hidden=\"true\">\n\t\t\t\t\t\t\t\t\t\t\t\t\t\t\t<span class=\"elementor-accordion-icon-closed\"><i class=\"fas fa-plus\"><\/i><\/span>\n\t\t\t\t\t\t\t\t<span class=\"elementor-accordion-icon-opened\"><i class=\"fas fa-minus\"><\/i><\/span>\n\t\t\t\t\t\t\t\t\t\t\t\t\t\t<\/span>\n\t\t\t\t\t\t\t\t\t\t\t\t<a class=\"elementor-accordion-title\" tabindex=\"0\">Heinrich Stahl<\/a>\n\t\t\t\t\t<\/div>\n\t\t\t\t\t<div id=\"elementor-tab-content-1616\" class=\"elementor-tab-content elementor-clearfix\" data-tab=\"6\" role=\"region\" aria-labelledby=\"elementor-tab-title-1616\"><p>geb. 13.4.1868, Direktor der Victoria-Versicherungsgesellschaften, Vorsitzender der J\u00fcd. Gemeinde in Berlin bis zu seiner Absetzung 1940. Die Gestapo verbot seine Auswanderung, er wurde am 11.6.1942 mit seiner Ehefrau nach Theresienstadt deportiert, verstarb dort am 4.11.1942 im Alter von 74 Jahren.<\/p><\/div>\n\t\t\t\t<\/div>\n\t\t\t\t\t\t\t<div class=\"elementor-accordion-item\">\n\t\t\t\t\t<div id=\"elementor-tab-title-1617\" class=\"elementor-tab-title\" data-tab=\"7\" role=\"button\" aria-controls=\"elementor-tab-content-1617\" aria-expanded=\"false\">\n\t\t\t\t\t\t\t\t\t\t\t\t\t<span class=\"elementor-accordion-icon elementor-accordion-icon-left\" aria-hidden=\"true\">\n\t\t\t\t\t\t\t\t\t\t\t\t\t\t\t<span class=\"elementor-accordion-icon-closed\"><i class=\"fas fa-plus\"><\/i><\/span>\n\t\t\t\t\t\t\t\t<span class=\"elementor-accordion-icon-opened\"><i class=\"fas fa-minus\"><\/i><\/span>\n\t\t\t\t\t\t\t\t\t\t\t\t\t\t<\/span>\n\t\t\t\t\t\t\t\t\t\t\t\t<a class=\"elementor-accordion-title\" tabindex=\"0\">Fritz Wisten<\/a>\n\t\t\t\t\t<\/div>\n\t\t\t\t\t<div id=\"elementor-tab-content-1617\" class=\"elementor-tab-content elementor-clearfix\" data-tab=\"7\" role=\"region\" aria-labelledby=\"elementor-tab-title-1617\"><p>geb. 25.3.1890, war Schauspieler und Intendant, Leiter des J\u00fcdischen Kulturbundes. Er \u00fcberlebte in Berlin dank seiner \u201eprivilegierten Mischehe\u201c und arbeitete ab 1945 wieder als Intendant an Berliner Theatern. Er starb am 12.12.1962 in Berlin.<\/p><\/div>\n\t\t\t\t<\/div>\n\t\t\t\t\t\t\t<div class=\"elementor-accordion-item\">\n\t\t\t\t\t<div id=\"elementor-tab-title-1618\" class=\"elementor-tab-title\" data-tab=\"8\" role=\"button\" aria-controls=\"elementor-tab-content-1618\" aria-expanded=\"false\">\n\t\t\t\t\t\t\t\t\t\t\t\t\t<span class=\"elementor-accordion-icon elementor-accordion-icon-left\" aria-hidden=\"true\">\n\t\t\t\t\t\t\t\t\t\t\t\t\t\t\t<span class=\"elementor-accordion-icon-closed\"><i class=\"fas fa-plus\"><\/i><\/span>\n\t\t\t\t\t\t\t\t<span class=\"elementor-accordion-icon-opened\"><i class=\"fas fa-minus\"><\/i><\/span>\n\t\t\t\t\t\t\t\t\t\t\t\t\t\t<\/span>\n\t\t\t\t\t\t\t\t\t\t\t\t<a class=\"elementor-accordion-title\" tabindex=\"0\">Edith Wolff<\/a>\n\t\t\t\t\t<\/div>\n\t\t\t\t\t<div id=\"elementor-tab-content-1618\" class=\"elementor-tab-content elementor-clearfix\" data-tab=\"8\" role=\"region\" aria-labelledby=\"elementor-tab-title-1618\"><p>geb. 13.4.1904, arbeitete zusammen mit Recha Freier im Pal\u00e4stinaamt und wurde ebenfalls wegen illegaler Aktionen zugunsten polnischer Juden ausgeschlossen. Offiziell \u201eMischling ersten Grades\u201c nutzte sie ihre gr\u00f6\u00dfere Bewegungsfreiheit und unterst\u00fctzte untergetauchte Juden. 1944 wurde sie von der Gestapo gefa\u00dft, gefoltert und verurteilt. Sie \u00fcberlebte 17 Gef\u00e4ngnisse und das KZ Ravensbr\u00fcck. 1954 emigrierte sie nach Israel, wo sie auch starb.<\/p><\/div>\n\t\t\t\t<\/div>\n\t\t\t\t\t\t\t<div class=\"elementor-accordion-item\">\n\t\t\t\t\t<div id=\"elementor-tab-title-1619\" class=\"elementor-tab-title\" data-tab=\"9\" role=\"button\" aria-controls=\"elementor-tab-content-1619\" aria-expanded=\"false\">\n\t\t\t\t\t\t\t\t\t\t\t\t\t<span class=\"elementor-accordion-icon elementor-accordion-icon-left\" aria-hidden=\"true\">\n\t\t\t\t\t\t\t\t\t\t\t\t\t\t\t<span class=\"elementor-accordion-icon-closed\"><i class=\"fas fa-plus\"><\/i><\/span>\n\t\t\t\t\t\t\t\t<span class=\"elementor-accordion-icon-opened\"><i class=\"fas fa-minus\"><\/i><\/span>\n\t\t\t\t\t\t\t\t\t\t\t\t\t\t<\/span>\n\t\t\t\t\t\t\t\t\t\t\t\t<a class=\"elementor-accordion-title\" tabindex=\"0\">Repr\u00e4sentanten<\/a>\n\t\t\t\t\t<\/div>\n\t\t\t\t\t<div id=\"elementor-tab-content-1619\" class=\"elementor-tab-content elementor-clearfix\" data-tab=\"9\" role=\"region\" aria-labelledby=\"elementor-tab-title-1619\"><\/div>\n\t\t\t\t<\/div>\n\t\t\t\t\t\t\t\t<\/div>\n\t\t\t\t\t\t<\/div>\n\t\t\t\t<\/div>\n\t\t\t\t\t<\/div>\n\t\t<\/div>\n\t\t\t\t\t<\/div>\n\t\t<\/section>\n\t\t\t\t\t<\/div>\n\t\t<\/div>\n\t\t\t\t\t<\/div>\n\t\t<\/section>\n\t\t\t\t<section class=\"elementor-section elementor-top-section elementor-element elementor-element-ef33c51 elementor-section-height-min-height elementor-section-boxed elementor-section-height-default elementor-section-items-middle\" data-id=\"ef33c51\" data-element_type=\"section\" data-e-type=\"section\" data-settings=\"{&quot;background_background&quot;:&quot;classic&quot;}\">\n\t\t\t\t\t\t<div class=\"elementor-container elementor-column-gap-default\">\n\t\t\t\t\t<div class=\"elementor-column elementor-col-100 elementor-top-column elementor-element elementor-element-14eef2b\" data-id=\"14eef2b\" data-element_type=\"column\" data-e-type=\"column\">\n\t\t\t<div class=\"elementor-widget-wrap elementor-element-populated\">\n\t\t\t\t\t\t<div class=\"elementor-element elementor-element-1036fbd elementor-widget elementor-widget-heading\" data-id=\"1036fbd\" data-element_type=\"widget\" data-e-type=\"widget\" data-widget_type=\"heading.default\">\n\t\t\t\t<div class=\"elementor-widget-container\">\n\t\t\t\t\t<h2 class=\"elementor-heading-title elementor-size-default\">Begleitband \/ Katalog\n<\/h2>\t\t\t\t<\/div>\n\t\t\t\t<\/div>\n\t\t\t\t<div class=\"elementor-element elementor-element-9e7b173 elementor-widget elementor-widget-text-editor\" data-id=\"9e7b173\" data-element_type=\"widget\" data-e-type=\"widget\" data-widget_type=\"text-editor.default\">\n\t\t\t\t<div class=\"elementor-widget-container\">\n\t\t\t\t\t\t\t\t\t<p>Der Begleitband folgt in seiner thematischen Einteilung den f\u00fcnfzehn Stationen der Ausstellung. Einige versieht er mit Hintergrundinformationen [\u2026], bei anderen vertieft er die individuellen Lebensgeschichten.<\/p><p>Unsere Ausstellung \u201cJuden in Berlin\u201d ist nur durch die von verschiedenen Zeitzeugen gew\u00e4hrten Interviews zustande gekommen. Selbstzeugnisse sind f\u00fcr die Rekonstruktion der Geschehnisse von ganz entscheidender Bedeutung, ja eine der wichtigsten Quellen, die wir \u00fcberhaupt haben. Das gilt insbesondere dann, wenn es darum geht, die Perspektive der Betroffenen zu rekonstruieren und deren Verfolgungserfahrungen darzustellen. Um den Charakter der Ausstellung in diesem Punkt auf den Begleitband zu \u00fcbertragen, haben wir uns entschlossen, Selbstzeugnisse als ein die Beitr\u00e4ge verbindendes Element in Form von Marginalien durch das ganze Buch zu ziehen. Sie sollen einen Einblick in Zeit und Umst\u00e4nde geben, erleichtern aber zugleich die Orientierung im vorliegenden Band.<\/p>\t\t\t\t\t\t\t\t<\/div>\n\t\t\t\t<\/div>\n\t\t\t\t\t<\/div>\n\t\t<\/div>\n\t\t\t\t\t<\/div>\n\t\t<\/section>\n\t\t\t\t<section class=\"elementor-section elementor-top-section elementor-element elementor-element-21eb6a1 elementor-section-height-full elementor-section-boxed elementor-section-height-default elementor-section-items-middle\" data-id=\"21eb6a1\" data-element_type=\"section\" data-e-type=\"section\">\n\t\t\t\t\t\t<div class=\"elementor-container elementor-column-gap-default\">\n\t\t\t\t\t<div class=\"elementor-column elementor-col-33 elementor-top-column elementor-element elementor-element-3771482\" data-id=\"3771482\" data-element_type=\"column\" data-e-type=\"column\">\n\t\t\t<div class=\"elementor-widget-wrap elementor-element-populated\">\n\t\t\t\t\t\t<div class=\"elementor-element elementor-element-bb3fd95 elementor-widget elementor-widget-heading\" data-id=\"bb3fd95\" data-element_type=\"widget\" data-e-type=\"widget\" data-widget_type=\"heading.default\">\n\t\t\t\t<div class=\"elementor-widget-container\">\n\t\t\t\t\t<span class=\"elementor-heading-title elementor-size-default\">Good to know.\n<\/span>\t\t\t\t<\/div>\n\t\t\t\t<\/div>\n\t\t\t\t<div class=\"elementor-element elementor-element-8516741 elementor-widget elementor-widget-heading\" data-id=\"8516741\" data-element_type=\"widget\" data-e-type=\"widget\" data-widget_type=\"heading.default\">\n\t\t\t\t<div class=\"elementor-widget-container\">\n\t\t\t\t\t<h2 class=\"elementor-heading-title elementor-size-default\">Weitere Informationen\n<\/h2>\t\t\t\t<\/div>\n\t\t\t\t<\/div>\n\t\t\t\t<div class=\"elementor-element elementor-element-6b10f0a elementor-icon-list--layout-traditional elementor-list-item-link-full_width elementor-widget elementor-widget-icon-list\" data-id=\"6b10f0a\" data-element_type=\"widget\" data-e-type=\"widget\" data-widget_type=\"icon-list.default\">\n\t\t\t\t<div class=\"elementor-widget-container\">\n\t\t\t\t\t\t\t<ul class=\"elementor-icon-list-items\">\n\t\t\t\t\t\t\t<li class=\"elementor-icon-list-item\">\n\t\t\t\t\t\t\t\t\t\t\t<span class=\"elementor-icon-list-icon\">\n\t\t\t\t\t\t\t<i aria-hidden=\"true\" class=\"fas fa-asterisk\"><\/i>\t\t\t\t\t\t<\/span>\n\t\t\t\t\t\t\t\t\t\t<span class=\"elementor-icon-list-text\">Ausstellungser\u00f6ffnung<\/span>\n\t\t\t\t\t\t\t\t\t<\/li>\n\t\t\t\t\t\t\t\t<li class=\"elementor-icon-list-item\">\n\t\t\t\t\t\t\t\t\t\t\t<span class=\"elementor-icon-list-icon\">\n\t\t\t\t\t\t\t<i aria-hidden=\"true\" class=\"fas fa-asterisk\"><\/i>\t\t\t\t\t\t<\/span>\n\t\t\t\t\t\t\t\t\t\t<span class=\"elementor-icon-list-text\">Pressemappe<\/span>\n\t\t\t\t\t\t\t\t\t<\/li>\n\t\t\t\t\t\t\t\t<li class=\"elementor-icon-list-item\">\n\t\t\t\t\t\t\t\t\t\t\t<a href=\"https:\/\/centrumjudaicum.de\/wp-content\/uploads\/2023\/08\/Digitale-Pressemappe-Ende-der-Zeitzeugenschaft.pdf\">\n\n\t\t\t\t\t\t\t\t\t\t\t\t<span class=\"elementor-icon-list-icon\">\n\t\t\t\t\t\t\t<i aria-hidden=\"true\" class=\"fas fa-asterisk\"><\/i>\t\t\t\t\t\t<\/span>\n\t\t\t\t\t\t\t\t\t\t<span class=\"elementor-icon-list-text\">Begleitband<\/span>\n\t\t\t\t\t\t\t\t\t\t\t<\/a>\n\t\t\t\t\t\t\t\t\t<\/li>\n\t\t\t\t\t\t<\/ul>\n\t\t\t\t\t\t<\/div>\n\t\t\t\t<\/div>\n\t\t\t\t\t<\/div>\n\t\t<\/div>\n\t\t\t\t<div class=\"elementor-column elementor-col-33 elementor-top-column elementor-element elementor-element-c5f2a45\" data-id=\"c5f2a45\" data-element_type=\"column\" data-e-type=\"column\">\n\t\t\t<div class=\"elementor-widget-wrap\">\n\t\t\t\t\t\t\t<\/div>\n\t\t<\/div>\n\t\t\t\t<div class=\"elementor-column elementor-col-33 elementor-top-column elementor-element elementor-element-19c5ad6\" data-id=\"19c5ad6\" data-element_type=\"column\" data-e-type=\"column\">\n\t\t\t<div class=\"elementor-widget-wrap elementor-element-populated\">\n\t\t\t\t\t\t<div class=\"elementor-element elementor-element-9dd1739 elementor-widget elementor-widget-gallery\" data-id=\"9dd1739\" data-element_type=\"widget\" data-e-type=\"widget\" data-settings=\"{&quot;gallery_layout&quot;:&quot;justified&quot;,&quot;lazyload&quot;:&quot;yes&quot;,&quot;ideal_row_height&quot;:{&quot;unit&quot;:&quot;px&quot;,&quot;size&quot;:200,&quot;sizes&quot;:[]},&quot;ideal_row_height_tablet&quot;:{&quot;unit&quot;:&quot;px&quot;,&quot;size&quot;:150,&quot;sizes&quot;:[]},&quot;ideal_row_height_mobile&quot;:{&quot;unit&quot;:&quot;px&quot;,&quot;size&quot;:150,&quot;sizes&quot;:[]},&quot;gap&quot;:{&quot;unit&quot;:&quot;px&quot;,&quot;size&quot;:10,&quot;sizes&quot;:[]},&quot;gap_tablet&quot;:{&quot;unit&quot;:&quot;px&quot;,&quot;size&quot;:10,&quot;sizes&quot;:[]},&quot;gap_mobile&quot;:{&quot;unit&quot;:&quot;px&quot;,&quot;size&quot;:10,&quot;sizes&quot;:[]},&quot;link_to&quot;:&quot;file&quot;,&quot;overlay_background&quot;:&quot;yes&quot;,&quot;content_hover_animation&quot;:&quot;fade-in&quot;}\" data-widget_type=\"gallery.default\">\n\t\t\t\t<div class=\"elementor-widget-container\">\n\t\t\t\t\t\t\t<div class=\"elementor-gallery__container\">\n\t\t\t\t\t\t\t<a class=\"e-gallery-item elementor-gallery-item elementor-animated-content\" href=\"https:\/\/centrumjudaicum.de\/wp-content\/uploads\/2023\/08\/Bundeskanzeler-GErhard-Schroeder2-400x267-1.jpg\" data-elementor-open-lightbox=\"yes\" data-elementor-lightbox-slideshow=\"9dd1739\" data-elementor-lightbox-title=\"Er\u00f6ffnungsfeier von &quot;Juden in Berlin 1933-1945&quot;\" data-e-action-hash=\"#elementor-action%3Aaction%3Dlightbox%26settings%3DeyJpZCI6MTgwMzQsInVybCI6Imh0dHBzOlwvXC9jZW50cnVtanVkYWljdW0uZGVcL3dwLWNvbnRlbnRcL3VwbG9hZHNcLzIwMjNcLzA4XC9CdW5kZXNrYW56ZWxlci1HRXJoYXJkLVNjaHJvZWRlcjItNDAweDI2Ny0xLmpwZyIsInNsaWRlc2hvdyI6IjlkZDE3MzkifQ%3D%3D\">\n\t\t\t\t\t<div class=\"e-gallery-image elementor-gallery-item__image\" data-thumbnail=\"https:\/\/centrumjudaicum.de\/wp-content\/uploads\/2023\/08\/Bundeskanzeler-GErhard-Schroeder2-400x267-1-300x200.jpg\" data-width=\"300\" data-height=\"200\" aria-label=\"Foto von formell gekleideten Personen, die in einer Reihe nebeneinander sitzen und nach vorne schauen. Hinter ihnen sind weitere Reihen von Menschen zu sehen, einige stehen auch an der Seite. In der Mitte der ersten Reihe sitzt Gerhard Schr\u00f6der, rechts neben ihm der Gr\u00fcndungsintendant Hermann Simon.\" role=\"img\" ><\/div>\n\t\t\t\t\t\t\t\t\t\t\t<div class=\"elementor-gallery-item__overlay\"><\/div>\n\t\t\t\t\t\t\t\t\t\t\t\t\t\t<\/a>\n\t\t\t\t\t\t\t<a class=\"e-gallery-item elementor-gallery-item elementor-animated-content\" href=\"https:\/\/centrumjudaicum.de\/wp-content\/uploads\/2023\/08\/Bundeskanzeler-GErhard-Schroeder-400x267-1.jpg\" data-elementor-open-lightbox=\"yes\" data-elementor-lightbox-slideshow=\"9dd1739\" data-elementor-lightbox-title=\"Er\u00f6ffnung &quot;Juden in Berlin 1933-1945&quot; mit Gerhard Schr\u00f6der\" data-e-action-hash=\"#elementor-action%3Aaction%3Dlightbox%26settings%3DeyJpZCI6MTgwMzMsInVybCI6Imh0dHBzOlwvXC9jZW50cnVtanVkYWljdW0uZGVcL3dwLWNvbnRlbnRcL3VwbG9hZHNcLzIwMjNcLzA4XC9CdW5kZXNrYW56ZWxlci1HRXJoYXJkLVNjaHJvZWRlci00MDB4MjY3LTEuanBnIiwic2xpZGVzaG93IjoiOWRkMTczOSJ9\">\n\t\t\t\t\t<div class=\"e-gallery-image elementor-gallery-item__image\" data-thumbnail=\"https:\/\/centrumjudaicum.de\/wp-content\/uploads\/2023\/08\/Bundeskanzeler-GErhard-Schroeder-400x267-1-300x200.jpg\" data-width=\"300\" data-height=\"200\" aria-label=\"Foto einer Gruppe von M\u00e4nnern, die im Kreis stehen und miteinander reden. Alle tragen Anz\u00fcge in Graut\u00f6nen oder schwarz, bunte Krawatten und wei\u00dfe Hemden, vier von ihnen tragen eine Brille. Links im Bild ist Gerhard Schr\u00f6der zu sehen, der Hermann Simon und Ernst G\u00fcnter Fontheim zugewandt ist und sie anspricht.\" role=\"img\" ><\/div>\n\t\t\t\t\t\t\t\t\t\t\t<div class=\"elementor-gallery-item__overlay\"><\/div>\n\t\t\t\t\t\t\t\t\t\t\t\t\t\t<\/a>\n\t\t\t\t\t\t\t<a class=\"e-gallery-item elementor-gallery-item elementor-animated-content\" href=\"https:\/\/centrumjudaicum.de\/wp-content\/uploads\/2023\/08\/Cover-Juden-in-Berlin.jpg\" data-elementor-open-lightbox=\"yes\" data-elementor-lightbox-slideshow=\"9dd1739\" data-elementor-lightbox-title=\"Cover-Juden-in-Berlin\" data-e-action-hash=\"#elementor-action%3Aaction%3Dlightbox%26settings%3DeyJpZCI6MTgwMzIsInVybCI6Imh0dHBzOlwvXC9jZW50cnVtanVkYWljdW0uZGVcL3dwLWNvbnRlbnRcL3VwbG9hZHNcLzIwMjNcLzA4XC9Db3Zlci1KdWRlbi1pbi1CZXJsaW4uanBnIiwic2xpZGVzaG93IjoiOWRkMTczOSJ9\">\n\t\t\t\t\t<div class=\"e-gallery-image elementor-gallery-item__image\" data-thumbnail=\"https:\/\/centrumjudaicum.de\/wp-content\/uploads\/2023\/08\/Cover-Juden-in-Berlin.jpg\" data-width=\"250\" data-height=\"300\" aria-label=\"\" role=\"img\" ><\/div>\n\t\t\t\t\t\t\t\t\t\t\t<div class=\"elementor-gallery-item__overlay\"><\/div>\n\t\t\t\t\t\t\t\t\t\t\t\t\t\t<\/a>\n\t\t\t\t\t<\/div>\n\t\t\t\t\t<\/div>\n\t\t\t\t<\/div>\n\t\t\t\t\t<\/div>\n\t\t<\/div>\n\t\t\t\t\t<\/div>\n\t\t<\/section>\n\t\t\t\t<section class=\"elementor-section elementor-top-section elementor-element elementor-element-129533c elementor-section-boxed elementor-section-height-default elementor-section-height-default\" data-id=\"129533c\" data-element_type=\"section\" data-e-type=\"section\" data-settings=\"{&quot;background_background&quot;:&quot;classic&quot;}\">\n\t\t\t\t\t\t<div class=\"elementor-container elementor-column-gap-default\">\n\t\t\t\t\t<div class=\"elementor-column elementor-col-100 elementor-top-column elementor-element elementor-element-7d934aa\" data-id=\"7d934aa\" data-element_type=\"column\" data-e-type=\"column\">\n\t\t\t<div class=\"elementor-widget-wrap elementor-element-populated\">\n\t\t\t\t\t\t<div class=\"elementor-element elementor-element-422a0c5 elementor-widget-divider--view-line_text elementor-widget-divider--element-align-center elementor-widget elementor-widget-divider\" data-id=\"422a0c5\" data-element_type=\"widget\" data-e-type=\"widget\" data-widget_type=\"divider.default\">\n\t\t\t\t<div class=\"elementor-widget-container\">\n\t\t\t\t\t\t\t<div class=\"elementor-divider\">\n\t\t\t<span class=\"elementor-divider-separator\">\n\t\t\t\t\t\t\t<span class=\"elementor-divider__text elementor-divider__element\">\n\t\t\t\tGef\u00f6rdert durch\t\t\t\t<\/span>\n\t\t\t\t\t\t<\/span>\n\t\t<\/div>\n\t\t\t\t\t\t<\/div>\n\t\t\t\t<\/div>\n\t\t\t\t<section class=\"elementor-section elementor-inner-section elementor-element elementor-element-b74e571 elementor-section-boxed elementor-section-height-default elementor-section-height-default\" data-id=\"b74e571\" data-element_type=\"section\" data-e-type=\"section\">\n\t\t\t\t\t\t<div class=\"elementor-container elementor-column-gap-default\">\n\t\t\t\t\t<div class=\"elementor-column elementor-col-25 elementor-inner-column elementor-element elementor-element-a03c12a\" data-id=\"a03c12a\" data-element_type=\"column\" data-e-type=\"column\">\n\t\t\t<div class=\"elementor-widget-wrap\">\n\t\t\t\t\t\t\t<\/div>\n\t\t<\/div>\n\t\t\t\t<div class=\"elementor-column elementor-col-25 elementor-inner-column elementor-element elementor-element-c98fbbb\" data-id=\"c98fbbb\" data-element_type=\"column\" data-e-type=\"column\">\n\t\t\t<div class=\"elementor-widget-wrap elementor-element-populated\">\n\t\t\t\t\t\t<div class=\"elementor-element elementor-element-c468d35 elementor-widget elementor-widget-image\" data-id=\"c468d35\" data-element_type=\"widget\" data-e-type=\"widget\" data-widget_type=\"image.default\">\n\t\t\t\t<div class=\"elementor-widget-container\">\n\t\t\t\t\t\t\t\t\t\t\t\t\t\t\t\t<a href=\"https:\/\/www.bundesregierung.de\/breg-de\/bundesregierung\/staatsministerin-fuer-kultur-und-medien\" target=\"_blank\">\n\t\t\t\t\t\t\t<img fetchpriority=\"high\" decoding=\"async\" width=\"300\" height=\"200\" src=\"https:\/\/centrumjudaicum.de\/wp-content\/uploads\/2023\/08\/MD-Berlin-1.jpg\" class=\"attachment-large size-large wp-image-18036\" alt=\"Rechteckiges Logo, schwarz-grau auf wei\u00dfem Hintergrund. Links stehen die Gro\u00dfbuchstaben M (schwarz) und D (grau) ohne Leerzeichen nebeneinander. Daneben ist eine Grafik des Brandenburgertors, bestehend aus schwarzen und wei\u00dfen Quer- und L\u00e4ngsbalken und einem schwarzen Punkt oben dr\u00fcber. Rechts oben ist ein schwarzes Rechteck, in dem in wei\u00dfer Schrift &quot;Berlin&quot; steht.\" \/>\t\t\t\t\t\t\t\t<\/a>\n\t\t\t\t\t\t\t\t\t\t\t\t\t\t\t<\/div>\n\t\t\t\t<\/div>\n\t\t\t\t\t<\/div>\n\t\t<\/div>\n\t\t\t\t<div class=\"elementor-column elementor-col-25 elementor-inner-column elementor-element elementor-element-2e48c64\" data-id=\"2e48c64\" data-element_type=\"column\" data-e-type=\"column\">\n\t\t\t<div class=\"elementor-widget-wrap elementor-element-populated\">\n\t\t\t\t\t\t<div class=\"elementor-element elementor-element-06f81fd elementor-widget elementor-widget-image\" data-id=\"06f81fd\" data-element_type=\"widget\" data-e-type=\"widget\" data-widget_type=\"image.default\">\n\t\t\t\t<div class=\"elementor-widget-container\">\n\t\t\t\t\t\t\t\t\t\t\t\t\t\t\t<img decoding=\"async\" width=\"300\" height=\"200\" src=\"https:\/\/centrumjudaicum.de\/wp-content\/uploads\/2023\/08\/SDKL-4.jpg\" class=\"attachment-large size-large wp-image-18035\" alt=\"Rechteckiges Logo der Stiftung Deutsche Kassenlotterie Berlin: Wei\u00dfer Hintergrund, &quot;Stiftung&quot; in grauen Gro\u00dfbuchstaben, zentriert, der restliche Titel in kleineren schwarzen Gro\u00dfbuchstaben in der Zeile darunter.\" \/>\t\t\t\t\t\t\t\t\t\t\t\t\t\t\t<\/div>\n\t\t\t\t<\/div>\n\t\t\t\t\t<\/div>\n\t\t<\/div>\n\t\t\t\t<div class=\"elementor-column elementor-col-25 elementor-inner-column elementor-element elementor-element-0efb284\" data-id=\"0efb284\" data-element_type=\"column\" data-e-type=\"column\">\n\t\t\t<div class=\"elementor-widget-wrap\">\n\t\t\t\t\t\t\t<\/div>\n\t\t<\/div>\n\t\t\t\t\t<\/div>\n\t\t<\/section>\n\t\t\t\t<section class=\"elementor-section elementor-inner-section elementor-element elementor-element-123539a elementor-section-boxed elementor-section-height-default elementor-section-height-default\" data-id=\"123539a\" data-element_type=\"section\" data-e-type=\"section\">\n\t\t\t\t\t\t<div class=\"elementor-container elementor-column-gap-default\">\n\t\t\t\t\t<div class=\"elementor-column elementor-col-50 elementor-inner-column elementor-element elementor-element-66b9ed9\" data-id=\"66b9ed9\" data-element_type=\"column\" data-e-type=\"column\">\n\t\t\t<div class=\"elementor-widget-wrap\">\n\t\t\t\t\t\t\t<\/div>\n\t\t<\/div>\n\t\t\t\t<div class=\"elementor-column elementor-col-50 elementor-inner-column elementor-element elementor-element-b78f23a\" data-id=\"b78f23a\" data-element_type=\"column\" data-e-type=\"column\">\n\t\t\t<div class=\"elementor-widget-wrap elementor-element-populated\">\n\t\t\t\t\t\t<div class=\"elementor-element elementor-element-7bae075 elementor-tabs-alignment-end elementor-tabs-view-horizontal elementor-widget elementor-widget-tabs\" data-id=\"7bae075\" data-element_type=\"widget\" data-e-type=\"widget\" data-widget_type=\"tabs.default\">\n\t\t\t\t<div class=\"elementor-widget-container\">\n\t\t\t\t\t\t\t<div class=\"elementor-tabs\">\n\t\t\t<div class=\"elementor-tabs-wrapper\" role=\"tablist\" >\n\t\t\t\t\t\t\t\t\t<div id=\"elementor-tab-title-1291\" class=\"elementor-tab-title elementor-tab-desktop-title\" aria-selected=\"true\" data-tab=\"1\" role=\"tab\" tabindex=\"0\" aria-controls=\"elementor-tab-content-1291\" aria-expanded=\"false\">I.<\/div>\n\t\t\t\t\t\t\t\t\t<div id=\"elementor-tab-title-1292\" class=\"elementor-tab-title elementor-tab-desktop-title\" aria-selected=\"false\" data-tab=\"2\" role=\"tab\" tabindex=\"-1\" aria-controls=\"elementor-tab-content-1292\" aria-expanded=\"false\">Copyright Bilder<\/div>\n\t\t\t\t\t\t\t\t\t<div id=\"elementor-tab-title-1293\" class=\"elementor-tab-title elementor-tab-desktop-title\" aria-selected=\"false\" data-tab=\"3\" role=\"tab\" tabindex=\"-1\" aria-controls=\"elementor-tab-content-1293\" aria-expanded=\"false\">Impressum<\/div>\n\t\t\t\t\t\t\t\t\t<div id=\"elementor-tab-title-1294\" class=\"elementor-tab-title elementor-tab-desktop-title\" aria-selected=\"false\" data-tab=\"4\" role=\"tab\" tabindex=\"-1\" aria-controls=\"elementor-tab-content-1294\" aria-expanded=\"false\">Danksagung<\/div>\n\t\t\t\t\t\t\t<\/div>\n\t\t\t<div class=\"elementor-tabs-content-wrapper\" role=\"tablist\" aria-orientation=\"vertical\">\n\t\t\t\t\t\t\t\t\t<div class=\"elementor-tab-title elementor-tab-mobile-title\" aria-selected=\"true\" data-tab=\"1\" role=\"tab\" tabindex=\"0\" aria-controls=\"elementor-tab-content-1291\" aria-expanded=\"false\">I.<\/div>\n\t\t\t\t\t<div id=\"elementor-tab-content-1291\" class=\"elementor-tab-content elementor-clearfix\" data-tab=\"1\" role=\"tabpanel\" aria-labelledby=\"elementor-tab-title-1291\" tabindex=\"0\" hidden=\"false\"><\/div>\n\t\t\t\t\t\t\t\t\t<div class=\"elementor-tab-title elementor-tab-mobile-title\" aria-selected=\"false\" data-tab=\"2\" role=\"tab\" tabindex=\"-1\" aria-controls=\"elementor-tab-content-1292\" aria-expanded=\"false\">Copyright Bilder<\/div>\n\t\t\t\t\t<div id=\"elementor-tab-content-1292\" class=\"elementor-tab-content elementor-clearfix\" data-tab=\"2\" role=\"tabpanel\" aria-labelledby=\"elementor-tab-title-1292\" tabindex=\"0\" hidden=\"hidden\"><p>Bild 1 Intro: Judenstern(c) CJ_M.Billeb<br \/>Bild 2: M\u00f6belhaus Thau(c) Centrum Jusaicum<br \/>Bild 3: Gesch\u00e4ft Metzger (c) Centrum Judaicum<br \/>Bild 4: Blick in die Ausstellung (c) CJ_M.Billeb<br \/>Bild 5: Blick in die Ausstellung (c) CJ_M.Billeb<br \/>Bild 6: Blick in die Ausstellung (c) CJ_M.Billeb<br \/>Bild 7: Blick in die Ausstellung (c) CJ_M.Billeb<br \/>Bild 8: Blick in die Ausstellung (c) CJ_M.Billeb<\/p><\/div>\n\t\t\t\t\t\t\t\t\t<div class=\"elementor-tab-title elementor-tab-mobile-title\" aria-selected=\"false\" data-tab=\"3\" role=\"tab\" tabindex=\"-1\" aria-controls=\"elementor-tab-content-1293\" aria-expanded=\"false\">Impressum<\/div>\n\t\t\t\t\t<div id=\"elementor-tab-content-1293\" class=\"elementor-tab-content elementor-clearfix\" data-tab=\"3\" role=\"tabpanel\" aria-labelledby=\"elementor-tab-title-1293\" tabindex=\"0\" hidden=\"hidden\"><p><strong>Juden in Berlin 1938-1945<\/strong><\/p><p><strong>8. Mai 2000 bis 20. August 2000<\/strong><br \/><strong>verl\u00e4ngert bis 29. Oktober 2000<\/strong><\/p><p><strong>Eine Ausstellung der<\/strong><br \/>Stiftung \u201cNeue Synagoge Berlin-<br \/>Centrum Judaicum\u201d mit Unterst\u00fctzung des Museumsp\u00e4dagogischen Dienstes Berlin<\/p><p><strong>Projektleitung<\/strong><br \/>Beate Meyer<br \/>Hermann Simon<\/p><p><strong>Projektkoordination<\/strong><br \/>Christian Dirks<br \/>Verena Immler<\/p><p><strong>Ausstellungsgestaltung<\/strong><br \/>Dagmar von Wilcken<br \/><em>Mitarbeit<\/em><br \/>Marc Mendelson<br \/>Susanne Jaeger<\/p><p><strong>Ausstellungsbauten<\/strong><br \/>Bel-Tec Ausstattungen GmbH<br \/>Cham\u00e4leon Service, Film\/Theaterbauten GmbH<\/p><p><strong>Audio- und Videoproduktion<\/strong><br \/>Redaktion:<br \/>Beate Meyer<br \/>Christian Dirks<br \/>Chana C. Sch\u00fctz<br \/>Autor u. Realisation:<br \/>Marina Bartsch-R\u00fcdiger, Michael O. R\u00fcdiger<\/p><p><strong>Produktion:<\/strong><br \/>IN AND AROUND\u2013Medienwerkstatt<\/p><p><strong>Ausstellungstechnik<\/strong><br \/>Antenna Audio GmbH<br \/>Diaprojektion:<br \/>AV-Optics<\/p><p><strong>Fotos\/Reproduktionen<\/strong><br \/>Margit Billeb<\/p><p><strong>Fotoredaktion<\/strong><br \/>Christian Dirks<\/p><p><strong>Synchronisation und Untertitelung<\/strong><br \/>alias Film &amp; Sprachtransfer<\/p><p><strong>Mitarbeit und Recherche<\/strong><br \/>Christian Dirks<br \/>Anna Fischer<br \/>Sabine Hank<br \/>Marlene Holtz<br \/>Ulrike Kehrberg<br \/>Clemens Maier<br \/>Albert Meirer<br \/>Beate Meyer<br \/>Rita Meyh\u00f6fer<br \/>Alexandra von Pfuhlstein<br \/>Michael Sch\u00e4bitz<br \/>Chana C. Sch\u00fctz<br \/>Hermann Simon<br \/>Barbara Welker<\/p><p>Ausstellung und Katalog wurden durch Mittel der Stiftung Deutsche Klassenlotterie Berlin erm\u00f6glicht.<\/p><\/div>\n\t\t\t\t\t\t\t\t\t<div class=\"elementor-tab-title elementor-tab-mobile-title\" aria-selected=\"false\" data-tab=\"4\" role=\"tab\" tabindex=\"-1\" aria-controls=\"elementor-tab-content-1294\" aria-expanded=\"false\">Danksagung<\/div>\n\t\t\t\t\t<div id=\"elementor-tab-content-1294\" class=\"elementor-tab-content elementor-clearfix\" data-tab=\"4\" role=\"tabpanel\" aria-labelledby=\"elementor-tab-title-1294\" tabindex=\"0\" hidden=\"hidden\"><p><strong>Dank- und Leihgeberliste<\/strong><\/p><p>Judith Angress \/ Maayan Zwi (Israel)<br \/>Frank Bajohr \/ Hamburg<br \/>Marina Bartsch-R\u00fcdiger \/ Berlin<br \/>Bayer-Archiv \/ Leverkusen<br \/>Gad Beck \/ Berlin<br \/>Vera Bendt \/ J\u00fcdisches Museum Berlin<br \/>J\u00fcrgen Bogdahn \/ Entsch\u00e4digungsamt<br \/>Cornelia B\u00f6hnst\u00e4tt \/ Stiftung Stadtmuseum Berlin<br \/>Barbara Borowy \/ Museumsp\u00e4dagogischer Dienst<br \/>Jael Botsch-Fitterling \/ Berlin<br \/>Edna Brocke \/ Alte Synagoge Essen<br \/>Gabriel Bron \/ Jerusalem<br \/>Allison Brown \/ Berlin<br \/>Claus Br\u00fcndel \/ Deutsches Technikmuseum Berlin<br \/>Werner Buchwald \/ Edition Hentrich Berlin<br \/>Liselotte Clemens \/ Berlin<br \/>Marlies Coburger \/ Stiftung Stadtmuseum Berlin<br \/>Zwi Cohen \/ Maabarot (Israel)<br \/>Klaus Dettmer \/ Landesarchiv Berlin<br \/>Deutsches Apotheken-Museum \/ Heidelberg<br \/>Deutschlandradio \/ Berlin<br \/>Edith Dietz \/ Karlsruhe<br \/>Ernst Ludwig Ehrlich \/ Riehen<br \/>Renate Evers \/ Leo Baeck Institute New York<br \/>Herbert Fiedler \/ Luckenwalde<br \/>Ernest Fontheim \/ Ann Arbour<br \/>Eva Frank \/ Holon<br \/>J. Fr\u00e4nkel \/ Berlin<br \/>Leonie und Walter Frankenstein \/ Bandhagen (Schweden)<br \/>Arkady Fried \/ Bibliothek der J\u00fcdischen Gemeinde zu Berlin<br \/>Edith Gamson \/ Berlin<br \/>Thomas J. Garb\u00e1ty \/ Ann Arbour<br \/>Sandra Gebbeken \/ Leo Baeck Institute New York<br \/>Martha Gerson \/ Berlin<br \/>Horst Gessner \/ Berlin<br \/>Marianne Givol \/ Holon<br \/>Pit Goldschmidt \/ Hamburg<br \/>Ruth Gross \/ Berlin<br \/>Wolf Gruner \/ Berlin<br \/>Renate Grunert \/ Schwarzenbek<br \/>Kai Gruzdz \/ Ausstellung Blindes Vertrauen Berlin<br \/>David Hamilton \/ London<br \/>Elieser G\u00fcnter Hammerstein \/ Berlin<br \/>Wolfgang Haney \/ Berlin<br \/>Michael Haring \/ Pressebilderdienst Kindermann Berlin<br \/>Heimatmuseum Hohensch\u00f6nhausen \/ Berlin<br \/>Horst Helas \/ Berlin<br \/>Eugen Herman-Friede \/ Kronberg<br \/>Erika Herzfeld \/ Berlin<br \/>Rudolf Hirsch \/ Berlin<br \/>Hans Israelowicz \/ Berlin<br \/>Helga Isvoranu \/ Berlin<br \/>Gisela Jacobius \/ Berlin<br \/>Thomas Jersch \/ Berlin<br \/>Anne Jobst \/ J\u00fcdisches Museum Berlin<br \/>Rolf Joseph \/ Berlin<br \/>Irmgard Jourdain \/ Karlsruhe<br \/>J\u00fcdisches Museum \/ Berlin<br \/>Renate Kirchner \/ Bibliothek der J\u00fcdischen Gemeinde zu Berlin<br \/>Gerd Koch \/ Berlin<br \/>G\u00fcnter Kopplin \/ Archiv Landgericht Berlin<br \/>Margit Korge \/ Berlin<br \/>Reiner Korsen \/ Hamburg<br \/>Ferdinand Kroh \/ Berlin<br \/>Ariane Kwasigroch \/ Ausstellung Blindes Vertrauen Berlin<br \/>Simone Ladwig-Winters \/ Berlin<br \/>Landesarchiv Berlin<br \/>Kurt Landsberger \/ New Milford (USA)<br \/>Frank Leimkugel \/ M\u00fclheim<br \/>Anette Leo \/ Berlin<br \/>Evi und Walter Levin \/ Basel<br \/>Judith Levin \/ Yad Vashem Jerusalem<br \/>Christa Liebscher \/ Sportmuseum Berlin<br \/>Jutta Liesen \/ alias Film \/ Berlin<br \/>Peter Loewy \/ Berlin<br \/>Ina Lorenz \/ Hamburg<br \/>J\u00fcrgen Lottenburger \/ Satz-Rechen-Zentrum Berlin<br \/>Wendy Luterman \/ Steven Spielberg Jewish Film Archive Jerusalem<br \/>Gudrun Maierhof \/ Frankfurt<br \/>Clemens Marcuse \/ Raisting<br \/>Monika Marschel \/ Centrum Judaicum Berlin<br \/>Peter Matuschek \/ Stiftung Stadtmuseum Berlin<br \/>Auguste Meder \/ Berlin<br \/>Kersti Mellberg \/ Schwedische Victoriagemeinde Berlin<br \/>Miriam Merzbacher \/ Stamford Connecticut<br \/>Albert Meyer \/ Berlin<br \/>Winfried Meyer \/ Berlin<br \/>Rita Meyh\u00f6fer \/ Berlin<br \/>Gisela Mie\u00dfner \/ Berlin<br \/>Ragnhild M\u00fcnch \/ Berlin<br \/>Hans Nisbl\u00e9 \/ Berlin<br \/>Markus Oppermann \/ Satz-Rechen-Zentrum Berlin<br \/>Bodmar Ottow \/ Berlin<br \/>Evelyn Pearl \/ New York<br \/>Maja Peers \/ Deutsches Historisches Museum Berlin<br \/>Stefan Peetz \/ Berlin<br \/>Frank Pfeiffer \/ Pandora Neue Medien GmbH Berlin<br \/>Walter Philipp \/ West Hills California<br \/>Lutz Prie\u00df \/ Berlin<br \/>Marion Proft \/ Stiftung Stadtmuseum Berlin<br \/>Ruth Recknagel \/ Wiedergutmachungs\u00e4mter von Berlin<br \/>Monika Richarz \/ Hamburg<br \/>Heiner Ross \/ Metropolis Kommunales Kino Kinemathek Hamburg e.V.<br \/>Michael R\u00fcdiger \/ Berlin<br \/>Christiaan Frederik R\u00fcter \/ Amsterdam<br \/>Irene Ruschin \/ Berlin<br \/>Rosa Sacharin \/ Glasgow<br \/>Carola Sachse \/ Berlin<br \/>Mali Scharf-Berger \/ New York<br \/>Wolfgang Scharnberg \/ Hamburg<br \/>Ellen Scheurenberg \/ Wunstorf<br \/>Barbara Schieb \/ Berlin<br \/>Kurt Schilde \/ Siegen<br \/>Alisah Schiller \/ Beit Theresienstadt Givat Haim Ihud (Israel)<br \/>Lothar Schirmer \/ Stiftung Stadtmuseum Berlin<br \/>Sabine Schleiermacher \/ Berlin<br \/>Peter Schmalfu\u00df \/ Technikmuseum Berlin<br \/>Manfred Schnapp \/ Berlin<br \/>B\u00e4rbel Sch\u00f6nefeld \/ Polizeihistorische Sammlung Berlin<br \/>Winfried Schultze \/ Archiv der Humboldt-Universit\u00e4t zu Berlin<br \/>Detlef Schwarz \/ Entsch\u00e4digungsbeh\u00f6rde von Berlin<br \/>Jizchak Schwersenz \/ Berlin<br \/>Anna Shannon \/ Los Angeles<br \/>Helga Simon \/ Berlin<br \/>Uwe Splett \/ Berlin<br \/>Stadtteilarchiv Ottensen \/ Hamburg<br \/>Hellmut Stern \/ Berlin<br \/>Herbert Strau\u00df \/ New York<br \/>Manfred St\u00fcrzbecher \/ Berlin<br \/>Martin Tessmer \/ In And Around Medienwerkstatt Berlin<br \/>Johannes Tuchel \/ Gedenkst\u00e4tte deutscher Widerstand Berlin<br \/>Daniel Uziel \/ Yad Vashem Jerusalem<br \/>G\u00fcnther Wagenlehner \/ Bonn<br \/>Herman Wagner \/ Beit Iizchak (Israel)<br \/>Henry Walton \/ Cheshire (Gro\u00dfbritannien)<br \/>Bianca Welzing \/ Landesarchiv Berlin<br \/>J\u00fcrgen Wetzel \/ Landesarchiv Berlin<br \/>Karin Wieckhorst \/ Berlin<br \/>Thomas Willerscheck \/ Sportmuseum Berlin<br \/>Ruth Wing \/ London<br \/>Kurt Winkler \/ Stiftung Stadtmuseum Berlin<br \/>Angelika Winkler-Wulkau \/ Wiedergutmachungs\u00e4mter von Berlin<br \/>Anna Winn \/ Entsch\u00e4digungsamt Berlin<br \/>Eva-Maria Wittke \/ ARD-Studio London<br \/>Hans-Udo Wittkowski \/ Berlin<br \/>Christine Zahn \/ Berlin<\/p><p>Besonderer Dank gilt allen Mitarbeiterinnen und Mitarbeitern des Centrum Judaicum<\/p><\/div>\n\t\t\t\t\t\t\t<\/div>\n\t\t<\/div>\n\t\t\t\t\t\t<\/div>\n\t\t\t\t<\/div>\n\t\t\t\t\t<\/div>\n\t\t<\/div>\n\t\t\t\t\t<\/div>\n\t\t<\/section>\n\t\t\t\t\t<\/div>\n\t\t<\/div>\n\t\t\t\t\t<\/div>\n\t\t<\/section>\n\t\t\t\t<section class=\"elementor-section elementor-top-section elementor-element elementor-element-ae9fd50 elementor-section-full_width elementor-section-height-default elementor-section-height-default\" data-id=\"ae9fd50\" data-element_type=\"section\" data-e-type=\"section\">\n\t\t\t\t\t\t<div class=\"elementor-container elementor-column-gap-no\">\n\t\t\t\t\t<div class=\"elementor-column elementor-col-100 elementor-top-column elementor-element elementor-element-a73c220\" data-id=\"a73c220\" data-element_type=\"column\" data-e-type=\"column\">\n\t\t\t<div class=\"elementor-widget-wrap elementor-element-populated\">\n\t\t\t\t\t\t<div class=\"elementor-element elementor-element-4824fa8 elementor-widget elementor-widget-template\" data-id=\"4824fa8\" data-element_type=\"widget\" data-e-type=\"widget\" data-widget_type=\"template.default\">\n\t\t\t\t<div class=\"elementor-widget-container\">\n\t\t\t\t\t\t\t<div class=\"elementor-template\">\n\t\t\t\t\t<div data-elementor-type=\"section\" data-elementor-id=\"17130\" class=\"elementor elementor-17130\" data-elementor-post-type=\"elementor_library\">\n\t\t\t\t\t<section class=\"elementor-section elementor-top-section elementor-element elementor-element-3498ebd6 elementor-section-boxed elementor-section-height-default elementor-section-height-default\" data-id=\"3498ebd6\" data-element_type=\"section\" data-e-type=\"section\" data-settings=\"{&quot;background_background&quot;:&quot;classic&quot;}\">\n\t\t\t\t\t\t<div class=\"elementor-container elementor-column-gap-default\">\n\t\t\t\t\t<div class=\"elementor-column elementor-col-100 elementor-top-column elementor-element elementor-element-16a58b2f\" data-id=\"16a58b2f\" data-element_type=\"column\" data-e-type=\"column\">\n\t\t\t<div class=\"elementor-widget-wrap elementor-element-populated\">\n\t\t\t\t\t\t<section class=\"elementor-section elementor-inner-section elementor-element elementor-element-1c14acc elementor-section-boxed elementor-section-height-default elementor-section-height-default\" data-id=\"1c14acc\" data-element_type=\"section\" data-e-type=\"section\">\n\t\t\t\t\t\t<div class=\"elementor-container elementor-column-gap-default\">\n\t\t\t\t\t<div class=\"elementor-column elementor-col-50 elementor-inner-column elementor-element elementor-element-5ead873\" data-id=\"5ead873\" data-element_type=\"column\" data-e-type=\"column\">\n\t\t\t<div class=\"elementor-widget-wrap elementor-element-populated\">\n\t\t\t\t\t\t<div class=\"elementor-element elementor-element-3d0bf96c elementor-widget elementor-widget-heading\" data-id=\"3d0bf96c\" data-element_type=\"widget\" data-e-type=\"widget\" data-widget_type=\"heading.default\">\n\t\t\t\t<div class=\"elementor-widget-container\">\n\t\t\t\t\t<h2 class=\"elementor-heading-title elementor-size-default\">J\u00fcdisch. Berlinerisch. Mittendrin.\nMuseum. Authentischer Ort. Alt-Neu.<\/h2>\t\t\t\t<\/div>\n\t\t\t\t<\/div>\n\t\t\t\t\t<\/div>\n\t\t<\/div>\n\t\t\t\t<div class=\"elementor-column elementor-col-50 elementor-inner-column elementor-element elementor-element-53f5ffec\" data-id=\"53f5ffec\" data-element_type=\"column\" data-e-type=\"column\">\n\t\t\t<div class=\"elementor-widget-wrap\">\n\t\t\t\t\t\t\t<\/div>\n\t\t<\/div>\n\t\t\t\t\t<\/div>\n\t\t<\/section>\n\t\t\t\t<section class=\"elementor-section elementor-inner-section elementor-element elementor-element-29cf44c9 elementor-section-boxed elementor-section-height-default elementor-section-height-default\" data-id=\"29cf44c9\" data-element_type=\"section\" data-e-type=\"section\">\n\t\t\t\t\t\t<div class=\"elementor-container elementor-column-gap-default\">\n\t\t\t\t\t<div class=\"elementor-column elementor-col-50 elementor-inner-column elementor-element elementor-element-6acc5f15\" data-id=\"6acc5f15\" data-element_type=\"column\" data-e-type=\"column\" data-settings=\"{&quot;background_background&quot;:&quot;classic&quot;}\">\n\t\t\t<div class=\"elementor-widget-wrap elementor-element-populated\">\n\t\t\t\t\t\t<div class=\"elementor-element elementor-element-4d3a820a elementor-widget elementor-widget-heading\" data-id=\"4d3a820a\" data-element_type=\"widget\" data-e-type=\"widget\" data-widget_type=\"heading.default\">\n\t\t\t\t<div class=\"elementor-widget-container\">\n\t\t\t\t\t<h4 class=\"elementor-heading-title elementor-size-default\">Museum \/ Dauerausstellung<\/h4>\t\t\t\t<\/div>\n\t\t\t\t<\/div>\n\t\t\t\t<div class=\"elementor-element elementor-element-1b398136 elementor-align-right elementor-widget elementor-widget-button\" data-id=\"1b398136\" data-element_type=\"widget\" data-e-type=\"widget\" data-widget_type=\"button.default\">\n\t\t\t\t<div class=\"elementor-widget-container\">\n\t\t\t\t\t\t\t\t\t<div class=\"elementor-button-wrapper\">\n\t\t\t\t\t<a class=\"elementor-button elementor-button-link elementor-size-sm\" href=\"https:\/\/centrumjudaicum.de\/museum-dauerausstellung\/\">\n\t\t\t\t\t\t<span class=\"elementor-button-content-wrapper\">\n\t\t\t\t\t\t\t\t\t<span class=\"elementor-button-text\">weitere Informationen<\/span>\n\t\t\t\t\t<\/span>\n\t\t\t\t\t<\/a>\n\t\t\t\t<\/div>\n\t\t\t\t\t\t\t\t<\/div>\n\t\t\t\t<\/div>\n\t\t\t\t<div class=\"elementor-element elementor-element-623b7b09 elementor-widget__width-auto elementor-absolute elementor-view-default elementor-widget elementor-widget-icon\" data-id=\"623b7b09\" data-element_type=\"widget\" data-e-type=\"widget\" data-settings=\"{&quot;_position&quot;:&quot;absolute&quot;}\" data-widget_type=\"icon.default\">\n\t\t\t\t<div class=\"elementor-widget-container\">\n\t\t\t\t\t\t\t<div class=\"elementor-icon-wrapper\">\n\t\t\t<a class=\"elementor-icon\" href=\"https:\/\/centrumjudaicum.de\/museum-dauerausstellung\/\">\n\t\t\t<i aria-hidden=\"true\" class=\"fas fa-synagogue\"><\/i>\t\t\t<\/a>\n\t\t<\/div>\n\t\t\t\t\t\t<\/div>\n\t\t\t\t<\/div>\n\t\t\t\t\t<\/div>\n\t\t<\/div>\n\t\t\t\t<div class=\"elementor-column elementor-col-50 elementor-inner-column elementor-element elementor-element-3de28705\" data-id=\"3de28705\" data-element_type=\"column\" data-e-type=\"column\" data-settings=\"{&quot;background_background&quot;:&quot;classic&quot;}\">\n\t\t\t<div class=\"elementor-widget-wrap elementor-element-populated\">\n\t\t\t\t\t\t<div class=\"elementor-element elementor-element-3c50a215 elementor-widget elementor-widget-heading\" data-id=\"3c50a215\" data-element_type=\"widget\" data-e-type=\"widget\" data-widget_type=\"heading.default\">\n\t\t\t\t<div class=\"elementor-widget-container\">\n\t\t\t\t\t<h4 class=\"elementor-heading-title elementor-size-default\">Besucherinformationen &amp; F\u00fchrungen<\/h4>\t\t\t\t<\/div>\n\t\t\t\t<\/div>\n\t\t\t\t<div class=\"elementor-element elementor-element-59dae54d elementor-align-right elementor-widget elementor-widget-button\" data-id=\"59dae54d\" data-element_type=\"widget\" data-e-type=\"widget\" data-widget_type=\"button.default\">\n\t\t\t\t<div class=\"elementor-widget-container\">\n\t\t\t\t\t\t\t\t\t<div class=\"elementor-button-wrapper\">\n\t\t\t\t\t<a class=\"elementor-button elementor-button-link elementor-size-sm\" href=\"https:\/\/centrumjudaicum.de\/besucherinformationen\/\">\n\t\t\t\t\t\t<span class=\"elementor-button-content-wrapper\">\n\t\t\t\t\t\t\t\t\t<span class=\"elementor-button-text\">weitere Informationen<\/span>\n\t\t\t\t\t<\/span>\n\t\t\t\t\t<\/a>\n\t\t\t\t<\/div>\n\t\t\t\t\t\t\t\t<\/div>\n\t\t\t\t<\/div>\n\t\t\t\t<div class=\"elementor-element elementor-element-4c761db3 elementor-widget__width-auto elementor-absolute elementor-view-default elementor-widget elementor-widget-icon\" data-id=\"4c761db3\" data-element_type=\"widget\" data-e-type=\"widget\" data-settings=\"{&quot;_position&quot;:&quot;absolute&quot;}\" data-widget_type=\"icon.default\">\n\t\t\t\t<div class=\"elementor-widget-container\">\n\t\t\t\t\t\t\t<div class=\"elementor-icon-wrapper\">\n\t\t\t<a class=\"elementor-icon\" href=\"https:\/\/centrumjudaicum.de\/besucherinformationen\/\">\n\t\t\t<i aria-hidden=\"true\" class=\"fas fa-person-booth\"><\/i>\t\t\t<\/a>\n\t\t<\/div>\n\t\t\t\t\t\t<\/div>\n\t\t\t\t<\/div>\n\t\t\t\t\t<\/div>\n\t\t<\/div>\n\t\t\t\t\t<\/div>\n\t\t<\/section>\n\t\t\t\t<section class=\"elementor-section elementor-inner-section elementor-element elementor-element-6b5e9bb9 elementor-section-boxed elementor-section-height-default elementor-section-height-default\" data-id=\"6b5e9bb9\" data-element_type=\"section\" data-e-type=\"section\">\n\t\t\t\t\t\t<div class=\"elementor-container elementor-column-gap-default\">\n\t\t\t\t\t<div class=\"elementor-column elementor-col-50 elementor-inner-column elementor-element elementor-element-545538ce\" data-id=\"545538ce\" data-element_type=\"column\" data-e-type=\"column\" data-settings=\"{&quot;background_background&quot;:&quot;classic&quot;}\">\n\t\t\t<div class=\"elementor-widget-wrap elementor-element-populated\">\n\t\t\t\t\t\t<div class=\"elementor-element elementor-element-476875ff elementor-widget elementor-widget-heading\" data-id=\"476875ff\" data-element_type=\"widget\" data-e-type=\"widget\" data-widget_type=\"heading.default\">\n\t\t\t\t<div class=\"elementor-widget-container\">\n\t\t\t\t\t<h4 class=\"elementor-heading-title elementor-size-default\">Historisches Archiv &amp; Bildarchiv<\/h4>\t\t\t\t<\/div>\n\t\t\t\t<\/div>\n\t\t\t\t<div class=\"elementor-element elementor-element-8cf2f62 elementor-align-right elementor-widget elementor-widget-button\" data-id=\"8cf2f62\" data-element_type=\"widget\" data-e-type=\"widget\" data-widget_type=\"button.default\">\n\t\t\t\t<div class=\"elementor-widget-container\">\n\t\t\t\t\t\t\t\t\t<div class=\"elementor-button-wrapper\">\n\t\t\t\t\t<a class=\"elementor-button elementor-button-link elementor-size-sm\" href=\"https:\/\/centrumjudaicum.de\/archiv\/\">\n\t\t\t\t\t\t<span class=\"elementor-button-content-wrapper\">\n\t\t\t\t\t\t\t\t\t<span class=\"elementor-button-text\">weitere Informationen<\/span>\n\t\t\t\t\t<\/span>\n\t\t\t\t\t<\/a>\n\t\t\t\t<\/div>\n\t\t\t\t\t\t\t\t<\/div>\n\t\t\t\t<\/div>\n\t\t\t\t<div class=\"elementor-element elementor-element-161f3101 elementor-widget__width-auto elementor-absolute elementor-view-default elementor-widget elementor-widget-icon\" data-id=\"161f3101\" data-element_type=\"widget\" data-e-type=\"widget\" data-settings=\"{&quot;_position&quot;:&quot;absolute&quot;}\" data-widget_type=\"icon.default\">\n\t\t\t\t<div class=\"elementor-widget-container\">\n\t\t\t\t\t\t\t<div class=\"elementor-icon-wrapper\">\n\t\t\t<a class=\"elementor-icon\" href=\"https:\/\/centrumjudaicum.de\/historisches-archiv-2\/\">\n\t\t\t<i aria-hidden=\"true\" class=\"fas fa-box-open\"><\/i>\t\t\t<\/a>\n\t\t<\/div>\n\t\t\t\t\t\t<\/div>\n\t\t\t\t<\/div>\n\t\t\t\t\t<\/div>\n\t\t<\/div>\n\t\t\t\t<div class=\"elementor-column elementor-col-50 elementor-inner-column elementor-element elementor-element-747eb474\" data-id=\"747eb474\" data-element_type=\"column\" data-e-type=\"column\" data-settings=\"{&quot;background_background&quot;:&quot;classic&quot;}\">\n\t\t\t<div class=\"elementor-widget-wrap elementor-element-populated\">\n\t\t\t\t\t\t<div class=\"elementor-element elementor-element-c3a471a elementor-widget elementor-widget-heading\" data-id=\"c3a471a\" data-element_type=\"widget\" data-e-type=\"widget\" data-widget_type=\"heading.default\">\n\t\t\t\t<div class=\"elementor-widget-container\">\n\t\t\t\t\t<h4 class=\"elementor-heading-title elementor-size-default\">Startseite &amp; Home<\/h4>\t\t\t\t<\/div>\n\t\t\t\t<\/div>\n\t\t\t\t<div class=\"elementor-element elementor-element-cfad48a elementor-align-right elementor-widget elementor-widget-button\" data-id=\"cfad48a\" data-element_type=\"widget\" data-e-type=\"widget\" data-widget_type=\"button.default\">\n\t\t\t\t<div class=\"elementor-widget-container\">\n\t\t\t\t\t\t\t\t\t<div class=\"elementor-button-wrapper\">\n\t\t\t\t\t<a class=\"elementor-button elementor-button-link elementor-size-sm\" href=\"https:\/\/centrumjudaicum.de\/\">\n\t\t\t\t\t\t<span class=\"elementor-button-content-wrapper\">\n\t\t\t\t\t\t\t\t\t<span class=\"elementor-button-text\">weitere Informationen<\/span>\n\t\t\t\t\t<\/span>\n\t\t\t\t\t<\/a>\n\t\t\t\t<\/div>\n\t\t\t\t\t\t\t\t<\/div>\n\t\t\t\t<\/div>\n\t\t\t\t<div class=\"elementor-element elementor-element-e3758dc elementor-widget__width-auto elementor-absolute elementor-view-default elementor-widget elementor-widget-icon\" data-id=\"e3758dc\" data-element_type=\"widget\" data-e-type=\"widget\" data-settings=\"{&quot;_position&quot;:&quot;absolute&quot;}\" data-widget_type=\"icon.default\">\n\t\t\t\t<div class=\"elementor-widget-container\">\n\t\t\t\t\t\t\t<div class=\"elementor-icon-wrapper\">\n\t\t\t<a class=\"elementor-icon\" href=\"https:\/\/centrumjudaicum.de\/museum-dauerausstellung\/\">\n\t\t\t<i aria-hidden=\"true\" class=\"fas fa-home\"><\/i>\t\t\t<\/a>\n\t\t<\/div>\n\t\t\t\t\t\t<\/div>\n\t\t\t\t<\/div>\n\t\t\t\t\t<\/div>\n\t\t<\/div>\n\t\t\t\t\t<\/div>\n\t\t<\/section>\n\t\t\t\t<section class=\"elementor-section elementor-inner-section elementor-element elementor-element-5c5a9b5d elementor-section-boxed elementor-section-height-default elementor-section-height-default\" data-id=\"5c5a9b5d\" data-element_type=\"section\" data-e-type=\"section\">\n\t\t\t\t\t\t<div class=\"elementor-container elementor-column-gap-default\">\n\t\t\t\t\t<div class=\"elementor-column elementor-col-50 elementor-inner-column elementor-element elementor-element-2c1e9f3a\" data-id=\"2c1e9f3a\" data-element_type=\"column\" data-e-type=\"column\" data-settings=\"{&quot;background_background&quot;:&quot;classic&quot;}\">\n\t\t\t<div class=\"elementor-widget-wrap elementor-element-populated\">\n\t\t\t\t\t\t<div class=\"elementor-element elementor-element-6657c9e4 elementor-widget elementor-widget-heading\" data-id=\"6657c9e4\" data-element_type=\"widget\" data-e-type=\"widget\" data-widget_type=\"heading.default\">\n\t\t\t\t<div class=\"elementor-widget-container\">\n\t\t\t\t\t<h4 class=\"elementor-heading-title elementor-size-default\">Veranstaltungen &amp; Events<\/h4>\t\t\t\t<\/div>\n\t\t\t\t<\/div>\n\t\t\t\t<div class=\"elementor-element elementor-element-35654ebd elementor-align-right elementor-widget elementor-widget-button\" data-id=\"35654ebd\" data-element_type=\"widget\" data-e-type=\"widget\" data-widget_type=\"button.default\">\n\t\t\t\t<div class=\"elementor-widget-container\">\n\t\t\t\t\t\t\t\t\t<div class=\"elementor-button-wrapper\">\n\t\t\t\t\t<a class=\"elementor-button elementor-button-link elementor-size-sm\" href=\"https:\/\/centrumjudaicum.de\/veranstaltungenss\/\">\n\t\t\t\t\t\t<span class=\"elementor-button-content-wrapper\">\n\t\t\t\t\t\t\t\t\t<span class=\"elementor-button-text\">weitere Informationen<\/span>\n\t\t\t\t\t<\/span>\n\t\t\t\t\t<\/a>\n\t\t\t\t<\/div>\n\t\t\t\t\t\t\t\t<\/div>\n\t\t\t\t<\/div>\n\t\t\t\t<div class=\"elementor-element elementor-element-40e1ac59 elementor-widget__width-auto elementor-absolute elementor-view-default elementor-widget elementor-widget-icon\" data-id=\"40e1ac59\" data-element_type=\"widget\" data-e-type=\"widget\" data-settings=\"{&quot;_position&quot;:&quot;absolute&quot;}\" data-widget_type=\"icon.default\">\n\t\t\t\t<div class=\"elementor-widget-container\">\n\t\t\t\t\t\t\t<div class=\"elementor-icon-wrapper\">\n\t\t\t<a class=\"elementor-icon\" href=\"https:\/\/centrumjudaicum.de\/veranstaltungens-uebersicht\/\">\n\t\t\t<i aria-hidden=\"true\" class=\"fas fa-calendar-alt\"><\/i>\t\t\t<\/a>\n\t\t<\/div>\n\t\t\t\t\t\t<\/div>\n\t\t\t\t<\/div>\n\t\t\t\t\t<\/div>\n\t\t<\/div>\n\t\t\t\t<div class=\"elementor-column elementor-col-50 elementor-inner-column elementor-element elementor-element-e80ac9d\" data-id=\"e80ac9d\" data-element_type=\"column\" data-e-type=\"column\" data-settings=\"{&quot;background_background&quot;:&quot;classic&quot;}\">\n\t\t\t<div class=\"elementor-widget-wrap\">\n\t\t\t\t\t\t\t<\/div>\n\t\t<\/div>\n\t\t\t\t\t<\/div>\n\t\t<\/section>\n\t\t\t\t\t<\/div>\n\t\t<\/div>\n\t\t\t\t\t<\/div>\n\t\t<\/section>\n\t\t\t\t<\/div>\n\t\t\t\t<\/div>\n\t\t\t\t\t\t<\/div>\n\t\t\t\t<\/div>\n\t\t\t\t\t<\/div>\n\t\t<\/div>\n\t\t\t\t\t<\/div>\n\t\t<\/section>\n\t\t\t\t<section class=\"elementor-section elementor-top-section elementor-element elementor-element-0300863 elementor-section-full_width elementor-section-height-default elementor-section-height-default\" data-id=\"0300863\" data-element_type=\"section\" data-e-type=\"section\">\n\t\t\t\t\t\t<div class=\"elementor-container elementor-column-gap-no\">\n\t\t\t\t\t<div class=\"elementor-column elementor-col-100 elementor-top-column elementor-element elementor-element-4aa7d43\" data-id=\"4aa7d43\" data-element_type=\"column\" data-e-type=\"column\">\n\t\t\t<div class=\"elementor-widget-wrap elementor-element-populated\">\n\t\t\t\t\t\t<div class=\"elementor-element elementor-element-7512f67 elementor-widget elementor-widget-template\" data-id=\"7512f67\" data-element_type=\"widget\" data-e-type=\"widget\" data-widget_type=\"template.default\">\n\t\t\t\t<div class=\"elementor-widget-container\">\n\t\t\t\t\t\t\t<div class=\"elementor-template\">\n\t\t\t\t\t<div data-elementor-type=\"section\" data-elementor-id=\"17133\" class=\"elementor elementor-17133\" data-elementor-post-type=\"elementor_library\">\n\t\t\t\t\t<section class=\"elementor-section elementor-top-section elementor-element elementor-element-473bffa7 elementor-section-boxed elementor-section-height-default elementor-section-height-default\" data-id=\"473bffa7\" data-element_type=\"section\" data-e-type=\"section\">\n\t\t\t\t\t\t<div class=\"elementor-container elementor-column-gap-default\">\n\t\t\t\t\t<div class=\"elementor-column elementor-col-100 elementor-top-column elementor-element elementor-element-2f94c598\" data-id=\"2f94c598\" data-element_type=\"column\" data-e-type=\"column\">\n\t\t\t<div class=\"elementor-widget-wrap elementor-element-populated\">\n\t\t\t\t\t\t<div class=\"elementor-element elementor-element-5b61cb80 elementor-widget-divider--view-line_text elementor-widget-divider--element-align-center elementor-widget elementor-widget-divider\" data-id=\"5b61cb80\" data-element_type=\"widget\" data-e-type=\"widget\" data-widget_type=\"divider.default\">\n\t\t\t\t<div class=\"elementor-widget-container\">\n\t\t\t\t\t\t\t<div class=\"elementor-divider\">\n\t\t\t<span class=\"elementor-divider-separator\">\n\t\t\t\t\t\t\t<span class=\"elementor-divider__text elementor-divider__element\">\n\t\t\t\tWeitere Vergangene Ausstellungen\t\t\t\t<\/span>\n\t\t\t\t\t\t<\/span>\n\t\t<\/div>\n\t\t\t\t\t\t<\/div>\n\t\t\t\t<\/div>\n\t\t\t\t<div class=\"elementor-element elementor-element-3f7ba35 elementor-grid-4 elementor-grid-tablet-2 elementor-grid-mobile-1 elementor-posts--thumbnail-top elementor-widget elementor-widget-posts\" data-id=\"3f7ba35\" data-element_type=\"widget\" data-e-type=\"widget\" data-settings=\"{&quot;classic_columns&quot;:&quot;4&quot;,&quot;classic_row_gap&quot;:{&quot;unit&quot;:&quot;px&quot;,&quot;size&quot;:0,&quot;sizes&quot;:[]},&quot;classic_columns_tablet&quot;:&quot;2&quot;,&quot;classic_columns_mobile&quot;:&quot;1&quot;,&quot;classic_row_gap_tablet&quot;:{&quot;unit&quot;:&quot;px&quot;,&quot;size&quot;:&quot;&quot;,&quot;sizes&quot;:[]},&quot;classic_row_gap_mobile&quot;:{&quot;unit&quot;:&quot;px&quot;,&quot;size&quot;:&quot;&quot;,&quot;sizes&quot;:[]}}\" data-widget_type=\"posts.classic\">\n\t\t\t\t<div class=\"elementor-widget-container\">\n\t\t\t\t\t\t\t<div class=\"elementor-posts-container elementor-posts elementor-posts--skin-classic elementor-grid\" role=\"list\">\n\t\t\t\t<article class=\"elementor-post elementor-grid-item post-24283 portfolio type-portfolio status-publish has-post-thumbnail hentry portfolio-categories-aktuelle-ausstellungen\" role=\"listitem\">\n\t\t\t\t<a class=\"elementor-post__thumbnail__link\" href=\"https:\/\/centrumjudaicum.de\/en\/portfolio\/gefuehlsdinge\/\" tabindex=\"-1\" >\n\t\t\t<div class=\"elementor-post__thumbnail\"><img decoding=\"async\" width=\"768\" height=\"768\" src=\"https:\/\/centrumjudaicum.de\/wp-content\/uploads\/2025\/04\/Gefueldinge-NEU-202648-768x768.png\" class=\"attachment-medium_large size-medium_large wp-image-26693\" alt=\"\" srcset=\"https:\/\/centrumjudaicum.de\/wp-content\/uploads\/2025\/04\/Gefueldinge-NEU-202648-768x768.png 768w, https:\/\/centrumjudaicum.de\/wp-content\/uploads\/2025\/04\/Gefueldinge-NEU-202648-300x300.png 300w, https:\/\/centrumjudaicum.de\/wp-content\/uploads\/2025\/04\/Gefueldinge-NEU-202648-1024x1024.png 1024w, https:\/\/centrumjudaicum.de\/wp-content\/uploads\/2025\/04\/Gefueldinge-NEU-202648-150x150.png 150w, https:\/\/centrumjudaicum.de\/wp-content\/uploads\/2025\/04\/Gefueldinge-NEU-202648-1536x1536.png 1536w, https:\/\/centrumjudaicum.de\/wp-content\/uploads\/2025\/04\/Gefueldinge-NEU-202648-2048x2048.png 2048w, https:\/\/centrumjudaicum.de\/wp-content\/uploads\/2025\/04\/Gefueldinge-NEU-202648-12x12.png 12w\" sizes=\"(max-width: 768px) 100vw, 768px\" \/><\/div>\n\t\t<\/a>\n\t\t\t\t<div class=\"elementor-post__text\">\n\t\t\t\t<\/div>\n\t\t\t\t<\/article>\n\t\t\t\t<article class=\"elementor-post elementor-grid-item post-19469 portfolio type-portfolio status-publish has-post-thumbnail hentry portfolio-categories-aktuelle-ausstellungen\" role=\"listitem\">\n\t\t\t\t<a class=\"elementor-post__thumbnail__link\" href=\"https:\/\/centrumjudaicum.de\/en\/portfolio\/zeiten-des-umbruchs\/\" tabindex=\"-1\" >\n\t\t\t<div class=\"elementor-post__thumbnail\"><img loading=\"lazy\" decoding=\"async\" width=\"768\" height=\"768\" src=\"https:\/\/centrumjudaicum.de\/wp-content\/uploads\/2023\/09\/ZdU-1-768x768.jpg\" class=\"attachment-medium_large size-medium_large wp-image-19500\" alt=\"\" srcset=\"https:\/\/centrumjudaicum.de\/wp-content\/uploads\/2023\/09\/ZdU-1-768x768.jpg 768w, https:\/\/centrumjudaicum.de\/wp-content\/uploads\/2023\/09\/ZdU-1-300x300.jpg 300w, https:\/\/centrumjudaicum.de\/wp-content\/uploads\/2023\/09\/ZdU-1-1024x1024.jpg 1024w, https:\/\/centrumjudaicum.de\/wp-content\/uploads\/2023\/09\/ZdU-1-150x150.jpg 150w, https:\/\/centrumjudaicum.de\/wp-content\/uploads\/2023\/09\/ZdU-1-12x12.jpg 12w, https:\/\/centrumjudaicum.de\/wp-content\/uploads\/2023\/09\/ZdU-1.jpg 1080w\" sizes=\"(max-width: 768px) 100vw, 768px\" \/><\/div>\n\t\t<\/a>\n\t\t\t\t<div class=\"elementor-post__text\">\n\t\t\t\t<\/div>\n\t\t\t\t<\/article>\n\t\t\t\t<article class=\"elementor-post elementor-grid-item post-18825 portfolio type-portfolio status-publish has-post-thumbnail hentry portfolio-categories-begleitband\" role=\"listitem\">\n\t\t\t\t<a class=\"elementor-post__thumbnail__link\" href=\"https:\/\/centrumjudaicum.de\/en\/portfolio\/geraubt-und-genutzt-buecher-von-verfolgten-und-ermordeten-juden-in-berliner-bibliotheken\/\" tabindex=\"-1\" >\n\t\t\t<div class=\"elementor-post__thumbnail\"><img loading=\"lazy\" decoding=\"async\" width=\"250\" height=\"300\" src=\"https:\/\/centrumjudaicum.de\/wp-content\/uploads\/2023\/08\/Cover-Geraubt-und-Genutzt.jpg\" class=\"attachment-medium_large size-medium_large wp-image-17703\" alt=\"\" \/><\/div>\n\t\t<\/a>\n\t\t\t\t<div class=\"elementor-post__text\">\n\t\t\t\t<\/div>\n\t\t\t\t<\/article>\n\t\t\t\t<article class=\"elementor-post elementor-grid-item post-18820 portfolio type-portfolio status-publish hentry portfolio-categories-ausstellungseroeffnungen\" role=\"listitem\">\n\t\t\t\t<div class=\"elementor-post__text\">\n\t\t\t\t<\/div>\n\t\t\t\t<\/article>\n\t\t\t\t<\/div>\n\t\t\n\t\t\t\t\t\t<\/div>\n\t\t\t\t<\/div>\n\t\t\t\t\t<\/div>\n\t\t<\/div>\n\t\t\t\t\t<\/div>\n\t\t<\/section>\n\t\t\t\t<\/div>\n\t\t\t\t<\/div>\n\t\t\t\t\t\t<\/div>\n\t\t\t\t<\/div>\n\t\t\t\t\t<\/div>\n\t\t<\/div>\n\t\t\t\t\t<\/div>\n\t\t<\/section>\n\t\t\t\t<section class=\"elementor-section elementor-top-section elementor-element elementor-element-050f04e elementor-section-full_width elementor-section-height-default elementor-section-height-default\" data-id=\"050f04e\" data-element_type=\"section\" data-e-type=\"section\">\n\t\t\t\t\t\t<div class=\"elementor-container elementor-column-gap-no\">\n\t\t\t\t\t<div class=\"elementor-column elementor-col-100 elementor-top-column elementor-element elementor-element-901b292\" data-id=\"901b292\" data-element_type=\"column\" data-e-type=\"column\">\n\t\t\t<div class=\"elementor-widget-wrap elementor-element-populated\">\n\t\t\t\t\t\t<div class=\"elementor-element elementor-element-9d437c1 elementor-widget elementor-widget-template\" data-id=\"9d437c1\" data-element_type=\"widget\" data-e-type=\"widget\" data-widget_type=\"template.default\">\n\t\t\t\t<div class=\"elementor-widget-container\">\n\t\t\t\t\t\t\t<div class=\"elementor-template\">\n\t\t\t\t\t<div data-elementor-type=\"section\" data-elementor-id=\"17136\" class=\"elementor elementor-17136\" data-elementor-post-type=\"elementor_library\">\n\t\t\t\t\t<section class=\"elementor-section elementor-top-section elementor-element elementor-element-6a6dc3d2 elementor-section-content-middle elementor-section-boxed elementor-section-height-default elementor-section-height-default\" data-id=\"6a6dc3d2\" data-element_type=\"section\" data-e-type=\"section\">\n\t\t\t\t\t\t<div class=\"elementor-container elementor-column-gap-default\">\n\t\t\t\t\t<div class=\"elementor-column elementor-col-50 elementor-top-column elementor-element elementor-element-6d766151\" data-id=\"6d766151\" data-element_type=\"column\" data-e-type=\"column\">\n\t\t\t<div class=\"elementor-widget-wrap elementor-element-populated\">\n\t\t\t\t\t\t<div class=\"elementor-element elementor-element-4ecae4f8 elementor-widget elementor-widget-heading\" data-id=\"4ecae4f8\" data-element_type=\"widget\" data-e-type=\"widget\" data-widget_type=\"heading.default\">\n\t\t\t\t<div class=\"elementor-widget-container\">\n\t\t\t\t\t<h2 class=\"elementor-heading-title elementor-size-default\">Empfehlen Sie uns!\t\n<\/h2>\t\t\t\t<\/div>\n\t\t\t\t<\/div>\n\t\t\t\t\t<\/div>\n\t\t<\/div>\n\t\t\t\t<div class=\"elementor-column elementor-col-50 elementor-top-column elementor-element elementor-element-1dc9a11c\" data-id=\"1dc9a11c\" data-element_type=\"column\" data-e-type=\"column\">\n\t\t\t<div class=\"elementor-widget-wrap elementor-element-populated\">\n\t\t\t\t\t\t<div class=\"elementor-element elementor-element-b0f05e7 elementor-share-buttons--view-icon elementor-share-buttons--skin-flat elementor-share-buttons--color-custom elementor-share-buttons--shape-square elementor-grid-0 elementor-widget elementor-widget-share-buttons\" data-id=\"b0f05e7\" data-element_type=\"widget\" data-e-type=\"widget\" data-widget_type=\"share-buttons.default\">\n\t\t\t\t<div class=\"elementor-widget-container\">\n\t\t\t\t\t\t\t<div class=\"elementor-grid\" role=\"list\">\n\t\t\t\t\t\t\t\t<div class=\"elementor-grid-item\" role=\"listitem\">\n\t\t\t\t\t\t<div class=\"elementor-share-btn elementor-share-btn_facebook\" role=\"button\" tabindex=\"0\" aria-label=\"Teilen auf facebook\">\n\t\t\t\t\t\t\t\t\t\t\t\t\t\t\t<span class=\"elementor-share-btn__icon\">\n\t\t\t\t\t\t\t\t<i class=\"fab fa-facebook\" aria-hidden=\"true\"><\/i>\t\t\t\t\t\t\t<\/span>\n\t\t\t\t\t\t\t\t\t\t\t\t\t\t\t\t\t\t\t\t<\/div>\n\t\t\t\t\t<\/div>\n\t\t\t\t\t\t\t\t\t<div class=\"elementor-grid-item\" role=\"listitem\">\n\t\t\t\t\t\t<div class=\"elementor-share-btn elementor-share-btn_twitter\" role=\"button\" tabindex=\"0\" aria-label=\"Teilen auf twitter\">\n\t\t\t\t\t\t\t\t\t\t\t\t\t\t\t<span class=\"elementor-share-btn__icon\">\n\t\t\t\t\t\t\t\t<i class=\"fab fa-twitter\" aria-hidden=\"true\"><\/i>\t\t\t\t\t\t\t<\/span>\n\t\t\t\t\t\t\t\t\t\t\t\t\t\t\t\t\t\t\t\t<\/div>\n\t\t\t\t\t<\/div>\n\t\t\t\t\t\t\t\t\t<div class=\"elementor-grid-item\" role=\"listitem\">\n\t\t\t\t\t\t<div class=\"elementor-share-btn elementor-share-btn_linkedin\" role=\"button\" tabindex=\"0\" aria-label=\"Teilen auf linkedin\">\n\t\t\t\t\t\t\t\t\t\t\t\t\t\t\t<span class=\"elementor-share-btn__icon\">\n\t\t\t\t\t\t\t\t<i class=\"fab fa-linkedin\" aria-hidden=\"true\"><\/i>\t\t\t\t\t\t\t<\/span>\n\t\t\t\t\t\t\t\t\t\t\t\t\t\t\t\t\t\t\t\t<\/div>\n\t\t\t\t\t<\/div>\n\t\t\t\t\t\t\t\t\t<div class=\"elementor-grid-item\" role=\"listitem\">\n\t\t\t\t\t\t<div class=\"elementor-share-btn elementor-share-btn_reddit\" role=\"button\" tabindex=\"0\" aria-label=\"Teilen auf reddit\">\n\t\t\t\t\t\t\t\t\t\t\t\t\t\t\t<span class=\"elementor-share-btn__icon\">\n\t\t\t\t\t\t\t\t<i class=\"fab fa-reddit\" aria-hidden=\"true\"><\/i>\t\t\t\t\t\t\t<\/span>\n\t\t\t\t\t\t\t\t\t\t\t\t\t\t\t\t\t\t\t\t<\/div>\n\t\t\t\t\t<\/div>\n\t\t\t\t\t\t\t\t\t<div class=\"elementor-grid-item\" role=\"listitem\">\n\t\t\t\t\t\t<div class=\"elementor-share-btn elementor-share-btn_whatsapp\" role=\"button\" tabindex=\"0\" aria-label=\"Teilen auf whatsapp\">\n\t\t\t\t\t\t\t\t\t\t\t\t\t\t\t<span class=\"elementor-share-btn__icon\">\n\t\t\t\t\t\t\t\t<i class=\"fab fa-whatsapp\" aria-hidden=\"true\"><\/i>\t\t\t\t\t\t\t<\/span>\n\t\t\t\t\t\t\t\t\t\t\t\t\t\t\t\t\t\t\t\t<\/div>\n\t\t\t\t\t<\/div>\n\t\t\t\t\t\t\t\t\t<div class=\"elementor-grid-item\" role=\"listitem\">\n\t\t\t\t\t\t<div class=\"elementor-share-btn elementor-share-btn_pinterest\" role=\"button\" tabindex=\"0\" aria-label=\"Teilen auf pinterest\">\n\t\t\t\t\t\t\t\t\t\t\t\t\t\t\t<span class=\"elementor-share-btn__icon\">\n\t\t\t\t\t\t\t\t<i class=\"fab fa-pinterest\" aria-hidden=\"true\"><\/i>\t\t\t\t\t\t\t<\/span>\n\t\t\t\t\t\t\t\t\t\t\t\t\t\t\t\t\t\t\t\t<\/div>\n\t\t\t\t\t<\/div>\n\t\t\t\t\t\t\t\t\t<div class=\"elementor-grid-item\" role=\"listitem\">\n\t\t\t\t\t\t<div class=\"elementor-share-btn elementor-share-btn_vk\" role=\"button\" tabindex=\"0\" aria-label=\"Teilen auf vk\">\n\t\t\t\t\t\t\t\t\t\t\t\t\t\t\t<span class=\"elementor-share-btn__icon\">\n\t\t\t\t\t\t\t\t<i class=\"fab fa-vk\" aria-hidden=\"true\"><\/i>\t\t\t\t\t\t\t<\/span>\n\t\t\t\t\t\t\t\t\t\t\t\t\t\t\t\t\t\t\t\t<\/div>\n\t\t\t\t\t<\/div>\n\t\t\t\t\t\t\t\t\t<div class=\"elementor-grid-item\" role=\"listitem\">\n\t\t\t\t\t\t<div class=\"elementor-share-btn elementor-share-btn_email\" role=\"button\" tabindex=\"0\" aria-label=\"Teilen auf email\">\n\t\t\t\t\t\t\t\t\t\t\t\t\t\t\t<span class=\"elementor-share-btn__icon\">\n\t\t\t\t\t\t\t\t<i class=\"fas fa-envelope\" aria-hidden=\"true\"><\/i>\t\t\t\t\t\t\t<\/span>\n\t\t\t\t\t\t\t\t\t\t\t\t\t\t\t\t\t\t\t\t<\/div>\n\t\t\t\t\t<\/div>\n\t\t\t\t\t\t<\/div>\n\t\t\t\t\t\t<\/div>\n\t\t\t\t<\/div>\n\t\t\t\t\t<\/div>\n\t\t<\/div>\n\t\t\t\t\t<\/div>\n\t\t<\/section>\n\t\t\t\t<\/div>\n\t\t\t\t<\/div>\n\t\t\t\t\t\t<\/div>\n\t\t\t\t<\/div>\n\t\t\t\t\t<\/div>\n\t\t<\/div>\n\t\t\t\t\t<\/div>\n\t\t<\/section>\n\t\t\t\t<\/div>\n\t\t","protected":false},"excerpt":{"rendered":"<p>JudeninBerlin 1938-1945 08.05.2000 \u2013 29.10.2010 Projektleitung Beate Meyer und Hermann Simon Juden in Berlin 1938 bis 1945 Einf\u00fchrung zur Ausstellung und zum Begleitband Beate Meyer, Hermann Simon \u201eDas Leben unserer<\/p>","protected":false},"featured_media":17801,"template":"","portfolio-categories":[62,61],"class_list":["post-17800","portfolio","type-portfolio","status-publish","has-post-thumbnail","hentry","portfolio-categories-centrum-judaicum","portfolio-categories-vergangene-ausstellungen"],"yoast_head":"<!-- This site is optimized with the Yoast SEO Premium plugin v26.1 (Yoast SEO v27.4) - https:\/\/yoast.com\/product\/yoast-seo-premium-wordpress\/ -->\n<title>Juden in Berlin. 1938 bis 1945 - Centrum Judaicum<\/title>\n<meta name=\"robots\" content=\"index, follow, max-snippet:-1, max-image-preview:large, max-video-preview:-1\" \/>\n<link rel=\"canonical\" href=\"https:\/\/centrumjudaicum.de\/en\/portfolio\/juden-in-berlin-1938-bis-1945\/\" \/>\n<meta property=\"og:locale\" content=\"en_US\" \/>\n<meta property=\"og:type\" content=\"article\" \/>\n<meta property=\"og:title\" content=\"Juden in Berlin. 1938 bis 1945\" \/>\n<meta property=\"og:description\" content=\"JudeninBerlin 1938-1945 08.05.2000 \u2013 29.10.2010 Projektleitung Beate Meyer und Hermann Simon Juden in Berlin 1938 bis 1945 Einf\u00fchrung zur Ausstellung und zum Begleitband Beate Meyer, Hermann Simon \u201eDas Leben unserer\" \/>\n<meta property=\"og:url\" content=\"https:\/\/centrumjudaicum.de\/en\/portfolio\/juden-in-berlin-1938-bis-1945\/\" \/>\n<meta property=\"og:site_name\" content=\"Centrum Judaicum\" \/>\n<meta property=\"article:modified_time\" content=\"2023-12-13T11:28:14+00:00\" \/>\n<meta property=\"og:image\" content=\"https:\/\/centrumjudaicum.de\/wp-content\/uploads\/2023\/08\/Juden-in-Berlin-1-300x180-1.jpg\" \/>\n\t<meta property=\"og:image:width\" content=\"300\" \/>\n\t<meta property=\"og:image:height\" content=\"180\" \/>\n\t<meta property=\"og:image:type\" content=\"image\/jpeg\" \/>\n<meta name=\"twitter:card\" content=\"summary_large_image\" \/>\n<meta name=\"twitter:label1\" content=\"Est. reading time\" \/>\n\t<meta name=\"twitter:data1\" content=\"27 minutes\" \/>\n<script type=\"application\/ld+json\" class=\"yoast-schema-graph\">{\"@context\":\"https:\\\/\\\/schema.org\",\"@graph\":[{\"@type\":\"WebPage\",\"@id\":\"https:\\\/\\\/centrumjudaicum.de\\\/portfolio\\\/juden-in-berlin-1938-bis-1945\\\/\",\"url\":\"https:\\\/\\\/centrumjudaicum.de\\\/portfolio\\\/juden-in-berlin-1938-bis-1945\\\/\",\"name\":\"Juden in Berlin. 1938 bis 1945 - Centrum Judaicum\",\"isPartOf\":{\"@id\":\"https:\\\/\\\/centrumjudaicum.de\\\/#website\"},\"primaryImageOfPage\":{\"@id\":\"https:\\\/\\\/centrumjudaicum.de\\\/portfolio\\\/juden-in-berlin-1938-bis-1945\\\/#primaryimage\"},\"image\":{\"@id\":\"https:\\\/\\\/centrumjudaicum.de\\\/portfolio\\\/juden-in-berlin-1938-bis-1945\\\/#primaryimage\"},\"thumbnailUrl\":\"https:\\\/\\\/centrumjudaicum.de\\\/wp-content\\\/uploads\\\/2023\\\/08\\\/Juden-in-Berlin-1-300x180-1.jpg\",\"datePublished\":\"2000-05-08T09:58:00+00:00\",\"dateModified\":\"2023-12-13T11:28:14+00:00\",\"breadcrumb\":{\"@id\":\"https:\\\/\\\/centrumjudaicum.de\\\/portfolio\\\/juden-in-berlin-1938-bis-1945\\\/#breadcrumb\"},\"inLanguage\":\"en-US\",\"potentialAction\":[{\"@type\":\"ReadAction\",\"target\":[\"https:\\\/\\\/centrumjudaicum.de\\\/portfolio\\\/juden-in-berlin-1938-bis-1945\\\/\"]}]},{\"@type\":\"ImageObject\",\"inLanguage\":\"en-US\",\"@id\":\"https:\\\/\\\/centrumjudaicum.de\\\/portfolio\\\/juden-in-berlin-1938-bis-1945\\\/#primaryimage\",\"url\":\"https:\\\/\\\/centrumjudaicum.de\\\/wp-content\\\/uploads\\\/2023\\\/08\\\/Juden-in-Berlin-1-300x180-1.jpg\",\"contentUrl\":\"https:\\\/\\\/centrumjudaicum.de\\\/wp-content\\\/uploads\\\/2023\\\/08\\\/Juden-in-Berlin-1-300x180-1.jpg\",\"width\":300,\"height\":180},{\"@type\":\"BreadcrumbList\",\"@id\":\"https:\\\/\\\/centrumjudaicum.de\\\/portfolio\\\/juden-in-berlin-1938-bis-1945\\\/#breadcrumb\",\"itemListElement\":[{\"@type\":\"ListItem\",\"position\":1,\"name\":\"Home\",\"item\":\"https:\\\/\\\/centrumjudaicum.de\\\/\"},{\"@type\":\"ListItem\",\"position\":2,\"name\":\"Portfolio\",\"item\":\"https:\\\/\\\/centrumjudaicum.de\\\/portfolio\\\/\"},{\"@type\":\"ListItem\",\"position\":3,\"name\":\"Juden in Berlin. 1938 bis 1945\"}]},{\"@type\":\"WebSite\",\"@id\":\"https:\\\/\\\/centrumjudaicum.de\\\/#website\",\"url\":\"https:\\\/\\\/centrumjudaicum.de\\\/\",\"name\":\"Centrum Judaicum\",\"description\":\"\",\"publisher\":{\"@id\":\"https:\\\/\\\/centrumjudaicum.de\\\/#organization\"},\"potentialAction\":[{\"@type\":\"SearchAction\",\"target\":{\"@type\":\"EntryPoint\",\"urlTemplate\":\"https:\\\/\\\/centrumjudaicum.de\\\/?s={search_term_string}\"},\"query-input\":{\"@type\":\"PropertyValueSpecification\",\"valueRequired\":true,\"valueName\":\"search_term_string\"}}],\"inLanguage\":\"en-US\"},{\"@type\":\"Organization\",\"@id\":\"https:\\\/\\\/centrumjudaicum.de\\\/#organization\",\"name\":\"Centrum Judaicum\",\"url\":\"https:\\\/\\\/centrumjudaicum.de\\\/\",\"logo\":{\"@type\":\"ImageObject\",\"inLanguage\":\"en-US\",\"@id\":\"https:\\\/\\\/centrumjudaicum.de\\\/#\\\/schema\\\/logo\\\/image\\\/\",\"url\":\"https:\\\/\\\/centrumjudaicum.de\\\/wp-content\\\/uploads\\\/2022\\\/10\\\/Logo_Stiftung_Neue_Synagoge_Berlin_Gold_.png\",\"contentUrl\":\"https:\\\/\\\/centrumjudaicum.de\\\/wp-content\\\/uploads\\\/2022\\\/10\\\/Logo_Stiftung_Neue_Synagoge_Berlin_Gold_.png\",\"width\":1188,\"height\":409,\"caption\":\"Centrum Judaicum\"},\"image\":{\"@id\":\"https:\\\/\\\/centrumjudaicum.de\\\/#\\\/schema\\\/logo\\\/image\\\/\"}}]}<\/script>\n<!-- \/ Yoast SEO Premium plugin. -->","yoast_head_json":{"title":"Juden in Berlin. 1938 bis 1945 - Centrum Judaicum","robots":{"index":"index","follow":"follow","max-snippet":"max-snippet:-1","max-image-preview":"max-image-preview:large","max-video-preview":"max-video-preview:-1"},"canonical":"https:\/\/centrumjudaicum.de\/en\/portfolio\/juden-in-berlin-1938-bis-1945\/","og_locale":"en_US","og_type":"article","og_title":"Juden in Berlin. 1938 bis 1945","og_description":"JudeninBerlin 1938-1945 08.05.2000 \u2013 29.10.2010 Projektleitung Beate Meyer und Hermann Simon Juden in Berlin 1938 bis 1945 Einf\u00fchrung zur Ausstellung und zum Begleitband Beate Meyer, Hermann Simon \u201eDas Leben unserer","og_url":"https:\/\/centrumjudaicum.de\/en\/portfolio\/juden-in-berlin-1938-bis-1945\/","og_site_name":"Centrum Judaicum","article_modified_time":"2023-12-13T11:28:14+00:00","og_image":[{"width":300,"height":180,"url":"https:\/\/centrumjudaicum.de\/wp-content\/uploads\/2023\/08\/Juden-in-Berlin-1-300x180-1.jpg","type":"image\/jpeg"}],"twitter_card":"summary_large_image","twitter_misc":{"Est. reading time":"27 minutes"},"schema":{"@context":"https:\/\/schema.org","@graph":[{"@type":"WebPage","@id":"https:\/\/centrumjudaicum.de\/portfolio\/juden-in-berlin-1938-bis-1945\/","url":"https:\/\/centrumjudaicum.de\/portfolio\/juden-in-berlin-1938-bis-1945\/","name":"Juden in Berlin. 1938 bis 1945 - Centrum Judaicum","isPartOf":{"@id":"https:\/\/centrumjudaicum.de\/#website"},"primaryImageOfPage":{"@id":"https:\/\/centrumjudaicum.de\/portfolio\/juden-in-berlin-1938-bis-1945\/#primaryimage"},"image":{"@id":"https:\/\/centrumjudaicum.de\/portfolio\/juden-in-berlin-1938-bis-1945\/#primaryimage"},"thumbnailUrl":"https:\/\/centrumjudaicum.de\/wp-content\/uploads\/2023\/08\/Juden-in-Berlin-1-300x180-1.jpg","datePublished":"2000-05-08T09:58:00+00:00","dateModified":"2023-12-13T11:28:14+00:00","breadcrumb":{"@id":"https:\/\/centrumjudaicum.de\/portfolio\/juden-in-berlin-1938-bis-1945\/#breadcrumb"},"inLanguage":"en-US","potentialAction":[{"@type":"ReadAction","target":["https:\/\/centrumjudaicum.de\/portfolio\/juden-in-berlin-1938-bis-1945\/"]}]},{"@type":"ImageObject","inLanguage":"en-US","@id":"https:\/\/centrumjudaicum.de\/portfolio\/juden-in-berlin-1938-bis-1945\/#primaryimage","url":"https:\/\/centrumjudaicum.de\/wp-content\/uploads\/2023\/08\/Juden-in-Berlin-1-300x180-1.jpg","contentUrl":"https:\/\/centrumjudaicum.de\/wp-content\/uploads\/2023\/08\/Juden-in-Berlin-1-300x180-1.jpg","width":300,"height":180},{"@type":"BreadcrumbList","@id":"https:\/\/centrumjudaicum.de\/portfolio\/juden-in-berlin-1938-bis-1945\/#breadcrumb","itemListElement":[{"@type":"ListItem","position":1,"name":"Home","item":"https:\/\/centrumjudaicum.de\/"},{"@type":"ListItem","position":2,"name":"Portfolio","item":"https:\/\/centrumjudaicum.de\/portfolio\/"},{"@type":"ListItem","position":3,"name":"Juden in Berlin. 1938 bis 1945"}]},{"@type":"WebSite","@id":"https:\/\/centrumjudaicum.de\/#website","url":"https:\/\/centrumjudaicum.de\/","name":"Centrum Judaicum","description":"","publisher":{"@id":"https:\/\/centrumjudaicum.de\/#organization"},"potentialAction":[{"@type":"SearchAction","target":{"@type":"EntryPoint","urlTemplate":"https:\/\/centrumjudaicum.de\/?s={search_term_string}"},"query-input":{"@type":"PropertyValueSpecification","valueRequired":true,"valueName":"search_term_string"}}],"inLanguage":"en-US"},{"@type":"Organization","@id":"https:\/\/centrumjudaicum.de\/#organization","name":"Centrum Judaicum","url":"https:\/\/centrumjudaicum.de\/","logo":{"@type":"ImageObject","inLanguage":"en-US","@id":"https:\/\/centrumjudaicum.de\/#\/schema\/logo\/image\/","url":"https:\/\/centrumjudaicum.de\/wp-content\/uploads\/2022\/10\/Logo_Stiftung_Neue_Synagoge_Berlin_Gold_.png","contentUrl":"https:\/\/centrumjudaicum.de\/wp-content\/uploads\/2022\/10\/Logo_Stiftung_Neue_Synagoge_Berlin_Gold_.png","width":1188,"height":409,"caption":"Centrum Judaicum"},"image":{"@id":"https:\/\/centrumjudaicum.de\/#\/schema\/logo\/image\/"}}]}},"ticketed":false,"_links":{"self":[{"href":"https:\/\/centrumjudaicum.de\/en\/wp-json\/wp\/v2\/portfolio\/17800","targetHints":{"allow":["GET"]}}],"collection":[{"href":"https:\/\/centrumjudaicum.de\/en\/wp-json\/wp\/v2\/portfolio"}],"about":[{"href":"https:\/\/centrumjudaicum.de\/en\/wp-json\/wp\/v2\/types\/portfolio"}],"version-history":[{"count":10,"href":"https:\/\/centrumjudaicum.de\/en\/wp-json\/wp\/v2\/portfolio\/17800\/revisions"}],"predecessor-version":[{"id":18061,"href":"https:\/\/centrumjudaicum.de\/en\/wp-json\/wp\/v2\/portfolio\/17800\/revisions\/18061"}],"wp:featuredmedia":[{"embeddable":true,"href":"https:\/\/centrumjudaicum.de\/en\/wp-json\/wp\/v2\/media\/17801"}],"wp:attachment":[{"href":"https:\/\/centrumjudaicum.de\/en\/wp-json\/wp\/v2\/media?parent=17800"}],"wp:term":[{"taxonomy":"portfolio-categories","embeddable":true,"href":"https:\/\/centrumjudaicum.de\/en\/wp-json\/wp\/v2\/portfolio-categories?post=17800"}],"curies":[{"name":"wp","href":"https:\/\/api.w.org\/{rel}","templated":true}]}}