{"id":18462,"date":"2007-05-30T07:45:00","date_gmt":"2007-05-30T05:45:00","guid":{"rendered":"https:\/\/new2023.centrumjudaicum-berlin.de\/?post_type=portfolio&#038;p=18462"},"modified":"2023-09-19T17:15:42","modified_gmt":"2023-09-19T15:15:42","slug":"hermann-struck-berliner-kuenstler-und-frueher-zionist","status":"publish","type":"portfolio","link":"https:\/\/centrumjudaicum.de\/en\/portfolio\/hermann-struck-berliner-kuenstler-und-frueher-zionist\/","title":{"rendered":"Hermann Struck. Berliner K\u00fcnstler und fr\u00fcher Zionist"},"content":{"rendered":"<div data-elementor-type=\"wp-post\" data-elementor-id=\"18462\" class=\"elementor elementor-18462\" data-elementor-post-type=\"portfolio\">\n\t\t\t\t\t\t<section class=\"elementor-section elementor-top-section elementor-element elementor-element-6a844d7 elementor-section-height-full elementor-section-boxed elementor-section-height-default elementor-section-items-middle\" data-id=\"6a844d7\" data-element_type=\"section\" data-e-type=\"section\" data-settings=\"{&quot;background_background&quot;:&quot;classic&quot;}\">\n\t\t\t\t\t\t<div class=\"elementor-container elementor-column-gap-default\">\n\t\t\t\t\t<div class=\"elementor-column elementor-col-100 elementor-top-column elementor-element elementor-element-b3f7e99\" data-id=\"b3f7e99\" data-element_type=\"column\" data-e-type=\"column\">\n\t\t\t<div class=\"elementor-widget-wrap elementor-element-populated\">\n\t\t\t\t\t\t<div class=\"elementor-element elementor-element-54d6f69 elementor-widget elementor-widget-spacer\" data-id=\"54d6f69\" data-element_type=\"widget\" data-e-type=\"widget\" data-widget_type=\"spacer.default\">\n\t\t\t\t<div class=\"elementor-widget-container\">\n\t\t\t\t\t\t\t<div class=\"elementor-spacer\">\n\t\t\t<div class=\"elementor-spacer-inner\"><\/div>\n\t\t<\/div>\n\t\t\t\t\t\t<\/div>\n\t\t\t\t<\/div>\n\t\t\t\t\t<\/div>\n\t\t<\/div>\n\t\t\t\t\t<\/div>\n\t\t<\/section>\n\t\t\t\t<section class=\"elementor-section elementor-top-section elementor-element elementor-element-d09b448 elementor-section-height-full elementor-section-items-stretch elementor-section-boxed elementor-section-height-default\" data-id=\"d09b448\" data-element_type=\"section\" data-e-type=\"section\" data-settings=\"{&quot;background_background&quot;:&quot;classic&quot;}\">\n\t\t\t\t\t\t<div class=\"elementor-container elementor-column-gap-default\">\n\t\t\t\t\t<div class=\"elementor-column elementor-col-50 elementor-top-column elementor-element elementor-element-37924db\" data-id=\"37924db\" data-element_type=\"column\" data-e-type=\"column\">\n\t\t\t<div class=\"elementor-widget-wrap elementor-element-populated\">\n\t\t\t\t\t\t<div class=\"elementor-element elementor-element-3cb495b elementor-widget elementor-widget-heading\" data-id=\"3cb495b\" data-element_type=\"widget\" data-e-type=\"widget\" data-widget_type=\"heading.default\">\n\t\t\t\t<div class=\"elementor-widget-container\">\n\t\t\t\t\t<h2 class=\"elementor-heading-title elementor-size-default\">Hermann Struck.<\/h2>\t\t\t\t<\/div>\n\t\t\t\t<\/div>\n\t\t\t\t<div class=\"elementor-element elementor-element-ab41714 elementor-widget elementor-widget-heading\" data-id=\"ab41714\" data-element_type=\"widget\" data-e-type=\"widget\" data-widget_type=\"heading.default\">\n\t\t\t\t<div class=\"elementor-widget-container\">\n\t\t\t\t\t<h2 class=\"elementor-heading-title elementor-size-default\">Berliner und fr\u00fcher Zionist<\/h2>\t\t\t\t<\/div>\n\t\t\t\t<\/div>\n\t\t\t\t<div class=\"elementor-element elementor-element-0b480b3 elementor-widget elementor-widget-text-editor\" data-id=\"0b480b3\" data-element_type=\"widget\" data-e-type=\"widget\" data-widget_type=\"text-editor.default\">\n\t\t\t\t<div class=\"elementor-widget-container\">\n\t\t\t\t\t\t\t\t\t<div class=\"fusion-text fusion-animated\" data-animationtype=\"fadeInLeft\" data-animationduration=\"0.8\" data-animationoffset=\"50%\"><div class=\"fusion-text fusion-animated\" data-animationtype=\"fadeInLeft\" data-animationduration=\"0.8\" data-animationoffset=\"50%\"><div class=\"fusion-text fusion-animated\" data-animationtype=\"fadeInLeft\" data-animationduration=\"0.8\" data-animationoffset=\"50%\"><p><strong>31.05.2007 \u2013 19.08.2007<\/strong><\/p><\/div><\/div><\/div>\t\t\t\t\t\t\t\t<\/div>\n\t\t\t\t<\/div>\n\t\t\t\t\t<\/div>\n\t\t<\/div>\n\t\t\t\t<div class=\"elementor-column elementor-col-50 elementor-top-column elementor-element elementor-element-b44e3c2\" data-id=\"b44e3c2\" data-element_type=\"column\" data-e-type=\"column\">\n\t\t\t<div class=\"elementor-widget-wrap elementor-element-populated\">\n\t\t\t\t\t\t<div class=\"elementor-element elementor-element-fcebf28 elementor-widget elementor-widget-text-editor\" data-id=\"fcebf28\" data-element_type=\"widget\" data-e-type=\"widget\" data-widget_type=\"text-editor.default\">\n\t\t\t\t<div class=\"elementor-widget-container\">\n\t\t\t\t\t\t\t\t\t<div class=\"fusion-fullwidth fullwidth-box fusion-builder-row-2 nonhundred-percent-fullwidth non-hundred-percent-height-scrolling\"><div class=\"fusion-builder-row fusion-row\"><div class=\"fusion-layout-column fusion_builder_column fusion_builder_column_1_1 fusion-builder-column-1 fusion-one-full fusion-column-first fusion-column-last 1_1\"><div class=\"fusion-column-wrapper\" data-bg-url=\"\"><div class=\"fusion-text\"><p>kuratiert von Chana Sch\u00fctz und Ruthi Ofek<\/p><\/div><\/div><\/div><\/div><\/div>\t\t\t\t\t\t\t\t<\/div>\n\t\t\t\t<\/div>\n\t\t\t\t\t<\/div>\n\t\t<\/div>\n\t\t\t\t\t<\/div>\n\t\t<\/section>\n\t\t\t\t<section class=\"elementor-section elementor-top-section elementor-element elementor-element-a848f06 elementor-section-full_width elementor-section-height-default elementor-section-height-default\" data-id=\"a848f06\" data-element_type=\"section\" data-e-type=\"section\">\n\t\t\t\t\t\t<div class=\"elementor-container elementor-column-gap-no\">\n\t\t\t\t\t<div class=\"elementor-column elementor-col-50 elementor-top-column elementor-element elementor-element-c11ce61\" data-id=\"c11ce61\" data-element_type=\"column\" data-e-type=\"column\" data-settings=\"{&quot;background_background&quot;:&quot;classic&quot;}\">\n\t\t\t<div class=\"elementor-widget-wrap elementor-element-populated\">\n\t\t\t\t\t\t<div class=\"elementor-element elementor-element-31a138b elementor-widget elementor-widget-spacer\" data-id=\"31a138b\" data-element_type=\"widget\" data-e-type=\"widget\" data-widget_type=\"spacer.default\">\n\t\t\t\t<div class=\"elementor-widget-container\">\n\t\t\t\t\t\t\t<div class=\"elementor-spacer\">\n\t\t\t<div class=\"elementor-spacer-inner\"><\/div>\n\t\t<\/div>\n\t\t\t\t\t\t<\/div>\n\t\t\t\t<\/div>\n\t\t\t\t\t<\/div>\n\t\t<\/div>\n\t\t\t\t<div class=\"elementor-column elementor-col-50 elementor-top-column elementor-element elementor-element-06347de\" data-id=\"06347de\" data-element_type=\"column\" data-e-type=\"column\">\n\t\t\t<div class=\"elementor-widget-wrap elementor-element-populated\">\n\t\t\t\t\t\t<div class=\"elementor-element elementor-element-faf0b59 elementor-widget-divider--view-line_text elementor-widget-divider--element-align-left elementor-widget elementor-widget-divider\" data-id=\"faf0b59\" data-element_type=\"widget\" data-e-type=\"widget\" data-widget_type=\"divider.default\">\n\t\t\t\t<div class=\"elementor-widget-container\">\n\t\t\t\t\t\t\t<div class=\"elementor-divider\">\n\t\t\t<span class=\"elementor-divider-separator\">\n\t\t\t\t\t\t\t<h2 class=\"elementor-divider__text elementor-divider__element\">\n\t\t\t\tChana Sch\u00fctz\t\t\t\t<\/h2>\n\t\t\t\t\t\t<\/span>\n\t\t<\/div>\n\t\t\t\t\t\t<\/div>\n\t\t\t\t<\/div>\n\t\t\t\t<div class=\"elementor-element elementor-element-da9e5a4 elementor-widget elementor-widget-heading\" data-id=\"da9e5a4\" data-element_type=\"widget\" data-e-type=\"widget\" data-widget_type=\"heading.default\">\n\t\t\t\t<div class=\"elementor-widget-container\">\n\t\t\t\t\t<h2 class=\"elementor-heading-title elementor-size-default\">Hermann Struck<\/h2>\t\t\t\t<\/div>\n\t\t\t\t<\/div>\n\t\t\t\t<div class=\"elementor-element elementor-element-2ef5861 elementor-widget elementor-widget-text-editor\" data-id=\"2ef5861\" data-element_type=\"widget\" data-e-type=\"widget\" data-widget_type=\"text-editor.default\">\n\t\t\t\t<div class=\"elementor-widget-container\">\n\t\t\t\t\t\t\t\t\t<p>Der Berliner K\u00fcnstler Hermann Struck war eine einzigartige Figur \u2013 in Deutschland und in Eretz Israel. Bekannt wurde er durch seine Radierungen von j\u00fcdischen Charakterk\u00f6pfen und Portr\u00e4ts. Gerhart Hauptmann und Alfred Kerr, Albert Einstein, Sigmund Freud und viele andere lie\u00dfen sich von ihm portr\u00e4tieren ebenso wie viele seiner K\u00fcnstlerkollegen, die er auch in den graphischen K\u00fcnsten unterrichtete. Denn er galt als hervorragender Lehrer. Daneben schuf er Hunderte von Landschaftsbildern, die er \u00fcberall in der Welt auf seinen Reisen skizziert und sp\u00e4ter in Radierungen umgesetzt hatte. Sie erschienen als Einzelbl\u00e4tter oder in Graphikfolgen. Als deutscher Offizier im Ersten Weltkrieg schuf er Hunderte von Lithographien vor allem von der Lebenswelt der Juden Osteuropas.<\/p><p>Der Berliner Jude Hermann Struck war Zionist der ersten Stunde.<\/p><p>Im Jahre 1903 \u2013 auf seiner R\u00fcckreise aus Eretz Israel \u2013 portr\u00e4tierte er in Wien Theodor Herzl, der wenig sp\u00e4ter verstarb. Bis zur Schaffung des Staates Israel war dieses Portr\u00e4t von Theodor Herzl der Inbegriff des Zionismus. Es schm\u00fcckte in der Regel jede zionistische Veranstaltung, wo auch immer sie stattfand.<\/p>\t\t\t\t\t\t\t\t<\/div>\n\t\t\t\t<\/div>\n\t\t\t\t\t<\/div>\n\t\t<\/div>\n\t\t\t\t\t<\/div>\n\t\t<\/section>\n\t\t\t\t<section class=\"elementor-section elementor-top-section elementor-element elementor-element-3fc5133 elementor-section-full_width elementor-section-height-default elementor-section-height-default\" data-id=\"3fc5133\" data-element_type=\"section\" data-e-type=\"section\">\n\t\t\t\t\t\t<div class=\"elementor-container elementor-column-gap-no\">\n\t\t\t\t\t<div class=\"elementor-column elementor-col-50 elementor-top-column elementor-element elementor-element-aac3763\" data-id=\"aac3763\" data-element_type=\"column\" data-e-type=\"column\">\n\t\t\t<div class=\"elementor-widget-wrap elementor-element-populated\">\n\t\t\t\t\t\t<div class=\"elementor-element elementor-element-5732518 elementor-widget-divider--view-line_text elementor-widget-divider--element-align-left elementor-widget elementor-widget-divider\" data-id=\"5732518\" data-element_type=\"widget\" data-e-type=\"widget\" data-widget_type=\"divider.default\">\n\t\t\t\t<div class=\"elementor-widget-container\">\n\t\t\t\t\t\t\t<div class=\"elementor-divider\">\n\t\t\t<span class=\"elementor-divider-separator\">\n\t\t\t\t\t\t\t<h2 class=\"elementor-divider__text elementor-divider__element\">\n\t\t\t\tChana Sch\u00fctz\t\t\t\t<\/h2>\n\t\t\t\t\t\t<\/span>\n\t\t<\/div>\n\t\t\t\t\t\t<\/div>\n\t\t\t\t<\/div>\n\t\t\t\t<div class=\"elementor-element elementor-element-3084df9 elementor-widget elementor-widget-heading\" data-id=\"3084df9\" data-element_type=\"widget\" data-e-type=\"widget\" data-widget_type=\"heading.default\">\n\t\t\t\t<div class=\"elementor-widget-container\">\n\t\t\t\t\t<h2 class=\"elementor-heading-title elementor-size-default\">Hermann Struck<\/h2>\t\t\t\t<\/div>\n\t\t\t\t<\/div>\n\t\t\t\t<div class=\"elementor-element elementor-element-32286ca elementor-widget elementor-widget-text-editor\" data-id=\"32286ca\" data-element_type=\"widget\" data-e-type=\"widget\" data-widget_type=\"text-editor.default\">\n\t\t\t\t<div class=\"elementor-widget-container\">\n\t\t\t\t\t\t\t\t\t<p>Hermann Struck war deutscher Zionist und er war zugleich religi\u00f6ser, gesetzestreuer Jude. Im Ersten Weltkrieg vermittelte er als deutscher Offizier in Russland zwischen dem deutschen Heer und seinen Br\u00fcdern, den Juden Osteuropas. Im Jahr 1922 entschloss er sich, Deutschland zu verlassen und sich in Eretz Israel niederzulassen. In den Jahren nach 1933 half er \u2013 wo und wie er nur konnte \u2013 den Juden aus Deutschland, die vor der nationalsozialistischen Verfolgung in Eretz Israel Zuflucht suchten. Noch vor der Befreiung Europas von der Nazidiktatur starb Hermann Struck 1944 in seinem Haus in Haifa.<\/p><p>Um den k\u00fcnstlerischen Reichtum seines Werks, um ihn als Mensch und seine starke \u00f6ffentliche Aktivit\u00e4t zu verstehen und pr\u00e4sentieren zu k\u00f6nnen, verbanden sich zwei Institutionen in Israel und Deutschland: das Open Museum in Tefen und das Centrum Judaicum in Berlin. Die \u00fcberwiegende Zahl der Werke in dieser Ausstellung stammt aus dem Hermann-Struck-Archiv, das von Mickey Bernstein (Tel Aviv) aufbewahrt und betreut wird. Die Ausstellung will das Bild eines bedeutenden K\u00fcnstlers zeigen, bedeutsam f\u00fcr die deutsche Kunst wie auch f\u00fcr die Kunst in Israel.<\/p>\t\t\t\t\t\t\t\t<\/div>\n\t\t\t\t<\/div>\n\t\t\t\t\t<\/div>\n\t\t<\/div>\n\t\t\t\t<div class=\"elementor-column elementor-col-50 elementor-top-column elementor-element elementor-element-49d6729\" data-id=\"49d6729\" data-element_type=\"column\" data-e-type=\"column\" data-settings=\"{&quot;background_background&quot;:&quot;classic&quot;}\">\n\t\t\t<div class=\"elementor-widget-wrap elementor-element-populated\">\n\t\t\t\t\t\t<div class=\"elementor-element elementor-element-60d5483 elementor-widget elementor-widget-spacer\" data-id=\"60d5483\" data-element_type=\"widget\" data-e-type=\"widget\" data-widget_type=\"spacer.default\">\n\t\t\t\t<div class=\"elementor-widget-container\">\n\t\t\t\t\t\t\t<div class=\"elementor-spacer\">\n\t\t\t<div class=\"elementor-spacer-inner\"><\/div>\n\t\t<\/div>\n\t\t\t\t\t\t<\/div>\n\t\t\t\t<\/div>\n\t\t\t\t\t<\/div>\n\t\t<\/div>\n\t\t\t\t\t<\/div>\n\t\t<\/section>\n\t\t\t\t<section class=\"elementor-section elementor-top-section elementor-element elementor-element-9253c3d elementor-section-boxed elementor-section-height-default elementor-section-height-default\" data-id=\"9253c3d\" data-element_type=\"section\" data-e-type=\"section\" data-settings=\"{&quot;background_background&quot;:&quot;classic&quot;}\">\n\t\t\t\t\t\t<div class=\"elementor-container elementor-column-gap-default\">\n\t\t\t\t\t<div class=\"elementor-column elementor-col-100 elementor-top-column elementor-element elementor-element-70f4c3f\" data-id=\"70f4c3f\" data-element_type=\"column\" data-e-type=\"column\">\n\t\t\t<div class=\"elementor-widget-wrap elementor-element-populated\">\n\t\t\t\t\t\t<div class=\"elementor-element elementor-element-c0e6804 elementor-widget elementor-widget-heading\" data-id=\"c0e6804\" data-element_type=\"widget\" data-e-type=\"widget\" data-widget_type=\"heading.default\">\n\t\t\t\t<div class=\"elementor-widget-container\">\n\t\t\t\t\t<h2 class=\"elementor-heading-title elementor-size-default\">Eretz Israel<\/h2>\t\t\t\t<\/div>\n\t\t\t\t<\/div>\n\t\t\t\t<div class=\"elementor-element elementor-element-be7614b elementor-widget elementor-widget-text-editor\" data-id=\"be7614b\" data-element_type=\"widget\" data-e-type=\"widget\" data-widget_type=\"text-editor.default\">\n\t\t\t\t<div class=\"elementor-widget-container\">\n\t\t\t\t\t\t\t\t\t<p>Hermann Struck ist der einzige international anerkannte K\u00fcnstler, der sich zu Beginn der 1920er Jahre in Eretz Israel niederl\u00e4sst. Sein Einfluss auf die moderne Kunstszene bleibt jedoch gering. In den 22 Jahren, die er im Lande lebt, gibt es keine Einzelausstellung seiner Werke.<\/p><p>Seine schon in der Nachkriegszeit in Berlin immer st\u00e4rkere Vorliebe f\u00fcr die Kaltnadelradierung setzt er in den folgenden Jahren in den reinen, reduzierten Linien seiner Landschaftsdarstellungen fort. Langgezogene K\u00fcstenstriche, der Himmel, die Senkrechten der Palmen und die urbanen Landschaften von Jerusalem gelten seine Aufmerksamkeit. Daneben interessiert er sich f\u00fcr Wolkenformationen, und die besondere Intensit\u00e4t des Lichts regt ihn zu \u00d6lgem\u00e4lden und Aquarellen an. Wie schon bei seinen fr\u00fchen Portr\u00e4ts interessieren ihn auch in Pal\u00e4stina wieder der einzelne Mensch: europ\u00e4ische und orientalische Juden, Araber und die jungen j\u00fcdischen Arbeiter, die den Boden bearbeiten.<\/p><p>Kunstpolitisch ist und bleibt Hermann Struck auch in den Jahren, die er in Eretz Israel lebt, au\u00dferordentlich engagiert. Er hat ma\u00dfgeblichen Anteil an der Gr\u00fcndung wichtiger Kunsteinrichtungen, wie dem\u00a0<em>Tel Aviv Museum<\/em>\u00a0und der\u00a0<em>Neuen Bezalel<\/em>, der Kunsthochschule in Jerusalem.<\/p><p>Bis zum Jahr 1933 verbringt Hermann Struck regelm\u00e4\u00dfig die Sommermonate in Berlin, wo er sein Atelier in der Br\u00fcckenallee beibehalten hat. Seine letzten Lebensjahre sind zunehmend gepr\u00e4gt von Krankheiten und der wachsenden Ohnmacht angesichts der Bedrohung, denen die Juden Europas ausgesetzt sind.<\/p><p>Hermann Struck stirbt am 11. Januar 1944 mit dem Wissen, dass es kein j\u00fcdisches Europa mehr gibt und der Erkenntnis, dass das, was er in seinen Werken festgehalten hat, f\u00fcr immer zerst\u00f6rt ist.<\/p>\t\t\t\t\t\t\t\t<\/div>\n\t\t\t\t<\/div>\n\t\t\t\t\t<\/div>\n\t\t<\/div>\n\t\t\t\t\t<\/div>\n\t\t<\/section>\n\t\t\t\t<section class=\"elementor-section elementor-top-section elementor-element elementor-element-205a40b elementor-section-full_width elementor-section-height-default elementor-section-height-default\" data-id=\"205a40b\" data-element_type=\"section\" data-e-type=\"section\">\n\t\t\t\t\t\t<div class=\"elementor-container elementor-column-gap-no\">\n\t\t\t\t\t<div class=\"elementor-column elementor-col-50 elementor-top-column elementor-element elementor-element-8cdb870\" data-id=\"8cdb870\" data-element_type=\"column\" data-e-type=\"column\" data-settings=\"{&quot;background_background&quot;:&quot;classic&quot;}\">\n\t\t\t<div class=\"elementor-widget-wrap elementor-element-populated\">\n\t\t\t\t\t\t<div class=\"elementor-element elementor-element-2d43ff0 elementor-widget elementor-widget-spacer\" data-id=\"2d43ff0\" data-element_type=\"widget\" data-e-type=\"widget\" data-widget_type=\"spacer.default\">\n\t\t\t\t<div class=\"elementor-widget-container\">\n\t\t\t\t\t\t\t<div class=\"elementor-spacer\">\n\t\t\t<div class=\"elementor-spacer-inner\"><\/div>\n\t\t<\/div>\n\t\t\t\t\t\t<\/div>\n\t\t\t\t<\/div>\n\t\t\t\t\t<\/div>\n\t\t<\/div>\n\t\t\t\t<div class=\"elementor-column elementor-col-50 elementor-top-column elementor-element elementor-element-3abc473\" data-id=\"3abc473\" data-element_type=\"column\" data-e-type=\"column\">\n\t\t\t<div class=\"elementor-widget-wrap elementor-element-populated\">\n\t\t\t\t\t\t<div class=\"elementor-element elementor-element-87c20b2 elementor-widget-divider--view-line_text elementor-widget-divider--element-align-left elementor-widget elementor-widget-divider\" data-id=\"87c20b2\" data-element_type=\"widget\" data-e-type=\"widget\" data-widget_type=\"divider.default\">\n\t\t\t\t<div class=\"elementor-widget-container\">\n\t\t\t\t\t\t\t<div class=\"elementor-divider\">\n\t\t\t<span class=\"elementor-divider-separator\">\n\t\t\t\t\t\t\t<h2 class=\"elementor-divider__text elementor-divider__element\">\n\t\t\t\tChana Sch\u00fctz\t\t\t\t<\/h2>\n\t\t\t\t\t\t<\/span>\n\t\t<\/div>\n\t\t\t\t\t\t<\/div>\n\t\t\t\t<\/div>\n\t\t\t\t<div class=\"elementor-element elementor-element-dfe426c elementor-widget elementor-widget-heading\" data-id=\"dfe426c\" data-element_type=\"widget\" data-e-type=\"widget\" data-widget_type=\"heading.default\">\n\t\t\t\t<div class=\"elementor-widget-container\">\n\t\t\t\t\t<h2 class=\"elementor-heading-title elementor-size-default\">Berlin<\/h2>\t\t\t\t<\/div>\n\t\t\t\t<\/div>\n\t\t\t\t<div class=\"elementor-element elementor-element-b6eff9d elementor-widget elementor-widget-text-editor\" data-id=\"b6eff9d\" data-element_type=\"widget\" data-e-type=\"widget\" data-widget_type=\"text-editor.default\">\n\t\t\t\t<div class=\"elementor-widget-container\">\n\t\t\t\t\t\t\t\t\tUm 1900 ist Hermann Struck als K\u00fcnstler fest etabliert. Er ist auch bekannt als ausgezeichneter Techniker auf dem Gebiet der Druckgraphik. Max Liebermann, Lesser Ury und andere ziehen ihn zu Rate. Lovis Corinth sagt \u00fcber ihn sogar, \u201eer hat mein K\u00f6nnen f\u00fcr die Nadel wieder erobert.\u201c Im Jahr 1908 verfasst Hermann Struck ein Buch \u00fcber Die Kunst des Radierens, das bis 1923 mehrere, immer wieder verbesserte Auflagen erlebt. Es wendet sich gleicherma\u00dfen an aus\u00fcbende K\u00fcnstler, an interessierte Laien und an Sammler von Graphik. Zum Geleit schreibt sein Freund, der Theaterkritiker Alfred Kerr ein Gedicht: Er nennt es \u201eLieber Struck\u2026\u201c. Dichter, Maler, Schriftsteller, Gelehrte und Politiker lassen sich von Hermann Struck portr\u00e4tieren. In seinen Bildnissen spiegelt sich das liberale, aufgekl\u00e4rte B\u00fcrgertum der Kaiserzeit. Zur gleichen Zeit zeichnet er Juden aus Osteuropa, von denen viele in den Berliner Elendsquartieren jenseits des Alexanderplatzes leben. In seinen j\u00fcdischen Charakterk\u00f6pfen wird seine Ehrfurcht vor j\u00fcdischer Gelehrsamkeit und Tradition deutlich, die auch in den Portr\u00e4ts von j\u00fcdischen Gelehrten zum Ausdruck kommt. Auch Hermann Struck ist gesetzestreuer Jude, lernt t\u00e4glich die Schriften des Judentums und au\u00dferdem ist er Zionist.\t\t\t\t\t\t\t\t<\/div>\n\t\t\t\t<\/div>\n\t\t\t\t\t<\/div>\n\t\t<\/div>\n\t\t\t\t\t<\/div>\n\t\t<\/section>\n\t\t\t\t<section class=\"elementor-section elementor-top-section elementor-element elementor-element-69518a8 elementor-section-full_width elementor-section-height-default elementor-section-height-default\" data-id=\"69518a8\" data-element_type=\"section\" data-e-type=\"section\">\n\t\t\t\t\t\t<div class=\"elementor-container elementor-column-gap-no\">\n\t\t\t\t\t<div class=\"elementor-column elementor-col-50 elementor-top-column elementor-element elementor-element-5483570\" data-id=\"5483570\" data-element_type=\"column\" data-e-type=\"column\">\n\t\t\t<div class=\"elementor-widget-wrap elementor-element-populated\">\n\t\t\t\t\t\t<div class=\"elementor-element elementor-element-d694e1e elementor-widget-divider--view-line_text elementor-widget-divider--element-align-left elementor-widget elementor-widget-divider\" data-id=\"d694e1e\" data-element_type=\"widget\" data-e-type=\"widget\" data-widget_type=\"divider.default\">\n\t\t\t\t<div class=\"elementor-widget-container\">\n\t\t\t\t\t\t\t<div class=\"elementor-divider\">\n\t\t\t<span class=\"elementor-divider-separator\">\n\t\t\t\t\t\t\t<h2 class=\"elementor-divider__text elementor-divider__element\">\n\t\t\t\tChana Sch\u00fctz\t\t\t\t<\/h2>\n\t\t\t\t\t\t<\/span>\n\t\t<\/div>\n\t\t\t\t\t\t<\/div>\n\t\t\t\t<\/div>\n\t\t\t\t<div class=\"elementor-element elementor-element-dcb86eb elementor-widget elementor-widget-heading\" data-id=\"dcb86eb\" data-element_type=\"widget\" data-e-type=\"widget\" data-widget_type=\"heading.default\">\n\t\t\t\t<div class=\"elementor-widget-container\">\n\t\t\t\t\t<h2 class=\"elementor-heading-title elementor-size-default\">Berlin<\/h2>\t\t\t\t<\/div>\n\t\t\t\t<\/div>\n\t\t\t\t<div class=\"elementor-element elementor-element-2274912 elementor-widget elementor-widget-text-editor\" data-id=\"2274912\" data-element_type=\"widget\" data-e-type=\"widget\" data-widget_type=\"text-editor.default\">\n\t\t\t\t<div class=\"elementor-widget-container\">\n\t\t\t\t\t\t\t\t\t<p>Im Jahre 1903 bereist Hermann Struck zum ersten Mal Pal\u00e4stina. Die modernen j\u00fcdischen D\u00f6rfer, aber auch die freie unbebaute Natur beeinflussen sein Werk nachhaltig. Martin Buber nennt die Bilder, die auf dieser Reise entstehen, die \u201eersten wirklich k\u00fcnstlerischen Pal\u00e4stinalandschaften\u201c. .Auf seinem R\u00fcckweg portr\u00e4tiert er in Wien Theodor Herzl, ein Werk, das vor allem nach dem Tod der charismatischen j\u00fcdischen Leitfigur zum Inbegriff des Zionismus wird. Bis zur Gr\u00fcndung des Staates Israel schm\u00fcckt es in der Regel jede zionistische Veranstaltung, wo auch immer sie stattfindet.<\/p><p>Als K\u00fcnstler konzentriert sich Hermann Struck auf das Portr\u00e4t und die Landschaft, seine Technik ist die Radierung in allen ihren Finessen. Als orthodoxer Jude h\u00e4lt er sich an die zuweilen strengen Religionsregeln und macht dabei nie Kompromisse. Als Zionist ist er davon \u00fcberzeugt, dass er letztlich dazu bestimmt ist, seine Heimat im Lande Israel zu finden.<\/p>\t\t\t\t\t\t\t\t<\/div>\n\t\t\t\t<\/div>\n\t\t\t\t\t<\/div>\n\t\t<\/div>\n\t\t\t\t<div class=\"elementor-column elementor-col-50 elementor-top-column elementor-element elementor-element-a1c86a2\" data-id=\"a1c86a2\" data-element_type=\"column\" data-e-type=\"column\" data-settings=\"{&quot;background_background&quot;:&quot;classic&quot;}\">\n\t\t\t<div class=\"elementor-widget-wrap elementor-element-populated\">\n\t\t\t\t\t\t<div class=\"elementor-element elementor-element-702fd17 elementor-widget elementor-widget-spacer\" data-id=\"702fd17\" data-element_type=\"widget\" data-e-type=\"widget\" data-widget_type=\"spacer.default\">\n\t\t\t\t<div class=\"elementor-widget-container\">\n\t\t\t\t\t\t\t<div class=\"elementor-spacer\">\n\t\t\t<div class=\"elementor-spacer-inner\"><\/div>\n\t\t<\/div>\n\t\t\t\t\t\t<\/div>\n\t\t\t\t<\/div>\n\t\t\t\t\t<\/div>\n\t\t<\/div>\n\t\t\t\t\t<\/div>\n\t\t<\/section>\n\t\t\t\t<section class=\"elementor-section elementor-top-section elementor-element elementor-element-321e452 elementor-section-boxed elementor-section-height-default elementor-section-height-default\" data-id=\"321e452\" data-element_type=\"section\" data-e-type=\"section\" data-settings=\"{&quot;background_background&quot;:&quot;classic&quot;}\">\n\t\t\t\t\t\t<div class=\"elementor-container elementor-column-gap-default\">\n\t\t\t\t\t<div class=\"elementor-column elementor-col-100 elementor-top-column elementor-element elementor-element-de29304\" data-id=\"de29304\" data-element_type=\"column\" data-e-type=\"column\">\n\t\t\t<div class=\"elementor-widget-wrap elementor-element-populated\">\n\t\t\t\t\t\t<div class=\"elementor-element elementor-element-b895587 elementor-widget elementor-widget-heading\" data-id=\"b895587\" data-element_type=\"widget\" data-e-type=\"widget\" data-widget_type=\"heading.default\">\n\t\t\t\t<div class=\"elementor-widget-container\">\n\t\t\t\t\t<h2 class=\"elementor-heading-title elementor-size-default\">Der erste Weltkrieg<\/h2>\t\t\t\t<\/div>\n\t\t\t\t<\/div>\n\t\t\t\t<div class=\"elementor-element elementor-element-9e050bf elementor-widget elementor-widget-text-editor\" data-id=\"9e050bf\" data-element_type=\"widget\" data-e-type=\"widget\" data-widget_type=\"text-editor.default\">\n\t\t\t\t<div class=\"elementor-widget-container\">\n\t\t\t\t\t\t\t\t\tWie viele deutsche Juden, meldet sich auch Hermann Struck im Weltkrieg freiwillig als Soldat. Er tut seinen Dienst an der Ostfront und lernt hier zum ersten Mal die Lebenswelt der Juden Osteuropas kennen. In diesen Jahren entstehen die meisten seiner k\u00fcnstlerischen Arbeiten. Es sind vor allem Lithografien, die in der Druckerei des Oberbefehlshaber Ost in Kowno gedruckt werden und die sp\u00e4ter in vielen Publikationen weite Verbreitung finden.  Hermann Struck ist als Zensor und \u00dcbersetzer f\u00fcr Jiddisch eingesetzt. Von November 1916 bis Juli 1917 dient er an der russischen Front und wird zum Leutnant bef\u00f6rdert. Danach leitet er bis zu seiner Entlassung am 20. Januar 1918 die Abteilung f\u00fcr J\u00fcdische Angelegenheiten beim Oberbefehlshaber Ost.\n\nAn den Friedensverhandlungen in Versailles nimmt er als Vertreter der deutschen Seite als Sachverst\u00e4ndiger f\u00fcr j\u00fcdische Fragen teil.\n\nHermann Struck wird nicht nur zum Chronisten des Lebens der Ostjuden, er skizziert auch das Leben der deutschen Soldaten in Sch\u00fctzengr\u00e4ben und Unterst\u00e4nden. Immer ist es der einzelne Mensch, den er portr\u00e4tiert. Eine besondere Aufgabe wird ihm von dem Anthropologen Felix von Luschan zugeteilt: Er soll die K\u00f6pfe von britischen und franz\u00f6sischen Kriegsgefangenen, die im sogenannten Halbmondlager bei W\u00fcnsdorf in der Mark Brandenburg leben, in Bildnissen darstellen, um ihre besonderen \u201erassischen Merkmale\u201c festzuhalten. In W\u00fcnsdorf zeichnet er auch die Moschee, die 1915 f\u00fcr die muslimischen Gefangenen errichtet wurde. Hermann Struck, der Landschaftszeichner, zeigt in Lithographien auch das Leid, den Tod und die Zerst\u00f6rung, die die Kriegsmaschinerie in die L\u00e4nder Osteuropas gebracht haben. Diese Bilder enthalten sich jeder emotionalen Wertung und zeigen ausschlie\u00dflich, was der K\u00fcnstler mit seinen eigenen Augen gesehen hat.\t\t\t\t\t\t\t\t<\/div>\n\t\t\t\t<\/div>\n\t\t\t\t\t<\/div>\n\t\t<\/div>\n\t\t\t\t\t<\/div>\n\t\t<\/section>\n\t\t\t\t<section class=\"elementor-section elementor-top-section elementor-element elementor-element-9453178 elementor-section-boxed elementor-section-height-default elementor-section-height-default\" data-id=\"9453178\" data-element_type=\"section\" data-e-type=\"section\">\n\t\t\t\t\t\t<div class=\"elementor-container elementor-column-gap-default\">\n\t\t\t\t\t<div class=\"elementor-column elementor-col-33 elementor-top-column elementor-element elementor-element-8834053\" data-id=\"8834053\" data-element_type=\"column\" data-e-type=\"column\">\n\t\t\t<div class=\"elementor-widget-wrap elementor-element-populated\">\n\t\t\t\t\t\t<div class=\"elementor-element elementor-element-ffaf2bc elementor-widget elementor-widget-heading\" data-id=\"ffaf2bc\" data-element_type=\"widget\" data-e-type=\"widget\" data-widget_type=\"heading.default\">\n\t\t\t\t<div class=\"elementor-widget-container\">\n\t\t\t\t\t<span class=\"elementor-heading-title elementor-size-default\">Good to know.\n<\/span>\t\t\t\t<\/div>\n\t\t\t\t<\/div>\n\t\t\t\t<div class=\"elementor-element elementor-element-10f6d2c elementor-widget elementor-widget-heading\" data-id=\"10f6d2c\" data-element_type=\"widget\" data-e-type=\"widget\" data-widget_type=\"heading.default\">\n\t\t\t\t<div class=\"elementor-widget-container\">\n\t\t\t\t\t<h2 class=\"elementor-heading-title elementor-size-default\">Weitere Informationen zur Ausstellung<\/h2>\t\t\t\t<\/div>\n\t\t\t\t<\/div>\n\t\t\t\t<div class=\"elementor-element elementor-element-f4f58c3 elementor-icon-list--layout-traditional elementor-list-item-link-full_width elementor-widget elementor-widget-icon-list\" data-id=\"f4f58c3\" data-element_type=\"widget\" data-e-type=\"widget\" data-widget_type=\"icon-list.default\">\n\t\t\t\t<div class=\"elementor-widget-container\">\n\t\t\t\t\t\t\t<ul class=\"elementor-icon-list-items\">\n\t\t\t\t\t\t\t<li class=\"elementor-icon-list-item\">\n\t\t\t\t\t\t\t\t\t\t\t<a href=\"#\" target=\"_blank\">\n\n\t\t\t\t\t\t\t\t\t\t\t\t<span class=\"elementor-icon-list-icon\">\n\t\t\t\t\t\t\t<i aria-hidden=\"true\" class=\"fas fa-asterisk\"><\/i>\t\t\t\t\t\t<\/span>\n\t\t\t\t\t\t\t\t\t\t<span class=\"elementor-icon-list-text\">Begleitband<\/span>\n\t\t\t\t\t\t\t\t\t\t\t<\/a>\n\t\t\t\t\t\t\t\t\t<\/li>\n\t\t\t\t\t\t\t\t<li class=\"elementor-icon-list-item\">\n\t\t\t\t\t\t\t\t\t\t\t<span class=\"elementor-icon-list-icon\">\n\t\t\t\t\t\t\t<i aria-hidden=\"true\" class=\"fas fa-asterisk\"><\/i>\t\t\t\t\t\t<\/span>\n\t\t\t\t\t\t\t\t\t\t<span class=\"elementor-icon-list-text\">Pressemappe<\/span>\n\t\t\t\t\t\t\t\t\t<\/li>\n\t\t\t\t\t\t\t\t<li class=\"elementor-icon-list-item\">\n\t\t\t\t\t\t\t\t\t\t\t<span class=\"elementor-icon-list-icon\">\n\t\t\t\t\t\t\t<i aria-hidden=\"true\" class=\"fas fa-podcast\"><\/i>\t\t\t\t\t\t<\/span>\n\t\t\t\t\t\t\t\t\t\t<span class=\"elementor-icon-list-text\">Vernissage<\/span>\n\t\t\t\t\t\t\t\t\t<\/li>\n\t\t\t\t\t\t<\/ul>\n\t\t\t\t\t\t<\/div>\n\t\t\t\t<\/div>\n\t\t\t\t\t<\/div>\n\t\t<\/div>\n\t\t\t\t<div class=\"elementor-column elementor-col-33 elementor-top-column elementor-element elementor-element-4aa6295\" data-id=\"4aa6295\" data-element_type=\"column\" data-e-type=\"column\">\n\t\t\t<div class=\"elementor-widget-wrap\">\n\t\t\t\t\t\t\t<\/div>\n\t\t<\/div>\n\t\t\t\t<div class=\"elementor-column elementor-col-33 elementor-top-column elementor-element elementor-element-acb46c2\" data-id=\"acb46c2\" data-element_type=\"column\" data-e-type=\"column\">\n\t\t\t<div class=\"elementor-widget-wrap elementor-element-populated\">\n\t\t\t\t\t\t<section class=\"elementor-section elementor-inner-section elementor-element elementor-element-a900fe9 elementor-section-boxed elementor-section-height-default elementor-section-height-default\" data-id=\"a900fe9\" data-element_type=\"section\" data-e-type=\"section\">\n\t\t\t\t\t\t<div class=\"elementor-container elementor-column-gap-default\">\n\t\t\t\t\t<div class=\"elementor-column elementor-col-50 elementor-inner-column elementor-element elementor-element-edfcc3d\" data-id=\"edfcc3d\" data-element_type=\"column\" data-e-type=\"column\">\n\t\t\t<div class=\"elementor-widget-wrap elementor-element-populated\">\n\t\t\t\t\t\t<div class=\"elementor-element elementor-element-2b55ded elementor-widget elementor-widget-image\" data-id=\"2b55ded\" data-element_type=\"widget\" data-e-type=\"widget\" data-widget_type=\"image.default\">\n\t\t\t\t<div class=\"elementor-widget-container\">\n\t\t\t\t\t\t\t\t\t\t\t\t\t\t\t<img fetchpriority=\"high\" decoding=\"async\" width=\"356\" height=\"700\" src=\"https:\/\/centrumjudaicum.de\/wp-content\/uploads\/2023\/08\/Hermann-Struck-Plakat-C-Centrum-Judaicum.jpg\" class=\"elementor-animation-grow attachment-full size-full wp-image-18470\" alt=\"Hermann Struck, Berliner K\u00fcnstler und fr\u00fcher Zionist, in formeller Kleidung, mit Bart und Krawatte, posiert vor einer Wand.\" srcset=\"https:\/\/centrumjudaicum.de\/wp-content\/uploads\/2023\/08\/Hermann-Struck-Plakat-C-Centrum-Judaicum.jpg 356w, https:\/\/centrumjudaicum.de\/wp-content\/uploads\/2023\/08\/Hermann-Struck-Plakat-C-Centrum-Judaicum-153x300.jpg 153w\" sizes=\"(max-width: 356px) 100vw, 356px\" \/>\t\t\t\t\t\t\t\t\t\t\t\t\t\t\t<\/div>\n\t\t\t\t<\/div>\n\t\t\t\t\t<\/div>\n\t\t<\/div>\n\t\t\t\t<div class=\"elementor-column elementor-col-50 elementor-inner-column elementor-element elementor-element-115583a\" data-id=\"115583a\" data-element_type=\"column\" data-e-type=\"column\">\n\t\t\t<div class=\"elementor-widget-wrap elementor-element-populated\">\n\t\t\t\t\t\t<div class=\"elementor-element elementor-element-b417511 elementor-widget elementor-widget-image\" data-id=\"b417511\" data-element_type=\"widget\" data-e-type=\"widget\" data-widget_type=\"image.default\">\n\t\t\t\t<div class=\"elementor-widget-container\">\n\t\t\t\t\t\t\t\t\t\t\t\t\t\t\t<img decoding=\"async\" width=\"250\" height=\"300\" src=\"https:\/\/centrumjudaicum.de\/wp-content\/uploads\/2023\/08\/Cover-Hermann-Struck.jpg\" class=\"elementor-animation-grow attachment-full size-full wp-image-18396\" alt=\"\" \/>\t\t\t\t\t\t\t\t\t\t\t\t\t\t\t<\/div>\n\t\t\t\t<\/div>\n\t\t\t\t\t<\/div>\n\t\t<\/div>\n\t\t\t\t\t<\/div>\n\t\t<\/section>\n\t\t\t\t<section class=\"elementor-section elementor-inner-section elementor-element elementor-element-125bc96 elementor-section-boxed elementor-section-height-default elementor-section-height-default\" data-id=\"125bc96\" data-element_type=\"section\" data-e-type=\"section\">\n\t\t\t\t\t\t<div class=\"elementor-container elementor-column-gap-default\">\n\t\t\t\t\t<div class=\"elementor-column elementor-col-33 elementor-inner-column elementor-element elementor-element-998dbe7\" data-id=\"998dbe7\" data-element_type=\"column\" data-e-type=\"column\">\n\t\t\t<div class=\"elementor-widget-wrap\">\n\t\t\t\t\t\t\t<\/div>\n\t\t<\/div>\n\t\t\t\t<div class=\"elementor-column elementor-col-33 elementor-inner-column elementor-element elementor-element-a462ce5\" data-id=\"a462ce5\" data-element_type=\"column\" data-e-type=\"column\">\n\t\t\t<div class=\"elementor-widget-wrap elementor-element-populated\">\n\t\t\t\t\t\t<div class=\"elementor-element elementor-element-e6c6fba elementor-widget elementor-widget-video\" data-id=\"e6c6fba\" data-element_type=\"widget\" data-e-type=\"widget\" data-settings=\"{&quot;youtube_url&quot;:&quot;https:\\\/\\\/youtu.be\\\/4lrS6ZbJTFE&quot;,&quot;video_type&quot;:&quot;youtube&quot;,&quot;controls&quot;:&quot;yes&quot;}\" data-widget_type=\"video.default\">\n\t\t\t\t<div class=\"elementor-widget-container\">\n\t\t\t\t\t\t\t<div class=\"elementor-wrapper elementor-open-inline\">\n\t\t\t<div class=\"elementor-video\"><\/div>\t\t<\/div>\n\t\t\t\t\t\t<\/div>\n\t\t\t\t<\/div>\n\t\t\t\t\t<\/div>\n\t\t<\/div>\n\t\t\t\t<div class=\"elementor-column elementor-col-33 elementor-inner-column elementor-element elementor-element-1729581\" data-id=\"1729581\" data-element_type=\"column\" data-e-type=\"column\">\n\t\t\t<div class=\"elementor-widget-wrap\">\n\t\t\t\t\t\t\t<\/div>\n\t\t<\/div>\n\t\t\t\t\t<\/div>\n\t\t<\/section>\n\t\t\t\t\t<\/div>\n\t\t<\/div>\n\t\t\t\t\t<\/div>\n\t\t<\/section>\n\t\t\t\t<section class=\"elementor-section elementor-top-section elementor-element elementor-element-d731080 elementor-section-boxed elementor-section-height-default elementor-section-height-default\" data-id=\"d731080\" data-element_type=\"section\" data-e-type=\"section\" data-settings=\"{&quot;background_background&quot;:&quot;classic&quot;}\">\n\t\t\t\t\t\t<div class=\"elementor-container elementor-column-gap-no\">\n\t\t\t\t\t<div class=\"elementor-column elementor-col-100 elementor-top-column elementor-element elementor-element-b4717b7\" data-id=\"b4717b7\" data-element_type=\"column\" data-e-type=\"column\">\n\t\t\t<div class=\"elementor-widget-wrap elementor-element-populated\">\n\t\t\t\t\t\t<section class=\"elementor-section elementor-inner-section elementor-element elementor-element-8d2ecdd elementor-section-boxed elementor-section-height-default elementor-section-height-default\" data-id=\"8d2ecdd\" data-element_type=\"section\" data-e-type=\"section\">\n\t\t\t\t\t\t<div class=\"elementor-container elementor-column-gap-default\">\n\t\t\t\t\t<div class=\"elementor-column elementor-col-100 elementor-inner-column elementor-element elementor-element-80f1b37\" data-id=\"80f1b37\" data-element_type=\"column\" data-e-type=\"column\">\n\t\t\t<div class=\"elementor-widget-wrap elementor-element-populated\">\n\t\t\t\t\t\t<div class=\"elementor-element elementor-element-37d0807 elementor-widget-divider--view-line_text elementor-widget-divider--element-align-center elementor-widget elementor-widget-divider\" data-id=\"37d0807\" data-element_type=\"widget\" data-e-type=\"widget\" data-widget_type=\"divider.default\">\n\t\t\t\t<div class=\"elementor-widget-container\">\n\t\t\t\t\t\t\t<div class=\"elementor-divider\">\n\t\t\t<span class=\"elementor-divider-separator\">\n\t\t\t\t\t\t\t<h2 class=\"elementor-divider__text elementor-divider__element\">\n\t\t\t\tIn Kooperation mit\t\t\t\t<\/h2>\n\t\t\t\t\t\t<\/span>\n\t\t<\/div>\n\t\t\t\t\t\t<\/div>\n\t\t\t\t<\/div>\n\t\t\t\t\t<\/div>\n\t\t<\/div>\n\t\t\t\t\t<\/div>\n\t\t<\/section>\n\t\t\t\t<section class=\"elementor-section elementor-inner-section elementor-element elementor-element-1faaff5 elementor-section-boxed elementor-section-height-default elementor-section-height-default\" data-id=\"1faaff5\" data-element_type=\"section\" data-e-type=\"section\">\n\t\t\t\t\t\t<div class=\"elementor-container elementor-column-gap-default\">\n\t\t\t\t\t<div class=\"elementor-column elementor-col-25 elementor-inner-column elementor-element elementor-element-47f81cd\" data-id=\"47f81cd\" data-element_type=\"column\" data-e-type=\"column\">\n\t\t\t<div class=\"elementor-widget-wrap elementor-element-populated\">\n\t\t\t\t\t\t<div class=\"elementor-element elementor-element-9a47c18 elementor-widget elementor-widget-image\" data-id=\"9a47c18\" data-element_type=\"widget\" data-e-type=\"widget\" data-widget_type=\"image.default\">\n\t\t\t\t<div class=\"elementor-widget-container\">\n\t\t\t\t\t\t\t\t\t\t\t\t\t\t\t<img decoding=\"async\" width=\"300\" height=\"200\" src=\"https:\/\/centrumjudaicum.de\/wp-content\/uploads\/2023\/08\/CJ-2-2.jpg\" class=\"attachment-full size-full wp-image-17751\" alt=\"Logo der Stiftung Neue Synagoge - Centrum Judaicum: Rechteckige Grafik mit dem Titel links in roter Schrift, hebr\u00e4isch (oben) und deutsch (darunter). Rechts ist eine rote Grafik der drei Kuppeln der Synagoge.\" \/>\t\t\t\t\t\t\t\t\t\t\t\t\t\t\t<\/div>\n\t\t\t\t<\/div>\n\t\t\t\t\t<\/div>\n\t\t<\/div>\n\t\t\t\t<div class=\"elementor-column elementor-col-25 elementor-inner-column elementor-element elementor-element-a12d9af\" data-id=\"a12d9af\" data-element_type=\"column\" data-e-type=\"column\">\n\t\t\t<div class=\"elementor-widget-wrap elementor-element-populated\">\n\t\t\t\t\t\t<div class=\"elementor-element elementor-element-5cf16ac elementor-widget elementor-widget-image\" data-id=\"5cf16ac\" data-element_type=\"widget\" data-e-type=\"widget\" data-widget_type=\"image.default\">\n\t\t\t\t<div class=\"elementor-widget-container\">\n\t\t\t\t\t\t\t\t\t\t\t\t\t\t\t<img loading=\"lazy\" decoding=\"async\" width=\"300\" height=\"200\" src=\"https:\/\/centrumjudaicum.de\/wp-content\/uploads\/2023\/08\/Open-Museum-Tefen.jpg\" class=\"attachment-full size-full wp-image-18476\" alt=\"Kreisrundes Logo des Open Museum Tefen: Wei\u00dfes k\u00fcnstlerisch geschwungenes O und m, \u00fcbereinander platziert, vor schwarzem Hintergrund.\" \/>\t\t\t\t\t\t\t\t\t\t\t\t\t\t\t<\/div>\n\t\t\t\t<\/div>\n\t\t\t\t\t<\/div>\n\t\t<\/div>\n\t\t\t\t<div class=\"elementor-column elementor-col-25 elementor-inner-column elementor-element elementor-element-61b4d53\" data-id=\"61b4d53\" data-element_type=\"column\" data-e-type=\"column\">\n\t\t\t<div class=\"elementor-widget-wrap elementor-element-populated\">\n\t\t\t\t\t\t<div class=\"elementor-element elementor-element-bd00153 elementor-widget elementor-widget-image\" data-id=\"bd00153\" data-element_type=\"widget\" data-e-type=\"widget\" data-widget_type=\"image.default\">\n\t\t\t\t<div class=\"elementor-widget-container\">\n\t\t\t\t\t\t\t\t\t\t\t\t\t\t\t<img loading=\"lazy\" decoding=\"async\" width=\"300\" height=\"200\" src=\"https:\/\/centrumjudaicum.de\/wp-content\/uploads\/2023\/08\/kulturprojekte-Berlin-Logo-1-1.jpg\" class=\"attachment-full size-full wp-image-18475\" alt=\"Rechteckiges Logo von Kultruprojekte Berlin auf wei\u00dfem Hintergrund. Rechts steht der Name in schwarzen Gro\u00dfbuchstaben, linksb\u00fcndig und auf drei Zeilen verteilt. Links ist ein schwarzes Quadrat mit einer kleinen quadratischen Ausspahrung in der Mitte.\" \/>\t\t\t\t\t\t\t\t\t\t\t\t\t\t\t<\/div>\n\t\t\t\t<\/div>\n\t\t\t\t\t<\/div>\n\t\t<\/div>\n\t\t\t\t<div class=\"elementor-column elementor-col-25 elementor-inner-column elementor-element elementor-element-8f7e5f6\" data-id=\"8f7e5f6\" data-element_type=\"column\" data-e-type=\"column\">\n\t\t\t<div class=\"elementor-widget-wrap\">\n\t\t\t\t\t\t\t<\/div>\n\t\t<\/div>\n\t\t\t\t\t<\/div>\n\t\t<\/section>\n\t\t\t\t<section class=\"elementor-section elementor-inner-section elementor-element elementor-element-00f1076 elementor-section-boxed elementor-section-height-default elementor-section-height-default\" data-id=\"00f1076\" data-element_type=\"section\" data-e-type=\"section\">\n\t\t\t\t\t\t<div class=\"elementor-container elementor-column-gap-default\">\n\t\t\t\t\t<div class=\"elementor-column elementor-col-100 elementor-inner-column elementor-element elementor-element-c49f900\" data-id=\"c49f900\" data-element_type=\"column\" data-e-type=\"column\">\n\t\t\t<div class=\"elementor-widget-wrap elementor-element-populated\">\n\t\t\t\t\t\t<div class=\"elementor-element elementor-element-46d8890 elementor-widget-divider--view-line_text elementor-widget-divider--element-align-center elementor-widget elementor-widget-divider\" data-id=\"46d8890\" data-element_type=\"widget\" data-e-type=\"widget\" data-widget_type=\"divider.default\">\n\t\t\t\t<div class=\"elementor-widget-container\">\n\t\t\t\t\t\t\t<div class=\"elementor-divider\">\n\t\t\t<span class=\"elementor-divider-separator\">\n\t\t\t\t\t\t<\/span>\n\t\t<\/div>\n\t\t\t\t\t\t<\/div>\n\t\t\t\t<\/div>\n\t\t\t\t\t<\/div>\n\t\t<\/div>\n\t\t\t\t\t<\/div>\n\t\t<\/section>\n\t\t\t\t<section class=\"elementor-section elementor-inner-section elementor-element elementor-element-3a0e15a elementor-section-boxed elementor-section-height-default elementor-section-height-default\" data-id=\"3a0e15a\" data-element_type=\"section\" data-e-type=\"section\">\n\t\t\t\t\t\t<div class=\"elementor-container elementor-column-gap-default\">\n\t\t\t\t\t<div class=\"elementor-column elementor-col-50 elementor-inner-column elementor-element elementor-element-f1b15a8\" data-id=\"f1b15a8\" data-element_type=\"column\" data-e-type=\"column\">\n\t\t\t<div class=\"elementor-widget-wrap\">\n\t\t\t\t\t\t\t<\/div>\n\t\t<\/div>\n\t\t\t\t<div class=\"elementor-column elementor-col-50 elementor-inner-column elementor-element elementor-element-5c2c132\" data-id=\"5c2c132\" data-element_type=\"column\" data-e-type=\"column\">\n\t\t\t<div class=\"elementor-widget-wrap elementor-element-populated\">\n\t\t\t\t\t\t<div class=\"elementor-element elementor-element-4be571c elementor-tabs-view-horizontal elementor-widget elementor-widget-tabs\" data-id=\"4be571c\" data-element_type=\"widget\" data-e-type=\"widget\" data-widget_type=\"tabs.default\">\n\t\t\t\t<div class=\"elementor-widget-container\">\n\t\t\t\t\t\t\t<div class=\"elementor-tabs\">\n\t\t\t<div class=\"elementor-tabs-wrapper\" role=\"tablist\" >\n\t\t\t\t\t\t\t\t\t<div id=\"elementor-tab-title-7951\" class=\"elementor-tab-title elementor-tab-desktop-title\" aria-selected=\"true\" data-tab=\"1\" role=\"tab\" tabindex=\"0\" aria-controls=\"elementor-tab-content-7951\" aria-expanded=\"false\">I.<\/div>\n\t\t\t\t\t\t\t\t\t<div id=\"elementor-tab-title-7952\" class=\"elementor-tab-title elementor-tab-desktop-title\" aria-selected=\"false\" data-tab=\"2\" role=\"tab\" tabindex=\"-1\" aria-controls=\"elementor-tab-content-7952\" aria-expanded=\"false\">Copyright Bilder<\/div>\n\t\t\t\t\t\t\t\t\t<div id=\"elementor-tab-title-7953\" class=\"elementor-tab-title elementor-tab-desktop-title\" aria-selected=\"false\" data-tab=\"3\" role=\"tab\" tabindex=\"-1\" aria-controls=\"elementor-tab-content-7953\" aria-expanded=\"false\">Impressum<\/div>\n\t\t\t\t\t\t\t<\/div>\n\t\t\t<div class=\"elementor-tabs-content-wrapper\" role=\"tablist\" aria-orientation=\"vertical\">\n\t\t\t\t\t\t\t\t\t<div class=\"elementor-tab-title elementor-tab-mobile-title\" aria-selected=\"true\" data-tab=\"1\" role=\"tab\" tabindex=\"0\" aria-controls=\"elementor-tab-content-7951\" aria-expanded=\"false\">I.<\/div>\n\t\t\t\t\t<div id=\"elementor-tab-content-7951\" class=\"elementor-tab-content elementor-clearfix\" data-tab=\"1\" role=\"tabpanel\" aria-labelledby=\"elementor-tab-title-7951\" tabindex=\"0\" hidden=\"false\"><\/div>\n\t\t\t\t\t\t\t\t\t<div class=\"elementor-tab-title elementor-tab-mobile-title\" aria-selected=\"false\" data-tab=\"2\" role=\"tab\" tabindex=\"-1\" aria-controls=\"elementor-tab-content-7952\" aria-expanded=\"false\">Copyright Bilder<\/div>\n\t\t\t\t\t<div id=\"elementor-tab-content-7952\" class=\"elementor-tab-content elementor-clearfix\" data-tab=\"2\" role=\"tabpanel\" aria-labelledby=\"elementor-tab-title-7952\" tabindex=\"0\" hidden=\"hidden\"><p>Bild 1: Blick in die Ausstellung 1 (c) CJ_Magrit Billeb<br \/>Bild 2 \/4: Blick in die Ausstellung 2 (c) CJ_Magrit Billeb<br \/>Bild 3: Hermann Stuck (c) Centrum Judaicum<\/p><\/div>\n\t\t\t\t\t\t\t\t\t<div class=\"elementor-tab-title elementor-tab-mobile-title\" aria-selected=\"false\" data-tab=\"3\" role=\"tab\" tabindex=\"-1\" aria-controls=\"elementor-tab-content-7953\" aria-expanded=\"false\">Impressum<\/div>\n\t\t\t\t\t<div id=\"elementor-tab-content-7953\" class=\"elementor-tab-content elementor-clearfix\" data-tab=\"3\" role=\"tabpanel\" aria-labelledby=\"elementor-tab-title-7953\" tabindex=\"0\" hidden=\"hidden\"><p><strong>Ausstellungsimpressum \u201eHermann Struck\u201c<\/strong><\/p><p>Eine Ausstellung der Stiftung Neue Synagoge Berlin \u2013 Centrum Judaicum<br \/>und des Open Museum in Tefen\u00a0<\/p><p><strong>Projektleitung<\/strong><br \/>Chana Sch\u00fctz<\/p><p><strong>Kuratoren<\/strong><br \/>Ruthi Ofek, Open Museum Tefen<br \/>Chana Sch\u00fctz, Stiftung Neue Synagoge Berlin \u2013 Centrum Judaicum<\/p><p><strong>Gesamtkonzept und gestalterische Leitung<\/strong><br \/>Georg von Wilcken,<br \/>Kulturprojekte Berlin GmbH<\/p><p><strong>Grafik<\/strong><br \/>Tina Raccah<\/p><p><strong>Projektkoordination\/Ausstellungsb\u00fcro<br \/><\/strong>Anna Fischer<br \/>Sarah Fisher<br \/>Claudia Wahl<\/p><p><strong>Recherchen<br \/><\/strong>Sarah Fisher<br \/>Claudia Wahl<\/p><p><strong>Video<\/strong><br \/>Eduardo Raccah<\/p><p><strong>Technische Organisation<\/strong><br \/>Anna Fischer<br \/>Karl Vollprecht<\/p><p><strong>Reproduktionen\/ Scans<br \/><\/strong>Margit Billeb<\/p><p><strong>Restauratorische Betreuung<br \/><\/strong>Eva Fischer<\/p><p><strong>Ausstellungsbauten<\/strong><br \/>Werbeagentur formart, Berlin<\/p><p><strong>Beleuchtung<\/strong><br \/>Ronald Koltermann<br \/>Dieter Schultz<\/p><p>Leihgeber Wenn nicht anders angegeben stammen die Werke<br \/>aus dem Hermann Struck Archiv Michael Bernstein,<br \/>Tel Aviv oder dem Archiv des Centrum Judaicum.<\/p><\/div>\n\t\t\t\t\t\t\t<\/div>\n\t\t<\/div>\n\t\t\t\t\t\t<\/div>\n\t\t\t\t<\/div>\n\t\t\t\t\t<\/div>\n\t\t<\/div>\n\t\t\t\t\t<\/div>\n\t\t<\/section>\n\t\t\t\t\t<\/div>\n\t\t<\/div>\n\t\t\t\t\t<\/div>\n\t\t<\/section>\n\t\t\t\t<section class=\"elementor-section elementor-top-section elementor-element elementor-element-e5ad286 elementor-section-full_width elementor-section-height-default elementor-section-height-default\" data-id=\"e5ad286\" data-element_type=\"section\" data-e-type=\"section\">\n\t\t\t\t\t\t<div class=\"elementor-container elementor-column-gap-no\">\n\t\t\t\t\t<div class=\"elementor-column elementor-col-100 elementor-top-column elementor-element elementor-element-7081fc1\" data-id=\"7081fc1\" data-element_type=\"column\" data-e-type=\"column\">\n\t\t\t<div class=\"elementor-widget-wrap elementor-element-populated\">\n\t\t\t\t\t\t<div class=\"elementor-element elementor-element-cdc8c4b elementor-widget elementor-widget-template\" data-id=\"cdc8c4b\" data-element_type=\"widget\" data-e-type=\"widget\" data-widget_type=\"template.default\">\n\t\t\t\t<div class=\"elementor-widget-container\">\n\t\t\t\t\t\t\t<div class=\"elementor-template\">\n\t\t\t\t\t<div data-elementor-type=\"section\" data-elementor-id=\"17130\" class=\"elementor elementor-17130\" data-elementor-post-type=\"elementor_library\">\n\t\t\t\t\t<section class=\"elementor-section elementor-top-section elementor-element elementor-element-3498ebd6 elementor-section-boxed elementor-section-height-default elementor-section-height-default\" data-id=\"3498ebd6\" data-element_type=\"section\" data-e-type=\"section\" data-settings=\"{&quot;background_background&quot;:&quot;classic&quot;}\">\n\t\t\t\t\t\t<div class=\"elementor-container elementor-column-gap-default\">\n\t\t\t\t\t<div class=\"elementor-column elementor-col-100 elementor-top-column elementor-element elementor-element-16a58b2f\" data-id=\"16a58b2f\" data-element_type=\"column\" data-e-type=\"column\">\n\t\t\t<div class=\"elementor-widget-wrap elementor-element-populated\">\n\t\t\t\t\t\t<section class=\"elementor-section elementor-inner-section elementor-element elementor-element-1c14acc elementor-section-boxed elementor-section-height-default elementor-section-height-default\" data-id=\"1c14acc\" data-element_type=\"section\" data-e-type=\"section\">\n\t\t\t\t\t\t<div class=\"elementor-container elementor-column-gap-default\">\n\t\t\t\t\t<div class=\"elementor-column elementor-col-50 elementor-inner-column elementor-element elementor-element-5ead873\" data-id=\"5ead873\" data-element_type=\"column\" data-e-type=\"column\">\n\t\t\t<div class=\"elementor-widget-wrap elementor-element-populated\">\n\t\t\t\t\t\t<div class=\"elementor-element elementor-element-3d0bf96c elementor-widget elementor-widget-heading\" data-id=\"3d0bf96c\" data-element_type=\"widget\" data-e-type=\"widget\" data-widget_type=\"heading.default\">\n\t\t\t\t<div class=\"elementor-widget-container\">\n\t\t\t\t\t<h2 class=\"elementor-heading-title elementor-size-default\">J\u00fcdisch. Berlinerisch. Mittendrin.\nMuseum. Authentischer Ort. Alt-Neu.<\/h2>\t\t\t\t<\/div>\n\t\t\t\t<\/div>\n\t\t\t\t\t<\/div>\n\t\t<\/div>\n\t\t\t\t<div class=\"elementor-column elementor-col-50 elementor-inner-column elementor-element elementor-element-53f5ffec\" data-id=\"53f5ffec\" data-element_type=\"column\" data-e-type=\"column\">\n\t\t\t<div class=\"elementor-widget-wrap\">\n\t\t\t\t\t\t\t<\/div>\n\t\t<\/div>\n\t\t\t\t\t<\/div>\n\t\t<\/section>\n\t\t\t\t<section class=\"elementor-section elementor-inner-section elementor-element elementor-element-29cf44c9 elementor-section-boxed elementor-section-height-default elementor-section-height-default\" data-id=\"29cf44c9\" data-element_type=\"section\" data-e-type=\"section\">\n\t\t\t\t\t\t<div class=\"elementor-container elementor-column-gap-default\">\n\t\t\t\t\t<div class=\"elementor-column elementor-col-50 elementor-inner-column elementor-element elementor-element-6acc5f15\" data-id=\"6acc5f15\" data-element_type=\"column\" data-e-type=\"column\" data-settings=\"{&quot;background_background&quot;:&quot;classic&quot;}\">\n\t\t\t<div class=\"elementor-widget-wrap elementor-element-populated\">\n\t\t\t\t\t\t<div class=\"elementor-element elementor-element-4d3a820a elementor-widget elementor-widget-heading\" data-id=\"4d3a820a\" data-element_type=\"widget\" data-e-type=\"widget\" data-widget_type=\"heading.default\">\n\t\t\t\t<div class=\"elementor-widget-container\">\n\t\t\t\t\t<h4 class=\"elementor-heading-title elementor-size-default\">Museum \/ Dauerausstellung<\/h4>\t\t\t\t<\/div>\n\t\t\t\t<\/div>\n\t\t\t\t<div class=\"elementor-element elementor-element-1b398136 elementor-align-right elementor-widget elementor-widget-button\" data-id=\"1b398136\" data-element_type=\"widget\" data-e-type=\"widget\" data-widget_type=\"button.default\">\n\t\t\t\t<div class=\"elementor-widget-container\">\n\t\t\t\t\t\t\t\t\t<div class=\"elementor-button-wrapper\">\n\t\t\t\t\t<a class=\"elementor-button elementor-button-link elementor-size-sm\" href=\"https:\/\/centrumjudaicum.de\/en\/museum-dauerausstellung\/\">\n\t\t\t\t\t\t<span class=\"elementor-button-content-wrapper\">\n\t\t\t\t\t\t\t\t\t<span class=\"elementor-button-text\">weitere Informationen<\/span>\n\t\t\t\t\t<\/span>\n\t\t\t\t\t<\/a>\n\t\t\t\t<\/div>\n\t\t\t\t\t\t\t\t<\/div>\n\t\t\t\t<\/div>\n\t\t\t\t<div class=\"elementor-element elementor-element-623b7b09 elementor-widget__width-auto elementor-absolute elementor-view-default elementor-widget elementor-widget-icon\" data-id=\"623b7b09\" data-element_type=\"widget\" data-e-type=\"widget\" data-settings=\"{&quot;_position&quot;:&quot;absolute&quot;}\" data-widget_type=\"icon.default\">\n\t\t\t\t<div class=\"elementor-widget-container\">\n\t\t\t\t\t\t\t<div class=\"elementor-icon-wrapper\">\n\t\t\t<a class=\"elementor-icon\" href=\"https:\/\/centrumjudaicum.de\/en\/museum-dauerausstellung\/\">\n\t\t\t<i aria-hidden=\"true\" class=\"fas fa-synagogue\"><\/i>\t\t\t<\/a>\n\t\t<\/div>\n\t\t\t\t\t\t<\/div>\n\t\t\t\t<\/div>\n\t\t\t\t\t<\/div>\n\t\t<\/div>\n\t\t\t\t<div class=\"elementor-column elementor-col-50 elementor-inner-column elementor-element elementor-element-3de28705\" data-id=\"3de28705\" data-element_type=\"column\" data-e-type=\"column\" data-settings=\"{&quot;background_background&quot;:&quot;classic&quot;}\">\n\t\t\t<div class=\"elementor-widget-wrap elementor-element-populated\">\n\t\t\t\t\t\t<div class=\"elementor-element elementor-element-3c50a215 elementor-widget elementor-widget-heading\" data-id=\"3c50a215\" data-element_type=\"widget\" data-e-type=\"widget\" data-widget_type=\"heading.default\">\n\t\t\t\t<div class=\"elementor-widget-container\">\n\t\t\t\t\t<h4 class=\"elementor-heading-title elementor-size-default\">Besucherinformationen &amp; F\u00fchrungen<\/h4>\t\t\t\t<\/div>\n\t\t\t\t<\/div>\n\t\t\t\t<div class=\"elementor-element elementor-element-59dae54d elementor-align-right elementor-widget elementor-widget-button\" data-id=\"59dae54d\" data-element_type=\"widget\" data-e-type=\"widget\" data-widget_type=\"button.default\">\n\t\t\t\t<div class=\"elementor-widget-container\">\n\t\t\t\t\t\t\t\t\t<div class=\"elementor-button-wrapper\">\n\t\t\t\t\t<a class=\"elementor-button elementor-button-link elementor-size-sm\" href=\"https:\/\/centrumjudaicum.de\/en\/besucherinformationen\/\">\n\t\t\t\t\t\t<span class=\"elementor-button-content-wrapper\">\n\t\t\t\t\t\t\t\t\t<span class=\"elementor-button-text\">weitere Informationen<\/span>\n\t\t\t\t\t<\/span>\n\t\t\t\t\t<\/a>\n\t\t\t\t<\/div>\n\t\t\t\t\t\t\t\t<\/div>\n\t\t\t\t<\/div>\n\t\t\t\t<div class=\"elementor-element elementor-element-4c761db3 elementor-widget__width-auto elementor-absolute elementor-view-default elementor-widget elementor-widget-icon\" data-id=\"4c761db3\" data-element_type=\"widget\" data-e-type=\"widget\" data-settings=\"{&quot;_position&quot;:&quot;absolute&quot;}\" data-widget_type=\"icon.default\">\n\t\t\t\t<div class=\"elementor-widget-container\">\n\t\t\t\t\t\t\t<div class=\"elementor-icon-wrapper\">\n\t\t\t<a class=\"elementor-icon\" href=\"https:\/\/centrumjudaicum.de\/en\/besucherinformationen\/\">\n\t\t\t<i aria-hidden=\"true\" class=\"fas fa-person-booth\"><\/i>\t\t\t<\/a>\n\t\t<\/div>\n\t\t\t\t\t\t<\/div>\n\t\t\t\t<\/div>\n\t\t\t\t\t<\/div>\n\t\t<\/div>\n\t\t\t\t\t<\/div>\n\t\t<\/section>\n\t\t\t\t<section class=\"elementor-section elementor-inner-section elementor-element elementor-element-6b5e9bb9 elementor-section-boxed elementor-section-height-default elementor-section-height-default\" data-id=\"6b5e9bb9\" data-element_type=\"section\" data-e-type=\"section\">\n\t\t\t\t\t\t<div class=\"elementor-container elementor-column-gap-default\">\n\t\t\t\t\t<div class=\"elementor-column elementor-col-50 elementor-inner-column elementor-element elementor-element-545538ce\" data-id=\"545538ce\" data-element_type=\"column\" data-e-type=\"column\" data-settings=\"{&quot;background_background&quot;:&quot;classic&quot;}\">\n\t\t\t<div class=\"elementor-widget-wrap elementor-element-populated\">\n\t\t\t\t\t\t<div class=\"elementor-element elementor-element-476875ff elementor-widget elementor-widget-heading\" data-id=\"476875ff\" data-element_type=\"widget\" data-e-type=\"widget\" data-widget_type=\"heading.default\">\n\t\t\t\t<div class=\"elementor-widget-container\">\n\t\t\t\t\t<h4 class=\"elementor-heading-title elementor-size-default\">Historisches Archiv &amp; Bildarchiv<\/h4>\t\t\t\t<\/div>\n\t\t\t\t<\/div>\n\t\t\t\t<div class=\"elementor-element elementor-element-8cf2f62 elementor-align-right elementor-widget elementor-widget-button\" data-id=\"8cf2f62\" data-element_type=\"widget\" data-e-type=\"widget\" data-widget_type=\"button.default\">\n\t\t\t\t<div class=\"elementor-widget-container\">\n\t\t\t\t\t\t\t\t\t<div class=\"elementor-button-wrapper\">\n\t\t\t\t\t<a class=\"elementor-button elementor-button-link elementor-size-sm\" href=\"https:\/\/centrumjudaicum.de\/en\/archiv\/\">\n\t\t\t\t\t\t<span class=\"elementor-button-content-wrapper\">\n\t\t\t\t\t\t\t\t\t<span class=\"elementor-button-text\">weitere Informationen<\/span>\n\t\t\t\t\t<\/span>\n\t\t\t\t\t<\/a>\n\t\t\t\t<\/div>\n\t\t\t\t\t\t\t\t<\/div>\n\t\t\t\t<\/div>\n\t\t\t\t<div class=\"elementor-element elementor-element-161f3101 elementor-widget__width-auto elementor-absolute elementor-view-default elementor-widget elementor-widget-icon\" data-id=\"161f3101\" data-element_type=\"widget\" data-e-type=\"widget\" data-settings=\"{&quot;_position&quot;:&quot;absolute&quot;}\" data-widget_type=\"icon.default\">\n\t\t\t\t<div class=\"elementor-widget-container\">\n\t\t\t\t\t\t\t<div class=\"elementor-icon-wrapper\">\n\t\t\t<a class=\"elementor-icon\" href=\"https:\/\/centrumjudaicum.de\/en\/historisches-archiv-2\/\">\n\t\t\t<i aria-hidden=\"true\" class=\"fas fa-box-open\"><\/i>\t\t\t<\/a>\n\t\t<\/div>\n\t\t\t\t\t\t<\/div>\n\t\t\t\t<\/div>\n\t\t\t\t\t<\/div>\n\t\t<\/div>\n\t\t\t\t<div class=\"elementor-column elementor-col-50 elementor-inner-column elementor-element elementor-element-747eb474\" data-id=\"747eb474\" data-element_type=\"column\" data-e-type=\"column\" data-settings=\"{&quot;background_background&quot;:&quot;classic&quot;}\">\n\t\t\t<div class=\"elementor-widget-wrap elementor-element-populated\">\n\t\t\t\t\t\t<div class=\"elementor-element elementor-element-c3a471a elementor-widget elementor-widget-heading\" data-id=\"c3a471a\" data-element_type=\"widget\" data-e-type=\"widget\" data-widget_type=\"heading.default\">\n\t\t\t\t<div class=\"elementor-widget-container\">\n\t\t\t\t\t<h4 class=\"elementor-heading-title elementor-size-default\">Startseite &amp; Home<\/h4>\t\t\t\t<\/div>\n\t\t\t\t<\/div>\n\t\t\t\t<div class=\"elementor-element elementor-element-cfad48a elementor-align-right elementor-widget elementor-widget-button\" data-id=\"cfad48a\" data-element_type=\"widget\" data-e-type=\"widget\" data-widget_type=\"button.default\">\n\t\t\t\t<div class=\"elementor-widget-container\">\n\t\t\t\t\t\t\t\t\t<div class=\"elementor-button-wrapper\">\n\t\t\t\t\t<a class=\"elementor-button elementor-button-link elementor-size-sm\" href=\"https:\/\/centrumjudaicum.de\/en\/\">\n\t\t\t\t\t\t<span class=\"elementor-button-content-wrapper\">\n\t\t\t\t\t\t\t\t\t<span class=\"elementor-button-text\">weitere Informationen<\/span>\n\t\t\t\t\t<\/span>\n\t\t\t\t\t<\/a>\n\t\t\t\t<\/div>\n\t\t\t\t\t\t\t\t<\/div>\n\t\t\t\t<\/div>\n\t\t\t\t<div class=\"elementor-element elementor-element-e3758dc elementor-widget__width-auto elementor-absolute elementor-view-default elementor-widget elementor-widget-icon\" data-id=\"e3758dc\" data-element_type=\"widget\" data-e-type=\"widget\" data-settings=\"{&quot;_position&quot;:&quot;absolute&quot;}\" data-widget_type=\"icon.default\">\n\t\t\t\t<div class=\"elementor-widget-container\">\n\t\t\t\t\t\t\t<div class=\"elementor-icon-wrapper\">\n\t\t\t<a class=\"elementor-icon\" href=\"https:\/\/centrumjudaicum.de\/en\/museum-dauerausstellung\/\">\n\t\t\t<i aria-hidden=\"true\" class=\"fas fa-home\"><\/i>\t\t\t<\/a>\n\t\t<\/div>\n\t\t\t\t\t\t<\/div>\n\t\t\t\t<\/div>\n\t\t\t\t\t<\/div>\n\t\t<\/div>\n\t\t\t\t\t<\/div>\n\t\t<\/section>\n\t\t\t\t<section class=\"elementor-section elementor-inner-section elementor-element elementor-element-5c5a9b5d elementor-section-boxed elementor-section-height-default elementor-section-height-default\" data-id=\"5c5a9b5d\" data-element_type=\"section\" data-e-type=\"section\">\n\t\t\t\t\t\t<div class=\"elementor-container elementor-column-gap-default\">\n\t\t\t\t\t<div class=\"elementor-column elementor-col-50 elementor-inner-column elementor-element elementor-element-2c1e9f3a\" data-id=\"2c1e9f3a\" data-element_type=\"column\" data-e-type=\"column\" data-settings=\"{&quot;background_background&quot;:&quot;classic&quot;}\">\n\t\t\t<div class=\"elementor-widget-wrap elementor-element-populated\">\n\t\t\t\t\t\t<div class=\"elementor-element elementor-element-6657c9e4 elementor-widget elementor-widget-heading\" data-id=\"6657c9e4\" data-element_type=\"widget\" data-e-type=\"widget\" data-widget_type=\"heading.default\">\n\t\t\t\t<div class=\"elementor-widget-container\">\n\t\t\t\t\t<h4 class=\"elementor-heading-title elementor-size-default\">Veranstaltungen &amp; Events<\/h4>\t\t\t\t<\/div>\n\t\t\t\t<\/div>\n\t\t\t\t<div class=\"elementor-element elementor-element-35654ebd elementor-align-right elementor-widget elementor-widget-button\" data-id=\"35654ebd\" data-element_type=\"widget\" data-e-type=\"widget\" data-widget_type=\"button.default\">\n\t\t\t\t<div class=\"elementor-widget-container\">\n\t\t\t\t\t\t\t\t\t<div class=\"elementor-button-wrapper\">\n\t\t\t\t\t<a class=\"elementor-button elementor-button-link elementor-size-sm\" href=\"https:\/\/centrumjudaicum.de\/en\/veranstaltungenss\/\">\n\t\t\t\t\t\t<span class=\"elementor-button-content-wrapper\">\n\t\t\t\t\t\t\t\t\t<span class=\"elementor-button-text\">weitere Informationen<\/span>\n\t\t\t\t\t<\/span>\n\t\t\t\t\t<\/a>\n\t\t\t\t<\/div>\n\t\t\t\t\t\t\t\t<\/div>\n\t\t\t\t<\/div>\n\t\t\t\t<div class=\"elementor-element elementor-element-40e1ac59 elementor-widget__width-auto elementor-absolute elementor-view-default elementor-widget elementor-widget-icon\" data-id=\"40e1ac59\" data-element_type=\"widget\" data-e-type=\"widget\" data-settings=\"{&quot;_position&quot;:&quot;absolute&quot;}\" data-widget_type=\"icon.default\">\n\t\t\t\t<div class=\"elementor-widget-container\">\n\t\t\t\t\t\t\t<div class=\"elementor-icon-wrapper\">\n\t\t\t<a class=\"elementor-icon\" href=\"https:\/\/centrumjudaicum.de\/en\/veranstaltungens-uebersicht\/\">\n\t\t\t<i aria-hidden=\"true\" class=\"fas fa-calendar-alt\"><\/i>\t\t\t<\/a>\n\t\t<\/div>\n\t\t\t\t\t\t<\/div>\n\t\t\t\t<\/div>\n\t\t\t\t\t<\/div>\n\t\t<\/div>\n\t\t\t\t<div class=\"elementor-column elementor-col-50 elementor-inner-column elementor-element elementor-element-e80ac9d\" data-id=\"e80ac9d\" data-element_type=\"column\" data-e-type=\"column\" data-settings=\"{&quot;background_background&quot;:&quot;classic&quot;}\">\n\t\t\t<div class=\"elementor-widget-wrap\">\n\t\t\t\t\t\t\t<\/div>\n\t\t<\/div>\n\t\t\t\t\t<\/div>\n\t\t<\/section>\n\t\t\t\t\t<\/div>\n\t\t<\/div>\n\t\t\t\t\t<\/div>\n\t\t<\/section>\n\t\t\t\t<\/div>\n\t\t\t\t<\/div>\n\t\t\t\t\t\t<\/div>\n\t\t\t\t<\/div>\n\t\t\t\t\t<\/div>\n\t\t<\/div>\n\t\t\t\t\t<\/div>\n\t\t<\/section>\n\t\t\t\t<section class=\"elementor-section elementor-top-section elementor-element elementor-element-32792cf elementor-section-full_width elementor-section-height-default elementor-section-height-default\" data-id=\"32792cf\" data-element_type=\"section\" data-e-type=\"section\">\n\t\t\t\t\t\t<div class=\"elementor-container elementor-column-gap-no\">\n\t\t\t\t\t<div class=\"elementor-column elementor-col-100 elementor-top-column elementor-element elementor-element-a2c2322\" data-id=\"a2c2322\" data-element_type=\"column\" data-e-type=\"column\">\n\t\t\t<div class=\"elementor-widget-wrap elementor-element-populated\">\n\t\t\t\t\t\t<div class=\"elementor-element elementor-element-3319f34 elementor-widget elementor-widget-template\" data-id=\"3319f34\" data-element_type=\"widget\" data-e-type=\"widget\" data-widget_type=\"template.default\">\n\t\t\t\t<div class=\"elementor-widget-container\">\n\t\t\t\t\t\t\t<div class=\"elementor-template\">\n\t\t\t\t\t<div data-elementor-type=\"section\" data-elementor-id=\"17133\" class=\"elementor elementor-17133\" data-elementor-post-type=\"elementor_library\">\n\t\t\t\t\t<section class=\"elementor-section elementor-top-section elementor-element elementor-element-473bffa7 elementor-section-boxed elementor-section-height-default elementor-section-height-default\" data-id=\"473bffa7\" data-element_type=\"section\" data-e-type=\"section\">\n\t\t\t\t\t\t<div class=\"elementor-container elementor-column-gap-default\">\n\t\t\t\t\t<div class=\"elementor-column elementor-col-100 elementor-top-column elementor-element elementor-element-2f94c598\" data-id=\"2f94c598\" data-element_type=\"column\" data-e-type=\"column\">\n\t\t\t<div class=\"elementor-widget-wrap elementor-element-populated\">\n\t\t\t\t\t\t<div class=\"elementor-element elementor-element-5b61cb80 elementor-widget-divider--view-line_text elementor-widget-divider--element-align-center elementor-widget elementor-widget-divider\" data-id=\"5b61cb80\" data-element_type=\"widget\" data-e-type=\"widget\" data-widget_type=\"divider.default\">\n\t\t\t\t<div class=\"elementor-widget-container\">\n\t\t\t\t\t\t\t<div class=\"elementor-divider\">\n\t\t\t<span class=\"elementor-divider-separator\">\n\t\t\t\t\t\t\t<span class=\"elementor-divider__text elementor-divider__element\">\n\t\t\t\tWeitere Vergangene Ausstellungen\t\t\t\t<\/span>\n\t\t\t\t\t\t<\/span>\n\t\t<\/div>\n\t\t\t\t\t\t<\/div>\n\t\t\t\t<\/div>\n\t\t\t\t<div class=\"elementor-element elementor-element-3f7ba35 elementor-grid-4 elementor-grid-tablet-2 elementor-grid-mobile-1 elementor-posts--thumbnail-top elementor-widget elementor-widget-posts\" data-id=\"3f7ba35\" data-element_type=\"widget\" data-e-type=\"widget\" data-settings=\"{&quot;classic_columns&quot;:&quot;4&quot;,&quot;classic_row_gap&quot;:{&quot;unit&quot;:&quot;px&quot;,&quot;size&quot;:0,&quot;sizes&quot;:[]},&quot;classic_columns_tablet&quot;:&quot;2&quot;,&quot;classic_columns_mobile&quot;:&quot;1&quot;,&quot;classic_row_gap_tablet&quot;:{&quot;unit&quot;:&quot;px&quot;,&quot;size&quot;:&quot;&quot;,&quot;sizes&quot;:[]},&quot;classic_row_gap_mobile&quot;:{&quot;unit&quot;:&quot;px&quot;,&quot;size&quot;:&quot;&quot;,&quot;sizes&quot;:[]}}\" data-widget_type=\"posts.classic\">\n\t\t\t\t<div class=\"elementor-widget-container\">\n\t\t\t\t\t\t\t<div class=\"elementor-posts-container elementor-posts elementor-posts--skin-classic elementor-grid\" role=\"list\">\n\t\t\t\t<article class=\"elementor-post elementor-grid-item post-24283 portfolio type-portfolio status-publish has-post-thumbnail hentry portfolio-categories-aktuelle-ausstellungen\" role=\"listitem\">\n\t\t\t\t<a class=\"elementor-post__thumbnail__link\" href=\"https:\/\/centrumjudaicum.de\/en\/portfolio\/gefuehlsdinge\/\" tabindex=\"-1\" >\n\t\t\t<div class=\"elementor-post__thumbnail\"><img loading=\"lazy\" decoding=\"async\" width=\"768\" height=\"768\" src=\"https:\/\/centrumjudaicum.de\/wp-content\/uploads\/2025\/04\/Gefueldinge-NEU-202648-768x768.png\" class=\"attachment-medium_large size-medium_large wp-image-26693\" alt=\"\" srcset=\"https:\/\/centrumjudaicum.de\/wp-content\/uploads\/2025\/04\/Gefueldinge-NEU-202648-768x768.png 768w, https:\/\/centrumjudaicum.de\/wp-content\/uploads\/2025\/04\/Gefueldinge-NEU-202648-300x300.png 300w, https:\/\/centrumjudaicum.de\/wp-content\/uploads\/2025\/04\/Gefueldinge-NEU-202648-1024x1024.png 1024w, https:\/\/centrumjudaicum.de\/wp-content\/uploads\/2025\/04\/Gefueldinge-NEU-202648-150x150.png 150w, https:\/\/centrumjudaicum.de\/wp-content\/uploads\/2025\/04\/Gefueldinge-NEU-202648-1536x1536.png 1536w, https:\/\/centrumjudaicum.de\/wp-content\/uploads\/2025\/04\/Gefueldinge-NEU-202648-2048x2048.png 2048w, https:\/\/centrumjudaicum.de\/wp-content\/uploads\/2025\/04\/Gefueldinge-NEU-202648-12x12.png 12w\" sizes=\"(max-width: 768px) 100vw, 768px\" \/><\/div>\n\t\t<\/a>\n\t\t\t\t<div class=\"elementor-post__text\">\n\t\t\t\t<\/div>\n\t\t\t\t<\/article>\n\t\t\t\t<article class=\"elementor-post elementor-grid-item post-19469 portfolio type-portfolio status-publish has-post-thumbnail hentry portfolio-categories-aktuelle-ausstellungen\" role=\"listitem\">\n\t\t\t\t<a class=\"elementor-post__thumbnail__link\" href=\"https:\/\/centrumjudaicum.de\/en\/portfolio\/zeiten-des-umbruchs\/\" tabindex=\"-1\" >\n\t\t\t<div class=\"elementor-post__thumbnail\"><img loading=\"lazy\" decoding=\"async\" width=\"768\" height=\"768\" src=\"https:\/\/centrumjudaicum.de\/wp-content\/uploads\/2023\/09\/ZdU-1-768x768.jpg\" class=\"attachment-medium_large size-medium_large wp-image-19500\" alt=\"\" srcset=\"https:\/\/centrumjudaicum.de\/wp-content\/uploads\/2023\/09\/ZdU-1-768x768.jpg 768w, https:\/\/centrumjudaicum.de\/wp-content\/uploads\/2023\/09\/ZdU-1-300x300.jpg 300w, https:\/\/centrumjudaicum.de\/wp-content\/uploads\/2023\/09\/ZdU-1-1024x1024.jpg 1024w, https:\/\/centrumjudaicum.de\/wp-content\/uploads\/2023\/09\/ZdU-1-150x150.jpg 150w, https:\/\/centrumjudaicum.de\/wp-content\/uploads\/2023\/09\/ZdU-1-12x12.jpg 12w, https:\/\/centrumjudaicum.de\/wp-content\/uploads\/2023\/09\/ZdU-1.jpg 1080w\" sizes=\"(max-width: 768px) 100vw, 768px\" \/><\/div>\n\t\t<\/a>\n\t\t\t\t<div class=\"elementor-post__text\">\n\t\t\t\t<\/div>\n\t\t\t\t<\/article>\n\t\t\t\t<article class=\"elementor-post elementor-grid-item post-18825 portfolio type-portfolio status-publish has-post-thumbnail hentry portfolio-categories-begleitband\" role=\"listitem\">\n\t\t\t\t<a class=\"elementor-post__thumbnail__link\" href=\"https:\/\/centrumjudaicum.de\/en\/portfolio\/geraubt-und-genutzt-buecher-von-verfolgten-und-ermordeten-juden-in-berliner-bibliotheken\/\" tabindex=\"-1\" >\n\t\t\t<div class=\"elementor-post__thumbnail\"><img loading=\"lazy\" decoding=\"async\" width=\"250\" height=\"300\" src=\"https:\/\/centrumjudaicum.de\/wp-content\/uploads\/2023\/08\/Cover-Geraubt-und-Genutzt.jpg\" class=\"attachment-medium_large size-medium_large wp-image-17703\" alt=\"\" \/><\/div>\n\t\t<\/a>\n\t\t\t\t<div class=\"elementor-post__text\">\n\t\t\t\t<\/div>\n\t\t\t\t<\/article>\n\t\t\t\t<article class=\"elementor-post elementor-grid-item post-18820 portfolio type-portfolio status-publish hentry portfolio-categories-ausstellungseroeffnungen\" role=\"listitem\">\n\t\t\t\t<div class=\"elementor-post__text\">\n\t\t\t\t<\/div>\n\t\t\t\t<\/article>\n\t\t\t\t<\/div>\n\t\t\n\t\t\t\t\t\t<\/div>\n\t\t\t\t<\/div>\n\t\t\t\t\t<\/div>\n\t\t<\/div>\n\t\t\t\t\t<\/div>\n\t\t<\/section>\n\t\t\t\t<\/div>\n\t\t\t\t<\/div>\n\t\t\t\t\t\t<\/div>\n\t\t\t\t<\/div>\n\t\t\t\t\t<\/div>\n\t\t<\/div>\n\t\t\t\t\t<\/div>\n\t\t<\/section>\n\t\t\t\t<section class=\"elementor-section elementor-top-section elementor-element elementor-element-e6c42ed elementor-section-full_width elementor-section-height-default elementor-section-height-default\" data-id=\"e6c42ed\" data-element_type=\"section\" data-e-type=\"section\">\n\t\t\t\t\t\t<div class=\"elementor-container elementor-column-gap-no\">\n\t\t\t\t\t<div class=\"elementor-column elementor-col-100 elementor-top-column elementor-element elementor-element-2793676\" data-id=\"2793676\" data-element_type=\"column\" data-e-type=\"column\">\n\t\t\t<div class=\"elementor-widget-wrap elementor-element-populated\">\n\t\t\t\t\t\t<div class=\"elementor-element elementor-element-49966bd elementor-widget elementor-widget-template\" data-id=\"49966bd\" data-element_type=\"widget\" data-e-type=\"widget\" data-widget_type=\"template.default\">\n\t\t\t\t<div class=\"elementor-widget-container\">\n\t\t\t\t\t\t\t<div class=\"elementor-template\">\n\t\t\t\t\t<div data-elementor-type=\"section\" data-elementor-id=\"17136\" class=\"elementor elementor-17136\" data-elementor-post-type=\"elementor_library\">\n\t\t\t\t\t<section class=\"elementor-section elementor-top-section elementor-element elementor-element-6a6dc3d2 elementor-section-content-middle elementor-section-boxed elementor-section-height-default elementor-section-height-default\" data-id=\"6a6dc3d2\" data-element_type=\"section\" data-e-type=\"section\">\n\t\t\t\t\t\t<div class=\"elementor-container elementor-column-gap-default\">\n\t\t\t\t\t<div class=\"elementor-column elementor-col-50 elementor-top-column elementor-element elementor-element-6d766151\" data-id=\"6d766151\" data-element_type=\"column\" data-e-type=\"column\">\n\t\t\t<div class=\"elementor-widget-wrap elementor-element-populated\">\n\t\t\t\t\t\t<div class=\"elementor-element elementor-element-4ecae4f8 elementor-widget elementor-widget-heading\" data-id=\"4ecae4f8\" data-element_type=\"widget\" data-e-type=\"widget\" data-widget_type=\"heading.default\">\n\t\t\t\t<div class=\"elementor-widget-container\">\n\t\t\t\t\t<h2 class=\"elementor-heading-title elementor-size-default\">Empfehlen Sie uns!\t\n<\/h2>\t\t\t\t<\/div>\n\t\t\t\t<\/div>\n\t\t\t\t\t<\/div>\n\t\t<\/div>\n\t\t\t\t<div class=\"elementor-column elementor-col-50 elementor-top-column elementor-element elementor-element-1dc9a11c\" data-id=\"1dc9a11c\" data-element_type=\"column\" data-e-type=\"column\">\n\t\t\t<div class=\"elementor-widget-wrap elementor-element-populated\">\n\t\t\t\t\t\t<div class=\"elementor-element elementor-element-b0f05e7 elementor-share-buttons--view-icon elementor-share-buttons--skin-flat elementor-share-buttons--color-custom elementor-share-buttons--shape-square elementor-grid-0 elementor-widget elementor-widget-share-buttons\" data-id=\"b0f05e7\" data-element_type=\"widget\" data-e-type=\"widget\" data-widget_type=\"share-buttons.default\">\n\t\t\t\t<div class=\"elementor-widget-container\">\n\t\t\t\t\t\t\t<div class=\"elementor-grid\" role=\"list\">\n\t\t\t\t\t\t\t\t<div class=\"elementor-grid-item\" role=\"listitem\">\n\t\t\t\t\t\t<div class=\"elementor-share-btn elementor-share-btn_facebook\" role=\"button\" tabindex=\"0\" aria-label=\"Teilen auf facebook\">\n\t\t\t\t\t\t\t\t\t\t\t\t\t\t\t<span class=\"elementor-share-btn__icon\">\n\t\t\t\t\t\t\t\t<i class=\"fab fa-facebook\" aria-hidden=\"true\"><\/i>\t\t\t\t\t\t\t<\/span>\n\t\t\t\t\t\t\t\t\t\t\t\t\t\t\t\t\t\t\t\t<\/div>\n\t\t\t\t\t<\/div>\n\t\t\t\t\t\t\t\t\t<div class=\"elementor-grid-item\" role=\"listitem\">\n\t\t\t\t\t\t<div class=\"elementor-share-btn elementor-share-btn_twitter\" role=\"button\" tabindex=\"0\" aria-label=\"Teilen auf twitter\">\n\t\t\t\t\t\t\t\t\t\t\t\t\t\t\t<span class=\"elementor-share-btn__icon\">\n\t\t\t\t\t\t\t\t<i class=\"fab fa-twitter\" aria-hidden=\"true\"><\/i>\t\t\t\t\t\t\t<\/span>\n\t\t\t\t\t\t\t\t\t\t\t\t\t\t\t\t\t\t\t\t<\/div>\n\t\t\t\t\t<\/div>\n\t\t\t\t\t\t\t\t\t<div class=\"elementor-grid-item\" role=\"listitem\">\n\t\t\t\t\t\t<div class=\"elementor-share-btn elementor-share-btn_linkedin\" role=\"button\" tabindex=\"0\" aria-label=\"Teilen auf linkedin\">\n\t\t\t\t\t\t\t\t\t\t\t\t\t\t\t<span class=\"elementor-share-btn__icon\">\n\t\t\t\t\t\t\t\t<i class=\"fab fa-linkedin\" aria-hidden=\"true\"><\/i>\t\t\t\t\t\t\t<\/span>\n\t\t\t\t\t\t\t\t\t\t\t\t\t\t\t\t\t\t\t\t<\/div>\n\t\t\t\t\t<\/div>\n\t\t\t\t\t\t\t\t\t<div class=\"elementor-grid-item\" role=\"listitem\">\n\t\t\t\t\t\t<div class=\"elementor-share-btn elementor-share-btn_reddit\" role=\"button\" tabindex=\"0\" aria-label=\"Teilen auf reddit\">\n\t\t\t\t\t\t\t\t\t\t\t\t\t\t\t<span class=\"elementor-share-btn__icon\">\n\t\t\t\t\t\t\t\t<i class=\"fab fa-reddit\" aria-hidden=\"true\"><\/i>\t\t\t\t\t\t\t<\/span>\n\t\t\t\t\t\t\t\t\t\t\t\t\t\t\t\t\t\t\t\t<\/div>\n\t\t\t\t\t<\/div>\n\t\t\t\t\t\t\t\t\t<div class=\"elementor-grid-item\" role=\"listitem\">\n\t\t\t\t\t\t<div class=\"elementor-share-btn elementor-share-btn_whatsapp\" role=\"button\" tabindex=\"0\" aria-label=\"Teilen auf whatsapp\">\n\t\t\t\t\t\t\t\t\t\t\t\t\t\t\t<span class=\"elementor-share-btn__icon\">\n\t\t\t\t\t\t\t\t<i class=\"fab fa-whatsapp\" aria-hidden=\"true\"><\/i>\t\t\t\t\t\t\t<\/span>\n\t\t\t\t\t\t\t\t\t\t\t\t\t\t\t\t\t\t\t\t<\/div>\n\t\t\t\t\t<\/div>\n\t\t\t\t\t\t\t\t\t<div class=\"elementor-grid-item\" role=\"listitem\">\n\t\t\t\t\t\t<div class=\"elementor-share-btn elementor-share-btn_pinterest\" role=\"button\" tabindex=\"0\" aria-label=\"Teilen auf pinterest\">\n\t\t\t\t\t\t\t\t\t\t\t\t\t\t\t<span class=\"elementor-share-btn__icon\">\n\t\t\t\t\t\t\t\t<i class=\"fab fa-pinterest\" aria-hidden=\"true\"><\/i>\t\t\t\t\t\t\t<\/span>\n\t\t\t\t\t\t\t\t\t\t\t\t\t\t\t\t\t\t\t\t<\/div>\n\t\t\t\t\t<\/div>\n\t\t\t\t\t\t\t\t\t<div class=\"elementor-grid-item\" role=\"listitem\">\n\t\t\t\t\t\t<div class=\"elementor-share-btn elementor-share-btn_vk\" role=\"button\" tabindex=\"0\" aria-label=\"Teilen auf vk\">\n\t\t\t\t\t\t\t\t\t\t\t\t\t\t\t<span class=\"elementor-share-btn__icon\">\n\t\t\t\t\t\t\t\t<i class=\"fab fa-vk\" aria-hidden=\"true\"><\/i>\t\t\t\t\t\t\t<\/span>\n\t\t\t\t\t\t\t\t\t\t\t\t\t\t\t\t\t\t\t\t<\/div>\n\t\t\t\t\t<\/div>\n\t\t\t\t\t\t\t\t\t<div class=\"elementor-grid-item\" role=\"listitem\">\n\t\t\t\t\t\t<div class=\"elementor-share-btn elementor-share-btn_email\" role=\"button\" tabindex=\"0\" aria-label=\"Teilen auf email\">\n\t\t\t\t\t\t\t\t\t\t\t\t\t\t\t<span class=\"elementor-share-btn__icon\">\n\t\t\t\t\t\t\t\t<i class=\"fas fa-envelope\" aria-hidden=\"true\"><\/i>\t\t\t\t\t\t\t<\/span>\n\t\t\t\t\t\t\t\t\t\t\t\t\t\t\t\t\t\t\t\t<\/div>\n\t\t\t\t\t<\/div>\n\t\t\t\t\t\t<\/div>\n\t\t\t\t\t\t<\/div>\n\t\t\t\t<\/div>\n\t\t\t\t\t<\/div>\n\t\t<\/div>\n\t\t\t\t\t<\/div>\n\t\t<\/section>\n\t\t\t\t<\/div>\n\t\t\t\t<\/div>\n\t\t\t\t\t\t<\/div>\n\t\t\t\t<\/div>\n\t\t\t\t\t<\/div>\n\t\t<\/div>\n\t\t\t\t\t<\/div>\n\t\t<\/section>\n\t\t\t\t<\/div>","protected":false},"excerpt":{"rendered":"<p>Hermann Struck. Berliner und fr\u00fcher Zionist 31.05.2007 \u2013 19.08.2007 kuratiert von Chana Sch\u00fctz und Ruthi Ofek Chana Sch\u00fctz Hermann Struck Der Berliner K\u00fcnstler Hermann Struck war eine einzigartige Figur \u2013<\/p>","protected":false},"featured_media":18463,"template":"","portfolio-categories":[62,61],"class_list":["post-18462","portfolio","type-portfolio","status-publish","has-post-thumbnail","hentry","portfolio-categories-centrum-judaicum","portfolio-categories-vergangene-ausstellungen"],"yoast_head":"<!-- This site is optimized with the Yoast SEO Premium plugin v26.1 (Yoast SEO v27.4) - https:\/\/yoast.com\/product\/yoast-seo-premium-wordpress\/ -->\n<title>Hermann Struck. Berliner K\u00fcnstler und fr\u00fcher Zionist - Centrum Judaicum<\/title>\n<meta name=\"robots\" content=\"index, follow, max-snippet:-1, max-image-preview:large, max-video-preview:-1\" \/>\n<link rel=\"canonical\" href=\"https:\/\/centrumjudaicum.de\/en\/portfolio\/hermann-struck-berliner-kuenstler-und-frueher-zionist\/\" \/>\n<meta property=\"og:locale\" content=\"en_US\" \/>\n<meta property=\"og:type\" content=\"article\" \/>\n<meta property=\"og:title\" content=\"Hermann Struck. Berliner K\u00fcnstler und fr\u00fcher Zionist\" \/>\n<meta property=\"og:description\" content=\"Hermann Struck. Berliner und fr\u00fcher Zionist 31.05.2007 \u2013 19.08.2007 kuratiert von Chana Sch\u00fctz und Ruthi Ofek Chana Sch\u00fctz Hermann Struck Der Berliner K\u00fcnstler Hermann Struck war eine einzigartige Figur \u2013\" \/>\n<meta property=\"og:url\" content=\"https:\/\/centrumjudaicum.de\/en\/portfolio\/hermann-struck-berliner-kuenstler-und-frueher-zionist\/\" \/>\n<meta property=\"og:site_name\" content=\"Centrum Judaicum\" \/>\n<meta property=\"article:modified_time\" content=\"2023-09-19T15:15:42+00:00\" \/>\n<meta property=\"og:image\" content=\"https:\/\/centrumjudaicum.de\/wp-content\/uploads\/2023\/08\/Hermann-Struck-1.jpg\" \/>\n\t<meta property=\"og:image:width\" content=\"500\" \/>\n\t<meta property=\"og:image:height\" content=\"300\" \/>\n\t<meta property=\"og:image:type\" content=\"image\/jpeg\" \/>\n<meta name=\"twitter:card\" content=\"summary_large_image\" \/>\n<meta name=\"twitter:label1\" content=\"Est. reading time\" \/>\n\t<meta name=\"twitter:data1\" content=\"9 minutes\" \/>\n<script type=\"application\/ld+json\" class=\"yoast-schema-graph\">{\"@context\":\"https:\\\/\\\/schema.org\",\"@graph\":[{\"@type\":\"WebPage\",\"@id\":\"https:\\\/\\\/centrumjudaicum.de\\\/portfolio\\\/hermann-struck-berliner-kuenstler-und-frueher-zionist\\\/\",\"url\":\"https:\\\/\\\/centrumjudaicum.de\\\/portfolio\\\/hermann-struck-berliner-kuenstler-und-frueher-zionist\\\/\",\"name\":\"Hermann Struck. Berliner K\u00fcnstler und fr\u00fcher Zionist - Centrum Judaicum\",\"isPartOf\":{\"@id\":\"https:\\\/\\\/centrumjudaicum.de\\\/#website\"},\"primaryImageOfPage\":{\"@id\":\"https:\\\/\\\/centrumjudaicum.de\\\/portfolio\\\/hermann-struck-berliner-kuenstler-und-frueher-zionist\\\/#primaryimage\"},\"image\":{\"@id\":\"https:\\\/\\\/centrumjudaicum.de\\\/portfolio\\\/hermann-struck-berliner-kuenstler-und-frueher-zionist\\\/#primaryimage\"},\"thumbnailUrl\":\"https:\\\/\\\/centrumjudaicum.de\\\/wp-content\\\/uploads\\\/2023\\\/08\\\/Hermann-Struck-1.jpg\",\"datePublished\":\"2007-05-30T05:45:00+00:00\",\"dateModified\":\"2023-09-19T15:15:42+00:00\",\"breadcrumb\":{\"@id\":\"https:\\\/\\\/centrumjudaicum.de\\\/portfolio\\\/hermann-struck-berliner-kuenstler-und-frueher-zionist\\\/#breadcrumb\"},\"inLanguage\":\"en-US\",\"potentialAction\":[{\"@type\":\"ReadAction\",\"target\":[\"https:\\\/\\\/centrumjudaicum.de\\\/portfolio\\\/hermann-struck-berliner-kuenstler-und-frueher-zionist\\\/\"]}]},{\"@type\":\"ImageObject\",\"inLanguage\":\"en-US\",\"@id\":\"https:\\\/\\\/centrumjudaicum.de\\\/portfolio\\\/hermann-struck-berliner-kuenstler-und-frueher-zionist\\\/#primaryimage\",\"url\":\"https:\\\/\\\/centrumjudaicum.de\\\/wp-content\\\/uploads\\\/2023\\\/08\\\/Hermann-Struck-1.jpg\",\"contentUrl\":\"https:\\\/\\\/centrumjudaicum.de\\\/wp-content\\\/uploads\\\/2023\\\/08\\\/Hermann-Struck-1.jpg\",\"width\":500,\"height\":300},{\"@type\":\"BreadcrumbList\",\"@id\":\"https:\\\/\\\/centrumjudaicum.de\\\/portfolio\\\/hermann-struck-berliner-kuenstler-und-frueher-zionist\\\/#breadcrumb\",\"itemListElement\":[{\"@type\":\"ListItem\",\"position\":1,\"name\":\"Home\",\"item\":\"https:\\\/\\\/centrumjudaicum.de\\\/\"},{\"@type\":\"ListItem\",\"position\":2,\"name\":\"Portfolio\",\"item\":\"https:\\\/\\\/centrumjudaicum.de\\\/portfolio\\\/\"},{\"@type\":\"ListItem\",\"position\":3,\"name\":\"Hermann Struck. Berliner K\u00fcnstler und fr\u00fcher Zionist\"}]},{\"@type\":\"WebSite\",\"@id\":\"https:\\\/\\\/centrumjudaicum.de\\\/#website\",\"url\":\"https:\\\/\\\/centrumjudaicum.de\\\/\",\"name\":\"Centrum Judaicum\",\"description\":\"\",\"publisher\":{\"@id\":\"https:\\\/\\\/centrumjudaicum.de\\\/#organization\"},\"potentialAction\":[{\"@type\":\"SearchAction\",\"target\":{\"@type\":\"EntryPoint\",\"urlTemplate\":\"https:\\\/\\\/centrumjudaicum.de\\\/?s={search_term_string}\"},\"query-input\":{\"@type\":\"PropertyValueSpecification\",\"valueRequired\":true,\"valueName\":\"search_term_string\"}}],\"inLanguage\":\"en-US\"},{\"@type\":\"Organization\",\"@id\":\"https:\\\/\\\/centrumjudaicum.de\\\/#organization\",\"name\":\"Centrum Judaicum\",\"url\":\"https:\\\/\\\/centrumjudaicum.de\\\/\",\"logo\":{\"@type\":\"ImageObject\",\"inLanguage\":\"en-US\",\"@id\":\"https:\\\/\\\/centrumjudaicum.de\\\/#\\\/schema\\\/logo\\\/image\\\/\",\"url\":\"https:\\\/\\\/centrumjudaicum.de\\\/wp-content\\\/uploads\\\/2022\\\/10\\\/Logo_Stiftung_Neue_Synagoge_Berlin_Gold_.png\",\"contentUrl\":\"https:\\\/\\\/centrumjudaicum.de\\\/wp-content\\\/uploads\\\/2022\\\/10\\\/Logo_Stiftung_Neue_Synagoge_Berlin_Gold_.png\",\"width\":1188,\"height\":409,\"caption\":\"Centrum Judaicum\"},\"image\":{\"@id\":\"https:\\\/\\\/centrumjudaicum.de\\\/#\\\/schema\\\/logo\\\/image\\\/\"}}]}<\/script>\n<!-- \/ Yoast SEO Premium plugin. -->","yoast_head_json":{"title":"Hermann Struck. Berliner K\u00fcnstler und fr\u00fcher Zionist - Centrum Judaicum","robots":{"index":"index","follow":"follow","max-snippet":"max-snippet:-1","max-image-preview":"max-image-preview:large","max-video-preview":"max-video-preview:-1"},"canonical":"https:\/\/centrumjudaicum.de\/en\/portfolio\/hermann-struck-berliner-kuenstler-und-frueher-zionist\/","og_locale":"en_US","og_type":"article","og_title":"Hermann Struck. Berliner K\u00fcnstler und fr\u00fcher Zionist","og_description":"Hermann Struck. Berliner und fr\u00fcher Zionist 31.05.2007 \u2013 19.08.2007 kuratiert von Chana Sch\u00fctz und Ruthi Ofek Chana Sch\u00fctz Hermann Struck Der Berliner K\u00fcnstler Hermann Struck war eine einzigartige Figur \u2013","og_url":"https:\/\/centrumjudaicum.de\/en\/portfolio\/hermann-struck-berliner-kuenstler-und-frueher-zionist\/","og_site_name":"Centrum Judaicum","article_modified_time":"2023-09-19T15:15:42+00:00","og_image":[{"width":500,"height":300,"url":"https:\/\/centrumjudaicum.de\/wp-content\/uploads\/2023\/08\/Hermann-Struck-1.jpg","type":"image\/jpeg"}],"twitter_card":"summary_large_image","twitter_misc":{"Est. reading time":"9 minutes"},"schema":{"@context":"https:\/\/schema.org","@graph":[{"@type":"WebPage","@id":"https:\/\/centrumjudaicum.de\/portfolio\/hermann-struck-berliner-kuenstler-und-frueher-zionist\/","url":"https:\/\/centrumjudaicum.de\/portfolio\/hermann-struck-berliner-kuenstler-und-frueher-zionist\/","name":"Hermann Struck. Berliner K\u00fcnstler und fr\u00fcher Zionist - Centrum Judaicum","isPartOf":{"@id":"https:\/\/centrumjudaicum.de\/#website"},"primaryImageOfPage":{"@id":"https:\/\/centrumjudaicum.de\/portfolio\/hermann-struck-berliner-kuenstler-und-frueher-zionist\/#primaryimage"},"image":{"@id":"https:\/\/centrumjudaicum.de\/portfolio\/hermann-struck-berliner-kuenstler-und-frueher-zionist\/#primaryimage"},"thumbnailUrl":"https:\/\/centrumjudaicum.de\/wp-content\/uploads\/2023\/08\/Hermann-Struck-1.jpg","datePublished":"2007-05-30T05:45:00+00:00","dateModified":"2023-09-19T15:15:42+00:00","breadcrumb":{"@id":"https:\/\/centrumjudaicum.de\/portfolio\/hermann-struck-berliner-kuenstler-und-frueher-zionist\/#breadcrumb"},"inLanguage":"en-US","potentialAction":[{"@type":"ReadAction","target":["https:\/\/centrumjudaicum.de\/portfolio\/hermann-struck-berliner-kuenstler-und-frueher-zionist\/"]}]},{"@type":"ImageObject","inLanguage":"en-US","@id":"https:\/\/centrumjudaicum.de\/portfolio\/hermann-struck-berliner-kuenstler-und-frueher-zionist\/#primaryimage","url":"https:\/\/centrumjudaicum.de\/wp-content\/uploads\/2023\/08\/Hermann-Struck-1.jpg","contentUrl":"https:\/\/centrumjudaicum.de\/wp-content\/uploads\/2023\/08\/Hermann-Struck-1.jpg","width":500,"height":300},{"@type":"BreadcrumbList","@id":"https:\/\/centrumjudaicum.de\/portfolio\/hermann-struck-berliner-kuenstler-und-frueher-zionist\/#breadcrumb","itemListElement":[{"@type":"ListItem","position":1,"name":"Home","item":"https:\/\/centrumjudaicum.de\/"},{"@type":"ListItem","position":2,"name":"Portfolio","item":"https:\/\/centrumjudaicum.de\/portfolio\/"},{"@type":"ListItem","position":3,"name":"Hermann Struck. Berliner K\u00fcnstler und fr\u00fcher Zionist"}]},{"@type":"WebSite","@id":"https:\/\/centrumjudaicum.de\/#website","url":"https:\/\/centrumjudaicum.de\/","name":"Centrum Judaicum","description":"","publisher":{"@id":"https:\/\/centrumjudaicum.de\/#organization"},"potentialAction":[{"@type":"SearchAction","target":{"@type":"EntryPoint","urlTemplate":"https:\/\/centrumjudaicum.de\/?s={search_term_string}"},"query-input":{"@type":"PropertyValueSpecification","valueRequired":true,"valueName":"search_term_string"}}],"inLanguage":"en-US"},{"@type":"Organization","@id":"https:\/\/centrumjudaicum.de\/#organization","name":"Centrum Judaicum","url":"https:\/\/centrumjudaicum.de\/","logo":{"@type":"ImageObject","inLanguage":"en-US","@id":"https:\/\/centrumjudaicum.de\/#\/schema\/logo\/image\/","url":"https:\/\/centrumjudaicum.de\/wp-content\/uploads\/2022\/10\/Logo_Stiftung_Neue_Synagoge_Berlin_Gold_.png","contentUrl":"https:\/\/centrumjudaicum.de\/wp-content\/uploads\/2022\/10\/Logo_Stiftung_Neue_Synagoge_Berlin_Gold_.png","width":1188,"height":409,"caption":"Centrum Judaicum"},"image":{"@id":"https:\/\/centrumjudaicum.de\/#\/schema\/logo\/image\/"}}]}},"ticketed":false,"_links":{"self":[{"href":"https:\/\/centrumjudaicum.de\/en\/wp-json\/wp\/v2\/portfolio\/18462","targetHints":{"allow":["GET"]}}],"collection":[{"href":"https:\/\/centrumjudaicum.de\/en\/wp-json\/wp\/v2\/portfolio"}],"about":[{"href":"https:\/\/centrumjudaicum.de\/en\/wp-json\/wp\/v2\/types\/portfolio"}],"version-history":[{"count":8,"href":"https:\/\/centrumjudaicum.de\/en\/wp-json\/wp\/v2\/portfolio\/18462\/revisions"}],"predecessor-version":[{"id":19544,"href":"https:\/\/centrumjudaicum.de\/en\/wp-json\/wp\/v2\/portfolio\/18462\/revisions\/19544"}],"wp:featuredmedia":[{"embeddable":true,"href":"https:\/\/centrumjudaicum.de\/en\/wp-json\/wp\/v2\/media\/18463"}],"wp:attachment":[{"href":"https:\/\/centrumjudaicum.de\/en\/wp-json\/wp\/v2\/media?parent=18462"}],"wp:term":[{"taxonomy":"portfolio-categories","embeddable":true,"href":"https:\/\/centrumjudaicum.de\/en\/wp-json\/wp\/v2\/portfolio-categories?post=18462"}],"curies":[{"name":"wp","href":"https:\/\/api.w.org\/{rel}","templated":true}]}}