{"id":24283,"date":"2025-04-07T13:41:19","date_gmt":"2025-04-07T11:41:19","guid":{"rendered":"https:\/\/centrumjudaicum.de\/?post_type=portfolio&#038;p=24283"},"modified":"2026-04-27T11:46:34","modified_gmt":"2026-04-27T09:46:34","slug":"gefuehlsdinge","status":"publish","type":"portfolio","link":"https:\/\/centrumjudaicum.de\/en\/portfolio\/gefuehlsdinge\/","title":{"rendered":"Gef\u00fchlsdinge"},"content":{"rendered":"<div data-elementor-type=\"wp-post\" data-elementor-id=\"24283\" class=\"elementor elementor-24283\" data-elementor-post-type=\"portfolio\">\n\t\t\t\t\t\t<section class=\"elementor-section elementor-top-section elementor-element elementor-element-26e9be09 elementor-section-height-full elementor-section-items-stretch elementor-section-boxed elementor-section-height-default\" data-id=\"26e9be09\" data-element_type=\"section\" data-e-type=\"section\" data-settings=\"{&quot;background_background&quot;:&quot;classic&quot;}\">\n\t\t\t\t\t\t<div class=\"elementor-container elementor-column-gap-default\">\n\t\t\t\t\t<div class=\"elementor-column elementor-col-50 elementor-top-column elementor-element elementor-element-5bc2ecdd\" data-id=\"5bc2ecdd\" data-element_type=\"column\" data-e-type=\"column\">\n\t\t\t<div class=\"elementor-widget-wrap elementor-element-populated\">\n\t\t\t\t\t\t<div class=\"elementor-element elementor-element-5e296cf9 elementor-widget elementor-widget-text-editor\" data-id=\"5e296cf9\" data-element_type=\"widget\" data-e-type=\"widget\" data-widget_type=\"text-editor.default\">\n\t\t\t\t<div class=\"elementor-widget-container\">\n\t\t\t\t\t\t\t\t\t<p><strong>verl\u00e4ngert bis 31. Mai 2026<\/strong><\/p>\t\t\t\t\t\t\t\t<\/div>\n\t\t\t\t<\/div>\n\t\t\t\t<div class=\"elementor-element elementor-element-5f6bef27 elementor-widget elementor-widget-heading\" data-id=\"5f6bef27\" data-element_type=\"widget\" data-e-type=\"widget\" data-widget_type=\"heading.default\">\n\t\t\t\t<div class=\"elementor-widget-container\">\n\t\t\t\t\t<h2 class=\"elementor-heading-title elementor-size-default\">Gef\u00fchlsdinge<\/h2>\t\t\t\t<\/div>\n\t\t\t\t<\/div>\n\t\t\t\t<div class=\"elementor-element elementor-element-60df9d2 elementor-widget elementor-widget-text-editor\" data-id=\"60df9d2\" data-element_type=\"widget\" data-e-type=\"widget\" data-widget_type=\"text-editor.default\">\n\t\t\t\t<div class=\"elementor-widget-container\">\n\t\t\t\t\t\t\t\t\t<p><strong><em>&#8211; How to Listen to Objects<\/em><\/strong><\/p>\t\t\t\t\t\t\t\t<\/div>\n\t\t\t\t<\/div>\n\t\t\t\t<div class=\"elementor-element elementor-element-153cc9e9 elementor-widget elementor-widget-heading\" data-id=\"153cc9e9\" data-element_type=\"widget\" data-e-type=\"widget\" data-widget_type=\"heading.default\">\n\t\t\t\t<div class=\"elementor-widget-container\">\n\t\t\t\t\t<h2 class=\"elementor-heading-title elementor-size-default\">Was passiert, wenn wir Objekten zuh\u00f6ren, anstatt sie zu besitzen?<\/h2>\t\t\t\t<\/div>\n\t\t\t\t<\/div>\n\t\t\t\t<div class=\"elementor-element elementor-element-2743812c elementor-widget elementor-widget-text-editor\" data-id=\"2743812c\" data-element_type=\"widget\" data-e-type=\"widget\" data-widget_type=\"text-editor.default\">\n\t\t\t\t<div class=\"elementor-widget-container\">\n\t\t\t\t\t\t\t\t\t<p style=\"text-align: left;\">Unsere Welt dreht sich heute schneller denn je\u2009\u2013\u2009und stellt unseren gesellschaftlichen Zusammenhalt vor neue Herausforderungen.<\/p><p style=\"text-align: left;\">Unsere Reaktionen sind oft sehr emotional. \u201eGef\u00fchlsdinge\u201c bringt Emotionen und Erinnerungen von j\u00fcdischen Communitys mit Objekten des Museums zusammen.\u00a0<\/p>\t\t\t\t\t\t\t\t<\/div>\n\t\t\t\t<\/div>\n\t\t\t\t\t<\/div>\n\t\t<\/div>\n\t\t\t\t<div class=\"elementor-column elementor-col-50 elementor-top-column elementor-element elementor-element-dd4c852\" data-id=\"dd4c852\" data-element_type=\"column\" data-e-type=\"column\">\n\t\t\t<div class=\"elementor-widget-wrap elementor-element-populated\">\n\t\t\t\t\t\t<div class=\"elementor-element elementor-element-54949e73 elementor-widget elementor-widget-image\" data-id=\"54949e73\" data-element_type=\"widget\" data-e-type=\"widget\" data-widget_type=\"image.default\">\n\t\t\t\t<div class=\"elementor-widget-container\">\n\t\t\t\t\t\t\t\t\t\t\t\t\t\t\t<img fetchpriority=\"high\" decoding=\"async\" width=\"800\" height=\"800\" src=\"https:\/\/centrumjudaicum.de\/wp-content\/uploads\/2025\/04\/2025-04-07-Gefuehls-Dinge-12-1024x1024.jpg\" class=\"attachment-large size-large wp-image-24350\" alt=\"Quadratisches Bild, auf dem H\u00e4nde ein Schofar halten. Das Bild hat einen ausgestanzten Rand wie bei Briefmarken und ist umrandet von einem hellgelben Rahmen.\" srcset=\"https:\/\/centrumjudaicum.de\/wp-content\/uploads\/2025\/04\/2025-04-07-Gefuehls-Dinge-12-1024x1024.jpg 1024w, https:\/\/centrumjudaicum.de\/wp-content\/uploads\/2025\/04\/2025-04-07-Gefuehls-Dinge-12-300x300.jpg 300w, https:\/\/centrumjudaicum.de\/wp-content\/uploads\/2025\/04\/2025-04-07-Gefuehls-Dinge-12-150x150.jpg 150w, https:\/\/centrumjudaicum.de\/wp-content\/uploads\/2025\/04\/2025-04-07-Gefuehls-Dinge-12-768x768.jpg 768w, https:\/\/centrumjudaicum.de\/wp-content\/uploads\/2025\/04\/2025-04-07-Gefuehls-Dinge-12-12x12.jpg 12w, https:\/\/centrumjudaicum.de\/wp-content\/uploads\/2025\/04\/2025-04-07-Gefuehls-Dinge-12.jpg 1080w\" sizes=\"(max-width: 800px) 100vw, 800px\" \/>\t\t\t\t\t\t\t\t\t\t\t\t\t\t\t<\/div>\n\t\t\t\t<\/div>\n\t\t\t\t\t<\/div>\n\t\t<\/div>\n\t\t\t\t\t<\/div>\n\t\t<\/section>\n\t\t<div class=\"elementor-element elementor-element-7e68e940 e-ecs-flex e-flex e-con-boxed e-con e-parent\" data-id=\"7e68e940\" data-element_type=\"container\" data-e-type=\"container\" data-settings=\"{&quot;ecs_container_type&quot;:&quot;flex&quot;}\">\n\t\t\t\t\t<div class=\"e-con-inner\">\n\t\t\t\t<div class=\"elementor-element elementor-element-247207b4 elementor-widget elementor-widget-text-editor\" data-id=\"247207b4\" data-element_type=\"widget\" data-e-type=\"widget\" data-widget_type=\"text-editor.default\">\n\t\t\t\t<div class=\"elementor-widget-container\">\n\t\t\t\t\t\t\t\t\t<p style=\"text-align: left;\">In der Ausstellung treten Berliner J\u00fcdinnen und Juden aus 14 Herkunftsl\u00e4ndern in einen Dialog mit historischen Dingen aus der Sammlung des Museums. Die Geschichten dieser Objekte sind durch die Schoa, durch die Wirren von Kriegen und Krisen zumeist versch\u00fctt gegangen. Dabei sprechen wir zentrale Fragen nach Erinnerung und Zugeh\u00f6rigkeit an. Die Ausstellung zeigt das Museum als lebendigen Begegnungsraum, in dem Vergangenheit und Gegenwart auf einandertreffen\u2009\u2013\u2009und in dem Zuh\u00f6ren zu einer essenziellen Form der Verst\u00e4ndigung wird.<\/p>\t\t\t\t\t\t\t\t<\/div>\n\t\t\t\t<\/div>\n\t\t\t\t\t<\/div>\n\t\t\t\t<\/div>\n\t\t<div class=\"elementor-element elementor-element-a3decd1 e-grid e-ecs-flex e-con-boxed e-con e-parent\" data-id=\"a3decd1\" data-element_type=\"container\" data-e-type=\"container\" data-settings=\"{&quot;background_background&quot;:&quot;classic&quot;,&quot;ecs_container_type&quot;:&quot;flex&quot;}\">\n\t\t\t\t\t<div class=\"e-con-inner\">\n\t\t\t\t<div class=\"elementor-element elementor-element-605e2f19 elementor-widget elementor-widget-spacer\" data-id=\"605e2f19\" data-element_type=\"widget\" data-e-type=\"widget\" data-widget_type=\"spacer.default\">\n\t\t\t\t<div class=\"elementor-widget-container\">\n\t\t\t\t\t\t\t<div class=\"elementor-spacer\">\n\t\t\t<div class=\"elementor-spacer-inner\"><\/div>\n\t\t<\/div>\n\t\t\t\t\t\t<\/div>\n\t\t\t\t<\/div>\n\t\t\t\t\t<\/div>\n\t\t\t\t<\/div>\n\t\t<div class=\"elementor-element elementor-element-7c1066bf e-ecs-flex e-flex e-con-boxed e-con e-parent\" data-id=\"7c1066bf\" data-element_type=\"container\" data-e-type=\"container\" data-settings=\"{&quot;ecs_container_type&quot;:&quot;flex&quot;}\">\n\t\t\t\t\t<div class=\"e-con-inner\">\n\t\t\t\t<div class=\"elementor-element elementor-element-100184ff elementor-widget__width-initial elementor-widget elementor-widget-heading\" data-id=\"100184ff\" data-element_type=\"widget\" data-e-type=\"widget\" id=\"Kann aus einer  gebrochenen Geschichte   wieder verbindende Kontinuit\u00e4t werden?\" data-widget_type=\"heading.default\">\n\t\t\t\t<div class=\"elementor-widget-container\">\n\t\t\t\t\t<h2 class=\"elementor-heading-title elementor-size-default\"><a href=\"#Kannauseiner%20gebrochen\">Kann aus einer  gebrochenen Geschichte <br \/>\nwieder verbindende Kontinuit\u00e4t werden?<\/a><\/h2>\t\t\t\t<\/div>\n\t\t\t\t<\/div>\n\t\t\t\t\t<\/div>\n\t\t\t\t<\/div>\n\t\t<div class=\"elementor-element elementor-element-7bc3f4aa e-grid e-ecs-flex e-con-boxed e-con e-parent\" data-id=\"7bc3f4aa\" data-element_type=\"container\" data-e-type=\"container\" data-settings=\"{&quot;background_background&quot;:&quot;classic&quot;,&quot;ecs_container_type&quot;:&quot;flex&quot;}\">\n\t\t\t\t\t<div class=\"e-con-inner\">\n\t\t\t\t<div class=\"elementor-element elementor-element-2fc5e159 elementor-widget elementor-widget-spacer\" data-id=\"2fc5e159\" data-element_type=\"widget\" data-e-type=\"widget\" data-widget_type=\"spacer.default\">\n\t\t\t\t<div class=\"elementor-widget-container\">\n\t\t\t\t\t\t\t<div class=\"elementor-spacer\">\n\t\t\t<div class=\"elementor-spacer-inner\"><\/div>\n\t\t<\/div>\n\t\t\t\t\t\t<\/div>\n\t\t\t\t<\/div>\n\t\t\t\t\t<\/div>\n\t\t\t\t<\/div>\n\t\t<div class=\"elementor-element elementor-element-7b73d54a e-grid e-ecs-flex e-con-boxed e-con e-parent\" data-id=\"7b73d54a\" data-element_type=\"container\" data-e-type=\"container\" data-settings=\"{&quot;background_background&quot;:&quot;classic&quot;,&quot;ecs_container_type&quot;:&quot;flex&quot;}\">\n\t\t\t\t\t<div class=\"e-con-inner\">\n\t\t\t\t<div class=\"elementor-element elementor-element-222db21c elementor-widget elementor-widget-image\" data-id=\"222db21c\" data-element_type=\"widget\" data-e-type=\"widget\" data-widget_type=\"image.default\">\n\t\t\t\t<div class=\"elementor-widget-container\">\n\t\t\t\t\t\t\t\t\t\t\t\t\t\t\t<img fetchpriority=\"high\" decoding=\"async\" width=\"800\" height=\"800\" src=\"https:\/\/centrumjudaicum.de\/wp-content\/uploads\/2025\/04\/2025-04-07-Gefuehls-Dinge-12-1024x1024.jpg\" class=\"attachment-large size-large wp-image-24350\" alt=\"Quadratisches Bild, auf dem H\u00e4nde ein Schofar halten. Das Bild hat einen ausgestanzten Rand wie bei Briefmarken und ist umrandet von einem hellgelben Rahmen.\" srcset=\"https:\/\/centrumjudaicum.de\/wp-content\/uploads\/2025\/04\/2025-04-07-Gefuehls-Dinge-12-1024x1024.jpg 1024w, https:\/\/centrumjudaicum.de\/wp-content\/uploads\/2025\/04\/2025-04-07-Gefuehls-Dinge-12-300x300.jpg 300w, https:\/\/centrumjudaicum.de\/wp-content\/uploads\/2025\/04\/2025-04-07-Gefuehls-Dinge-12-150x150.jpg 150w, https:\/\/centrumjudaicum.de\/wp-content\/uploads\/2025\/04\/2025-04-07-Gefuehls-Dinge-12-768x768.jpg 768w, https:\/\/centrumjudaicum.de\/wp-content\/uploads\/2025\/04\/2025-04-07-Gefuehls-Dinge-12-12x12.jpg 12w, https:\/\/centrumjudaicum.de\/wp-content\/uploads\/2025\/04\/2025-04-07-Gefuehls-Dinge-12.jpg 1080w\" sizes=\"(max-width: 800px) 100vw, 800px\" \/>\t\t\t\t\t\t\t\t\t\t\t\t\t\t\t<\/div>\n\t\t\t\t<\/div>\n\t\t\t\t<div class=\"elementor-element elementor-element-65a7925b elementor-widget elementor-widget-image\" data-id=\"65a7925b\" data-element_type=\"widget\" data-e-type=\"widget\" data-widget_type=\"image.default\">\n\t\t\t\t<div class=\"elementor-widget-container\">\n\t\t\t\t\t\t\t\t\t\t\t\t\t\t\t<img decoding=\"async\" width=\"800\" height=\"800\" src=\"https:\/\/centrumjudaicum.de\/wp-content\/uploads\/2025\/04\/2025-04-07-Gefuehls-Dinge-09-1024x1024.jpg\" class=\"attachment-large size-large wp-image-24351\" alt=\"Quadratisches Bild, auf dem eine Hand einen Silberl\u00f6ffel h\u00e4lt. Das Bild hat einen ausgestanzten Rand wie bei Briefmarken und ist umrandet von einem hellblauen Rahmen.\" srcset=\"https:\/\/centrumjudaicum.de\/wp-content\/uploads\/2025\/04\/2025-04-07-Gefuehls-Dinge-09-1024x1024.jpg 1024w, https:\/\/centrumjudaicum.de\/wp-content\/uploads\/2025\/04\/2025-04-07-Gefuehls-Dinge-09-300x300.jpg 300w, https:\/\/centrumjudaicum.de\/wp-content\/uploads\/2025\/04\/2025-04-07-Gefuehls-Dinge-09-150x150.jpg 150w, https:\/\/centrumjudaicum.de\/wp-content\/uploads\/2025\/04\/2025-04-07-Gefuehls-Dinge-09-768x768.jpg 768w, https:\/\/centrumjudaicum.de\/wp-content\/uploads\/2025\/04\/2025-04-07-Gefuehls-Dinge-09-12x12.jpg 12w, https:\/\/centrumjudaicum.de\/wp-content\/uploads\/2025\/04\/2025-04-07-Gefuehls-Dinge-09.jpg 1080w\" sizes=\"(max-width: 800px) 100vw, 800px\" \/>\t\t\t\t\t\t\t\t\t\t\t\t\t\t\t<\/div>\n\t\t\t\t<\/div>\n\t\t\t\t<div class=\"elementor-element elementor-element-30b2e967 elementor-widget elementor-widget-image\" data-id=\"30b2e967\" data-element_type=\"widget\" data-e-type=\"widget\" data-widget_type=\"image.default\">\n\t\t\t\t<div class=\"elementor-widget-container\">\n\t\t\t\t\t\t\t\t\t\t\t\t\t\t\t<img decoding=\"async\" width=\"800\" height=\"800\" src=\"https:\/\/centrumjudaicum.de\/wp-content\/uploads\/2025\/04\/2025-04-07-Gefuehls-Dinge-11-1024x1024.jpg\" class=\"attachment-large size-large wp-image-24354\" alt=\"\" srcset=\"https:\/\/centrumjudaicum.de\/wp-content\/uploads\/2025\/04\/2025-04-07-Gefuehls-Dinge-11-1024x1024.jpg 1024w, https:\/\/centrumjudaicum.de\/wp-content\/uploads\/2025\/04\/2025-04-07-Gefuehls-Dinge-11-300x300.jpg 300w, https:\/\/centrumjudaicum.de\/wp-content\/uploads\/2025\/04\/2025-04-07-Gefuehls-Dinge-11-150x150.jpg 150w, https:\/\/centrumjudaicum.de\/wp-content\/uploads\/2025\/04\/2025-04-07-Gefuehls-Dinge-11-768x768.jpg 768w, https:\/\/centrumjudaicum.de\/wp-content\/uploads\/2025\/04\/2025-04-07-Gefuehls-Dinge-11-12x12.jpg 12w, https:\/\/centrumjudaicum.de\/wp-content\/uploads\/2025\/04\/2025-04-07-Gefuehls-Dinge-11.jpg 1080w\" sizes=\"(max-width: 800px) 100vw, 800px\" \/>\t\t\t\t\t\t\t\t\t\t\t\t\t\t\t<\/div>\n\t\t\t\t<\/div>\n\t\t\t\t\t<\/div>\n\t\t\t\t<\/div>\n\t\t<div class=\"elementor-element elementor-element-5ace7170 e-grid e-ecs-flex e-con-boxed e-con e-parent\" data-id=\"5ace7170\" data-element_type=\"container\" data-e-type=\"container\" data-settings=\"{&quot;background_background&quot;:&quot;classic&quot;,&quot;ecs_container_type&quot;:&quot;flex&quot;}\">\n\t\t\t\t\t<div class=\"e-con-inner\">\n\t\t\t\t<div class=\"elementor-element elementor-element-73a697f4 elementor-widget elementor-widget-spacer\" data-id=\"73a697f4\" data-element_type=\"widget\" data-e-type=\"widget\" data-widget_type=\"spacer.default\">\n\t\t\t\t<div class=\"elementor-widget-container\">\n\t\t\t\t\t\t\t<div class=\"elementor-spacer\">\n\t\t\t<div class=\"elementor-spacer-inner\"><\/div>\n\t\t<\/div>\n\t\t\t\t\t\t<\/div>\n\t\t\t\t<\/div>\n\t\t\t\t\t<\/div>\n\t\t\t\t<\/div>\n\t\t<div class=\"elementor-element elementor-element-20de02fe e-ecs-flex e-flex e-con-boxed e-con e-parent\" data-id=\"20de02fe\" data-element_type=\"container\" data-e-type=\"container\" data-settings=\"{&quot;ecs_container_type&quot;:&quot;flex&quot;}\">\n\t\t\t\t\t<div class=\"e-con-inner\">\n\t\t\t\t<div class=\"elementor-element elementor-element-73cc6457 elementor-widget elementor-widget-heading\" data-id=\"73cc6457\" data-element_type=\"widget\" data-e-type=\"widget\" data-widget_type=\"heading.default\">\n\t\t\t\t<div class=\"elementor-widget-container\">\n\t\t\t\t\t<h2 class=\"elementor-heading-title elementor-size-default\">Welche Gef\u00fchle rufen Dinge hervor?<\/h2>\t\t\t\t<\/div>\n\t\t\t\t<\/div>\n\t\t\t\t\t<\/div>\n\t\t\t\t<\/div>\n\t\t<div class=\"elementor-element elementor-element-30f27de9 e-grid e-ecs-flex e-con-boxed e-con e-parent\" data-id=\"30f27de9\" data-element_type=\"container\" data-e-type=\"container\" data-settings=\"{&quot;background_background&quot;:&quot;classic&quot;,&quot;ecs_container_type&quot;:&quot;flex&quot;}\">\n\t\t\t\t\t<div class=\"e-con-inner\">\n\t\t\t\t<div class=\"elementor-element elementor-element-48f270ed elementor-widget elementor-widget-spacer\" data-id=\"48f270ed\" data-element_type=\"widget\" data-e-type=\"widget\" data-widget_type=\"spacer.default\">\n\t\t\t\t<div class=\"elementor-widget-container\">\n\t\t\t\t\t\t\t<div class=\"elementor-spacer\">\n\t\t\t<div class=\"elementor-spacer-inner\"><\/div>\n\t\t<\/div>\n\t\t\t\t\t\t<\/div>\n\t\t\t\t<\/div>\n\t\t\t\t\t<\/div>\n\t\t\t\t<\/div>\n\t\t<div class=\"elementor-element elementor-element-a25e595 e-grid e-ecs-flex e-con-boxed e-con e-parent\" data-id=\"a25e595\" data-element_type=\"container\" data-e-type=\"container\" data-settings=\"{&quot;background_background&quot;:&quot;classic&quot;,&quot;ecs_container_type&quot;:&quot;flex&quot;}\">\n\t\t\t\t\t<div class=\"e-con-inner\">\n\t\t\t\t<div class=\"elementor-element elementor-element-6cc9cb3c elementor-widget elementor-widget-spacer\" data-id=\"6cc9cb3c\" data-element_type=\"widget\" data-e-type=\"widget\" data-widget_type=\"spacer.default\">\n\t\t\t\t<div class=\"elementor-widget-container\">\n\t\t\t\t\t\t\t<div class=\"elementor-spacer\">\n\t\t\t<div class=\"elementor-spacer-inner\"><\/div>\n\t\t<\/div>\n\t\t\t\t\t\t<\/div>\n\t\t\t\t<\/div>\n\t\t\t\t\t<\/div>\n\t\t\t\t<\/div>\n\t\t<div class=\"elementor-element elementor-element-1cdd581e e-ecs-flex e-flex e-con-boxed e-con e-parent\" data-id=\"1cdd581e\" data-element_type=\"container\" data-e-type=\"container\" data-settings=\"{&quot;background_background&quot;:&quot;classic&quot;,&quot;ecs_container_type&quot;:&quot;flex&quot;}\">\n\t\t\t\t\t<div class=\"e-con-inner\">\n\t\t\t\t<div class=\"elementor-element elementor-element-73ddf19a elementor-widget__width-initial elementor-hidden-mobile elementor-widget elementor-widget-image\" data-id=\"73ddf19a\" data-element_type=\"widget\" data-e-type=\"widget\" data-widget_type=\"image.default\">\n\t\t\t\t<div class=\"elementor-widget-container\">\n\t\t\t\t\t\t\t\t\t\t\t\t\t\t\t<img loading=\"lazy\" decoding=\"async\" width=\"705\" height=\"1029\" src=\"https:\/\/centrumjudaicum.de\/wp-content\/uploads\/2025\/04\/Workshop-Foto.png\" class=\"attachment-full size-full wp-image-24379\" alt=\"Foto, das zwei Personen von hinten zeigt, sie sitzen an einem wei\u00dfen Tisch, die rechte Person tr\u00e4gt wei\u00dfe Handschuhe und h\u00e4lt ein Zigaretten-Etui in den H\u00e4nden. Daneben steht ein ledernes Medizint\u00e4schchen.\" srcset=\"https:\/\/centrumjudaicum.de\/wp-content\/uploads\/2025\/04\/Workshop-Foto.png 705w, https:\/\/centrumjudaicum.de\/wp-content\/uploads\/2025\/04\/Workshop-Foto-206x300.png 206w, https:\/\/centrumjudaicum.de\/wp-content\/uploads\/2025\/04\/Workshop-Foto-702x1024.png 702w, https:\/\/centrumjudaicum.de\/wp-content\/uploads\/2025\/04\/Workshop-Foto-8x12.png 8w\" sizes=\"(max-width: 705px) 100vw, 705px\" \/>\t\t\t\t\t\t\t\t\t\t\t\t\t\t\t<\/div>\n\t\t\t\t<\/div>\n\t\t\t\t<div class=\"elementor-element elementor-element-55c6c353 elementor-widget elementor-widget-text-editor\" data-id=\"55c6c353\" data-element_type=\"widget\" data-e-type=\"widget\" data-widget_type=\"text-editor.default\">\n\t\t\t\t<div class=\"elementor-widget-container\">\n\t\t\t\t\t\t\t\t\t<p style=\"text-align: left;\">In sechs Workshops h\u00f6rten j\u00fcdische Berliner:innen den Objekten aus der Museumssammlung zu und antworteten mit eigenen Geschichten und Dingen. Denn Objekte sind Resonanzk\u00f6rper. Ihr Klang und Geruch, ihre Form und Farbe sprechen zu uns. Sie bilden Br\u00fccken, die uns durch die gebrochene Geschichte f\u00fchren.<br \/>F\u00fchlen Sie nach, welche Emotionen j\u00fcdische K\u00fcnstler:innen und Aktivist:innen heute bewegen, wenn sie Kontakt zu den Objekten aufnehmen. Manche Dinge rufen Stolz oder Zuneigung, Wut oder Angst hervor. Diese Gef\u00fchle sind nicht passiv, sie treiben an und motivieren zum Handeln. Ob Positionen gegen den Krieg in der Ukraine oder gegen gruppenbezogene Menschenfeindlichkeit wie Antisemitismus und Rassismus\u2009\u2013\u2009erfahren Sie, welche Themen J\u00fcdinnen und Juden bewegen.<\/p>\t\t\t\t\t\t\t\t<\/div>\n\t\t\t\t<\/div>\n\t\t\t\t\t<\/div>\n\t\t\t\t<\/div>\n\t\t<div class=\"elementor-element elementor-element-7823a170 e-grid e-ecs-flex e-con-boxed e-con e-parent\" data-id=\"7823a170\" data-element_type=\"container\" data-e-type=\"container\" data-settings=\"{&quot;background_background&quot;:&quot;classic&quot;,&quot;ecs_container_type&quot;:&quot;flex&quot;}\">\n\t\t\t\t\t<div class=\"e-con-inner\">\n\t\t\t\t<div class=\"elementor-element elementor-element-47f93e54 elementor-widget elementor-widget-spacer\" data-id=\"47f93e54\" data-element_type=\"widget\" data-e-type=\"widget\" data-widget_type=\"spacer.default\">\n\t\t\t\t<div class=\"elementor-widget-container\">\n\t\t\t\t\t\t\t<div class=\"elementor-spacer\">\n\t\t\t<div class=\"elementor-spacer-inner\"><\/div>\n\t\t<\/div>\n\t\t\t\t\t\t<\/div>\n\t\t\t\t<\/div>\n\t\t\t\t\t<\/div>\n\t\t\t\t<\/div>\n\t\t\t\t<section class=\"elementor-section elementor-top-section elementor-element elementor-element-19f1d412 elementor-section-height-full elementor-hidden-tablet elementor-hidden-mobile elementor-section-boxed elementor-section-height-default elementor-section-items-middle\" data-id=\"19f1d412\" data-element_type=\"section\" data-e-type=\"section\" data-settings=\"{&quot;background_background&quot;:&quot;classic&quot;}\">\n\t\t\t\t\t\t<div class=\"elementor-container elementor-column-gap-default\">\n\t\t\t\t\t<div class=\"elementor-column elementor-col-100 elementor-top-column elementor-element elementor-element-665df05\" data-id=\"665df05\" data-element_type=\"column\" data-e-type=\"column\">\n\t\t\t<div class=\"elementor-widget-wrap\">\n\t\t\t\t\t\t\t<\/div>\n\t\t<\/div>\n\t\t\t\t\t<\/div>\n\t\t<\/section>\n\t\t<div class=\"elementor-element elementor-element-dff5d6d e-ecs-flex e-flex e-con-boxed e-con e-parent\" data-id=\"dff5d6d\" data-element_type=\"container\" data-e-type=\"container\" data-settings=\"{&quot;background_background&quot;:&quot;classic&quot;,&quot;ecs_container_type&quot;:&quot;flex&quot;}\">\n\t\t\t\t\t<div class=\"e-con-inner\">\n\t\t\t\t<div class=\"elementor-element elementor-element-20c5c423 elementor-widget elementor-widget-spacer\" data-id=\"20c5c423\" data-element_type=\"widget\" data-e-type=\"widget\" data-widget_type=\"spacer.default\">\n\t\t\t\t<div class=\"elementor-widget-container\">\n\t\t\t\t\t\t\t<div class=\"elementor-spacer\">\n\t\t\t<div class=\"elementor-spacer-inner\"><\/div>\n\t\t<\/div>\n\t\t\t\t\t\t<\/div>\n\t\t\t\t<\/div>\n\t\t\t\t<div class=\"elementor-element elementor-element-3ed6df0 elementor-widget elementor-widget-heading\" data-id=\"3ed6df0\" data-element_type=\"widget\" data-e-type=\"widget\" data-widget_type=\"heading.default\">\n\t\t\t\t<div class=\"elementor-widget-container\">\n\t\t\t\t\t<h2 class=\"elementor-heading-title elementor-size-default\">Blick in die Ausstellung<\/h2>\t\t\t\t<\/div>\n\t\t\t\t<\/div>\n\t\t<div class=\"elementor-element elementor-element-efff51a e-con-full e-ecs-flex e-flex e-con e-child\" data-id=\"efff51a\" data-element_type=\"container\" data-e-type=\"container\" data-settings=\"{&quot;ecs_container_type&quot;:&quot;flex&quot;}\">\n\t\t<div class=\"elementor-element elementor-element-72b973e e-grid e-con-full e-ecs-flex e-con e-child\" data-id=\"72b973e\" data-element_type=\"container\" data-e-type=\"container\" data-settings=\"{&quot;ecs_container_type&quot;:&quot;flex&quot;}\">\n\t\t\t\t<div class=\"elementor-element elementor-element-4be0a90 elementor-widget__width-initial elementor-widget elementor-widget-image\" data-id=\"4be0a90\" data-element_type=\"widget\" data-e-type=\"widget\" data-widget_type=\"image.default\">\n\t\t\t\t<div class=\"elementor-widget-container\">\n\t\t\t\t\t\t\t\t\t\t\t\t\t\t\t<img loading=\"lazy\" decoding=\"async\" width=\"800\" height=\"600\" src=\"https:\/\/centrumjudaicum.de\/wp-content\/uploads\/2025\/04\/B0206476-1024x768.jpg\" class=\"attachment-large size-large wp-image-26422\" alt=\"Blick in die Wechselausstellung Gef\u00fchlsdinge - How to Listen to Objects: Eingangsbereich mit wei\u00dfer Wand, die den Titel in roter Schrift und die Einleitung zeigt (rechts), links ist ein raumf\u00fcllendes, rundes Filmzelt von au\u00dfen sichtbar (schwarzer Stoff), davor eine S\u00e4ule mit Erkl\u00e4rtext.\" srcset=\"https:\/\/centrumjudaicum.de\/wp-content\/uploads\/2025\/04\/B0206476-1024x768.jpg 1024w, https:\/\/centrumjudaicum.de\/wp-content\/uploads\/2025\/04\/B0206476-300x225.jpg 300w, https:\/\/centrumjudaicum.de\/wp-content\/uploads\/2025\/04\/B0206476-768x576.jpg 768w, https:\/\/centrumjudaicum.de\/wp-content\/uploads\/2025\/04\/B0206476-1536x1151.jpg 1536w, https:\/\/centrumjudaicum.de\/wp-content\/uploads\/2025\/04\/B0206476-2048x1535.jpg 2048w, https:\/\/centrumjudaicum.de\/wp-content\/uploads\/2025\/04\/B0206476-16x12.jpg 16w\" sizes=\"(max-width: 800px) 100vw, 800px\" \/>\t\t\t\t\t\t\t\t\t\t\t\t\t\t\t<\/div>\n\t\t\t\t<\/div>\n\t\t\t\t<div class=\"elementor-element elementor-element-3ab267d elementor-widget__width-initial elementor-widget elementor-widget-image\" data-id=\"3ab267d\" data-element_type=\"widget\" data-e-type=\"widget\" data-widget_type=\"image.default\">\n\t\t\t\t<div class=\"elementor-widget-container\">\n\t\t\t\t\t\t\t\t\t\t\t\t\t\t\t<img loading=\"lazy\" decoding=\"async\" width=\"800\" height=\"600\" src=\"https:\/\/centrumjudaicum.de\/wp-content\/uploads\/2025\/04\/B0206382-1024x768.jpg\" class=\"attachment-large size-large wp-image-26423\" alt=\"Blick in die Wechselausstellung &quot;Gef\u00fchlsdinge - How to Listen to Objects&quot;. Zu sehen ist ein Teil des Hauptraums mit einem Glashaus, in dem sich mehrere Sammlungsobjekte auf Glashauben befinden (links) und einr Mitteilungsstation, die aus einem runden Holztisch mit einem Postkartenst\u00e4nder und einem roten Briefkasten besteht, der dahinter an einer wei\u00dfen Wand angebracht ist.\" srcset=\"https:\/\/centrumjudaicum.de\/wp-content\/uploads\/2025\/04\/B0206382-1024x768.jpg 1024w, https:\/\/centrumjudaicum.de\/wp-content\/uploads\/2025\/04\/B0206382-300x225.jpg 300w, https:\/\/centrumjudaicum.de\/wp-content\/uploads\/2025\/04\/B0206382-768x576.jpg 768w, https:\/\/centrumjudaicum.de\/wp-content\/uploads\/2025\/04\/B0206382-1536x1151.jpg 1536w, https:\/\/centrumjudaicum.de\/wp-content\/uploads\/2025\/04\/B0206382-2048x1535.jpg 2048w, https:\/\/centrumjudaicum.de\/wp-content\/uploads\/2025\/04\/B0206382-16x12.jpg 16w\" sizes=\"(max-width: 800px) 100vw, 800px\" \/>\t\t\t\t\t\t\t\t\t\t\t\t\t\t\t<\/div>\n\t\t\t\t<\/div>\n\t\t\t\t<\/div>\n\t\t\t\t<\/div>\n\t\t\t\t<div class=\"elementor-element elementor-element-b15a2a1 elementor-widget elementor-widget-image\" data-id=\"b15a2a1\" data-element_type=\"widget\" data-e-type=\"widget\" data-widget_type=\"image.default\">\n\t\t\t\t<div class=\"elementor-widget-container\">\n\t\t\t\t\t\t\t\t\t\t\t\t\t\t\t<img loading=\"lazy\" decoding=\"async\" width=\"2560\" height=\"1919\" src=\"https:\/\/centrumjudaicum.de\/wp-content\/uploads\/2025\/04\/B0206366-scaled.jpg\" class=\"attachment-full size-full wp-image-26424\" alt=\"\" srcset=\"https:\/\/centrumjudaicum.de\/wp-content\/uploads\/2025\/04\/B0206366-scaled.jpg 2560w, https:\/\/centrumjudaicum.de\/wp-content\/uploads\/2025\/04\/B0206366-300x225.jpg 300w, https:\/\/centrumjudaicum.de\/wp-content\/uploads\/2025\/04\/B0206366-1024x768.jpg 1024w, https:\/\/centrumjudaicum.de\/wp-content\/uploads\/2025\/04\/B0206366-768x576.jpg 768w, https:\/\/centrumjudaicum.de\/wp-content\/uploads\/2025\/04\/B0206366-1536x1151.jpg 1536w, https:\/\/centrumjudaicum.de\/wp-content\/uploads\/2025\/04\/B0206366-2048x1535.jpg 2048w, https:\/\/centrumjudaicum.de\/wp-content\/uploads\/2025\/04\/B0206366-16x12.jpg 16w\" sizes=\"(max-width: 2560px) 100vw, 2560px\" \/>\t\t\t\t\t\t\t\t\t\t\t\t\t\t\t<\/div>\n\t\t\t\t<\/div>\n\t\t\t\t<div class=\"elementor-element elementor-element-6c55419 elementor-widget elementor-widget-spacer\" data-id=\"6c55419\" data-element_type=\"widget\" data-e-type=\"widget\" data-widget_type=\"spacer.default\">\n\t\t\t\t<div class=\"elementor-widget-container\">\n\t\t\t\t\t\t\t<div class=\"elementor-spacer\">\n\t\t\t<div class=\"elementor-spacer-inner\"><\/div>\n\t\t<\/div>\n\t\t\t\t\t\t<\/div>\n\t\t\t\t<\/div>\n\t\t\t\t<div class=\"elementor-element elementor-element-685dc975 elementor-widget elementor-widget-heading\" data-id=\"685dc975\" data-element_type=\"widget\" data-e-type=\"widget\" data-widget_type=\"heading.default\">\n\t\t\t\t<div class=\"elementor-widget-container\">\n\t\t\t\t\t<h2 class=\"elementor-heading-title elementor-size-default\">Tauchen Sie ein in den immersiven Animationsfilm \u201eVerwandlung\u201c<\/h2>\t\t\t\t<\/div>\n\t\t\t\t<\/div>\n\t\t\t\t<div class=\"elementor-element elementor-element-b2d1e38 elementor-widget elementor-widget-text-editor\" data-id=\"b2d1e38\" data-element_type=\"widget\" data-e-type=\"widget\" data-widget_type=\"text-editor.default\">\n\t\t\t\t<div class=\"elementor-widget-container\">\n\t\t\t\t\t\t\t\t\t<p style=\"text-align: left;\">Sp\u00fcren Sie in der aktuellen Wechselausstellung die Kraft der Objekte, die Vergangenheit, Gegenwart und Gemeinschaften verbinden. Der Film l\u00e4dt dazu ein, Momente, Erinnerungen und Assoziationen zu erfahren, die Berliner J\u00fcdinnen und Juden heute mit historischen Objekten aus der Sammlung des Museums in Verbindung bringen.<\/p>\t\t\t\t\t\t\t\t<\/div>\n\t\t\t\t<\/div>\n\t\t\t\t<div class=\"elementor-element elementor-element-464272e elementor-widget elementor-widget-image\" data-id=\"464272e\" data-element_type=\"widget\" data-e-type=\"widget\" data-widget_type=\"image.default\">\n\t\t\t\t<div class=\"elementor-widget-container\">\n\t\t\t\t\t\t\t\t\t\t\t\t\t\t\t<img loading=\"lazy\" decoding=\"async\" width=\"2560\" height=\"1919\" src=\"https:\/\/centrumjudaicum.de\/wp-content\/uploads\/2025\/04\/B0206492-scaled.jpg\" class=\"attachment-full size-full wp-image-26432\" alt=\"\" srcset=\"https:\/\/centrumjudaicum.de\/wp-content\/uploads\/2025\/04\/B0206492-scaled.jpg 2560w, https:\/\/centrumjudaicum.de\/wp-content\/uploads\/2025\/04\/B0206492-300x225.jpg 300w, https:\/\/centrumjudaicum.de\/wp-content\/uploads\/2025\/04\/B0206492-1024x768.jpg 1024w, https:\/\/centrumjudaicum.de\/wp-content\/uploads\/2025\/04\/B0206492-768x576.jpg 768w, https:\/\/centrumjudaicum.de\/wp-content\/uploads\/2025\/04\/B0206492-1536x1151.jpg 1536w, https:\/\/centrumjudaicum.de\/wp-content\/uploads\/2025\/04\/B0206492-2048x1535.jpg 2048w, https:\/\/centrumjudaicum.de\/wp-content\/uploads\/2025\/04\/B0206492-16x12.jpg 16w\" sizes=\"(max-width: 2560px) 100vw, 2560px\" \/>\t\t\t\t\t\t\t\t\t\t\t\t\t\t\t<\/div>\n\t\t\t\t<\/div>\n\t\t\t\t<div class=\"elementor-element elementor-element-40435ab elementor-widget elementor-widget-spacer\" data-id=\"40435ab\" data-element_type=\"widget\" data-e-type=\"widget\" data-widget_type=\"spacer.default\">\n\t\t\t\t<div class=\"elementor-widget-container\">\n\t\t\t\t\t\t\t<div class=\"elementor-spacer\">\n\t\t\t<div class=\"elementor-spacer-inner\"><\/div>\n\t\t<\/div>\n\t\t\t\t\t\t<\/div>\n\t\t\t\t<\/div>\n\t\t\t\t<div class=\"elementor-element elementor-element-1622002d elementor-widget elementor-widget-heading\" data-id=\"1622002d\" data-element_type=\"widget\" data-e-type=\"widget\" data-widget_type=\"heading.default\">\n\t\t\t\t<div class=\"elementor-widget-container\">\n\t\t\t\t\t<h2 class=\"elementor-heading-title elementor-size-default\">Ein virtuelles Highlight<\/h2>\t\t\t\t<\/div>\n\t\t\t\t<\/div>\n\t\t\t\t<div class=\"elementor-element elementor-element-7711f59a elementor-widget elementor-widget-image\" data-id=\"7711f59a\" data-element_type=\"widget\" data-e-type=\"widget\" data-widget_type=\"image.default\">\n\t\t\t\t<div class=\"elementor-widget-container\">\n\t\t\t\t\t\t\t\t\t\t\t\t\t\t\t<img loading=\"lazy\" decoding=\"async\" width=\"1920\" height=\"1080\" src=\"https:\/\/centrumjudaicum.de\/wp-content\/uploads\/2025\/04\/Flyer.jpg\" class=\"attachment-full size-full wp-image-24429\" alt=\"Virtuelle Rekonstruktion des Gebetsaals der Neuen Synagoge Berlin. Zu sehen ist im Bildzentrum die Bima, das Tora-Lesepult, rechts und links vorne sind Sitzreihen sichtbar.\" srcset=\"https:\/\/centrumjudaicum.de\/wp-content\/uploads\/2025\/04\/Flyer.jpg 1920w, https:\/\/centrumjudaicum.de\/wp-content\/uploads\/2025\/04\/Flyer-300x169.jpg 300w, https:\/\/centrumjudaicum.de\/wp-content\/uploads\/2025\/04\/Flyer-1024x576.jpg 1024w, https:\/\/centrumjudaicum.de\/wp-content\/uploads\/2025\/04\/Flyer-768x432.jpg 768w, https:\/\/centrumjudaicum.de\/wp-content\/uploads\/2025\/04\/Flyer-1536x864.jpg 1536w, https:\/\/centrumjudaicum.de\/wp-content\/uploads\/2025\/04\/Flyer-18x10.jpg 18w\" sizes=\"(max-width: 1920px) 100vw, 1920px\" \/>\t\t\t\t\t\t\t\t\t\t\t\t\t\t\t<\/div>\n\t\t\t\t<\/div>\n\t\t\t\t<div class=\"elementor-element elementor-element-700f0a6a elementor-widget elementor-widget-text-editor\" data-id=\"700f0a6a\" data-element_type=\"widget\" data-e-type=\"widget\" data-widget_type=\"text-editor.default\">\n\t\t\t\t<div class=\"elementor-widget-container\">\n\t\t\t\t\t\t\t\t\t<p style=\"text-align: left;\">Als Teil der Ausstellung k\u00f6nnen Sie in dem immersiven Film \u201eVerwandlung\u201c au\u00dferdem den zerst\u00f6rten Hauptgebetssaal der Neuen Synagoge Berlin teilweise virtuell rekonstruiert erleben. Der Gebetssaal, der vor seiner Besch\u00e4digung 1943 und Sprengung 1958 f\u00fcr 3200 Menschen Platz bot, wurde als ein ehemals bedeutender Ort f\u00fcr J\u00fcdinnen und Juden in der virtuellen Welt zum Leben erweckt.<\/p>\t\t\t\t\t\t\t\t<\/div>\n\t\t\t\t<\/div>\n\t\t\t\t\t<\/div>\n\t\t\t\t<\/div>\n\t\t<div class=\"elementor-element elementor-element-055c6ed e-ecs-flex e-flex e-con-boxed e-con e-parent\" data-id=\"055c6ed\" data-element_type=\"container\" data-e-type=\"container\" data-settings=\"{&quot;background_background&quot;:&quot;classic&quot;,&quot;ecs_container_type&quot;:&quot;flex&quot;}\">\n\t\t\t\t\t<div class=\"e-con-inner\">\n\t\t\t\t<div class=\"elementor-element elementor-element-ce108e2 elementor-widget elementor-widget-spacer\" data-id=\"ce108e2\" data-element_type=\"widget\" data-e-type=\"widget\" data-widget_type=\"spacer.default\">\n\t\t\t\t<div class=\"elementor-widget-container\">\n\t\t\t\t\t\t\t<div class=\"elementor-spacer\">\n\t\t\t<div class=\"elementor-spacer-inner\"><\/div>\n\t\t<\/div>\n\t\t\t\t\t\t<\/div>\n\t\t\t\t<\/div>\n\t\t\t\t<div class=\"elementor-element elementor-element-f57c587 elementor-widget elementor-widget-heading\" data-id=\"f57c587\" data-element_type=\"widget\" data-e-type=\"widget\" data-widget_type=\"heading.default\">\n\t\t\t\t<div class=\"elementor-widget-container\">\n\t\t\t\t\t<h2 class=\"elementor-heading-title elementor-size-default\"><a href=\"#Podcast-GD-Ausstellung\">How To ... Gef\u00fchlsdinge<\/a><\/h2>\t\t\t\t<\/div>\n\t\t\t\t<\/div>\n\t\t\t\t<div class=\"elementor-element elementor-element-8d156b6 elementor-widget elementor-widget-text-editor\" data-id=\"8d156b6\" data-element_type=\"widget\" data-e-type=\"widget\" data-widget_type=\"text-editor.default\">\n\t\t\t\t<div class=\"elementor-widget-container\">\n\t\t\t\t\t\t\t\t\t<p style=\"text-align: left;\">Der Podcast zur Ausstellung<\/p>\t\t\t\t\t\t\t\t<\/div>\n\t\t\t\t<\/div>\n\t\t<div class=\"elementor-element elementor-element-93da769 e-grid e-con-full e-ecs-flex e-con e-child\" data-id=\"93da769\" data-element_type=\"container\" data-e-type=\"container\" data-settings=\"{&quot;ecs_container_type&quot;:&quot;flex&quot;}\">\n\t\t\t\t<div class=\"elementor-element elementor-element-9effe90 elementor-widget elementor-widget-image\" data-id=\"9effe90\" data-element_type=\"widget\" data-e-type=\"widget\" data-widget_type=\"image.default\">\n\t\t\t\t<div class=\"elementor-widget-container\">\n\t\t\t\t\t\t\t\t\t\t\t\t\t\t\t<img loading=\"lazy\" decoding=\"async\" width=\"768\" height=\"768\" src=\"https:\/\/centrumjudaicum.de\/wp-content\/uploads\/2025\/04\/2025-07-14-Gefuehls-Dinge-Digitale-Formate_QR-768x768.jpg\" class=\"attachment-medium_large size-medium_large wp-image-24657\" alt=\"\" srcset=\"https:\/\/centrumjudaicum.de\/wp-content\/uploads\/2025\/04\/2025-07-14-Gefuehls-Dinge-Digitale-Formate_QR-768x768.jpg 768w, https:\/\/centrumjudaicum.de\/wp-content\/uploads\/2025\/04\/2025-07-14-Gefuehls-Dinge-Digitale-Formate_QR-300x300.jpg 300w, https:\/\/centrumjudaicum.de\/wp-content\/uploads\/2025\/04\/2025-07-14-Gefuehls-Dinge-Digitale-Formate_QR-1024x1024.jpg 1024w, https:\/\/centrumjudaicum.de\/wp-content\/uploads\/2025\/04\/2025-07-14-Gefuehls-Dinge-Digitale-Formate_QR-150x150.jpg 150w, https:\/\/centrumjudaicum.de\/wp-content\/uploads\/2025\/04\/2025-07-14-Gefuehls-Dinge-Digitale-Formate_QR-1536x1536.jpg 1536w, https:\/\/centrumjudaicum.de\/wp-content\/uploads\/2025\/04\/2025-07-14-Gefuehls-Dinge-Digitale-Formate_QR-2048x2048.jpg 2048w, https:\/\/centrumjudaicum.de\/wp-content\/uploads\/2025\/04\/2025-07-14-Gefuehls-Dinge-Digitale-Formate_QR-12x12.jpg 12w\" sizes=\"(max-width: 768px) 100vw, 768px\" \/>\t\t\t\t\t\t\t\t\t\t\t\t\t\t\t<\/div>\n\t\t\t\t<\/div>\n\t\t\t\t<div class=\"elementor-element elementor-element-8210422 elementor-widget elementor-widget-text-editor\" data-id=\"8210422\" data-element_type=\"widget\" data-e-type=\"widget\" data-widget_type=\"text-editor.default\">\n\t\t\t\t<div class=\"elementor-widget-container\">\n\t\t\t\t\t\t\t\t\t<p>\u00a0<\/p><p>Ein Podcast begleitend zur Wechselausstellung <br \/>\u201eGef\u00fchlsdinge \u2013 How to listen to objects\u201c, die vom 22.05.2025 bis zum 12.04.2026 in der Stiftung Neue Synagoge \u2013 Centrum Judaicum besucht werden kann. <br \/>Wir begeben uns hinter die Kulissen der Ausstellungs-gestaltung, machen h\u00f6rbar, was nicht sichtbar ist und bieten zus\u00e4tzliche Informationen zu den Menschen, die das Projekt erm\u00f6glicht haben. Daf\u00fcr sprechen wir mit ihnen \u00fcber ihre pers\u00f6nlichen Erfahrungen, sie teilen ihr Wissen und wir gehen u.a. folgenden Fragen nach: Wie kommt ein Objekt in unsere Museumssammlung, welche Verantwortung haben wir gegen\u00fcber ihnen, wer hat welches Wissen \u00fcber sie und wer oder was bestimmt, wie wir mit ihnen umgehen? <br \/>Am Ende entsteht dabei ein Mix an Gef\u00fchlen und Objekt-geschichten, die nebeneinanderstehen k\u00f6nnen, ohne dass wir uns als Menschen gegeneinander ausspielen lassen.<\/p>\t\t\t\t\t\t\t\t<\/div>\n\t\t\t\t<\/div>\n\t\t\t\t<\/div>\n\t\t\t\t<div class=\"elementor-element elementor-element-2df8085 elementor-widget elementor-widget-spacer\" data-id=\"2df8085\" data-element_type=\"widget\" data-e-type=\"widget\" data-widget_type=\"spacer.default\">\n\t\t\t\t<div class=\"elementor-widget-container\">\n\t\t\t\t\t\t\t<div class=\"elementor-spacer\">\n\t\t\t<div class=\"elementor-spacer-inner\"><\/div>\n\t\t<\/div>\n\t\t\t\t\t\t<\/div>\n\t\t\t\t<\/div>\n\t\t\t\t\t<\/div>\n\t\t\t\t<\/div>\n\t\t<div class=\"elementor-element elementor-element-c4c05fe e-ecs-flex e-flex e-con-boxed e-con e-parent\" data-id=\"c4c05fe\" data-element_type=\"container\" data-e-type=\"container\" data-settings=\"{&quot;ecs_container_type&quot;:&quot;flex&quot;}\">\n\t\t\t\t\t<div class=\"e-con-inner\">\n\t\t<div class=\"elementor-element elementor-element-f82b0f9 e-con-full e-ecs-flex e-flex e-con e-child\" data-id=\"f82b0f9\" data-element_type=\"container\" data-e-type=\"container\" data-settings=\"{&quot;ecs_container_type&quot;:&quot;flex&quot;}\">\n\t\t\t\t<div class=\"elementor-element elementor-element-c0b95c8 elementor-widget elementor-widget-image\" data-id=\"c0b95c8\" data-element_type=\"widget\" data-e-type=\"widget\" data-widget_type=\"image.default\">\n\t\t\t\t<div class=\"elementor-widget-container\">\n\t\t\t\t\t\t\t\t\t\t\t\t\t\t\t<img loading=\"lazy\" decoding=\"async\" width=\"800\" height=\"800\" src=\"https:\/\/centrumjudaicum.de\/wp-content\/uploads\/2025\/04\/Cover-Gefuehlsdinge-Podcast_Folge-1-1024x1024.png\" class=\"attachment-large size-large wp-image-24681\" alt=\"Cover der ersten Folge des Podcasts &quot;How to Gef\u00fchlsdinge&quot;. Grafik in Briefmarkenoptik mit pastellgr\u00fcnem Rand, in der Mitte ein Foto von einem Reisekoffer, der von einer Person am Griff gehalten wird, es ist nur der Arm der Person sichtbar. Titel in lila und roter Schrift oberhalb des Bildes: &quot;How to .. Gef\u00fchlsdinge&quot;. Unterhalb des Bildes steht der Folgentitel in roter Schrift: &quot;Podcastfolge 1: How to Kuration und Community-Building - Was hat sich das Museum blo\u00df dabei gedacht?&quot;\" srcset=\"https:\/\/centrumjudaicum.de\/wp-content\/uploads\/2025\/04\/Cover-Gefuehlsdinge-Podcast_Folge-1-1024x1024.png 1024w, https:\/\/centrumjudaicum.de\/wp-content\/uploads\/2025\/04\/Cover-Gefuehlsdinge-Podcast_Folge-1-300x300.png 300w, https:\/\/centrumjudaicum.de\/wp-content\/uploads\/2025\/04\/Cover-Gefuehlsdinge-Podcast_Folge-1-150x150.png 150w, https:\/\/centrumjudaicum.de\/wp-content\/uploads\/2025\/04\/Cover-Gefuehlsdinge-Podcast_Folge-1-768x768.png 768w, https:\/\/centrumjudaicum.de\/wp-content\/uploads\/2025\/04\/Cover-Gefuehlsdinge-Podcast_Folge-1-12x12.png 12w, https:\/\/centrumjudaicum.de\/wp-content\/uploads\/2025\/04\/Cover-Gefuehlsdinge-Podcast_Folge-1.png 1080w\" sizes=\"(max-width: 800px) 100vw, 800px\" \/>\t\t\t\t\t\t\t\t\t\t\t\t\t\t\t<\/div>\n\t\t\t\t<\/div>\n\t\t\t\t<div class=\"elementor-element elementor-element-e5941dd elementor-widget elementor-widget-text-editor\" data-id=\"e5941dd\" data-element_type=\"widget\" data-e-type=\"widget\" data-widget_type=\"text-editor.default\">\n\t\t\t\t<div class=\"elementor-widget-container\">\n\t\t\t\t\t\t\t\t\t<p><audio class=\"wp-audio-shortcode\" id=\"audio-24283-1\" preload=\"none\" style=\"width: 100%;\" controls=\"controls\"><source type=\"audio\/mpeg\" src=\"https:\/\/centrumjudaicum.de\/wp-content\/uploads\/2025\/04\/Podcast-Folge-1_final.mp3?_=1\" \/><a href=\"https:\/\/centrumjudaicum.de\/wp-content\/uploads\/2025\/04\/Podcast-Folge-1_final.mp3\">https:\/\/centrumjudaicum.de\/wp-content\/uploads\/2025\/04\/Podcast-Folge-1_final.mp3<\/a><\/audio><\/p><p><strong>Folge 1: <br \/>How to &#8230; Kuration und Community-Building:<br \/>Was hat sich das Museum blo\u00df dabei gedacht?<\/strong><\/p><p>In der ersten Folge spricht Quoi R\u00f6wer (Volont\u00e4r:in) mit der Kuratorin der Ausstellung und stellvertretenden Direktorin der Stiftung Neue Synagoge &#8211; Centrum Judaicum, Alina Gromova und der Community-Kuratorin Inessa Dolinskaya dar\u00fcber, was die Ausstellung im Kern ausmacht, was es mit den Gef\u00fchlsdingen auf sich hat und wie der Weg von der ersten Idee hin zu den finalen Inhalten der Ausstellung bestritten wurde.<\/p>\t\t\t\t\t\t\t\t<\/div>\n\t\t\t\t<\/div>\n\t\t\t\t<\/div>\n\t\t<div class=\"elementor-element elementor-element-b2cc1d1 e-con-full e-ecs-flex e-flex e-con e-child\" data-id=\"b2cc1d1\" data-element_type=\"container\" data-e-type=\"container\" data-settings=\"{&quot;ecs_container_type&quot;:&quot;flex&quot;}\">\n\t\t\t\t<div class=\"elementor-element elementor-element-fc9893d elementor-widget elementor-widget-image\" data-id=\"fc9893d\" data-element_type=\"widget\" data-e-type=\"widget\" data-widget_type=\"image.default\">\n\t\t\t\t<div class=\"elementor-widget-container\">\n\t\t\t\t\t\t\t\t\t\t\t\t\t\t\t<img loading=\"lazy\" decoding=\"async\" width=\"800\" height=\"800\" src=\"https:\/\/centrumjudaicum.de\/wp-content\/uploads\/2025\/04\/Cover-Gefuehlsdinge-Podcast_Folge-2-1024x1024.png\" class=\"attachment-large size-large wp-image-25305\" alt=\"Rechteckiges Cover f\u00fcr die zweite Podcastefolge von &quot;How to ... Gef\u00fchlsdinge&quot;, Grafik in Postkartenoptik, pastellgr\u00fcner Rand, in der Mitte ein Foto von einem Etrog-Beh\u00e4lter, der auf einem Tisch steht. Titel in roter Schrift: &quot;How to Gef\u00fchlsdinge - Podcastfolge 2 - How to ... Involvieren: Wer? Macht? Was? - Perspektiven aus der Community!&quot;\" srcset=\"https:\/\/centrumjudaicum.de\/wp-content\/uploads\/2025\/04\/Cover-Gefuehlsdinge-Podcast_Folge-2-1024x1024.png 1024w, https:\/\/centrumjudaicum.de\/wp-content\/uploads\/2025\/04\/Cover-Gefuehlsdinge-Podcast_Folge-2-300x300.png 300w, https:\/\/centrumjudaicum.de\/wp-content\/uploads\/2025\/04\/Cover-Gefuehlsdinge-Podcast_Folge-2-150x150.png 150w, https:\/\/centrumjudaicum.de\/wp-content\/uploads\/2025\/04\/Cover-Gefuehlsdinge-Podcast_Folge-2-768x768.png 768w, https:\/\/centrumjudaicum.de\/wp-content\/uploads\/2025\/04\/Cover-Gefuehlsdinge-Podcast_Folge-2-12x12.png 12w, https:\/\/centrumjudaicum.de\/wp-content\/uploads\/2025\/04\/Cover-Gefuehlsdinge-Podcast_Folge-2.png 1080w\" sizes=\"(max-width: 800px) 100vw, 800px\" \/>\t\t\t\t\t\t\t\t\t\t\t\t\t\t\t<\/div>\n\t\t\t\t<\/div>\n\t\t\t\t<div class=\"elementor-element elementor-element-ac0ffd4 elementor-widget elementor-widget-text-editor\" data-id=\"ac0ffd4\" data-element_type=\"widget\" data-e-type=\"widget\" data-widget_type=\"text-editor.default\">\n\t\t\t\t<div class=\"elementor-widget-container\">\n\t\t\t\t\t\t\t\t\t<p><audio class=\"wp-audio-shortcode\" id=\"audio-24283-2\" preload=\"none\" style=\"width: 100%;\" controls=\"controls\"><source type=\"audio\/mpeg\" src=\"https:\/\/centrumjudaicum.de\/wp-content\/uploads\/2025\/08\/20250722_Gefuehlsdinge_Podcast-Folge-2_Final.mp3?_=2\" \/><a href=\"https:\/\/centrumjudaicum.de\/wp-content\/uploads\/2025\/08\/20250722_Gefuehlsdinge_Podcast-Folge-2_Final.mp3\">https:\/\/centrumjudaicum.de\/wp-content\/uploads\/2025\/08\/20250722_Gefuehlsdinge_Podcast-Folge-2_Final.mp3<\/a><\/audio><\/p><p><strong>Folge 2:<\/strong><br \/><strong>How to &#8230; Involvieren: Wer? Macht? Was? Perspektiven aus der Community<\/strong><\/p><p data-pm-slice=\"1 1 []\">In dieser Folge sind Miksa G\u00e1sp\u00e1r und Dalik Sojref zu Gast, zwei Protagonisten der Ausstellung\u2060. Quoi R\u00f6wer (Volont\u00e4r:in) spricht mit ihnen dar\u00fcber, wie sie die Community-Workshops erlebt haben, auf denen die Ausstellung aufbaut. Sie verraten, wie es ist, ihre Geschichten ausgestellt zu sehen. Und wir tauschen uns dar\u00fcber aus, ob die Ausstellung oder die Methodik dahinter zu einem Gemeinschaftsgef\u00fchl beitragen kann und welche Relevanz <em>Gef\u00fchlsdinge<\/em> f\u00fcr j\u00fcdische Communitys oder Berliner:innen hat.<\/p>\t\t\t\t\t\t\t\t<\/div>\n\t\t\t\t<\/div>\n\t\t\t\t<\/div>\n\t\t<div class=\"elementor-element elementor-element-375fa69 e-con-full e-ecs-flex e-flex e-con e-child\" data-id=\"375fa69\" data-element_type=\"container\" data-e-type=\"container\" data-settings=\"{&quot;ecs_container_type&quot;:&quot;flex&quot;}\">\n\t\t\t\t<div class=\"elementor-element elementor-element-1639cd0 elementor-widget elementor-widget-image\" data-id=\"1639cd0\" data-element_type=\"widget\" data-e-type=\"widget\" data-widget_type=\"image.default\">\n\t\t\t\t<div class=\"elementor-widget-container\">\n\t\t\t\t\t\t\t\t\t\t\t\t\t\t\t<img loading=\"lazy\" decoding=\"async\" width=\"800\" height=\"800\" src=\"https:\/\/centrumjudaicum.de\/wp-content\/uploads\/2025\/09\/Cover_Podcastfolge-3-1024x1024.png\" class=\"attachment-large size-large wp-image-25521\" alt=\"Cover der dritten Podcastfolge von &quot;How to ... Gef\u00fchlsdinge&quot;: Hellgr\u00fcner Rand in der Optik einer Briefmarke, mittig ein Foto von einem Gew\u00e4chshaus, in dem sich Museumsobjekte befinden. Oberhalb und unterhalb des Bildes steht in lila und roter Schrift der Titel des Podcasts und der Folge: How to ... Gestaltung: Wie kommen die Gef\u00fchle in den Raum?&quot;\" srcset=\"https:\/\/centrumjudaicum.de\/wp-content\/uploads\/2025\/09\/Cover_Podcastfolge-3-1024x1024.png 1024w, https:\/\/centrumjudaicum.de\/wp-content\/uploads\/2025\/09\/Cover_Podcastfolge-3-300x300.png 300w, https:\/\/centrumjudaicum.de\/wp-content\/uploads\/2025\/09\/Cover_Podcastfolge-3-150x150.png 150w, https:\/\/centrumjudaicum.de\/wp-content\/uploads\/2025\/09\/Cover_Podcastfolge-3-768x768.png 768w, https:\/\/centrumjudaicum.de\/wp-content\/uploads\/2025\/09\/Cover_Podcastfolge-3-12x12.png 12w, https:\/\/centrumjudaicum.de\/wp-content\/uploads\/2025\/09\/Cover_Podcastfolge-3.png 1080w\" sizes=\"(max-width: 800px) 100vw, 800px\" \/>\t\t\t\t\t\t\t\t\t\t\t\t\t\t\t<\/div>\n\t\t\t\t<\/div>\n\t\t\t\t<div class=\"elementor-element elementor-element-ccbc57d elementor-widget elementor-widget-text-editor\" data-id=\"ccbc57d\" data-element_type=\"widget\" data-e-type=\"widget\" data-widget_type=\"text-editor.default\">\n\t\t\t\t<div class=\"elementor-widget-container\">\n\t\t\t\t\t\t\t\t\t<p><audio class=\"wp-audio-shortcode\" id=\"audio-24283-3\" preload=\"none\" style=\"width: 100%;\" controls=\"controls\"><source type=\"audio\/mpeg\" src=\"https:\/\/centrumjudaicum.de\/wp-content\/uploads\/2025\/04\/20250912_Podcast-Folge-3_Schnitt_final.mp3?_=3\" \/><a href=\"https:\/\/centrumjudaicum.de\/wp-content\/uploads\/2025\/04\/20250912_Podcast-Folge-3_Schnitt_final.mp3\">https:\/\/centrumjudaicum.de\/wp-content\/uploads\/2025\/04\/20250912_Podcast-Folge-3_Schnitt_final.mp3<\/a><\/audio><\/p><p><strong>Folge 3: <br \/>How to &#8230; Gestaltung: Wie kommen die Gef\u00fchle in den Raum?<br \/><\/strong><\/p><p><span data-slate-node=\"text\"><span class=\"sc-gbwXoZ cetDdh\" data-slate-leaf=\"true\">In der dritten Folge sprechen Quoi R\u00f6wer (Volont\u00e4r:in) und die Digitalkuratorin Monika Keenan \u00fcber die (visuelle) Gestaltung der Ausstellung <\/span><\/span><span contenteditable=\"false\">\u2060<\/span><span data-slate-node=\"text\"><span class=\"sc-gbwXoZ cetDdh\" data-slate-leaf=\"true\"><em>Gef\u00fchlsdinge<\/em><\/span><\/span><span contenteditable=\"false\">\u2060<\/span><span data-slate-node=\"text\"><span class=\"sc-gbwXoZ cetDdh\" data-slate-leaf=\"true\">: Wie kommen die Gef\u00fchle und Gef\u00fchlsdinge in den Raum? Von Jan Totzek (Polyvista \u2013 Immersive Media Creatives) h\u00f6ren wir, wie der 360-grad-Film <\/span><\/span><span data-slate-node=\"text\"><span class=\"sc-gbwXoZ cetDdh\" data-slate-leaf=\"true\"><em>Verwandlung<\/em><\/span><\/span><span data-slate-node=\"text\" data-slate-fragment=\"JTVCJTdCJTIydHlwZSUyMiUzQSUyMnBhcmFncmFwaCUyMiUyQyUyMmNoaWxkcmVuJTIyJTNBJTVCJTdCJTIydGV4dCUyMiUzQSUyMkluJTIwZGVyJTIwZHJpdHRlbiUyMEZvbGdlJTIwc3ByZWNoZW4lMjBRdW9pJTIwUiVDMyVCNndlciUyMChWb2xvbnQlQzMlQTRyJTNBaW4pJTIwdW5kJTIwZGllJTIwRGlnaXRhbGt1cmF0b3JpbiUyME1vbmlrYSUyMEtlZW5hbiUyMCVDMyVCQ2JlciUyMGRpZSUyMCh2aXN1ZWxsZSklMjBHZXN0YWx0dW5nJTIwZGVyJTIwQXVzc3RlbGx1bmclMjAlMjIlN0QlMkMlN0IlMjJ0eXBlJTIyJTNBJTIybGluayUyMiUyQyUyMnVybCUyMiUzQSUyMmh0dHBzJTNBJTJGJTJGY2VudHJ1bWp1ZGFpY3VtLmRlJTJGcG9ydGZvbGlvJTJGZ2VmdWVobHNkaW5nZSUyRiUyMiUyQyUyMnRhcmdldCUyMiUzQSUyMl9ibGFuayUyMiUyQyUyMnJlbCUyMiUzQSUyMnVnYyUyMG5vb3BlbmVyJTIwbm9yZWZlcnJlciUyMiUyQyUyMmNoaWxkcmVuJTIyJTNBJTVCJTdCJTIydGV4dCUyMiUzQSUyMkdlZiVDMyVCQ2hsc2RpbmdlJTIyJTJDJTIyaXRhbGljJTIyJTNBdHJ1ZSU3RCU1RCU3RCUyQyU3QiUyMnRleHQlMjIlM0ElMjIlM0ElMjBXaWUlMjBrb21tZW4lMjBkaWUlMjBHZWYlQzMlQkNobGUlMjB1bmQlMjBHZWYlQzMlQkNobHNkaW5nZSUyMGluJTIwZGVuJTIwUmF1bSUzRiUyMFZvbiUyMEphbiUyMFRvdHplayUyMChQb2x5dmlzdGElMjAlRTIlODAlOTMlMjBJbW1lcnNpdmUlMjBNZWRpYSUyMENyZWF0aXZlcyklMjBoJUMzJUI2cmVuJTIwd2lyJTJDJTIwd2llJTIwZGVyJTIwMzYwLWdyYWQtRmlsbSUyMCUyMiU3RCUyQyU3QiUyMnRleHQlMjIlM0ElMjJWZXJ3YW5kbHVuZyUyMiUyQyUyMml0YWxpYyUyMiUzQXRydWUlN0QlMkMlN0IlMjJ0ZXh0JTIyJTNBJTIyJTIwZ2VzdGFsdGV0JTIwd3VyZGUlMkMlMjBkZXIlMjBpbiUyMGRpZSUyMEF1c3N0ZWxsdW5nJTIwZWlubGVpdGV0LiUyMFVuZCUyMGRpZSUyMEdlc3RhbHRlciUyMHVuZCUyMEdyYWZpa2Rlc2lnbmVyJTIwTWFyaXVzJTIwRiVDMyVCNnJzdGVyJTIwdW5kJTIwUm9iZXJ0JTIwUHJldXNzZSUyMChvcGVyYXRpdmUuc3BhY2UpJTIwZXJrbCVDMyVBNHJlbiUyQyUyMHdpZSUyMHNpZSUyMGRlbiUyMEF1c3N0ZWxsdW5nc3JhdW0lMjBpbnN6ZW5pZXJ0JTIwdW5kJTIwZGllJTIwdmlzdWVsbGUlMjBLb21tdW5pa2F0aW9uJTIwYW5nZWdhbmdlbiUyMHNpbmQuJTIyJTdEJTVEJTdEJTVE\"><span class=\"sc-gbwXoZ cetDdh\" data-slate-leaf=\"true\"> gestaltet wurde, der in die Ausstellung einleitet. Und die Gestalter und Grafikdesigner Marius F\u00f6rster und Robert Preusse (operative.space) erkl\u00e4ren, wie sie den Ausstellungsraum inszeniert und die visuelle Kommunikation angegangen sind.<\/span><\/span><\/p>\t\t\t\t\t\t\t\t<\/div>\n\t\t\t\t<\/div>\n\t\t\t\t<\/div>\n\t\t<div class=\"elementor-element elementor-element-50cd94f e-ecs-flex e-flex e-con-boxed e-con e-child\" data-id=\"50cd94f\" data-element_type=\"container\" data-e-type=\"container\" data-settings=\"{&quot;ecs_container_type&quot;:&quot;flex&quot;}\">\n\t\t\t\t\t<div class=\"e-con-inner\">\n\t\t\t\t<div class=\"elementor-element elementor-element-e978cc0 elementor-widget elementor-widget-menu-anchor\" data-id=\"e978cc0\" data-element_type=\"widget\" data-e-type=\"widget\" id=\"Podcast-GD-Ausstellung\" data-widget_type=\"menu-anchor.default\">\n\t\t\t\t<div class=\"elementor-widget-container\">\n\t\t\t\t\t\t\t<div class=\"elementor-menu-anchor\" id=\"Podcast-GD\"><\/div>\n\t\t\t\t\t\t<\/div>\n\t\t\t\t<\/div>\n\t\t\t\t\t<\/div>\n\t\t\t\t<\/div>\n\t\t<div class=\"elementor-element elementor-element-97f2afb e-con-full e-ecs-flex e-flex e-con e-child\" data-id=\"97f2afb\" data-element_type=\"container\" data-e-type=\"container\" data-settings=\"{&quot;ecs_container_type&quot;:&quot;flex&quot;}\">\n\t\t\t\t<div class=\"elementor-element elementor-element-7660f0f elementor-icon-list--layout-traditional elementor-list-item-link-full_width elementor-widget elementor-widget-icon-list\" data-id=\"7660f0f\" data-element_type=\"widget\" data-e-type=\"widget\" data-widget_type=\"icon-list.default\">\n\t\t\t\t<div class=\"elementor-widget-container\">\n\t\t\t\t\t\t\t<ul class=\"elementor-icon-list-items\">\n\t\t\t\t\t\t\t<li class=\"elementor-icon-list-item\">\n\t\t\t\t\t\t\t\t\t\t\t<a href=\"https:\/\/creators.spotify.com\/pod\/profile\/stiftung-neue-synagoge-be\/episodes\/How-to-----Kuration-und-Community-Building--was-hat-sich-das-Museum-blo-dabei-gedacht-e35dtcc\">\n\n\t\t\t\t\t\t\t\t\t\t\t\t<span class=\"elementor-icon-list-icon\">\n\t\t\t\t\t\t\t<i aria-hidden=\"true\" class=\"fas fa-external-link-alt\"><\/i>\t\t\t\t\t\t<\/span>\n\t\t\t\t\t\t\t\t\t\t<span class=\"elementor-icon-list-text\">Spotify<\/span>\n\t\t\t\t\t\t\t\t\t\t\t<\/a>\n\t\t\t\t\t\t\t\t\t<\/li>\n\t\t\t\t\t\t\t\t<li class=\"elementor-icon-list-item\">\n\t\t\t\t\t\t\t\t\t\t\t<a href=\"https:\/\/podcasts.apple.com\/us\/podcast\/how-to-kuration-und-community-building-was-hat-sich\/id1833900115?i=1000722496336\">\n\n\t\t\t\t\t\t\t\t\t\t\t\t<span class=\"elementor-icon-list-icon\">\n\t\t\t\t\t\t\t<i aria-hidden=\"true\" class=\"fas fa-external-link-alt\"><\/i>\t\t\t\t\t\t<\/span>\n\t\t\t\t\t\t\t\t\t\t<span class=\"elementor-icon-list-text\">Apple Podcast<\/span>\n\t\t\t\t\t\t\t\t\t\t\t<\/a>\n\t\t\t\t\t\t\t\t\t<\/li>\n\t\t\t\t\t\t<\/ul>\n\t\t\t\t\t\t<\/div>\n\t\t\t\t<\/div>\n\t\t\t\t<\/div>\n\t\t<div class=\"elementor-element elementor-element-ed06b99 e-con-full e-ecs-flex e-flex e-con e-child\" data-id=\"ed06b99\" data-element_type=\"container\" data-e-type=\"container\" data-settings=\"{&quot;ecs_container_type&quot;:&quot;flex&quot;}\">\n\t\t\t\t<div class=\"elementor-element elementor-element-32061c7 elementor-icon-list--layout-traditional elementor-list-item-link-full_width elementor-widget elementor-widget-icon-list\" data-id=\"32061c7\" data-element_type=\"widget\" data-e-type=\"widget\" data-widget_type=\"icon-list.default\">\n\t\t\t\t<div class=\"elementor-widget-container\">\n\t\t\t\t\t\t\t<ul class=\"elementor-icon-list-items\">\n\t\t\t\t\t\t\t<li class=\"elementor-icon-list-item\">\n\t\t\t\t\t\t\t\t\t\t\t<a href=\"https:\/\/creators.spotify.com\/pod\/profile\/stiftung-neue-synagoge-be\/episodes\/How-to--Involvieren-Wer--Macht--Was---Perspektiven-aus-der-Community-e36t2m6\">\n\n\t\t\t\t\t\t\t\t\t\t\t\t<span class=\"elementor-icon-list-icon\">\n\t\t\t\t\t\t\t<i aria-hidden=\"true\" class=\"fas fa-external-link-alt\"><\/i>\t\t\t\t\t\t<\/span>\n\t\t\t\t\t\t\t\t\t\t<span class=\"elementor-icon-list-text\">Spotify<\/span>\n\t\t\t\t\t\t\t\t\t\t\t<\/a>\n\t\t\t\t\t\t\t\t\t<\/li>\n\t\t\t\t\t\t\t\t<li class=\"elementor-icon-list-item\">\n\t\t\t\t\t\t\t\t\t\t\t<a href=\"https:\/\/podcasts.apple.com\/us\/podcast\/how-to-involvieren-wer-macht-was-perspektiven-aus-der\/id1833900115?i=1000722673898\">\n\n\t\t\t\t\t\t\t\t\t\t\t\t<span class=\"elementor-icon-list-icon\">\n\t\t\t\t\t\t\t<i aria-hidden=\"true\" class=\"fas fa-external-link-alt\"><\/i>\t\t\t\t\t\t<\/span>\n\t\t\t\t\t\t\t\t\t\t<span class=\"elementor-icon-list-text\">Apple Podcast<\/span>\n\t\t\t\t\t\t\t\t\t\t\t<\/a>\n\t\t\t\t\t\t\t\t\t<\/li>\n\t\t\t\t\t\t<\/ul>\n\t\t\t\t\t\t<\/div>\n\t\t\t\t<\/div>\n\t\t\t\t<\/div>\n\t\t<div class=\"elementor-element elementor-element-03affec e-con-full e-ecs-flex e-flex e-con e-child\" data-id=\"03affec\" data-element_type=\"container\" data-e-type=\"container\" data-settings=\"{&quot;ecs_container_type&quot;:&quot;flex&quot;}\">\n\t\t\t\t<div class=\"elementor-element elementor-element-976caf6 elementor-icon-list--layout-traditional elementor-list-item-link-full_width elementor-widget elementor-widget-icon-list\" data-id=\"976caf6\" data-element_type=\"widget\" data-e-type=\"widget\" data-widget_type=\"icon-list.default\">\n\t\t\t\t<div class=\"elementor-widget-container\">\n\t\t\t\t\t\t\t<ul class=\"elementor-icon-list-items\">\n\t\t\t\t\t\t\t<li class=\"elementor-icon-list-item\">\n\t\t\t\t\t\t\t\t\t\t\t<a href=\"https:\/\/creators.spotify.com\/pod\/profile\/stiftung-neue-synagoge-be\/episodes\/How-to-----Gestaltung-Wie-kommen-die-Gefhle-in-den-Raum-e38hvkq\">\n\n\t\t\t\t\t\t\t\t\t\t\t\t<span class=\"elementor-icon-list-icon\">\n\t\t\t\t\t\t\t<i aria-hidden=\"true\" class=\"fas fa-external-link-alt\"><\/i>\t\t\t\t\t\t<\/span>\n\t\t\t\t\t\t\t\t\t\t<span class=\"elementor-icon-list-text\">Spotify<\/span>\n\t\t\t\t\t\t\t\t\t\t\t<\/a>\n\t\t\t\t\t\t\t\t\t<\/li>\n\t\t\t\t\t\t\t\t<li class=\"elementor-icon-list-item\">\n\t\t\t\t\t\t\t\t\t\t\t<a href=\"https:\/\/podcasts.apple.com\/us\/podcast\/how-to-gestaltung-wie-kommen-die-gef%C3%BChle-in-den-raum\/id1833900115?i=1000727910994\">\n\n\t\t\t\t\t\t\t\t\t\t\t\t<span class=\"elementor-icon-list-icon\">\n\t\t\t\t\t\t\t<i aria-hidden=\"true\" class=\"fas fa-external-link-alt\"><\/i>\t\t\t\t\t\t<\/span>\n\t\t\t\t\t\t\t\t\t\t<span class=\"elementor-icon-list-text\">Apple Podcast<\/span>\n\t\t\t\t\t\t\t\t\t\t\t<\/a>\n\t\t\t\t\t\t\t\t\t<\/li>\n\t\t\t\t\t\t<\/ul>\n\t\t\t\t\t\t<\/div>\n\t\t\t\t<\/div>\n\t\t\t\t<\/div>\n\t\t\t\t\t<\/div>\n\t\t\t\t<\/div>\n\t\t\t\t<section class=\"elementor-section elementor-top-section elementor-element elementor-element-726fb056 elementor-section-height-full elementor-hidden-tablet elementor-hidden-mobile elementor-section-boxed elementor-section-height-default elementor-section-items-middle\" data-id=\"726fb056\" data-element_type=\"section\" data-e-type=\"section\" data-settings=\"{&quot;background_background&quot;:&quot;classic&quot;}\">\n\t\t\t\t\t\t<div class=\"elementor-container elementor-column-gap-default\">\n\t\t\t\t\t<div class=\"elementor-column elementor-col-100 elementor-top-column elementor-element elementor-element-30a3323d\" data-id=\"30a3323d\" data-element_type=\"column\" data-e-type=\"column\">\n\t\t\t<div class=\"elementor-widget-wrap\">\n\t\t\t\t\t\t\t<\/div>\n\t\t<\/div>\n\t\t\t\t\t<\/div>\n\t\t<\/section>\n\t\t<div class=\"elementor-element elementor-element-b3ff421 e-ecs-flex e-flex e-con-boxed e-con e-parent\" data-id=\"b3ff421\" data-element_type=\"container\" data-e-type=\"container\" data-settings=\"{&quot;ecs_container_type&quot;:&quot;flex&quot;}\">\n\t\t\t\t\t<div class=\"e-con-inner\">\n\t\t\t\t\t<\/div>\n\t\t\t\t<\/div>\n\t\t\t\t<section class=\"elementor-section elementor-top-section elementor-element elementor-element-2fa9021e elementor-section-boxed elementor-section-height-default elementor-section-height-default\" data-id=\"2fa9021e\" data-element_type=\"section\" data-e-type=\"section\" data-settings=\"{&quot;background_background&quot;:&quot;classic&quot;}\">\n\t\t\t\t\t\t<div class=\"elementor-container elementor-column-gap-no\">\n\t\t\t\t\t<div class=\"elementor-column elementor-col-100 elementor-top-column elementor-element elementor-element-791d7da1\" data-id=\"791d7da1\" data-element_type=\"column\" data-e-type=\"column\">\n\t\t\t<div class=\"elementor-widget-wrap elementor-element-populated\">\n\t\t\t\t\t\t<section class=\"elementor-section elementor-inner-section elementor-element elementor-element-487e7493 elementor-section-boxed elementor-section-height-default elementor-section-height-default\" data-id=\"487e7493\" data-element_type=\"section\" data-e-type=\"section\">\n\t\t\t\t\t\t<div class=\"elementor-container elementor-column-gap-default\">\n\t\t\t\t\t<div class=\"elementor-column elementor-col-100 elementor-inner-column elementor-element elementor-element-69737c11\" data-id=\"69737c11\" data-element_type=\"column\" data-e-type=\"column\">\n\t\t\t<div class=\"elementor-widget-wrap elementor-element-populated\">\n\t\t\t\t\t\t<div class=\"elementor-element elementor-element-2958a2b0 elementor-widget-divider--view-line_text elementor-widget-divider--element-align-center elementor-widget elementor-widget-divider\" data-id=\"2958a2b0\" data-element_type=\"widget\" data-e-type=\"widget\" data-widget_type=\"divider.default\">\n\t\t\t\t<div class=\"elementor-widget-container\">\n\t\t\t\t\t\t\t<div class=\"elementor-divider\">\n\t\t\t<span class=\"elementor-divider-separator\">\n\t\t\t\t\t\t\t<h2 class=\"elementor-divider__text elementor-divider__element\">\n\t\t\t\tGef\u00f6rdert durch\t\t\t\t<\/h2>\n\t\t\t\t\t\t<\/span>\n\t\t<\/div>\n\t\t\t\t\t\t<\/div>\n\t\t\t\t<\/div>\n\t\t\t\t\t<\/div>\n\t\t<\/div>\n\t\t\t\t\t<\/div>\n\t\t<\/section>\n\t\t\t\t<section class=\"elementor-section elementor-inner-section elementor-element elementor-element-7594a3db elementor-section-boxed elementor-section-height-default elementor-section-height-default\" data-id=\"7594a3db\" data-element_type=\"section\" data-e-type=\"section\">\n\t\t\t\t\t\t<div class=\"elementor-container elementor-column-gap-default\">\n\t\t\t\t\t<div class=\"elementor-column elementor-col-33 elementor-inner-column elementor-element elementor-element-12f5bc74\" data-id=\"12f5bc74\" data-element_type=\"column\" data-e-type=\"column\">\n\t\t\t<div class=\"elementor-widget-wrap elementor-element-populated\">\n\t\t\t\t\t\t<div class=\"elementor-element elementor-element-67f63af9 elementor-widget elementor-widget-image\" data-id=\"67f63af9\" data-element_type=\"widget\" data-e-type=\"widget\" data-widget_type=\"image.default\">\n\t\t\t\t<div class=\"elementor-widget-container\">\n\t\t\t\t\t\t\t\t\t\t\t\t\t\t\t<img loading=\"lazy\" decoding=\"async\" width=\"300\" height=\"200\" src=\"https:\/\/centrumjudaicum.de\/wp-content\/uploads\/2025\/04\/Logo-SenKulGesZus.jpg\" class=\"attachment-large size-large wp-image-24466\" alt=\"\" srcset=\"https:\/\/centrumjudaicum.de\/wp-content\/uploads\/2025\/04\/Logo-SenKulGesZus.jpg 300w, https:\/\/centrumjudaicum.de\/wp-content\/uploads\/2025\/04\/Logo-SenKulGesZus-18x12.jpg 18w\" sizes=\"(max-width: 300px) 100vw, 300px\" \/>\t\t\t\t\t\t\t\t\t\t\t\t\t\t\t<\/div>\n\t\t\t\t<\/div>\n\t\t\t\t\t<\/div>\n\t\t<\/div>\n\t\t\t\t<div class=\"elementor-column elementor-col-33 elementor-inner-column elementor-element elementor-element-29055c0f\" data-id=\"29055c0f\" data-element_type=\"column\" data-e-type=\"column\">\n\t\t\t<div class=\"elementor-widget-wrap elementor-element-populated\">\n\t\t\t\t\t\t<div class=\"elementor-element elementor-element-147c87ad elementor-widget elementor-widget-image\" data-id=\"147c87ad\" data-element_type=\"widget\" data-e-type=\"widget\" data-widget_type=\"image.default\">\n\t\t\t\t<div class=\"elementor-widget-container\">\n\t\t\t\t\t\t\t\t\t\t\t\t\t\t\t<img loading=\"lazy\" decoding=\"async\" width=\"300\" height=\"200\" src=\"https:\/\/centrumjudaicum.de\/wp-content\/uploads\/2025\/04\/Kulturstiftung-der-Laeder-web.jpg\" class=\"attachment-large size-large wp-image-24464\" alt=\"\" srcset=\"https:\/\/centrumjudaicum.de\/wp-content\/uploads\/2025\/04\/Kulturstiftung-der-Laeder-web.jpg 300w, https:\/\/centrumjudaicum.de\/wp-content\/uploads\/2025\/04\/Kulturstiftung-der-Laeder-web-18x12.jpg 18w\" sizes=\"(max-width: 300px) 100vw, 300px\" \/>\t\t\t\t\t\t\t\t\t\t\t\t\t\t\t<\/div>\n\t\t\t\t<\/div>\n\t\t\t\t\t<\/div>\n\t\t<\/div>\n\t\t\t\t<div class=\"elementor-column elementor-col-33 elementor-inner-column elementor-element elementor-element-3d6a5f93\" data-id=\"3d6a5f93\" data-element_type=\"column\" data-e-type=\"column\">\n\t\t\t<div class=\"elementor-widget-wrap elementor-element-populated\">\n\t\t\t\t\t\t<div class=\"elementor-element elementor-element-675fd6f elementor-widget elementor-widget-image\" data-id=\"675fd6f\" data-element_type=\"widget\" data-e-type=\"widget\" data-widget_type=\"image.default\">\n\t\t\t\t<div class=\"elementor-widget-container\">\n\t\t\t\t\t\t\t\t\t\t\t\t\t\t\t<img loading=\"lazy\" decoding=\"async\" width=\"300\" height=\"200\" src=\"https:\/\/centrumjudaicum.de\/wp-content\/uploads\/2025\/04\/Aventis-Logo-Web.jpg\" class=\"attachment-large size-large wp-image-24465\" alt=\"\" srcset=\"https:\/\/centrumjudaicum.de\/wp-content\/uploads\/2025\/04\/Aventis-Logo-Web.jpg 300w, https:\/\/centrumjudaicum.de\/wp-content\/uploads\/2025\/04\/Aventis-Logo-Web-18x12.jpg 18w\" sizes=\"(max-width: 300px) 100vw, 300px\" \/>\t\t\t\t\t\t\t\t\t\t\t\t\t\t\t<\/div>\n\t\t\t\t<\/div>\n\t\t\t\t\t<\/div>\n\t\t<\/div>\n\t\t\t\t\t<\/div>\n\t\t<\/section>\n\t\t\t\t<section class=\"elementor-section elementor-inner-section elementor-element elementor-element-70801151 elementor-section-boxed elementor-section-height-default elementor-section-height-default\" data-id=\"70801151\" data-element_type=\"section\" data-e-type=\"section\">\n\t\t\t\t\t\t<div class=\"elementor-container elementor-column-gap-default\">\n\t\t\t\t\t<div class=\"elementor-column elementor-col-33 elementor-inner-column elementor-element elementor-element-3360ebb7\" data-id=\"3360ebb7\" data-element_type=\"column\" data-e-type=\"column\">\n\t\t\t<div class=\"elementor-widget-wrap elementor-element-populated\">\n\t\t\t\t\t\t<div class=\"elementor-element elementor-element-5427df67 elementor-widget elementor-widget-image\" data-id=\"5427df67\" data-element_type=\"widget\" data-e-type=\"widget\" data-widget_type=\"image.default\">\n\t\t\t\t<div class=\"elementor-widget-container\">\n\t\t\t\t\t\t\t\t\t\t\t\t\t\t\t<img loading=\"lazy\" decoding=\"async\" width=\"300\" height=\"200\" src=\"https:\/\/centrumjudaicum.de\/wp-content\/uploads\/2023\/08\/JGBerlin-1.jpg\" class=\"attachment-large size-large wp-image-17855\" alt=\"Logo der J\u00fcdischen Gemeinde zu Berlin: Quadratische Grafik mit wei\u00dfem Hintergrund. Unten steht der Titel in lateinischen schwarzen Gro\u00dfbuchstaben, dar\u00fcber auf der linken Seite steht in kleinerer wei\u00dfer Schrift der Titel in hebr\u00e4ischen Buchstaben in einem rechteckigen hellblauen Kasten. Rechts in der oberen H\u00e4lfte befindet sich eine Grafik einer Menora (wei\u00df) und eine angedeutete Kuppel einer Synagoge (hellblau) in einem schwarzen Quadrat.\" \/>\t\t\t\t\t\t\t\t\t\t\t\t\t\t\t<\/div>\n\t\t\t\t<\/div>\n\t\t\t\t\t<\/div>\n\t\t<\/div>\n\t\t\t\t<div class=\"elementor-column elementor-col-33 elementor-inner-column elementor-element elementor-element-65b91c59\" data-id=\"65b91c59\" data-element_type=\"column\" data-e-type=\"column\">\n\t\t\t<div class=\"elementor-widget-wrap elementor-element-populated\">\n\t\t\t\t\t\t<div class=\"elementor-element elementor-element-22dcb15e elementor-widget elementor-widget-image\" data-id=\"22dcb15e\" data-element_type=\"widget\" data-e-type=\"widget\" data-widget_type=\"image.default\">\n\t\t\t\t<div class=\"elementor-widget-container\">\n\t\t\t\t\t\t\t\t\t\t\t\t\t\t\t<img loading=\"lazy\" decoding=\"async\" width=\"300\" height=\"200\" src=\"https:\/\/centrumjudaicum.de\/wp-content\/uploads\/2023\/08\/Eberhard-Specht-1-1.jpg\" class=\"attachment-large size-large wp-image-17046\" alt=\"Rechteckige Grafik mit schwarzen Gro\u00dfbuchstaben (zentriert) auf wei\u00dfem Hintergrund. Die obere Zeile lautet: Eberhardt Specht (fette Schrift). In den zwei Zeilen darunter steht: In Erinnerung an seine Eltern Badana und Heinrich Specht.\" \/>\t\t\t\t\t\t\t\t\t\t\t\t\t\t\t<\/div>\n\t\t\t\t<\/div>\n\t\t\t\t\t<\/div>\n\t\t<\/div>\n\t\t\t\t<div class=\"elementor-column elementor-col-33 elementor-inner-column elementor-element elementor-element-37d5833c\" data-id=\"37d5833c\" data-element_type=\"column\" data-e-type=\"column\">\n\t\t\t<div class=\"elementor-widget-wrap\">\n\t\t\t\t\t\t\t<\/div>\n\t\t<\/div>\n\t\t\t\t\t<\/div>\n\t\t<\/section>\n\t\t\t\t\t<\/div>\n\t\t<\/div>\n\t\t\t\t\t<\/div>\n\t\t<\/section>\n\t\t<div class=\"elementor-element elementor-element-3c158a66 e-grid e-ecs-flex e-con-boxed e-con e-parent\" data-id=\"3c158a66\" data-element_type=\"container\" data-e-type=\"container\" data-settings=\"{&quot;background_background&quot;:&quot;classic&quot;,&quot;ecs_container_type&quot;:&quot;flex&quot;}\">\n\t\t\t\t\t<div class=\"e-con-inner\">\n\t\t<div class=\"elementor-element elementor-element-59b211ba e-con-full e-ecs-flex e-flex e-con e-child\" data-id=\"59b211ba\" data-element_type=\"container\" data-e-type=\"container\" data-settings=\"{&quot;ecs_container_type&quot;:&quot;flex&quot;}\">\n\t\t\t\t<\/div>\n\t\t\t\t<div class=\"elementor-element elementor-element-5f155225 elementor-widget elementor-widget-n-accordion\" data-id=\"5f155225\" data-element_type=\"widget\" data-e-type=\"widget\" data-settings=\"{&quot;default_state&quot;:&quot;all_collapsed&quot;,&quot;max_items_expended&quot;:&quot;one&quot;,&quot;n_accordion_animation_duration&quot;:{&quot;unit&quot;:&quot;ms&quot;,&quot;size&quot;:400,&quot;sizes&quot;:[]}}\" data-widget_type=\"nested-accordion.default\">\n\t\t\t\t<div class=\"elementor-widget-container\">\n\t\t\t\t\t\t\t<div class=\"e-n-accordion\" aria-label=\"Accordion. Open links with Enter or Space, close with Escape, and navigate with Arrow Keys\">\n\t\t\t\t\t\t<details id=\"e-n-accordion-item-1590\" class=\"e-n-accordion-item\" >\n\t\t\t\t<summary class=\"e-n-accordion-item-title\" data-accordion-index=\"1\" tabindex=\"0\" aria-expanded=\"false\" aria-controls=\"e-n-accordion-item-1590\" >\n\t\t\t\t\t<span class='e-n-accordion-item-title-header'><div class=\"e-n-accordion-item-title-text\"> Copyright Bilder <\/div><\/span>\n\t\t\t\t\t\t\t<span class='e-n-accordion-item-title-icon'>\n\t\t\t<span class='e-opened' ><i aria-hidden=\"true\" class=\"fas fa-minus\"><\/i><\/span>\n\t\t\t<span class='e-closed'><i aria-hidden=\"true\" class=\"fas fa-plus\"><\/i><\/span>\n\t\t<\/span>\n\n\t\t\t\t\t\t<\/summary>\n\t\t\t\t<div role=\"region\" aria-labelledby=\"e-n-accordion-item-1590\" class=\"elementor-element elementor-element-5cc58a5c e-con-full e-ecs-flex e-flex e-con e-child\" data-id=\"5cc58a5c\" data-element_type=\"container\" data-e-type=\"container\" data-settings=\"{&quot;ecs_container_type&quot;:&quot;flex&quot;}\">\n\t\t<div role=\"region\" aria-labelledby=\"e-n-accordion-item-1590\" class=\"elementor-element elementor-element-54a26cdc e-con-full e-ecs-flex e-flex e-con e-child\" data-id=\"54a26cdc\" data-element_type=\"container\" data-e-type=\"container\" data-settings=\"{&quot;ecs_container_type&quot;:&quot;flex&quot;}\">\n\t\t\t\t<div class=\"elementor-element elementor-element-2dfbcf90 elementor-widget elementor-widget-text-editor\" data-id=\"2dfbcf90\" data-element_type=\"widget\" data-e-type=\"widget\" data-widget_type=\"text-editor.default\">\n\t\t\t\t<div class=\"elementor-widget-container\">\n\t\t\t\t\t\t\t\t\t<p>Bild 1: Schofar-Horn aus der Synagoge Rykestra\u00dfe, Berlin (c) Alena Schmick<\/p><p>Bild 2: Medizintasche von Kurt Jasen, Offizier f\u00fcr die US-Streitkr\u00e4fte im Zweiten Weltkrieg (c) Alena Schmick<\/p><p>Bild 3: Teel\u00f6ffel aus dem Teel\u00f6ffelset der Familie Goldschmidt, Berlin (c) Alena Schmick<\/p><p>Bild 4: Kleiderb\u00fcrste der Herren-Bekleidungsfirma Alfred Bernstein (c) Alena Schmick<\/p><p>Bild 5: Zigarettenetui, Aufschrift: \u201eAlles f\u00fcr Dich! 14.6.1947\u201c (c) Alena Schmick<\/p><p>Bild 6: Bima. Tora-Lesepult der Neuen Synagoge Berlin (c) Architectura Virtualis\u00a0<\/p>\t\t\t\t\t\t\t\t<\/div>\n\t\t\t\t<\/div>\n\t\t\t\t<\/div>\n\t\t\t\t<\/div>\n\t\t\t\t\t<\/details>\n\t\t\t\t\t<\/div>\n\t\t\t\t\t\t<\/div>\n\t\t\t\t<\/div>\n\t\t\t\t<div class=\"elementor-element elementor-element-6863ce28 elementor-widget elementor-widget-n-accordion\" data-id=\"6863ce28\" data-element_type=\"widget\" data-e-type=\"widget\" data-settings=\"{&quot;default_state&quot;:&quot;all_collapsed&quot;,&quot;max_items_expended&quot;:&quot;one&quot;,&quot;n_accordion_animation_duration&quot;:{&quot;unit&quot;:&quot;ms&quot;,&quot;size&quot;:400,&quot;sizes&quot;:[]}}\" data-widget_type=\"nested-accordion.default\">\n\t\t\t\t<div class=\"elementor-widget-container\">\n\t\t\t\t\t\t\t<div class=\"e-n-accordion\" aria-label=\"Accordion. Open links with Enter or Space, close with Escape, and navigate with Arrow Keys\">\n\t\t\t\t\t\t<details id=\"e-n-accordion-item-1750\" class=\"e-n-accordion-item\" >\n\t\t\t\t<summary class=\"e-n-accordion-item-title\" data-accordion-index=\"1\" tabindex=\"0\" aria-expanded=\"false\" aria-controls=\"e-n-accordion-item-1750\" >\n\t\t\t\t\t<span class='e-n-accordion-item-title-header'><div class=\"e-n-accordion-item-title-text\"> Impressum <\/div><\/span>\n\t\t\t\t\t\t\t<span class='e-n-accordion-item-title-icon'>\n\t\t\t<span class='e-opened' ><i aria-hidden=\"true\" class=\"fas fa-minus\"><\/i><\/span>\n\t\t\t<span class='e-closed'><i aria-hidden=\"true\" class=\"fas fa-plus\"><\/i><\/span>\n\t\t<\/span>\n\n\t\t\t\t\t\t<\/summary>\n\t\t\t\t<div role=\"region\" aria-labelledby=\"e-n-accordion-item-1750\" class=\"elementor-element elementor-element-36660d6f e-con-full e-ecs-flex e-flex e-con e-child\" data-id=\"36660d6f\" data-element_type=\"container\" data-e-type=\"container\" data-settings=\"{&quot;ecs_container_type&quot;:&quot;flex&quot;}\">\n\t\t<div role=\"region\" aria-labelledby=\"e-n-accordion-item-1750\" class=\"elementor-element elementor-element-214215dc e-ecs-flex e-flex e-con-boxed e-con e-child\" data-id=\"214215dc\" data-element_type=\"container\" data-e-type=\"container\" data-settings=\"{&quot;ecs_container_type&quot;:&quot;flex&quot;}\">\n\t\t\t\t\t<div class=\"e-con-inner\">\n\t\t\t\t<div class=\"elementor-element elementor-element-3ce35846 elementor-widget elementor-widget-text-editor\" data-id=\"3ce35846\" data-element_type=\"widget\" data-e-type=\"widget\" data-widget_type=\"text-editor.default\">\n\t\t\t\t<div class=\"elementor-widget-container\">\n\t\t\t\t\t\t\t\t\t<p>Kuratorin &amp; Projektleitung<br \/>Alina Gromova<\/p><p>Digitalkuratorin<br \/>Monika Keenan<\/p><p>Community-Kuratorin<br \/>Inessa Dolinskaya<\/p><p>Wissenschaftliche Beratung &amp; Textredaktion<br \/>Anja Siegemund<\/p><p>Szenografie, Grafik Design &amp; Produktionsbetreuung<br \/>operative.space<\/p><p>Entwicklung &amp; Kreative Leitung Immersiver Film \u201eVerwandlung\u201c<br \/>Polyvista \u2013 Immersive Media Creatives<\/p><p>Illustrationen Immersiver Film \u201eVerwandlung\u201c<br \/>Birgit Lang<\/p><p>3D-Animationen Immersiver Film \u201eVerwandlung\u201c<br \/>Jo Jacobs<\/p><p>Fotografin<br \/>Alena Schmick<\/p><p>Presse- &amp; \u00d6ffentlichkeitsarbeit<br \/>Jana Blechschmidt<\/p><p>Assistenz Kuration und \u00d6ffentlichkeitsarbeit<br \/>Quoi R\u00f6wer<\/p><p>Ausstellungsb\u00fcro<br \/>Franziska Karow<\/p><p>Bauliche Betreuung<br \/>Henry Lucke<\/p><p>Verwaltung<br \/>Grit Jagenow<\/p><p>Licht und Sicherheit<br \/>Florian Endel<\/p><p>Ausstellungsproduktion<br \/>Frankewerk<\/p><p>Technik Immersiver Film \u201eVerwandlung\u201c<br \/>Geier-Tronic Videotechnik GmbH<\/p><p>Metallarbeiten Immersiver Film \u201eVerwandlung\u201c<br \/>Drittwerk Werkstatt f\u00fcr Metallbearbeitung GmbH<\/p><p>3D-Rekonstruktion der Synagoge<br \/>Architectura Virtualis &#8211; Kooperationspartner der TU Darmstadt<\/p><p>\u00dcbersetzung<br \/>Alison Waldie<\/p><p>Textlektorat<br \/>Maria Neuser, Maria Radke, Simon Behringer<\/p><p>Mitarbeit Presse<br \/>Simon Behringer<\/p><p>AV-Bearbeitung und Untertitel, Ausstellungsfilme<br \/>Robert Schulzmann<\/p><p>Technische Assistenz<br \/>Sebastian Hettegger und Tobias Schweiner<\/p><p>Unser Dank geht an die Protagonist:innen der<br \/>Ausstellung<\/p><p>Schrift<br \/>HAL Gap, Area<\/p>\t\t\t\t\t\t\t\t<\/div>\n\t\t\t\t<\/div>\n\t\t\t\t\t<\/div>\n\t\t\t\t<\/div>\n\t\t\t\t<\/div>\n\t\t\t\t\t<\/details>\n\t\t\t\t\t<\/div>\n\t\t\t\t\t\t<\/div>\n\t\t\t\t<\/div>\n\t\t<div class=\"elementor-element elementor-element-246808a e-con-full e-ecs-flex e-flex e-con e-child\" data-id=\"246808a\" data-element_type=\"container\" data-e-type=\"container\" data-settings=\"{&quot;ecs_container_type&quot;:&quot;flex&quot;}\">\n\t\t\t\t<\/div>\n\t\t\t\t\t<\/div>\n\t\t\t\t<\/div>\n\t\t\t\t<section class=\"elementor-section elementor-top-section elementor-element elementor-element-44ff2bf8 elementor-section-full_width elementor-section-height-default elementor-section-height-default\" data-id=\"44ff2bf8\" data-element_type=\"section\" data-e-type=\"section\">\n\t\t\t\t\t\t<div class=\"elementor-container elementor-column-gap-no\">\n\t\t\t\t\t<div class=\"elementor-column elementor-col-100 elementor-top-column elementor-element elementor-element-4efc4111\" data-id=\"4efc4111\" data-element_type=\"column\" data-e-type=\"column\">\n\t\t\t<div class=\"elementor-widget-wrap elementor-element-populated\">\n\t\t\t\t\t\t<div class=\"elementor-element elementor-element-52e12ea3 elementor-widget elementor-widget-template\" data-id=\"52e12ea3\" data-element_type=\"widget\" data-e-type=\"widget\" data-widget_type=\"template.default\">\n\t\t\t\t<div class=\"elementor-widget-container\">\n\t\t\t\t\t\t\t<div class=\"elementor-template\">\n\t\t\t\t\t<div data-elementor-type=\"section\" data-elementor-id=\"17130\" class=\"elementor elementor-17130\" data-elementor-post-type=\"elementor_library\">\n\t\t\t\t\t<section class=\"elementor-section elementor-top-section elementor-element elementor-element-3498ebd6 elementor-section-boxed elementor-section-height-default elementor-section-height-default\" data-id=\"3498ebd6\" data-element_type=\"section\" data-e-type=\"section\" data-settings=\"{&quot;background_background&quot;:&quot;classic&quot;}\">\n\t\t\t\t\t\t<div class=\"elementor-container elementor-column-gap-default\">\n\t\t\t\t\t<div class=\"elementor-column elementor-col-100 elementor-top-column elementor-element elementor-element-16a58b2f\" data-id=\"16a58b2f\" data-element_type=\"column\" data-e-type=\"column\">\n\t\t\t<div class=\"elementor-widget-wrap elementor-element-populated\">\n\t\t\t\t\t\t<section class=\"elementor-section elementor-inner-section elementor-element elementor-element-1c14acc elementor-section-boxed elementor-section-height-default elementor-section-height-default\" data-id=\"1c14acc\" data-element_type=\"section\" data-e-type=\"section\">\n\t\t\t\t\t\t<div class=\"elementor-container elementor-column-gap-default\">\n\t\t\t\t\t<div class=\"elementor-column elementor-col-50 elementor-inner-column elementor-element elementor-element-5ead873\" data-id=\"5ead873\" data-element_type=\"column\" data-e-type=\"column\">\n\t\t\t<div class=\"elementor-widget-wrap elementor-element-populated\">\n\t\t\t\t\t\t<div class=\"elementor-element elementor-element-3d0bf96c elementor-widget elementor-widget-heading\" data-id=\"3d0bf96c\" data-element_type=\"widget\" data-e-type=\"widget\" data-widget_type=\"heading.default\">\n\t\t\t\t<div class=\"elementor-widget-container\">\n\t\t\t\t\t<h2 class=\"elementor-heading-title elementor-size-default\">J\u00fcdisch. Berlinerisch. Mittendrin.\nMuseum. Authentischer Ort. Alt-Neu.<\/h2>\t\t\t\t<\/div>\n\t\t\t\t<\/div>\n\t\t\t\t\t<\/div>\n\t\t<\/div>\n\t\t\t\t<div class=\"elementor-column elementor-col-50 elementor-inner-column elementor-element elementor-element-53f5ffec\" data-id=\"53f5ffec\" data-element_type=\"column\" data-e-type=\"column\">\n\t\t\t<div class=\"elementor-widget-wrap\">\n\t\t\t\t\t\t\t<\/div>\n\t\t<\/div>\n\t\t\t\t\t<\/div>\n\t\t<\/section>\n\t\t\t\t<section class=\"elementor-section elementor-inner-section elementor-element elementor-element-29cf44c9 elementor-section-boxed elementor-section-height-default elementor-section-height-default\" data-id=\"29cf44c9\" data-element_type=\"section\" data-e-type=\"section\">\n\t\t\t\t\t\t<div class=\"elementor-container elementor-column-gap-default\">\n\t\t\t\t\t<div class=\"elementor-column elementor-col-50 elementor-inner-column elementor-element elementor-element-6acc5f15\" data-id=\"6acc5f15\" data-element_type=\"column\" data-e-type=\"column\" data-settings=\"{&quot;background_background&quot;:&quot;classic&quot;}\">\n\t\t\t<div class=\"elementor-widget-wrap elementor-element-populated\">\n\t\t\t\t\t\t<div class=\"elementor-element elementor-element-4d3a820a elementor-widget elementor-widget-heading\" data-id=\"4d3a820a\" data-element_type=\"widget\" data-e-type=\"widget\" data-widget_type=\"heading.default\">\n\t\t\t\t<div class=\"elementor-widget-container\">\n\t\t\t\t\t<h4 class=\"elementor-heading-title elementor-size-default\">Museum \/ Dauerausstellung<\/h4>\t\t\t\t<\/div>\n\t\t\t\t<\/div>\n\t\t\t\t<div class=\"elementor-element elementor-element-1b398136 elementor-align-right elementor-widget elementor-widget-button\" data-id=\"1b398136\" data-element_type=\"widget\" data-e-type=\"widget\" data-widget_type=\"button.default\">\n\t\t\t\t<div class=\"elementor-widget-container\">\n\t\t\t\t\t\t\t\t\t<div class=\"elementor-button-wrapper\">\n\t\t\t\t\t<a class=\"elementor-button elementor-button-link elementor-size-sm\" href=\"https:\/\/centrumjudaicum.de\/en\/museum-dauerausstellung\/\">\n\t\t\t\t\t\t<span class=\"elementor-button-content-wrapper\">\n\t\t\t\t\t\t\t\t\t<span class=\"elementor-button-text\">weitere Informationen<\/span>\n\t\t\t\t\t<\/span>\n\t\t\t\t\t<\/a>\n\t\t\t\t<\/div>\n\t\t\t\t\t\t\t\t<\/div>\n\t\t\t\t<\/div>\n\t\t\t\t<div class=\"elementor-element elementor-element-623b7b09 elementor-widget__width-auto elementor-absolute elementor-view-default elementor-widget elementor-widget-icon\" data-id=\"623b7b09\" data-element_type=\"widget\" data-e-type=\"widget\" data-settings=\"{&quot;_position&quot;:&quot;absolute&quot;}\" data-widget_type=\"icon.default\">\n\t\t\t\t<div class=\"elementor-widget-container\">\n\t\t\t\t\t\t\t<div class=\"elementor-icon-wrapper\">\n\t\t\t<a class=\"elementor-icon\" href=\"https:\/\/centrumjudaicum.de\/en\/museum-dauerausstellung\/\">\n\t\t\t<i aria-hidden=\"true\" class=\"fas fa-synagogue\"><\/i>\t\t\t<\/a>\n\t\t<\/div>\n\t\t\t\t\t\t<\/div>\n\t\t\t\t<\/div>\n\t\t\t\t\t<\/div>\n\t\t<\/div>\n\t\t\t\t<div class=\"elementor-column elementor-col-50 elementor-inner-column elementor-element elementor-element-3de28705\" data-id=\"3de28705\" data-element_type=\"column\" data-e-type=\"column\" data-settings=\"{&quot;background_background&quot;:&quot;classic&quot;}\">\n\t\t\t<div class=\"elementor-widget-wrap elementor-element-populated\">\n\t\t\t\t\t\t<div class=\"elementor-element elementor-element-3c50a215 elementor-widget elementor-widget-heading\" data-id=\"3c50a215\" data-element_type=\"widget\" data-e-type=\"widget\" data-widget_type=\"heading.default\">\n\t\t\t\t<div class=\"elementor-widget-container\">\n\t\t\t\t\t<h4 class=\"elementor-heading-title elementor-size-default\">Besucherinformationen &amp; F\u00fchrungen<\/h4>\t\t\t\t<\/div>\n\t\t\t\t<\/div>\n\t\t\t\t<div class=\"elementor-element elementor-element-59dae54d elementor-align-right elementor-widget elementor-widget-button\" data-id=\"59dae54d\" data-element_type=\"widget\" data-e-type=\"widget\" data-widget_type=\"button.default\">\n\t\t\t\t<div class=\"elementor-widget-container\">\n\t\t\t\t\t\t\t\t\t<div class=\"elementor-button-wrapper\">\n\t\t\t\t\t<a class=\"elementor-button elementor-button-link elementor-size-sm\" href=\"https:\/\/centrumjudaicum.de\/en\/besucherinformationen\/\">\n\t\t\t\t\t\t<span class=\"elementor-button-content-wrapper\">\n\t\t\t\t\t\t\t\t\t<span class=\"elementor-button-text\">weitere Informationen<\/span>\n\t\t\t\t\t<\/span>\n\t\t\t\t\t<\/a>\n\t\t\t\t<\/div>\n\t\t\t\t\t\t\t\t<\/div>\n\t\t\t\t<\/div>\n\t\t\t\t<div class=\"elementor-element elementor-element-4c761db3 elementor-widget__width-auto elementor-absolute elementor-view-default elementor-widget elementor-widget-icon\" data-id=\"4c761db3\" data-element_type=\"widget\" data-e-type=\"widget\" data-settings=\"{&quot;_position&quot;:&quot;absolute&quot;}\" data-widget_type=\"icon.default\">\n\t\t\t\t<div class=\"elementor-widget-container\">\n\t\t\t\t\t\t\t<div class=\"elementor-icon-wrapper\">\n\t\t\t<a class=\"elementor-icon\" href=\"https:\/\/centrumjudaicum.de\/en\/besucherinformationen\/\">\n\t\t\t<i aria-hidden=\"true\" class=\"fas fa-person-booth\"><\/i>\t\t\t<\/a>\n\t\t<\/div>\n\t\t\t\t\t\t<\/div>\n\t\t\t\t<\/div>\n\t\t\t\t\t<\/div>\n\t\t<\/div>\n\t\t\t\t\t<\/div>\n\t\t<\/section>\n\t\t\t\t<section class=\"elementor-section elementor-inner-section elementor-element elementor-element-6b5e9bb9 elementor-section-boxed elementor-section-height-default elementor-section-height-default\" data-id=\"6b5e9bb9\" data-element_type=\"section\" data-e-type=\"section\">\n\t\t\t\t\t\t<div class=\"elementor-container elementor-column-gap-default\">\n\t\t\t\t\t<div class=\"elementor-column elementor-col-50 elementor-inner-column elementor-element elementor-element-545538ce\" data-id=\"545538ce\" data-element_type=\"column\" data-e-type=\"column\" data-settings=\"{&quot;background_background&quot;:&quot;classic&quot;}\">\n\t\t\t<div class=\"elementor-widget-wrap elementor-element-populated\">\n\t\t\t\t\t\t<div class=\"elementor-element elementor-element-476875ff elementor-widget elementor-widget-heading\" data-id=\"476875ff\" data-element_type=\"widget\" data-e-type=\"widget\" data-widget_type=\"heading.default\">\n\t\t\t\t<div class=\"elementor-widget-container\">\n\t\t\t\t\t<h4 class=\"elementor-heading-title elementor-size-default\">Historisches Archiv &amp; Bildarchiv<\/h4>\t\t\t\t<\/div>\n\t\t\t\t<\/div>\n\t\t\t\t<div class=\"elementor-element elementor-element-8cf2f62 elementor-align-right elementor-widget elementor-widget-button\" data-id=\"8cf2f62\" data-element_type=\"widget\" data-e-type=\"widget\" data-widget_type=\"button.default\">\n\t\t\t\t<div class=\"elementor-widget-container\">\n\t\t\t\t\t\t\t\t\t<div class=\"elementor-button-wrapper\">\n\t\t\t\t\t<a class=\"elementor-button elementor-button-link elementor-size-sm\" href=\"https:\/\/centrumjudaicum.de\/en\/archiv\/\">\n\t\t\t\t\t\t<span class=\"elementor-button-content-wrapper\">\n\t\t\t\t\t\t\t\t\t<span class=\"elementor-button-text\">weitere Informationen<\/span>\n\t\t\t\t\t<\/span>\n\t\t\t\t\t<\/a>\n\t\t\t\t<\/div>\n\t\t\t\t\t\t\t\t<\/div>\n\t\t\t\t<\/div>\n\t\t\t\t<div class=\"elementor-element elementor-element-161f3101 elementor-widget__width-auto elementor-absolute elementor-view-default elementor-widget elementor-widget-icon\" data-id=\"161f3101\" data-element_type=\"widget\" data-e-type=\"widget\" data-settings=\"{&quot;_position&quot;:&quot;absolute&quot;}\" data-widget_type=\"icon.default\">\n\t\t\t\t<div class=\"elementor-widget-container\">\n\t\t\t\t\t\t\t<div class=\"elementor-icon-wrapper\">\n\t\t\t<a class=\"elementor-icon\" href=\"https:\/\/centrumjudaicum.de\/en\/historisches-archiv-2\/\">\n\t\t\t<i aria-hidden=\"true\" class=\"fas fa-box-open\"><\/i>\t\t\t<\/a>\n\t\t<\/div>\n\t\t\t\t\t\t<\/div>\n\t\t\t\t<\/div>\n\t\t\t\t\t<\/div>\n\t\t<\/div>\n\t\t\t\t<div class=\"elementor-column elementor-col-50 elementor-inner-column elementor-element elementor-element-747eb474\" data-id=\"747eb474\" data-element_type=\"column\" data-e-type=\"column\" data-settings=\"{&quot;background_background&quot;:&quot;classic&quot;}\">\n\t\t\t<div class=\"elementor-widget-wrap elementor-element-populated\">\n\t\t\t\t\t\t<div class=\"elementor-element elementor-element-c3a471a elementor-widget elementor-widget-heading\" data-id=\"c3a471a\" data-element_type=\"widget\" data-e-type=\"widget\" data-widget_type=\"heading.default\">\n\t\t\t\t<div class=\"elementor-widget-container\">\n\t\t\t\t\t<h4 class=\"elementor-heading-title elementor-size-default\">Startseite &amp; Home<\/h4>\t\t\t\t<\/div>\n\t\t\t\t<\/div>\n\t\t\t\t<div class=\"elementor-element elementor-element-cfad48a elementor-align-right elementor-widget elementor-widget-button\" data-id=\"cfad48a\" data-element_type=\"widget\" data-e-type=\"widget\" data-widget_type=\"button.default\">\n\t\t\t\t<div class=\"elementor-widget-container\">\n\t\t\t\t\t\t\t\t\t<div class=\"elementor-button-wrapper\">\n\t\t\t\t\t<a class=\"elementor-button elementor-button-link elementor-size-sm\" href=\"https:\/\/centrumjudaicum.de\/en\/\">\n\t\t\t\t\t\t<span class=\"elementor-button-content-wrapper\">\n\t\t\t\t\t\t\t\t\t<span class=\"elementor-button-text\">weitere Informationen<\/span>\n\t\t\t\t\t<\/span>\n\t\t\t\t\t<\/a>\n\t\t\t\t<\/div>\n\t\t\t\t\t\t\t\t<\/div>\n\t\t\t\t<\/div>\n\t\t\t\t<div class=\"elementor-element elementor-element-e3758dc elementor-widget__width-auto elementor-absolute elementor-view-default elementor-widget elementor-widget-icon\" data-id=\"e3758dc\" data-element_type=\"widget\" data-e-type=\"widget\" data-settings=\"{&quot;_position&quot;:&quot;absolute&quot;}\" data-widget_type=\"icon.default\">\n\t\t\t\t<div class=\"elementor-widget-container\">\n\t\t\t\t\t\t\t<div class=\"elementor-icon-wrapper\">\n\t\t\t<a class=\"elementor-icon\" href=\"https:\/\/centrumjudaicum.de\/en\/museum-dauerausstellung\/\">\n\t\t\t<i aria-hidden=\"true\" class=\"fas fa-home\"><\/i>\t\t\t<\/a>\n\t\t<\/div>\n\t\t\t\t\t\t<\/div>\n\t\t\t\t<\/div>\n\t\t\t\t\t<\/div>\n\t\t<\/div>\n\t\t\t\t\t<\/div>\n\t\t<\/section>\n\t\t\t\t<section class=\"elementor-section elementor-inner-section elementor-element elementor-element-5c5a9b5d elementor-section-boxed elementor-section-height-default elementor-section-height-default\" data-id=\"5c5a9b5d\" data-element_type=\"section\" data-e-type=\"section\">\n\t\t\t\t\t\t<div class=\"elementor-container elementor-column-gap-default\">\n\t\t\t\t\t<div class=\"elementor-column elementor-col-50 elementor-inner-column elementor-element elementor-element-2c1e9f3a\" data-id=\"2c1e9f3a\" data-element_type=\"column\" data-e-type=\"column\" data-settings=\"{&quot;background_background&quot;:&quot;classic&quot;}\">\n\t\t\t<div class=\"elementor-widget-wrap elementor-element-populated\">\n\t\t\t\t\t\t<div class=\"elementor-element elementor-element-6657c9e4 elementor-widget elementor-widget-heading\" data-id=\"6657c9e4\" data-element_type=\"widget\" data-e-type=\"widget\" data-widget_type=\"heading.default\">\n\t\t\t\t<div class=\"elementor-widget-container\">\n\t\t\t\t\t<h4 class=\"elementor-heading-title elementor-size-default\">Veranstaltungen &amp; Events<\/h4>\t\t\t\t<\/div>\n\t\t\t\t<\/div>\n\t\t\t\t<div class=\"elementor-element elementor-element-35654ebd elementor-align-right elementor-widget elementor-widget-button\" data-id=\"35654ebd\" data-element_type=\"widget\" data-e-type=\"widget\" data-widget_type=\"button.default\">\n\t\t\t\t<div class=\"elementor-widget-container\">\n\t\t\t\t\t\t\t\t\t<div class=\"elementor-button-wrapper\">\n\t\t\t\t\t<a class=\"elementor-button elementor-button-link elementor-size-sm\" href=\"https:\/\/centrumjudaicum.de\/en\/veranstaltungenss\/\">\n\t\t\t\t\t\t<span class=\"elementor-button-content-wrapper\">\n\t\t\t\t\t\t\t\t\t<span class=\"elementor-button-text\">weitere Informationen<\/span>\n\t\t\t\t\t<\/span>\n\t\t\t\t\t<\/a>\n\t\t\t\t<\/div>\n\t\t\t\t\t\t\t\t<\/div>\n\t\t\t\t<\/div>\n\t\t\t\t<div class=\"elementor-element elementor-element-40e1ac59 elementor-widget__width-auto elementor-absolute elementor-view-default elementor-widget elementor-widget-icon\" data-id=\"40e1ac59\" data-element_type=\"widget\" data-e-type=\"widget\" data-settings=\"{&quot;_position&quot;:&quot;absolute&quot;}\" data-widget_type=\"icon.default\">\n\t\t\t\t<div class=\"elementor-widget-container\">\n\t\t\t\t\t\t\t<div class=\"elementor-icon-wrapper\">\n\t\t\t<a class=\"elementor-icon\" href=\"https:\/\/centrumjudaicum.de\/en\/veranstaltungens-uebersicht\/\">\n\t\t\t<i aria-hidden=\"true\" class=\"fas fa-calendar-alt\"><\/i>\t\t\t<\/a>\n\t\t<\/div>\n\t\t\t\t\t\t<\/div>\n\t\t\t\t<\/div>\n\t\t\t\t\t<\/div>\n\t\t<\/div>\n\t\t\t\t<div class=\"elementor-column elementor-col-50 elementor-inner-column elementor-element elementor-element-e80ac9d\" data-id=\"e80ac9d\" data-element_type=\"column\" data-e-type=\"column\" data-settings=\"{&quot;background_background&quot;:&quot;classic&quot;}\">\n\t\t\t<div class=\"elementor-widget-wrap\">\n\t\t\t\t\t\t\t<\/div>\n\t\t<\/div>\n\t\t\t\t\t<\/div>\n\t\t<\/section>\n\t\t\t\t\t<\/div>\n\t\t<\/div>\n\t\t\t\t\t<\/div>\n\t\t<\/section>\n\t\t\t\t<\/div>\n\t\t\t\t<\/div>\n\t\t\t\t\t\t<\/div>\n\t\t\t\t<\/div>\n\t\t\t\t\t<\/div>\n\t\t<\/div>\n\t\t\t\t\t<\/div>\n\t\t<\/section>\n\t\t\t\t<section class=\"elementor-section elementor-top-section elementor-element elementor-element-20c60823 elementor-section-full_width elementor-section-height-default elementor-section-height-default\" data-id=\"20c60823\" data-element_type=\"section\" data-e-type=\"section\">\n\t\t\t\t\t\t<div class=\"elementor-container elementor-column-gap-no\">\n\t\t\t\t\t<div class=\"elementor-column elementor-col-100 elementor-top-column elementor-element elementor-element-6a09ea6\" data-id=\"6a09ea6\" data-element_type=\"column\" data-e-type=\"column\">\n\t\t\t<div class=\"elementor-widget-wrap elementor-element-populated\">\n\t\t\t\t\t\t<div class=\"elementor-element elementor-element-448ed40c elementor-widget elementor-widget-template\" data-id=\"448ed40c\" data-element_type=\"widget\" data-e-type=\"widget\" data-widget_type=\"template.default\">\n\t\t\t\t<div class=\"elementor-widget-container\">\n\t\t\t\t\t\t\t<div class=\"elementor-template\">\n\t\t\t\t\t<div data-elementor-type=\"section\" data-elementor-id=\"17133\" class=\"elementor elementor-17133\" data-elementor-post-type=\"elementor_library\">\n\t\t\t\t\t<section class=\"elementor-section elementor-top-section elementor-element elementor-element-473bffa7 elementor-section-boxed elementor-section-height-default elementor-section-height-default\" data-id=\"473bffa7\" data-element_type=\"section\" data-e-type=\"section\">\n\t\t\t\t\t\t<div class=\"elementor-container elementor-column-gap-default\">\n\t\t\t\t\t<div class=\"elementor-column elementor-col-100 elementor-top-column elementor-element elementor-element-2f94c598\" data-id=\"2f94c598\" data-element_type=\"column\" data-e-type=\"column\">\n\t\t\t<div class=\"elementor-widget-wrap elementor-element-populated\">\n\t\t\t\t\t\t<div class=\"elementor-element elementor-element-5b61cb80 elementor-widget-divider--view-line_text elementor-widget-divider--element-align-center elementor-widget elementor-widget-divider\" data-id=\"5b61cb80\" data-element_type=\"widget\" data-e-type=\"widget\" data-widget_type=\"divider.default\">\n\t\t\t\t<div class=\"elementor-widget-container\">\n\t\t\t\t\t\t\t<div class=\"elementor-divider\">\n\t\t\t<span class=\"elementor-divider-separator\">\n\t\t\t\t\t\t\t<span class=\"elementor-divider__text elementor-divider__element\">\n\t\t\t\tWeitere Vergangene Ausstellungen\t\t\t\t<\/span>\n\t\t\t\t\t\t<\/span>\n\t\t<\/div>\n\t\t\t\t\t\t<\/div>\n\t\t\t\t<\/div>\n\t\t\t\t<div class=\"elementor-element elementor-element-3f7ba35 elementor-grid-4 elementor-grid-tablet-2 elementor-grid-mobile-1 elementor-posts--thumbnail-top elementor-widget elementor-widget-posts\" data-id=\"3f7ba35\" data-element_type=\"widget\" data-e-type=\"widget\" data-settings=\"{&quot;classic_columns&quot;:&quot;4&quot;,&quot;classic_row_gap&quot;:{&quot;unit&quot;:&quot;px&quot;,&quot;size&quot;:0,&quot;sizes&quot;:[]},&quot;classic_columns_tablet&quot;:&quot;2&quot;,&quot;classic_columns_mobile&quot;:&quot;1&quot;,&quot;classic_row_gap_tablet&quot;:{&quot;unit&quot;:&quot;px&quot;,&quot;size&quot;:&quot;&quot;,&quot;sizes&quot;:[]},&quot;classic_row_gap_mobile&quot;:{&quot;unit&quot;:&quot;px&quot;,&quot;size&quot;:&quot;&quot;,&quot;sizes&quot;:[]}}\" data-widget_type=\"posts.classic\">\n\t\t\t\t<div class=\"elementor-widget-container\">\n\t\t\t\t\t\t\t<div class=\"elementor-posts-container elementor-posts elementor-posts--skin-classic elementor-grid\" role=\"list\">\n\t\t\t\t<article class=\"elementor-post elementor-grid-item post-24283 portfolio type-portfolio status-publish has-post-thumbnail hentry portfolio-categories-aktuelle-ausstellungen\" role=\"listitem\">\n\t\t\t\t<a class=\"elementor-post__thumbnail__link\" href=\"https:\/\/centrumjudaicum.de\/en\/portfolio\/gefuehlsdinge\/\" tabindex=\"-1\" >\n\t\t\t<div class=\"elementor-post__thumbnail\"><img loading=\"lazy\" decoding=\"async\" width=\"768\" height=\"768\" src=\"https:\/\/centrumjudaicum.de\/wp-content\/uploads\/2025\/04\/Gefueldinge-NEU-202648-768x768.png\" class=\"attachment-medium_large size-medium_large wp-image-26693\" alt=\"\" srcset=\"https:\/\/centrumjudaicum.de\/wp-content\/uploads\/2025\/04\/Gefueldinge-NEU-202648-768x768.png 768w, https:\/\/centrumjudaicum.de\/wp-content\/uploads\/2025\/04\/Gefueldinge-NEU-202648-300x300.png 300w, https:\/\/centrumjudaicum.de\/wp-content\/uploads\/2025\/04\/Gefueldinge-NEU-202648-1024x1024.png 1024w, https:\/\/centrumjudaicum.de\/wp-content\/uploads\/2025\/04\/Gefueldinge-NEU-202648-150x150.png 150w, https:\/\/centrumjudaicum.de\/wp-content\/uploads\/2025\/04\/Gefueldinge-NEU-202648-1536x1536.png 1536w, https:\/\/centrumjudaicum.de\/wp-content\/uploads\/2025\/04\/Gefueldinge-NEU-202648-2048x2048.png 2048w, https:\/\/centrumjudaicum.de\/wp-content\/uploads\/2025\/04\/Gefueldinge-NEU-202648-12x12.png 12w\" sizes=\"(max-width: 768px) 100vw, 768px\" \/><\/div>\n\t\t<\/a>\n\t\t\t\t<div class=\"elementor-post__text\">\n\t\t\t\t<\/div>\n\t\t\t\t<\/article>\n\t\t\t\t<article class=\"elementor-post elementor-grid-item post-19469 portfolio type-portfolio status-publish has-post-thumbnail hentry portfolio-categories-aktuelle-ausstellungen\" role=\"listitem\">\n\t\t\t\t<a class=\"elementor-post__thumbnail__link\" href=\"https:\/\/centrumjudaicum.de\/en\/portfolio\/zeiten-des-umbruchs\/\" tabindex=\"-1\" >\n\t\t\t<div class=\"elementor-post__thumbnail\"><img loading=\"lazy\" decoding=\"async\" width=\"768\" height=\"768\" src=\"https:\/\/centrumjudaicum.de\/wp-content\/uploads\/2023\/09\/ZdU-1-768x768.jpg\" class=\"attachment-medium_large size-medium_large wp-image-19500\" alt=\"\" srcset=\"https:\/\/centrumjudaicum.de\/wp-content\/uploads\/2023\/09\/ZdU-1-768x768.jpg 768w, https:\/\/centrumjudaicum.de\/wp-content\/uploads\/2023\/09\/ZdU-1-300x300.jpg 300w, https:\/\/centrumjudaicum.de\/wp-content\/uploads\/2023\/09\/ZdU-1-1024x1024.jpg 1024w, https:\/\/centrumjudaicum.de\/wp-content\/uploads\/2023\/09\/ZdU-1-150x150.jpg 150w, https:\/\/centrumjudaicum.de\/wp-content\/uploads\/2023\/09\/ZdU-1-12x12.jpg 12w, https:\/\/centrumjudaicum.de\/wp-content\/uploads\/2023\/09\/ZdU-1.jpg 1080w\" sizes=\"(max-width: 768px) 100vw, 768px\" \/><\/div>\n\t\t<\/a>\n\t\t\t\t<div class=\"elementor-post__text\">\n\t\t\t\t<\/div>\n\t\t\t\t<\/article>\n\t\t\t\t<article class=\"elementor-post elementor-grid-item post-18825 portfolio type-portfolio status-publish has-post-thumbnail hentry portfolio-categories-begleitband\" role=\"listitem\">\n\t\t\t\t<a class=\"elementor-post__thumbnail__link\" href=\"https:\/\/centrumjudaicum.de\/en\/portfolio\/geraubt-und-genutzt-buecher-von-verfolgten-und-ermordeten-juden-in-berliner-bibliotheken\/\" tabindex=\"-1\" >\n\t\t\t<div class=\"elementor-post__thumbnail\"><img loading=\"lazy\" decoding=\"async\" width=\"250\" height=\"300\" src=\"https:\/\/centrumjudaicum.de\/wp-content\/uploads\/2023\/08\/Cover-Geraubt-und-Genutzt.jpg\" class=\"attachment-medium_large size-medium_large wp-image-17703\" alt=\"\" \/><\/div>\n\t\t<\/a>\n\t\t\t\t<div class=\"elementor-post__text\">\n\t\t\t\t<\/div>\n\t\t\t\t<\/article>\n\t\t\t\t<article class=\"elementor-post elementor-grid-item post-18820 portfolio type-portfolio status-publish hentry portfolio-categories-ausstellungseroeffnungen\" role=\"listitem\">\n\t\t\t\t<div class=\"elementor-post__text\">\n\t\t\t\t<\/div>\n\t\t\t\t<\/article>\n\t\t\t\t<\/div>\n\t\t\n\t\t\t\t\t\t<\/div>\n\t\t\t\t<\/div>\n\t\t\t\t\t<\/div>\n\t\t<\/div>\n\t\t\t\t\t<\/div>\n\t\t<\/section>\n\t\t\t\t<\/div>\n\t\t\t\t<\/div>\n\t\t\t\t\t\t<\/div>\n\t\t\t\t<\/div>\n\t\t\t\t\t<\/div>\n\t\t<\/div>\n\t\t\t\t\t<\/div>\n\t\t<\/section>\n\t\t\t\t<section class=\"elementor-section elementor-top-section elementor-element elementor-element-7b1f3056 elementor-section-full_width elementor-section-height-default elementor-section-height-default\" data-id=\"7b1f3056\" data-element_type=\"section\" data-e-type=\"section\">\n\t\t\t\t\t\t<div class=\"elementor-container elementor-column-gap-no\">\n\t\t\t\t\t<div class=\"elementor-column elementor-col-100 elementor-top-column elementor-element elementor-element-7778d733\" data-id=\"7778d733\" data-element_type=\"column\" data-e-type=\"column\">\n\t\t\t<div class=\"elementor-widget-wrap elementor-element-populated\">\n\t\t\t\t\t\t<div class=\"elementor-element elementor-element-31c2897f elementor-widget elementor-widget-template\" data-id=\"31c2897f\" data-element_type=\"widget\" data-e-type=\"widget\" data-widget_type=\"template.default\">\n\t\t\t\t<div class=\"elementor-widget-container\">\n\t\t\t\t\t\t\t<div class=\"elementor-template\">\n\t\t\t\t\t<div data-elementor-type=\"section\" data-elementor-id=\"17136\" class=\"elementor elementor-17136\" data-elementor-post-type=\"elementor_library\">\n\t\t\t\t\t<section class=\"elementor-section elementor-top-section elementor-element elementor-element-6a6dc3d2 elementor-section-content-middle elementor-section-boxed elementor-section-height-default elementor-section-height-default\" data-id=\"6a6dc3d2\" data-element_type=\"section\" data-e-type=\"section\">\n\t\t\t\t\t\t<div class=\"elementor-container elementor-column-gap-default\">\n\t\t\t\t\t<div class=\"elementor-column elementor-col-50 elementor-top-column elementor-element elementor-element-6d766151\" data-id=\"6d766151\" data-element_type=\"column\" data-e-type=\"column\">\n\t\t\t<div class=\"elementor-widget-wrap elementor-element-populated\">\n\t\t\t\t\t\t<div class=\"elementor-element elementor-element-4ecae4f8 elementor-widget elementor-widget-heading\" data-id=\"4ecae4f8\" data-element_type=\"widget\" data-e-type=\"widget\" data-widget_type=\"heading.default\">\n\t\t\t\t<div class=\"elementor-widget-container\">\n\t\t\t\t\t<h2 class=\"elementor-heading-title elementor-size-default\">Empfehlen Sie uns!\t\n<\/h2>\t\t\t\t<\/div>\n\t\t\t\t<\/div>\n\t\t\t\t\t<\/div>\n\t\t<\/div>\n\t\t\t\t<div class=\"elementor-column elementor-col-50 elementor-top-column elementor-element elementor-element-1dc9a11c\" data-id=\"1dc9a11c\" data-element_type=\"column\" data-e-type=\"column\">\n\t\t\t<div class=\"elementor-widget-wrap elementor-element-populated\">\n\t\t\t\t\t\t<div class=\"elementor-element elementor-element-b0f05e7 elementor-share-buttons--view-icon elementor-share-buttons--skin-flat elementor-share-buttons--color-custom elementor-share-buttons--shape-square elementor-grid-0 elementor-widget elementor-widget-share-buttons\" data-id=\"b0f05e7\" data-element_type=\"widget\" data-e-type=\"widget\" data-widget_type=\"share-buttons.default\">\n\t\t\t\t<div class=\"elementor-widget-container\">\n\t\t\t\t\t\t\t<div class=\"elementor-grid\" role=\"list\">\n\t\t\t\t\t\t\t\t<div class=\"elementor-grid-item\" role=\"listitem\">\n\t\t\t\t\t\t<div class=\"elementor-share-btn elementor-share-btn_facebook\" role=\"button\" tabindex=\"0\" aria-label=\"Teilen auf facebook\">\n\t\t\t\t\t\t\t\t\t\t\t\t\t\t\t<span class=\"elementor-share-btn__icon\">\n\t\t\t\t\t\t\t\t<i class=\"fab fa-facebook\" aria-hidden=\"true\"><\/i>\t\t\t\t\t\t\t<\/span>\n\t\t\t\t\t\t\t\t\t\t\t\t\t\t\t\t\t\t\t\t<\/div>\n\t\t\t\t\t<\/div>\n\t\t\t\t\t\t\t\t\t<div class=\"elementor-grid-item\" role=\"listitem\">\n\t\t\t\t\t\t<div class=\"elementor-share-btn elementor-share-btn_twitter\" role=\"button\" tabindex=\"0\" aria-label=\"Teilen auf twitter\">\n\t\t\t\t\t\t\t\t\t\t\t\t\t\t\t<span class=\"elementor-share-btn__icon\">\n\t\t\t\t\t\t\t\t<i class=\"fab fa-twitter\" aria-hidden=\"true\"><\/i>\t\t\t\t\t\t\t<\/span>\n\t\t\t\t\t\t\t\t\t\t\t\t\t\t\t\t\t\t\t\t<\/div>\n\t\t\t\t\t<\/div>\n\t\t\t\t\t\t\t\t\t<div class=\"elementor-grid-item\" role=\"listitem\">\n\t\t\t\t\t\t<div class=\"elementor-share-btn elementor-share-btn_linkedin\" role=\"button\" tabindex=\"0\" aria-label=\"Teilen auf linkedin\">\n\t\t\t\t\t\t\t\t\t\t\t\t\t\t\t<span class=\"elementor-share-btn__icon\">\n\t\t\t\t\t\t\t\t<i class=\"fab fa-linkedin\" aria-hidden=\"true\"><\/i>\t\t\t\t\t\t\t<\/span>\n\t\t\t\t\t\t\t\t\t\t\t\t\t\t\t\t\t\t\t\t<\/div>\n\t\t\t\t\t<\/div>\n\t\t\t\t\t\t\t\t\t<div class=\"elementor-grid-item\" role=\"listitem\">\n\t\t\t\t\t\t<div class=\"elementor-share-btn elementor-share-btn_reddit\" role=\"button\" tabindex=\"0\" aria-label=\"Teilen auf reddit\">\n\t\t\t\t\t\t\t\t\t\t\t\t\t\t\t<span class=\"elementor-share-btn__icon\">\n\t\t\t\t\t\t\t\t<i class=\"fab fa-reddit\" aria-hidden=\"true\"><\/i>\t\t\t\t\t\t\t<\/span>\n\t\t\t\t\t\t\t\t\t\t\t\t\t\t\t\t\t\t\t\t<\/div>\n\t\t\t\t\t<\/div>\n\t\t\t\t\t\t\t\t\t<div class=\"elementor-grid-item\" role=\"listitem\">\n\t\t\t\t\t\t<div class=\"elementor-share-btn elementor-share-btn_whatsapp\" role=\"button\" tabindex=\"0\" aria-label=\"Teilen auf whatsapp\">\n\t\t\t\t\t\t\t\t\t\t\t\t\t\t\t<span class=\"elementor-share-btn__icon\">\n\t\t\t\t\t\t\t\t<i class=\"fab fa-whatsapp\" aria-hidden=\"true\"><\/i>\t\t\t\t\t\t\t<\/span>\n\t\t\t\t\t\t\t\t\t\t\t\t\t\t\t\t\t\t\t\t<\/div>\n\t\t\t\t\t<\/div>\n\t\t\t\t\t\t\t\t\t<div class=\"elementor-grid-item\" role=\"listitem\">\n\t\t\t\t\t\t<div class=\"elementor-share-btn elementor-share-btn_pinterest\" role=\"button\" tabindex=\"0\" aria-label=\"Teilen auf pinterest\">\n\t\t\t\t\t\t\t\t\t\t\t\t\t\t\t<span class=\"elementor-share-btn__icon\">\n\t\t\t\t\t\t\t\t<i class=\"fab fa-pinterest\" aria-hidden=\"true\"><\/i>\t\t\t\t\t\t\t<\/span>\n\t\t\t\t\t\t\t\t\t\t\t\t\t\t\t\t\t\t\t\t<\/div>\n\t\t\t\t\t<\/div>\n\t\t\t\t\t\t\t\t\t<div class=\"elementor-grid-item\" role=\"listitem\">\n\t\t\t\t\t\t<div class=\"elementor-share-btn elementor-share-btn_vk\" role=\"button\" tabindex=\"0\" aria-label=\"Teilen auf vk\">\n\t\t\t\t\t\t\t\t\t\t\t\t\t\t\t<span class=\"elementor-share-btn__icon\">\n\t\t\t\t\t\t\t\t<i class=\"fab fa-vk\" aria-hidden=\"true\"><\/i>\t\t\t\t\t\t\t<\/span>\n\t\t\t\t\t\t\t\t\t\t\t\t\t\t\t\t\t\t\t\t<\/div>\n\t\t\t\t\t<\/div>\n\t\t\t\t\t\t\t\t\t<div class=\"elementor-grid-item\" role=\"listitem\">\n\t\t\t\t\t\t<div class=\"elementor-share-btn elementor-share-btn_email\" role=\"button\" tabindex=\"0\" aria-label=\"Teilen auf email\">\n\t\t\t\t\t\t\t\t\t\t\t\t\t\t\t<span class=\"elementor-share-btn__icon\">\n\t\t\t\t\t\t\t\t<i class=\"fas fa-envelope\" aria-hidden=\"true\"><\/i>\t\t\t\t\t\t\t<\/span>\n\t\t\t\t\t\t\t\t\t\t\t\t\t\t\t\t\t\t\t\t<\/div>\n\t\t\t\t\t<\/div>\n\t\t\t\t\t\t<\/div>\n\t\t\t\t\t\t<\/div>\n\t\t\t\t<\/div>\n\t\t\t\t\t<\/div>\n\t\t<\/div>\n\t\t\t\t\t<\/div>\n\t\t<\/section>\n\t\t\t\t<\/div>\n\t\t\t\t<\/div>\n\t\t\t\t\t\t<\/div>\n\t\t\t\t<\/div>\n\t\t\t\t\t<\/div>\n\t\t<\/div>\n\t\t\t\t\t<\/div>\n\t\t<\/section>\n\t\t\t\t<\/div>","protected":false},"excerpt":{"rendered":"<p>Unsere Welt dreht sich heute schneller denn je\u2009\u2013\u2009und stellt unseren gesellschaftlichen Zusammenhalt vor neue Herausforderungen.<\/p>\n<p>Unsere Reaktionen sind oft sehr emotional. \u201eGef\u00fchlsdinge\u201c bringt Emotionen und Erinnerungen von j\u00fcdischen Communitys mit Objekten des Museums zusammen.\u00a0<\/p>","protected":false},"featured_media":26693,"template":"","portfolio-categories":[52],"class_list":["post-24283","portfolio","type-portfolio","status-publish","has-post-thumbnail","hentry","portfolio-categories-aktuelle-ausstellungen"],"yoast_head":"<!-- This site is optimized with the Yoast SEO Premium plugin v26.1 (Yoast SEO v27.5) - https:\/\/yoast.com\/product\/yoast-seo-premium-wordpress\/ -->\n<title>Gef\u00fchlsdinge - Centrum Judaicum<\/title>\n<meta name=\"robots\" content=\"index, follow, max-snippet:-1, max-image-preview:large, max-video-preview:-1\" \/>\n<link rel=\"canonical\" href=\"https:\/\/centrumjudaicum.de\/en\/portfolio\/gefuehlsdinge\/\" \/>\n<meta property=\"og:locale\" content=\"en_US\" \/>\n<meta property=\"og:type\" content=\"article\" \/>\n<meta property=\"og:title\" content=\"Gef\u00fchlsdinge Gef\u00fchlsdinge - How to listen to Objects?\" \/>\n<meta property=\"og:description\" content=\"Unsere Welt dreht sich heute schneller denn je\u2009\u2013\u2009und stellt unseren gesellschaftlichen Zusammenhalt vor neue Herausforderungen. Unsere Reaktionen sind oft sehr emotional. \u201eGef\u00fchlsdinge\u201c bringt Emotionen und Erinnerungen von j\u00fcdischen Communitys mit Objektendes Museums zusammen.\u00a0\" \/>\n<meta property=\"og:url\" content=\"https:\/\/centrumjudaicum.de\/en\/portfolio\/gefuehlsdinge\/\" \/>\n<meta property=\"og:site_name\" content=\"Centrum Judaicum\" \/>\n<meta property=\"article:modified_time\" content=\"2026-04-27T09:46:34+00:00\" \/>\n<meta property=\"og:image\" content=\"https:\/\/centrumjudaicum.de\/wp-content\/uploads\/2025\/04\/Gefueldinge-NEU-202648-scaled.png\" \/>\n\t<meta property=\"og:image:width\" content=\"2560\" \/>\n\t<meta property=\"og:image:height\" content=\"2560\" \/>\n\t<meta property=\"og:image:type\" content=\"image\/png\" \/>\n<meta name=\"twitter:card\" content=\"summary_large_image\" \/>\n<meta name=\"twitter:title\" content=\"Gef\u00fchlsdinge\" \/>\n<meta name=\"twitter:label1\" content=\"Est. reading time\" \/>\n\t<meta name=\"twitter:data1\" content=\"12 minutes\" \/>\n<script type=\"application\/ld+json\" class=\"yoast-schema-graph\">{\"@context\":\"https:\\\/\\\/schema.org\",\"@graph\":[{\"@type\":\"WebPage\",\"@id\":\"https:\\\/\\\/centrumjudaicum.de\\\/portfolio\\\/gefuehlsdinge\\\/\",\"url\":\"https:\\\/\\\/centrumjudaicum.de\\\/portfolio\\\/gefuehlsdinge\\\/\",\"name\":\"Gef\u00fchlsdinge - Centrum Judaicum\",\"isPartOf\":{\"@id\":\"https:\\\/\\\/centrumjudaicum.de\\\/#website\"},\"primaryImageOfPage\":{\"@id\":\"https:\\\/\\\/centrumjudaicum.de\\\/portfolio\\\/gefuehlsdinge\\\/#primaryimage\"},\"image\":{\"@id\":\"https:\\\/\\\/centrumjudaicum.de\\\/portfolio\\\/gefuehlsdinge\\\/#primaryimage\"},\"thumbnailUrl\":\"https:\\\/\\\/centrumjudaicum.de\\\/wp-content\\\/uploads\\\/2025\\\/04\\\/Gefueldinge-NEU-202648-scaled.png\",\"datePublished\":\"2025-04-07T11:41:19+00:00\",\"dateModified\":\"2026-04-27T09:46:34+00:00\",\"breadcrumb\":{\"@id\":\"https:\\\/\\\/centrumjudaicum.de\\\/portfolio\\\/gefuehlsdinge\\\/#breadcrumb\"},\"inLanguage\":\"en-US\",\"potentialAction\":[{\"@type\":\"ReadAction\",\"target\":[\"https:\\\/\\\/centrumjudaicum.de\\\/portfolio\\\/gefuehlsdinge\\\/\"]}]},{\"@type\":\"ImageObject\",\"inLanguage\":\"en-US\",\"@id\":\"https:\\\/\\\/centrumjudaicum.de\\\/portfolio\\\/gefuehlsdinge\\\/#primaryimage\",\"url\":\"https:\\\/\\\/centrumjudaicum.de\\\/wp-content\\\/uploads\\\/2025\\\/04\\\/Gefueldinge-NEU-202648-scaled.png\",\"contentUrl\":\"https:\\\/\\\/centrumjudaicum.de\\\/wp-content\\\/uploads\\\/2025\\\/04\\\/Gefueldinge-NEU-202648-scaled.png\",\"width\":2560,\"height\":2560},{\"@type\":\"BreadcrumbList\",\"@id\":\"https:\\\/\\\/centrumjudaicum.de\\\/portfolio\\\/gefuehlsdinge\\\/#breadcrumb\",\"itemListElement\":[{\"@type\":\"ListItem\",\"position\":1,\"name\":\"Home\",\"item\":\"https:\\\/\\\/centrumjudaicum.de\\\/\"},{\"@type\":\"ListItem\",\"position\":2,\"name\":\"Portfolio\",\"item\":\"https:\\\/\\\/centrumjudaicum.de\\\/portfolio\\\/\"},{\"@type\":\"ListItem\",\"position\":3,\"name\":\"gefuelsdinge\"}]},{\"@type\":\"WebSite\",\"@id\":\"https:\\\/\\\/centrumjudaicum.de\\\/#website\",\"url\":\"https:\\\/\\\/centrumjudaicum.de\\\/\",\"name\":\"Centrum Judaicum\",\"description\":\"\",\"publisher\":{\"@id\":\"https:\\\/\\\/centrumjudaicum.de\\\/#organization\"},\"potentialAction\":[{\"@type\":\"SearchAction\",\"target\":{\"@type\":\"EntryPoint\",\"urlTemplate\":\"https:\\\/\\\/centrumjudaicum.de\\\/?s={search_term_string}\"},\"query-input\":{\"@type\":\"PropertyValueSpecification\",\"valueRequired\":true,\"valueName\":\"search_term_string\"}}],\"inLanguage\":\"en-US\"},{\"@type\":\"Organization\",\"@id\":\"https:\\\/\\\/centrumjudaicum.de\\\/#organization\",\"name\":\"Centrum Judaicum\",\"url\":\"https:\\\/\\\/centrumjudaicum.de\\\/\",\"logo\":{\"@type\":\"ImageObject\",\"inLanguage\":\"en-US\",\"@id\":\"https:\\\/\\\/centrumjudaicum.de\\\/#\\\/schema\\\/logo\\\/image\\\/\",\"url\":\"https:\\\/\\\/centrumjudaicum.de\\\/wp-content\\\/uploads\\\/2022\\\/10\\\/Logo_Stiftung_Neue_Synagoge_Berlin_Gold_.png\",\"contentUrl\":\"https:\\\/\\\/centrumjudaicum.de\\\/wp-content\\\/uploads\\\/2022\\\/10\\\/Logo_Stiftung_Neue_Synagoge_Berlin_Gold_.png\",\"width\":1188,\"height\":409,\"caption\":\"Centrum Judaicum\"},\"image\":{\"@id\":\"https:\\\/\\\/centrumjudaicum.de\\\/#\\\/schema\\\/logo\\\/image\\\/\"}}]}<\/script>\n<!-- \/ Yoast SEO Premium plugin. -->","yoast_head_json":{"title":"Gef\u00fchlsdinge - Centrum Judaicum","robots":{"index":"index","follow":"follow","max-snippet":"max-snippet:-1","max-image-preview":"max-image-preview:large","max-video-preview":"max-video-preview:-1"},"canonical":"https:\/\/centrumjudaicum.de\/en\/portfolio\/gefuehlsdinge\/","og_locale":"en_US","og_type":"article","og_title":"Gef\u00fchlsdinge Gef\u00fchlsdinge - How to listen to Objects?","og_description":"Unsere Welt dreht sich heute schneller denn je\u2009\u2013\u2009und stellt unseren gesellschaftlichen Zusammenhalt vor neue Herausforderungen. Unsere Reaktionen sind oft sehr emotional. \u201eGef\u00fchlsdinge\u201c bringt Emotionen und Erinnerungen von j\u00fcdischen Communitys mit Objektendes Museums zusammen.\u00a0","og_url":"https:\/\/centrumjudaicum.de\/en\/portfolio\/gefuehlsdinge\/","og_site_name":"Centrum Judaicum","article_modified_time":"2026-04-27T09:46:34+00:00","og_image":[{"width":2560,"height":2560,"url":"https:\/\/centrumjudaicum.de\/wp-content\/uploads\/2025\/04\/Gefueldinge-NEU-202648-scaled.png","type":"image\/png"}],"twitter_card":"summary_large_image","twitter_title":"Gef\u00fchlsdinge","twitter_misc":{"Est. reading time":"12 minutes"},"schema":{"@context":"https:\/\/schema.org","@graph":[{"@type":"WebPage","@id":"https:\/\/centrumjudaicum.de\/portfolio\/gefuehlsdinge\/","url":"https:\/\/centrumjudaicum.de\/portfolio\/gefuehlsdinge\/","name":"Gef\u00fchlsdinge - Centrum Judaicum","isPartOf":{"@id":"https:\/\/centrumjudaicum.de\/#website"},"primaryImageOfPage":{"@id":"https:\/\/centrumjudaicum.de\/portfolio\/gefuehlsdinge\/#primaryimage"},"image":{"@id":"https:\/\/centrumjudaicum.de\/portfolio\/gefuehlsdinge\/#primaryimage"},"thumbnailUrl":"https:\/\/centrumjudaicum.de\/wp-content\/uploads\/2025\/04\/Gefueldinge-NEU-202648-scaled.png","datePublished":"2025-04-07T11:41:19+00:00","dateModified":"2026-04-27T09:46:34+00:00","breadcrumb":{"@id":"https:\/\/centrumjudaicum.de\/portfolio\/gefuehlsdinge\/#breadcrumb"},"inLanguage":"en-US","potentialAction":[{"@type":"ReadAction","target":["https:\/\/centrumjudaicum.de\/portfolio\/gefuehlsdinge\/"]}]},{"@type":"ImageObject","inLanguage":"en-US","@id":"https:\/\/centrumjudaicum.de\/portfolio\/gefuehlsdinge\/#primaryimage","url":"https:\/\/centrumjudaicum.de\/wp-content\/uploads\/2025\/04\/Gefueldinge-NEU-202648-scaled.png","contentUrl":"https:\/\/centrumjudaicum.de\/wp-content\/uploads\/2025\/04\/Gefueldinge-NEU-202648-scaled.png","width":2560,"height":2560},{"@type":"BreadcrumbList","@id":"https:\/\/centrumjudaicum.de\/portfolio\/gefuehlsdinge\/#breadcrumb","itemListElement":[{"@type":"ListItem","position":1,"name":"Home","item":"https:\/\/centrumjudaicum.de\/"},{"@type":"ListItem","position":2,"name":"Portfolio","item":"https:\/\/centrumjudaicum.de\/portfolio\/"},{"@type":"ListItem","position":3,"name":"gefuelsdinge"}]},{"@type":"WebSite","@id":"https:\/\/centrumjudaicum.de\/#website","url":"https:\/\/centrumjudaicum.de\/","name":"Centrum Judaicum","description":"","publisher":{"@id":"https:\/\/centrumjudaicum.de\/#organization"},"potentialAction":[{"@type":"SearchAction","target":{"@type":"EntryPoint","urlTemplate":"https:\/\/centrumjudaicum.de\/?s={search_term_string}"},"query-input":{"@type":"PropertyValueSpecification","valueRequired":true,"valueName":"search_term_string"}}],"inLanguage":"en-US"},{"@type":"Organization","@id":"https:\/\/centrumjudaicum.de\/#organization","name":"Centrum Judaicum","url":"https:\/\/centrumjudaicum.de\/","logo":{"@type":"ImageObject","inLanguage":"en-US","@id":"https:\/\/centrumjudaicum.de\/#\/schema\/logo\/image\/","url":"https:\/\/centrumjudaicum.de\/wp-content\/uploads\/2022\/10\/Logo_Stiftung_Neue_Synagoge_Berlin_Gold_.png","contentUrl":"https:\/\/centrumjudaicum.de\/wp-content\/uploads\/2022\/10\/Logo_Stiftung_Neue_Synagoge_Berlin_Gold_.png","width":1188,"height":409,"caption":"Centrum Judaicum"},"image":{"@id":"https:\/\/centrumjudaicum.de\/#\/schema\/logo\/image\/"}}]}},"ticketed":false,"_links":{"self":[{"href":"https:\/\/centrumjudaicum.de\/en\/wp-json\/wp\/v2\/portfolio\/24283","targetHints":{"allow":["GET"]}}],"collection":[{"href":"https:\/\/centrumjudaicum.de\/en\/wp-json\/wp\/v2\/portfolio"}],"about":[{"href":"https:\/\/centrumjudaicum.de\/en\/wp-json\/wp\/v2\/types\/portfolio"}],"version-history":[{"count":10,"href":"https:\/\/centrumjudaicum.de\/en\/wp-json\/wp\/v2\/portfolio\/24283\/revisions"}],"predecessor-version":[{"id":26793,"href":"https:\/\/centrumjudaicum.de\/en\/wp-json\/wp\/v2\/portfolio\/24283\/revisions\/26793"}],"wp:featuredmedia":[{"embeddable":true,"href":"https:\/\/centrumjudaicum.de\/en\/wp-json\/wp\/v2\/media\/26693"}],"wp:attachment":[{"href":"https:\/\/centrumjudaicum.de\/en\/wp-json\/wp\/v2\/media?parent=24283"}],"wp:term":[{"taxonomy":"portfolio-categories","embeddable":true,"href":"https:\/\/centrumjudaicum.de\/en\/wp-json\/wp\/v2\/portfolio-categories?post=24283"}],"curies":[{"name":"wp","href":"https:\/\/api.w.org\/{rel}","templated":true}]}}