{"id":16467,"date":"2023-08-25T11:27:53","date_gmt":"2023-08-25T09:27:53","guid":{"rendered":"https:\/\/new2023.centrumjudaicum-berlin.de\/event\/3-juedisch-literarisches-rondeel\/"},"modified":"2023-08-25T11:27:53","modified_gmt":"2023-08-25T09:27:53","slug":"3-juedisch-literarisches-rondeel","status":"publish","type":"tribe_events","link":"https:\/\/centrumjudaicum.de\/en\/veranstaltung\/3-juedisch-literarisches-rondeel\/","title":{"rendered":"3. J\u00fcdisch-Literarisches Rondeel"},"content":{"rendered":"<div  class=\"tribe-events-schedule tribe-clearfix\" >\n\t<p class=\"tribe-events-schedule__datetime\">\n\t\t<span class=\"tribe-events-schedule__date tribe-events-schedule__date--start\">\n\t\t\t28. July 2020\t\t<\/span>\n\n\t\t\t\t\t<span class=\"tribe-events-schedule__separator tribe-events-schedule__separator--date\">\n\t\t\t\t&#8211;\t\t\t<\/span>\n\t\t\t<span class=\"tribe-events-schedule__time tribe-events-schedule__time--start\">\n\t\t\t\t00:00\t\t\t<\/span>\n\t\t\n\t\t\t<\/p>\n<\/div>\n\n\n\n<h2 class=\"has-vivid-red-color has-text-color wp-block-heading\">Das Schreiben der eigenen Familienbiographie<\/h2>\n\n\n\n<div style=\"height:65px\" aria-hidden=\"true\" class=\"wp-block-spacer\"><\/div>\n\n\n\n<p style=\"font-size:18px\" class=\"has-text-color has-very-dark-gray-color\"><strong>Zu Gast:<\/strong> <strong>Rafael Seligmann<\/strong> mit \u201eLauf, Ludwig, lauf! Eine Jugend <br>zwischen Fu\u00dfball und Synagoge\u201c und \u201eHannah und Ludwig. Heimatlos in Tel Aviv\u201c<\/p>\n\n\n\n<p class=\"has-text-color has-vivid-red-color\"><strong>Achtung! Die Veranstaltung wird ohne Publikum aufgezeichnet und anschlie\u00dfend Online zur Verf\u00fcgung gestellt!<\/strong><\/p>\n\n\n\n<div class=\"wp-block-columns is-layout-flex wp-container-core-columns-is-layout-28f84493 wp-block-columns-is-layout-flex\">\n<div class=\"wp-block-column is-layout-flow wp-block-column-is-layout-flow\"><\/div>\n\n\n\n<div class=\"wp-block-column is-layout-flow wp-block-column-is-layout-flow\">\n<p><\/p>\n<\/div>\n<\/div>\n\n\n\n<div class=\"wp-block-columns is-layout-flex wp-container-core-columns-is-layout-28f84493 wp-block-columns-is-layout-flex\">\n<div class=\"wp-block-column is-layout-flow wp-block-column-is-layout-flow\">\n<figure class=\"wp-block-image size-large\"><img decoding=\"async\" src=\"https:\/\/old.centrumjudaicum-berlin.de\/wp-content\/uploads\/2020\/07\/Cover-Lauf-Ludwig-643x1024.jpg\" alt=\"\" class=\"wp-image-7005\" \/><\/figure>\n\n\n\n<p><\/p>\n<\/div>\n\n\n\n<div class=\"wp-block-column is-layout-flow wp-block-column-is-layout-flow\">\n<figure class=\"wp-block-image size-large\"><img decoding=\"async\" src=\"https:\/\/old.centrumjudaicum-berlin.de\/wp-content\/uploads\/2020\/07\/Cover-Hannah-und-Ludwig.jpg\" alt=\"\" class=\"wp-image-7003\" \/><\/figure>\n\n\n\n<p><\/p>\n<\/div>\n<\/div>\n\n\n\n<p style=\"font-size:18px\" class=\"has-text-color has-very-dark-gray-color\">Im vergangenen Herbst erschien \u201eLauf, Ludwig, lauf! Eine Jugend zwischen Fu\u00dfball und Synagoge\u201c, der erste Teil des Familienromans von Rafael Seligmann, in dem sein Vater Ludwig im Mittelpunkt steht, der in der alten j\u00fcdischen Landgemeinde Ichenhausen Anfang des vergangenen Jahrhunderts aufw\u00e4chst. Der Junge besucht die j\u00fcdische Schule, singt im Synagogenchor, spielt Fu\u00dfball in der Stadtmannschaft. Doch die vermeintlich heile Welt ger\u00e4t bereits im Ersten Weltkrieg aus den Fugen. Der Vater erlebt im Heer erstmals Antisemitismus. Ludwig besucht das Gymnasium, doch wirtschaftliche Not zwingt ihn, als Hausierer im Familienbetrieb mitzuarbeiten. In den 30er Jahren gewinnen die Nazis an Boden. Ludwig wird misshandelt und muss aus Deutschland fliehen.<\/p>\n\n\n\n<p style=\"font-size:18px\" class=\"has-text-color has-very-dark-gray-color\">Der soeben erschienene Folgeroman \u201eHannah und Ludwig. Heimatlos in Tel Aviv\u201c setzt 1934 mit der Ankunft Ludwigs in Tel Aviv ein. Ludwig schl\u00e4gt sich zun\u00e4chst als Orangenpfl\u00fccker und Putzkraft durch. Schlie\u00dflich findet er eine Anstellung in einer Textilfirma und re\u00fcssiert dort. Es gelingt ihm, Eltern und j\u00fcngere Geschwister aus Ichenhausen ins Land zu holen. Nach Ausbruch des Zweiten Weltkriegs treffen sich Ludwig und Hannah und heiraten. Hannah muss erleben, dass ihre Geschwister in der Shoah ermordet werden. Sie wird den Verlust nie verwinden. 1957 kehren die Seligmanns nach Deutschland zur\u00fcck. Verletzt, doch hoffnungsvoll.<\/p>\n\n\n\n<div style=\"height:20px\" aria-hidden=\"true\" class=\"wp-block-spacer\"><\/div>\n\n\n\n<p style=\"font-size:20px\" class=\"has-text-color has-text-align-left has-very-dark-gray-color\"><em><strong>\u201eWie die Geschichte des 20. Jahrhunderts Familiengeschichte bestimmt, das hat der Historiker und Schriftsteller Rafael Seligmann auf einzigartige Weise sichtbar gemacht.\u201c<\/strong><\/em><\/p>\n\n\n\n<p class=\"has-text-color has-text-align-right has-very-dark-gray-color\"><strong>&nbsp;&nbsp;&nbsp;&nbsp;&nbsp;&nbsp;&nbsp;&nbsp;&nbsp;&nbsp;&nbsp;&nbsp;&nbsp;&nbsp;&nbsp;&nbsp;&nbsp;&nbsp;&nbsp;&nbsp;&nbsp;&nbsp;&nbsp;&nbsp;&nbsp;&nbsp;&nbsp;&nbsp;&nbsp;&nbsp;&nbsp;&nbsp;&nbsp;&nbsp;&nbsp;&nbsp;&nbsp;&nbsp;&nbsp;&nbsp;&nbsp;&nbsp;&nbsp;&nbsp;&nbsp;&nbsp;&nbsp;&nbsp;&nbsp;&nbsp;&nbsp;&nbsp;&nbsp;&nbsp;&nbsp;&nbsp;&nbsp;&nbsp;&nbsp;&nbsp;&nbsp;&nbsp;&nbsp;&nbsp;&nbsp;&nbsp;&nbsp;&nbsp;&nbsp;&nbsp;&nbsp;&nbsp;&nbsp;&nbsp;&nbsp;&nbsp;&nbsp;&nbsp;&nbsp;&nbsp;&nbsp;&nbsp; &nbsp;&nbsp; Deutschlandfunk<\/strong><\/p>\n\n\n\n<div class=\"wp-block-columns is-layout-flex wp-container-core-columns-is-layout-28f84493 wp-block-columns-is-layout-flex\">\n<div class=\"wp-block-column is-vertically-aligned-top is-layout-flow wp-block-column-is-layout-flow\"><\/div>\n\n\n\n<div class=\"wp-block-column is-layout-flow wp-block-column-is-layout-flow\"><\/div>\n<\/div>\n\n\n\n<div class=\"wp-block-columns is-layout-flex wp-container-core-columns-is-layout-28f84493 wp-block-columns-is-layout-flex\">\n<div class=\"wp-block-column is-layout-flow wp-block-column-is-layout-flow\" style=\"flex-basis:66.66%\">\n<p style=\"font-size:18px\" class=\"has-text-color has-very-dark-gray-color\"><strong>Rafael Seligmann<\/strong> wurde 1947 in Israel geboren und lebt seit 1957 in Deutschland. Der promovierte Politologe hat zahlreiche Romane und Sachb\u00fccher ver\u00f6ffentlicht, meist schreibt er \u00fcber das deutsch-j\u00fcdische Verh\u00e4ltnis, so zum Beispiel in \u201eRubinsteins Versteigerung\u201c und \u201eDer Musterjude\u201c. Seligmann ist Verfasser des Buches \u201eHitler. Die Deutschen und ihr F\u00fchrer\u201c, in dem er sich mit der Frage nach der Ursache f\u00fcr die Loyalit\u00e4t der Deutschen zu Hitler besch\u00e4ftigt. Au\u00dferdem publiziert er Essays, Kommentare und Kolumnen f\u00fcr verschiedene deutsche Zeitungen wie Der Spiegel, Die Welt, B.Z., Der Tagesspiegel und die J\u00fcdische Allgemeine und gr\u00fcndete 2012 die Zeitung \u201eJewish Voice from Germany\u201c.<\/p>\n\n\n\n<p><\/p>\n<\/div>\n\n\n\n<div class=\"wp-block-column is-layout-flow wp-block-column-is-layout-flow\" style=\"flex-basis:33.33%\">\n<figure class=\"wp-block-image size-large is-resized is-style-default\"><img fetchpriority=\"high\" decoding=\"async\" src=\"https:\/\/old.centrumjudaicum-berlin.de\/wp-content\/uploads\/2020\/07\/Rafael_Seligmann_2010.jpg\" alt=\"\" class=\"wp-image-7000\" width=\"222\" height=\"376\" \/><figcaption>Foto (c) Hans Weingartz<\/figcaption><\/figure>\n\n\n\n<p><\/p>\n<\/div>\n<\/div>\n\n\n\n<hr class=\"wp-block-separator has-text-color has-background has-cyan-bluish-gray-background-color has-cyan-bluish-gray-color is-style-wide\" \/>\n\n\n\n<div style=\"height:20px\" aria-hidden=\"true\" class=\"wp-block-spacer\"><\/div>\n\n\n\n<div class=\"wp-block-columns is-layout-flex wp-container-core-columns-is-layout-28f84493 wp-block-columns-is-layout-flex\">\n<div class=\"wp-block-column is-layout-flow wp-block-column-is-layout-flow\" style=\"flex-basis:70%\">\n<p class=\"has-text-color has-very-dark-gray-color\"><strong>Gastgeber:<\/strong><\/p>\n\n\n\n<p class=\"has-text-color has-very-dark-gray-color\">Dr. Thomas Sparr, <br><em>J\u00fcdischer Verlag im Suhrkamp Verlag <br><\/em>Dr. Anja Siegemund, <br><em>Direktorin Stiftung Neue Synagoge Berlin \u2013 Centrum Judaicum<\/em><\/p>\n\n\n\n<p class=\"has-text-color has-very-dark-gray-color\"><\/p>\n<\/div>\n\n\n\n<div class=\"wp-block-column is-layout-flow wp-block-column-is-layout-flow\" style=\"flex-basis:35.6%\">\n<p class=\"has-text-color has-very-dark-gray-color\"><strong>In Kooperation<\/strong> mit der<br><span style=\"color:#0071a1\" class=\"has-inline-color\"><a href=\"#1e57bb\">L<\/a><\/span><a href=\"https:\/\/literaturhandlung.com\/\"><span style=\"color:#1e57bb\" class=\"has-inline-color\">iteraturhandlung Berlin<\/span><\/a> und dem <a href=\"https:\/\/www.langenmueller.de\/\"><span style=\"color:#1e57bb\" class=\"has-inline-color\">Langen M\u00fcller Verlag<\/span><\/a><\/p>\n\n\n\n<p><\/p>\n<\/div>\n<\/div>\n\n\n\n<div style=\"height:21px\" aria-hidden=\"true\" class=\"wp-block-spacer\"><\/div>\n\n\n\n<hr class=\"wp-block-separator is-style-wide\" \/>\n\n\n\n<p class=\"has-text-color has-background has-very-dark-gray-color has-very-light-gray-background-color\"><strong>Achtung die Veranstaltung wird ohne Publikum aufgezeichnet und Online zur Verf\u00fcgung gestellt!<\/strong><\/p>\n\n\n\n<p class=\"has-text-color has-vivid-red-color\"><\/p>\n\n\n\n<p><em>Die Veranstaltung wird aufgezeichnet und im Anschluss auf unserer Website und unseren Social-Media-Kan\u00e4len ver\u00f6ffentlicht.<\/em><\/p>\n\n\n\n<hr class=\"wp-block-separator is-style-wide\" \/>\n\n\n\n<div style=\"height:236px\" aria-hidden=\"true\" class=\"wp-block-spacer\"><\/div>\n\n\n<div  class=\"tribe-block tribe-block__event-price\" >\n\t\t<\/div>\n\n\n\n\n\n<div style=\"height:100px\" aria-hidden=\"true\" class=\"wp-block-spacer\"><\/div>\n\n\n<div  class=\"tribe-block tribe-block__venue tribe-clearfix\" >\n\t\n\t\t\n\t<\/div>\n\n\n\n\n\t<div  class=\"tribe-block tribe-block__events-link\" >\n\t\t<div class=\"tribe-events tribe-common\">\n\t\t\t<div class=\"tribe-events-c-subscribe-dropdown__container\">\n\t\t\t\t<div class=\"tribe-events-c-subscribe-dropdown\">\n\t\t\t\t\t<div class=\"tribe-common-c-btn-border tribe-events-c-subscribe-dropdown__button\">\n\t\t\t\t\t\t<svg\n\t class=\"tribe-common-c-svgicon tribe-common-c-svgicon--cal-export tribe-events-c-subscribe-dropdown__export-icon\" \taria-hidden=\"true\"\n\tviewbox=\"0 0 23 17\"\n\txmlns=\"http:\/\/www.w3.org\/2000\/svg\"\n>\n\t<path fill-rule=\"evenodd\" clip-rule=\"evenodd\" d=\"M.128.896V16.13c0 .211.145.383.323.383h15.354c.179 0 .323-.172.323-.383V.896c0-.212-.144-.383-.323-.383H.451C.273.513.128.684.128.896Zm16 6.742h-.901V4.679H1.009v10.729h14.218v-3.336h.901V7.638ZM1.01 1.614h14.218v2.058H1.009V1.614Z\" \/>\n\t<path d=\"M20.5 9.846H8.312M18.524 6.953l2.89 2.909-2.855 2.855\" stroke-width=\"1.2\" stroke-linecap=\"round\" stroke-linejoin=\"round\"\/>\n<\/svg>\n\t\t\t\t\t\t<button\n\t\t\t\t\t\t\tclass=\"tribe-events-c-subscribe-dropdown__button-text\"\n\t\t\t\t\t\t\taria-expanded=\"false\"\n\t\t\t\t\t\t\taria-controls=\"tribe-events-subscribe-dropdown-content\"\n\t\t\t\t\t\t\taria-label=\"View links to add events to your calendar\"\n\t\t\t\t\t\t>\n\t\t\t\t\t\t\tAdd to calendar\t\t\t\t\t\t<\/button>\n\t\t\t\t\t\t<svg\n\t class=\"tribe-common-c-svgicon tribe-common-c-svgicon--caret-down tribe-events-c-subscribe-dropdown__button-icon\" \taria-hidden=\"true\"\n\tviewbox=\"0 0 10 7\"\n\txmlns=\"http:\/\/www.w3.org\/2000\/svg\"\n>\n\t<path fill-rule=\"evenodd\" clip-rule=\"evenodd\" d=\"M1.008.609L5 4.6 8.992.61l.958.958L5 6.517.05 1.566l.958-.958z\" class=\"tribe-common-c-svgicon__svg-fill\"\/>\n<\/svg>\n\t\t\t\t\t<\/div>\n\t\t\t\t\t<div id=\"tribe-events-subscribe-dropdown-content\" class=\"tribe-events-c-subscribe-dropdown__content\">\n\t\t\t\t\t\t<ul class=\"tribe-events-c-subscribe-dropdown__list\">\n\t\t\t\t\t\t\t\t\t\t\t\t\t\t\t<li class=\"tribe-events-c-subscribe-dropdown__list-item tribe-events-c-subscribe-dropdown__list-item--gcal\">\n\t\t\t\t\t\t\t\t\t<a\n\t\t\t\t\t\t\t\t\t\thref=\"https:\/\/www.google.com\/calendar\/event?action=TEMPLATE&#038;dates=20200728T000000\/20200728T000000&#038;text=3.%20J%C3%BCdisch-Literarisches%20Rondeel&#038;details=%3Ch2+class%3D%22has-vivid-red-color+has-text-color%22%3EDas+Schreiben+der+eigenen+Familienbiographie%3C%2Fh2%3E%3Cdiv+style%3D%22height%3A65px%22+aria-hidden%3D%22true%22+class%3D%22wp-block-spacer%22%3E%3C%2Fdiv%3E%3Cp+style%3D%22font-size%3A18px%22+class%3D%22has-text-color+has-very-dark-gray-color%22%3E%3Cstrong%3EZu+Gast%3A%3C%2Fstrong%3E+%3Cstrong%3ERafael+Seligmann%3C%2Fstrong%3E+mit+%E2%80%9ELauf%2C+Ludwig%2C+lauf%21+Eine+Jugend+%3Cbr+%2F%3Ezwischen+Fu%C3%9Fball+und+Synagoge%E2%80%9C+und+%E2%80%9EHannah+und+Ludwig.+Heimatlos+in+Tel+Aviv%E2%80%9C%3C%2Fp%3E+%3Cp+class%3D%22has-text-color+has-vivid-red-color%22%3E%3Cstrong%3EAchtung%21+Die+Veranstaltung+wird+ohne+Publikum+aufgezeichnet+und+anschlie%C3%9Fend+Online+zur+Verf%C3%BCgung+gestellt%21%3C%2Fstrong%3E%3C%2Fp%3E+%3Cdiv+class%3D%22wp-block-columns%22%3E%3Cdiv+class%3D%22wp-block-column%22%3E%3C%2Fdiv%3E%3Cdiv+class%3D%22wp-block-column%22%3E%3Cp%3E%3C%2Fp%3E+%3C%2Fdiv%3E%3C%2Fdiv%3E%3Cdiv+class%3D%22wp-block-columns%22%3E%3Cdiv+class%3D%22wp-block-column%22%3E%3Cfigure+class%3D%22wp-block-image+size-large%22%3E%3Cimg+src%3D%22https%3A%2F%2Fold.centrumjudaicum-berlin.de%2Fwp-content%2Fuploads%2F2020%2F07%2FCover-Lauf-Ludwig-643x1024.jpg%22+alt%3D%22%22+class%3D%22wp-image-7005%22%3C%2Ffigure%3E%3C%2Fdiv%3E%3C%2Fdiv%3E+%28View+Full+event+Description+Here%3A+https%3A%2F%2Fcentrumjudaicum.de%2Fen%2Fveranstaltung%2F3-juedisch-literarisches-rondeel%2F%29&#038;trp=false&#038;ctz=Europe\/Berlin&#038;sprop=website:https:\/\/centrumjudaicum.de\/en\"\n\t\t\t\t\t\t\t\t\t\tclass=\"tribe-events-c-subscribe-dropdown__list-item-link\"\n\t\t\t\t\t\t\t\t\t\ttarget=\"_blank\"\n\t\t\t\t\t\t\t\t\t\trel=\"noopener noreferrer nofollow noindex\"\n\t\t\t\t\t\t\t\t\t>\n\t\t\t\t\t\t\t\t\t\tGoogle Calendar\t\t\t\t\t\t\t\t\t<\/a>\n\t\t\t\t\t\t\t\t<\/li>\n\t\t\t\t\t\t\t\t\t\t\t\t\t\t\t<li class=\"tribe-events-c-subscribe-dropdown__list-item tribe-events-c-subscribe-dropdown__list-item--ical\">\n\t\t\t\t\t\t\t\t\t<a\n\t\t\t\t\t\t\t\t\t\thref=\"\"\n\t\t\t\t\t\t\t\t\t\tclass=\"tribe-events-c-subscribe-dropdown__list-item-link\"\n\t\t\t\t\t\t\t\t\t\ttarget=\"_blank\"\n\t\t\t\t\t\t\t\t\t\trel=\"noopener noreferrer nofollow noindex\"\n\t\t\t\t\t\t\t\t\t>\n\t\t\t\t\t\t\t\t\t\tiCalendar\t\t\t\t\t\t\t\t\t<\/a>\n\t\t\t\t\t\t\t\t<\/li>\n\t\t\t\t\t\t\t\t\t\t\t\t\t\t\t<li class=\"tribe-events-c-subscribe-dropdown__list-item tribe-events-c-subscribe-dropdown__list-item--outlook-365\">\n\t\t\t\t\t\t\t\t\t<a\n\t\t\t\t\t\t\t\t\t\thref=\"\"\n\t\t\t\t\t\t\t\t\t\tclass=\"tribe-events-c-subscribe-dropdown__list-item-link\"\n\t\t\t\t\t\t\t\t\t\ttarget=\"_blank\"\n\t\t\t\t\t\t\t\t\t\trel=\"noopener noreferrer nofollow noindex\"\n\t\t\t\t\t\t\t\t\t>\n\t\t\t\t\t\t\t\t\t\tOutlook 365\t\t\t\t\t\t\t\t\t<\/a>\n\t\t\t\t\t\t\t\t<\/li>\n\t\t\t\t\t\t\t\t\t\t\t\t\t\t\t<li class=\"tribe-events-c-subscribe-dropdown__list-item tribe-events-c-subscribe-dropdown__list-item--outlook-live\">\n\t\t\t\t\t\t\t\t\t<a\n\t\t\t\t\t\t\t\t\t\thref=\"\"\n\t\t\t\t\t\t\t\t\t\tclass=\"tribe-events-c-subscribe-dropdown__list-item-link\"\n\t\t\t\t\t\t\t\t\t\ttarget=\"_blank\"\n\t\t\t\t\t\t\t\t\t\trel=\"noopener noreferrer nofollow noindex\"\n\t\t\t\t\t\t\t\t\t>\n\t\t\t\t\t\t\t\t\t\tOutlook Live\t\t\t\t\t\t\t\t\t<\/a>\n\t\t\t\t\t\t\t\t<\/li>\n\t\t\t\t\t\t\t\t\t\t\t\t\t<\/ul>\n\t\t\t\t\t<\/div>\n\t\t\t\t<\/div>\n\t\t\t<\/div>\n\t\t<\/div>\n\t<\/div>\n\n\n\n\n<p><\/p>","protected":false},"excerpt":{"rendered":"<p>Das Schreiben der eigenen Familienbiographie Zu Gast: Rafael Seligmann mit \u201eLauf, Ludwig, lauf! Eine Jugend zwischen Fu\u00dfball und Synagoge\u201c und \u201eHannah und Ludwig. Heimatlos in Tel Aviv\u201c Achtung! Die Veranstaltung [&hellip;]<\/p>\n","protected":false},"author":1,"featured_media":0,"template":"","meta":{"_tec_requires_first_save":false,"_price":"","_stock":"","_tribe_ticket_header":"","_tribe_default_ticket_provider":"","_tribe_ticket_capacity":"0","_ticket_start_date":"","_ticket_end_date":"","_tribe_ticket_show_description":"","_tribe_ticket_show_not_going":false,"_tribe_ticket_use_global_stock":"","_tribe_ticket_global_stock_level":"","_global_stock_mode":"","_global_stock_cap":"","_tribe_rsvp_for_event":"","_tribe_ticket_going_count":"","_tribe_ticket_not_going_count":"","_tribe_tickets_list":"[]","_tribe_ticket_has_attendee_info_fields":false,"_EventAllDay":false,"_EventTimezone":"Europe\/Berlin","_EventStartDate":"2020-07-28 00:00:00","_EventEndDate":"2020-07-28 00:00:00","_EventStartDateUTC":"2020-07-27 22:00:00","_EventEndDateUTC":"2020-07-27 22:00:00","_EventShowMap":false,"_EventShowMapLink":false,"_EventURL":"","_EventCost":"","_EventCostDescription":"","_EventCurrencySymbol":"","_EventCurrencyCode":"","_EventCurrencyPosition":"prefix","_EventDateTimeSeparator":"","_EventTimeRangeSeparator":"","_EventOrganizerID":[],"_EventVenueID":[],"_OrganizerEmail":"","_OrganizerPhone":"","_OrganizerWebsite":"","_VenueAddress":"","_VenueCity":"","_VenueCountry":"","_VenueProvince":"","_VenueState":"","_VenueZip":"","_VenuePhone":"","_VenueURL":"","_VenueStateProvince":"","_VenueLat":"","_VenueLng":"","_VenueShowMap":false,"_VenueShowMapLink":false,"_tribe_blocks_recurrence_rules":"","_tribe_blocks_recurrence_description":"","_tribe_blocks_recurrence_exclusions":"","_tribe_events_status":"","_tribe_events_status_reason":"","_tribe_events_is_hybrid":"","_tribe_events_is_virtual":"","_tribe_events_virtual_video_source":"","_tribe_events_virtual_embed_video":"","_tribe_events_virtual_linked_button_text":"","_tribe_events_virtual_linked_button":"","_tribe_events_virtual_show_embed_at":"","_tribe_events_virtual_show_embed_to":[],"_tribe_events_virtual_show_on_event":"","_tribe_events_virtual_show_on_views":"","_tribe_events_virtual_url":"","footnotes":"","_tec_slr_enabled":"","_tec_slr_layout":""},"tags":[],"tribe_events_cat":[],"class_list":["post-16467","tribe_events","type-tribe_events","status-publish","hentry"],"yoast_head":"<!-- This site is optimized with the Yoast SEO Premium plugin v26.1 (Yoast SEO v27.5) - https:\/\/yoast.com\/product\/yoast-seo-premium-wordpress\/ -->\n<title>3. J\u00fcdisch-Literarisches Rondeel - Centrum Judaicum<\/title>\n<meta name=\"robots\" content=\"index, follow, max-snippet:-1, max-image-preview:large, max-video-preview:-1\" \/>\n<link rel=\"canonical\" href=\"https:\/\/centrumjudaicum.de\/en\/veranstaltung\/3-juedisch-literarisches-rondeel\/\" \/>\n<meta property=\"og:locale\" content=\"en_US\" \/>\n<meta property=\"og:type\" content=\"article\" \/>\n<meta property=\"og:title\" content=\"3. J\u00fcdisch-Literarisches Rondeel\" \/>\n<meta property=\"og:description\" content=\"Das Schreiben der eigenen Familienbiographie Zu Gast: Rafael Seligmann mit \u201eLauf, Ludwig, lauf! Eine Jugend zwischen Fu\u00dfball und Synagoge\u201c und \u201eHannah und Ludwig. Heimatlos in Tel Aviv\u201c Achtung! Die Veranstaltung [&hellip;]\" \/>\n<meta property=\"og:url\" content=\"https:\/\/centrumjudaicum.de\/en\/veranstaltung\/3-juedisch-literarisches-rondeel\/\" \/>\n<meta property=\"og:site_name\" content=\"Centrum Judaicum\" \/>\n<meta property=\"og:image\" content=\"https:\/\/old.centrumjudaicum-berlin.de\/wp-content\/uploads\/2020\/07\/Cover-Lauf-Ludwig-643x1024.jpg\" \/>\n<meta name=\"twitter:card\" content=\"summary_large_image\" \/>\n<meta name=\"twitter:label1\" content=\"Est. reading time\" \/>\n\t<meta name=\"twitter:data1\" content=\"3 minutes\" \/>\n<script type=\"application\/ld+json\" class=\"yoast-schema-graph\">{\"@context\":\"https:\\\/\\\/schema.org\",\"@graph\":[{\"@type\":\"WebPage\",\"@id\":\"https:\\\/\\\/centrumjudaicum.de\\\/veranstaltung\\\/3-juedisch-literarisches-rondeel\\\/\",\"url\":\"https:\\\/\\\/centrumjudaicum.de\\\/veranstaltung\\\/3-juedisch-literarisches-rondeel\\\/\",\"name\":\"3. J\u00fcdisch-Literarisches Rondeel - Centrum Judaicum\",\"isPartOf\":{\"@id\":\"https:\\\/\\\/centrumjudaicum.de\\\/#website\"},\"primaryImageOfPage\":{\"@id\":\"https:\\\/\\\/centrumjudaicum.de\\\/veranstaltung\\\/3-juedisch-literarisches-rondeel\\\/#primaryimage\"},\"image\":{\"@id\":\"https:\\\/\\\/centrumjudaicum.de\\\/veranstaltung\\\/3-juedisch-literarisches-rondeel\\\/#primaryimage\"},\"thumbnailUrl\":\"https:\\\/\\\/old.centrumjudaicum-berlin.de\\\/wp-content\\\/uploads\\\/2020\\\/07\\\/Cover-Lauf-Ludwig-643x1024.jpg\",\"datePublished\":\"2023-08-25T09:27:53+00:00\",\"breadcrumb\":{\"@id\":\"https:\\\/\\\/centrumjudaicum.de\\\/veranstaltung\\\/3-juedisch-literarisches-rondeel\\\/#breadcrumb\"},\"inLanguage\":\"en-US\",\"potentialAction\":[{\"@type\":\"ReadAction\",\"target\":[\"https:\\\/\\\/centrumjudaicum.de\\\/veranstaltung\\\/3-juedisch-literarisches-rondeel\\\/\"]}]},{\"@type\":\"ImageObject\",\"inLanguage\":\"en-US\",\"@id\":\"https:\\\/\\\/centrumjudaicum.de\\\/veranstaltung\\\/3-juedisch-literarisches-rondeel\\\/#primaryimage\",\"url\":\"https:\\\/\\\/old.centrumjudaicum-berlin.de\\\/wp-content\\\/uploads\\\/2020\\\/07\\\/Cover-Lauf-Ludwig-643x1024.jpg\",\"contentUrl\":\"https:\\\/\\\/old.centrumjudaicum-berlin.de\\\/wp-content\\\/uploads\\\/2020\\\/07\\\/Cover-Lauf-Ludwig-643x1024.jpg\"},{\"@type\":\"BreadcrumbList\",\"@id\":\"https:\\\/\\\/centrumjudaicum.de\\\/veranstaltung\\\/3-juedisch-literarisches-rondeel\\\/#breadcrumb\",\"itemListElement\":[{\"@type\":\"ListItem\",\"position\":1,\"name\":\"Home\",\"item\":\"https:\\\/\\\/centrumjudaicum.de\\\/\"},{\"@type\":\"ListItem\",\"position\":2,\"name\":\"Veranstaltungen\",\"item\":\"https:\\\/\\\/centrumjudaicum.de\\\/veranstaltungen\\\/\"},{\"@type\":\"ListItem\",\"position\":3,\"name\":\"3. J\u00fcdisch-Literarisches Rondeel\"}]},{\"@type\":\"WebSite\",\"@id\":\"https:\\\/\\\/centrumjudaicum.de\\\/#website\",\"url\":\"https:\\\/\\\/centrumjudaicum.de\\\/\",\"name\":\"Centrum Judaicum\",\"description\":\"\",\"publisher\":{\"@id\":\"https:\\\/\\\/centrumjudaicum.de\\\/#organization\"},\"potentialAction\":[{\"@type\":\"SearchAction\",\"target\":{\"@type\":\"EntryPoint\",\"urlTemplate\":\"https:\\\/\\\/centrumjudaicum.de\\\/?s={search_term_string}\"},\"query-input\":{\"@type\":\"PropertyValueSpecification\",\"valueRequired\":true,\"valueName\":\"search_term_string\"}}],\"inLanguage\":\"en-US\"},{\"@type\":\"Organization\",\"@id\":\"https:\\\/\\\/centrumjudaicum.de\\\/#organization\",\"name\":\"Centrum Judaicum\",\"url\":\"https:\\\/\\\/centrumjudaicum.de\\\/\",\"logo\":{\"@type\":\"ImageObject\",\"inLanguage\":\"en-US\",\"@id\":\"https:\\\/\\\/centrumjudaicum.de\\\/#\\\/schema\\\/logo\\\/image\\\/\",\"url\":\"https:\\\/\\\/centrumjudaicum.de\\\/wp-content\\\/uploads\\\/2022\\\/10\\\/Logo_Stiftung_Neue_Synagoge_Berlin_Gold_.png\",\"contentUrl\":\"https:\\\/\\\/centrumjudaicum.de\\\/wp-content\\\/uploads\\\/2022\\\/10\\\/Logo_Stiftung_Neue_Synagoge_Berlin_Gold_.png\",\"width\":1188,\"height\":409,\"caption\":\"Centrum Judaicum\"},\"image\":{\"@id\":\"https:\\\/\\\/centrumjudaicum.de\\\/#\\\/schema\\\/logo\\\/image\\\/\"}}]}<\/script>\n<!-- \/ Yoast SEO Premium plugin. -->","yoast_head_json":{"title":"3. J\u00fcdisch-Literarisches Rondeel - Centrum Judaicum","robots":{"index":"index","follow":"follow","max-snippet":"max-snippet:-1","max-image-preview":"max-image-preview:large","max-video-preview":"max-video-preview:-1"},"canonical":"https:\/\/centrumjudaicum.de\/en\/veranstaltung\/3-juedisch-literarisches-rondeel\/","og_locale":"en_US","og_type":"article","og_title":"3. J\u00fcdisch-Literarisches Rondeel","og_description":"Das Schreiben der eigenen Familienbiographie Zu Gast: Rafael Seligmann mit \u201eLauf, Ludwig, lauf! Eine Jugend zwischen Fu\u00dfball und Synagoge\u201c und \u201eHannah und Ludwig. Heimatlos in Tel Aviv\u201c Achtung! Die Veranstaltung [&hellip;]","og_url":"https:\/\/centrumjudaicum.de\/en\/veranstaltung\/3-juedisch-literarisches-rondeel\/","og_site_name":"Centrum Judaicum","og_image":[{"url":"https:\/\/old.centrumjudaicum-berlin.de\/wp-content\/uploads\/2020\/07\/Cover-Lauf-Ludwig-643x1024.jpg","type":"","width":"","height":""}],"twitter_card":"summary_large_image","twitter_misc":{"Est. reading time":"3 minutes"},"schema":{"@context":"https:\/\/schema.org","@graph":[{"@type":"WebPage","@id":"https:\/\/centrumjudaicum.de\/veranstaltung\/3-juedisch-literarisches-rondeel\/","url":"https:\/\/centrumjudaicum.de\/veranstaltung\/3-juedisch-literarisches-rondeel\/","name":"3. J\u00fcdisch-Literarisches Rondeel - Centrum Judaicum","isPartOf":{"@id":"https:\/\/centrumjudaicum.de\/#website"},"primaryImageOfPage":{"@id":"https:\/\/centrumjudaicum.de\/veranstaltung\/3-juedisch-literarisches-rondeel\/#primaryimage"},"image":{"@id":"https:\/\/centrumjudaicum.de\/veranstaltung\/3-juedisch-literarisches-rondeel\/#primaryimage"},"thumbnailUrl":"https:\/\/old.centrumjudaicum-berlin.de\/wp-content\/uploads\/2020\/07\/Cover-Lauf-Ludwig-643x1024.jpg","datePublished":"2023-08-25T09:27:53+00:00","breadcrumb":{"@id":"https:\/\/centrumjudaicum.de\/veranstaltung\/3-juedisch-literarisches-rondeel\/#breadcrumb"},"inLanguage":"en-US","potentialAction":[{"@type":"ReadAction","target":["https:\/\/centrumjudaicum.de\/veranstaltung\/3-juedisch-literarisches-rondeel\/"]}]},{"@type":"ImageObject","inLanguage":"en-US","@id":"https:\/\/centrumjudaicum.de\/veranstaltung\/3-juedisch-literarisches-rondeel\/#primaryimage","url":"https:\/\/old.centrumjudaicum-berlin.de\/wp-content\/uploads\/2020\/07\/Cover-Lauf-Ludwig-643x1024.jpg","contentUrl":"https:\/\/old.centrumjudaicum-berlin.de\/wp-content\/uploads\/2020\/07\/Cover-Lauf-Ludwig-643x1024.jpg"},{"@type":"BreadcrumbList","@id":"https:\/\/centrumjudaicum.de\/veranstaltung\/3-juedisch-literarisches-rondeel\/#breadcrumb","itemListElement":[{"@type":"ListItem","position":1,"name":"Home","item":"https:\/\/centrumjudaicum.de\/"},{"@type":"ListItem","position":2,"name":"Veranstaltungen","item":"https:\/\/centrumjudaicum.de\/veranstaltungen\/"},{"@type":"ListItem","position":3,"name":"3. J\u00fcdisch-Literarisches Rondeel"}]},{"@type":"WebSite","@id":"https:\/\/centrumjudaicum.de\/#website","url":"https:\/\/centrumjudaicum.de\/","name":"Centrum Judaicum","description":"","publisher":{"@id":"https:\/\/centrumjudaicum.de\/#organization"},"potentialAction":[{"@type":"SearchAction","target":{"@type":"EntryPoint","urlTemplate":"https:\/\/centrumjudaicum.de\/?s={search_term_string}"},"query-input":{"@type":"PropertyValueSpecification","valueRequired":true,"valueName":"search_term_string"}}],"inLanguage":"en-US"},{"@type":"Organization","@id":"https:\/\/centrumjudaicum.de\/#organization","name":"Centrum Judaicum","url":"https:\/\/centrumjudaicum.de\/","logo":{"@type":"ImageObject","inLanguage":"en-US","@id":"https:\/\/centrumjudaicum.de\/#\/schema\/logo\/image\/","url":"https:\/\/centrumjudaicum.de\/wp-content\/uploads\/2022\/10\/Logo_Stiftung_Neue_Synagoge_Berlin_Gold_.png","contentUrl":"https:\/\/centrumjudaicum.de\/wp-content\/uploads\/2022\/10\/Logo_Stiftung_Neue_Synagoge_Berlin_Gold_.png","width":1188,"height":409,"caption":"Centrum Judaicum"},"image":{"@id":"https:\/\/centrumjudaicum.de\/#\/schema\/logo\/image\/"}}]}},"ticketed":false,"_links":{"self":[{"href":"https:\/\/centrumjudaicum.de\/en\/wp-json\/wp\/v2\/tribe_events\/16467","targetHints":{"allow":["GET"]}}],"collection":[{"href":"https:\/\/centrumjudaicum.de\/en\/wp-json\/wp\/v2\/tribe_events"}],"about":[{"href":"https:\/\/centrumjudaicum.de\/en\/wp-json\/wp\/v2\/types\/tribe_events"}],"author":[{"embeddable":true,"href":"https:\/\/centrumjudaicum.de\/en\/wp-json\/wp\/v2\/users\/1"}],"version-history":[{"count":0,"href":"https:\/\/centrumjudaicum.de\/en\/wp-json\/wp\/v2\/tribe_events\/16467\/revisions"}],"wp:attachment":[{"href":"https:\/\/centrumjudaicum.de\/en\/wp-json\/wp\/v2\/media?parent=16467"}],"wp:term":[{"taxonomy":"post_tag","embeddable":true,"href":"https:\/\/centrumjudaicum.de\/en\/wp-json\/wp\/v2\/tags?post=16467"},{"taxonomy":"tribe_events_cat","embeddable":true,"href":"https:\/\/centrumjudaicum.de\/en\/wp-json\/wp\/v2\/tribe_events_cat?post=16467"}],"curies":[{"name":"wp","href":"https:\/\/api.w.org\/{rel}","templated":true}]}}