{"id":16526,"date":"2023-08-25T11:32:53","date_gmt":"2023-08-25T09:32:53","guid":{"rendered":"https:\/\/new2023.centrumjudaicum-berlin.de\/event\/un-sichtbarkeit-juedischer-und-migrantischer-geschichten-in-der-spandauer-vorstadt-erinnerungspolitische-strategien-und-aktivistische-taktiken\/"},"modified":"2023-08-25T11:32:53","modified_gmt":"2023-08-25T09:32:53","slug":"un-sichtbarkeit-juedischer-und-migrantischer-geschichten-in-der-spandauer-vorstadt-erinnerungspolitische-strategien-und-aktivistische-taktiken","status":"publish","type":"tribe_events","link":"https:\/\/centrumjudaicum.de\/en\/veranstaltung\/un-sichtbarkeit-juedischer-und-migrantischer-geschichten-in-der-spandauer-vorstadt-erinnerungspolitische-strategien-und-aktivistische-taktiken\/","title":{"rendered":"Un\/Sichtbarkeit j\u00fcdischer und migrantischer Geschichte(n) in der Spandauer Vorstadt \u2013 erinnerungspolitische Strategien und aktivistische Taktiken"},"content":{"rendered":"<div  class=\"tribe-events-schedule tribe-clearfix\" >\n\t<p class=\"tribe-events-schedule__datetime\">\n\t\t<span class=\"tribe-events-schedule__date tribe-events-schedule__date--start\">\n\t\t\t8. June 2023\t\t<\/span>\n\n\t\t\t\t\t<span class=\"tribe-events-schedule__separator tribe-events-schedule__separator--date\">\n\t\t\t\t&#8211;\t\t\t<\/span>\n\t\t\t<span class=\"tribe-events-schedule__time tribe-events-schedule__time--start\">\n\t\t\t\t00:00\t\t\t<\/span>\n\t\t\n\t\t\t<\/p>\n<\/div>\n\n\n\n<figure class=\"wp-block-image aligncenter size-full\"><img decoding=\"async\" src=\"https:\/\/old.centrumjudaicum-berlin.de\/wp-content\/uploads\/2023\/05\/kuenstlerische-Intervention-von-Sebestyen-Fiumei.jpg\" alt=\"\" class=\"wp-image-13435\" \/><figcaption class=\"wp-element-caption\">[k\u00fcnstlerische Intervention von Sebesty\u00e9n Fiumei<br>Foto: Arndt Beck, 2021]<\/figcaption><\/figure>\n\n\n\n<p>Welche Geschichten j\u00fcdischer, osteurop\u00e4ischer und migrantischer Bewohner:innen erz\u00e4hlen Stra\u00dfen und H\u00e4user der Spandauer Vorstadt und des Scheunenviertels in Berlin Mitte? Vor Ort zeigen sich kaum noch materielle Spuren der in den 1920er Jahren von Jiddisch, Polnisch oder Russisch sprechenden J\u00fcdinnen und Juden und anderen Migrant:innen belebten H\u00e4user, Gesch\u00e4fte, Betstuben und Kneipen. Die unterschiedlichen Gespr\u00e4chspartner:innen diskutieren \u00fcber die Sichtbarkeit der j\u00fcdischen Geschichte im Stadtraum aus j\u00fcdischen und migrantischen Perspektiven und beleuchten Erinnerungen und Gedenkkulturen zeitgen\u00f6ssischer Berliner J\u00fcdinnen und Juden.<br><strong>Lara D\u00e4mmig<\/strong>, Autorin u.a. von \u201eJ\u00fcdisches in Pankow. Rundg\u00e4nge durch Prenzlauer Berg, Pankow und Wei\u00dfensee\u201c, <strong>Elena Solominski,<\/strong> Historikerin und Autorin von \u201eHelfen bedeutet Leben. Jacob Teitel und der Verband russischer Juden in Deutschland (1920\u20131925)\u201c und <strong>Dmitri Dragilew<\/strong>, Dichter und Gr\u00fcnder von \u201eThe Oskar Strock &amp; Eddie Rosner Orchestra\u201c sprechen \u00fcber kreative erinnerungspolitische Strategien und aktivistische Taktiken, die genutzt werden k\u00f6nnen, um den in Vergessenheit geratenen Personen und Orten wieder einen Namen, eine Stimme und eine Gestalt zu geben. Die Studierenden der Europa-Universit\u00e4t Viadrina moderieren das Gespr\u00e4ch.<\/p>\n\n\n\n<p>Die Veranstaltung ist Teil des Projektseminars \u201eSpurensuche: J\u00fcdische und andere Berliner:innen in der Spandauer Vorstadt\u201c. Das Projektseminar ist eine Kooperation zwischen der Stiftung Neue Synagoge Berlin \u2013 Centrum Judaicum und der Europa-Universtit\u00e4t Viadrina Frankfurt (Oder).<\/p>\n\n\n\n<p><strong>Mittwoch, 21. Juni 2023<\/strong><\/p>\n\n\n\n<p><strong>Beginn: 17:00 Uhr<\/strong><\/p>\n\n\n\n<p><strong>Ort: Stiftung Neue Synagoge Berlin \u2013 Centrum Judaicum, 2. OG in der Wechselausstellung<\/strong><\/p>\n\n\n<div  class=\"tribe-block tribe-block__event-price\" >\n\t\t<\/div>\n\n\n\n\n<div  class=\"tribe-block tribe-block__venue tribe-clearfix\" >\n\t\n\t\t\n\t<\/div>\n\n\n\n\n\t<div  class=\"tribe-block tribe-block__events-link\" >\n\t\t<div class=\"tribe-events tribe-common\">\n\t\t\t<div class=\"tribe-events-c-subscribe-dropdown__container\">\n\t\t\t\t<div class=\"tribe-events-c-subscribe-dropdown\">\n\t\t\t\t\t<div class=\"tribe-common-c-btn-border tribe-events-c-subscribe-dropdown__button\">\n\t\t\t\t\t\t<svg\n\t class=\"tribe-common-c-svgicon tribe-common-c-svgicon--cal-export tribe-events-c-subscribe-dropdown__export-icon\" \taria-hidden=\"true\"\n\tviewBox=\"0 0 23 17\"\n\txmlns=\"http:\/\/www.w3.org\/2000\/svg\"\n>\n\t<path fill-rule=\"evenodd\" clip-rule=\"evenodd\" d=\"M.128.896V16.13c0 .211.145.383.323.383h15.354c.179 0 .323-.172.323-.383V.896c0-.212-.144-.383-.323-.383H.451C.273.513.128.684.128.896Zm16 6.742h-.901V4.679H1.009v10.729h14.218v-3.336h.901V7.638ZM1.01 1.614h14.218v2.058H1.009V1.614Z\" \/>\n\t<path d=\"M20.5 9.846H8.312M18.524 6.953l2.89 2.909-2.855 2.855\" stroke-width=\"1.2\" stroke-linecap=\"round\" stroke-linejoin=\"round\"\/>\n<\/svg>\n\t\t\t\t\t\t<button\n\t\t\t\t\t\t\tclass=\"tribe-events-c-subscribe-dropdown__button-text\"\n\t\t\t\t\t\t\taria-expanded=\"false\"\n\t\t\t\t\t\t\taria-controls=\"tribe-events-subscribe-dropdown-content\"\n\t\t\t\t\t\t\taria-label=\"View links to add events to your calendar\"\n\t\t\t\t\t\t>\n\t\t\t\t\t\t\tAdd to calendar\t\t\t\t\t\t<\/button>\n\t\t\t\t\t\t<svg\n\t class=\"tribe-common-c-svgicon tribe-common-c-svgicon--caret-down tribe-events-c-subscribe-dropdown__button-icon\" \taria-hidden=\"true\"\n\tviewBox=\"0 0 10 7\"\n\txmlns=\"http:\/\/www.w3.org\/2000\/svg\"\n>\n\t<path fill-rule=\"evenodd\" clip-rule=\"evenodd\" d=\"M1.008.609L5 4.6 8.992.61l.958.958L5 6.517.05 1.566l.958-.958z\" class=\"tribe-common-c-svgicon__svg-fill\"\/>\n<\/svg>\n\t\t\t\t\t<\/div>\n\t\t\t\t\t<div id=\"tribe-events-subscribe-dropdown-content\" class=\"tribe-events-c-subscribe-dropdown__content\">\n\t\t\t\t\t\t<ul class=\"tribe-events-c-subscribe-dropdown__list\">\n\t\t\t\t\t\t\t\t\t\t\t\t\t\t\t<li class=\"tribe-events-c-subscribe-dropdown__list-item tribe-events-c-subscribe-dropdown__list-item--gcal\">\n\t\t\t\t\t\t\t\t\t<a\n\t\t\t\t\t\t\t\t\t\thref=\"https:\/\/www.google.com\/calendar\/event?action=TEMPLATE&#038;dates=20230608T000000\/20230608T000000&#038;text=Un%2FSichtbarkeit%20j%C3%BCdischer%20und%20migrantischer%20Geschichte%28n%29%20in%20der%20Spandauer%20Vorstadt%20%E2%80%93%20erinnerungspolitische%20Strategien%20und%20aktivistische%20Taktiken&#038;details=%3Cfigure+class%3D%22wp-block-image+aligncenter+size-full%22%3E%3Cimg+src%3D%22https%3A%2F%2Fold.centrumjudaicum-berlin.de%2Fwp-content%2Fuploads%2F2023%2F05%2Fkuenstlerische-Intervention-von-Sebestyen-Fiumei.jpg%22+alt%3D%22%22+class%3D%22wp-image-13435%22+%2F%3E%3Cfigcaption+class%3D%22wp-element-caption%22%3E%5Bk%C3%BCnstlerische+Intervention+von+Sebesty%C3%A9n+Fiumei%3Cbr+%2F%3EFoto%3A+Arndt+Beck%2C+2021%5D%3C%2Ffigcaption%3E%3C%2Ffigure%3E%3Cp%3EWelche+Geschichten+j%C3%BCdischer%2C+osteurop%C3%A4ischer+und+migrantischer+Bewohner%3Ainnen+erz%C3%A4hlen+Stra%C3%9Fen+und+H%C3%A4user+der+Spandauer+Vorstadt+und+des+Scheunenviertels+in+Berlin+Mitte%3F+Vor+Ort+zeigen+sich+kaum+noch+materielle+Spuren+der+in+den+1920er+Jahren+von+Jiddisch%2C+Polnisch+oder+Russisch+sprechenden+J%C3%BCdinnen+und+Juden+und+anderen+Migrant%3Ainnen+belebten+H%C3%A4user%2C+Gesch%C3%A4fte%2C+Betstuben+und+Kneipen.+Die+unterschiedlichen+Gespr%C3%A4chspartner%3Ainnen+diskutieren+%C3%BCber+die+Sichtbarkeit+der+j%C3%BCdischen+Geschichte+im+Stadtraum+aus+j%C3%BCdischen+und+migrantischen+Perspektiven+und+beleuchten+Erinnerungen+und+Gedenkkulturen+zeitgen%C3%B6ssischer+Berli%3C%2Fp%3E+%28View+Full+event+Description+Here%3A+https%3A%2F%2Fcentrumjudaicum.de%2Fen%2Fveranstaltung%2Fun-sichtbarkeit-juedischer-und-migrantischer-geschichten-in-der-spandauer-vorstadt-erinnerungspolitische-strategien-und-aktivistische-taktiken%2F%29&#038;trp=false&#038;ctz=Europe\/Berlin&#038;sprop=website:https:\/\/centrumjudaicum.de\/en\"\n\t\t\t\t\t\t\t\t\t\tclass=\"tribe-events-c-subscribe-dropdown__list-item-link\"\n\t\t\t\t\t\t\t\t\t\ttarget=\"_blank\"\n\t\t\t\t\t\t\t\t\t\trel=\"noopener noreferrer nofollow noindex\"\n\t\t\t\t\t\t\t\t\t>\n\t\t\t\t\t\t\t\t\t\tGoogle Calendar\t\t\t\t\t\t\t\t\t<\/a>\n\t\t\t\t\t\t\t\t<\/li>\n\t\t\t\t\t\t\t\t\t\t\t\t\t\t\t<li class=\"tribe-events-c-subscribe-dropdown__list-item tribe-events-c-subscribe-dropdown__list-item--ical\">\n\t\t\t\t\t\t\t\t\t<a\n\t\t\t\t\t\t\t\t\t\thref=\"\"\n\t\t\t\t\t\t\t\t\t\tclass=\"tribe-events-c-subscribe-dropdown__list-item-link\"\n\t\t\t\t\t\t\t\t\t\ttarget=\"_blank\"\n\t\t\t\t\t\t\t\t\t\trel=\"noopener noreferrer nofollow noindex\"\n\t\t\t\t\t\t\t\t\t>\n\t\t\t\t\t\t\t\t\t\tiCalendar\t\t\t\t\t\t\t\t\t<\/a>\n\t\t\t\t\t\t\t\t<\/li>\n\t\t\t\t\t\t\t\t\t\t\t\t\t\t\t<li class=\"tribe-events-c-subscribe-dropdown__list-item tribe-events-c-subscribe-dropdown__list-item--outlook-365\">\n\t\t\t\t\t\t\t\t\t<a\n\t\t\t\t\t\t\t\t\t\thref=\"\"\n\t\t\t\t\t\t\t\t\t\tclass=\"tribe-events-c-subscribe-dropdown__list-item-link\"\n\t\t\t\t\t\t\t\t\t\ttarget=\"_blank\"\n\t\t\t\t\t\t\t\t\t\trel=\"noopener noreferrer nofollow noindex\"\n\t\t\t\t\t\t\t\t\t>\n\t\t\t\t\t\t\t\t\t\tOutlook 365\t\t\t\t\t\t\t\t\t<\/a>\n\t\t\t\t\t\t\t\t<\/li>\n\t\t\t\t\t\t\t\t\t\t\t\t\t\t\t<li class=\"tribe-events-c-subscribe-dropdown__list-item tribe-events-c-subscribe-dropdown__list-item--outlook-live\">\n\t\t\t\t\t\t\t\t\t<a\n\t\t\t\t\t\t\t\t\t\thref=\"\"\n\t\t\t\t\t\t\t\t\t\tclass=\"tribe-events-c-subscribe-dropdown__list-item-link\"\n\t\t\t\t\t\t\t\t\t\ttarget=\"_blank\"\n\t\t\t\t\t\t\t\t\t\trel=\"noopener noreferrer nofollow noindex\"\n\t\t\t\t\t\t\t\t\t>\n\t\t\t\t\t\t\t\t\t\tOutlook Live\t\t\t\t\t\t\t\t\t<\/a>\n\t\t\t\t\t\t\t\t<\/li>\n\t\t\t\t\t\t\t\t\t\t\t\t\t<\/ul>\n\t\t\t\t\t<\/div>\n\t\t\t\t<\/div>\n\t\t\t<\/div>\n\t\t<\/div>\n\t<\/div>\n\n","protected":false},"excerpt":{"rendered":"<p>Welche Geschichten j\u00fcdischer, osteurop\u00e4ischer und migrantischer Bewohner:innen erz\u00e4hlen Stra\u00dfen und H\u00e4user der Spandauer Vorstadt und des Scheunenviertels in Berlin Mitte? Vor Ort zeigen sich kaum noch materielle Spuren der in den 1920er Jahren von Jiddisch, Polnisch oder Russisch sprechenden J\u00fcdinnen und Juden und anderen Migrant:innen belebten H\u00e4user, Gesch\u00e4fte, Betstuben und Kneipen. <\/p>","protected":false},"author":1,"featured_media":16351,"template":"","meta":{"_tec_requires_first_save":false,"_price":"","_stock":"","_tribe_ticket_header":"","_tribe_default_ticket_provider":"","_tribe_ticket_capacity":"0","_ticket_start_date":"","_ticket_end_date":"","_tribe_ticket_show_description":"","_tribe_ticket_show_not_going":false,"_tribe_ticket_use_global_stock":"","_tribe_ticket_global_stock_level":"","_global_stock_mode":"","_global_stock_cap":"","_tribe_rsvp_for_event":"","_tribe_ticket_going_count":"","_tribe_ticket_not_going_count":"","_tribe_tickets_list":"[]","_tribe_ticket_has_attendee_info_fields":false,"_EventAllDay":false,"_EventTimezone":"Europe\/Berlin","_EventStartDate":"2023-06-08 00:00:00","_EventEndDate":"2023-06-08 00:00:00","_EventStartDateUTC":"2023-06-07 22:00:00","_EventEndDateUTC":"2023-06-07 22:00:00","_EventShowMap":false,"_EventShowMapLink":false,"_EventURL":"","_EventCost":"","_EventCostDescription":"","_EventCurrencySymbol":"","_EventCurrencyCode":"","_EventCurrencyPosition":"prefix","_EventDateTimeSeparator":"","_EventTimeRangeSeparator":"","_EventOrganizerID":[],"_EventVenueID":[],"_OrganizerEmail":"","_OrganizerPhone":"","_OrganizerWebsite":"","_VenueAddress":"","_VenueCity":"","_VenueCountry":"","_VenueProvince":"","_VenueState":"","_VenueZip":"","_VenuePhone":"","_VenueURL":"","_VenueStateProvince":"","_VenueLat":"","_VenueLng":"","_VenueShowMap":false,"_VenueShowMapLink":false,"_tribe_blocks_recurrence_rules":"","_tribe_blocks_recurrence_description":"","_tribe_blocks_recurrence_exclusions":"","_tribe_events_status":"","_tribe_events_status_reason":"","_tribe_events_is_hybrid":"","_tribe_events_is_virtual":"","_tribe_events_virtual_video_source":"","_tribe_events_virtual_embed_video":"","_tribe_events_virtual_linked_button_text":"","_tribe_events_virtual_linked_button":"","_tribe_events_virtual_show_embed_at":"","_tribe_events_virtual_show_embed_to":[],"_tribe_events_virtual_show_on_event":"","_tribe_events_virtual_show_on_views":"","_tribe_events_virtual_url":"","footnotes":"","_tec_slr_enabled":"","_tec_slr_layout":""},"tags":[110],"tribe_events_cat":[79],"class_list":["post-16526","tribe_events","type-tribe_events","status-publish","has-post-thumbnail","hentry","tag-erinnerungjudentumspandauer-vorstadtwerkstattgespraech","tribe_events_cat-veranstaltungen","cat_veranstaltungen"],"yoast_head":"<!-- This site is optimized with the Yoast SEO Premium plugin v26.1 (Yoast SEO v27.5) - https:\/\/yoast.com\/product\/yoast-seo-premium-wordpress\/ -->\n<title>Un\/Sichtbarkeit j\u00fcdischer und migrantischer Geschichte(n) in der Spandauer Vorstadt \u2013 erinnerungspolitische Strategien und aktivistische Taktiken - Centrum Judaicum<\/title>\n<meta name=\"robots\" content=\"index, follow, max-snippet:-1, max-image-preview:large, max-video-preview:-1\" \/>\n<link rel=\"canonical\" href=\"https:\/\/centrumjudaicum.de\/en\/veranstaltung\/un-sichtbarkeit-juedischer-und-migrantischer-geschichten-in-der-spandauer-vorstadt-erinnerungspolitische-strategien-und-aktivistische-taktiken\/\" \/>\n<meta property=\"og:locale\" content=\"en_US\" \/>\n<meta property=\"og:type\" content=\"article\" \/>\n<meta property=\"og:title\" content=\"Un\/Sichtbarkeit j\u00fcdischer und migrantischer Geschichte(n) in der Spandauer Vorstadt \u2013 erinnerungspolitische Strategien und aktivistische Taktiken\" \/>\n<meta property=\"og:description\" content=\"Welche Geschichten j\u00fcdischer, osteurop\u00e4ischer und migrantischer Bewohner:innen erz\u00e4hlen Stra\u00dfen und H\u00e4user der Spandauer Vorstadt und des Scheunenviertels in Berlin Mitte? Vor Ort zeigen sich kaum noch materielle Spuren der in den 1920er Jahren von Jiddisch, Polnisch oder Russisch sprechenden J\u00fcdinnen und Juden und anderen Migrant:innen belebten H\u00e4user, Gesch\u00e4fte, Betstuben und Kneipen.\" \/>\n<meta property=\"og:url\" content=\"https:\/\/centrumjudaicum.de\/en\/veranstaltung\/un-sichtbarkeit-juedischer-und-migrantischer-geschichten-in-der-spandauer-vorstadt-erinnerungspolitische-strategien-und-aktivistische-taktiken\/\" \/>\n<meta property=\"og:site_name\" content=\"Centrum Judaicum\" \/>\n<meta property=\"og:image\" content=\"https:\/\/centrumjudaicum.de\/wp-content\/uploads\/2023\/08\/My-project-1-6-mKgzKB.tmp_.png\" \/>\n\t<meta property=\"og:image:width\" content=\"600\" \/>\n\t<meta property=\"og:image:height\" content=\"400\" \/>\n\t<meta property=\"og:image:type\" content=\"image\/png\" \/>\n<meta name=\"twitter:card\" content=\"summary_large_image\" \/>\n<meta name=\"twitter:label1\" content=\"Est. reading time\" \/>\n\t<meta name=\"twitter:data1\" content=\"1 minute\" \/>\n<script type=\"application\/ld+json\" class=\"yoast-schema-graph\">{\"@context\":\"https:\\\/\\\/schema.org\",\"@graph\":[{\"@type\":\"WebPage\",\"@id\":\"https:\\\/\\\/centrumjudaicum.de\\\/veranstaltung\\\/un-sichtbarkeit-juedischer-und-migrantischer-geschichten-in-der-spandauer-vorstadt-erinnerungspolitische-strategien-und-aktivistische-taktiken\\\/\",\"url\":\"https:\\\/\\\/centrumjudaicum.de\\\/veranstaltung\\\/un-sichtbarkeit-juedischer-und-migrantischer-geschichten-in-der-spandauer-vorstadt-erinnerungspolitische-strategien-und-aktivistische-taktiken\\\/\",\"name\":\"Un\\\/Sichtbarkeit j\u00fcdischer und migrantischer Geschichte(n) in der Spandauer Vorstadt \u2013 erinnerungspolitische Strategien und aktivistische Taktiken - Centrum Judaicum\",\"isPartOf\":{\"@id\":\"https:\\\/\\\/centrumjudaicum.de\\\/#website\"},\"primaryImageOfPage\":{\"@id\":\"https:\\\/\\\/centrumjudaicum.de\\\/veranstaltung\\\/un-sichtbarkeit-juedischer-und-migrantischer-geschichten-in-der-spandauer-vorstadt-erinnerungspolitische-strategien-und-aktivistische-taktiken\\\/#primaryimage\"},\"image\":{\"@id\":\"https:\\\/\\\/centrumjudaicum.de\\\/veranstaltung\\\/un-sichtbarkeit-juedischer-und-migrantischer-geschichten-in-der-spandauer-vorstadt-erinnerungspolitische-strategien-und-aktivistische-taktiken\\\/#primaryimage\"},\"thumbnailUrl\":\"https:\\\/\\\/centrumjudaicum.de\\\/wp-content\\\/uploads\\\/2023\\\/08\\\/My-project-1-6-mKgzKB.tmp_.png\",\"datePublished\":\"2023-08-25T09:32:53+00:00\",\"breadcrumb\":{\"@id\":\"https:\\\/\\\/centrumjudaicum.de\\\/veranstaltung\\\/un-sichtbarkeit-juedischer-und-migrantischer-geschichten-in-der-spandauer-vorstadt-erinnerungspolitische-strategien-und-aktivistische-taktiken\\\/#breadcrumb\"},\"inLanguage\":\"en-US\",\"potentialAction\":[{\"@type\":\"ReadAction\",\"target\":[\"https:\\\/\\\/centrumjudaicum.de\\\/veranstaltung\\\/un-sichtbarkeit-juedischer-und-migrantischer-geschichten-in-der-spandauer-vorstadt-erinnerungspolitische-strategien-und-aktivistische-taktiken\\\/\"]}]},{\"@type\":\"ImageObject\",\"inLanguage\":\"en-US\",\"@id\":\"https:\\\/\\\/centrumjudaicum.de\\\/veranstaltung\\\/un-sichtbarkeit-juedischer-und-migrantischer-geschichten-in-der-spandauer-vorstadt-erinnerungspolitische-strategien-und-aktivistische-taktiken\\\/#primaryimage\",\"url\":\"https:\\\/\\\/centrumjudaicum.de\\\/wp-content\\\/uploads\\\/2023\\\/08\\\/My-project-1-6-mKgzKB.tmp_.png\",\"contentUrl\":\"https:\\\/\\\/centrumjudaicum.de\\\/wp-content\\\/uploads\\\/2023\\\/08\\\/My-project-1-6-mKgzKB.tmp_.png\",\"width\":600,\"height\":400},{\"@type\":\"BreadcrumbList\",\"@id\":\"https:\\\/\\\/centrumjudaicum.de\\\/veranstaltung\\\/un-sichtbarkeit-juedischer-und-migrantischer-geschichten-in-der-spandauer-vorstadt-erinnerungspolitische-strategien-und-aktivistische-taktiken\\\/#breadcrumb\",\"itemListElement\":[{\"@type\":\"ListItem\",\"position\":1,\"name\":\"Home\",\"item\":\"https:\\\/\\\/centrumjudaicum.de\\\/\"},{\"@type\":\"ListItem\",\"position\":2,\"name\":\"Veranstaltungen\",\"item\":\"https:\\\/\\\/centrumjudaicum.de\\\/veranstaltungen\\\/\"},{\"@type\":\"ListItem\",\"position\":3,\"name\":\"Un\\\/Sichtbarkeit j\u00fcdischer und migrantischer Geschichte(n) in der Spandauer Vorstadt \u2013 erinnerungspolitische Strategien und aktivistische Taktiken\"}]},{\"@type\":\"WebSite\",\"@id\":\"https:\\\/\\\/centrumjudaicum.de\\\/#website\",\"url\":\"https:\\\/\\\/centrumjudaicum.de\\\/\",\"name\":\"Centrum Judaicum\",\"description\":\"\",\"publisher\":{\"@id\":\"https:\\\/\\\/centrumjudaicum.de\\\/#organization\"},\"potentialAction\":[{\"@type\":\"SearchAction\",\"target\":{\"@type\":\"EntryPoint\",\"urlTemplate\":\"https:\\\/\\\/centrumjudaicum.de\\\/?s={search_term_string}\"},\"query-input\":{\"@type\":\"PropertyValueSpecification\",\"valueRequired\":true,\"valueName\":\"search_term_string\"}}],\"inLanguage\":\"en-US\"},{\"@type\":\"Organization\",\"@id\":\"https:\\\/\\\/centrumjudaicum.de\\\/#organization\",\"name\":\"Centrum Judaicum\",\"url\":\"https:\\\/\\\/centrumjudaicum.de\\\/\",\"logo\":{\"@type\":\"ImageObject\",\"inLanguage\":\"en-US\",\"@id\":\"https:\\\/\\\/centrumjudaicum.de\\\/#\\\/schema\\\/logo\\\/image\\\/\",\"url\":\"https:\\\/\\\/centrumjudaicum.de\\\/wp-content\\\/uploads\\\/2022\\\/10\\\/Logo_Stiftung_Neue_Synagoge_Berlin_Gold_.png\",\"contentUrl\":\"https:\\\/\\\/centrumjudaicum.de\\\/wp-content\\\/uploads\\\/2022\\\/10\\\/Logo_Stiftung_Neue_Synagoge_Berlin_Gold_.png\",\"width\":1188,\"height\":409,\"caption\":\"Centrum Judaicum\"},\"image\":{\"@id\":\"https:\\\/\\\/centrumjudaicum.de\\\/#\\\/schema\\\/logo\\\/image\\\/\"}}]}<\/script>\n<!-- \/ Yoast SEO Premium plugin. -->","yoast_head_json":{"title":"Un\/Sichtbarkeit j\u00fcdischer und migrantischer Geschichte(n) in der Spandauer Vorstadt \u2013 erinnerungspolitische Strategien und aktivistische Taktiken - Centrum Judaicum","robots":{"index":"index","follow":"follow","max-snippet":"max-snippet:-1","max-image-preview":"max-image-preview:large","max-video-preview":"max-video-preview:-1"},"canonical":"https:\/\/centrumjudaicum.de\/en\/veranstaltung\/un-sichtbarkeit-juedischer-und-migrantischer-geschichten-in-der-spandauer-vorstadt-erinnerungspolitische-strategien-und-aktivistische-taktiken\/","og_locale":"en_US","og_type":"article","og_title":"Un\/Sichtbarkeit j\u00fcdischer und migrantischer Geschichte(n) in der Spandauer Vorstadt \u2013 erinnerungspolitische Strategien und aktivistische Taktiken","og_description":"Welche Geschichten j\u00fcdischer, osteurop\u00e4ischer und migrantischer Bewohner:innen erz\u00e4hlen Stra\u00dfen und H\u00e4user der Spandauer Vorstadt und des Scheunenviertels in Berlin Mitte? Vor Ort zeigen sich kaum noch materielle Spuren der in den 1920er Jahren von Jiddisch, Polnisch oder Russisch sprechenden J\u00fcdinnen und Juden und anderen Migrant:innen belebten H\u00e4user, Gesch\u00e4fte, Betstuben und Kneipen.","og_url":"https:\/\/centrumjudaicum.de\/en\/veranstaltung\/un-sichtbarkeit-juedischer-und-migrantischer-geschichten-in-der-spandauer-vorstadt-erinnerungspolitische-strategien-und-aktivistische-taktiken\/","og_site_name":"Centrum Judaicum","og_image":[{"width":600,"height":400,"url":"https:\/\/centrumjudaicum.de\/wp-content\/uploads\/2023\/08\/My-project-1-6-mKgzKB.tmp_.png","type":"image\/png"}],"twitter_card":"summary_large_image","twitter_misc":{"Est. reading time":"1 minute"},"schema":{"@context":"https:\/\/schema.org","@graph":[{"@type":"WebPage","@id":"https:\/\/centrumjudaicum.de\/veranstaltung\/un-sichtbarkeit-juedischer-und-migrantischer-geschichten-in-der-spandauer-vorstadt-erinnerungspolitische-strategien-und-aktivistische-taktiken\/","url":"https:\/\/centrumjudaicum.de\/veranstaltung\/un-sichtbarkeit-juedischer-und-migrantischer-geschichten-in-der-spandauer-vorstadt-erinnerungspolitische-strategien-und-aktivistische-taktiken\/","name":"Un\/Sichtbarkeit j\u00fcdischer und migrantischer Geschichte(n) in der Spandauer Vorstadt \u2013 erinnerungspolitische Strategien und aktivistische Taktiken - Centrum Judaicum","isPartOf":{"@id":"https:\/\/centrumjudaicum.de\/#website"},"primaryImageOfPage":{"@id":"https:\/\/centrumjudaicum.de\/veranstaltung\/un-sichtbarkeit-juedischer-und-migrantischer-geschichten-in-der-spandauer-vorstadt-erinnerungspolitische-strategien-und-aktivistische-taktiken\/#primaryimage"},"image":{"@id":"https:\/\/centrumjudaicum.de\/veranstaltung\/un-sichtbarkeit-juedischer-und-migrantischer-geschichten-in-der-spandauer-vorstadt-erinnerungspolitische-strategien-und-aktivistische-taktiken\/#primaryimage"},"thumbnailUrl":"https:\/\/centrumjudaicum.de\/wp-content\/uploads\/2023\/08\/My-project-1-6-mKgzKB.tmp_.png","datePublished":"2023-08-25T09:32:53+00:00","breadcrumb":{"@id":"https:\/\/centrumjudaicum.de\/veranstaltung\/un-sichtbarkeit-juedischer-und-migrantischer-geschichten-in-der-spandauer-vorstadt-erinnerungspolitische-strategien-und-aktivistische-taktiken\/#breadcrumb"},"inLanguage":"en-US","potentialAction":[{"@type":"ReadAction","target":["https:\/\/centrumjudaicum.de\/veranstaltung\/un-sichtbarkeit-juedischer-und-migrantischer-geschichten-in-der-spandauer-vorstadt-erinnerungspolitische-strategien-und-aktivistische-taktiken\/"]}]},{"@type":"ImageObject","inLanguage":"en-US","@id":"https:\/\/centrumjudaicum.de\/veranstaltung\/un-sichtbarkeit-juedischer-und-migrantischer-geschichten-in-der-spandauer-vorstadt-erinnerungspolitische-strategien-und-aktivistische-taktiken\/#primaryimage","url":"https:\/\/centrumjudaicum.de\/wp-content\/uploads\/2023\/08\/My-project-1-6-mKgzKB.tmp_.png","contentUrl":"https:\/\/centrumjudaicum.de\/wp-content\/uploads\/2023\/08\/My-project-1-6-mKgzKB.tmp_.png","width":600,"height":400},{"@type":"BreadcrumbList","@id":"https:\/\/centrumjudaicum.de\/veranstaltung\/un-sichtbarkeit-juedischer-und-migrantischer-geschichten-in-der-spandauer-vorstadt-erinnerungspolitische-strategien-und-aktivistische-taktiken\/#breadcrumb","itemListElement":[{"@type":"ListItem","position":1,"name":"Home","item":"https:\/\/centrumjudaicum.de\/"},{"@type":"ListItem","position":2,"name":"Veranstaltungen","item":"https:\/\/centrumjudaicum.de\/veranstaltungen\/"},{"@type":"ListItem","position":3,"name":"Un\/Sichtbarkeit j\u00fcdischer und migrantischer Geschichte(n) in der Spandauer Vorstadt \u2013 erinnerungspolitische Strategien und aktivistische Taktiken"}]},{"@type":"WebSite","@id":"https:\/\/centrumjudaicum.de\/#website","url":"https:\/\/centrumjudaicum.de\/","name":"Centrum Judaicum","description":"","publisher":{"@id":"https:\/\/centrumjudaicum.de\/#organization"},"potentialAction":[{"@type":"SearchAction","target":{"@type":"EntryPoint","urlTemplate":"https:\/\/centrumjudaicum.de\/?s={search_term_string}"},"query-input":{"@type":"PropertyValueSpecification","valueRequired":true,"valueName":"search_term_string"}}],"inLanguage":"en-US"},{"@type":"Organization","@id":"https:\/\/centrumjudaicum.de\/#organization","name":"Centrum Judaicum","url":"https:\/\/centrumjudaicum.de\/","logo":{"@type":"ImageObject","inLanguage":"en-US","@id":"https:\/\/centrumjudaicum.de\/#\/schema\/logo\/image\/","url":"https:\/\/centrumjudaicum.de\/wp-content\/uploads\/2022\/10\/Logo_Stiftung_Neue_Synagoge_Berlin_Gold_.png","contentUrl":"https:\/\/centrumjudaicum.de\/wp-content\/uploads\/2022\/10\/Logo_Stiftung_Neue_Synagoge_Berlin_Gold_.png","width":1188,"height":409,"caption":"Centrum Judaicum"},"image":{"@id":"https:\/\/centrumjudaicum.de\/#\/schema\/logo\/image\/"}}]}},"ticketed":false,"_links":{"self":[{"href":"https:\/\/centrumjudaicum.de\/en\/wp-json\/wp\/v2\/tribe_events\/16526","targetHints":{"allow":["GET"]}}],"collection":[{"href":"https:\/\/centrumjudaicum.de\/en\/wp-json\/wp\/v2\/tribe_events"}],"about":[{"href":"https:\/\/centrumjudaicum.de\/en\/wp-json\/wp\/v2\/types\/tribe_events"}],"author":[{"embeddable":true,"href":"https:\/\/centrumjudaicum.de\/en\/wp-json\/wp\/v2\/users\/1"}],"version-history":[{"count":0,"href":"https:\/\/centrumjudaicum.de\/en\/wp-json\/wp\/v2\/tribe_events\/16526\/revisions"}],"wp:featuredmedia":[{"embeddable":true,"href":"https:\/\/centrumjudaicum.de\/en\/wp-json\/wp\/v2\/media\/16351"}],"wp:attachment":[{"href":"https:\/\/centrumjudaicum.de\/en\/wp-json\/wp\/v2\/media?parent=16526"}],"wp:term":[{"taxonomy":"post_tag","embeddable":true,"href":"https:\/\/centrumjudaicum.de\/en\/wp-json\/wp\/v2\/tags?post=16526"},{"taxonomy":"tribe_events_cat","embeddable":true,"href":"https:\/\/centrumjudaicum.de\/en\/wp-json\/wp\/v2\/tribe_events_cat?post=16526"}],"curies":[{"name":"wp","href":"https:\/\/api.w.org\/{rel}","templated":true}]}}