{"id":16527,"date":"2023-08-25T11:32:53","date_gmt":"2023-08-25T09:32:53","guid":{"rendered":"https:\/\/new2023.centrumjudaicum-berlin.de\/event\/museumssonntag-juli-2023\/"},"modified":"2023-08-25T11:32:53","modified_gmt":"2023-08-25T09:32:53","slug":"museumssonntag-juli-2023","status":"publish","type":"tribe_events","link":"https:\/\/centrumjudaicum.de\/en\/veranstaltung\/museumssonntag-juli-2023\/","title":{"rendered":"Museumssonntag Juli 2023"},"content":{"rendered":"<div  class=\"tribe-events-schedule tribe-clearfix\" >\n\t<p class=\"tribe-events-schedule__datetime\">\n\t\t<span class=\"tribe-events-schedule__date tribe-events-schedule__date--start\">\n\t\t\t27. June 2023\t\t<\/span>\n\n\t\t\t\t\t<span class=\"tribe-events-schedule__separator tribe-events-schedule__separator--date\">\n\t\t\t\t&#8211;\t\t\t<\/span>\n\t\t\t<span class=\"tribe-events-schedule__time tribe-events-schedule__time--start\">\n\t\t\t\t00:00\t\t\t<\/span>\n\t\t\n\t\t\t<\/p>\n<\/div>\n\n\n\n<h2 class=\"wp-block-heading\">Guided tours<\/h2>\n\n\n\n<p><strong>11:00 a.m. \u2013 12:30 a.m.<br><\/strong><strong>Open Ye the Gates!<\/strong><\/p>\n\n\n\n<p>The New Synagogue Berlin in Oranienburger Street was opened in 1866 and used to be one of the best-known places of Jewish worship in Germany. It was not only a newly erected and magnificent building, but also a place for new rituals: an organ, a mixed choir, a prayer book in German, and the first female Rabbi in the world (who was ordained in 1935). Today, one of the remaining rooms is used as a synagogue, and once again its congregation is introducing innovations. We will visit the contemporary synagogue as well as the permanent exhibition and explore themes of tradition and modernity. And we will talk about themes such as hope, uncertainty, destruction, Jewish self-determination.<\/p>\n\n\n\n<p><strong>Meeting point:<\/strong>&nbsp;11:00 a.m. at the cash desk in the museum.<\/p>\n\n\n\n<p>Please note that the security control must be passed beforehand.<\/p>\n\n\n\n<p><strong>Durartion:&nbsp;<\/strong>90 minutes<\/p>\n\n\n\n<p>Please register in advance:&nbsp;<a href=\"mailto:info@centrumjudaicum.de\">info@centrumjudaicum.de<\/a><\/p>\n\n\n\n<p>\u2014\u2014\u2014\u2014\u2014\u2014\u2014\u2014\u2014\u2014\u2014\u2014\u2014\u2014\u2014\u2014\u2014\u2014\u2014\u2014\u2014\u2014\u2014\u2014\u2014\u2014\u2014\u2014\u2014\u2014\u2014\u2014\u2014\u2014\u2014\u2014\u2014\u2014\u2014\u2014\u2014\u2014\u2014\u2014\u2014\u2014\u2014\u2014\u2014-<\/p>\n\n\n\n<p><strong>12:30-14:00 Uhr<br>Tuet auf die Pforten \u2013<br>eine \u00dcberblicksf\u00fchrung durch das Haus mit der goldenen Kuppel und unsere Dauerausstellung.<\/strong><\/p>\n\n\n\n<p>Gemeinsam werden wir das Haus mit seinen noch erhaltenen Teilen und den Spuren der Zerst\u00f6rung, die heute im Haus genutzte Synagoge und unsere Dauerausstellung erkunden. Viele Geschichten, die sich in der Oranienburger Stra\u00dfe zugetragen haben und die von ge\u00f6ffneten Pforten mit hebr\u00e4ischen Buchstaben und Ruinen, von Hochzeiten und mutigen Polizisten, Propheten und Rabbinerinnen, von Hoffnung und Zerst\u00f6rung handeln, begleiten unseren Weg. Immer geht es dabei um Ambivalenzen, Perspektivwechsel, Selbst- und Fremdbestimmung \u2013 und h\u00e4ufig auch um Sprache, ihre religi\u00f6se Bedeutung und ihren allt\u00e4glichen Gebrauch.<\/p>\n\n\n\n<p><strong>Dauer:<\/strong>&nbsp;90 Minuten<\/p>\n\n\n\n<p><strong>Treffpunkt:<\/strong>&nbsp;12:30 Uhr im Eingangsbereich des Museums.<br>Bitte planen Sie Zeit f\u00fcr die Sicherheitskontrolle ein.<\/p>\n\n\n\n<p><strong>Anmeldung unter:<\/strong>&nbsp;<a href=\"mailto:info@centrumjudaicum.de\">info@centrumjudaicum.de<\/a><\/p>\n\n\n\n<p>\u2014\u2014\u2014\u2014\u2014\u2014\u2014\u2014\u2014\u2014\u2014\u2014\u2014\u2014\u2014\u2014\u2014\u2014\u2014\u2014\u2014\u2014\u2014\u2014\u2014\u2014\u2014\u2014\u2014\u2014\u2014\u2014\u2014\u2014\u2014\u2014\u2014\u2014\u2014\u2014\u2014\u2014\u2014\u2014\u2014\u2014\u2014\u2014\u2014-<\/p>\n\n\n\n<p><strong>14:15-15:45 Uhr<br>Stadtspaziergang 175 Jahre M\u00e4rzrevolution 1848<\/strong><\/p>\n\n\n\n<p>Die soziale Unruhe am Vorabend der M\u00e4rzrevolution von 1848 macht auch vor den preu\u00dfischen J\u00fcd:innen nicht halt. Nur ein Viertel von ihnen hatte bis zu diesem Zeitpunkt die Staatsb\u00fcrgerschaft erhalten, in den meisten Universit\u00e4tsf\u00e4chern durften sie keine Professuren erhalten, aus den meisten Staats\u00e4mtern waren sie ausgeschlossen und obwohl sie als einfache Soldaten in der Armee k\u00e4mpfen und sterben durften, blieb ihnen die Bef\u00f6rderung zu Offizier verwehrt.<\/p>\n\n\n\n<p>Kein Wunder also, dass die demokratischen Ideen der M\u00e4rzrevolution unter den preu\u00dfischen J\u00fcd:innen auf fruchtbaren Boden fielen: Moritz Steinschneider, einer der wichtigsten Bibliografen und Orientalisten seiner Zeit, k\u00e4mpfte selbst auf den Barrikaden. Rabbiner Michael Sachs hielt zusammen mit katholischen und evangelischen Geistlichen eine Trauerrede f\u00fcr die M\u00e4rzgefallenen auf dem Gendarmenmarkt am 22.03.1848. Der Druckergeselle Julius Brill wurde als einer der wenigen Juden und Arbeiter in die preu\u00dfischen Nationalversammlung gew\u00e4hlt, bevor er schlie\u00dflich ins Exil gehen musste.<\/p>\n\n\n\n<p><strong>Zum 175. Jubil\u00e4um der M\u00e4rzrevolution erinnern wir an die j\u00fcdischen Revolution\u00e4r:innen von 1848.<\/strong><\/p>\n\n\n\n<p>Zum Gedenken der M\u00e4rzrevolution bietet die Stiftung Neue Synagoge Berlin \u2013 Centrum Judaicum an den Eintrittsfreien Sonntagen (April bis Juli) jeweils eine thematische F\u00fchrung durch Berlin Mitte zu J\u00fcd:innen im \u201eDeutschen M\u00e4rz\u201c an.<\/p>\n\n\n\n<p><strong>Dauer:<\/strong>&nbsp;90 Minuten<\/p>\n\n\n\n<p><strong>Treffpunkt:<\/strong>&nbsp;Vor unserem Haus in der Oranienburger Str. 28-30 10117 Berlin<\/p>\n\n\n\n<p><strong>Anmeldung unter:<\/strong>&nbsp;<a href=\"mailto:info@centrumjudaicum.de\">info@centrumjudaicum.de<\/a><\/p>\n\n\n\n<p>\u2014\u2014\u2014\u2014\u2014\u2014\u2014\u2014\u2014\u2014\u2014\u2014\u2014\u2014\u2014\u2014\u2014\u2014\u2014\u2014\u2014\u2014\u2014\u2014\u2014\u2014\u2014\u2014\u2014\u2014\u2014\u2014\u2014\u2014\u2014\u2014\u2014\u2014\u2014\u2014\u2014\u2014\u2014\u2014\u2014\u2014\u2014\u2014\u2014-<\/p>\n\n\n\n<p><strong>16:00-17:30 Uhr<br>Mischpoke-Tour. Familienf\u00fchrung durch das Haus und unsere Dauerausstellung.<\/strong><\/p>\n\n\n\n<p>Auch in unserer Familienf\u00fchrung sind alle Teilnehmer*innen eingeladen, der Pessachtradition zu folgen und Fragen zu stellen. Wir zeigen Ihnen die vielf\u00e4ltigen Aspekte dieses Ortes: j\u00fcdisches Leben in Berlin seit 1866, die heute im Geb\u00e4ude befindliche Synagoge, religi\u00f6se Traditionen, Br\u00e4uche und Diskussionen. Und auch f\u00fcr die Kleinsten gibt es Interessantes zu entdecken: eine&nbsp;<em>Tora<\/em>-Rolle,&nbsp;<em>Zedaka<\/em>-B\u00fcchsen und&nbsp;<em>Mesusot<\/em>&nbsp;an den T\u00fcrpfosten.<\/p>\n\n\n\n<p><strong>Dauer:&nbsp;<\/strong>90 Minuten<\/p>\n\n\n\n<p><strong>Treffpunkt:<\/strong>&nbsp;16:00 Uhr im Eingangsbereich des Museums.<\/p>\n\n\n\n<p>Bitte planen Sie Zeit f\u00fcr die Sicherheitskontrolle ein.<\/p>\n\n\n\n<p><strong>Anmeldung unter:<\/strong>&nbsp;<a href=\"mailto:info@centrumjudaicum.de\">info@centrumjudaicum.de<\/a><\/p>\n\n\n<div  class=\"tribe-block tribe-block__event-price\" >\n\t\t<\/div>\n\n\n\n\n<div  class=\"tribe-block tribe-block__venue tribe-clearfix\" >\n\t\n\t\t\n\t<\/div>\n\n\n\n\n\t<div  class=\"tribe-block tribe-block__events-link\" >\n\t\t<div class=\"tribe-events tribe-common\">\n\t\t\t<div class=\"tribe-events-c-subscribe-dropdown__container\">\n\t\t\t\t<div class=\"tribe-events-c-subscribe-dropdown\">\n\t\t\t\t\t<div class=\"tribe-common-c-btn-border tribe-events-c-subscribe-dropdown__button\">\n\t\t\t\t\t\t<svg\n\t class=\"tribe-common-c-svgicon tribe-common-c-svgicon--cal-export tribe-events-c-subscribe-dropdown__export-icon\" \taria-hidden=\"true\"\n\tviewbox=\"0 0 23 17\"\n\txmlns=\"http:\/\/www.w3.org\/2000\/svg\"\n>\n\t<path fill-rule=\"evenodd\" clip-rule=\"evenodd\" d=\"M.128.896V16.13c0 .211.145.383.323.383h15.354c.179 0 .323-.172.323-.383V.896c0-.212-.144-.383-.323-.383H.451C.273.513.128.684.128.896Zm16 6.742h-.901V4.679H1.009v10.729h14.218v-3.336h.901V7.638ZM1.01 1.614h14.218v2.058H1.009V1.614Z\" \/>\n\t<path d=\"M20.5 9.846H8.312M18.524 6.953l2.89 2.909-2.855 2.855\" stroke-width=\"1.2\" stroke-linecap=\"round\" stroke-linejoin=\"round\"\/>\n<\/svg>\n\t\t\t\t\t\t<button\n\t\t\t\t\t\t\tclass=\"tribe-events-c-subscribe-dropdown__button-text\"\n\t\t\t\t\t\t\taria-expanded=\"false\"\n\t\t\t\t\t\t\taria-controls=\"tribe-events-subscribe-dropdown-content\"\n\t\t\t\t\t\t\taria-label=\"View links to add events to your calendar\"\n\t\t\t\t\t\t>\n\t\t\t\t\t\t\tAdd to calendar\t\t\t\t\t\t<\/button>\n\t\t\t\t\t\t<svg\n\t class=\"tribe-common-c-svgicon tribe-common-c-svgicon--caret-down tribe-events-c-subscribe-dropdown__button-icon\" \taria-hidden=\"true\"\n\tviewbox=\"0 0 10 7\"\n\txmlns=\"http:\/\/www.w3.org\/2000\/svg\"\n>\n\t<path fill-rule=\"evenodd\" clip-rule=\"evenodd\" d=\"M1.008.609L5 4.6 8.992.61l.958.958L5 6.517.05 1.566l.958-.958z\" class=\"tribe-common-c-svgicon__svg-fill\"\/>\n<\/svg>\n\t\t\t\t\t<\/div>\n\t\t\t\t\t<div id=\"tribe-events-subscribe-dropdown-content\" class=\"tribe-events-c-subscribe-dropdown__content\">\n\t\t\t\t\t\t<ul class=\"tribe-events-c-subscribe-dropdown__list\">\n\t\t\t\t\t\t\t\t\t\t\t\t\t\t\t<li class=\"tribe-events-c-subscribe-dropdown__list-item tribe-events-c-subscribe-dropdown__list-item--gcal\">\n\t\t\t\t\t\t\t\t\t<a\n\t\t\t\t\t\t\t\t\t\thref=\"https:\/\/www.google.com\/calendar\/event?action=TEMPLATE&#038;dates=20230627T000000\/20230627T000000&#038;text=Museumssonntag%20Juli%202023&#038;details=%3Ch2%3EF%C3%BChrungen%3C%2Fh2%3E%3Cp%3E%3Cstrong%3E11%3A00+a.m.+%E2%80%93+12%3A30+a.m.%3Cbr+%2F%3E%3C%2Fstrong%3E%3Cstrong%3EOpen+Ye+the+Gates%21%3C%2Fstrong%3E%3C%2Fp%3E+%3Cp%3EThe+New+Synagogue+Berlin+in+Oranienburger+Street+was+opened+in+1866+and+used+to+be+one+of+the+best-known+places+of+Jewish+worship+in+Germany.+It+was+not+only+a+newly+erected+and+magnificent+building%2C+but+also+a+place+for+new+rituals%3A+an+organ%2C+a+mixed+choir%2C+a+prayer+book+in+German%2C+and+the+first+female+Rabbi+in+the+world+%28who+was+ordained+in+1935%29.+Today%2C+one+of+the+remaining+rooms+is+used+as+a+synagogue%2C+and+once+again+its+congregation+is+introducing+innovations.+We+will+visit+the+contemporary+synagogue+as+well+as+the+permanent+exhibition+and+explore+themes+of+tradition+and+modernity.+And+we+will+talk+about+themes+such+as+hope%2C+uncertainty%2C+destruction%2C+Jewish+self-determination.%3C%2Fp%3E+%3Cp%3E%3Cstrong%3EMeeting+point%3A%3C%2Fstrong%3E%26nbsp%3B11%3A00+a.m.+at+the+cash+desk+in+the+museum.%3C%2Fp%3E+%3Cp%3EPlease+note+that+the+security+control+must+be+passed+beforehand.%3C%2Fp%3E+%3Cp%3E%3Cstro%3C%2Fp%3E+%28View+Full+event+Description+Here%3A+https%3A%2F%2Fcentrumjudaicum.de%2Fen%2Fveranstaltung%2Fmuseumssonntag-juli-2023%2F%29&#038;trp=false&#038;ctz=Europe\/Berlin&#038;sprop=website:https:\/\/centrumjudaicum.de\/en\"\n\t\t\t\t\t\t\t\t\t\tclass=\"tribe-events-c-subscribe-dropdown__list-item-link\"\n\t\t\t\t\t\t\t\t\t\ttarget=\"_blank\"\n\t\t\t\t\t\t\t\t\t\trel=\"noopener noreferrer nofollow noindex\"\n\t\t\t\t\t\t\t\t\t>\n\t\t\t\t\t\t\t\t\t\tGoogle Calendar\t\t\t\t\t\t\t\t\t<\/a>\n\t\t\t\t\t\t\t\t<\/li>\n\t\t\t\t\t\t\t\t\t\t\t\t\t\t\t<li class=\"tribe-events-c-subscribe-dropdown__list-item tribe-events-c-subscribe-dropdown__list-item--ical\">\n\t\t\t\t\t\t\t\t\t<a\n\t\t\t\t\t\t\t\t\t\thref=\"\"\n\t\t\t\t\t\t\t\t\t\tclass=\"tribe-events-c-subscribe-dropdown__list-item-link\"\n\t\t\t\t\t\t\t\t\t\ttarget=\"_blank\"\n\t\t\t\t\t\t\t\t\t\trel=\"noopener noreferrer nofollow noindex\"\n\t\t\t\t\t\t\t\t\t>\n\t\t\t\t\t\t\t\t\t\tiCalendar\t\t\t\t\t\t\t\t\t<\/a>\n\t\t\t\t\t\t\t\t<\/li>\n\t\t\t\t\t\t\t\t\t\t\t\t\t\t\t<li class=\"tribe-events-c-subscribe-dropdown__list-item tribe-events-c-subscribe-dropdown__list-item--outlook-365\">\n\t\t\t\t\t\t\t\t\t<a\n\t\t\t\t\t\t\t\t\t\thref=\"\"\n\t\t\t\t\t\t\t\t\t\tclass=\"tribe-events-c-subscribe-dropdown__list-item-link\"\n\t\t\t\t\t\t\t\t\t\ttarget=\"_blank\"\n\t\t\t\t\t\t\t\t\t\trel=\"noopener noreferrer nofollow noindex\"\n\t\t\t\t\t\t\t\t\t>\n\t\t\t\t\t\t\t\t\t\tOutlook 365\t\t\t\t\t\t\t\t\t<\/a>\n\t\t\t\t\t\t\t\t<\/li>\n\t\t\t\t\t\t\t\t\t\t\t\t\t\t\t<li class=\"tribe-events-c-subscribe-dropdown__list-item tribe-events-c-subscribe-dropdown__list-item--outlook-live\">\n\t\t\t\t\t\t\t\t\t<a\n\t\t\t\t\t\t\t\t\t\thref=\"\"\n\t\t\t\t\t\t\t\t\t\tclass=\"tribe-events-c-subscribe-dropdown__list-item-link\"\n\t\t\t\t\t\t\t\t\t\ttarget=\"_blank\"\n\t\t\t\t\t\t\t\t\t\trel=\"noopener noreferrer nofollow noindex\"\n\t\t\t\t\t\t\t\t\t>\n\t\t\t\t\t\t\t\t\t\tOutlook Live\t\t\t\t\t\t\t\t\t<\/a>\n\t\t\t\t\t\t\t\t<\/li>\n\t\t\t\t\t\t\t\t\t\t\t\t\t<\/ul>\n\t\t\t\t\t<\/div>\n\t\t\t\t<\/div>\n\t\t\t<\/div>\n\t\t<\/div>\n\t<\/div>","protected":false},"excerpt":{"rendered":"<p>F\u00fchrungen 11:00 a.m. \u2013 12:30 a.m.Open Ye the Gates! The New Synagogue Berlin in Oranienburger Street was opened in 1866 and used to be one of the best-known places of [&hellip;]<\/p>\n","protected":false},"author":1,"featured_media":16289,"template":"","meta":{"_tec_requires_first_save":false,"_price":"","_stock":"","_tribe_ticket_header":"","_tribe_default_ticket_provider":"","_tribe_ticket_capacity":"0","_ticket_start_date":"","_ticket_end_date":"","_tribe_ticket_show_description":"","_tribe_ticket_show_not_going":false,"_tribe_ticket_use_global_stock":"","_tribe_ticket_global_stock_level":"","_global_stock_mode":"","_global_stock_cap":"","_tribe_rsvp_for_event":"","_tribe_ticket_going_count":"","_tribe_ticket_not_going_count":"","_tribe_tickets_list":"[]","_tribe_ticket_has_attendee_info_fields":false,"_EventAllDay":false,"_EventTimezone":"Europe\/Berlin","_EventStartDate":"2023-06-27 00:00:00","_EventEndDate":"2023-06-27 00:00:00","_EventStartDateUTC":"2023-06-26 22:00:00","_EventEndDateUTC":"2023-06-26 22:00:00","_EventShowMap":false,"_EventShowMapLink":false,"_EventURL":"","_EventCost":"","_EventCostDescription":"","_EventCurrencySymbol":"","_EventCurrencyCode":"","_EventCurrencyPosition":"prefix","_EventDateTimeSeparator":"","_EventTimeRangeSeparator":"","_EventOrganizerID":[],"_EventVenueID":[],"_OrganizerEmail":"","_OrganizerPhone":"","_OrganizerWebsite":"","_VenueAddress":"","_VenueCity":"","_VenueCountry":"","_VenueProvince":"","_VenueState":"","_VenueZip":"","_VenuePhone":"","_VenueURL":"","_VenueStateProvince":"","_VenueLat":"","_VenueLng":"","_VenueShowMap":false,"_VenueShowMapLink":false,"_tribe_blocks_recurrence_rules":"","_tribe_blocks_recurrence_description":"","_tribe_blocks_recurrence_exclusions":"","_tribe_events_status":"","_tribe_events_status_reason":"","_tribe_events_is_hybrid":"","_tribe_events_is_virtual":"","_tribe_events_virtual_video_source":"","_tribe_events_virtual_embed_video":"","_tribe_events_virtual_linked_button_text":"","_tribe_events_virtual_linked_button":"","_tribe_events_virtual_show_embed_at":"","_tribe_events_virtual_show_embed_to":[],"_tribe_events_virtual_show_on_event":"","_tribe_events_virtual_show_on_views":"","_tribe_events_virtual_url":"","footnotes":"","_tec_slr_enabled":"","_tec_slr_layout":""},"tags":[94],"tribe_events_cat":[79],"class_list":["post-16527","tribe_events","type-tribe_events","status-publish","has-post-thumbnail","hentry","tag-fuehrungmuseumssonntag","tribe_events_cat-veranstaltungen","cat_veranstaltungen"],"yoast_head":"<!-- This site is optimized with the Yoast SEO Premium plugin v26.1 (Yoast SEO v27.5) - https:\/\/yoast.com\/product\/yoast-seo-premium-wordpress\/ -->\n<title>Museumssonntag Juli 2023 - Centrum Judaicum<\/title>\n<meta name=\"robots\" content=\"index, follow, max-snippet:-1, max-image-preview:large, max-video-preview:-1\" \/>\n<link rel=\"canonical\" href=\"https:\/\/centrumjudaicum.de\/en\/veranstaltung\/museumssonntag-juli-2023\/\" \/>\n<meta property=\"og:locale\" content=\"en_US\" \/>\n<meta property=\"og:type\" content=\"article\" \/>\n<meta property=\"og:title\" content=\"Museumssonntag Juli 2023\" \/>\n<meta property=\"og:description\" content=\"F\u00fchrungen 11:00 a.m. \u2013 12:30 a.m.Open Ye the Gates! The New Synagogue Berlin in Oranienburger Street was opened in 1866 and used to be one of the best-known places of [&hellip;]\" \/>\n<meta property=\"og:url\" content=\"https:\/\/centrumjudaicum.de\/en\/veranstaltung\/museumssonntag-juli-2023\/\" \/>\n<meta property=\"og:site_name\" content=\"Centrum Judaicum\" \/>\n<meta property=\"og:image\" content=\"https:\/\/centrumjudaicum.de\/wp-content\/uploads\/2023\/08\/Museumssonntag-pceL2g.tmp_.jpg\" \/>\n\t<meta property=\"og:image:width\" content=\"1701\" \/>\n\t<meta property=\"og:image:height\" content=\"1134\" \/>\n\t<meta property=\"og:image:type\" content=\"image\/jpeg\" \/>\n<meta name=\"twitter:card\" content=\"summary_large_image\" \/>\n<meta name=\"twitter:label1\" content=\"Est. reading time\" \/>\n\t<meta name=\"twitter:data1\" content=\"3 minutes\" \/>\n<script type=\"application\/ld+json\" class=\"yoast-schema-graph\">{\"@context\":\"https:\\\/\\\/schema.org\",\"@graph\":[{\"@type\":\"WebPage\",\"@id\":\"https:\\\/\\\/centrumjudaicum.de\\\/veranstaltung\\\/museumssonntag-juli-2023\\\/\",\"url\":\"https:\\\/\\\/centrumjudaicum.de\\\/veranstaltung\\\/museumssonntag-juli-2023\\\/\",\"name\":\"Museumssonntag Juli 2023 - Centrum Judaicum\",\"isPartOf\":{\"@id\":\"https:\\\/\\\/centrumjudaicum.de\\\/#website\"},\"primaryImageOfPage\":{\"@id\":\"https:\\\/\\\/centrumjudaicum.de\\\/veranstaltung\\\/museumssonntag-juli-2023\\\/#primaryimage\"},\"image\":{\"@id\":\"https:\\\/\\\/centrumjudaicum.de\\\/veranstaltung\\\/museumssonntag-juli-2023\\\/#primaryimage\"},\"thumbnailUrl\":\"https:\\\/\\\/centrumjudaicum.de\\\/wp-content\\\/uploads\\\/2023\\\/08\\\/Museumssonntag-pceL2g.tmp_.jpg\",\"datePublished\":\"2023-08-25T09:32:53+00:00\",\"breadcrumb\":{\"@id\":\"https:\\\/\\\/centrumjudaicum.de\\\/veranstaltung\\\/museumssonntag-juli-2023\\\/#breadcrumb\"},\"inLanguage\":\"en-US\",\"potentialAction\":[{\"@type\":\"ReadAction\",\"target\":[\"https:\\\/\\\/centrumjudaicum.de\\\/veranstaltung\\\/museumssonntag-juli-2023\\\/\"]}]},{\"@type\":\"ImageObject\",\"inLanguage\":\"en-US\",\"@id\":\"https:\\\/\\\/centrumjudaicum.de\\\/veranstaltung\\\/museumssonntag-juli-2023\\\/#primaryimage\",\"url\":\"https:\\\/\\\/centrumjudaicum.de\\\/wp-content\\\/uploads\\\/2023\\\/08\\\/Museumssonntag-pceL2g.tmp_.jpg\",\"contentUrl\":\"https:\\\/\\\/centrumjudaicum.de\\\/wp-content\\\/uploads\\\/2023\\\/08\\\/Museumssonntag-pceL2g.tmp_.jpg\",\"width\":1701,\"height\":1134},{\"@type\":\"BreadcrumbList\",\"@id\":\"https:\\\/\\\/centrumjudaicum.de\\\/veranstaltung\\\/museumssonntag-juli-2023\\\/#breadcrumb\",\"itemListElement\":[{\"@type\":\"ListItem\",\"position\":1,\"name\":\"Home\",\"item\":\"https:\\\/\\\/centrumjudaicum.de\\\/\"},{\"@type\":\"ListItem\",\"position\":2,\"name\":\"Veranstaltungen\",\"item\":\"https:\\\/\\\/centrumjudaicum.de\\\/veranstaltungen\\\/\"},{\"@type\":\"ListItem\",\"position\":3,\"name\":\"Museumssonntag Juli 2023\"}]},{\"@type\":\"WebSite\",\"@id\":\"https:\\\/\\\/centrumjudaicum.de\\\/#website\",\"url\":\"https:\\\/\\\/centrumjudaicum.de\\\/\",\"name\":\"Centrum Judaicum\",\"description\":\"\",\"publisher\":{\"@id\":\"https:\\\/\\\/centrumjudaicum.de\\\/#organization\"},\"potentialAction\":[{\"@type\":\"SearchAction\",\"target\":{\"@type\":\"EntryPoint\",\"urlTemplate\":\"https:\\\/\\\/centrumjudaicum.de\\\/?s={search_term_string}\"},\"query-input\":{\"@type\":\"PropertyValueSpecification\",\"valueRequired\":true,\"valueName\":\"search_term_string\"}}],\"inLanguage\":\"en-US\"},{\"@type\":\"Organization\",\"@id\":\"https:\\\/\\\/centrumjudaicum.de\\\/#organization\",\"name\":\"Centrum Judaicum\",\"url\":\"https:\\\/\\\/centrumjudaicum.de\\\/\",\"logo\":{\"@type\":\"ImageObject\",\"inLanguage\":\"en-US\",\"@id\":\"https:\\\/\\\/centrumjudaicum.de\\\/#\\\/schema\\\/logo\\\/image\\\/\",\"url\":\"https:\\\/\\\/centrumjudaicum.de\\\/wp-content\\\/uploads\\\/2022\\\/10\\\/Logo_Stiftung_Neue_Synagoge_Berlin_Gold_.png\",\"contentUrl\":\"https:\\\/\\\/centrumjudaicum.de\\\/wp-content\\\/uploads\\\/2022\\\/10\\\/Logo_Stiftung_Neue_Synagoge_Berlin_Gold_.png\",\"width\":1188,\"height\":409,\"caption\":\"Centrum Judaicum\"},\"image\":{\"@id\":\"https:\\\/\\\/centrumjudaicum.de\\\/#\\\/schema\\\/logo\\\/image\\\/\"}}]}<\/script>\n<!-- \/ Yoast SEO Premium plugin. -->","yoast_head_json":{"title":"Museumssonntag Juli 2023 - Centrum Judaicum","robots":{"index":"index","follow":"follow","max-snippet":"max-snippet:-1","max-image-preview":"max-image-preview:large","max-video-preview":"max-video-preview:-1"},"canonical":"https:\/\/centrumjudaicum.de\/en\/veranstaltung\/museumssonntag-juli-2023\/","og_locale":"en_US","og_type":"article","og_title":"Museumssonntag Juli 2023","og_description":"F\u00fchrungen 11:00 a.m. \u2013 12:30 a.m.Open Ye the Gates! The New Synagogue Berlin in Oranienburger Street was opened in 1866 and used to be one of the best-known places of [&hellip;]","og_url":"https:\/\/centrumjudaicum.de\/en\/veranstaltung\/museumssonntag-juli-2023\/","og_site_name":"Centrum Judaicum","og_image":[{"width":1701,"height":1134,"url":"https:\/\/centrumjudaicum.de\/wp-content\/uploads\/2023\/08\/Museumssonntag-pceL2g.tmp_.jpg","type":"image\/jpeg"}],"twitter_card":"summary_large_image","twitter_misc":{"Est. reading time":"3 minutes"},"schema":{"@context":"https:\/\/schema.org","@graph":[{"@type":"WebPage","@id":"https:\/\/centrumjudaicum.de\/veranstaltung\/museumssonntag-juli-2023\/","url":"https:\/\/centrumjudaicum.de\/veranstaltung\/museumssonntag-juli-2023\/","name":"Museumssonntag Juli 2023 - Centrum Judaicum","isPartOf":{"@id":"https:\/\/centrumjudaicum.de\/#website"},"primaryImageOfPage":{"@id":"https:\/\/centrumjudaicum.de\/veranstaltung\/museumssonntag-juli-2023\/#primaryimage"},"image":{"@id":"https:\/\/centrumjudaicum.de\/veranstaltung\/museumssonntag-juli-2023\/#primaryimage"},"thumbnailUrl":"https:\/\/centrumjudaicum.de\/wp-content\/uploads\/2023\/08\/Museumssonntag-pceL2g.tmp_.jpg","datePublished":"2023-08-25T09:32:53+00:00","breadcrumb":{"@id":"https:\/\/centrumjudaicum.de\/veranstaltung\/museumssonntag-juli-2023\/#breadcrumb"},"inLanguage":"en-US","potentialAction":[{"@type":"ReadAction","target":["https:\/\/centrumjudaicum.de\/veranstaltung\/museumssonntag-juli-2023\/"]}]},{"@type":"ImageObject","inLanguage":"en-US","@id":"https:\/\/centrumjudaicum.de\/veranstaltung\/museumssonntag-juli-2023\/#primaryimage","url":"https:\/\/centrumjudaicum.de\/wp-content\/uploads\/2023\/08\/Museumssonntag-pceL2g.tmp_.jpg","contentUrl":"https:\/\/centrumjudaicum.de\/wp-content\/uploads\/2023\/08\/Museumssonntag-pceL2g.tmp_.jpg","width":1701,"height":1134},{"@type":"BreadcrumbList","@id":"https:\/\/centrumjudaicum.de\/veranstaltung\/museumssonntag-juli-2023\/#breadcrumb","itemListElement":[{"@type":"ListItem","position":1,"name":"Home","item":"https:\/\/centrumjudaicum.de\/"},{"@type":"ListItem","position":2,"name":"Veranstaltungen","item":"https:\/\/centrumjudaicum.de\/veranstaltungen\/"},{"@type":"ListItem","position":3,"name":"Museumssonntag Juli 2023"}]},{"@type":"WebSite","@id":"https:\/\/centrumjudaicum.de\/#website","url":"https:\/\/centrumjudaicum.de\/","name":"Centrum Judaicum","description":"","publisher":{"@id":"https:\/\/centrumjudaicum.de\/#organization"},"potentialAction":[{"@type":"SearchAction","target":{"@type":"EntryPoint","urlTemplate":"https:\/\/centrumjudaicum.de\/?s={search_term_string}"},"query-input":{"@type":"PropertyValueSpecification","valueRequired":true,"valueName":"search_term_string"}}],"inLanguage":"en-US"},{"@type":"Organization","@id":"https:\/\/centrumjudaicum.de\/#organization","name":"Centrum Judaicum","url":"https:\/\/centrumjudaicum.de\/","logo":{"@type":"ImageObject","inLanguage":"en-US","@id":"https:\/\/centrumjudaicum.de\/#\/schema\/logo\/image\/","url":"https:\/\/centrumjudaicum.de\/wp-content\/uploads\/2022\/10\/Logo_Stiftung_Neue_Synagoge_Berlin_Gold_.png","contentUrl":"https:\/\/centrumjudaicum.de\/wp-content\/uploads\/2022\/10\/Logo_Stiftung_Neue_Synagoge_Berlin_Gold_.png","width":1188,"height":409,"caption":"Centrum Judaicum"},"image":{"@id":"https:\/\/centrumjudaicum.de\/#\/schema\/logo\/image\/"}}]}},"ticketed":false,"_links":{"self":[{"href":"https:\/\/centrumjudaicum.de\/en\/wp-json\/wp\/v2\/tribe_events\/16527","targetHints":{"allow":["GET"]}}],"collection":[{"href":"https:\/\/centrumjudaicum.de\/en\/wp-json\/wp\/v2\/tribe_events"}],"about":[{"href":"https:\/\/centrumjudaicum.de\/en\/wp-json\/wp\/v2\/types\/tribe_events"}],"author":[{"embeddable":true,"href":"https:\/\/centrumjudaicum.de\/en\/wp-json\/wp\/v2\/users\/1"}],"version-history":[{"count":0,"href":"https:\/\/centrumjudaicum.de\/en\/wp-json\/wp\/v2\/tribe_events\/16527\/revisions"}],"wp:featuredmedia":[{"embeddable":true,"href":"https:\/\/centrumjudaicum.de\/en\/wp-json\/wp\/v2\/media\/16289"}],"wp:attachment":[{"href":"https:\/\/centrumjudaicum.de\/en\/wp-json\/wp\/v2\/media?parent=16527"}],"wp:term":[{"taxonomy":"post_tag","embeddable":true,"href":"https:\/\/centrumjudaicum.de\/en\/wp-json\/wp\/v2\/tags?post=16527"},{"taxonomy":"tribe_events_cat","embeddable":true,"href":"https:\/\/centrumjudaicum.de\/en\/wp-json\/wp\/v2\/tribe_events_cat?post=16527"}],"curies":[{"name":"wp","href":"https:\/\/api.w.org\/{rel}","templated":true}]}}