{"id":19579,"date":"2023-09-20T12:55:44","date_gmt":"2023-09-20T10:55:44","guid":{"rendered":"https:\/\/centrumjudaicum.de\/?post_type=tribe_events&#038;p=19579"},"modified":"2024-11-20T17:23:39","modified_gmt":"2024-11-20T16:23:39","slug":"historischer-stadtspaziergangum-die-neue-synagoge-berlin19-11-2023","status":"publish","type":"tribe_events","link":"https:\/\/centrumjudaicum.de\/en\/veranstaltung\/historischer-stadtspaziergangum-die-neue-synagoge-berlin19-11-2023\/","title":{"rendered":"Historischer Stadtspaziergang<br class=\"clear\" \/>um die <br class=\"clear\" \/>New Synagogue Berlin"},"content":{"rendered":"<div data-elementor-type=\"wp-post\" data-elementor-id=\"19579\" class=\"elementor elementor-19579\" data-elementor-post-type=\"tribe_events\">\n\t\t\t\t\t\t<section class=\"elementor-section elementor-top-section elementor-element elementor-element-6bb9d136 elementor-section-boxed elementor-section-height-default elementor-section-height-default\" data-id=\"6bb9d136\" data-element_type=\"section\" data-e-type=\"section\">\n\t\t\t\t\t\t<div class=\"elementor-container elementor-column-gap-default\">\n\t\t\t\t\t<div class=\"elementor-column elementor-col-100 elementor-top-column elementor-element elementor-element-51ea376f\" data-id=\"51ea376f\" data-element_type=\"column\" data-e-type=\"column\">\n\t\t\t<div class=\"elementor-widget-wrap elementor-element-populated\">\n\t\t\t\t\t\t<div class=\"elementor-element elementor-element-1f1c7982 elementor-widget elementor-widget-text-editor\" data-id=\"1f1c7982\" data-element_type=\"widget\" data-e-type=\"widget\" data-widget_type=\"text-editor.default\">\n\t\t\t\t<div class=\"elementor-widget-container\">\n\t\t\t\t\t\t\t\t\t<h2>Begleitprogramm<br>Zeiten des Umbruchs | J\u00fcdisch in der DDR<\/h2>\n<p><i>F\u00fchrung im Rahmen des Begleitprogramms zur Ausstellung Zeiten des Umbruchs und<br>Ein anderes Land. J\u00fcdisch in der DDR in Kooperation mit der Stiftung Neue Synagoge Berlin \u2013 Centrum Judaicum und dem J\u00fcdischen Museum Berlin<\/i><\/p>\n<p>Die Spandauer Vorstadt und ihre Umgebung waren einst ein Zentrum j\u00fcdischen Lebens in Berlin, und auch heute sind viele j\u00fcdische Einrichtungen und Organisationen hierher zur\u00fcckgekehrt. Doch wie sah es unmittelbar nach Kriegsende aus und wie zu DDR-Zeiten \u2013 zwischen Katastrophe und Neubeginn, antifaschistischer Ideologie und gelebtem Judentum? Begeben Sie sich auf historische Spurensuche!<\/p>\n<p>In Kooperation mit der Stiftung Neue Synagoge Berlin \u2013 Centrum Judaicum l\u00e4dt das J\u00fcdische Museum Berlin im Rahmen der Ausstellung Ein anderes Land. J\u00fcdisch in der DDR zu einem besonderen Stadtspaziergang rund um die Neue Synagoge Berlin ein. Wo war hier zwischen 1945 und 1990 \u00fcberhaupt noch j\u00fcdisches Leben zu finden, wo traf sich die kleine Ostberliner J\u00fcdische Gemeinde? Welche \u201ej\u00fcdischen\u201c Orte schwanden aus der \u00f6ffentlichen Wahrnehmung und wo entstanden besondere Orte des politischen wie privaten Gedenkens?<\/p>\n<p>Welche Rollen haben Juden im politischen und kulturellen Leben der DDR gespielt? Inwieweit war es ihnen m\u00f6glich, ihr J\u00fcdischsein auszuleben \u2013 als Teil einer areligi\u00f6sen sozialistischen Gesellschaft?<\/p>\n<p>Der zweist\u00fcndige Stadtspaziergang beginnt im Centrum Judaicum mit einer Erkundung des ab 1988 teilweise wiederhergestellten Geb\u00e4udeensembles \u2013 heute erneut ein Ort der Begegnung, des Lernens und eines aktiven j\u00fcdischen Gemeindelebens.<\/p>\n<p><strong>Termine:&nbsp;<\/strong><br>15.10.23 \/ 19.11.23 \/ 17.12.23 \/ 21.01.24<\/p>\n<p><strong>Uhrzeit:<\/strong><br>12 Uhr<\/p>\n<p><strong>Kosten:<\/strong><br>5,00 \u20ac pro Person<\/p>\n<p><strong>Ort:&nbsp;<\/strong><br>Stiftung Neue Synagoge Berlin \u2013 Centrum Judaicum<br>Oranienburger Stra\u00dfe 28\u201330, 10117 Berlin<\/p>\n<p><strong>Anmeldung: <\/strong><br>info@centrumjudaicum.de<\/p>\n<p><span style=\"font-style: italic; font-size: 12px; color: rgb(230, 21, 21); font-family: var( --e-global-typography-text-font-family ), Sans-serif;\"><b>Die F\u00fchrung beinhaltet eine Tramfahrt,<br>f\u00fcr die ein BVG-Ticket selbst erworben werden muss.<\/b><\/span><\/p>\t\t\t\t\t\t\t\t<\/div>\n\t\t\t\t<\/div>\n\t\t\t\t\t<\/div>\n\t\t<\/div>\n\t\t\t\t\t<\/div>\n\t\t<\/section>\n\t\t\t\t<\/div>","protected":false},"excerpt":{"rendered":"<p>Begleitprogramm Zeiten des Umbruchs | J\u00fcdisch in der DDR F\u00fchrung im Rahmen des Begleitprogramms zur Ausstellung Zeiten des Umbruchs und Ein anderes Land. J\u00fcdisch in der DDR in Kooperation mit [&hellip;]<\/p>\n","protected":false},"author":3,"featured_media":19561,"template":"","meta":{"_tec_requires_first_save":false,"_price":"","_stock":"","_tribe_ticket_header":"","_tribe_default_ticket_provider":"","_tribe_ticket_capacity":"0","_ticket_start_date":"","_ticket_end_date":"","_tribe_ticket_show_description":"","_tribe_ticket_show_not_going":false,"_tribe_ticket_use_global_stock":"","_tribe_ticket_global_stock_level":"","_global_stock_mode":"","_global_stock_cap":"","_tribe_rsvp_for_event":"","_tribe_ticket_going_count":"","_tribe_ticket_not_going_count":"","_tribe_tickets_list":"[]","_tribe_ticket_has_attendee_info_fields":false,"_EventAllDay":false,"_EventTimezone":"Europe\/Berlin","_EventStartDate":"2023-11-19 12:00:00","_EventEndDate":"2023-11-19 14:00:00","_EventStartDateUTC":"2023-11-19 11:00:00","_EventEndDateUTC":"2023-11-19 13:00:00","_EventShowMap":true,"_EventShowMapLink":true,"_EventURL":"","_EventCost":"","_EventCostDescription":"","_EventCurrencySymbol":"","_EventCurrencyCode":"","_EventCurrencyPosition":"suffix","_EventDateTimeSeparator":"","_EventTimeRangeSeparator":"","_EventOrganizerID":[],"_EventVenueID":[16542],"_OrganizerEmail":"","_OrganizerPhone":"","_OrganizerWebsite":"","_VenueAddress":"","_VenueCity":"","_VenueCountry":"","_VenueProvince":"","_VenueState":"","_VenueZip":"","_VenuePhone":"","_VenueURL":"","_VenueStateProvince":"","_VenueLat":"","_VenueLng":"","_VenueShowMap":false,"_VenueShowMapLink":false,"_tribe_blocks_recurrence_rules":"","_tribe_blocks_recurrence_description":"","_tribe_blocks_recurrence_exclusions":"","_tribe_events_status":"","_tribe_events_status_reason":"","_tribe_events_is_hybrid":"","_tribe_events_is_virtual":"","_tribe_events_virtual_video_source":"","_tribe_events_virtual_embed_video":"","_tribe_events_virtual_linked_button_text":"","_tribe_events_virtual_linked_button":"","_tribe_events_virtual_show_embed_at":"","_tribe_events_virtual_show_embed_to":[],"_tribe_events_virtual_show_on_event":"","_tribe_events_virtual_show_on_views":"","_tribe_events_virtual_url":"","footnotes":"","_tec_slr_enabled":"","_tec_slr_layout":""},"tags":[],"tribe_events_cat":[79],"class_list":["post-19579","tribe_events","type-tribe_events","status-publish","has-post-thumbnail","hentry","tribe_events_cat-veranstaltungen","cat_veranstaltungen"],"yoast_head":"<!-- This site is optimized with the Yoast SEO Premium plugin v26.1 (Yoast SEO v27.4) - https:\/\/yoast.com\/product\/yoast-seo-premium-wordpress\/ -->\n<title>Historischer Stadtspaziergangum die Neue Synagoge Berlin - Centrum Judaicum<\/title>\n<meta name=\"robots\" content=\"index, follow, max-snippet:-1, max-image-preview:large, max-video-preview:-1\" \/>\n<link rel=\"canonical\" href=\"https:\/\/centrumjudaicum.de\/en\/veranstaltung\/historischer-stadtspaziergangum-die-neue-synagoge-berlin19-11-2023\/\" \/>\n<meta property=\"og:locale\" content=\"en_US\" \/>\n<meta property=\"og:type\" content=\"article\" \/>\n<meta property=\"og:title\" content=\"Historischer Stadtspaziergangum die Neue Synagoge Berlin\" \/>\n<meta property=\"og:description\" content=\"Begleitprogramm Zeiten des Umbruchs | J\u00fcdisch in der DDR F\u00fchrung im Rahmen des Begleitprogramms zur Ausstellung Zeiten des Umbruchs und Ein anderes Land. J\u00fcdisch in der DDR in Kooperation mit [&hellip;]\" \/>\n<meta property=\"og:url\" content=\"https:\/\/centrumjudaicum.de\/en\/veranstaltung\/historischer-stadtspaziergangum-die-neue-synagoge-berlin19-11-2023\/\" \/>\n<meta property=\"og:site_name\" content=\"Centrum Judaicum\" \/>\n<meta property=\"article:modified_time\" content=\"2024-11-20T16:23:39+00:00\" \/>\n<meta property=\"og:image\" content=\"https:\/\/centrumjudaicum.de\/wp-content\/uploads\/2023\/09\/Stadtspaziergang-1.png\" \/>\n\t<meta property=\"og:image:width\" content=\"600\" \/>\n\t<meta property=\"og:image:height\" content=\"400\" \/>\n\t<meta property=\"og:image:type\" content=\"image\/png\" \/>\n<meta name=\"twitter:card\" content=\"summary_large_image\" \/>\n<meta name=\"twitter:label1\" content=\"Est. reading time\" \/>\n\t<meta name=\"twitter:data1\" content=\"2 minutes\" \/>\n<script type=\"application\/ld+json\" class=\"yoast-schema-graph\">{\"@context\":\"https:\\\/\\\/schema.org\",\"@graph\":[{\"@type\":\"WebPage\",\"@id\":\"https:\\\/\\\/centrumjudaicum.de\\\/veranstaltung\\\/historischer-stadtspaziergangum-die-neue-synagoge-berlin19-11-2023\\\/\",\"url\":\"https:\\\/\\\/centrumjudaicum.de\\\/veranstaltung\\\/historischer-stadtspaziergangum-die-neue-synagoge-berlin19-11-2023\\\/\",\"name\":\"Historischer Stadtspaziergangum die Neue Synagoge Berlin - Centrum Judaicum\",\"isPartOf\":{\"@id\":\"https:\\\/\\\/centrumjudaicum.de\\\/#website\"},\"primaryImageOfPage\":{\"@id\":\"https:\\\/\\\/centrumjudaicum.de\\\/veranstaltung\\\/historischer-stadtspaziergangum-die-neue-synagoge-berlin19-11-2023\\\/#primaryimage\"},\"image\":{\"@id\":\"https:\\\/\\\/centrumjudaicum.de\\\/veranstaltung\\\/historischer-stadtspaziergangum-die-neue-synagoge-berlin19-11-2023\\\/#primaryimage\"},\"thumbnailUrl\":\"https:\\\/\\\/centrumjudaicum.de\\\/wp-content\\\/uploads\\\/2023\\\/09\\\/Stadtspaziergang-1.png\",\"datePublished\":\"2023-09-20T10:55:44+00:00\",\"dateModified\":\"2024-11-20T16:23:39+00:00\",\"breadcrumb\":{\"@id\":\"https:\\\/\\\/centrumjudaicum.de\\\/veranstaltung\\\/historischer-stadtspaziergangum-die-neue-synagoge-berlin19-11-2023\\\/#breadcrumb\"},\"inLanguage\":\"en-US\",\"potentialAction\":[{\"@type\":\"ReadAction\",\"target\":[\"https:\\\/\\\/centrumjudaicum.de\\\/veranstaltung\\\/historischer-stadtspaziergangum-die-neue-synagoge-berlin19-11-2023\\\/\"]}]},{\"@type\":\"ImageObject\",\"inLanguage\":\"en-US\",\"@id\":\"https:\\\/\\\/centrumjudaicum.de\\\/veranstaltung\\\/historischer-stadtspaziergangum-die-neue-synagoge-berlin19-11-2023\\\/#primaryimage\",\"url\":\"https:\\\/\\\/centrumjudaicum.de\\\/wp-content\\\/uploads\\\/2023\\\/09\\\/Stadtspaziergang-1.png\",\"contentUrl\":\"https:\\\/\\\/centrumjudaicum.de\\\/wp-content\\\/uploads\\\/2023\\\/09\\\/Stadtspaziergang-1.png\",\"width\":600,\"height\":400},{\"@type\":\"BreadcrumbList\",\"@id\":\"https:\\\/\\\/centrumjudaicum.de\\\/veranstaltung\\\/historischer-stadtspaziergangum-die-neue-synagoge-berlin19-11-2023\\\/#breadcrumb\",\"itemListElement\":[{\"@type\":\"ListItem\",\"position\":1,\"name\":\"Home\",\"item\":\"https:\\\/\\\/centrumjudaicum.de\\\/\"},{\"@type\":\"ListItem\",\"position\":2,\"name\":\"Veranstaltungen\",\"item\":\"https:\\\/\\\/centrumjudaicum.de\\\/veranstaltungen\\\/\"},{\"@type\":\"ListItem\",\"position\":3,\"name\":\"Historischer Stadtspaziergangum die Neue Synagoge Berlin\"}]},{\"@type\":\"WebSite\",\"@id\":\"https:\\\/\\\/centrumjudaicum.de\\\/#website\",\"url\":\"https:\\\/\\\/centrumjudaicum.de\\\/\",\"name\":\"Centrum Judaicum\",\"description\":\"\",\"publisher\":{\"@id\":\"https:\\\/\\\/centrumjudaicum.de\\\/#organization\"},\"potentialAction\":[{\"@type\":\"SearchAction\",\"target\":{\"@type\":\"EntryPoint\",\"urlTemplate\":\"https:\\\/\\\/centrumjudaicum.de\\\/?s={search_term_string}\"},\"query-input\":{\"@type\":\"PropertyValueSpecification\",\"valueRequired\":true,\"valueName\":\"search_term_string\"}}],\"inLanguage\":\"en-US\"},{\"@type\":\"Organization\",\"@id\":\"https:\\\/\\\/centrumjudaicum.de\\\/#organization\",\"name\":\"Centrum Judaicum\",\"url\":\"https:\\\/\\\/centrumjudaicum.de\\\/\",\"logo\":{\"@type\":\"ImageObject\",\"inLanguage\":\"en-US\",\"@id\":\"https:\\\/\\\/centrumjudaicum.de\\\/#\\\/schema\\\/logo\\\/image\\\/\",\"url\":\"https:\\\/\\\/centrumjudaicum.de\\\/wp-content\\\/uploads\\\/2022\\\/10\\\/Logo_Stiftung_Neue_Synagoge_Berlin_Gold_.png\",\"contentUrl\":\"https:\\\/\\\/centrumjudaicum.de\\\/wp-content\\\/uploads\\\/2022\\\/10\\\/Logo_Stiftung_Neue_Synagoge_Berlin_Gold_.png\",\"width\":1188,\"height\":409,\"caption\":\"Centrum Judaicum\"},\"image\":{\"@id\":\"https:\\\/\\\/centrumjudaicum.de\\\/#\\\/schema\\\/logo\\\/image\\\/\"}}]}<\/script>\n<!-- \/ Yoast SEO Premium plugin. -->","yoast_head_json":{"title":"Historischer Stadtspaziergangum die Neue Synagoge Berlin - Centrum Judaicum","robots":{"index":"index","follow":"follow","max-snippet":"max-snippet:-1","max-image-preview":"max-image-preview:large","max-video-preview":"max-video-preview:-1"},"canonical":"https:\/\/centrumjudaicum.de\/en\/veranstaltung\/historischer-stadtspaziergangum-die-neue-synagoge-berlin19-11-2023\/","og_locale":"en_US","og_type":"article","og_title":"Historischer Stadtspaziergangum die Neue Synagoge Berlin","og_description":"Begleitprogramm Zeiten des Umbruchs | J\u00fcdisch in der DDR F\u00fchrung im Rahmen des Begleitprogramms zur Ausstellung Zeiten des Umbruchs und Ein anderes Land. J\u00fcdisch in der DDR in Kooperation mit [&hellip;]","og_url":"https:\/\/centrumjudaicum.de\/en\/veranstaltung\/historischer-stadtspaziergangum-die-neue-synagoge-berlin19-11-2023\/","og_site_name":"Centrum Judaicum","article_modified_time":"2024-11-20T16:23:39+00:00","og_image":[{"width":600,"height":400,"url":"https:\/\/centrumjudaicum.de\/wp-content\/uploads\/2023\/09\/Stadtspaziergang-1.png","type":"image\/png"}],"twitter_card":"summary_large_image","twitter_misc":{"Est. reading time":"2 minutes"},"schema":{"@context":"https:\/\/schema.org","@graph":[{"@type":"WebPage","@id":"https:\/\/centrumjudaicum.de\/veranstaltung\/historischer-stadtspaziergangum-die-neue-synagoge-berlin19-11-2023\/","url":"https:\/\/centrumjudaicum.de\/veranstaltung\/historischer-stadtspaziergangum-die-neue-synagoge-berlin19-11-2023\/","name":"Historischer Stadtspaziergangum die Neue Synagoge Berlin - Centrum Judaicum","isPartOf":{"@id":"https:\/\/centrumjudaicum.de\/#website"},"primaryImageOfPage":{"@id":"https:\/\/centrumjudaicum.de\/veranstaltung\/historischer-stadtspaziergangum-die-neue-synagoge-berlin19-11-2023\/#primaryimage"},"image":{"@id":"https:\/\/centrumjudaicum.de\/veranstaltung\/historischer-stadtspaziergangum-die-neue-synagoge-berlin19-11-2023\/#primaryimage"},"thumbnailUrl":"https:\/\/centrumjudaicum.de\/wp-content\/uploads\/2023\/09\/Stadtspaziergang-1.png","datePublished":"2023-09-20T10:55:44+00:00","dateModified":"2024-11-20T16:23:39+00:00","breadcrumb":{"@id":"https:\/\/centrumjudaicum.de\/veranstaltung\/historischer-stadtspaziergangum-die-neue-synagoge-berlin19-11-2023\/#breadcrumb"},"inLanguage":"en-US","potentialAction":[{"@type":"ReadAction","target":["https:\/\/centrumjudaicum.de\/veranstaltung\/historischer-stadtspaziergangum-die-neue-synagoge-berlin19-11-2023\/"]}]},{"@type":"ImageObject","inLanguage":"en-US","@id":"https:\/\/centrumjudaicum.de\/veranstaltung\/historischer-stadtspaziergangum-die-neue-synagoge-berlin19-11-2023\/#primaryimage","url":"https:\/\/centrumjudaicum.de\/wp-content\/uploads\/2023\/09\/Stadtspaziergang-1.png","contentUrl":"https:\/\/centrumjudaicum.de\/wp-content\/uploads\/2023\/09\/Stadtspaziergang-1.png","width":600,"height":400},{"@type":"BreadcrumbList","@id":"https:\/\/centrumjudaicum.de\/veranstaltung\/historischer-stadtspaziergangum-die-neue-synagoge-berlin19-11-2023\/#breadcrumb","itemListElement":[{"@type":"ListItem","position":1,"name":"Home","item":"https:\/\/centrumjudaicum.de\/"},{"@type":"ListItem","position":2,"name":"Veranstaltungen","item":"https:\/\/centrumjudaicum.de\/veranstaltungen\/"},{"@type":"ListItem","position":3,"name":"Historischer Stadtspaziergangum die Neue Synagoge Berlin"}]},{"@type":"WebSite","@id":"https:\/\/centrumjudaicum.de\/#website","url":"https:\/\/centrumjudaicum.de\/","name":"Centrum Judaicum","description":"","publisher":{"@id":"https:\/\/centrumjudaicum.de\/#organization"},"potentialAction":[{"@type":"SearchAction","target":{"@type":"EntryPoint","urlTemplate":"https:\/\/centrumjudaicum.de\/?s={search_term_string}"},"query-input":{"@type":"PropertyValueSpecification","valueRequired":true,"valueName":"search_term_string"}}],"inLanguage":"en-US"},{"@type":"Organization","@id":"https:\/\/centrumjudaicum.de\/#organization","name":"Centrum Judaicum","url":"https:\/\/centrumjudaicum.de\/","logo":{"@type":"ImageObject","inLanguage":"en-US","@id":"https:\/\/centrumjudaicum.de\/#\/schema\/logo\/image\/","url":"https:\/\/centrumjudaicum.de\/wp-content\/uploads\/2022\/10\/Logo_Stiftung_Neue_Synagoge_Berlin_Gold_.png","contentUrl":"https:\/\/centrumjudaicum.de\/wp-content\/uploads\/2022\/10\/Logo_Stiftung_Neue_Synagoge_Berlin_Gold_.png","width":1188,"height":409,"caption":"Centrum Judaicum"},"image":{"@id":"https:\/\/centrumjudaicum.de\/#\/schema\/logo\/image\/"}}]}},"ticketed":false,"_links":{"self":[{"href":"https:\/\/centrumjudaicum.de\/en\/wp-json\/wp\/v2\/tribe_events\/19579","targetHints":{"allow":["GET"]}}],"collection":[{"href":"https:\/\/centrumjudaicum.de\/en\/wp-json\/wp\/v2\/tribe_events"}],"about":[{"href":"https:\/\/centrumjudaicum.de\/en\/wp-json\/wp\/v2\/types\/tribe_events"}],"author":[{"embeddable":true,"href":"https:\/\/centrumjudaicum.de\/en\/wp-json\/wp\/v2\/users\/3"}],"version-history":[{"count":10,"href":"https:\/\/centrumjudaicum.de\/en\/wp-json\/wp\/v2\/tribe_events\/19579\/revisions"}],"predecessor-version":[{"id":23558,"href":"https:\/\/centrumjudaicum.de\/en\/wp-json\/wp\/v2\/tribe_events\/19579\/revisions\/23558"}],"wp:featuredmedia":[{"embeddable":true,"href":"https:\/\/centrumjudaicum.de\/en\/wp-json\/wp\/v2\/media\/19561"}],"wp:attachment":[{"href":"https:\/\/centrumjudaicum.de\/en\/wp-json\/wp\/v2\/media?parent=19579"}],"wp:term":[{"taxonomy":"post_tag","embeddable":true,"href":"https:\/\/centrumjudaicum.de\/en\/wp-json\/wp\/v2\/tags?post=19579"},{"taxonomy":"tribe_events_cat","embeddable":true,"href":"https:\/\/centrumjudaicum.de\/en\/wp-json\/wp\/v2\/tribe_events_cat?post=19579"}],"curies":[{"name":"wp","href":"https:\/\/api.w.org\/{rel}","templated":true}]}}