{"id":19788,"date":"2023-10-18T14:11:50","date_gmt":"2023-10-18T12:11:50","guid":{"rendered":"https:\/\/centrumjudaicum.de\/?post_type=tribe_events&#038;p=19788"},"modified":"2024-11-20T17:23:01","modified_gmt":"2024-11-20T16:23:01","slug":"martin-buber-das-dialogische-prinzip-auftakt-zur-reihe-theater-und-wissenschaft","status":"publish","type":"tribe_events","link":"https:\/\/centrumjudaicum.de\/en\/veranstaltung\/martin-buber-das-dialogische-prinzip-auftakt-zur-reihe-theater-und-wissenschaft\/","title":{"rendered":"Martin Buber: <br class=\"clear\" \/>  \u00bbDas dialogische Prinzip\u00ab <br class=\"clear\" \/> Auftakt zur Reihe <br class=\"clear\" \/> \u00bbTheater und Wissenschaft\u00ab"},"content":{"rendered":"<div data-elementor-type=\"wp-post\" data-elementor-id=\"19788\" class=\"elementor elementor-19788\" data-elementor-post-type=\"tribe_events\">\n\t\t\t\t\t\t<section class=\"elementor-section elementor-top-section elementor-element elementor-element-49bae207 elementor-section-boxed elementor-section-height-default elementor-section-height-default\" data-id=\"49bae207\" data-element_type=\"section\" data-e-type=\"section\">\n\t\t\t\t\t\t<div class=\"elementor-container elementor-column-gap-default\">\n\t\t\t\t\t<div class=\"elementor-column elementor-col-100 elementor-top-column elementor-element elementor-element-4761e522\" data-id=\"4761e522\" data-element_type=\"column\" data-e-type=\"column\">\n\t\t\t<div class=\"elementor-widget-wrap elementor-element-populated\">\n\t\t\t\t\t\t<div class=\"elementor-element elementor-element-6d0887e elementor-widget elementor-widget-text-editor\" data-id=\"6d0887e\" data-element_type=\"widget\" data-e-type=\"widget\" data-widget_type=\"text-editor.default\">\n\t\t\t\t<div class=\"elementor-widget-container\">\n\t\t\t\t\t\t\t\t\t<h2><strong><br \/>Martin Buber: <br \/>\u00bbDas dialogische Prinzip\u00ab<\/strong><br \/>Auftakt zur Reihe \u00bbTheater und Wissenschaft\u00ab<br \/><br \/><\/h2><h6>Foto: <br \/>Martin Buber als Student in Wien, um 1896.<br \/>Martin Buber Archive, The National Library of Israel, Jerusalem<br \/>\/ Courtesy of the Martin Buber Literary Estate<br \/><br \/><\/h6><hr \/><p><strong><br \/>Wie geht wirklicher Dialog?<\/strong> Echte Begegnung? Ein Gespr\u00e4ch, bei dem nicht nur aufeinander ein und aneinander vorbei geredet wird? Der j\u00fcdische Philosoph Martin Buber gab darauf Antworten, die aufhorchen lassen und bewegen. Seine Entdeckung, \u201eDas dialogische Prinzip\u201c, inspiriert seit der Grundschrift \u201eIch und Du\u201c von 1923. Heute, 100 Jahre sp\u00e4ter, bringen <strong>Menschen aus den Wissenschaften und den B\u00fchnenk\u00fcnsten<\/strong> Bubers Dialogphilosophie im interreligi\u00f6sen Kontext auf die B\u00fchne: mit Tanz, Gesang, Spiel und Festvortrag.<\/p><p><strong>Theater und Wissenschaft<\/strong> ist ein neues Format, bei dem zun\u00e4chst Schl\u00fcsseltexte<br \/>wissenschaftlicher Autor:innen zu ihrer B\u00fchnen-Erstauff\u00fchrung gebracht werden. Inspiriert von einer selten gesehenen wichtigen Quelle europ\u00e4ischer Kultur, der j\u00fcdischen, setzt das Vorhaben bei den Werken j\u00fcdischer Geistesgr\u00f6\u00dfen an und erkundet ihre Bedeutung heute. Der Auftakt mit dem programmatischen Titel \u00bbDas dialogische Prinzip\u00ab deutet auf eine Reihe, die Bereiche wie Geisteswissenschaft, Hard Science, B\u00fchne und Performance transzendiert.<br \/><strong>Erleben Sie die Urauff\u00fchrung eines Werkes, dessen Kernaussage zwischen den Zeilen zu finden ist.<br \/><br \/><\/strong><\/p><hr \/><p><strong><br \/>Mitwirkende:<\/strong><\/p><p><strong>Dr. Silvia Richter<\/strong><br \/>Expertin f\u00fcr die j\u00fcdische Geistesgeschichte des 18. bis 20. Jahrhunderts; Mitarbeiterin an der Martin-Buber-Professur in Frankfurt am Main und Projektkoordinatorin im Forschungsverbund \u00bbDynamiken des Religi\u00f6sen\u00ab<\/p><p><strong>Georg Stephan<\/strong><br \/>B\u00fchnenk\u00fcnstler und Ideengeber der Reihe \u201eTheater und Wissenschaft\u201c. Realisierte die erstmals vollst\u00e4ndige Auff\u00fchrung der Vers-Epen Heinrich Heines. Als Schauspieler Arbeiten u.a. am Deutschen Schauspielhaus in Hamburg und an den M\u00fcnchner Kammerspielen.<\/p><p><strong>Susanne Eder<\/strong><br \/>T\u00e4nzerin und Tanzvermittlerin, Studium an der staatlichen Hochschule f\u00fcr Musik und Tanz K\u00f6ln, Arbeiten in zahlreichen Konstellationen der freien darstellenden Kunst.<\/p><p><strong>Andrea Chudak<\/strong><br \/>Sopranistin f\u00fcr Oper und Konzert mit Diplom der Hochschule f\u00fcr Musik \u201eHanns Eisler\u201c. Ausgezeichnet mit nationalen und internationalen Musikpreisen.<\/p><p>\u00a0<\/p><hr \/><p><strong><br \/>Termin:\u00a0<\/strong><br \/>21.11.2023<\/p><p><strong>Uhrzeit:<\/strong><br \/>19:30 Uhr<\/p><p><strong>Ort:\u00a0<\/strong><br \/>St. Matth\u00e4us-Kirche<br \/>Matth\u00e4ikirchplatz<br \/>10785 Berlin<\/p><p><strong>Teilnahmegb\u00fchr:<br \/><\/strong>kostenfrei<\/p><p><strong>Anmeldung:<br \/><\/strong>info@theaterundwissenschaft.org<\/p><p><strong>Link zum Flyer \u201eDas dialogische Prinzip\u201c<\/strong><br \/><a href=\"https:\/\/www.theaterundwissenschaft.org\/download\/Das-dialogische-Prinzip.pdf\">https:\/\/www.theaterundwissenschaft.org\/download\/Das-dialogische-Prinzip.pdf<\/a><\/p><p>\u00a0<\/p><hr \/><p><br \/>Eine Kooperation der <strong>Stiftung Neue Synagoge Berlin \u2014 Centrum Judaicum<\/strong> <br \/>und der <strong>J\u00fcdischen Gemeinde zu Berlin<\/strong> mit der <strong>Stiftung St. Matth\u00e4us<\/strong>, der <strong>Szloma-Albam-Stiftung<\/strong> und der <strong>Guardini-Stiftung<\/strong>.<\/p><p><img decoding=\"async\" class=\"alignnone size-medium wp-image-19796\" src=\"https:\/\/centrumjudaicum.de\/wp-content\/uploads\/2023\/10\/CJ-LOGO-rot-links_M-300x65.png\" alt=\"\" width=\"300\" height=\"65\" srcset=\"https:\/\/centrumjudaicum.de\/wp-content\/uploads\/2023\/10\/CJ-LOGO-rot-links_M-300x65.png 300w, https:\/\/centrumjudaicum.de\/wp-content\/uploads\/2023\/10\/CJ-LOGO-rot-links_M-1024x221.png 1024w, https:\/\/centrumjudaicum.de\/wp-content\/uploads\/2023\/10\/CJ-LOGO-rot-links_M-768x165.png 768w, https:\/\/centrumjudaicum.de\/wp-content\/uploads\/2023\/10\/CJ-LOGO-rot-links_M-1536x331.png 1536w, https:\/\/centrumjudaicum.de\/wp-content\/uploads\/2023\/10\/CJ-LOGO-rot-links_M-2048x441.png 2048w, https:\/\/centrumjudaicum.de\/wp-content\/uploads\/2023\/10\/CJ-LOGO-rot-links_M-18x4.png 18w\" sizes=\"(max-width: 300px) 100vw, 300px\" \/><\/p><p>\u00a0<\/p><p><img decoding=\"async\" class=\"alignnone wp-image-19793\" src=\"https:\/\/centrumjudaicum.de\/wp-content\/uploads\/2023\/10\/Logo-Zentrum-Judaicum-400x349-1-300x262.jpg\" alt=\"\" width=\"211\" height=\"184\" srcset=\"https:\/\/centrumjudaicum.de\/wp-content\/uploads\/2023\/10\/Logo-Zentrum-Judaicum-400x349-1-300x262.jpg 300w, https:\/\/centrumjudaicum.de\/wp-content\/uploads\/2023\/10\/Logo-Zentrum-Judaicum-400x349-1-14x12.jpg 14w, https:\/\/centrumjudaicum.de\/wp-content\/uploads\/2023\/10\/Logo-Zentrum-Judaicum-400x349-1.jpg 400w\" sizes=\"(max-width: 211px) 100vw, 211px\" \/><\/p><p>\u00a0<\/p><p><img decoding=\"async\" class=\"alignnone wp-image-19790\" src=\"https:\/\/centrumjudaicum.de\/wp-content\/uploads\/2023\/10\/SMS_Stiftung_Logo_positiv-400x150-1-300x113.png\" alt=\"\" width=\"255\" height=\"96\" srcset=\"https:\/\/centrumjudaicum.de\/wp-content\/uploads\/2023\/10\/SMS_Stiftung_Logo_positiv-400x150-1-300x113.png 300w, https:\/\/centrumjudaicum.de\/wp-content\/uploads\/2023\/10\/SMS_Stiftung_Logo_positiv-400x150-1-18x7.png 18w, https:\/\/centrumjudaicum.de\/wp-content\/uploads\/2023\/10\/SMS_Stiftung_Logo_positiv-400x150-1.png 400w\" sizes=\"(max-width: 255px) 100vw, 255px\" \/><\/p><p>\u00a0<\/p><p><img loading=\"lazy\" decoding=\"async\" class=\"alignnone wp-image-19792\" src=\"https:\/\/centrumjudaicum.de\/wp-content\/uploads\/2023\/10\/Logo-Slomba-400x278-1-300x209.jpg\" alt=\"\" width=\"210\" height=\"146\" srcset=\"https:\/\/centrumjudaicum.de\/wp-content\/uploads\/2023\/10\/Logo-Slomba-400x278-1-300x209.jpg 300w, https:\/\/centrumjudaicum.de\/wp-content\/uploads\/2023\/10\/Logo-Slomba-400x278-1-18x12.jpg 18w, https:\/\/centrumjudaicum.de\/wp-content\/uploads\/2023\/10\/Logo-Slomba-400x278-1.jpg 400w\" sizes=\"(max-width: 210px) 100vw, 210px\" \/><\/p><p>\u00a0<\/p><p><img loading=\"lazy\" decoding=\"async\" class=\"alignnone wp-image-19791\" src=\"https:\/\/centrumjudaicum.de\/wp-content\/uploads\/2023\/10\/Logo-Guardini-400x566-1-212x300.jpg\" alt=\"\" width=\"169\" height=\"239\" srcset=\"https:\/\/centrumjudaicum.de\/wp-content\/uploads\/2023\/10\/Logo-Guardini-400x566-1-212x300.jpg 212w, https:\/\/centrumjudaicum.de\/wp-content\/uploads\/2023\/10\/Logo-Guardini-400x566-1-8x12.jpg 8w, https:\/\/centrumjudaicum.de\/wp-content\/uploads\/2023\/10\/Logo-Guardini-400x566-1.jpg 400w\" sizes=\"(max-width: 169px) 100vw, 169px\" \/><\/p><p>\u00a0<\/p>\t\t\t\t\t\t\t\t<\/div>\n\t\t\t\t<\/div>\n\t\t\t\t\t<\/div>\n\t\t<\/div>\n\t\t\t\t\t<\/div>\n\t\t<\/section>\n\t\t\t\t<\/div>","protected":false},"excerpt":{"rendered":"<p>Martin Buber: \u00bbDas dialogische Prinzip\u00ab Auftakt zur Reihe \u00bbTheater und Wissenschaft\u00ab Foto: Martin Buber als Student in Wien, um 1896. Martin Buber Archive, The National Library of Israel, Jerusalem \/ [&hellip;]<\/p>\n","protected":false},"author":4,"featured_media":19789,"template":"","meta":{"_tec_requires_first_save":false,"_price":"","_stock":"","_tribe_ticket_header":"","_tribe_default_ticket_provider":"","_tribe_ticket_capacity":"0","_ticket_start_date":"","_ticket_end_date":"","_tribe_ticket_show_description":"","_tribe_ticket_show_not_going":false,"_tribe_ticket_use_global_stock":"","_tribe_ticket_global_stock_level":"","_global_stock_mode":"","_global_stock_cap":"","_tribe_rsvp_for_event":"","_tribe_ticket_going_count":"","_tribe_ticket_not_going_count":"","_tribe_tickets_list":"[]","_tribe_ticket_has_attendee_info_fields":false,"_EventAllDay":false,"_EventTimezone":"Europe\/Berlin","_EventStartDate":"2023-11-21 19:30:00","_EventEndDate":"2023-11-21 21:30:00","_EventStartDateUTC":"2023-11-21 18:30:00","_EventEndDateUTC":"2023-11-21 20:30:00","_EventShowMap":true,"_EventShowMapLink":true,"_EventURL":"","_EventCost":"","_EventCostDescription":"","_EventCurrencySymbol":"","_EventCurrencyCode":"","_EventCurrencyPosition":"suffix","_EventDateTimeSeparator":"","_EventTimeRangeSeparator":"","_EventOrganizerID":[],"_EventVenueID":[19807],"_OrganizerEmail":"","_OrganizerPhone":"","_OrganizerWebsite":"","_VenueAddress":"","_VenueCity":"","_VenueCountry":"","_VenueProvince":"","_VenueState":"","_VenueZip":"","_VenuePhone":"","_VenueURL":"","_VenueStateProvince":"","_VenueLat":"","_VenueLng":"","_VenueShowMap":false,"_VenueShowMapLink":false,"_tribe_blocks_recurrence_rules":"","_tribe_blocks_recurrence_description":"","_tribe_blocks_recurrence_exclusions":"","_tribe_events_status":"","_tribe_events_status_reason":"","_tribe_events_is_hybrid":"","_tribe_events_is_virtual":"","_tribe_events_virtual_video_source":"","_tribe_events_virtual_embed_video":"","_tribe_events_virtual_linked_button_text":"","_tribe_events_virtual_linked_button":"","_tribe_events_virtual_show_embed_at":"","_tribe_events_virtual_show_embed_to":[],"_tribe_events_virtual_show_on_event":"","_tribe_events_virtual_show_on_views":"","_tribe_events_virtual_url":"","footnotes":"","_tec_slr_enabled":"","_tec_slr_layout":""},"tags":[],"tribe_events_cat":[79,84],"class_list":["post-19788","tribe_events","type-tribe_events","status-publish","has-post-thumbnail","hentry","tribe_events_cat-veranstaltungen","tribe_events_cat-veranstaltungenpodiumsdiskussion","cat_veranstaltungen","cat_veranstaltungenpodiumsdiskussion"],"yoast_head":"<!-- This site is optimized with the Yoast SEO Premium plugin v26.1 (Yoast SEO v27.4) - https:\/\/yoast.com\/product\/yoast-seo-premium-wordpress\/ -->\n<title>Martin Buber:  \u00bbDas dialogische Prinzip\u00ab  Auftakt zur Reihe  \u00bbTheater und Wissenschaft\u00ab - Centrum Judaicum<\/title>\n<meta name=\"robots\" content=\"index, follow, max-snippet:-1, max-image-preview:large, max-video-preview:-1\" \/>\n<link rel=\"canonical\" href=\"https:\/\/centrumjudaicum.de\/en\/veranstaltung\/martin-buber-das-dialogische-prinzip-auftakt-zur-reihe-theater-und-wissenschaft\/\" \/>\n<meta property=\"og:locale\" content=\"en_US\" \/>\n<meta property=\"og:type\" content=\"article\" \/>\n<meta property=\"og:title\" content=\"Martin Buber:  \u00bbDas dialogische Prinzip\u00ab  Auftakt zur Reihe  \u00bbTheater und Wissenschaft\u00ab\" \/>\n<meta property=\"og:description\" content=\"Martin Buber: \u00bbDas dialogische Prinzip\u00ab Auftakt zur Reihe \u00bbTheater und Wissenschaft\u00ab Foto: Martin Buber als Student in Wien, um 1896. Martin Buber Archive, The National Library of Israel, Jerusalem \/ [&hellip;]\" \/>\n<meta property=\"og:url\" content=\"https:\/\/centrumjudaicum.de\/en\/veranstaltung\/martin-buber-das-dialogische-prinzip-auftakt-zur-reihe-theater-und-wissenschaft\/\" \/>\n<meta property=\"og:site_name\" content=\"Centrum Judaicum\" \/>\n<meta property=\"article:modified_time\" content=\"2024-11-20T16:23:01+00:00\" \/>\n<meta property=\"og:image\" content=\"https:\/\/centrumjudaicum.de\/wp-content\/uploads\/2023\/10\/Martin-Buber-als-Student-in-Wien-um-1896.-Martin-Buber-Archive-The-National-Library-of-Israel-Jerusalem-Courtesy-of-the-Martin-Buber-Literary-Estate.jpg\" \/>\n\t<meta property=\"og:image:width\" content=\"1394\" \/>\n\t<meta property=\"og:image:height\" content=\"2007\" \/>\n\t<meta property=\"og:image:type\" content=\"image\/jpeg\" \/>\n<meta name=\"twitter:card\" content=\"summary_large_image\" \/>\n<meta name=\"twitter:label1\" content=\"Est. reading time\" \/>\n\t<meta name=\"twitter:data1\" content=\"4 minutes\" \/>\n<script type=\"application\/ld+json\" class=\"yoast-schema-graph\">{\"@context\":\"https:\\\/\\\/schema.org\",\"@graph\":[{\"@type\":\"WebPage\",\"@id\":\"https:\\\/\\\/centrumjudaicum.de\\\/veranstaltung\\\/martin-buber-das-dialogische-prinzip-auftakt-zur-reihe-theater-und-wissenschaft\\\/\",\"url\":\"https:\\\/\\\/centrumjudaicum.de\\\/veranstaltung\\\/martin-buber-das-dialogische-prinzip-auftakt-zur-reihe-theater-und-wissenschaft\\\/\",\"name\":\"Martin Buber: \u00bbDas dialogische Prinzip\u00ab Auftakt zur Reihe \u00bbTheater und Wissenschaft\u00ab - Centrum Judaicum\",\"isPartOf\":{\"@id\":\"https:\\\/\\\/centrumjudaicum.de\\\/#website\"},\"primaryImageOfPage\":{\"@id\":\"https:\\\/\\\/centrumjudaicum.de\\\/veranstaltung\\\/martin-buber-das-dialogische-prinzip-auftakt-zur-reihe-theater-und-wissenschaft\\\/#primaryimage\"},\"image\":{\"@id\":\"https:\\\/\\\/centrumjudaicum.de\\\/veranstaltung\\\/martin-buber-das-dialogische-prinzip-auftakt-zur-reihe-theater-und-wissenschaft\\\/#primaryimage\"},\"thumbnailUrl\":\"https:\\\/\\\/centrumjudaicum.de\\\/wp-content\\\/uploads\\\/2023\\\/10\\\/Martin-Buber-als-Student-in-Wien-um-1896.-Martin-Buber-Archive-The-National-Library-of-Israel-Jerusalem-Courtesy-of-the-Martin-Buber-Literary-Estate.jpg\",\"datePublished\":\"2023-10-18T12:11:50+00:00\",\"dateModified\":\"2024-11-20T16:23:01+00:00\",\"breadcrumb\":{\"@id\":\"https:\\\/\\\/centrumjudaicum.de\\\/veranstaltung\\\/martin-buber-das-dialogische-prinzip-auftakt-zur-reihe-theater-und-wissenschaft\\\/#breadcrumb\"},\"inLanguage\":\"en-US\",\"potentialAction\":[{\"@type\":\"ReadAction\",\"target\":[\"https:\\\/\\\/centrumjudaicum.de\\\/veranstaltung\\\/martin-buber-das-dialogische-prinzip-auftakt-zur-reihe-theater-und-wissenschaft\\\/\"]}]},{\"@type\":\"ImageObject\",\"inLanguage\":\"en-US\",\"@id\":\"https:\\\/\\\/centrumjudaicum.de\\\/veranstaltung\\\/martin-buber-das-dialogische-prinzip-auftakt-zur-reihe-theater-und-wissenschaft\\\/#primaryimage\",\"url\":\"https:\\\/\\\/centrumjudaicum.de\\\/wp-content\\\/uploads\\\/2023\\\/10\\\/Martin-Buber-als-Student-in-Wien-um-1896.-Martin-Buber-Archive-The-National-Library-of-Israel-Jerusalem-Courtesy-of-the-Martin-Buber-Literary-Estate.jpg\",\"contentUrl\":\"https:\\\/\\\/centrumjudaicum.de\\\/wp-content\\\/uploads\\\/2023\\\/10\\\/Martin-Buber-als-Student-in-Wien-um-1896.-Martin-Buber-Archive-The-National-Library-of-Israel-Jerusalem-Courtesy-of-the-Martin-Buber-Literary-Estate.jpg\",\"width\":1394,\"height\":2007,\"caption\":\"Martin Buber Archive, The National Library of Israel, Jerusalem Courtesy of the Martin Buber Literary Estate\"},{\"@type\":\"BreadcrumbList\",\"@id\":\"https:\\\/\\\/centrumjudaicum.de\\\/veranstaltung\\\/martin-buber-das-dialogische-prinzip-auftakt-zur-reihe-theater-und-wissenschaft\\\/#breadcrumb\",\"itemListElement\":[{\"@type\":\"ListItem\",\"position\":1,\"name\":\"Home\",\"item\":\"https:\\\/\\\/centrumjudaicum.de\\\/\"},{\"@type\":\"ListItem\",\"position\":2,\"name\":\"Veranstaltungen\",\"item\":\"https:\\\/\\\/centrumjudaicum.de\\\/veranstaltungen\\\/\"},{\"@type\":\"ListItem\",\"position\":3,\"name\":\"Martin Buber: \u00bbDas dialogische Prinzip\u00ab Auftakt zur Reihe \u00bbTheater und Wissenschaft\u00ab\"}]},{\"@type\":\"WebSite\",\"@id\":\"https:\\\/\\\/centrumjudaicum.de\\\/#website\",\"url\":\"https:\\\/\\\/centrumjudaicum.de\\\/\",\"name\":\"Centrum Judaicum\",\"description\":\"\",\"publisher\":{\"@id\":\"https:\\\/\\\/centrumjudaicum.de\\\/#organization\"},\"potentialAction\":[{\"@type\":\"SearchAction\",\"target\":{\"@type\":\"EntryPoint\",\"urlTemplate\":\"https:\\\/\\\/centrumjudaicum.de\\\/?s={search_term_string}\"},\"query-input\":{\"@type\":\"PropertyValueSpecification\",\"valueRequired\":true,\"valueName\":\"search_term_string\"}}],\"inLanguage\":\"en-US\"},{\"@type\":\"Organization\",\"@id\":\"https:\\\/\\\/centrumjudaicum.de\\\/#organization\",\"name\":\"Centrum Judaicum\",\"url\":\"https:\\\/\\\/centrumjudaicum.de\\\/\",\"logo\":{\"@type\":\"ImageObject\",\"inLanguage\":\"en-US\",\"@id\":\"https:\\\/\\\/centrumjudaicum.de\\\/#\\\/schema\\\/logo\\\/image\\\/\",\"url\":\"https:\\\/\\\/centrumjudaicum.de\\\/wp-content\\\/uploads\\\/2022\\\/10\\\/Logo_Stiftung_Neue_Synagoge_Berlin_Gold_.png\",\"contentUrl\":\"https:\\\/\\\/centrumjudaicum.de\\\/wp-content\\\/uploads\\\/2022\\\/10\\\/Logo_Stiftung_Neue_Synagoge_Berlin_Gold_.png\",\"width\":1188,\"height\":409,\"caption\":\"Centrum Judaicum\"},\"image\":{\"@id\":\"https:\\\/\\\/centrumjudaicum.de\\\/#\\\/schema\\\/logo\\\/image\\\/\"}}]}<\/script>\n<!-- \/ Yoast SEO Premium plugin. -->","yoast_head_json":{"title":"Martin Buber:  \u00bbDas dialogische Prinzip\u00ab  Auftakt zur Reihe  \u00bbTheater und Wissenschaft\u00ab - Centrum Judaicum","robots":{"index":"index","follow":"follow","max-snippet":"max-snippet:-1","max-image-preview":"max-image-preview:large","max-video-preview":"max-video-preview:-1"},"canonical":"https:\/\/centrumjudaicum.de\/en\/veranstaltung\/martin-buber-das-dialogische-prinzip-auftakt-zur-reihe-theater-und-wissenschaft\/","og_locale":"en_US","og_type":"article","og_title":"Martin Buber:  \u00bbDas dialogische Prinzip\u00ab  Auftakt zur Reihe  \u00bbTheater und Wissenschaft\u00ab","og_description":"Martin Buber: \u00bbDas dialogische Prinzip\u00ab Auftakt zur Reihe \u00bbTheater und Wissenschaft\u00ab Foto: Martin Buber als Student in Wien, um 1896. Martin Buber Archive, The National Library of Israel, Jerusalem \/ [&hellip;]","og_url":"https:\/\/centrumjudaicum.de\/en\/veranstaltung\/martin-buber-das-dialogische-prinzip-auftakt-zur-reihe-theater-und-wissenschaft\/","og_site_name":"Centrum Judaicum","article_modified_time":"2024-11-20T16:23:01+00:00","og_image":[{"width":1394,"height":2007,"url":"https:\/\/centrumjudaicum.de\/wp-content\/uploads\/2023\/10\/Martin-Buber-als-Student-in-Wien-um-1896.-Martin-Buber-Archive-The-National-Library-of-Israel-Jerusalem-Courtesy-of-the-Martin-Buber-Literary-Estate.jpg","type":"image\/jpeg"}],"twitter_card":"summary_large_image","twitter_misc":{"Est. reading time":"4 minutes"},"schema":{"@context":"https:\/\/schema.org","@graph":[{"@type":"WebPage","@id":"https:\/\/centrumjudaicum.de\/veranstaltung\/martin-buber-das-dialogische-prinzip-auftakt-zur-reihe-theater-und-wissenschaft\/","url":"https:\/\/centrumjudaicum.de\/veranstaltung\/martin-buber-das-dialogische-prinzip-auftakt-zur-reihe-theater-und-wissenschaft\/","name":"Martin Buber: \u00bbDas dialogische Prinzip\u00ab Auftakt zur Reihe \u00bbTheater und Wissenschaft\u00ab - Centrum Judaicum","isPartOf":{"@id":"https:\/\/centrumjudaicum.de\/#website"},"primaryImageOfPage":{"@id":"https:\/\/centrumjudaicum.de\/veranstaltung\/martin-buber-das-dialogische-prinzip-auftakt-zur-reihe-theater-und-wissenschaft\/#primaryimage"},"image":{"@id":"https:\/\/centrumjudaicum.de\/veranstaltung\/martin-buber-das-dialogische-prinzip-auftakt-zur-reihe-theater-und-wissenschaft\/#primaryimage"},"thumbnailUrl":"https:\/\/centrumjudaicum.de\/wp-content\/uploads\/2023\/10\/Martin-Buber-als-Student-in-Wien-um-1896.-Martin-Buber-Archive-The-National-Library-of-Israel-Jerusalem-Courtesy-of-the-Martin-Buber-Literary-Estate.jpg","datePublished":"2023-10-18T12:11:50+00:00","dateModified":"2024-11-20T16:23:01+00:00","breadcrumb":{"@id":"https:\/\/centrumjudaicum.de\/veranstaltung\/martin-buber-das-dialogische-prinzip-auftakt-zur-reihe-theater-und-wissenschaft\/#breadcrumb"},"inLanguage":"en-US","potentialAction":[{"@type":"ReadAction","target":["https:\/\/centrumjudaicum.de\/veranstaltung\/martin-buber-das-dialogische-prinzip-auftakt-zur-reihe-theater-und-wissenschaft\/"]}]},{"@type":"ImageObject","inLanguage":"en-US","@id":"https:\/\/centrumjudaicum.de\/veranstaltung\/martin-buber-das-dialogische-prinzip-auftakt-zur-reihe-theater-und-wissenschaft\/#primaryimage","url":"https:\/\/centrumjudaicum.de\/wp-content\/uploads\/2023\/10\/Martin-Buber-als-Student-in-Wien-um-1896.-Martin-Buber-Archive-The-National-Library-of-Israel-Jerusalem-Courtesy-of-the-Martin-Buber-Literary-Estate.jpg","contentUrl":"https:\/\/centrumjudaicum.de\/wp-content\/uploads\/2023\/10\/Martin-Buber-als-Student-in-Wien-um-1896.-Martin-Buber-Archive-The-National-Library-of-Israel-Jerusalem-Courtesy-of-the-Martin-Buber-Literary-Estate.jpg","width":1394,"height":2007,"caption":"Martin Buber Archive, The National Library of Israel, Jerusalem Courtesy of the Martin Buber Literary Estate"},{"@type":"BreadcrumbList","@id":"https:\/\/centrumjudaicum.de\/veranstaltung\/martin-buber-das-dialogische-prinzip-auftakt-zur-reihe-theater-und-wissenschaft\/#breadcrumb","itemListElement":[{"@type":"ListItem","position":1,"name":"Home","item":"https:\/\/centrumjudaicum.de\/"},{"@type":"ListItem","position":2,"name":"Veranstaltungen","item":"https:\/\/centrumjudaicum.de\/veranstaltungen\/"},{"@type":"ListItem","position":3,"name":"Martin Buber: \u00bbDas dialogische Prinzip\u00ab Auftakt zur Reihe \u00bbTheater und Wissenschaft\u00ab"}]},{"@type":"WebSite","@id":"https:\/\/centrumjudaicum.de\/#website","url":"https:\/\/centrumjudaicum.de\/","name":"Centrum Judaicum","description":"","publisher":{"@id":"https:\/\/centrumjudaicum.de\/#organization"},"potentialAction":[{"@type":"SearchAction","target":{"@type":"EntryPoint","urlTemplate":"https:\/\/centrumjudaicum.de\/?s={search_term_string}"},"query-input":{"@type":"PropertyValueSpecification","valueRequired":true,"valueName":"search_term_string"}}],"inLanguage":"en-US"},{"@type":"Organization","@id":"https:\/\/centrumjudaicum.de\/#organization","name":"Centrum Judaicum","url":"https:\/\/centrumjudaicum.de\/","logo":{"@type":"ImageObject","inLanguage":"en-US","@id":"https:\/\/centrumjudaicum.de\/#\/schema\/logo\/image\/","url":"https:\/\/centrumjudaicum.de\/wp-content\/uploads\/2022\/10\/Logo_Stiftung_Neue_Synagoge_Berlin_Gold_.png","contentUrl":"https:\/\/centrumjudaicum.de\/wp-content\/uploads\/2022\/10\/Logo_Stiftung_Neue_Synagoge_Berlin_Gold_.png","width":1188,"height":409,"caption":"Centrum Judaicum"},"image":{"@id":"https:\/\/centrumjudaicum.de\/#\/schema\/logo\/image\/"}}]}},"ticketed":false,"_links":{"self":[{"href":"https:\/\/centrumjudaicum.de\/en\/wp-json\/wp\/v2\/tribe_events\/19788","targetHints":{"allow":["GET"]}}],"collection":[{"href":"https:\/\/centrumjudaicum.de\/en\/wp-json\/wp\/v2\/tribe_events"}],"about":[{"href":"https:\/\/centrumjudaicum.de\/en\/wp-json\/wp\/v2\/types\/tribe_events"}],"author":[{"embeddable":true,"href":"https:\/\/centrumjudaicum.de\/en\/wp-json\/wp\/v2\/users\/4"}],"version-history":[{"count":10,"href":"https:\/\/centrumjudaicum.de\/en\/wp-json\/wp\/v2\/tribe_events\/19788\/revisions"}],"predecessor-version":[{"id":23557,"href":"https:\/\/centrumjudaicum.de\/en\/wp-json\/wp\/v2\/tribe_events\/19788\/revisions\/23557"}],"wp:featuredmedia":[{"embeddable":true,"href":"https:\/\/centrumjudaicum.de\/en\/wp-json\/wp\/v2\/media\/19789"}],"wp:attachment":[{"href":"https:\/\/centrumjudaicum.de\/en\/wp-json\/wp\/v2\/media?parent=19788"}],"wp:term":[{"taxonomy":"post_tag","embeddable":true,"href":"https:\/\/centrumjudaicum.de\/en\/wp-json\/wp\/v2\/tags?post=19788"},{"taxonomy":"tribe_events_cat","embeddable":true,"href":"https:\/\/centrumjudaicum.de\/en\/wp-json\/wp\/v2\/tribe_events_cat?post=19788"}],"curies":[{"name":"wp","href":"https:\/\/api.w.org\/{rel}","templated":true}]}}