{"id":20877,"date":"2024-05-27T08:06:52","date_gmt":"2024-05-27T06:06:52","guid":{"rendered":"https:\/\/centrumjudaicum.de\/?post_type=tribe_events&#038;p=20877"},"modified":"2024-11-20T17:16:42","modified_gmt":"2024-11-20T16:16:42","slug":"veranstaltungshinweis-28-mai-2024-hannah-arendt-rahel-varnhagen-the-life-of-a-jewish-woman","status":"publish","type":"tribe_events","link":"https:\/\/centrumjudaicum.de\/en\/veranstaltung\/veranstaltungshinweis-28-mai-2024-hannah-arendt-rahel-varnhagen-the-life-of-a-jewish-woman\/","title":{"rendered":"Veranstaltungshinweis <br class=\"clear\" \/>Hannah Arendt \u2013 \u201eRahel Varnhagen.  <br class=\"clear\" \/>The Life of a Jewish Woman\u201c"},"content":{"rendered":"<p>1974 \u2013 ein Jahr bevor sie starb \u2013 erschien Hannah Arendts\u00a0noch in den Anfangsjahren der Weimarer Republik begonnenes Biographie-Projekt endlich auch in den USA:<\/p>\n<p><strong>Rahel Varnhagen. The Life of a Jewish Woman<\/strong><\/p>\n<p><em>\u201cIt is a fascinating book, [\u2026] the most self-revealing of all your writings\u201c<\/em>, schreibt ihr ihr Freund Jesse Glenn Gray; und dass er vorhabe, das Buch seiner Tochter zu schenken.\u00a0<em>\u201cI was quite touched about your lines on my old Rahel\u201c<\/em>, antwortet Arendt und weiter:<em>\u00a0\u201eI was interested in what she called a Schicksal (Es hat ein jeder ein grosses Schicksal, der da weiss, dass er eines hat) and the Jewish question.\u201c<\/em><\/p>\n<p>Hannah Arendt besch\u00e4ftigte sich im Jahr 1931 an sechs Tagen in der Woche in der damaligen Preu\u00dfischen Staatsbibliothek Unter den Linden mit Rahel Varnhagen. Damals entstand das Buch, welches nun uraufgef\u00fchrt wird. Das Benutzerbuch von 1931 wird am Abend der Auff\u00fchrung ausgestellt.<\/p>\n<p>Bereits im November legte \u201eDas dialogische Prinzip\u201c von Martin Buber den Grundstein (<a href=\"https:\/\/theaterundwissenschaft.us21.list-manage.com\/track\/click?u=ee8528e8f81ca30f63c492ad1&amp;id=dfcd27cd96&amp;e=2707675b20\" target=\"_blank\" rel=\"noopener\">Link: Bilder der Urauff\u00fchrung<\/a>) f\u00fcr ein neues Auff\u00fchrungsformat der Begegnungen von Wissenschaft und Kunst \u2014 mit Ihnen, dem Publikum.<\/p>\n<p>Seien Sie ganz herzlich eingeladen zur zweiten Premiere von \u201aTheater und Wissenschaft\u2019! Seien Sie vor Ort, wenn Hannah Arendts Biographie der gro\u00dfen j\u00fcdischen Intellektuellen Rahel Varnhagen von Ense uraufgef\u00fchrt wird. Zum 50-j\u00e4hrigen Erscheinen der Fassung letzter Hand.<\/p>\n<p>Mitwirkende:<br \/>\nAlena Baich (Schauspielerin, u.a. Wiener Burgtheater)<br \/>\nProf. Barbara Hahn (Literaturwissenschaftlerin, Hannah Arendt Kritische Gesamtausgabe)<br \/>\nSusanne Eder (B\u00fchnent\u00e4nzerin, u.a. im Ballettensemble der Deutschen Oper Berlin)<br \/>\nDr. Friederike Wein (Editionswissenschaftlerin, Freie Universit\u00e4t Berlin)<br \/>\nGeorg Stephan (B\u00fchnenk\u00fcnstler, u.a. M\u00fcnchner Kammerspiele, Deutsches Schauspielhaus)<\/p>\n<p>In Kooperation mit:<br \/>\nStiftung Neue Synagoge Berlin \u2013 Centrum Judaicum, J\u00fcdische Gemeinde zu Berlin, Freie Universit\u00e4t Berlin \u2013 Hannah Arendt Forschungsstelle Berlin<\/p>\n","protected":false},"excerpt":{"rendered":"<p>1974 \u2013 ein Jahr bevor sie starb \u2013 erschien Hannah Arendts\u00a0noch in den Anfangsjahren der Weimarer Republik begonnenes Biographie-Projekt endlich auch in den USA: Rahel Varnhagen. The Life of a [&hellip;]<\/p>\n","protected":false},"author":3,"featured_media":20878,"template":"","meta":{"_tec_requires_first_save":false,"_price":"","_stock":"","_tribe_ticket_header":"","_tribe_default_ticket_provider":"","_tribe_ticket_capacity":"0","_ticket_start_date":"","_ticket_end_date":"","_tribe_ticket_show_description":"","_tribe_ticket_show_not_going":false,"_tribe_ticket_use_global_stock":"","_tribe_ticket_global_stock_level":"","_global_stock_mode":"","_global_stock_cap":"","_tribe_rsvp_for_event":"","_tribe_ticket_going_count":"","_tribe_ticket_not_going_count":"","_tribe_tickets_list":"[]","_tribe_ticket_has_attendee_info_fields":false,"_EventAllDay":false,"_EventTimezone":"Europe\/Berlin","_EventStartDate":"2024-05-27 08:00:00","_EventEndDate":"2024-05-27 17:00:00","_EventStartDateUTC":"2024-05-27 06:00:00","_EventEndDateUTC":"2024-05-27 15:00:00","_EventShowMap":true,"_EventShowMapLink":true,"_EventURL":"","_EventCost":"","_EventCostDescription":"","_EventCurrencySymbol":"\u20ac","_EventCurrencyCode":"USD\t\t\t\t\t\t\tclass=","_EventCurrencyPosition":"suffix","_EventDateTimeSeparator":"","_EventTimeRangeSeparator":"","_EventOrganizerID":[],"_EventVenueID":[20879],"_OrganizerEmail":"","_OrganizerPhone":"","_OrganizerWebsite":"","_VenueAddress":"","_VenueCity":"","_VenueCountry":"","_VenueProvince":"","_VenueState":"","_VenueZip":"","_VenuePhone":"","_VenueURL":"","_VenueStateProvince":"","_VenueLat":"","_VenueLng":"","_VenueShowMap":false,"_VenueShowMapLink":false,"_tribe_blocks_recurrence_rules":"","_tribe_blocks_recurrence_description":"","_tribe_blocks_recurrence_exclusions":"","_tribe_events_status":"","_tribe_events_status_reason":"","_tribe_events_is_hybrid":"","_tribe_events_is_virtual":"","_tribe_events_virtual_video_source":"","_tribe_events_virtual_embed_video":"","_tribe_events_virtual_linked_button_text":"","_tribe_events_virtual_linked_button":"","_tribe_events_virtual_show_embed_at":"","_tribe_events_virtual_show_embed_to":[],"_tribe_events_virtual_show_on_event":"","_tribe_events_virtual_show_on_views":"","_tribe_events_virtual_url":"","footnotes":"","_tec_slr_enabled":"","_tec_slr_layout":""},"tags":[146,145,147],"tribe_events_cat":[85,79],"class_list":["post-20877","tribe_events","type-tribe_events","status-publish","has-post-thumbnail","hentry","tag-hanna-arendt","tag-rahel-varnhagen","tag-strong-jewish-women","tribe_events_cat-events","tribe_events_cat-veranstaltungen","cat_events","cat_veranstaltungen"],"yoast_head":"<!-- This site is optimized with the Yoast SEO Premium plugin v26.1 (Yoast SEO v27.5) - https:\/\/yoast.com\/product\/yoast-seo-premium-wordpress\/ -->\n<title>Veranstaltungshinweis Hannah Arendt \u2013 \u201eRahel Varnhagen. The Life of a Jewish Woman\u201c - Centrum Judaicum<\/title>\n<meta name=\"robots\" content=\"index, follow, max-snippet:-1, max-image-preview:large, max-video-preview:-1\" \/>\n<link rel=\"canonical\" href=\"https:\/\/centrumjudaicum.de\/en\/veranstaltung\/veranstaltungshinweis-28-mai-2024-hannah-arendt-rahel-varnhagen-the-life-of-a-jewish-woman\/\" \/>\n<meta property=\"og:locale\" content=\"en_US\" \/>\n<meta property=\"og:type\" content=\"article\" \/>\n<meta property=\"og:title\" content=\"Veranstaltungshinweis Hannah Arendt \u2013 \u201eRahel Varnhagen. The Life of a Jewish Woman\u201c\" \/>\n<meta property=\"og:description\" content=\"1974 \u2013 ein Jahr bevor sie starb \u2013 erschien Hannah Arendts\u00a0noch in den Anfangsjahren der Weimarer Republik begonnenes Biographie-Projekt endlich auch in den USA: Rahel Varnhagen. The Life of a [&hellip;]\" \/>\n<meta property=\"og:url\" content=\"https:\/\/centrumjudaicum.de\/en\/veranstaltung\/veranstaltungshinweis-28-mai-2024-hannah-arendt-rahel-varnhagen-the-life-of-a-jewish-woman\/\" \/>\n<meta property=\"og:site_name\" content=\"Centrum Judaicum\" \/>\n<meta property=\"article:modified_time\" content=\"2024-11-20T16:16:42+00:00\" \/>\n<meta property=\"og:image\" content=\"https:\/\/centrumjudaicum.de\/wp-content\/uploads\/2024\/05\/Hanna-Arendt-Rahel-Varnhagen-2.png\" \/>\n\t<meta property=\"og:image:width\" content=\"600\" \/>\n\t<meta property=\"og:image:height\" content=\"400\" \/>\n\t<meta property=\"og:image:type\" content=\"image\/png\" \/>\n<meta name=\"twitter:card\" content=\"summary_large_image\" \/>\n<meta name=\"twitter:label1\" content=\"Est. reading time\" \/>\n\t<meta name=\"twitter:data1\" content=\"2 minutes\" \/>\n<script type=\"application\/ld+json\" class=\"yoast-schema-graph\">{\"@context\":\"https:\\\/\\\/schema.org\",\"@graph\":[{\"@type\":\"WebPage\",\"@id\":\"https:\\\/\\\/centrumjudaicum.de\\\/veranstaltung\\\/veranstaltungshinweis-28-mai-2024-hannah-arendt-rahel-varnhagen-the-life-of-a-jewish-woman\\\/\",\"url\":\"https:\\\/\\\/centrumjudaicum.de\\\/veranstaltung\\\/veranstaltungshinweis-28-mai-2024-hannah-arendt-rahel-varnhagen-the-life-of-a-jewish-woman\\\/\",\"name\":\"Veranstaltungshinweis Hannah Arendt \u2013 \u201eRahel Varnhagen. The Life of a Jewish Woman\u201c - Centrum Judaicum\",\"isPartOf\":{\"@id\":\"https:\\\/\\\/centrumjudaicum.de\\\/#website\"},\"primaryImageOfPage\":{\"@id\":\"https:\\\/\\\/centrumjudaicum.de\\\/veranstaltung\\\/veranstaltungshinweis-28-mai-2024-hannah-arendt-rahel-varnhagen-the-life-of-a-jewish-woman\\\/#primaryimage\"},\"image\":{\"@id\":\"https:\\\/\\\/centrumjudaicum.de\\\/veranstaltung\\\/veranstaltungshinweis-28-mai-2024-hannah-arendt-rahel-varnhagen-the-life-of-a-jewish-woman\\\/#primaryimage\"},\"thumbnailUrl\":\"https:\\\/\\\/centrumjudaicum.de\\\/wp-content\\\/uploads\\\/2024\\\/05\\\/Hanna-Arendt-Rahel-Varnhagen-2.png\",\"datePublished\":\"2024-05-27T06:06:52+00:00\",\"dateModified\":\"2024-11-20T16:16:42+00:00\",\"breadcrumb\":{\"@id\":\"https:\\\/\\\/centrumjudaicum.de\\\/veranstaltung\\\/veranstaltungshinweis-28-mai-2024-hannah-arendt-rahel-varnhagen-the-life-of-a-jewish-woman\\\/#breadcrumb\"},\"inLanguage\":\"en-US\",\"potentialAction\":[{\"@type\":\"ReadAction\",\"target\":[\"https:\\\/\\\/centrumjudaicum.de\\\/veranstaltung\\\/veranstaltungshinweis-28-mai-2024-hannah-arendt-rahel-varnhagen-the-life-of-a-jewish-woman\\\/\"]}]},{\"@type\":\"ImageObject\",\"inLanguage\":\"en-US\",\"@id\":\"https:\\\/\\\/centrumjudaicum.de\\\/veranstaltung\\\/veranstaltungshinweis-28-mai-2024-hannah-arendt-rahel-varnhagen-the-life-of-a-jewish-woman\\\/#primaryimage\",\"url\":\"https:\\\/\\\/centrumjudaicum.de\\\/wp-content\\\/uploads\\\/2024\\\/05\\\/Hanna-Arendt-Rahel-Varnhagen-2.png\",\"contentUrl\":\"https:\\\/\\\/centrumjudaicum.de\\\/wp-content\\\/uploads\\\/2024\\\/05\\\/Hanna-Arendt-Rahel-Varnhagen-2.png\",\"width\":600,\"height\":400,\"caption\":\"Veranstaltungsgrafik f\u00fcr die \\\"Theater und Wissenschaft-Vorstellung von Hannah Arendt's Biografie \u00fcber Rahel Varbhagen\"},{\"@type\":\"BreadcrumbList\",\"@id\":\"https:\\\/\\\/centrumjudaicum.de\\\/veranstaltung\\\/veranstaltungshinweis-28-mai-2024-hannah-arendt-rahel-varnhagen-the-life-of-a-jewish-woman\\\/#breadcrumb\",\"itemListElement\":[{\"@type\":\"ListItem\",\"position\":1,\"name\":\"Home\",\"item\":\"https:\\\/\\\/centrumjudaicum.de\\\/\"},{\"@type\":\"ListItem\",\"position\":2,\"name\":\"Veranstaltungen\",\"item\":\"https:\\\/\\\/centrumjudaicum.de\\\/veranstaltungen\\\/\"},{\"@type\":\"ListItem\",\"position\":3,\"name\":\"Veranstaltungshinweis Hannah Arendt \u2013 \u201eRahel Varnhagen. The Life of a Jewish Woman\u201c\"}]},{\"@type\":\"WebSite\",\"@id\":\"https:\\\/\\\/centrumjudaicum.de\\\/#website\",\"url\":\"https:\\\/\\\/centrumjudaicum.de\\\/\",\"name\":\"Centrum Judaicum\",\"description\":\"\",\"publisher\":{\"@id\":\"https:\\\/\\\/centrumjudaicum.de\\\/#organization\"},\"potentialAction\":[{\"@type\":\"SearchAction\",\"target\":{\"@type\":\"EntryPoint\",\"urlTemplate\":\"https:\\\/\\\/centrumjudaicum.de\\\/?s={search_term_string}\"},\"query-input\":{\"@type\":\"PropertyValueSpecification\",\"valueRequired\":true,\"valueName\":\"search_term_string\"}}],\"inLanguage\":\"en-US\"},{\"@type\":\"Organization\",\"@id\":\"https:\\\/\\\/centrumjudaicum.de\\\/#organization\",\"name\":\"Centrum Judaicum\",\"url\":\"https:\\\/\\\/centrumjudaicum.de\\\/\",\"logo\":{\"@type\":\"ImageObject\",\"inLanguage\":\"en-US\",\"@id\":\"https:\\\/\\\/centrumjudaicum.de\\\/#\\\/schema\\\/logo\\\/image\\\/\",\"url\":\"https:\\\/\\\/centrumjudaicum.de\\\/wp-content\\\/uploads\\\/2022\\\/10\\\/Logo_Stiftung_Neue_Synagoge_Berlin_Gold_.png\",\"contentUrl\":\"https:\\\/\\\/centrumjudaicum.de\\\/wp-content\\\/uploads\\\/2022\\\/10\\\/Logo_Stiftung_Neue_Synagoge_Berlin_Gold_.png\",\"width\":1188,\"height\":409,\"caption\":\"Centrum Judaicum\"},\"image\":{\"@id\":\"https:\\\/\\\/centrumjudaicum.de\\\/#\\\/schema\\\/logo\\\/image\\\/\"}}]}<\/script>\n<!-- \/ Yoast SEO Premium plugin. -->","yoast_head_json":{"title":"Veranstaltungshinweis Hannah Arendt \u2013 \u201eRahel Varnhagen. The Life of a Jewish Woman\u201c - Centrum Judaicum","robots":{"index":"index","follow":"follow","max-snippet":"max-snippet:-1","max-image-preview":"max-image-preview:large","max-video-preview":"max-video-preview:-1"},"canonical":"https:\/\/centrumjudaicum.de\/en\/veranstaltung\/veranstaltungshinweis-28-mai-2024-hannah-arendt-rahel-varnhagen-the-life-of-a-jewish-woman\/","og_locale":"en_US","og_type":"article","og_title":"Veranstaltungshinweis Hannah Arendt \u2013 \u201eRahel Varnhagen. The Life of a Jewish Woman\u201c","og_description":"1974 \u2013 ein Jahr bevor sie starb \u2013 erschien Hannah Arendts\u00a0noch in den Anfangsjahren der Weimarer Republik begonnenes Biographie-Projekt endlich auch in den USA: Rahel Varnhagen. The Life of a [&hellip;]","og_url":"https:\/\/centrumjudaicum.de\/en\/veranstaltung\/veranstaltungshinweis-28-mai-2024-hannah-arendt-rahel-varnhagen-the-life-of-a-jewish-woman\/","og_site_name":"Centrum Judaicum","article_modified_time":"2024-11-20T16:16:42+00:00","og_image":[{"width":600,"height":400,"url":"https:\/\/centrumjudaicum.de\/wp-content\/uploads\/2024\/05\/Hanna-Arendt-Rahel-Varnhagen-2.png","type":"image\/png"}],"twitter_card":"summary_large_image","twitter_misc":{"Est. reading time":"2 minutes"},"schema":{"@context":"https:\/\/schema.org","@graph":[{"@type":"WebPage","@id":"https:\/\/centrumjudaicum.de\/veranstaltung\/veranstaltungshinweis-28-mai-2024-hannah-arendt-rahel-varnhagen-the-life-of-a-jewish-woman\/","url":"https:\/\/centrumjudaicum.de\/veranstaltung\/veranstaltungshinweis-28-mai-2024-hannah-arendt-rahel-varnhagen-the-life-of-a-jewish-woman\/","name":"Veranstaltungshinweis Hannah Arendt \u2013 \u201eRahel Varnhagen. The Life of a Jewish Woman\u201c - Centrum Judaicum","isPartOf":{"@id":"https:\/\/centrumjudaicum.de\/#website"},"primaryImageOfPage":{"@id":"https:\/\/centrumjudaicum.de\/veranstaltung\/veranstaltungshinweis-28-mai-2024-hannah-arendt-rahel-varnhagen-the-life-of-a-jewish-woman\/#primaryimage"},"image":{"@id":"https:\/\/centrumjudaicum.de\/veranstaltung\/veranstaltungshinweis-28-mai-2024-hannah-arendt-rahel-varnhagen-the-life-of-a-jewish-woman\/#primaryimage"},"thumbnailUrl":"https:\/\/centrumjudaicum.de\/wp-content\/uploads\/2024\/05\/Hanna-Arendt-Rahel-Varnhagen-2.png","datePublished":"2024-05-27T06:06:52+00:00","dateModified":"2024-11-20T16:16:42+00:00","breadcrumb":{"@id":"https:\/\/centrumjudaicum.de\/veranstaltung\/veranstaltungshinweis-28-mai-2024-hannah-arendt-rahel-varnhagen-the-life-of-a-jewish-woman\/#breadcrumb"},"inLanguage":"en-US","potentialAction":[{"@type":"ReadAction","target":["https:\/\/centrumjudaicum.de\/veranstaltung\/veranstaltungshinweis-28-mai-2024-hannah-arendt-rahel-varnhagen-the-life-of-a-jewish-woman\/"]}]},{"@type":"ImageObject","inLanguage":"en-US","@id":"https:\/\/centrumjudaicum.de\/veranstaltung\/veranstaltungshinweis-28-mai-2024-hannah-arendt-rahel-varnhagen-the-life-of-a-jewish-woman\/#primaryimage","url":"https:\/\/centrumjudaicum.de\/wp-content\/uploads\/2024\/05\/Hanna-Arendt-Rahel-Varnhagen-2.png","contentUrl":"https:\/\/centrumjudaicum.de\/wp-content\/uploads\/2024\/05\/Hanna-Arendt-Rahel-Varnhagen-2.png","width":600,"height":400,"caption":"Veranstaltungsgrafik f\u00fcr die \"Theater und Wissenschaft-Vorstellung von Hannah Arendt's Biografie \u00fcber Rahel Varbhagen"},{"@type":"BreadcrumbList","@id":"https:\/\/centrumjudaicum.de\/veranstaltung\/veranstaltungshinweis-28-mai-2024-hannah-arendt-rahel-varnhagen-the-life-of-a-jewish-woman\/#breadcrumb","itemListElement":[{"@type":"ListItem","position":1,"name":"Home","item":"https:\/\/centrumjudaicum.de\/"},{"@type":"ListItem","position":2,"name":"Veranstaltungen","item":"https:\/\/centrumjudaicum.de\/veranstaltungen\/"},{"@type":"ListItem","position":3,"name":"Veranstaltungshinweis Hannah Arendt \u2013 \u201eRahel Varnhagen. The Life of a Jewish Woman\u201c"}]},{"@type":"WebSite","@id":"https:\/\/centrumjudaicum.de\/#website","url":"https:\/\/centrumjudaicum.de\/","name":"Centrum Judaicum","description":"","publisher":{"@id":"https:\/\/centrumjudaicum.de\/#organization"},"potentialAction":[{"@type":"SearchAction","target":{"@type":"EntryPoint","urlTemplate":"https:\/\/centrumjudaicum.de\/?s={search_term_string}"},"query-input":{"@type":"PropertyValueSpecification","valueRequired":true,"valueName":"search_term_string"}}],"inLanguage":"en-US"},{"@type":"Organization","@id":"https:\/\/centrumjudaicum.de\/#organization","name":"Centrum Judaicum","url":"https:\/\/centrumjudaicum.de\/","logo":{"@type":"ImageObject","inLanguage":"en-US","@id":"https:\/\/centrumjudaicum.de\/#\/schema\/logo\/image\/","url":"https:\/\/centrumjudaicum.de\/wp-content\/uploads\/2022\/10\/Logo_Stiftung_Neue_Synagoge_Berlin_Gold_.png","contentUrl":"https:\/\/centrumjudaicum.de\/wp-content\/uploads\/2022\/10\/Logo_Stiftung_Neue_Synagoge_Berlin_Gold_.png","width":1188,"height":409,"caption":"Centrum Judaicum"},"image":{"@id":"https:\/\/centrumjudaicum.de\/#\/schema\/logo\/image\/"}}]}},"ticketed":false,"_links":{"self":[{"href":"https:\/\/centrumjudaicum.de\/en\/wp-json\/wp\/v2\/tribe_events\/20877","targetHints":{"allow":["GET"]}}],"collection":[{"href":"https:\/\/centrumjudaicum.de\/en\/wp-json\/wp\/v2\/tribe_events"}],"about":[{"href":"https:\/\/centrumjudaicum.de\/en\/wp-json\/wp\/v2\/types\/tribe_events"}],"author":[{"embeddable":true,"href":"https:\/\/centrumjudaicum.de\/en\/wp-json\/wp\/v2\/users\/3"}],"version-history":[{"count":3,"href":"https:\/\/centrumjudaicum.de\/en\/wp-json\/wp\/v2\/tribe_events\/20877\/revisions"}],"predecessor-version":[{"id":23541,"href":"https:\/\/centrumjudaicum.de\/en\/wp-json\/wp\/v2\/tribe_events\/20877\/revisions\/23541"}],"wp:featuredmedia":[{"embeddable":true,"href":"https:\/\/centrumjudaicum.de\/en\/wp-json\/wp\/v2\/media\/20878"}],"wp:attachment":[{"href":"https:\/\/centrumjudaicum.de\/en\/wp-json\/wp\/v2\/media?parent=20877"}],"wp:term":[{"taxonomy":"post_tag","embeddable":true,"href":"https:\/\/centrumjudaicum.de\/en\/wp-json\/wp\/v2\/tags?post=20877"},{"taxonomy":"tribe_events_cat","embeddable":true,"href":"https:\/\/centrumjudaicum.de\/en\/wp-json\/wp\/v2\/tribe_events_cat?post=20877"}],"curies":[{"name":"wp","href":"https:\/\/api.w.org\/{rel}","templated":true}]}}