{"id":25974,"date":"2025-11-26T11:31:53","date_gmt":"2025-11-26T10:31:53","guid":{"rendered":"https:\/\/centrumjudaicum.de\/?post_type=tribe_events&#038;p=25974"},"modified":"2026-03-13T11:53:04","modified_gmt":"2026-03-13T10:53:04","slug":"stadtspaziergang-juedinnen-und-juden-in-der-maerzrevolution-1848","status":"publish","type":"tribe_events","link":"https:\/\/centrumjudaicum.de\/en\/veranstaltung\/stadtspaziergang-juedinnen-und-juden-in-der-maerzrevolution-1848\/","title":{"rendered":"Stadtspaziergang: <br>J\u00fcdinnen und Juden in der M\u00e4rzrevolution 1848"},"content":{"rendered":"<div  class=\"tribe-events-schedule tribe-clearfix\" >\n\t<p class=\"tribe-events-schedule__datetime\">\n\t\t<span class=\"tribe-events-schedule__date tribe-events-schedule__date--start\">\n\t\t\t15. March 2026\t\t<\/span>\n\n\t\t\t\t\t<span class=\"tribe-events-schedule__separator tribe-events-schedule__separator--date\">\n\t\t\t\t&#8211;\t\t\t<\/span>\n\t\t\t<span class=\"tribe-events-schedule__time tribe-events-schedule__time--start\">\n\t\t\t\t14:00\t\t\t<\/span>\n\t\t\n\t\t\t\t\t\t\t\t\t<span class=\"tribe-events-schedule__separator tribe-events-schedule__separator--time\">\n\t\t\t\t\t &#8211; \t\t\t\t<\/span>\n\t\t\t\n\t\t\t\t\t\t\t<span class=\"tribe-events-schedule__time tribe-events-schedule__time--end\">\n\t\t\t\t\t16:00\t\t\t\t<\/span>\n\t\t\t\n\t\t\t\t\t\t<\/p>\n<\/div>\n\n\n\n<p>Kurz vor dem Jahrestag der M\u00e4rzrevolution begeben wir uns auf die Spuren der j\u00fcdischen Revolution\u00e4r:innen, die sich auf den Barrikaden, in den Parlamenten oder als Zeitungsmacher an der M\u00e4rzrevolution beteiligten. Was bedeutete die Berliner M\u00e4rzrevolution f\u00fcr die Emanzipation des Judentums und welche Hoffnungen gab es im Hinblick auf rechtliche Gleichstellung?<\/p>\n\n\n\n<p><strong>Treffpunkt:<\/strong> Vor dem Eingang der Neuen Synagoge Berlin \u2013 Centrum Judaicum<\/p>\n\n\n\n<p>Weitere Informationen und Termine folgen.<\/p>\n\n\n\n<p><br><a href=\"https:\/\/ticket.centrumjudaicum.de\/#\/product\/event\/54\">Anmeldung hier klicken<\/a><\/p>\n\n\n<div  class=\"tribe-block tribe-block__event-price\" >\n\t\t\t<span class=\"tribe-block__event-price__cost\"> Kostenlos <\/span>\n\t\t<\/div>\n\n\n<div  class=\"tribe-block tribe-block__organizer__details tribe-clearfix\" >\n\t<div class=\"tribe-block__organizer__title\">\n\t\t<h3><a href=\"https:\/\/centrumjudaicum.de\/en\/organizer\/stiftung-neue-synagoge-berlin-centrum-judaicum-2\/\" title=\"Stiftung Neue Synagoge Berlin &#8211; Centrum Judaicum\" target=\"_self\" rel=\"\">New Synagogue Berlin Foundation \u2013 Centrum Judaicum<\/a><\/h3>\n\t<\/div>\n\t\t\t<\/div>\n\n\n<div  class=\"tribe-block tribe-block__venue tribe-clearfix\" >\n\t\n\t\t\n\t<\/div>\n\n\n\n\n\t<div  class=\"tribe-block tribe-block__events-link\" >\n\t\t<div class=\"tribe-events tribe-common\">\n\t\t\t<div class=\"tribe-events-c-subscribe-dropdown__container\">\n\t\t\t\t<div class=\"tribe-events-c-subscribe-dropdown\">\n\t\t\t\t\t<div class=\"tribe-common-c-btn-border tribe-events-c-subscribe-dropdown__button\">\n\t\t\t\t\t\t<svg\n\t class=\"tribe-common-c-svgicon tribe-common-c-svgicon--cal-export tribe-events-c-subscribe-dropdown__export-icon\" \taria-hidden=\"true\"\n\tviewbox=\"0 0 23 17\"\n\txmlns=\"http:\/\/www.w3.org\/2000\/svg\"\n>\n\t<path fill-rule=\"evenodd\" clip-rule=\"evenodd\" d=\"M.128.896V16.13c0 .211.145.383.323.383h15.354c.179 0 .323-.172.323-.383V.896c0-.212-.144-.383-.323-.383H.451C.273.513.128.684.128.896Zm16 6.742h-.901V4.679H1.009v10.729h14.218v-3.336h.901V7.638ZM1.01 1.614h14.218v2.058H1.009V1.614Z\" \/>\n\t<path d=\"M20.5 9.846H8.312M18.524 6.953l2.89 2.909-2.855 2.855\" stroke-width=\"1.2\" stroke-linecap=\"round\" stroke-linejoin=\"round\"\/>\n<\/svg>\n\t\t\t\t\t\t<button\n\t\t\t\t\t\t\tclass=\"tribe-events-c-subscribe-dropdown__button-text\"\n\t\t\t\t\t\t\taria-expanded=\"false\"\n\t\t\t\t\t\t\taria-controls=\"tribe-events-subscribe-dropdown-content\"\n\t\t\t\t\t\t\taria-label=\"View links to add events to your calendar\"\n\t\t\t\t\t\t>\n\t\t\t\t\t\t\tAdd to calendar\t\t\t\t\t\t<\/button>\n\t\t\t\t\t\t<svg\n\t class=\"tribe-common-c-svgicon tribe-common-c-svgicon--caret-down tribe-events-c-subscribe-dropdown__button-icon\" \taria-hidden=\"true\"\n\tviewbox=\"0 0 10 7\"\n\txmlns=\"http:\/\/www.w3.org\/2000\/svg\"\n>\n\t<path fill-rule=\"evenodd\" clip-rule=\"evenodd\" d=\"M1.008.609L5 4.6 8.992.61l.958.958L5 6.517.05 1.566l.958-.958z\" class=\"tribe-common-c-svgicon__svg-fill\"\/>\n<\/svg>\n\t\t\t\t\t<\/div>\n\t\t\t\t\t<div id=\"tribe-events-subscribe-dropdown-content\" class=\"tribe-events-c-subscribe-dropdown__content\">\n\t\t\t\t\t\t<ul class=\"tribe-events-c-subscribe-dropdown__list\">\n\t\t\t\t\t\t\t\t\t\t\t\t\t\t\t<li class=\"tribe-events-c-subscribe-dropdown__list-item tribe-events-c-subscribe-dropdown__list-item--gcal\">\n\t\t\t\t\t\t\t\t\t<a\n\t\t\t\t\t\t\t\t\t\thref=\"https:\/\/www.google.com\/calendar\/event?action=TEMPLATE&#038;dates=20260315T140000\/20260315T160000&#038;text=Stadtspaziergang%3A%20%3Cbr%3EJ%C3%BCdinnen%20und%20Juden%20in%20der%20M%C3%A4rzrevolution%201848&#038;details=%3Cp%3EKurz+vor+dem+Jahrestag+der+M%C3%A4rzrevolution+begeben+wir+uns+auf+die+Spuren+der+j%C3%BCdischen+Revolution%C3%A4r%3Ainnen%2C+die+sich+auf+den+Barrikaden%2C+in+den+Parlamenten+oder+als+Zeitungsmacher+an+der+M%C3%A4rzrevolution+beteiligten.+Was+bedeutete+die+Berliner+M%C3%A4rzrevolution+f%C3%BCr+die+Emanzipation+des+Judentums+und+welche+Hoffnungen+gab+es+im+Hinblick+auf+rechtliche+Gleichstellung%3F%3C%2Fp%3E+%3Cp%3E%3Cstrong%3ETreffpunkt%3A%3C%2Fstrong%3E+Vor+dem+Eingang+der+Neuen+Synagoge+Berlin+%E2%80%93+Centrum+Judaicum%3C%2Fp%3E+%3Cp%3EWeitere+Informationen+und+Termine+folgen.%3C%2Fp%3E+%3Cp%3E%3Cbr%3E%3Ca+href%3D%22https%3A%2F%2Fticket.centrumjudaicum.de%2F%23%2Fproduct%2Fevent%2F54%22%3EAnmeldung+hier+klicken%3C%2Fa%3E%3C%2Fp%3E+%3Cdiv+class%3D%22wp-block-tribe-tickets%22%3E%3C%2Fdiv%3E%3Cp%3E%3C%2Fp%3E+%3Cdiv+class%3D%22wp-block-buttons%22%3E%3Cdiv+class%3D%22wp-block-button%22%3E%3Ca+class%3D%22wp-block-button__link+wp-element-button%22+href%3D%22https%3A%2F%2Fticket.centrumjudaicum.de%2F%23%2Fproduct%2Fevent%2F54%22%3EAnmeldung%3C%2Fa%3E%3C%2Fdiv%3E%3C%2Fdiv%3E%3Cp%3E%3C%2Fp%3E+&#038;trp=false&#038;ctz=Europe\/Berlin&#038;sprop=website:https:\/\/centrumjudaicum.de\/en\"\n\t\t\t\t\t\t\t\t\t\tclass=\"tribe-events-c-subscribe-dropdown__list-item-link\"\n\t\t\t\t\t\t\t\t\t\ttarget=\"_blank\"\n\t\t\t\t\t\t\t\t\t\trel=\"noopener noreferrer nofollow noindex\"\n\t\t\t\t\t\t\t\t\t>\n\t\t\t\t\t\t\t\t\t\tGoogle Calendar\t\t\t\t\t\t\t\t\t<\/a>\n\t\t\t\t\t\t\t\t<\/li>\n\t\t\t\t\t\t\t\t\t\t\t\t\t\t\t<li class=\"tribe-events-c-subscribe-dropdown__list-item tribe-events-c-subscribe-dropdown__list-item--ical\">\n\t\t\t\t\t\t\t\t\t<a\n\t\t\t\t\t\t\t\t\t\thref=\"\"\n\t\t\t\t\t\t\t\t\t\tclass=\"tribe-events-c-subscribe-dropdown__list-item-link\"\n\t\t\t\t\t\t\t\t\t\ttarget=\"_blank\"\n\t\t\t\t\t\t\t\t\t\trel=\"noopener noreferrer nofollow noindex\"\n\t\t\t\t\t\t\t\t\t>\n\t\t\t\t\t\t\t\t\t\tiCalendar\t\t\t\t\t\t\t\t\t<\/a>\n\t\t\t\t\t\t\t\t<\/li>\n\t\t\t\t\t\t\t\t\t\t\t\t\t\t\t<li class=\"tribe-events-c-subscribe-dropdown__list-item tribe-events-c-subscribe-dropdown__list-item--outlook-365\">\n\t\t\t\t\t\t\t\t\t<a\n\t\t\t\t\t\t\t\t\t\thref=\"\"\n\t\t\t\t\t\t\t\t\t\tclass=\"tribe-events-c-subscribe-dropdown__list-item-link\"\n\t\t\t\t\t\t\t\t\t\ttarget=\"_blank\"\n\t\t\t\t\t\t\t\t\t\trel=\"noopener noreferrer nofollow noindex\"\n\t\t\t\t\t\t\t\t\t>\n\t\t\t\t\t\t\t\t\t\tOutlook 365\t\t\t\t\t\t\t\t\t<\/a>\n\t\t\t\t\t\t\t\t<\/li>\n\t\t\t\t\t\t\t\t\t\t\t\t\t\t\t<li class=\"tribe-events-c-subscribe-dropdown__list-item tribe-events-c-subscribe-dropdown__list-item--outlook-live\">\n\t\t\t\t\t\t\t\t\t<a\n\t\t\t\t\t\t\t\t\t\thref=\"\"\n\t\t\t\t\t\t\t\t\t\tclass=\"tribe-events-c-subscribe-dropdown__list-item-link\"\n\t\t\t\t\t\t\t\t\t\ttarget=\"_blank\"\n\t\t\t\t\t\t\t\t\t\trel=\"noopener noreferrer nofollow noindex\"\n\t\t\t\t\t\t\t\t\t>\n\t\t\t\t\t\t\t\t\t\tOutlook Live\t\t\t\t\t\t\t\t\t<\/a>\n\t\t\t\t\t\t\t\t<\/li>\n\t\t\t\t\t\t\t\t\t\t\t\t\t<\/ul>\n\t\t\t\t\t<\/div>\n\t\t\t\t<\/div>\n\t\t\t<\/div>\n\t\t<\/div>\n\t<\/div>\n\n\n\n<h2 class=\"tribe-block__related-events__title\">Related Events<\/h2>\n\n<ul  class=\"tribe-related-events tribe-clearfix\" >\n\t\t\t<li>\n\t\n<div class=\"tribe-related-events-thumbnail\">\n\t<a href=\"https:\/\/centrumjudaicum.de\/en\/veranstaltung\/fuehrung-einblicke-in-die-ausstellung-gefuehlsdinge\/\" class=\"url\" rel=\"bookmark\" tabindex=\"-1\" aria-hidden=\"true\"><img fetchpriority=\"high\" decoding=\"async\" width=\"600\" height=\"400\" src=\"https:\/\/centrumjudaicum.de\/wp-content\/uploads\/2025\/05\/Unbenannt-2-1.jpeg\" class=\"attachment-large size-large wp-post-image\" alt=\"Gef\u00fchlsdinge Cover\" \/><\/a>\n<\/div>\n\t<div class=\"tribe-related-event-info\">\n\t<h3 class=\"tribe-related-events-title\">\n\t\t<a href=\"https:\/\/centrumjudaicum.de\/en\/veranstaltung\/fuehrung-einblicke-in-die-ausstellung-gefuehlsdinge\/\" class=\"tribe-event-url\" rel=\"bookmark\">\n\t\t\tF\u00fchrung: Einblicke in die Ausstellung Gef\u00fchlsdinge\t\t<\/a>\n\t<\/h3>\n\t<span class=\"tribe-event-date-start\">6. May 2026-16:00<\/span> &#8211; <span class=\"tribe-event-time\">17:00<\/span><\/div>\n<\/li>\n\t\t\t<li>\n\t\n<div class=\"tribe-related-events-thumbnail\">\n\t<a href=\"https:\/\/centrumjudaicum.de\/en\/veranstaltung\/internationaler-museumstag-tohuwabohu-unter-der-kuppel\/\" class=\"url\" rel=\"bookmark\" tabindex=\"-1\" aria-hidden=\"true\"><img decoding=\"async\" width=\"800\" height=\"534\" src=\"https:\/\/centrumjudaicum.de\/wp-content\/uploads\/2026\/04\/2-1024x683.png\" class=\"attachment-large size-large wp-post-image\" alt=\"\" \/><\/a>\n<\/div>\n\t<div class=\"tribe-related-event-info\">\n\t<h3 class=\"tribe-related-events-title\">\n\t\t<a href=\"https:\/\/centrumjudaicum.de\/en\/veranstaltung\/internationaler-museumstag-tohuwabohu-unter-der-kuppel\/\" class=\"tribe-event-url\" rel=\"bookmark\">\n\t\t\tInternationaler Museumstag<br>Tohuwabohu unter der Kuppel!\t\t<\/a>\n\t<\/h3>\n\t<span class=\"tribe-event-date-start\">17. May 2026-11:00<\/span> &#8211; <span class=\"tribe-event-time\">12:00<\/span><\/div>\n<\/li>\n\t\t\t<li>\n\t\n<div class=\"tribe-related-events-thumbnail\">\n\t<a href=\"https:\/\/centrumjudaicum.de\/en\/veranstaltung\/internationaler-museumstagtohuwabohu-under-the-domeguided-tour\/\" class=\"url\" rel=\"bookmark\" tabindex=\"-1\" aria-hidden=\"true\"><img decoding=\"async\" width=\"800\" height=\"534\" src=\"https:\/\/centrumjudaicum.de\/wp-content\/uploads\/2026\/04\/3-1024x683.png\" class=\"attachment-large size-large wp-post-image\" alt=\"\" \/><\/a>\n<\/div>\n\t<div class=\"tribe-related-event-info\">\n\t<h3 class=\"tribe-related-events-title\">\n\t\t<a href=\"https:\/\/centrumjudaicum.de\/en\/veranstaltung\/internationaler-museumstagtohuwabohu-under-the-domeguided-tour\/\" class=\"tribe-event-url\" rel=\"bookmark\">\n\t\t\tInternationaler Museumstag<br>Tohuwabohu\u00a0under the Dome!<br>Guided Tour\t\t<\/a>\n\t<\/h3>\n\t<span class=\"tribe-event-date-start\">17. May 2026-12:30<\/span> &#8211; <span class=\"tribe-event-time\">13:30<\/span><\/div>\n<\/li>\n\t<\/ul>\n\n\n\n\n\n\n\n<p><\/p>\n\n\n\n<div class=\"wp-block-buttons is-content-justification-right is-layout-flex wp-container-core-buttons-is-layout-d445cf74 wp-block-buttons-is-layout-flex\">\n<div class=\"wp-block-button\"><a class=\"wp-block-button__link wp-element-button\" href=\"https:\/\/ticket.centrumjudaicum.de\/#\/product\/event\/54\">Anmeldung<\/a><\/div>\n<\/div>\n\n\n\n<p><\/p>","protected":false},"excerpt":{"rendered":"<p>Kurz vor dem Jahrestag der M\u00e4rzrevolution begeben wir uns auf die Spuren der j\u00fcdischen Revolution\u00e4r:innen, die sich auf den Barrikaden, in den Parlamenten oder als Zeitungsmacher an der M\u00e4rzrevolution beteiligten. [&hellip;]<\/p>\n","protected":false},"author":3,"featured_media":24188,"template":"","meta":{"_tec_requires_first_save":false,"_price":"","_stock":"","_tribe_ticket_header":"","_tribe_default_ticket_provider":"TEC\\Tickets\\Commerce\\Module","_tribe_ticket_capacity":"","_ticket_start_date":"","_ticket_end_date":"","_tribe_ticket_show_description":"","_tribe_ticket_show_not_going":false,"_tribe_ticket_use_global_stock":"","_tribe_ticket_global_stock_level":"","_global_stock_mode":"","_global_stock_cap":"","_tribe_rsvp_for_event":"","_tribe_ticket_going_count":"","_tribe_ticket_not_going_count":"","_tribe_tickets_list":"[]","_tribe_ticket_has_attendee_info_fields":false,"_EventAllDay":false,"_EventTimezone":"Europe\/Berlin","_EventStartDate":"2026-03-15 14:00:00","_EventEndDate":"2026-03-15 16:00:00","_EventStartDateUTC":"2026-03-15 13:00:00","_EventEndDateUTC":"2026-03-15 15:00:00","_EventShowMap":false,"_EventShowMapLink":false,"_EventURL":"","_EventCost":"Kostenlos","_EventCostDescription":"","_EventCurrencySymbol":"\u20ac","_EventCurrencyCode":"USD","_EventCurrencyPosition":"suffix","_EventDateTimeSeparator":"-","_EventTimeRangeSeparator":" - ","_EventOrganizerID":[],"_EventVenueID":[],"_OrganizerEmail":"","_OrganizerPhone":"","_OrganizerWebsite":"","_VenueAddress":"","_VenueCity":"","_VenueCountry":"","_VenueProvince":"","_VenueState":"","_VenueZip":"","_VenuePhone":"","_VenueURL":"","_VenueStateProvince":"","_VenueLat":"","_VenueLng":"","_VenueShowMap":false,"_VenueShowMapLink":false,"_tribe_blocks_recurrence_rules":"","_tribe_blocks_recurrence_description":"","_tribe_blocks_recurrence_exclusions":"","_tribe_events_status":"","_tribe_events_status_reason":"","_tribe_events_is_hybrid":"","_tribe_events_is_virtual":"","_tribe_events_virtual_video_source":"","_tribe_events_virtual_embed_video":"","_tribe_events_virtual_linked_button_text":"","_tribe_events_virtual_linked_button":"","_tribe_events_virtual_show_embed_at":"","_tribe_events_virtual_show_embed_to":[],"_tribe_events_virtual_show_on_event":"","_tribe_events_virtual_show_on_views":"","_tribe_events_virtual_url":"","footnotes":"","_tec_slr_enabled":"","_tec_slr_layout":""},"tags":[36],"tribe_events_cat":[158],"class_list":["post-25974","tribe_events","type-tribe_events","status-publish","has-post-thumbnail","hentry","tag-maerzrevolution-1848","tribe_events_cat-fuehrung","cat_fuehrung"],"yoast_head":"<!-- This site is optimized with the Yoast SEO Premium plugin v26.1 (Yoast SEO v27.5) - https:\/\/yoast.com\/product\/yoast-seo-premium-wordpress\/ -->\n<title>Stadtspaziergang: J\u00fcdinnen und Juden in der M\u00e4rzrevolution 1848 - Centrum Judaicum<\/title>\n<meta name=\"description\" content=\"Kurz vor dem Jahrestag der M\u00e4rzrevolution begeben wir uns auf die Spuren der j\u00fcdischen Revolution\u00e4r:innen, die sich auf den Barrikaden, in den Parlamenten oder als Zeitungsmacher an der M\u00e4rzrevolution beteiligten.\" \/>\n<meta name=\"robots\" content=\"index, follow, max-snippet:-1, max-image-preview:large, max-video-preview:-1\" \/>\n<link rel=\"canonical\" href=\"https:\/\/centrumjudaicum.de\/en\/veranstaltung\/stadtspaziergang-juedinnen-und-juden-in-der-maerzrevolution-1848\/\" \/>\n<meta property=\"og:locale\" content=\"en_US\" \/>\n<meta property=\"og:type\" content=\"article\" \/>\n<meta property=\"og:title\" content=\"Stadtspaziergang: J\u00fcdinnen und Juden in der M\u00e4rzrevolution 1848\" \/>\n<meta property=\"og:description\" content=\"Kurz vor dem Jahrestag der M\u00e4rzrevolution begeben wir uns auf die Spuren der j\u00fcdischen Revolution\u00e4r:innen, die sich auf den Barrikaden, in den Parlamenten oder als Zeitungsmacher an der M\u00e4rzrevolution beteiligten.\" \/>\n<meta property=\"og:url\" content=\"https:\/\/centrumjudaicum.de\/en\/veranstaltung\/stadtspaziergang-juedinnen-und-juden-in-der-maerzrevolution-1848\/\" \/>\n<meta property=\"og:site_name\" content=\"Centrum Judaicum\" \/>\n<meta property=\"article:modified_time\" content=\"2026-03-13T10:53:04+00:00\" \/>\n<meta property=\"og:image\" content=\"https:\/\/centrumjudaicum.de\/wp-content\/uploads\/2025\/03\/Fuehrung-Maerzrevolution.jpeg\" \/>\n\t<meta property=\"og:image:width\" content=\"600\" \/>\n\t<meta property=\"og:image:height\" content=\"400\" \/>\n\t<meta property=\"og:image:type\" content=\"image\/jpeg\" \/>\n<meta name=\"twitter:card\" content=\"summary_large_image\" \/>\n<meta name=\"twitter:label1\" content=\"Est. reading time\" \/>\n\t<meta name=\"twitter:data1\" content=\"1 minute\" \/>\n<script type=\"application\/ld+json\" class=\"yoast-schema-graph\">{\"@context\":\"https:\\\/\\\/schema.org\",\"@graph\":[{\"@type\":\"WebPage\",\"@id\":\"https:\\\/\\\/centrumjudaicum.de\\\/veranstaltung\\\/stadtspaziergang-juedinnen-und-juden-in-der-maerzrevolution-1848\\\/\",\"url\":\"https:\\\/\\\/centrumjudaicum.de\\\/veranstaltung\\\/stadtspaziergang-juedinnen-und-juden-in-der-maerzrevolution-1848\\\/\",\"name\":\"Stadtspaziergang: J\u00fcdinnen und Juden in der M\u00e4rzrevolution 1848 - Centrum Judaicum\",\"isPartOf\":{\"@id\":\"https:\\\/\\\/centrumjudaicum.de\\\/#website\"},\"primaryImageOfPage\":{\"@id\":\"https:\\\/\\\/centrumjudaicum.de\\\/veranstaltung\\\/stadtspaziergang-juedinnen-und-juden-in-der-maerzrevolution-1848\\\/#primaryimage\"},\"image\":{\"@id\":\"https:\\\/\\\/centrumjudaicum.de\\\/veranstaltung\\\/stadtspaziergang-juedinnen-und-juden-in-der-maerzrevolution-1848\\\/#primaryimage\"},\"thumbnailUrl\":\"https:\\\/\\\/centrumjudaicum.de\\\/wp-content\\\/uploads\\\/2025\\\/03\\\/Fuehrung-Maerzrevolution.jpeg\",\"datePublished\":\"2025-11-26T10:31:53+00:00\",\"dateModified\":\"2026-03-13T10:53:04+00:00\",\"description\":\"Kurz vor dem Jahrestag der M\u00e4rzrevolution begeben wir uns auf die Spuren der j\u00fcdischen Revolution\u00e4r:innen, die sich auf den Barrikaden, in den Parlamenten oder als Zeitungsmacher an der M\u00e4rzrevolution beteiligten.\",\"breadcrumb\":{\"@id\":\"https:\\\/\\\/centrumjudaicum.de\\\/veranstaltung\\\/stadtspaziergang-juedinnen-und-juden-in-der-maerzrevolution-1848\\\/#breadcrumb\"},\"inLanguage\":\"en-US\",\"potentialAction\":[{\"@type\":\"ReadAction\",\"target\":[\"https:\\\/\\\/centrumjudaicum.de\\\/veranstaltung\\\/stadtspaziergang-juedinnen-und-juden-in-der-maerzrevolution-1848\\\/\"]}]},{\"@type\":\"ImageObject\",\"inLanguage\":\"en-US\",\"@id\":\"https:\\\/\\\/centrumjudaicum.de\\\/veranstaltung\\\/stadtspaziergang-juedinnen-und-juden-in-der-maerzrevolution-1848\\\/#primaryimage\",\"url\":\"https:\\\/\\\/centrumjudaicum.de\\\/wp-content\\\/uploads\\\/2025\\\/03\\\/Fuehrung-Maerzrevolution.jpeg\",\"contentUrl\":\"https:\\\/\\\/centrumjudaicum.de\\\/wp-content\\\/uploads\\\/2025\\\/03\\\/Fuehrung-Maerzrevolution.jpeg\",\"width\":600,\"height\":400},{\"@type\":\"BreadcrumbList\",\"@id\":\"https:\\\/\\\/centrumjudaicum.de\\\/veranstaltung\\\/stadtspaziergang-juedinnen-und-juden-in-der-maerzrevolution-1848\\\/#breadcrumb\",\"itemListElement\":[{\"@type\":\"ListItem\",\"position\":1,\"name\":\"Home\",\"item\":\"https:\\\/\\\/centrumjudaicum.de\\\/\"},{\"@type\":\"ListItem\",\"position\":2,\"name\":\"Veranstaltungen\",\"item\":\"https:\\\/\\\/centrumjudaicum.de\\\/veranstaltungen\\\/\"},{\"@type\":\"ListItem\",\"position\":3,\"name\":\"Stadtspaziergang: J\u00fcdinnen und Juden in der M\u00e4rzrevolution 1848\"}]},{\"@type\":\"WebSite\",\"@id\":\"https:\\\/\\\/centrumjudaicum.de\\\/#website\",\"url\":\"https:\\\/\\\/centrumjudaicum.de\\\/\",\"name\":\"Centrum Judaicum\",\"description\":\"\",\"publisher\":{\"@id\":\"https:\\\/\\\/centrumjudaicum.de\\\/#organization\"},\"potentialAction\":[{\"@type\":\"SearchAction\",\"target\":{\"@type\":\"EntryPoint\",\"urlTemplate\":\"https:\\\/\\\/centrumjudaicum.de\\\/?s={search_term_string}\"},\"query-input\":{\"@type\":\"PropertyValueSpecification\",\"valueRequired\":true,\"valueName\":\"search_term_string\"}}],\"inLanguage\":\"en-US\"},{\"@type\":\"Organization\",\"@id\":\"https:\\\/\\\/centrumjudaicum.de\\\/#organization\",\"name\":\"Centrum Judaicum\",\"url\":\"https:\\\/\\\/centrumjudaicum.de\\\/\",\"logo\":{\"@type\":\"ImageObject\",\"inLanguage\":\"en-US\",\"@id\":\"https:\\\/\\\/centrumjudaicum.de\\\/#\\\/schema\\\/logo\\\/image\\\/\",\"url\":\"https:\\\/\\\/centrumjudaicum.de\\\/wp-content\\\/uploads\\\/2022\\\/10\\\/Logo_Stiftung_Neue_Synagoge_Berlin_Gold_.png\",\"contentUrl\":\"https:\\\/\\\/centrumjudaicum.de\\\/wp-content\\\/uploads\\\/2022\\\/10\\\/Logo_Stiftung_Neue_Synagoge_Berlin_Gold_.png\",\"width\":1188,\"height\":409,\"caption\":\"Centrum Judaicum\"},\"image\":{\"@id\":\"https:\\\/\\\/centrumjudaicum.de\\\/#\\\/schema\\\/logo\\\/image\\\/\"}}]}<\/script>\n<!-- \/ Yoast SEO Premium plugin. -->","yoast_head_json":{"title":"Stadtspaziergang: J\u00fcdinnen und Juden in der M\u00e4rzrevolution 1848 - Centrum Judaicum","description":"Kurz vor dem Jahrestag der M\u00e4rzrevolution begeben wir uns auf die Spuren der j\u00fcdischen Revolution\u00e4r:innen, die sich auf den Barrikaden, in den Parlamenten oder als Zeitungsmacher an der M\u00e4rzrevolution beteiligten.","robots":{"index":"index","follow":"follow","max-snippet":"max-snippet:-1","max-image-preview":"max-image-preview:large","max-video-preview":"max-video-preview:-1"},"canonical":"https:\/\/centrumjudaicum.de\/en\/veranstaltung\/stadtspaziergang-juedinnen-und-juden-in-der-maerzrevolution-1848\/","og_locale":"en_US","og_type":"article","og_title":"Stadtspaziergang: J\u00fcdinnen und Juden in der M\u00e4rzrevolution 1848","og_description":"Kurz vor dem Jahrestag der M\u00e4rzrevolution begeben wir uns auf die Spuren der j\u00fcdischen Revolution\u00e4r:innen, die sich auf den Barrikaden, in den Parlamenten oder als Zeitungsmacher an der M\u00e4rzrevolution beteiligten.","og_url":"https:\/\/centrumjudaicum.de\/en\/veranstaltung\/stadtspaziergang-juedinnen-und-juden-in-der-maerzrevolution-1848\/","og_site_name":"Centrum Judaicum","article_modified_time":"2026-03-13T10:53:04+00:00","og_image":[{"width":600,"height":400,"url":"https:\/\/centrumjudaicum.de\/wp-content\/uploads\/2025\/03\/Fuehrung-Maerzrevolution.jpeg","type":"image\/jpeg"}],"twitter_card":"summary_large_image","twitter_misc":{"Est. reading time":"1 minute"},"schema":{"@context":"https:\/\/schema.org","@graph":[{"@type":"WebPage","@id":"https:\/\/centrumjudaicum.de\/veranstaltung\/stadtspaziergang-juedinnen-und-juden-in-der-maerzrevolution-1848\/","url":"https:\/\/centrumjudaicum.de\/veranstaltung\/stadtspaziergang-juedinnen-und-juden-in-der-maerzrevolution-1848\/","name":"Stadtspaziergang: J\u00fcdinnen und Juden in der M\u00e4rzrevolution 1848 - Centrum Judaicum","isPartOf":{"@id":"https:\/\/centrumjudaicum.de\/#website"},"primaryImageOfPage":{"@id":"https:\/\/centrumjudaicum.de\/veranstaltung\/stadtspaziergang-juedinnen-und-juden-in-der-maerzrevolution-1848\/#primaryimage"},"image":{"@id":"https:\/\/centrumjudaicum.de\/veranstaltung\/stadtspaziergang-juedinnen-und-juden-in-der-maerzrevolution-1848\/#primaryimage"},"thumbnailUrl":"https:\/\/centrumjudaicum.de\/wp-content\/uploads\/2025\/03\/Fuehrung-Maerzrevolution.jpeg","datePublished":"2025-11-26T10:31:53+00:00","dateModified":"2026-03-13T10:53:04+00:00","description":"Kurz vor dem Jahrestag der M\u00e4rzrevolution begeben wir uns auf die Spuren der j\u00fcdischen Revolution\u00e4r:innen, die sich auf den Barrikaden, in den Parlamenten oder als Zeitungsmacher an der M\u00e4rzrevolution beteiligten.","breadcrumb":{"@id":"https:\/\/centrumjudaicum.de\/veranstaltung\/stadtspaziergang-juedinnen-und-juden-in-der-maerzrevolution-1848\/#breadcrumb"},"inLanguage":"en-US","potentialAction":[{"@type":"ReadAction","target":["https:\/\/centrumjudaicum.de\/veranstaltung\/stadtspaziergang-juedinnen-und-juden-in-der-maerzrevolution-1848\/"]}]},{"@type":"ImageObject","inLanguage":"en-US","@id":"https:\/\/centrumjudaicum.de\/veranstaltung\/stadtspaziergang-juedinnen-und-juden-in-der-maerzrevolution-1848\/#primaryimage","url":"https:\/\/centrumjudaicum.de\/wp-content\/uploads\/2025\/03\/Fuehrung-Maerzrevolution.jpeg","contentUrl":"https:\/\/centrumjudaicum.de\/wp-content\/uploads\/2025\/03\/Fuehrung-Maerzrevolution.jpeg","width":600,"height":400},{"@type":"BreadcrumbList","@id":"https:\/\/centrumjudaicum.de\/veranstaltung\/stadtspaziergang-juedinnen-und-juden-in-der-maerzrevolution-1848\/#breadcrumb","itemListElement":[{"@type":"ListItem","position":1,"name":"Home","item":"https:\/\/centrumjudaicum.de\/"},{"@type":"ListItem","position":2,"name":"Veranstaltungen","item":"https:\/\/centrumjudaicum.de\/veranstaltungen\/"},{"@type":"ListItem","position":3,"name":"Stadtspaziergang: J\u00fcdinnen und Juden in der M\u00e4rzrevolution 1848"}]},{"@type":"WebSite","@id":"https:\/\/centrumjudaicum.de\/#website","url":"https:\/\/centrumjudaicum.de\/","name":"Centrum Judaicum","description":"","publisher":{"@id":"https:\/\/centrumjudaicum.de\/#organization"},"potentialAction":[{"@type":"SearchAction","target":{"@type":"EntryPoint","urlTemplate":"https:\/\/centrumjudaicum.de\/?s={search_term_string}"},"query-input":{"@type":"PropertyValueSpecification","valueRequired":true,"valueName":"search_term_string"}}],"inLanguage":"en-US"},{"@type":"Organization","@id":"https:\/\/centrumjudaicum.de\/#organization","name":"Centrum Judaicum","url":"https:\/\/centrumjudaicum.de\/","logo":{"@type":"ImageObject","inLanguage":"en-US","@id":"https:\/\/centrumjudaicum.de\/#\/schema\/logo\/image\/","url":"https:\/\/centrumjudaicum.de\/wp-content\/uploads\/2022\/10\/Logo_Stiftung_Neue_Synagoge_Berlin_Gold_.png","contentUrl":"https:\/\/centrumjudaicum.de\/wp-content\/uploads\/2022\/10\/Logo_Stiftung_Neue_Synagoge_Berlin_Gold_.png","width":1188,"height":409,"caption":"Centrum Judaicum"},"image":{"@id":"https:\/\/centrumjudaicum.de\/#\/schema\/logo\/image\/"}}]}},"ticketed":false,"_links":{"self":[{"href":"https:\/\/centrumjudaicum.de\/en\/wp-json\/wp\/v2\/tribe_events\/25974","targetHints":{"allow":["GET"]}}],"collection":[{"href":"https:\/\/centrumjudaicum.de\/en\/wp-json\/wp\/v2\/tribe_events"}],"about":[{"href":"https:\/\/centrumjudaicum.de\/en\/wp-json\/wp\/v2\/types\/tribe_events"}],"author":[{"embeddable":true,"href":"https:\/\/centrumjudaicum.de\/en\/wp-json\/wp\/v2\/users\/3"}],"version-history":[{"count":4,"href":"https:\/\/centrumjudaicum.de\/en\/wp-json\/wp\/v2\/tribe_events\/25974\/revisions"}],"predecessor-version":[{"id":26670,"href":"https:\/\/centrumjudaicum.de\/en\/wp-json\/wp\/v2\/tribe_events\/25974\/revisions\/26670"}],"wp:featuredmedia":[{"embeddable":true,"href":"https:\/\/centrumjudaicum.de\/en\/wp-json\/wp\/v2\/media\/24188"}],"wp:attachment":[{"href":"https:\/\/centrumjudaicum.de\/en\/wp-json\/wp\/v2\/media?parent=25974"}],"wp:term":[{"taxonomy":"post_tag","embeddable":true,"href":"https:\/\/centrumjudaicum.de\/en\/wp-json\/wp\/v2\/tags?post=25974"},{"taxonomy":"tribe_events_cat","embeddable":true,"href":"https:\/\/centrumjudaicum.de\/en\/wp-json\/wp\/v2\/tribe_events_cat?post=25974"}],"curies":[{"name":"wp","href":"https:\/\/api.w.org\/{rel}","templated":true}]}}