{"id":26758,"date":"2026-04-20T14:44:24","date_gmt":"2026-04-20T12:44:24","guid":{"rendered":"https:\/\/centrumjudaicum.de\/?post_type=tribe_events&#038;p=26758"},"modified":"2026-04-20T14:48:53","modified_gmt":"2026-04-20T12:48:53","slug":"sabbath-queen-omu-urania","status":"publish","type":"tribe_events","link":"https:\/\/centrumjudaicum.de\/en\/veranstaltung\/sabbath-queen-omu-urania\/","title":{"rendered":"Sabbath Queen (OmU) &#8211; Urania"},"content":{"rendered":"<div  class=\"tribe-events-schedule tribe-clearfix\" >\n\t<p class=\"tribe-events-schedule__datetime\">\n\t\t<span class=\"tribe-events-schedule__date tribe-events-schedule__date--start\">\n\t\t\t9. May 2026\t\t<\/span>\n\n\t\t\t\t\t<span class=\"tribe-events-schedule__separator tribe-events-schedule__separator--date\">\n\t\t\t\t&#8211;\t\t\t<\/span>\n\t\t\t<span class=\"tribe-events-schedule__time tribe-events-schedule__time--start\">\n\t\t\t\t19:30\t\t\t<\/span>\n\t\t\n\t\t\t\t\t\t\t\t\t<span class=\"tribe-events-schedule__separator tribe-events-schedule__separator--time\">\n\t\t\t\t\t &#8211; \t\t\t\t<\/span>\n\t\t\t\n\t\t\t\t\t\t\t<span class=\"tribe-events-schedule__time tribe-events-schedule__time--end\">\n\t\t\t\t\t22:30\t\t\t\t<\/span>\n\t\t\t\n\t\t\t\t\t\t<\/p>\n<\/div>\n\n\n\n<h2 class=\"wp-block-heading\" id=\"h-ein-rabbiner-der-38-generation-hinterfragt-sein-orthodoxes-erbe-wird-drag-queen-und-grundet-eine-inklusive-rebellische-glaubensgemeinschaft\">Ein Rabbiner der 38. Generation hinterfragt sein orthodoxes<br>Erbe, wird Drag Queen und gr\u00fcndet eine inklusive, rebellische Glaubensgemeinschaft.<\/h2>\n\n\n\n<p><strong>Podium in englischer Sprache<\/strong> <strong>mit<\/strong> <strong>Dani Kranz und Sandi DuBowski et al.<\/strong><\/p>\n\n\n\n<p>Der Dokumentarfilm \u201eSabbath Queen\u201c begleitet \u00fcber einen Zeitraum von 21 Jahren das Leben von Rabbi Amichai \u2013 Erbe einer 38 Generationen alten Rabbinerfamilie, darunter mehrere Oberrabbiner Israels. Hin- und hergerissen zwischen Tradition und Rebellion wird er zur Drag Queen, zum queeren Vater und gr\u00fcndet Lab\/Shul in New York, eine inklusive, interreligi\u00f6se Gemeinde. \u201eSabbath Queen\u201c zeigt seine Suche nach einer Neugestaltung von Religion und Ritualen, das das Patriarchat hinterfragt, interreligi\u00f6se Liebe feiert und f\u00fcr Frieden, Waffenstillstand und ein Ende der Besatzung eintritt, mit viel W\u00e4rme und ohne falsche Aufl\u00f6sung. Ein provokanter, zugleich liebevoller und einzigartiger Dokumentarfilm \u00fcber Glauben, Identit\u00e4t und j\u00fcdisches \u00dcberleben im sich wandelnden 21. Jahrhundert.<\/p>\n\n\n\n<p>Im Anschluss spricht Dani Kranz, deutsch-j\u00fcdische Anthropologin und Expertin f\u00fcr j\u00fcdisches Leben in der Gegenwart, unter anderem mit dem Regisseur Sandi DuBowski. Weitere Informationen folgen in K\u00fcrze.<\/p>\n\n\n\n<p>In Kooperation mit der Urania Berlin und der Stiftung Neue Synagoge \u2013 Centrum Judaicum.<\/p>\n\n\n<div  class=\"tribe-block tribe-block__event-price\" >\n\t\t\t<span class=\"tribe-block__event-price__cost\"> Kostenlos <\/span>\n\t\t<\/div>\n\n\n<div  class=\"tribe-block tribe-block__organizer__details tribe-clearfix\" >\n\t<div class=\"tribe-block__organizer__title\">\n\t\t<h3><a href=\"https:\/\/centrumjudaicum.de\/en\/organizer\/stiftung-neue-synagoge-berlin-centrum-judaicum-2\/\" title=\"Stiftung Neue Synagoge Berlin &#8211; Centrum Judaicum\" target=\"_self\" rel=\"\">New Synagogue Berlin Foundation \u2013 Centrum Judaicum<\/a><\/h3>\n\t<\/div>\n\t\t\t<\/div>\n\n\n<div  class=\"tribe-block tribe-block__venue tribe-clearfix\" >\n\t\n\t\n<div class=\"tribe-block__venue__meta\">\n\t<div class=\"tribe-block__venue__name\">\n\t\t<h3><a href=\"https:\/\/centrumjudaicum.de\/en\/venue\/urania-berlin-e-v\/\" title=\"Urania Berlin e.V,\">Urania Berlin e.V,<\/a><\/h3>\n\t<\/div>\n\n\t\n\t\t\t\t\t\t<address class=\"tribe-block__venue__address\">\n\t\t\t\t<span class=\"tribe-address\">\n\n<span class=\"tribe-street-address\">An der Urania 17<\/span>\n\t\n\t\t<br>\n\t\t<span class=\"tribe-locality\">Berlin<\/span><span class=\"tribe-delimiter\">,<\/span>\n\n\t<abbr class=\"tribe-region tribe-events-abbr\" title=\"Berlin\">Berlin<\/abbr>\n\n\t<span class=\"tribe-postal-code\">10787<\/span>\n\n\t<span class=\"tribe-country-name\">Germany<\/span>\n\n<\/span>\n\n\t\t\t\t\t\t\t<\/address>\n\t\t\n\t\t\t\t\t<span class=\"tribe-block__venue__phone\">030 439747999<\/span><br \/>\n\t\t\n\t\t\t\t\t<span class=\"tribe-block__venue__website\"><a href=\"https:\/\/www.urania.de\/\" target=\"_self\" rel=\"external\">View Venue Website<\/a><\/span><br \/>\n\t\t\t\n\t<\/div>\n\t\n\t<\/div>\n\n\n<div  class=\"tribe-block tribe-block__event-website\" >\n\t<a\n\t\thref=\"https:\/\/uraniaberlin.reservix.de\/p\/reservix\/event\/2551140https:\/\/uraniaberlin.reservix.de\/p\/reservix\/event\/2551140\"\n\t\ttarget=\"_self\"\n\t\t\t>\n\t\tTickets\t<\/a>\n<\/div>\n\n\n\t<div  class=\"tribe-block tribe-block__events-link\" >\n\t\t<div class=\"tribe-events tribe-common\">\n\t\t\t<div class=\"tribe-events-c-subscribe-dropdown__container\">\n\t\t\t\t<div class=\"tribe-events-c-subscribe-dropdown\">\n\t\t\t\t\t<div class=\"tribe-common-c-btn-border tribe-events-c-subscribe-dropdown__button\">\n\t\t\t\t\t\t<svg\n\t class=\"tribe-common-c-svgicon tribe-common-c-svgicon--cal-export tribe-events-c-subscribe-dropdown__export-icon\" \taria-hidden=\"true\"\n\tviewbox=\"0 0 23 17\"\n\txmlns=\"http:\/\/www.w3.org\/2000\/svg\"\n>\n\t<path fill-rule=\"evenodd\" clip-rule=\"evenodd\" d=\"M.128.896V16.13c0 .211.145.383.323.383h15.354c.179 0 .323-.172.323-.383V.896c0-.212-.144-.383-.323-.383H.451C.273.513.128.684.128.896Zm16 6.742h-.901V4.679H1.009v10.729h14.218v-3.336h.901V7.638ZM1.01 1.614h14.218v2.058H1.009V1.614Z\" \/>\n\t<path d=\"M20.5 9.846H8.312M18.524 6.953l2.89 2.909-2.855 2.855\" stroke-width=\"1.2\" stroke-linecap=\"round\" stroke-linejoin=\"round\"\/>\n<\/svg>\n\t\t\t\t\t\t<button\n\t\t\t\t\t\t\tclass=\"tribe-events-c-subscribe-dropdown__button-text\"\n\t\t\t\t\t\t\taria-expanded=\"false\"\n\t\t\t\t\t\t\taria-controls=\"tribe-events-subscribe-dropdown-content\"\n\t\t\t\t\t\t\taria-label=\"View links to add events to your calendar\"\n\t\t\t\t\t\t>\n\t\t\t\t\t\t\tAdd to calendar\t\t\t\t\t\t<\/button>\n\t\t\t\t\t\t<svg\n\t class=\"tribe-common-c-svgicon tribe-common-c-svgicon--caret-down tribe-events-c-subscribe-dropdown__button-icon\" \taria-hidden=\"true\"\n\tviewbox=\"0 0 10 7\"\n\txmlns=\"http:\/\/www.w3.org\/2000\/svg\"\n>\n\t<path fill-rule=\"evenodd\" clip-rule=\"evenodd\" d=\"M1.008.609L5 4.6 8.992.61l.958.958L5 6.517.05 1.566l.958-.958z\" class=\"tribe-common-c-svgicon__svg-fill\"\/>\n<\/svg>\n\t\t\t\t\t<\/div>\n\t\t\t\t\t<div id=\"tribe-events-subscribe-dropdown-content\" class=\"tribe-events-c-subscribe-dropdown__content\">\n\t\t\t\t\t\t<ul class=\"tribe-events-c-subscribe-dropdown__list\">\n\t\t\t\t\t\t\t\t\t\t\t\t\t\t\t<li class=\"tribe-events-c-subscribe-dropdown__list-item tribe-events-c-subscribe-dropdown__list-item--gcal\">\n\t\t\t\t\t\t\t\t\t<a\n\t\t\t\t\t\t\t\t\t\thref=\"https:\/\/www.google.com\/calendar\/event?action=TEMPLATE&#038;dates=20260509T193000\/20260509T223000&#038;text=Sabbath%20Queen%20%28OmU%29%20%26%238211%3B%20Urania&#038;details=%3Ch2+class%3D%22wp-block-heading%22+id%3D%22h-ein-rabbiner-der-38-generation-hinterfragt-sein-orthodoxes-erbe-wird-drag-queen-und-grundet-eine-inklusive-rebellische-glaubensgemeinschaft%22%3EEin+Rabbiner+der+38.+Generation+hinterfragt+sein+orthodoxes%3Cbr+%2F%3EErbe%2C+wird+Drag+Queen+und+gr%C3%BCndet+eine+inklusive%2C+rebellische+Glaubensgemeinschaft.%3C%2Fh2%3E%3Cp%3E%3Cstrong%3EPodium+in+englischer+Sprache%3C%2Fstrong%3E+%3Cstrong%3Emit%3C%2Fstrong%3E+%3Cstrong%3EDani+Kranz+und+Sandi+DuBowski+et+al.%3C%2Fstrong%3E%3C%2Fp%3E+%3Cp%3EDer+Dokumentarfilm+%E2%80%9ESabbath+Queen%E2%80%9C+begleitet+%C3%BCber+einen+Zeitraum+von+21+Jahren+das+Leben+von+Rabbi+Amichai+%E2%80%93+Erbe+einer+38+Generationen+alten+Rabbinerfamilie%2C+darunter+mehrere+Oberrabbiner+Israels.+Hin-+und+hergerissen+zwischen+Tradition+und+Rebellion+wird+er+zur+Drag+Queen%2C+zum+queeren+Vater+und+gr%C3%BCndet+Lab%2FShul+in+New+York%2C+eine+inklusive%2C+interreligi%C3%B6se+Gemeinde.+%E2%80%9ESabbath+Queen%E2%80%9C+zeigt+seine+Suche+nach+einer+Neugestaltung+von+Religion+und+Ritualen%2C+das+das+Patriarchat+hinterfragt%2C+interreligi%C3%B6se+Liebe+fei%3C%2Fp%3E+%28View+Full+event+Description+Here%3A+https%3A%2F%2Fcentrumjudaicum.de%2Fen%2Fveranstaltung%2Fsabbath-queen-omu-urania%2F%29&#038;location=Urania%20Berlin%20e.V,,%20An%20der%20Urania%2017,%20Berlin,%20Berlin,%2010787,%20Germany&#038;trp=false&#038;ctz=Europe\/Berlin&#038;sprop=website:https:\/\/centrumjudaicum.de\/en\"\n\t\t\t\t\t\t\t\t\t\tclass=\"tribe-events-c-subscribe-dropdown__list-item-link\"\n\t\t\t\t\t\t\t\t\t\ttarget=\"_blank\"\n\t\t\t\t\t\t\t\t\t\trel=\"noopener noreferrer nofollow noindex\"\n\t\t\t\t\t\t\t\t\t>\n\t\t\t\t\t\t\t\t\t\tGoogle Calendar\t\t\t\t\t\t\t\t\t<\/a>\n\t\t\t\t\t\t\t\t<\/li>\n\t\t\t\t\t\t\t\t\t\t\t\t\t\t\t<li class=\"tribe-events-c-subscribe-dropdown__list-item tribe-events-c-subscribe-dropdown__list-item--ical\">\n\t\t\t\t\t\t\t\t\t<a\n\t\t\t\t\t\t\t\t\t\thref=\"\"\n\t\t\t\t\t\t\t\t\t\tclass=\"tribe-events-c-subscribe-dropdown__list-item-link\"\n\t\t\t\t\t\t\t\t\t\ttarget=\"_blank\"\n\t\t\t\t\t\t\t\t\t\trel=\"noopener noreferrer nofollow noindex\"\n\t\t\t\t\t\t\t\t\t>\n\t\t\t\t\t\t\t\t\t\tiCalendar\t\t\t\t\t\t\t\t\t<\/a>\n\t\t\t\t\t\t\t\t<\/li>\n\t\t\t\t\t\t\t\t\t\t\t\t\t\t\t<li class=\"tribe-events-c-subscribe-dropdown__list-item tribe-events-c-subscribe-dropdown__list-item--outlook-365\">\n\t\t\t\t\t\t\t\t\t<a\n\t\t\t\t\t\t\t\t\t\thref=\"\"\n\t\t\t\t\t\t\t\t\t\tclass=\"tribe-events-c-subscribe-dropdown__list-item-link\"\n\t\t\t\t\t\t\t\t\t\ttarget=\"_blank\"\n\t\t\t\t\t\t\t\t\t\trel=\"noopener noreferrer nofollow noindex\"\n\t\t\t\t\t\t\t\t\t>\n\t\t\t\t\t\t\t\t\t\tOutlook 365\t\t\t\t\t\t\t\t\t<\/a>\n\t\t\t\t\t\t\t\t<\/li>\n\t\t\t\t\t\t\t\t\t\t\t\t\t\t\t<li class=\"tribe-events-c-subscribe-dropdown__list-item tribe-events-c-subscribe-dropdown__list-item--outlook-live\">\n\t\t\t\t\t\t\t\t\t<a\n\t\t\t\t\t\t\t\t\t\thref=\"\"\n\t\t\t\t\t\t\t\t\t\tclass=\"tribe-events-c-subscribe-dropdown__list-item-link\"\n\t\t\t\t\t\t\t\t\t\ttarget=\"_blank\"\n\t\t\t\t\t\t\t\t\t\trel=\"noopener noreferrer nofollow noindex\"\n\t\t\t\t\t\t\t\t\t>\n\t\t\t\t\t\t\t\t\t\tOutlook Live\t\t\t\t\t\t\t\t\t<\/a>\n\t\t\t\t\t\t\t\t<\/li>\n\t\t\t\t\t\t\t\t\t\t\t\t\t<\/ul>\n\t\t\t\t\t<\/div>\n\t\t\t\t<\/div>\n\t\t\t<\/div>\n\t\t<\/div>\n\t<\/div>\n\n\n\n<h2 class=\"tribe-block__related-events__title\">Related Events<\/h2>\n\n<ul  class=\"tribe-related-events tribe-clearfix\" >\n\t\t\t<li>\n\t\n<div class=\"tribe-related-events-thumbnail\">\n\t<a href=\"https:\/\/centrumjudaicum.de\/en\/veranstaltung\/von-berlin-nach-hollywoodgrand-hotel-1932-omu-urania\/\" class=\"url\" rel=\"bookmark\" tabindex=\"-1\" aria-hidden=\"true\"><img fetchpriority=\"high\" decoding=\"async\" width=\"800\" height=\"534\" src=\"https:\/\/centrumjudaicum.de\/wp-content\/uploads\/2026\/02\/Plakat-Filmreihe-VonBerlin-nach-Holywood-23-1-1024x683.jpeg\" class=\"attachment-large size-large wp-post-image\" alt=\"\" \/><\/a>\n<\/div>\n\t<div class=\"tribe-related-event-info\">\n\t<h3 class=\"tribe-related-events-title\">\n\t\t<a href=\"https:\/\/centrumjudaicum.de\/en\/veranstaltung\/von-berlin-nach-hollywoodgrand-hotel-1932-omu-urania\/\" class=\"tribe-event-url\" rel=\"bookmark\">\n\t\t\tVon Berlin nach Hollywood<br>Grand Hotel (1932) OmU- Urania\t\t<\/a>\n\t<\/h3>\n\t<span class=\"tribe-event-date-start\">28. April 2026-19:30<\/span> &#8211; <span class=\"tribe-event-time\">23:00<\/span><\/div>\n<\/li>\n\t\t\t<li>\n\t\n<div class=\"tribe-related-events-thumbnail\">\n\t<a href=\"https:\/\/centrumjudaicum.de\/en\/veranstaltung\/von-berlin-nach-hollywood-hotel-berlin-1945-omu\/\" class=\"url\" rel=\"bookmark\" tabindex=\"-1\" aria-hidden=\"true\"><img fetchpriority=\"high\" decoding=\"async\" width=\"800\" height=\"534\" src=\"https:\/\/centrumjudaicum.de\/wp-content\/uploads\/2026\/02\/Plakat-Filmreihe-VonBerlin-nach-Holywood-23-1-1024x683.jpeg\" class=\"attachment-large size-large wp-post-image\" alt=\"\" \/><\/a>\n<\/div>\n\t<div class=\"tribe-related-event-info\">\n\t<h3 class=\"tribe-related-events-title\">\n\t\t<a href=\"https:\/\/centrumjudaicum.de\/en\/veranstaltung\/von-berlin-nach-hollywood-hotel-berlin-1945-omu\/\" class=\"tribe-event-url\" rel=\"bookmark\">\n\t\t\tVon Berlin nach Hollywood <br>Hotel Berlin (1945) OmU &#8211; JFBB\t\t<\/a>\n\t<\/h3>\n\t<span class=\"tribe-event-date-start\">10. May 2026-18:00<\/span> &#8211; <span class=\"tribe-event-time\">21:30<\/span><\/div>\n<\/li>\n\t\t\t<li>\n\t\n<div class=\"tribe-related-events-thumbnail\">\n\t<a href=\"https:\/\/centrumjudaicum.de\/en\/veranstaltung\/gedenktag-scheunenviertelpogrom-1923\/\" class=\"url\" rel=\"bookmark\" tabindex=\"-1\" aria-hidden=\"true\"><img decoding=\"async\" width=\"600\" height=\"400\" src=\"https:\/\/centrumjudaicum.de\/wp-content\/uploads\/2025\/09\/Gedenktag.png\" class=\"attachment-large size-large wp-post-image\" alt=\"\" \/><\/a>\n<\/div>\n\t<div class=\"tribe-related-event-info\">\n\t<h3 class=\"tribe-related-events-title\">\n\t\t<a href=\"https:\/\/centrumjudaicum.de\/en\/veranstaltung\/gedenktag-scheunenviertelpogrom-1923\/\" class=\"tribe-event-url\" rel=\"bookmark\">\n\t\t\tGedenktag <br>Scheunenviertelpogrom 1923\t\t<\/a>\n\t<\/h3>\n\t<span class=\"tribe-event-date-start\">1. November 2026-12:00<\/span> &#8211; <span class=\"tribe-event-time\">13:30<\/span><\/div>\n<\/li>\n\t<\/ul>\n\n\n\n\n\n<p><\/p>","protected":false},"excerpt":{"rendered":"<p>Ein Rabbiner der 38. Generation hinterfragt sein orthodoxesErbe, wird Drag Queen und gr\u00fcndet eine inklusive, rebellische Glaubensgemeinschaft. Podium in englischer Sprache mit Dani Kranz und Sandi DuBowski et al. Der [&hellip;]<\/p>\n","protected":false},"author":3,"featured_media":26761,"template":"","meta":{"_tec_requires_first_save":false,"_price":"","_stock":"","_tribe_ticket_header":"","_tribe_default_ticket_provider":"TEC\\Tickets\\Commerce\\Module","_tribe_ticket_capacity":"","_ticket_start_date":"","_ticket_end_date":"","_tribe_ticket_show_description":"","_tribe_ticket_show_not_going":false,"_tribe_ticket_use_global_stock":"","_tribe_ticket_global_stock_level":"","_global_stock_mode":"","_global_stock_cap":"","_tribe_rsvp_for_event":"","_tribe_ticket_going_count":"","_tribe_ticket_not_going_count":"","_tribe_tickets_list":"[]","_tribe_ticket_has_attendee_info_fields":false,"_EventAllDay":false,"_EventTimezone":"Europe\/Berlin","_EventStartDate":"2026-05-09 19:30:00","_EventEndDate":"2026-05-09 22:30:00","_EventStartDateUTC":"2026-05-09 17:30:00","_EventEndDateUTC":"2026-05-09 20:30:00","_EventShowMap":false,"_EventShowMapLink":false,"_EventURL":"https:\/\/uraniaberlin.reservix.de\/p\/reservix\/event\/2551140https:\/\/uraniaberlin.reservix.de\/p\/reservix\/event\/2551140","_EventCost":"Kostenlos","_EventCostDescription":"","_EventCurrencySymbol":"\u20ac","_EventCurrencyCode":"USD","_EventCurrencyPosition":"suffix","_EventDateTimeSeparator":"-","_EventTimeRangeSeparator":" - ","_EventOrganizerID":[],"_EventVenueID":[24134],"_OrganizerEmail":"","_OrganizerPhone":"","_OrganizerWebsite":"","_VenueAddress":"","_VenueCity":"","_VenueCountry":"","_VenueProvince":"","_VenueState":"","_VenueZip":"","_VenuePhone":"","_VenueURL":"","_VenueStateProvince":"","_VenueLat":"","_VenueLng":"","_VenueShowMap":false,"_VenueShowMapLink":false,"_tribe_blocks_recurrence_rules":"","_tribe_blocks_recurrence_description":"","_tribe_blocks_recurrence_exclusions":"","_tribe_events_status":"","_tribe_events_status_reason":"","_tribe_events_is_hybrid":"","_tribe_events_is_virtual":"","_tribe_events_virtual_video_source":"","_tribe_events_virtual_embed_video":"","_tribe_events_virtual_linked_button_text":"","_tribe_events_virtual_linked_button":"","_tribe_events_virtual_show_embed_at":"","_tribe_events_virtual_show_embed_to":[],"_tribe_events_virtual_show_on_event":"","_tribe_events_virtual_show_on_views":"","_tribe_events_virtual_url":"","footnotes":"","_tec_slr_enabled":"","_tec_slr_layout":""},"tags":[],"tribe_events_cat":[206,169],"class_list":["post-26758","tribe_events","type-tribe_events","status-publish","has-post-thumbnail","hentry","tribe_events_cat-diskussion","tribe_events_cat-filmvorfuehrung","cat_diskussion","cat_filmvorfuehrung"],"yoast_head":"<!-- This site is optimized with the Yoast SEO Premium plugin v26.1 (Yoast SEO v27.4) - https:\/\/yoast.com\/product\/yoast-seo-premium-wordpress\/ -->\n<title>Sabbath Queen (OmU) - Urania - Centrum Judaicum<\/title>\n<meta name=\"robots\" content=\"index, follow, max-snippet:-1, max-image-preview:large, max-video-preview:-1\" \/>\n<link rel=\"canonical\" href=\"https:\/\/centrumjudaicum.de\/en\/veranstaltung\/sabbath-queen-omu-urania\/\" \/>\n<meta property=\"og:locale\" content=\"en_US\" \/>\n<meta property=\"og:type\" content=\"article\" \/>\n<meta property=\"og:title\" content=\"Sabbath Queen (OmU) - Urania\" \/>\n<meta property=\"og:description\" content=\"Ein Rabbiner der 38. Generation hinterfragt sein orthodoxesErbe, wird Drag Queen und gr\u00fcndet eine inklusive, rebellische Glaubensgemeinschaft. Podium in englischer Sprache mit Dani Kranz und Sandi DuBowski et al. Der [&hellip;]\" \/>\n<meta property=\"og:url\" content=\"https:\/\/centrumjudaicum.de\/en\/veranstaltung\/sabbath-queen-omu-urania\/\" \/>\n<meta property=\"og:site_name\" content=\"Centrum Judaicum\" \/>\n<meta property=\"article:modified_time\" content=\"2026-04-20T12:48:53+00:00\" \/>\n<meta property=\"og:image\" content=\"https:\/\/centrumjudaicum.de\/wp-content\/uploads\/2026\/04\/Shabbat-Queen.png\" \/>\n\t<meta property=\"og:image:width\" content=\"1200\" \/>\n\t<meta property=\"og:image:height\" content=\"800\" \/>\n\t<meta property=\"og:image:type\" content=\"image\/png\" \/>\n<meta name=\"twitter:card\" content=\"summary_large_image\" \/>\n<meta name=\"twitter:label1\" content=\"Est. reading time\" \/>\n\t<meta name=\"twitter:data1\" content=\"2 minutes\" \/>\n<script type=\"application\/ld+json\" class=\"yoast-schema-graph\">{\"@context\":\"https:\\\/\\\/schema.org\",\"@graph\":[{\"@type\":\"WebPage\",\"@id\":\"https:\\\/\\\/centrumjudaicum.de\\\/veranstaltung\\\/sabbath-queen-omu-urania\\\/\",\"url\":\"https:\\\/\\\/centrumjudaicum.de\\\/veranstaltung\\\/sabbath-queen-omu-urania\\\/\",\"name\":\"Sabbath Queen (OmU) - Urania - Centrum Judaicum\",\"isPartOf\":{\"@id\":\"https:\\\/\\\/centrumjudaicum.de\\\/#website\"},\"primaryImageOfPage\":{\"@id\":\"https:\\\/\\\/centrumjudaicum.de\\\/veranstaltung\\\/sabbath-queen-omu-urania\\\/#primaryimage\"},\"image\":{\"@id\":\"https:\\\/\\\/centrumjudaicum.de\\\/veranstaltung\\\/sabbath-queen-omu-urania\\\/#primaryimage\"},\"thumbnailUrl\":\"https:\\\/\\\/centrumjudaicum.de\\\/wp-content\\\/uploads\\\/2026\\\/04\\\/Shabbat-Queen.png\",\"datePublished\":\"2026-04-20T12:44:24+00:00\",\"dateModified\":\"2026-04-20T12:48:53+00:00\",\"breadcrumb\":{\"@id\":\"https:\\\/\\\/centrumjudaicum.de\\\/veranstaltung\\\/sabbath-queen-omu-urania\\\/#breadcrumb\"},\"inLanguage\":\"en-US\",\"potentialAction\":[{\"@type\":\"ReadAction\",\"target\":[\"https:\\\/\\\/centrumjudaicum.de\\\/veranstaltung\\\/sabbath-queen-omu-urania\\\/\"]}]},{\"@type\":\"ImageObject\",\"inLanguage\":\"en-US\",\"@id\":\"https:\\\/\\\/centrumjudaicum.de\\\/veranstaltung\\\/sabbath-queen-omu-urania\\\/#primaryimage\",\"url\":\"https:\\\/\\\/centrumjudaicum.de\\\/wp-content\\\/uploads\\\/2026\\\/04\\\/Shabbat-Queen.png\",\"contentUrl\":\"https:\\\/\\\/centrumjudaicum.de\\\/wp-content\\\/uploads\\\/2026\\\/04\\\/Shabbat-Queen.png\",\"width\":1200,\"height\":800},{\"@type\":\"BreadcrumbList\",\"@id\":\"https:\\\/\\\/centrumjudaicum.de\\\/veranstaltung\\\/sabbath-queen-omu-urania\\\/#breadcrumb\",\"itemListElement\":[{\"@type\":\"ListItem\",\"position\":1,\"name\":\"Home\",\"item\":\"https:\\\/\\\/centrumjudaicum.de\\\/\"},{\"@type\":\"ListItem\",\"position\":2,\"name\":\"Veranstaltungen\",\"item\":\"https:\\\/\\\/centrumjudaicum.de\\\/veranstaltungen\\\/\"},{\"@type\":\"ListItem\",\"position\":3,\"name\":\"Sabbath Queen (OmU) &#8211; Urania\"}]},{\"@type\":\"WebSite\",\"@id\":\"https:\\\/\\\/centrumjudaicum.de\\\/#website\",\"url\":\"https:\\\/\\\/centrumjudaicum.de\\\/\",\"name\":\"Centrum Judaicum\",\"description\":\"\",\"publisher\":{\"@id\":\"https:\\\/\\\/centrumjudaicum.de\\\/#organization\"},\"potentialAction\":[{\"@type\":\"SearchAction\",\"target\":{\"@type\":\"EntryPoint\",\"urlTemplate\":\"https:\\\/\\\/centrumjudaicum.de\\\/?s={search_term_string}\"},\"query-input\":{\"@type\":\"PropertyValueSpecification\",\"valueRequired\":true,\"valueName\":\"search_term_string\"}}],\"inLanguage\":\"en-US\"},{\"@type\":\"Organization\",\"@id\":\"https:\\\/\\\/centrumjudaicum.de\\\/#organization\",\"name\":\"Centrum Judaicum\",\"url\":\"https:\\\/\\\/centrumjudaicum.de\\\/\",\"logo\":{\"@type\":\"ImageObject\",\"inLanguage\":\"en-US\",\"@id\":\"https:\\\/\\\/centrumjudaicum.de\\\/#\\\/schema\\\/logo\\\/image\\\/\",\"url\":\"https:\\\/\\\/centrumjudaicum.de\\\/wp-content\\\/uploads\\\/2022\\\/10\\\/Logo_Stiftung_Neue_Synagoge_Berlin_Gold_.png\",\"contentUrl\":\"https:\\\/\\\/centrumjudaicum.de\\\/wp-content\\\/uploads\\\/2022\\\/10\\\/Logo_Stiftung_Neue_Synagoge_Berlin_Gold_.png\",\"width\":1188,\"height\":409,\"caption\":\"Centrum Judaicum\"},\"image\":{\"@id\":\"https:\\\/\\\/centrumjudaicum.de\\\/#\\\/schema\\\/logo\\\/image\\\/\"}}]}<\/script>\n<!-- \/ Yoast SEO Premium plugin. -->","yoast_head_json":{"title":"Sabbath Queen (OmU) - Urania - Centrum Judaicum","robots":{"index":"index","follow":"follow","max-snippet":"max-snippet:-1","max-image-preview":"max-image-preview:large","max-video-preview":"max-video-preview:-1"},"canonical":"https:\/\/centrumjudaicum.de\/en\/veranstaltung\/sabbath-queen-omu-urania\/","og_locale":"en_US","og_type":"article","og_title":"Sabbath Queen (OmU) - Urania","og_description":"Ein Rabbiner der 38. Generation hinterfragt sein orthodoxesErbe, wird Drag Queen und gr\u00fcndet eine inklusive, rebellische Glaubensgemeinschaft. Podium in englischer Sprache mit Dani Kranz und Sandi DuBowski et al. Der [&hellip;]","og_url":"https:\/\/centrumjudaicum.de\/en\/veranstaltung\/sabbath-queen-omu-urania\/","og_site_name":"Centrum Judaicum","article_modified_time":"2026-04-20T12:48:53+00:00","og_image":[{"width":1200,"height":800,"url":"https:\/\/centrumjudaicum.de\/wp-content\/uploads\/2026\/04\/Shabbat-Queen.png","type":"image\/png"}],"twitter_card":"summary_large_image","twitter_misc":{"Est. reading time":"2 minutes"},"schema":{"@context":"https:\/\/schema.org","@graph":[{"@type":"WebPage","@id":"https:\/\/centrumjudaicum.de\/veranstaltung\/sabbath-queen-omu-urania\/","url":"https:\/\/centrumjudaicum.de\/veranstaltung\/sabbath-queen-omu-urania\/","name":"Sabbath Queen (OmU) - Urania - Centrum Judaicum","isPartOf":{"@id":"https:\/\/centrumjudaicum.de\/#website"},"primaryImageOfPage":{"@id":"https:\/\/centrumjudaicum.de\/veranstaltung\/sabbath-queen-omu-urania\/#primaryimage"},"image":{"@id":"https:\/\/centrumjudaicum.de\/veranstaltung\/sabbath-queen-omu-urania\/#primaryimage"},"thumbnailUrl":"https:\/\/centrumjudaicum.de\/wp-content\/uploads\/2026\/04\/Shabbat-Queen.png","datePublished":"2026-04-20T12:44:24+00:00","dateModified":"2026-04-20T12:48:53+00:00","breadcrumb":{"@id":"https:\/\/centrumjudaicum.de\/veranstaltung\/sabbath-queen-omu-urania\/#breadcrumb"},"inLanguage":"en-US","potentialAction":[{"@type":"ReadAction","target":["https:\/\/centrumjudaicum.de\/veranstaltung\/sabbath-queen-omu-urania\/"]}]},{"@type":"ImageObject","inLanguage":"en-US","@id":"https:\/\/centrumjudaicum.de\/veranstaltung\/sabbath-queen-omu-urania\/#primaryimage","url":"https:\/\/centrumjudaicum.de\/wp-content\/uploads\/2026\/04\/Shabbat-Queen.png","contentUrl":"https:\/\/centrumjudaicum.de\/wp-content\/uploads\/2026\/04\/Shabbat-Queen.png","width":1200,"height":800},{"@type":"BreadcrumbList","@id":"https:\/\/centrumjudaicum.de\/veranstaltung\/sabbath-queen-omu-urania\/#breadcrumb","itemListElement":[{"@type":"ListItem","position":1,"name":"Home","item":"https:\/\/centrumjudaicum.de\/"},{"@type":"ListItem","position":2,"name":"Veranstaltungen","item":"https:\/\/centrumjudaicum.de\/veranstaltungen\/"},{"@type":"ListItem","position":3,"name":"Sabbath Queen (OmU) &#8211; Urania"}]},{"@type":"WebSite","@id":"https:\/\/centrumjudaicum.de\/#website","url":"https:\/\/centrumjudaicum.de\/","name":"Centrum Judaicum","description":"","publisher":{"@id":"https:\/\/centrumjudaicum.de\/#organization"},"potentialAction":[{"@type":"SearchAction","target":{"@type":"EntryPoint","urlTemplate":"https:\/\/centrumjudaicum.de\/?s={search_term_string}"},"query-input":{"@type":"PropertyValueSpecification","valueRequired":true,"valueName":"search_term_string"}}],"inLanguage":"en-US"},{"@type":"Organization","@id":"https:\/\/centrumjudaicum.de\/#organization","name":"Centrum Judaicum","url":"https:\/\/centrumjudaicum.de\/","logo":{"@type":"ImageObject","inLanguage":"en-US","@id":"https:\/\/centrumjudaicum.de\/#\/schema\/logo\/image\/","url":"https:\/\/centrumjudaicum.de\/wp-content\/uploads\/2022\/10\/Logo_Stiftung_Neue_Synagoge_Berlin_Gold_.png","contentUrl":"https:\/\/centrumjudaicum.de\/wp-content\/uploads\/2022\/10\/Logo_Stiftung_Neue_Synagoge_Berlin_Gold_.png","width":1188,"height":409,"caption":"Centrum Judaicum"},"image":{"@id":"https:\/\/centrumjudaicum.de\/#\/schema\/logo\/image\/"}}]}},"ticketed":false,"_links":{"self":[{"href":"https:\/\/centrumjudaicum.de\/en\/wp-json\/wp\/v2\/tribe_events\/26758","targetHints":{"allow":["GET"]}}],"collection":[{"href":"https:\/\/centrumjudaicum.de\/en\/wp-json\/wp\/v2\/tribe_events"}],"about":[{"href":"https:\/\/centrumjudaicum.de\/en\/wp-json\/wp\/v2\/types\/tribe_events"}],"author":[{"embeddable":true,"href":"https:\/\/centrumjudaicum.de\/en\/wp-json\/wp\/v2\/users\/3"}],"version-history":[{"count":1,"href":"https:\/\/centrumjudaicum.de\/en\/wp-json\/wp\/v2\/tribe_events\/26758\/revisions"}],"predecessor-version":[{"id":26760,"href":"https:\/\/centrumjudaicum.de\/en\/wp-json\/wp\/v2\/tribe_events\/26758\/revisions\/26760"}],"wp:featuredmedia":[{"embeddable":true,"href":"https:\/\/centrumjudaicum.de\/en\/wp-json\/wp\/v2\/media\/26761"}],"wp:attachment":[{"href":"https:\/\/centrumjudaicum.de\/en\/wp-json\/wp\/v2\/media?parent=26758"}],"wp:term":[{"taxonomy":"post_tag","embeddable":true,"href":"https:\/\/centrumjudaicum.de\/en\/wp-json\/wp\/v2\/tags?post=26758"},{"taxonomy":"tribe_events_cat","embeddable":true,"href":"https:\/\/centrumjudaicum.de\/en\/wp-json\/wp\/v2\/tribe_events_cat?post=26758"}],"curies":[{"name":"wp","href":"https:\/\/api.w.org\/{rel}","templated":true}]}}