{"id":27236,"date":"2026-08-31T12:06:10","date_gmt":"2026-08-31T10:06:10","guid":{"rendered":"https:\/\/centrumjudaicum.de\/?post_type=tribe_events&#038;p=27236"},"modified":"2026-08-31T12:06:12","modified_gmt":"2026-08-31T10:06:12","slug":"kuratorenfuehrung-durch-forms-of-alignment-mit-daniel-laufer","status":"publish","type":"tribe_events","link":"https:\/\/centrumjudaicum.de\/en\/veranstaltung\/kuratorenfuehrung-durch-forms-of-alignment-mit-daniel-laufer\/","title":{"rendered":"Kuratorenf\u00fchrung durch \u201eForms of Alignment\u201c mit Daniel Laufer"},"content":{"rendered":"<div class=\"taxonomy-tribe_events_cat wp-block-post-terms\"><a href=\"https:\/\/centrumjudaicum.de\/en\/veranstaltungen\/category\/fuehrung\/\" rel=\"tag\">F\u00fchrung<\/a><\/div>\n\n<div  class=\"tribe-events-schedule tribe-clearfix\" >\n\t<p class=\"tribe-events-schedule__datetime\">\n\t\t<span class=\"tribe-events-schedule__date tribe-events-schedule__date--start\">\n\t\t\t17. November 2026\t\t<\/span>\n\n\t\t\t\t\t<span class=\"tribe-events-schedule__separator tribe-events-schedule__separator--date\">\n\t\t\t\t&#8211;\t\t\t<\/span>\n\t\t\t<span class=\"tribe-events-schedule__time tribe-events-schedule__time--start\">\n\t\t\t\t16:30\t\t\t<\/span>\n\t\t\n\t\t\t\t\t\t\t\t\t<span class=\"tribe-events-schedule__separator tribe-events-schedule__separator--time\">\n\t\t\t\t\t &#8211; \t\t\t\t<\/span>\n\t\t\t\n\t\t\t\t\t\t\t<span class=\"tribe-events-schedule__time tribe-events-schedule__time--end\">\n\t\t\t\t\t17:30\t\t\t\t<\/span>\n\t\t\t\n\t\t\t\t\t\t<\/p>\n<\/div>\n\n\n\n<p class=\"wp-block-paragraph\"><em>in Kooperation mit der Stiftung Neue Synagoge Berlin \u2013 Centrum Judaicum, Dagesh \u2013 J\u00fcdische Kunst im Kontext und den J\u00fcdischen Kulturtagen<\/em>, <\/p>\n\n\n\n<p class=\"wp-block-paragraph\">Forms of Alignment bringt f\u00fcnf k\u00fcnstlerische Positionen im Museum der Neuen Synagoge zusammen. Die von Daniel Laufer und Constanze Murfitt kuratierte Ausstellung erkundet Beziehungen \u2013 zwischen Kunstwerken, Menschen, Materialien, Raum und Zeit. Im Mittelpunkt steht nicht das Einzelne, sondern das, was dazwischen entsteht: Ann\u00e4herungen, Spannungen, Resonanzen und neue Blickachsen.<\/p>\n\n\n\n<p class=\"wp-block-paragraph\">Im Dialog mit dem historischen Ort ver\u00e4ndern sich die Werke \u2013 und mit ihnen die Wahrnehmung der Besucher:innen. Forms of Alignment l\u00e4dt dazu ein, Unterschiede nicht als Trennung, sondern als Ausgangspunkt von Beziehungen zu erleben.<\/p>\n\n\n\n<p class=\"wp-block-paragraph\">Mit Arbeiten von Jason Hendrik Hansma, Michaela Meise, Katja Pilipenko, Ariel Schlesinger und Claudia Wieser.<\/p>\n\n\n\n<div class=\"wp-block-buttons is-content-justification-right is-layout-flex wp-container-core-buttons-is-layout-b507c051 wp-block-buttons-is-layout-flex\">\n<div class=\"wp-block-button\"><a class=\"wp-block-button__link has-white-color has-black-background-color has-text-color has-background has-link-color wp-element-button\">Anmeldung<\/a><\/div>\n<\/div>\n\n\n<div  class=\"tribe-block tribe-block__event-price\" >\n\t\t\t<span class=\"tribe-block__event-price__cost\"> Free <\/span>\n\t\t\t\t<span class=\"tribe-block__event-price__description\">Kostenlos<\/span>\n\t<\/div>\n\n\n<div  class=\"tribe-block tribe-block__organizer__details tribe-clearfix\" >\n\t<div class=\"tribe-block__organizer__title\">\n\t\t<h3><a href=\"https:\/\/centrumjudaicum.de\/en\/organizer\/stiftung-neue-synagoge-berlin-centrum-judaicum-2\/\" title=\"Stiftung Neue Synagoge Berlin &#8211; Centrum Judaicum\" target=\"_self\" rel=\"\">New Synagogue Berlin Foundation \u2013 Centrum Judaicum<\/a><\/h3>\n\t<\/div>\n\t\t\t<\/div>\n\n\n<div  class=\"tribe-block tribe-block__venue tribe-clearfix\" >\n\t\n\t\t\n\t<\/div>\n\n\n\n\n\t<div  class=\"tribe-block tribe-block__events-link\" >\n\t\t<div class=\"tribe-events tribe-common\">\n\t\t\t<div class=\"tribe-events-c-subscribe-dropdown__container\">\n\t\t\t\t<div class=\"tribe-events-c-subscribe-dropdown\">\n\t\t\t\t\t<div class=\"tribe-common-c-btn-border tribe-events-c-subscribe-dropdown__button\">\n\t\t\t\t\t\t<svg\n\t class=\"tribe-common-c-svgicon tribe-common-c-svgicon--cal-export tribe-events-c-subscribe-dropdown__export-icon\" \taria-hidden=\"true\"\n\tviewbox=\"0 0 23 17\"\n\txmlns=\"http:\/\/www.w3.org\/2000\/svg\"\n>\n\t<path fill-rule=\"evenodd\" clip-rule=\"evenodd\" d=\"M.128.896V16.13c0 .211.145.383.323.383h15.354c.179 0 .323-.172.323-.383V.896c0-.212-.144-.383-.323-.383H.451C.273.513.128.684.128.896Zm16 6.742h-.901V4.679H1.009v10.729h14.218v-3.336h.901V7.638ZM1.01 1.614h14.218v2.058H1.009V1.614Z\" \/>\n\t<path d=\"M20.5 9.846H8.312M18.524 6.953l2.89 2.909-2.855 2.855\" stroke-width=\"1.2\" stroke-linecap=\"round\" stroke-linejoin=\"round\"\/>\n<\/svg>\n\t\t\t\t\t\t<button\n\t\t\t\t\t\t\tclass=\"tribe-events-c-subscribe-dropdown__button-text\"\n\t\t\t\t\t\t\taria-expanded=\"false\"\n\t\t\t\t\t\t\taria-controls=\"tribe-events-subscribe-dropdown-content\"\n\t\t\t\t\t\t\taria-label=\"View links to add events to your calendar\"\n\t\t\t\t\t\t>\n\t\t\t\t\t\t\tAdd to calendar\t\t\t\t\t\t<\/button>\n\t\t\t\t\t\t<svg\n\t class=\"tribe-common-c-svgicon tribe-common-c-svgicon--caret-down tribe-events-c-subscribe-dropdown__button-icon\" \taria-hidden=\"true\"\n\tviewbox=\"0 0 10 7\"\n\txmlns=\"http:\/\/www.w3.org\/2000\/svg\"\n>\n\t<path fill-rule=\"evenodd\" clip-rule=\"evenodd\" d=\"M1.008.609L5 4.6 8.992.61l.958.958L5 6.517.05 1.566l.958-.958z\" class=\"tribe-common-c-svgicon__svg-fill\"\/>\n<\/svg>\n\t\t\t\t\t<\/div>\n\t\t\t\t\t<div id=\"tribe-events-subscribe-dropdown-content\" class=\"tribe-events-c-subscribe-dropdown__content\">\n\t\t\t\t\t\t<ul class=\"tribe-events-c-subscribe-dropdown__list\">\n\t\t\t\t\t\t\t\t\t\t\t\t\t\t\t<li class=\"tribe-events-c-subscribe-dropdown__list-item tribe-events-c-subscribe-dropdown__list-item--gcal\">\n\t\t\t\t\t\t\t\t\t<a\n\t\t\t\t\t\t\t\t\t\thref=\"https:\/\/www.google.com\/calendar\/event?action=TEMPLATE&#038;dates=20261117T163000\/20261117T173000&#038;text=Kuratorenf%C3%BChrung%20durch%20%E2%80%9EForms%20of%20Alignment%E2%80%9C%20mit%20Daniel%20Laufer&#038;details=%3Cp%3E%3Cem%3Ein+Kooperation+mit+der+Stiftung+Neue+Synagoge+Berlin+%E2%80%93+Centrum+Judaicum%2C+Dagesh+%E2%80%93+J%C3%BCdische+Kunst+im+Kontext+und+den+J%C3%BCdischen+Kulturtagen%3C%2Fem%3E%2C+%3C%2Fp%3E+%3Cp%3EForms+of+Alignment+bringt+f%C3%BCnf+k%C3%BCnstlerische+Positionen+im+Museum+der+Neuen+Synagoge+zusammen.+Die+von+Daniel+Laufer+und+Constanze+Murfitt+kuratierte+Ausstellung+erkundet+Beziehungen+%E2%80%93+zwischen+Kunstwerken%2C+Menschen%2C+Materialien%2C+Raum+und+Zeit.+Im+Mittelpunkt+steht+nicht+das+Einzelne%2C+sondern+das%2C+was+dazwischen+entsteht%3A+Ann%C3%A4herungen%2C+Spannungen%2C+Resonanzen+und+neue+Blickachsen.%3C%2Fp%3E+%3Cp%3EIm+Dialog+mit+dem+historischen+Ort+ver%C3%A4ndern+sich+die+Werke+%E2%80%93+und+mit+ihnen+die+Wahrnehmung+der+Besucher%3Ainnen.+Forms+of+Alignment+l%C3%A4dt+dazu+ein%2C+Unterschiede+nicht+als+Trennung%2C+sondern+als+Ausgangspunkt+von+Beziehungen+zu+erleben.%3C%2Fp%3E+%3Cp%3EMit+Arbeiten+von+Jason+Hendrik+Hansma%2C+Michaela+Meise%2C+Katja+Pilipenko%2C+Ariel+Schlesinger+und+Claudia+Wieser.%3C%2Fp%3E+%3Cdiv+class%3D%22wp-block-buttons%22%3E%3Cdiv+class%3D%22wp-block-butto%3C%2Fdiv%3E+%28View+Full+event+Description+Here%3A+https%3A%2F%2Fcentrumjudaicum.de%2Fen%2Fveranstaltung%2Fkuratorenfuehrung-durch-forms-of-alignment-mit-daniel-laufer%2F%29&#038;trp=false&#038;ctz=Europe\/Berlin&#038;sprop=website:https:\/\/centrumjudaicum.de\/en\"\n\t\t\t\t\t\t\t\t\t\tclass=\"tribe-events-c-subscribe-dropdown__list-item-link\"\n\t\t\t\t\t\t\t\t\t\ttarget=\"_blank\"\n\t\t\t\t\t\t\t\t\t\trel=\"noopener noreferrer nofollow noindex\"\n\t\t\t\t\t\t\t\t\t>\n\t\t\t\t\t\t\t\t\t\tGoogle Calendar\t\t\t\t\t\t\t\t\t<\/a>\n\t\t\t\t\t\t\t\t<\/li>\n\t\t\t\t\t\t\t\t\t\t\t\t\t\t\t<li class=\"tribe-events-c-subscribe-dropdown__list-item tribe-events-c-subscribe-dropdown__list-item--ical\">\n\t\t\t\t\t\t\t\t\t<a\n\t\t\t\t\t\t\t\t\t\thref=\"\"\n\t\t\t\t\t\t\t\t\t\tclass=\"tribe-events-c-subscribe-dropdown__list-item-link\"\n\t\t\t\t\t\t\t\t\t\ttarget=\"_blank\"\n\t\t\t\t\t\t\t\t\t\trel=\"noopener noreferrer nofollow noindex\"\n\t\t\t\t\t\t\t\t\t>\n\t\t\t\t\t\t\t\t\t\tiCalendar\t\t\t\t\t\t\t\t\t<\/a>\n\t\t\t\t\t\t\t\t<\/li>\n\t\t\t\t\t\t\t\t\t\t\t\t\t\t\t<li class=\"tribe-events-c-subscribe-dropdown__list-item tribe-events-c-subscribe-dropdown__list-item--outlook-365\">\n\t\t\t\t\t\t\t\t\t<a\n\t\t\t\t\t\t\t\t\t\thref=\"\"\n\t\t\t\t\t\t\t\t\t\tclass=\"tribe-events-c-subscribe-dropdown__list-item-link\"\n\t\t\t\t\t\t\t\t\t\ttarget=\"_blank\"\n\t\t\t\t\t\t\t\t\t\trel=\"noopener noreferrer nofollow noindex\"\n\t\t\t\t\t\t\t\t\t>\n\t\t\t\t\t\t\t\t\t\tOutlook 365\t\t\t\t\t\t\t\t\t<\/a>\n\t\t\t\t\t\t\t\t<\/li>\n\t\t\t\t\t\t\t\t\t\t\t\t\t\t\t<li class=\"tribe-events-c-subscribe-dropdown__list-item tribe-events-c-subscribe-dropdown__list-item--outlook-live\">\n\t\t\t\t\t\t\t\t\t<a\n\t\t\t\t\t\t\t\t\t\thref=\"\"\n\t\t\t\t\t\t\t\t\t\tclass=\"tribe-events-c-subscribe-dropdown__list-item-link\"\n\t\t\t\t\t\t\t\t\t\ttarget=\"_blank\"\n\t\t\t\t\t\t\t\t\t\trel=\"noopener noreferrer nofollow noindex\"\n\t\t\t\t\t\t\t\t\t>\n\t\t\t\t\t\t\t\t\t\tOutlook Live\t\t\t\t\t\t\t\t\t<\/a>\n\t\t\t\t\t\t\t\t<\/li>\n\t\t\t\t\t\t\t\t\t\t\t\t\t<\/ul>\n\t\t\t\t\t<\/div>\n\t\t\t\t<\/div>\n\t\t\t<\/div>\n\t\t<\/div>\n\t<\/div>\n\n\n\n<h2 class=\"tribe-block__related-events__title\">Related Events<\/h2>\n\n<ul  class=\"tribe-related-events tribe-clearfix\" >\n\t\t\t<li>\n\t\n<div class=\"tribe-related-events-thumbnail\">\n\t<a href=\"https:\/\/centrumjudaicum.de\/en\/veranstaltung\/jewish-mitte-berlinmascha-kalekos-anfang-in-berlin\/\" class=\"url\" rel=\"bookmark\" tabindex=\"-1\" aria-hidden=\"true\"><img fetchpriority=\"high\" decoding=\"async\" width=\"800\" height=\"600\" src=\"https:\/\/centrumjudaicum.de\/wp-content\/uploads\/2026\/07\/MAp-Fuehrungen-Cover-Website-6.png\" class=\"attachment-large size-large wp-post-image\" alt=\"Mascha Kaleikos Anfang in Berlin\" \/><\/a>\n<\/div>\n\t<div class=\"tribe-related-event-info\">\n\t<h3 class=\"tribe-related-events-title\">\n\t\t<a href=\"https:\/\/centrumjudaicum.de\/en\/veranstaltung\/jewish-mitte-berlinmascha-kalekos-anfang-in-berlin\/\" class=\"tribe-event-url\" rel=\"bookmark\">\n\t\t\tJewish Mitte Berlin<br>Mascha Kal\u00e9kos Anfang in Berlin\t\t<\/a>\n\t<\/h3>\n\t<span class=\"tribe-event-date-start\">6. September 2026-11:00<\/span> &#8211; <span class=\"tribe-event-time\">13:00<\/span><\/div>\n<\/li>\n\t\t\t<li>\n\t\n<div class=\"tribe-related-events-thumbnail\">\n\t<a href=\"https:\/\/centrumjudaicum.de\/en\/veranstaltung\/abdruecke-der-geschichte-einblicke-in-zwei-juedische-sammlungen\/\" class=\"url\" rel=\"bookmark\" tabindex=\"-1\" aria-hidden=\"true\"><img decoding=\"async\" width=\"800\" height=\"600\" src=\"https:\/\/centrumjudaicum.de\/wp-content\/uploads\/2026\/07\/Cover-Website-6.9.png\" class=\"attachment-large size-large wp-post-image\" alt=\"\" \/><\/a>\n<\/div>\n\t<div class=\"tribe-related-event-info\">\n\t<h3 class=\"tribe-related-events-title\">\n\t\t<a href=\"https:\/\/centrumjudaicum.de\/en\/veranstaltung\/abdruecke-der-geschichte-einblicke-in-zwei-juedische-sammlungen\/\" class=\"tribe-event-url\" rel=\"bookmark\">\n\t\t\tAbdr\u00fccke der Geschichte &#8211;<br>Einblicke in zwei j\u00fcdische Sammlungen\t\t<\/a>\n\t<\/h3>\n\t<span class=\"tribe-event-date-start\">6. September 2026-14:00<\/span> &#8211; <span class=\"tribe-event-time\">16:00<\/span><\/div>\n<\/li>\n\t\t\t<li>\n\t\n<div class=\"tribe-related-events-thumbnail\">\n\t<a href=\"https:\/\/centrumjudaicum.de\/en\/veranstaltung\/jewish-mitte-berlinmascha-kalekos-first-years-in-berlin\/\" class=\"url\" rel=\"bookmark\" tabindex=\"-1\" aria-hidden=\"true\"><img decoding=\"async\" width=\"800\" height=\"600\" src=\"https:\/\/centrumjudaicum.de\/wp-content\/uploads\/2026\/07\/MAp-Fuehrungen-Cover-Website-7.png\" class=\"attachment-large size-large wp-post-image\" alt=\"\" \/><\/a>\n<\/div>\n\t<div class=\"tribe-related-event-info\">\n\t<h3 class=\"tribe-related-events-title\">\n\t\t<a href=\"https:\/\/centrumjudaicum.de\/en\/veranstaltung\/jewish-mitte-berlinmascha-kalekos-first-years-in-berlin\/\" class=\"tribe-event-url\" rel=\"bookmark\">\n\t\t\tJewish Mitte Berlin<br>Mascha Kal\u00e9kos First Years in Berlin\u00a0\t\t<\/a>\n\t<\/h3>\n\t<span class=\"tribe-event-date-start\">6. September 2026-15:00<\/span> &#8211; <span class=\"tribe-event-time\">17:00<\/span><\/div>\n<\/li>\n\t<\/ul>","protected":false},"excerpt":{"rendered":"<p>in Kooperation mit der Stiftung Neue Synagoge Berlin \u2013 Centrum Judaicum, Dagesh \u2013 J\u00fcdische Kunst im Kontext und den J\u00fcdischen Kulturtagen, Forms of Alignment bringt f\u00fcnf k\u00fcnstlerische Positionen im Museum [&hellip;]<\/p>\n","protected":false},"author":3,"featured_media":27237,"template":"","meta":{"_tec_requires_first_save":false,"_price":"","_stock":"","_tribe_ticket_header":"","_tribe_default_ticket_provider":"","_tribe_ticket_capacity":"","_ticket_start_date":"","_ticket_end_date":"","_tribe_ticket_show_description":"","_tribe_ticket_show_not_going":false,"_tribe_ticket_use_global_stock":"","_tribe_ticket_global_stock_level":"","_global_stock_mode":"","_global_stock_cap":"","_tribe_rsvp_for_event":"","_tribe_ticket_going_count":"","_tribe_ticket_not_going_count":"","_tribe_tickets_list":"[]","_tribe_ticket_has_attendee_info_fields":false,"_EventAllDay":false,"_EventTimezone":"Europe\/Berlin","_EventStartDate":"2026-11-17 16:30:00","_EventEndDate":"2026-11-17 17:30:00","_EventStartDateUTC":"2026-11-17 15:30:00","_EventEndDateUTC":"2026-11-17 16:30:00","_EventShowMap":false,"_EventShowMapLink":false,"_EventURL":"","_EventCost":"0","_EventCostDescription":"","_EventCurrencySymbol":"\u20ac","_EventCurrencyCode":"USD","_EventCurrencyPosition":"suffix","_EventDateTimeSeparator":"-","_EventTimeRangeSeparator":" - ","_EventOrganizerID":[],"_EventVenueID":[],"_OrganizerEmail":"","_OrganizerPhone":"","_OrganizerWebsite":"","_VenueAddress":"","_VenueCity":"","_VenueCountry":"","_VenueProvince":"","_VenueState":"","_VenueZip":"","_VenuePhone":"","_VenueURL":"","_VenueStateProvince":"","_VenueLat":"","_VenueLng":"","_VenueShowMap":false,"_VenueShowMapLink":false,"_tribe_blocks_recurrence_rules":"","_tribe_blocks_recurrence_description":"","_tribe_blocks_recurrence_exclusions":"","_tribe_events_status":"","_tribe_events_status_reason":"","_tribe_events_is_hybrid":"","_tribe_events_is_virtual":"","_tribe_events_virtual_video_source":"","_tribe_events_virtual_embed_video":"","_tribe_events_virtual_linked_button_text":"","_tribe_events_virtual_linked_button":"","_tribe_events_virtual_show_embed_at":"","_tribe_events_virtual_show_embed_to":[],"_tribe_events_virtual_show_on_event":"","_tribe_events_virtual_show_on_views":"","_tribe_events_virtual_url":"","footnotes":""},"tags":[],"tribe_events_cat":[158],"class_list":["post-27236","tribe_events","type-tribe_events","status-publish","has-post-thumbnail","hentry","tribe_events_cat-fuehrung","cat_fuehrung"],"yoast_head":"<!-- This site is optimized with the Yoast SEO Premium plugin v26.1 (Yoast SEO v28.3) - https:\/\/yoast.com\/product\/yoast-seo-premium-wordpress\/ -->\n<title>Kuratorenf\u00fchrung durch \u201eForms of Alignment\u201c mit Daniel Laufer - Centrum Judaicum<\/title>\n<meta name=\"robots\" content=\"index, follow, max-snippet:-1, max-image-preview:large, max-video-preview:-1\" \/>\n<link rel=\"canonical\" href=\"https:\/\/centrumjudaicum.de\/en\/veranstaltung\/kuratorenfuehrung-durch-forms-of-alignment-mit-daniel-laufer\/\" \/>\n<meta property=\"og:locale\" content=\"en_US\" \/>\n<meta property=\"og:type\" content=\"article\" \/>\n<meta property=\"og:title\" content=\"Kuratorenf\u00fchrung durch \u201eForms of Alignment\u201c mit Daniel Laufer\" \/>\n<meta property=\"og:description\" content=\"in Kooperation mit der Stiftung Neue Synagoge Berlin \u2013 Centrum Judaicum, Dagesh \u2013 J\u00fcdische Kunst im Kontext und den J\u00fcdischen Kulturtagen, Forms of Alignment bringt f\u00fcnf k\u00fcnstlerische Positionen im Museum [&hellip;]\" \/>\n<meta property=\"og:url\" content=\"https:\/\/centrumjudaicum.de\/en\/veranstaltung\/kuratorenfuehrung-durch-forms-of-alignment-mit-daniel-laufer\/\" \/>\n<meta property=\"og:site_name\" content=\"Centrum Judaicum\" \/>\n<meta property=\"article:modified_time\" content=\"2026-08-31T10:06:12+00:00\" \/>\n<meta property=\"og:image\" content=\"https:\/\/centrumjudaicum.de\/wp-content\/uploads\/2026\/08\/Kuratorenfuehrung-FOA.png\" \/>\n\t<meta property=\"og:image:width\" content=\"800\" \/>\n\t<meta property=\"og:image:height\" content=\"600\" \/>\n\t<meta property=\"og:image:type\" content=\"image\/png\" \/>\n<meta name=\"twitter:card\" content=\"summary_large_image\" \/>\n<meta name=\"twitter:label1\" content=\"Est. reading time\" \/>\n\t<meta name=\"twitter:data1\" content=\"1 minute\" \/>\n<script type=\"application\/ld+json\" class=\"yoast-schema-graph\">{\"@context\":\"https:\\\/\\\/schema.org\",\"@graph\":[{\"@type\":\"WebPage\",\"@id\":\"https:\\\/\\\/centrumjudaicum.de\\\/veranstaltung\\\/kuratorenfuehrung-durch-forms-of-alignment-mit-daniel-laufer\\\/\",\"url\":\"https:\\\/\\\/centrumjudaicum.de\\\/veranstaltung\\\/kuratorenfuehrung-durch-forms-of-alignment-mit-daniel-laufer\\\/\",\"name\":\"Kuratorenf\u00fchrung durch \u201eForms of Alignment\u201c mit Daniel Laufer - Centrum Judaicum\",\"isPartOf\":{\"@id\":\"https:\\\/\\\/centrumjudaicum.de\\\/#website\"},\"primaryImageOfPage\":{\"@id\":\"https:\\\/\\\/centrumjudaicum.de\\\/veranstaltung\\\/kuratorenfuehrung-durch-forms-of-alignment-mit-daniel-laufer\\\/#primaryimage\"},\"image\":{\"@id\":\"https:\\\/\\\/centrumjudaicum.de\\\/veranstaltung\\\/kuratorenfuehrung-durch-forms-of-alignment-mit-daniel-laufer\\\/#primaryimage\"},\"thumbnailUrl\":\"https:\\\/\\\/centrumjudaicum.de\\\/wp-content\\\/uploads\\\/2026\\\/08\\\/Kuratorenfuehrung-FOA.png\",\"datePublished\":\"2026-08-31T10:06:10+00:00\",\"dateModified\":\"2026-08-31T10:06:12+00:00\",\"breadcrumb\":{\"@id\":\"https:\\\/\\\/centrumjudaicum.de\\\/veranstaltung\\\/kuratorenfuehrung-durch-forms-of-alignment-mit-daniel-laufer\\\/#breadcrumb\"},\"inLanguage\":\"en-US\",\"potentialAction\":[{\"@type\":\"ReadAction\",\"target\":[\"https:\\\/\\\/centrumjudaicum.de\\\/veranstaltung\\\/kuratorenfuehrung-durch-forms-of-alignment-mit-daniel-laufer\\\/\"]}]},{\"@type\":\"ImageObject\",\"inLanguage\":\"en-US\",\"@id\":\"https:\\\/\\\/centrumjudaicum.de\\\/veranstaltung\\\/kuratorenfuehrung-durch-forms-of-alignment-mit-daniel-laufer\\\/#primaryimage\",\"url\":\"https:\\\/\\\/centrumjudaicum.de\\\/wp-content\\\/uploads\\\/2026\\\/08\\\/Kuratorenfuehrung-FOA.png\",\"contentUrl\":\"https:\\\/\\\/centrumjudaicum.de\\\/wp-content\\\/uploads\\\/2026\\\/08\\\/Kuratorenfuehrung-FOA.png\",\"width\":800,\"height\":600},{\"@type\":\"BreadcrumbList\",\"@id\":\"https:\\\/\\\/centrumjudaicum.de\\\/veranstaltung\\\/kuratorenfuehrung-durch-forms-of-alignment-mit-daniel-laufer\\\/#breadcrumb\",\"itemListElement\":[{\"@type\":\"ListItem\",\"position\":1,\"name\":\"Home\",\"item\":\"https:\\\/\\\/centrumjudaicum.de\\\/\"},{\"@type\":\"ListItem\",\"position\":2,\"name\":\"Veranstaltungen\",\"item\":\"https:\\\/\\\/centrumjudaicum.de\\\/veranstaltungen\\\/\"},{\"@type\":\"ListItem\",\"position\":3,\"name\":\"Kuratorenf\u00fchrung durch \u201eForms of Alignment\u201c mit Daniel Laufer\"}]},{\"@type\":\"WebSite\",\"@id\":\"https:\\\/\\\/centrumjudaicum.de\\\/#website\",\"url\":\"https:\\\/\\\/centrumjudaicum.de\\\/\",\"name\":\"Centrum Judaicum\",\"description\":\"\",\"publisher\":{\"@id\":\"https:\\\/\\\/centrumjudaicum.de\\\/#organization\"},\"potentialAction\":[{\"@type\":\"SearchAction\",\"target\":{\"@type\":\"EntryPoint\",\"urlTemplate\":\"https:\\\/\\\/centrumjudaicum.de\\\/?s={search_term_string}\"},\"query-input\":{\"@type\":\"PropertyValueSpecification\",\"valueRequired\":true,\"valueName\":\"search_term_string\"}}],\"inLanguage\":\"en-US\"},{\"@type\":\"Organization\",\"@id\":\"https:\\\/\\\/centrumjudaicum.de\\\/#organization\",\"name\":\"Centrum Judaicum\",\"url\":\"https:\\\/\\\/centrumjudaicum.de\\\/\",\"logo\":{\"@type\":\"ImageObject\",\"inLanguage\":\"en-US\",\"@id\":\"https:\\\/\\\/centrumjudaicum.de\\\/#\\\/schema\\\/logo\\\/image\\\/\",\"url\":\"https:\\\/\\\/centrumjudaicum.de\\\/wp-content\\\/uploads\\\/2022\\\/10\\\/Logo_Stiftung_Neue_Synagoge_Berlin_Gold_.png\",\"contentUrl\":\"https:\\\/\\\/centrumjudaicum.de\\\/wp-content\\\/uploads\\\/2022\\\/10\\\/Logo_Stiftung_Neue_Synagoge_Berlin_Gold_.png\",\"width\":1188,\"height\":409,\"caption\":\"Centrum Judaicum\"},\"image\":{\"@id\":\"https:\\\/\\\/centrumjudaicum.de\\\/#\\\/schema\\\/logo\\\/image\\\/\"}}]}<\/script>\n<!-- \/ Yoast SEO Premium plugin. -->","yoast_head_json":{"title":"Kuratorenf\u00fchrung durch \u201eForms of Alignment\u201c mit Daniel Laufer - Centrum Judaicum","robots":{"index":"index","follow":"follow","max-snippet":"max-snippet:-1","max-image-preview":"max-image-preview:large","max-video-preview":"max-video-preview:-1"},"canonical":"https:\/\/centrumjudaicum.de\/en\/veranstaltung\/kuratorenfuehrung-durch-forms-of-alignment-mit-daniel-laufer\/","og_locale":"en_US","og_type":"article","og_title":"Kuratorenf\u00fchrung durch \u201eForms of Alignment\u201c mit Daniel Laufer","og_description":"in Kooperation mit der Stiftung Neue Synagoge Berlin \u2013 Centrum Judaicum, Dagesh \u2013 J\u00fcdische Kunst im Kontext und den J\u00fcdischen Kulturtagen, Forms of Alignment bringt f\u00fcnf k\u00fcnstlerische Positionen im Museum [&hellip;]","og_url":"https:\/\/centrumjudaicum.de\/en\/veranstaltung\/kuratorenfuehrung-durch-forms-of-alignment-mit-daniel-laufer\/","og_site_name":"Centrum Judaicum","article_modified_time":"2026-08-31T10:06:12+00:00","og_image":[{"width":800,"height":600,"url":"https:\/\/centrumjudaicum.de\/wp-content\/uploads\/2026\/08\/Kuratorenfuehrung-FOA.png","type":"image\/png"}],"twitter_card":"summary_large_image","twitter_misc":{"Est. reading time":"1 minute"},"schema":{"@context":"https:\/\/schema.org","@graph":[{"@type":"WebPage","@id":"https:\/\/centrumjudaicum.de\/veranstaltung\/kuratorenfuehrung-durch-forms-of-alignment-mit-daniel-laufer\/","url":"https:\/\/centrumjudaicum.de\/veranstaltung\/kuratorenfuehrung-durch-forms-of-alignment-mit-daniel-laufer\/","name":"Kuratorenf\u00fchrung durch \u201eForms of Alignment\u201c mit Daniel Laufer - Centrum Judaicum","isPartOf":{"@id":"https:\/\/centrumjudaicum.de\/#website"},"primaryImageOfPage":{"@id":"https:\/\/centrumjudaicum.de\/veranstaltung\/kuratorenfuehrung-durch-forms-of-alignment-mit-daniel-laufer\/#primaryimage"},"image":{"@id":"https:\/\/centrumjudaicum.de\/veranstaltung\/kuratorenfuehrung-durch-forms-of-alignment-mit-daniel-laufer\/#primaryimage"},"thumbnailUrl":"https:\/\/centrumjudaicum.de\/wp-content\/uploads\/2026\/08\/Kuratorenfuehrung-FOA.png","datePublished":"2026-08-31T10:06:10+00:00","dateModified":"2026-08-31T10:06:12+00:00","breadcrumb":{"@id":"https:\/\/centrumjudaicum.de\/veranstaltung\/kuratorenfuehrung-durch-forms-of-alignment-mit-daniel-laufer\/#breadcrumb"},"inLanguage":"en-US","potentialAction":[{"@type":"ReadAction","target":["https:\/\/centrumjudaicum.de\/veranstaltung\/kuratorenfuehrung-durch-forms-of-alignment-mit-daniel-laufer\/"]}]},{"@type":"ImageObject","inLanguage":"en-US","@id":"https:\/\/centrumjudaicum.de\/veranstaltung\/kuratorenfuehrung-durch-forms-of-alignment-mit-daniel-laufer\/#primaryimage","url":"https:\/\/centrumjudaicum.de\/wp-content\/uploads\/2026\/08\/Kuratorenfuehrung-FOA.png","contentUrl":"https:\/\/centrumjudaicum.de\/wp-content\/uploads\/2026\/08\/Kuratorenfuehrung-FOA.png","width":800,"height":600},{"@type":"BreadcrumbList","@id":"https:\/\/centrumjudaicum.de\/veranstaltung\/kuratorenfuehrung-durch-forms-of-alignment-mit-daniel-laufer\/#breadcrumb","itemListElement":[{"@type":"ListItem","position":1,"name":"Home","item":"https:\/\/centrumjudaicum.de\/"},{"@type":"ListItem","position":2,"name":"Veranstaltungen","item":"https:\/\/centrumjudaicum.de\/veranstaltungen\/"},{"@type":"ListItem","position":3,"name":"Kuratorenf\u00fchrung durch \u201eForms of Alignment\u201c mit Daniel Laufer"}]},{"@type":"WebSite","@id":"https:\/\/centrumjudaicum.de\/#website","url":"https:\/\/centrumjudaicum.de\/","name":"Centrum Judaicum","description":"","publisher":{"@id":"https:\/\/centrumjudaicum.de\/#organization"},"potentialAction":[{"@type":"SearchAction","target":{"@type":"EntryPoint","urlTemplate":"https:\/\/centrumjudaicum.de\/?s={search_term_string}"},"query-input":{"@type":"PropertyValueSpecification","valueRequired":true,"valueName":"search_term_string"}}],"inLanguage":"en-US"},{"@type":"Organization","@id":"https:\/\/centrumjudaicum.de\/#organization","name":"Centrum Judaicum","url":"https:\/\/centrumjudaicum.de\/","logo":{"@type":"ImageObject","inLanguage":"en-US","@id":"https:\/\/centrumjudaicum.de\/#\/schema\/logo\/image\/","url":"https:\/\/centrumjudaicum.de\/wp-content\/uploads\/2022\/10\/Logo_Stiftung_Neue_Synagoge_Berlin_Gold_.png","contentUrl":"https:\/\/centrumjudaicum.de\/wp-content\/uploads\/2022\/10\/Logo_Stiftung_Neue_Synagoge_Berlin_Gold_.png","width":1188,"height":409,"caption":"Centrum Judaicum"},"image":{"@id":"https:\/\/centrumjudaicum.de\/#\/schema\/logo\/image\/"}}]}},"_links":{"self":[{"href":"https:\/\/centrumjudaicum.de\/en\/wp-json\/wp\/v2\/tribe_events\/27236","targetHints":{"allow":["GET"]}}],"collection":[{"href":"https:\/\/centrumjudaicum.de\/en\/wp-json\/wp\/v2\/tribe_events"}],"about":[{"href":"https:\/\/centrumjudaicum.de\/en\/wp-json\/wp\/v2\/types\/tribe_events"}],"author":[{"embeddable":true,"href":"https:\/\/centrumjudaicum.de\/en\/wp-json\/wp\/v2\/users\/3"}],"version-history":[{"count":1,"href":"https:\/\/centrumjudaicum.de\/en\/wp-json\/wp\/v2\/tribe_events\/27236\/revisions"}],"predecessor-version":[{"id":27238,"href":"https:\/\/centrumjudaicum.de\/en\/wp-json\/wp\/v2\/tribe_events\/27236\/revisions\/27238"}],"wp:featuredmedia":[{"embeddable":true,"href":"https:\/\/centrumjudaicum.de\/en\/wp-json\/wp\/v2\/media\/27237"}],"wp:attachment":[{"href":"https:\/\/centrumjudaicum.de\/en\/wp-json\/wp\/v2\/media?parent=27236"}],"wp:term":[{"taxonomy":"post_tag","embeddable":true,"href":"https:\/\/centrumjudaicum.de\/en\/wp-json\/wp\/v2\/tags?post=27236"},{"taxonomy":"tribe_events_cat","embeddable":true,"href":"https:\/\/centrumjudaicum.de\/en\/wp-json\/wp\/v2\/tribe_events_cat?post=27236"}],"curies":[{"name":"wp","href":"https:\/\/api.w.org\/{rel}","templated":true}]}}